{"id":18435,"date":"2023-10-10T07:28:48","date_gmt":"2023-10-10T07:28:48","guid":{"rendered":"https:\/\/oradea.ro\/tortek-es-hulladekkozpontok\/"},"modified":"2023-10-11T11:33:02","modified_gmt":"2023-10-11T11:33:02","slug":"tortek-es-hulladekkozpontok","status":"publish","type":"page","link":"https:\/\/oradea.ro\/hu\/tortek-es-hulladekkozpontok\/","title":{"rendered":"T\u00f6rtek \u00e9s hullad\u00e9kk\u00f6zpontok"},"content":{"rendered":"<div class=\"min-w-[100vw] h-[350px] md:h-[500px] ml-[calc(50%-50vw)] flex items-end bg-no-repeat bg-white bg-cover bg-center px-5\" style=\"background-image: url(https:\/\/oradea.ro\/wp-content\/uploads\/2023\/09\/hero_slide_2.webp);\">\r\n                    <div class=\"w-full max-w-7xl mx-auto mb-6\">\r\n                        <h1 class=\"my-0 text-white font-extrabold font-open-sans text-3xl md:text-6xl [text-shadow:_0_1px_4px_rgb(0_0_0_\/_50%)]\">T\u00f6rtek \u00e9s hullad\u00e9kk\u00f6zpontok<\/h1>\r\n                    <\/div>\r\n                <\/div><div class=\"!px-5\"><div class=\"breadcrumbs w-full max-w-7xl mx-auto grid md:flex flex-wrap items-center py-4 test\"><div><a href=\"https:\/\/oradea.ro\/hu\/\"><span class=\"fas fa-home text-[#ABAEB3]\"><\/span><\/a><span class=\"md:hidden\"><span class=\"fas fa-chevron-down mx-5 text-xs text-[#ABAEB3] hover:text-black\/50 transition-all\"><\/span><\/span><span class=\"hidden md:inline\"><span class=\"fas fa-chevron-right mx-5 text-xs text-[#ABAEB3] hover:text-black\/50 transition-all\"><\/span><\/span><\/div><span class=\"font-poppins font-semibold uppercase text-black\/60\">T\u00f6rtek \u00e9s hullad\u00e9kk\u00f6zpontok<\/span><\/div><\/div>\t\t<div data-elementor-type=\"wp-page\" data-elementor-id=\"18435\" class=\"elementor elementor-18435 elementor-17057\" data-elementor-post-type=\"page\">\n\t\t\t\t<div class=\"elementor-element elementor-element-2baae1c e-flex e-con-boxed wpr-particle-no wpr-jarallax-no wpr-parallax-no wpr-sticky-section-no e-con e-parent\" data-id=\"2baae1c\" data-element_type=\"container\">\n\t\t\t\t\t<div class=\"e-con-inner\">\n\t\t\t\t<div class=\"elementor-element elementor-element-8e9c6f3 wpr-advanced-accordion-icon-side-box elementor-widget elementor-widget-wpr-advanced-accordion\" data-id=\"8e9c6f3\" data-element_type=\"widget\" data-settings=\"{&quot;active_item&quot;:1}\" data-widget_type=\"wpr-advanced-accordion.default\">\n\t\t\t\t<div class=\"elementor-widget-container\">\n\t\t\t\t\t\n            <div class=\"wpr-advanced-accordion\" data-accordion-type=\"accordion\" data-active-index=\"1\" data-accordion-trigger=\"click\" data-interaction-speed=\"0.4\">\n\n\t\t\t\n                \n\t\t\t\t\t<div class=\"wpr-accordion-item-wrap\">\n\t\t\t\t\t\t<button class=\"wpr-acc-button\">\n\t\t\t\t\t\t\t<span class=\"wpr-acc-item-title\">\n\t\t\t\t\t\t\t\t\t\t\t\t\t\t\t\t\t<div class=\"wpr-acc-icon-box\">\n\t\t\t\t\t\t\t\t\t\t\t\t\t\t<span class=\"wpr-title-icon\">\n\t\t\t\t\t<i aria-hidden=\"true\" class=\"fas fa-info\"><\/i>\t\t\t\t<\/span>\n\t\t\t\t\t\t\t\t\t\t\t\t<\/div>\n\t\t\t\t\t\t\t\t\n\t\t\t\t\t\t\t\t<span class=\"wpr-acc-title-text\">Gy\u0171jt\u00e9s \u00f6t frakci\u00f3 szerint<\/span>\n\t\t\t\t\t\t\t<\/span>\n\t\t\t\t\t\t\t\t\t\t\t<span class=\"wpr-toggle-icon wpr-ti-close\"><i aria-hidden=\"true\" class=\"fas fa-plus\"><\/i><\/span>\n\t\t\t\t<span class=\"wpr-toggle-icon wpr-ti-open\"><i aria-hidden=\"true\" class=\"fas fa-minus\"><\/i><\/span>\n\t\t\t\t\t\t\t\t\t<\/button>\n\n\t\t\t\t\t\t<div class=\"wpr-acc-panel\">\n\t\t\t\t\t\t\t\t\t\t\t\t\t\t\t<div class=\"wpr-acc-panel-content\"><p><span style=\"font-weight: 400;\">A h\u00e1ztart\u00e1si \u00e9s hasonl\u00f3 hullad\u00e9kot termel\u0151 term\u00e9szetes \u00e9s jogi szem\u00e9lyeknek \u00f6t komponens (5 frakci\u00f3) tekintet\u00e9ben kell elv\u00e9gezni\u00fck a gy\u0171jt\u00e9si tev\u00e9kenys\u00e9get:<\/span><\/p><p> <\/p><p><span style=\"font-weight: 400;\">- marad\u00e9k hullad\u00e9k<\/span><\/p><p><span style=\"font-weight: 400;\">- biol\u00f3giailag leboml\u00f3 hullad\u00e9k<\/span><\/p><p><span style=\"font-weight: 400;\">- \u00fajrahasznos\u00edthat\u00f3 hullad\u00e9k - kartonfrakci\u00f3<\/span><\/p><p><span style=\"font-weight: 400;\">- \u00fajrahasznos\u00edthat\u00f3 hullad\u00e9k - m\u0171anyag, f\u00e9m frakci\u00f3  <\/span><\/p><p><span style=\"font-weight: 400;\">- \u00fcvegcsomagol\u00e1s  <\/span><\/p><p> <\/p><p><span style=\"font-weight: 400;\">Az adott hullad\u00e9ktermel\u0151 helynek megfelel\u0151en, higi\u00e9niai k\u00f6r\u00fclm\u00e9nyek k\u00f6z\u00f6tt, a helyi k\u00f6zigazgat\u00e1s \u00e1ltal k\u00fcl\u00f6n erre a c\u00e9lra kialak\u00edtott helyis\u00e9gekben, valamint az ilyen t\u00edpus\u00fa hullad\u00e9kgy\u0171jt\u00e9si tev\u00e9kenys\u00e9get szervez\u0151 helyi k\u00f6zigazgat\u00e1s\/k\u00f6zeg\u00e9szs\u00e9g\u00fcgyi szolg\u00e1ltat\u00f3 \u00e1ltal javasolt \u00e9s biztos\u00edtott, a helyi k\u00f6zigazgat\u00e1si hat\u00f3s\u00e1g \u00e1ltal elfogadott rendszereken kereszt\u00fcl.<\/span><\/p><\/div>\n\t\t\t\t\t\t\t\t\t\t\t\t\t<\/div>\n                    <\/div>\n\n                \n\t\t\t\t\t<div class=\"wpr-accordion-item-wrap\">\n\t\t\t\t\t\t<button class=\"wpr-acc-button\">\n\t\t\t\t\t\t\t<span class=\"wpr-acc-item-title\">\n\t\t\t\t\t\t\t\t\t\t\t\t\t\t\t\t\t<div class=\"wpr-acc-icon-box\">\n\t\t\t\t\t\t\t\t\t\t\t\t\t\t<span class=\"wpr-title-icon\">\n\t\t\t\t\t<i aria-hidden=\"true\" class=\"fas fa-info\"><\/i>\t\t\t\t<\/span>\n\t\t\t\t\t\t\t\t\t\t\t\t<\/div>\n\t\t\t\t\t\t\t\t\n\t\t\t\t\t\t\t\t<span class=\"wpr-acc-title-text\">Hullad\u00e9kot termel? Ide kell sz\u00e1ll\u00edtani \u0151ket<\/span>\n\t\t\t\t\t\t\t<\/span>\n\t\t\t\t\t\t\t\t\t\t\t<span class=\"wpr-toggle-icon wpr-ti-close\"><i aria-hidden=\"true\" class=\"fas fa-plus\"><\/i><\/span>\n\t\t\t\t<span class=\"wpr-toggle-icon wpr-ti-open\"><i aria-hidden=\"true\" class=\"fas fa-minus\"><\/i><\/span>\n\t\t\t\t\t\t\t\t\t<\/button>\n\n\t\t\t\t\t\t<div class=\"wpr-acc-panel\">\n\t\t\t\t\t\t\t\t\t\t\t\t\t\t\t<div class=\"wpr-acc-panel-content\"><p><span style=\"font-weight: 400;\">A k\u00f6vetkez\u0151 hullad\u00e9kkateg\u00f3ri\u00e1kat k\u00fcl\u00f6n gy\u0171jtik Nagyv\u00e1radon \u00e9s sz\u00e1ll\u00edtj\u00e1k el v\u00e1logat\u00e1sra\/kezel\u00e9sre\/\u00fajrafelhaszn\u00e1l\u00e1sra\/\u00e1rtalmatlan\u00edt\u00e1sra:<\/span><\/p><p> <\/p><p>-<b> \u00fajrahasznos\u00edthat\u00f3 hullad\u00e9k<\/b><span style=\"font-weight: 400;\">  A pap\u00edr-karton frakci\u00f3t, a m\u0171anyag-f\u00e9m frakci\u00f3t \u00e9s az \u00fcveg frakci\u00f3t, bele\u00e9rtve a szab\u00e1lyos m\u00f3don elk\u00fcl\u00f6n\u00edtetten gy\u0171jt\u00f6tt csomagol\u00e1si hullad\u00e9kot (legfeljebb 25%-os szennyez\u0151d\u00e9si fokkal), k\u00fcl\u00f6n sz\u00e1ll\u00edtj\u00e1k el gy\u0171jt\u00e9sre a Matei Corvin utca 327. sz\u00e1m alatt tal\u00e1lhat\u00f3 \"Nagyv\u00e1radi Megyei Kezel\u0151k\u00f6zpont a nem vesz\u00e9lyes hullad\u00e9kok kezel\u00e9s\u00e9re Nagyv\u00e1radon\" (82\/2015 Reg Cadru rendelet 50. cikkelye).<\/span><b> <\/b><\/p><p><span style=\"font-weight: 400;\">A kezel\u0151\u00fczemek \u00e9s \u00e1trak\u00f3\u00e1llom\u00e1sok \u00fczemeltet\u0151i biztos\u00edtj\u00e1k, hogy a szelekt\u00edven gy\u0171jt\u00f6tt \u00fcveghullad\u00e9kot \u00e1tadj\u00e1k az \u00fajrahasznos\u00edt\u00f3knak.<\/span><\/p><p> <\/p><p><span style=\"font-weight: 400;\">Azokat az \u00fajrahasznos\u00edthat\u00f3 hullad\u00e9kokat, amelyek szennyez\u0151d\u00e9si foka a gy\u0171jt\u0151ed\u00e9nyekben meghaladja a meghat\u00e1rozott \u00e9rt\u00e9keket, a TMB l\u00e9tes\u00edtm\u00e9nybe sz\u00e1ll\u00edtj\u00e1k. A v\u00e1logat\u00e1si marad\u00e9kok a TMB \u00fczemben a t\u00e1rol\u00e1s el\u0151tt kezelhet\u0151k.<\/span><\/p><p> <\/p><p>- A<span style=\"font-weight: 400;\"> szelekt\u00edven, a megfelel\u0151 m\u00f3don gy\u0171jt\u00f6tt<\/span><b> biol\u00f3giailag leboml\u00f3 hullad\u00e9kot<\/b><span style=\"font-weight: 400;\"> (legfeljebb 10%-os szennyez\u0151d\u00e9si fokkal) k\u00fcl\u00f6n sz\u00e1ll\u00edtj\u00e1k a Matei Corvin utca 327. sz\u00e1m alatt tal\u00e1lhat\u00f3, a nem vesz\u00e9lyes hullad\u00e9kok kezel\u00e9s\u00e9re szolg\u00e1l\u00f3 Nagyv\u00e1radi Megyei Kezel\u00e9si K\u00f6zpontban tal\u00e1lhat\u00f3 komposzt\u00e1l\u00f3 \u00fczembe<\/span>;<\/p><p> <\/p><p><span style=\"font-weight: 400;\">Azokat a biol\u00f3giailag leboml\u00f3 hullad\u00e9kokat, amelyek szennyez\u0151d\u00e9si foka a gy\u0171jt\u0151ed\u00e9nyekben meghaladja a meghat\u00e1rozott \u00e9rt\u00e9keket, a TMB-\u00fczembe sz\u00e1ll\u00edtj\u00e1k. A komposzt\u00e1l\u00e1si marad\u00e9kokat a TMB-\u00fczemben lehet kezelni a hullad\u00e9klerak\u00f3ba helyez\u00e9s el\u0151tt.  <\/span><\/p><p> <\/p><p>-<b>  marad\u00e9k hullad\u00e9k<\/b><span style=\"font-weight: 400;\">  k\u00fcl\u00f6n gy\u0171jtik \u00e9s sz\u00e1ll\u00edtj\u00e1k a mechanikai-biol\u00f3giai tiszt\u00edt\u00f3m\u0171be (TMB \u00e1llom\u00e1s Nagyv\u00e1radon, a Nagyv\u00e1rad megyei integr\u00e1lt gazd\u00e1lkod\u00e1si rendszeren bel\u00fcl).  <\/span><i><span style=\"font-weight: 400;\">Bihar-SMID Bihar<\/span><\/i><span style=\"font-weight: 400;\">) helyzet a nagyv\u00e1radi Sant\u0103ului utc\u00e1ban.Ha a SMID Bihoron bel\u00fcli TMB Nagyv\u00e1rad \u00e1llom\u00e1s nem m\u0171k\u00f6dik, az \u00fczemeltet\u0151 a rendelet el\u0151\u00edr\u00e1sainak megfelel\u0151en a nagyv\u00e1radi CMJTD Nagyv\u00e1radhoz sz\u00e1ll\u00edtja a Nagyv\u00e1rad ter\u00fclet\u00e9n \u00e9l\u0151 mag\u00e1nszem\u00e9lyekt\u0151l \u00e9s c\u00e9gekt\u0151l begy\u0171jt\u00f6tt marad\u00e9k hullad\u00e9kot.<\/span><\/p><p> <\/p><p>- <b>h\u00e1ztart\u00e1si hullad\u00e9kb\u00f3l sz\u00e1rmaz\u00f3<\/b><b> vesz\u00e9lyes hullad\u00e9k<\/b><span style=\"font-weight: 400;\"> - enged\u00e9lyezett \u00e1rtalmatlan\u00edt\u00f3 l\u00e9tes\u00edtm\u00e9nyekbe sz\u00e1ll\u00edtj\u00e1k<\/span>;<\/p><p> <\/p><p>- a<span style=\"font-weight: 400;\"> lakoss\u00e1g, a k\u00f6zint\u00e9zm\u00e9nyek \u00e9s a gazdas\u00e1gi szerepl\u0151k<\/span> \u00e1ltal a<span style=\"font-weight: 400;\"> \"Megyei Kezel\u0151k\u00f6zpont a nem vesz\u00e9lyes hullad\u00e9kok kezel\u00e9s\u00e9re Nagyv\u00e1radon\" \u00e9s a hullad\u00e9klerak\u00f3ba (CMJTD) sz\u00e1ll\u00edtott<\/span><b> nagym\u00e9ret\u0171 hullad\u00e9k<\/b>;<\/p><p> <\/p><p>-<b> \u00e9p\u00edt\u00e9si \u00e9s bont\u00e1si hullad\u00e9k<\/b><span style=\"font-weight: 400;\">  - az \u00e9p\u00edt\u00e9si \u00e9s bont\u00e1si tev\u00e9kenys\u00e9gekb\u0151l sz\u00e1rmaz\u00f3 hullad\u00e9k, amely a hat\u00e1lyos jogszab\u00e1lyok szerint nem min\u0151s\u00fcl vesz\u00e9lyes hullad\u00e9knak, a \"Megyei Kezel\u0151k\u00f6zpont a nem vesz\u00e9lyes hullad\u00e9kok kezel\u00e9s\u00e9re Nagyv\u00e1radon\" \u00e9s a hullad\u00e9klerak\u00f3ba (CMJTD) sz\u00e1ll\u00edtj\u00e1k str. Matthew Corvinus.<\/span><\/p><p> <\/p><p>- <b>csomagol\u00e1si hullad\u00e9k<\/b><span style=\"font-weight: 400;\">  - minden olyan csomagol\u00f3- vagy csomagol\u00f3anyag, amely megfelel a hullad\u00e9k fogalommeghat\u00e1roz\u00e1s\u00e1nak, \u00e9s amelyet vagy a sz\u00e1raz frakci\u00f3 r\u00e9szek\u00e9nt, kever\u00e9kben, vagy k\u00fcl\u00f6n-k\u00fcl\u00f6n gy\u0171jtenek az anyagt\u00edpusok szerint, amelyekb\u0151l k\u00e9sz\u00fcltek, a helyi k\u00f6zigazgat\u00e1s \u00e1ltal biztos\u00edtott kont\u00e9nerekben, a nem vesz\u00e9lyes hullad\u00e9kok kezel\u00e9s\u00e9re szolg\u00e1l\u00f3 megyei kezel\u0151k\u00f6zpontba (Nagyv\u00e1rad) \u00e9s a hullad\u00e9klerak\u00f3ba (CMJTD) sz\u00e1ll\u00edtj\u00e1k; a str. Matei Corvin a v\u00e1logat\u00e1s\/\u00e9rt\u00e9kel\u00e9s szempontj\u00e1b\u00f3l;<\/span><\/p><p> <\/p><p>-<b> elektromos \u00e9s elektronikus berendez\u00e9sek hullad\u00e9kai<\/b><span style=\"font-weight: 400;\">  - a tov\u00e1bbiakban: elektromos \u00e9s elektronikus berendez\u00e9sek hullad\u00e9ka - a 211\/2011. sz. t\u00f6rv\u00e9ny \u00e9s a hullad\u00e9kgazd\u00e1lkod\u00e1si rendszerre vonatkoz\u00f3 k\u00e9s\u0151bbi kieg\u00e9sz\u00edt\u00e9sek \u00e9s m\u00f3dos\u00edt\u00e1sok rendelkez\u00e9sei szerint hullad\u00e9knak min\u0151s\u00fcl\u0151 elektromos \u00e9s elektronikus berendez\u00e9sek, bele\u00e9rtve az \u00f6sszes alkatr\u00e9szt, r\u00e9szegys\u00e9get \u00e9s fogy\u00f3eszk\u00f6zt, amelyek a hullad\u00e9kk\u00e1 v\u00e1l\u00e1suk id\u0151pontj\u00e1ban a berendez\u00e9s szerves r\u00e9sz\u00e9t k\u00e9pezik, \u00e9s amelyeket az e ter\u00fcleten enged\u00e9llyel rendelkez\u0151 \u00fczemeltet\u0151 \u00e1ltal kezelt gy\u0171jt\u0151helyre sz\u00e1ll\u00edtanak;<\/span><\/p><p> <\/p><p>-<b> k\u00f6z\u00fati hullad\u00e9k<\/b><span style=\"font-weight: 400;\">  - a k\u00f6zutakra jellemz\u0151 hullad\u00e9kok, a lakoss\u00e1g napi tev\u00e9kenys\u00e9g\u00e9b\u0151l, a z\u00f6ldter\u00fcletekr\u0151l, az \u00e1llatokb\u00f3l, a szil\u00e1rd anyagok l\u00e9gk\u00f6rb\u0151l t\u00f6rt\u00e9n\u0151 lerak\u00f3d\u00e1s\u00e1b\u00f3l, a nem vesz\u00e9lyes hullad\u00e9kok kezel\u00e9s\u00e9re szolg\u00e1l\u00f3 Nagyv\u00e1radi Megyei Kezel\u0151k\u00f6zpontba\" \u00e9s a hullad\u00e9klerak\u00f3ba (CMJTD) sz\u00e1ll\u00edtott hullad\u00e9kok a str. Matthew Corvinus.<\/span><\/p><p><br><b>\u00datmutat\u00f3 a t\u00f6rtek gy\u0171jt\u00e9s\u00e9hez \u00e9s le\u00edr\u00e1s\u00e1hoz: <\/b><a href=\"https:\/\/rervest.ro\/utile\/ghid-de-colectare\/\">\n  <b>https:\/\/rervest.ro\/utile\/ghid-de-colectare\/<\/b>\n<\/a><\/p><\/div>\n\t\t\t\t\t\t\t\t\t\t\t\t\t<\/div>\n                    <\/div>\n\n                \n\t\t\t\t\t<div class=\"wpr-accordion-item-wrap\">\n\t\t\t\t\t\t<button class=\"wpr-acc-button\">\n\t\t\t\t\t\t\t<span class=\"wpr-acc-item-title\">\n\t\t\t\t\t\t\t\t\t\t\t\t\t\t\t\t\t<div class=\"wpr-acc-icon-box\">\n\t\t\t\t\t\t\t\t\t\t\t\t\t\t<span class=\"wpr-title-icon\">\n\t\t\t\t\t<i aria-hidden=\"true\" class=\"fas fa-info\"><\/i>\t\t\t\t<\/span>\n\t\t\t\t\t\t\t\t\t\t\t\t<\/div>\n\t\t\t\t\t\t\t\t\n\t\t\t\t\t\t\t\t<span class=\"wpr-acc-title-text\">Szelekt\u00edv gy\u0171jt\u0151k\u00f6zpontok<\/span>\n\t\t\t\t\t\t\t<\/span>\n\t\t\t\t\t\t\t\t\t\t\t<span class=\"wpr-toggle-icon wpr-ti-close\"><i aria-hidden=\"true\" class=\"fas fa-plus\"><\/i><\/span>\n\t\t\t\t<span class=\"wpr-toggle-icon wpr-ti-open\"><i aria-hidden=\"true\" class=\"fas fa-minus\"><\/i><\/span>\n\t\t\t\t\t\t\t\t\t<\/button>\n\n\t\t\t\t\t\t<div class=\"wpr-acc-panel\">\n\t\t\t\t\t\t\t\t\t\t\t\t\t\t\t<div class=\"wpr-acc-panel-content\"><p><span style=\"font-weight: 400;\">A h\u00e1ztart\u00e1si \u00e9s hasonl\u00f3 hullad\u00e9kok (vesz\u00e9lyes hullad\u00e9kok, text\u00edli\u00e1k, haszn\u00e1lhatatlan \u00e1ruk, f\u00e9mcsomagol\u00e1s, h\u00e1ztart\u00e1si cikkek, \u00fcveg, elektromos\/elektronikai hullad\u00e9k, m\u0171anyag, pap\u00edr \u00e9s karton, fa, b\u00fator, n\u00f6v\u00e9nyi hullad\u00e9k, \u00e9p\u00edt\u00e9si hullad\u00e9k) gy\u0171jt\u00e9se a k\u00f6vetkez\u0151k \u00e1ltal t\u00f6rt\u00e9nhet meg  <\/span><b>\u00f6nk\u00e9ntes hozz\u00e1j\u00e1rul\u00e1s<\/b><span style=\"font-weight: 400;\">a h\u00e1ztart\u00e1si felhaszn\u00e1l\u00f3k a Thurzo \u0218andor utcai \u00e9s az Uzinelor utcai szelekt\u00edv gy\u0171jt\u0151helyekre sz\u00e1ll\u00edtj\u00e1k.<\/span><\/p><p><span style=\"font-weight: 400;\">Az \u00f6nk\u00e9ntes gy\u0171jt\u0151pontokon a nagyv\u00e1radi lakosokt\u00f3l ingyenesen gy\u0171jtik a hullad\u00e9kot.<\/span><\/p><p> <\/p><p><span style=\"font-weight: 400;\">- RER szelekt\u00edv gy\u0171jt\u0151hely - str. Thurz\u00f3 S\u00e1ndor, FN<\/span><\/p><p><a href=\"https:\/\/rervest.ro\/service\/punct-de-colectare-deseuri\/\"><span style=\"font-weight: 400;\">https:\/\/rervest.ro\/service\/punct-de-colectare-deseuri\/<\/span><\/a><span style=\"font-weight: 400;\"> <\/span><\/p><p> <\/p><p><span style=\"font-weight: 400;\">- RER szelekt\u00edv gy\u0171jt\u0151hely - str. Uzinelor, FN<\/span><\/p><p><a href=\"https:\/\/rervest.ro\/service\/punct-de-colectare-deseuri\/\"><span style=\"font-weight: 400;\">https:\/\/rervest.ro\/service\/punct-de-colectare-deseuri\/<\/span><\/a><span style=\"font-weight: 400;\">  <\/span><\/p><p> <\/p><p><span style=\"font-weight: 400;\">- Szelekt\u00edv textilgy\u0171jt\u0151 helyek:  <\/span><\/p><p><span style=\"font-weight: 400;\">A \"visszav\u00e9teli\" programok, amelyek keret\u00e9ben a polg\u00e1rok textilterm\u00e9keket (f\u0151k\u00e9nt ruh\u00e1zati cikkeket, l\u00e1bbeliket \u00e9s egy\u00e9b ruh\u00e1zati cikkeket) visznek vissza, seg\u00edthetnek megv\u00e1ltoztatni az emberek gondolkod\u00e1sm\u00f3dj\u00e1t, \u00e9s a fogyaszt\u00f3kat a k\u00f6rforg\u00e1sos ell\u00e1t\u00e1si l\u00e1nc r\u00e9sztvev\u0151iv\u00e9 tenni.<\/span><\/p><p><span style=\"font-weight: 400;\">A v\u00e1logat\u00e1si m\u0171velet f\u0151 c\u00e9lja, hogy minden egyes textildarabot apr\u00f3l\u00e9kosan oszt\u00e1lyozzanak, hogy meghat\u00e1rozz\u00e1k az \u00fajrafelhaszn\u00e1l\u00e1suk lehet\u0151 legjobb m\u00f3dj\u00e1t, meghosszabb\u00edtva ezzel az \u00e9letciklusukat \u00e9s elker\u00fclve a hullad\u00e9klerak\u00f3kat.  <\/span><\/p><p><span style=\"font-weight: 400;\">Ebb\u0151l a c\u00e9lb\u00f3l 54 textilkont\u00e9nert helyeztek el Nagyv\u00e1radon, \u00e9s sz\u00e1muk az \u00e9v v\u00e9g\u00e9re 100 textilkont\u00e9nerre n\u0151.<\/span><\/p><p><span style=\"font-weight: 400;\">- ezek a helysz\u00ednek az al\u00e1bbi linken tal\u00e1lhat\u00f3k:<\/span><\/p><p> <\/p><p><a href=\"https:\/\/earth.google.com\/web\/@47.05587319,21.95129055,137.41546337a,11831.48573049d,30y,0h,0t,0r\/data=MikKJwolCiExbkJuMWR3WXA3WEFraGFlbDFCYXFHd25aUGhvYUdoWjQgAQ\"><span style=\"font-weight: 400;\">https:\/\/earth.google.com\/web\/@47.05587319,21.95129055,137.41546337a,11831.48573049d,30y,0h,0t,0r\/data=MikKJwolCiExbkJuMWR3WXA3WEFraGFlbDFCYXFHd25aUGhvYUdoWjQgAQ<\/span><\/a><\/p><p><br><b><\/b><\/p><p>- <b>TEXTILKONT\u00c9NER HELYEK:<\/b> <a href=\"https:\/\/oradea.ro\/wp-content\/uploads\/2023\/10\/Pentru-cetateni_Pentru-comunitate_Oradea-Verde_doc-download_locatii-containere-textile-Oradea.xlsx\">A polg\u00e1roknak_A k\u00f6z\u00f6ss\u00e9gnek_z\u00f6ld Nagyv\u00e1rad_doc download_textilkont\u00e9nerek helye Nagyv\u00e1rad (Oradea<\/a>)<\/p><p> <\/p><p><span style=\"font-weight: 400;\">- A pap\u00edr- \u00e9s kartonhullad\u00e9k gy\u0171jt\u00e9s\u00e9re \u00e9s szelekt\u00edv \u00e1rtalmatlan\u00edt\u00e1s\u00e1ra 95 iglut helyeztek el a nagyv\u00e1radi lak\u00f3h\u00e1zak ter\u00fclet\u00e9n. Ezek begy\u0171jt\u00e9s\u00e9t \u00e9s sz\u00e1ll\u00edt\u00e1s\u00e1t az \u00fczemeltet\u0151 SC RER VEST SA v\u00e9gzi.<\/span><\/p><p> <\/p><p><img fetchpriority=\"high\" decoding=\"async\" class=\"alignnone size-full wp-image-17110\" src=\"https:\/\/oradea.ro\/wp-content\/uploads\/2023\/10\/1.png\" alt=\"\" width=\"197\" height=\"263\"><\/p><\/div>\n\t\t\t\t\t\t\t\t\t\t\t\t\t<\/div>\n                    <\/div>\n\n                            <\/div>\n        \t\t\t\t<\/div>\n\t\t\t\t<\/div>\n\t\t\t\t\t<\/div>\n\t\t\t\t<\/div>\n\t\t<div class=\"elementor-element elementor-element-5d8a5a1 e-flex e-con-boxed wpr-particle-no wpr-jarallax-no wpr-parallax-no wpr-sticky-section-no e-con e-parent\" data-id=\"5d8a5a1\" data-element_type=\"container\" data-settings=\"{&quot;background_background&quot;:&quot;classic&quot;}\">\n\t\t\t\t\t<div class=\"e-con-inner\">\n\t\t<div class=\"elementor-element elementor-element-f78f58e e-flex e-con-boxed wpr-particle-no wpr-jarallax-no wpr-parallax-no wpr-sticky-section-no e-con e-parent\" data-id=\"f78f58e\" data-element_type=\"container\">\n\t\t\t\t\t<div class=\"e-con-inner\">\n\t\t<div class=\"elementor-element elementor-element-555851f e-con-full e-flex wpr-particle-no wpr-jarallax-no wpr-parallax-no wpr-sticky-section-no e-con e-parent\" data-id=\"555851f\" data-element_type=\"container\">\n\t\t\t\t<div class=\"elementor-element elementor-element-72b4f3a elementor-widget elementor-widget-image\" data-id=\"72b4f3a\" data-element_type=\"widget\" data-widget_type=\"image.default\">\n\t\t\t\t<div class=\"elementor-widget-container\">\n\t\t\t\t\t\t\t\t\t\t\t\t\t\t\t<img decoding=\"async\" width=\"368\" height=\"378\" src=\"https:\/\/oradea.ro\/wp-content\/uploads\/2023\/07\/iPhone-13-Pro.webp\" class=\"attachment-large size-large wp-image-17028\" alt=\"\" srcset=\"https:\/\/oradea.ro\/wp-content\/uploads\/2023\/07\/iPhone-13-Pro.webp 368w, https:\/\/oradea.ro\/wp-content\/uploads\/2023\/07\/iPhone-13-Pro-292x300.webp 292w\" sizes=\"(max-width: 368px) 100vw, 368px\" \/>\t\t\t\t\t\t\t\t\t\t\t\t\t\t\t<\/div>\n\t\t\t\t<\/div>\n\t\t\t\t<\/div>\n\t\t<div class=\"elementor-element elementor-element-a8dfef1 e-con-full e-flex wpr-particle-no wpr-jarallax-no wpr-parallax-no wpr-sticky-section-no e-con e-parent\" data-id=\"a8dfef1\" data-element_type=\"container\">\n\t\t\t\t<div class=\"elementor-element elementor-element-6c33d16 elementor-widget elementor-widget-heading\" data-id=\"6c33d16\" data-element_type=\"widget\" data-widget_type=\"heading.default\">\n\t\t\t\t<div class=\"elementor-widget-container\">\n\t\t\t\t\t<h2 class=\"elementor-heading-title elementor-size-default\">Oradea v\u00e1ros jelent\u00e9se<\/h2>\t\t\t\t<\/div>\n\t\t\t\t<\/div>\n\t\t\t\t<div class=\"elementor-element elementor-element-10c5dfa elementor-widget elementor-widget-text-editor\" data-id=\"10c5dfa\" data-element_type=\"widget\" data-widget_type=\"text-editor.default\">\n\t\t\t\t<div class=\"elementor-widget-container\">\n\t\t\t\t\t\t\t\t\t<p>A Nagyv\u00e1radi V\u00e1rosi Jelent\u00e9s egy ingyenes, egyszer\u0171 \u00e9s intuit\u00edv alkalmaz\u00e1s mobiltelefonra vagy t\u00e1blag\u00e9pre, amely lehet\u0151v\u00e9 teszi a polg\u00e1rk\u00f6zpont\u00fa polg\u00e1rok sz\u00e1m\u00e1ra, hogy k\u00fcl\u00f6nb\u00f6z\u0151 panaszokat \u00e9s incidenseket k\u00fcldjenek a nagyv\u00e1radi v\u00e1rosh\u00e1z\u00e1nak \u00e9s a helyi k\u00f6zszolg\u00e1ltat\u00f3knak (Nagyv\u00e1radi V\u00edzm\u0171, Nagyv\u00e1radi Helyi K\u00f6zleked\u00e9s, Nagyv\u00e1radi F\u0171t\u00e9s, Nagyv\u00e1radi Helyi Rend\u0151rs\u00e9g, RER Ecologic Service).<\/p>\n\t\t\t\t\t\t\t\t<\/div>\n\t\t\t\t<\/div>\n\t\t<div class=\"elementor-element elementor-element-1fe7c6c e-con-full e-flex wpr-particle-no wpr-jarallax-no wpr-parallax-no wpr-sticky-section-no e-con e-parent\" data-id=\"1fe7c6c\" data-element_type=\"container\">\n\t\t\t\t<div class=\"elementor-element elementor-element-eae8adc elementor-widget__width-auto elementor-widget elementor-widget-image\" data-id=\"eae8adc\" data-element_type=\"widget\" data-widget_type=\"image.default\">\n\t\t\t\t<div class=\"elementor-widget-container\">\n\t\t\t\t\t\t\t\t\t\t\t\t\t\t\t\t<a href=\"\/\">\n\t\t\t\t\t\t\t<img decoding=\"async\" width=\"118\" height=\"35\" src=\"https:\/\/oradea.ro\/wp-content\/uploads\/2023\/07\/appstore_logo.webp\" class=\"attachment-large size-large wp-image-17030\" alt=\"\" \/>\t\t\t\t\t\t\t\t<\/a>\n\t\t\t\t\t\t\t\t\t\t\t\t\t\t\t<\/div>\n\t\t\t\t<\/div>\n\t\t\t\t<div class=\"elementor-element elementor-element-4606ad6 elementor-widget__width-auto elementor-widget elementor-widget-image\" data-id=\"4606ad6\" data-element_type=\"widget\" data-widget_type=\"image.default\">\n\t\t\t\t<div class=\"elementor-widget-container\">\n\t\t\t\t\t\t\t\t\t\t\t\t\t\t\t\t<a href=\"\/\">\n\t\t\t\t\t\t\t<img loading=\"lazy\" decoding=\"async\" width=\"116\" height=\"35\" src=\"https:\/\/oradea.ro\/wp-content\/uploads\/2023\/07\/google_logo.webp\" class=\"attachment-large size-large wp-image-17031\" alt=\"\" \/>\t\t\t\t\t\t\t\t<\/a>\n\t\t\t\t\t\t\t\t\t\t\t\t\t\t\t<\/div>\n\t\t\t\t<\/div>\n\t\t\t\t<\/div>\n\t\t\t\t<\/div>\n\t\t<div class=\"elementor-element elementor-element-88413e4 e-con-full elementor-hidden-tablet elementor-hidden-mobile e-flex wpr-particle-no wpr-jarallax-no wpr-parallax-no wpr-sticky-section-no e-con e-parent\" data-id=\"88413e4\" data-element_type=\"container\">\n\t\t\t\t<div class=\"elementor-element elementor-element-c30d4c1 elementor-widget elementor-widget-image\" data-id=\"c30d4c1\" data-element_type=\"widget\" data-widget_type=\"image.default\">\n\t\t\t\t<div class=\"elementor-widget-container\">\n\t\t\t\t\t\t\t\t\t\t\t\t\t\t\t<img loading=\"lazy\" decoding=\"async\" width=\"166\" height=\"165\" src=\"https:\/\/oradea.ro\/wp-content\/uploads\/2023\/07\/oradea_qr_code.webp\" class=\"attachment-large size-large wp-image-17029\" alt=\"\" srcset=\"https:\/\/oradea.ro\/wp-content\/uploads\/2023\/07\/oradea_qr_code.webp 166w, https:\/\/oradea.ro\/wp-content\/uploads\/2023\/07\/oradea_qr_code-150x150.webp 150w\" sizes=\"(max-width: 166px) 100vw, 166px\" \/>\t\t\t\t\t\t\t\t\t\t\t\t\t\t\t<\/div>\n\t\t\t\t<\/div>\n\t\t\t\t<\/div>\n\t\t\t\t\t<\/div>\n\t\t\t\t<\/div>\n\t\t\t\t\t<\/div>\n\t\t\t\t<\/div>\n\t\t\t\t<\/div>\n\t\t","protected":false},"excerpt":{"rendered":"<p>T\u00f6rtek \u00e9s hullad\u00e9kk\u00f6zpontok T\u00f6rtek \u00e9s hullad\u00e9kk\u00f6zpontok Gy\u0171jt\u00e9s \u00f6t frakci\u00f3 szerint A h\u00e1ztart\u00e1si \u00e9s hasonl\u00f3 hullad\u00e9kot termel\u0151 term\u00e9szetes \u00e9s jogi szem\u00e9lyeknek \u00f6t komponens (5 frakci\u00f3) tekintet\u00e9ben kell elv\u00e9gezni\u00fck a gy\u0171jt\u00e9si tev\u00e9kenys\u00e9get: &#8211; marad\u00e9k hullad\u00e9k &#8211; biol\u00f3giailag leboml\u00f3 hullad\u00e9k &#8211; \u00fajrahasznos\u00edthat\u00f3 hullad\u00e9k &#8211; kartonfrakci\u00f3 &#8211; \u00fajrahasznos\u00edthat\u00f3 hullad\u00e9k &#8211; m\u0171anyag, f\u00e9m frakci\u00f3 &#8211; \u00fcvegcsomagol\u00e1s Az adott hullad\u00e9ktermel\u0151 helynek megfelel\u0151en, higi\u00e9niai k\u00f6r\u00fclm\u00e9nyek k\u00f6z\u00f6tt, a helyi k\u00f6zigazgat\u00e1s \u00e1ltal k\u00fcl\u00f6n erre a c\u00e9lra kialak\u00edtott helyis\u00e9gekben, valamint az ilyen t\u00edpus\u00fa hullad\u00e9kgy\u0171jt\u00e9si tev\u00e9kenys\u00e9get szervez\u0151 helyi k\u00f6zigazgat\u00e1s\/k\u00f6zeg\u00e9szs\u00e9g\u00fcgyi szolg\u00e1ltat\u00f3 \u00e1ltal javasolt \u00e9s biztos\u00edtott, a helyi k\u00f6zigazgat\u00e1si hat\u00f3s\u00e1g \u00e1ltal elfogadott rendszereken kereszt\u00fcl. Hullad\u00e9kot termel? Ide kell sz\u00e1ll\u00edtani \u0151ket A k\u00f6vetkez\u0151 hullad\u00e9kkateg\u00f3ri\u00e1kat k\u00fcl\u00f6n gy\u0171jtik Nagyv\u00e1radon \u00e9s sz\u00e1ll\u00edtj\u00e1k el v\u00e1logat\u00e1sra\/kezel\u00e9sre\/\u00fajrafelhaszn\u00e1l\u00e1sra\/\u00e1rtalmatlan\u00edt\u00e1sra: &#8211; \u00fajrahasznos\u00edthat\u00f3 hullad\u00e9k A pap\u00edr-karton frakci\u00f3t, a m\u0171anyag-f\u00e9m frakci\u00f3t \u00e9s az \u00fcveg frakci\u00f3t, bele\u00e9rtve a szab\u00e1lyos m\u00f3don elk\u00fcl\u00f6n\u00edtetten gy\u0171jt\u00f6tt csomagol\u00e1si hullad\u00e9kot (legfeljebb 25%-os szennyez\u0151d\u00e9si fokkal), k\u00fcl\u00f6n sz\u00e1ll\u00edtj\u00e1k el gy\u0171jt\u00e9sre a Matei Corvin utca 327. sz\u00e1m alatt tal\u00e1lhat\u00f3 &#8222;Nagyv\u00e1radi Megyei Kezel\u0151k\u00f6zpont a nem vesz\u00e9lyes hullad\u00e9kok kezel\u00e9s\u00e9re Nagyv\u00e1radon&#8221; (82\/2015 Reg Cadru rendelet 50. cikkelye). A kezel\u0151\u00fczemek \u00e9s \u00e1trak\u00f3\u00e1llom\u00e1sok \u00fczemeltet\u0151i biztos\u00edtj\u00e1k, hogy a szelekt\u00edven gy\u0171jt\u00f6tt \u00fcveghullad\u00e9kot \u00e1tadj\u00e1k az \u00fajrahasznos\u00edt\u00f3knak. Azokat az \u00fajrahasznos\u00edthat\u00f3 hullad\u00e9kokat, amelyek szennyez\u0151d\u00e9si foka a gy\u0171jt\u0151ed\u00e9nyekben meghaladja a meghat\u00e1rozott \u00e9rt\u00e9keket, a TMB l\u00e9tes\u00edtm\u00e9nybe sz\u00e1ll\u00edtj\u00e1k. A v\u00e1logat\u00e1si marad\u00e9kok a TMB \u00fczemben a t\u00e1rol\u00e1s el\u0151tt kezelhet\u0151k. &#8211; A szelekt\u00edven, a megfelel\u0151 m\u00f3don gy\u0171jt\u00f6tt biol\u00f3giailag leboml\u00f3 hullad\u00e9kot (legfeljebb 10%-os szennyez\u0151d\u00e9si fokkal) k\u00fcl\u00f6n sz\u00e1ll\u00edtj\u00e1k a Matei Corvin utca 327. sz\u00e1m alatt tal\u00e1lhat\u00f3, a nem vesz\u00e9lyes hullad\u00e9kok kezel\u00e9s\u00e9re szolg\u00e1l\u00f3 Nagyv\u00e1radi Megyei Kezel\u00e9si K\u00f6zpontban tal\u00e1lhat\u00f3 komposzt\u00e1l\u00f3 \u00fczembe; Azokat a biol\u00f3giailag leboml\u00f3 hullad\u00e9kokat, amelyek szennyez\u0151d\u00e9si foka a gy\u0171jt\u0151ed\u00e9nyekben meghaladja a meghat\u00e1rozott \u00e9rt\u00e9keket, a TMB-\u00fczembe sz\u00e1ll\u00edtj\u00e1k. A komposzt\u00e1l\u00e1si marad\u00e9kokat a TMB-\u00fczemben lehet kezelni a hullad\u00e9klerak\u00f3ba helyez\u00e9s el\u0151tt. &#8211; marad\u00e9k hullad\u00e9k k\u00fcl\u00f6n gy\u0171jtik \u00e9s sz\u00e1ll\u00edtj\u00e1k a mechanikai-biol\u00f3giai tiszt\u00edt\u00f3m\u0171be (TMB \u00e1llom\u00e1s Nagyv\u00e1radon, a Nagyv\u00e1rad megyei integr\u00e1lt gazd\u00e1lkod\u00e1si rendszeren bel\u00fcl). Bihar-SMID Bihar) helyzet a nagyv\u00e1radi Sant\u0103ului utc\u00e1ban.Ha a SMID Bihoron bel\u00fcli TMB Nagyv\u00e1rad \u00e1llom\u00e1s nem m\u0171k\u00f6dik, az \u00fczemeltet\u0151 a rendelet el\u0151\u00edr\u00e1sainak megfelel\u0151en a nagyv\u00e1radi CMJTD Nagyv\u00e1radhoz sz\u00e1ll\u00edtja a Nagyv\u00e1rad ter\u00fclet\u00e9n \u00e9l\u0151 mag\u00e1nszem\u00e9lyekt\u0151l \u00e9s c\u00e9gekt\u0151l begy\u0171jt\u00f6tt marad\u00e9k hullad\u00e9kot. &#8211; h\u00e1ztart\u00e1si hullad\u00e9kb\u00f3l sz\u00e1rmaz\u00f3 vesz\u00e9lyes hullad\u00e9k &#8211; enged\u00e9lyezett \u00e1rtalmatlan\u00edt\u00f3 l\u00e9tes\u00edtm\u00e9nyekbe sz\u00e1ll\u00edtj\u00e1k; &#8211; a lakoss\u00e1g, a k\u00f6zint\u00e9zm\u00e9nyek \u00e9s a gazdas\u00e1gi szerepl\u0151k \u00e1ltal a &#8222;Megyei Kezel\u0151k\u00f6zpont a nem vesz\u00e9lyes hullad\u00e9kok kezel\u00e9s\u00e9re Nagyv\u00e1radon&#8221; \u00e9s a hullad\u00e9klerak\u00f3ba (CMJTD) sz\u00e1ll\u00edtott nagym\u00e9ret\u0171 hullad\u00e9k; &#8211; \u00e9p\u00edt\u00e9si \u00e9s bont\u00e1si hullad\u00e9k &#8211; az \u00e9p\u00edt\u00e9si \u00e9s bont\u00e1si tev\u00e9kenys\u00e9gekb\u0151l sz\u00e1rmaz\u00f3 hullad\u00e9k, amely a hat\u00e1lyos jogszab\u00e1lyok szerint nem min\u0151s\u00fcl vesz\u00e9lyes hullad\u00e9knak, a &#8222;Megyei Kezel\u0151k\u00f6zpont a nem vesz\u00e9lyes hullad\u00e9kok kezel\u00e9s\u00e9re Nagyv\u00e1radon&#8221; \u00e9s a hullad\u00e9klerak\u00f3ba (CMJTD) sz\u00e1ll\u00edtj\u00e1k str. Matthew Corvinus. &#8211; csomagol\u00e1si hullad\u00e9k &#8211; minden olyan csomagol\u00f3- vagy csomagol\u00f3anyag, amely megfelel a hullad\u00e9k fogalommeghat\u00e1roz\u00e1s\u00e1nak, \u00e9s amelyet vagy a sz\u00e1raz frakci\u00f3 r\u00e9szek\u00e9nt, kever\u00e9kben, vagy k\u00fcl\u00f6n-k\u00fcl\u00f6n gy\u0171jtenek az anyagt\u00edpusok szerint, amelyekb\u0151l k\u00e9sz\u00fcltek, a helyi k\u00f6zigazgat\u00e1s \u00e1ltal biztos\u00edtott kont\u00e9nerekben, a nem vesz\u00e9lyes hullad\u00e9kok kezel\u00e9s\u00e9re szolg\u00e1l\u00f3 megyei kezel\u0151k\u00f6zpontba (Nagyv\u00e1rad) \u00e9s a hullad\u00e9klerak\u00f3ba (CMJTD) sz\u00e1ll\u00edtj\u00e1k; a str. Matei Corvin a v\u00e1logat\u00e1s\/\u00e9rt\u00e9kel\u00e9s szempontj\u00e1b\u00f3l; &#8211; elektromos \u00e9s elektronikus berendez\u00e9sek hullad\u00e9kai &#8211; a tov\u00e1bbiakban: elektromos \u00e9s elektronikus berendez\u00e9sek hullad\u00e9ka &#8211; a 211\/2011. sz. t\u00f6rv\u00e9ny \u00e9s a hullad\u00e9kgazd\u00e1lkod\u00e1si rendszerre vonatkoz\u00f3 k\u00e9s\u0151bbi kieg\u00e9sz\u00edt\u00e9sek \u00e9s m\u00f3dos\u00edt\u00e1sok rendelkez\u00e9sei szerint hullad\u00e9knak min\u0151s\u00fcl\u0151 elektromos \u00e9s elektronikus berendez\u00e9sek, bele\u00e9rtve az \u00f6sszes alkatr\u00e9szt, r\u00e9szegys\u00e9get \u00e9s fogy\u00f3eszk\u00f6zt, amelyek a hullad\u00e9kk\u00e1 v\u00e1l\u00e1suk id\u0151pontj\u00e1ban a berendez\u00e9s szerves r\u00e9sz\u00e9t k\u00e9pezik, \u00e9s amelyeket az e ter\u00fcleten enged\u00e9llyel rendelkez\u0151 \u00fczemeltet\u0151 \u00e1ltal kezelt gy\u0171jt\u0151helyre sz\u00e1ll\u00edtanak; &#8211; k\u00f6z\u00fati hullad\u00e9k &#8211; a k\u00f6zutakra jellemz\u0151 hullad\u00e9kok, a lakoss\u00e1g napi tev\u00e9kenys\u00e9g\u00e9b\u0151l, a z\u00f6ldter\u00fcletekr\u0151l, az \u00e1llatokb\u00f3l, a szil\u00e1rd anyagok l\u00e9gk\u00f6rb\u0151l t\u00f6rt\u00e9n\u0151 lerak\u00f3d\u00e1s\u00e1b\u00f3l, a nem vesz\u00e9lyes hullad\u00e9kok kezel\u00e9s\u00e9re szolg\u00e1l\u00f3 Nagyv\u00e1radi Megyei Kezel\u0151k\u00f6zpontba&#8221; \u00e9s a hullad\u00e9klerak\u00f3ba (CMJTD) sz\u00e1ll\u00edtott hullad\u00e9kok a str. Matthew Corvinus. \u00datmutat\u00f3 a t\u00f6rtek gy\u0171jt\u00e9s\u00e9hez \u00e9s le\u00edr\u00e1s\u00e1hoz: https:\/\/rervest.ro\/utile\/ghid-de-colectare\/ Szelekt\u00edv gy\u0171jt\u0151k\u00f6zpontok A h\u00e1ztart\u00e1si \u00e9s hasonl\u00f3 hullad\u00e9kok (vesz\u00e9lyes hullad\u00e9kok, text\u00edli\u00e1k, haszn\u00e1lhatatlan \u00e1ruk, f\u00e9mcsomagol\u00e1s, h\u00e1ztart\u00e1si cikkek, \u00fcveg, elektromos\/elektronikai hullad\u00e9k, m\u0171anyag, pap\u00edr \u00e9s karton, fa, b\u00fator, n\u00f6v\u00e9nyi hullad\u00e9k, \u00e9p\u00edt\u00e9si hullad\u00e9k) gy\u0171jt\u00e9se a k\u00f6vetkez\u0151k \u00e1ltal t\u00f6rt\u00e9nhet meg \u00f6nk\u00e9ntes hozz\u00e1j\u00e1rul\u00e1sa h\u00e1ztart\u00e1si felhaszn\u00e1l\u00f3k a Thurzo \u0218andor utcai \u00e9s az Uzinelor utcai szelekt\u00edv gy\u0171jt\u0151helyekre sz\u00e1ll\u00edtj\u00e1k. Az \u00f6nk\u00e9ntes gy\u0171jt\u0151pontokon a nagyv\u00e1radi lakosokt\u00f3l ingyenesen gy\u0171jtik a hullad\u00e9kot. &#8211; RER szelekt\u00edv gy\u0171jt\u0151hely &#8211; str. Thurz\u00f3 S\u00e1ndor, FN https:\/\/rervest.ro\/service\/punct-de-colectare-deseuri\/ &#8211; RER szelekt\u00edv gy\u0171jt\u0151hely &#8211; str. Uzinelor, FN https:\/\/rervest.ro\/service\/punct-de-colectare-deseuri\/ &#8211; Szelekt\u00edv textilgy\u0171jt\u0151 helyek: A &#8222;visszav\u00e9teli&#8221; programok, amelyek keret\u00e9ben a polg\u00e1rok textilterm\u00e9keket (f\u0151k\u00e9nt ruh\u00e1zati cikkeket, l\u00e1bbeliket \u00e9s egy\u00e9b ruh\u00e1zati cikkeket) visznek vissza, seg\u00edthetnek megv\u00e1ltoztatni az emberek gondolkod\u00e1sm\u00f3dj\u00e1t, \u00e9s a fogyaszt\u00f3kat a k\u00f6rforg\u00e1sos ell\u00e1t\u00e1si l\u00e1nc r\u00e9sztvev\u0151iv\u00e9 tenni. A v\u00e1logat\u00e1si m\u0171velet f\u0151 c\u00e9lja, hogy minden egyes textildarabot apr\u00f3l\u00e9kosan oszt\u00e1lyozzanak, hogy meghat\u00e1rozz\u00e1k az \u00fajrafelhaszn\u00e1l\u00e1suk lehet\u0151 legjobb m\u00f3dj\u00e1t, meghosszabb\u00edtva ezzel az \u00e9letciklusukat \u00e9s elker\u00fclve a hullad\u00e9klerak\u00f3kat. Ebb\u0151l a c\u00e9lb\u00f3l 54 textilkont\u00e9nert helyeztek el Nagyv\u00e1radon, \u00e9s sz\u00e1muk az \u00e9v v\u00e9g\u00e9re 100 textilkont\u00e9nerre n\u0151. &#8211; ezek a helysz\u00ednek az al\u00e1bbi linken tal\u00e1lhat\u00f3k: https:\/\/earth.google.com\/web\/@47.05587319,21.95129055,137.41546337a,11831.48573049d,30y,0h,0t,0r\/data=MikKJwolCiExbkJuMWR3WXA3WEFraGFlbDFCYXFHd25aUGhvYUdoWjQgAQ &#8211; TEXTILKONT\u00c9NER HELYEK: A polg\u00e1roknak_A k\u00f6z\u00f6ss\u00e9gnek_z\u00f6ld Nagyv\u00e1rad_doc download_textilkont\u00e9nerek helye Nagyv\u00e1rad (Oradea) &#8211; A pap\u00edr- \u00e9s kartonhullad\u00e9k gy\u0171jt\u00e9s\u00e9re \u00e9s szelekt\u00edv \u00e1rtalmatlan\u00edt\u00e1s\u00e1ra 95 iglut helyeztek el a nagyv\u00e1radi lak\u00f3h\u00e1zak ter\u00fclet\u00e9n. Ezek begy\u0171jt\u00e9s\u00e9t \u00e9s sz\u00e1ll\u00edt\u00e1s\u00e1t az \u00fczemeltet\u0151 SC RER VEST SA v\u00e9gzi. Oradea v\u00e1ros jelent\u00e9se A Nagyv\u00e1radi V\u00e1rosi Jelent\u00e9s egy ingyenes, egyszer\u0171 \u00e9s intuit\u00edv alkalmaz\u00e1s mobiltelefonra vagy t\u00e1blag\u00e9pre, amely lehet\u0151v\u00e9 teszi a polg\u00e1rk\u00f6zpont\u00fa polg\u00e1rok sz\u00e1m\u00e1ra, hogy k\u00fcl\u00f6nb\u00f6z\u0151 panaszokat \u00e9s incidenseket k\u00fcldjenek a nagyv\u00e1radi v\u00e1rosh\u00e1z\u00e1nak \u00e9s a helyi k\u00f6zszolg\u00e1ltat\u00f3knak (Nagyv\u00e1radi V\u00edzm\u0171, Nagyv\u00e1radi Helyi K\u00f6zleked\u00e9s, Nagyv\u00e1radi F\u0171t\u00e9s, Nagyv\u00e1radi Helyi Rend\u0151rs\u00e9g, RER Ecologic Service).<\/p>\n","protected":false},"author":1,"featured_media":17036,"parent":0,"menu_order":0,"comment_status":"closed","ping_status":"closed","template":"","meta":{"_acf_changed":false,"ep_exclude_from_search":false,"footnotes":""},"class_list":["post-18435","page","type-page","status-publish","has-post-thumbnail","hentry"],"acf":[],"yoast_head":"<!-- This site is optimized with the Yoast SEO plugin v26.6 - https:\/\/yoast.com\/wordpress\/plugins\/seo\/ -->\n<title>T\u00f6rtek \u00e9s hullad\u00e9kk\u00f6zpontok - Oradea.ro<\/title>\n<meta name=\"robots\" content=\"index, follow, max-snippet:-1, max-image-preview:large, max-video-preview:-1\" \/>\n<link rel=\"canonical\" href=\"https:\/\/oradea.ro\/hu\/tortek-es-hulladekkozpontok\/\" \/>\n<meta property=\"og:locale\" content=\"hu_HU\" \/>\n<meta property=\"og:type\" content=\"article\" \/>\n<meta property=\"og:title\" content=\"T\u00f6rtek \u00e9s hullad\u00e9kk\u00f6zpontok - Oradea.ro\" \/>\n<meta property=\"og:description\" content=\"T\u00f6rtek \u00e9s hullad\u00e9kk\u00f6zpontok T\u00f6rtek \u00e9s hullad\u00e9kk\u00f6zpontok Gy\u0171jt\u00e9s \u00f6t frakci\u00f3 szerint A h\u00e1ztart\u00e1si \u00e9s hasonl\u00f3 hullad\u00e9kot termel\u0151 term\u00e9szetes \u00e9s jogi szem\u00e9lyeknek \u00f6t komponens (5 frakci\u00f3) tekintet\u00e9ben kell elv\u00e9gezni\u00fck a gy\u0171jt\u00e9si tev\u00e9kenys\u00e9get: &#8211; marad\u00e9k hullad\u00e9k &#8211; biol\u00f3giailag leboml\u00f3 hullad\u00e9k &#8211; \u00fajrahasznos\u00edthat\u00f3 hullad\u00e9k &#8211; kartonfrakci\u00f3 &#8211; \u00fajrahasznos\u00edthat\u00f3 hullad\u00e9k &#8211; m\u0171anyag, f\u00e9m frakci\u00f3 &#8211; \u00fcvegcsomagol\u00e1s Az adott hullad\u00e9ktermel\u0151 helynek megfelel\u0151en, higi\u00e9niai k\u00f6r\u00fclm\u00e9nyek k\u00f6z\u00f6tt, a helyi k\u00f6zigazgat\u00e1s \u00e1ltal k\u00fcl\u00f6n erre a c\u00e9lra kialak\u00edtott helyis\u00e9gekben, valamint az ilyen t\u00edpus\u00fa hullad\u00e9kgy\u0171jt\u00e9si tev\u00e9kenys\u00e9get szervez\u0151 helyi k\u00f6zigazgat\u00e1s\/k\u00f6zeg\u00e9szs\u00e9g\u00fcgyi szolg\u00e1ltat\u00f3 \u00e1ltal javasolt \u00e9s biztos\u00edtott, a helyi k\u00f6zigazgat\u00e1si hat\u00f3s\u00e1g \u00e1ltal elfogadott rendszereken kereszt\u00fcl. Hullad\u00e9kot termel? Ide kell sz\u00e1ll\u00edtani \u0151ket A k\u00f6vetkez\u0151 hullad\u00e9kkateg\u00f3ri\u00e1kat k\u00fcl\u00f6n gy\u0171jtik Nagyv\u00e1radon \u00e9s sz\u00e1ll\u00edtj\u00e1k el v\u00e1logat\u00e1sra\/kezel\u00e9sre\/\u00fajrafelhaszn\u00e1l\u00e1sra\/\u00e1rtalmatlan\u00edt\u00e1sra: &#8211; \u00fajrahasznos\u00edthat\u00f3 hullad\u00e9k A pap\u00edr-karton frakci\u00f3t, a m\u0171anyag-f\u00e9m frakci\u00f3t \u00e9s az \u00fcveg frakci\u00f3t, bele\u00e9rtve a szab\u00e1lyos m\u00f3don elk\u00fcl\u00f6n\u00edtetten gy\u0171jt\u00f6tt csomagol\u00e1si hullad\u00e9kot (legfeljebb 25%-os szennyez\u0151d\u00e9si fokkal), k\u00fcl\u00f6n sz\u00e1ll\u00edtj\u00e1k el gy\u0171jt\u00e9sre a Matei Corvin utca 327. sz\u00e1m alatt tal\u00e1lhat\u00f3 &#8222;Nagyv\u00e1radi Megyei Kezel\u0151k\u00f6zpont a nem vesz\u00e9lyes hullad\u00e9kok kezel\u00e9s\u00e9re Nagyv\u00e1radon&#8221; (82\/2015 Reg Cadru rendelet 50. cikkelye). A kezel\u0151\u00fczemek \u00e9s \u00e1trak\u00f3\u00e1llom\u00e1sok \u00fczemeltet\u0151i biztos\u00edtj\u00e1k, hogy a szelekt\u00edven gy\u0171jt\u00f6tt \u00fcveghullad\u00e9kot \u00e1tadj\u00e1k az \u00fajrahasznos\u00edt\u00f3knak. Azokat az \u00fajrahasznos\u00edthat\u00f3 hullad\u00e9kokat, amelyek szennyez\u0151d\u00e9si foka a gy\u0171jt\u0151ed\u00e9nyekben meghaladja a meghat\u00e1rozott \u00e9rt\u00e9keket, a TMB l\u00e9tes\u00edtm\u00e9nybe sz\u00e1ll\u00edtj\u00e1k. A v\u00e1logat\u00e1si marad\u00e9kok a TMB \u00fczemben a t\u00e1rol\u00e1s el\u0151tt kezelhet\u0151k. &#8211; A szelekt\u00edven, a megfelel\u0151 m\u00f3don gy\u0171jt\u00f6tt biol\u00f3giailag leboml\u00f3 hullad\u00e9kot (legfeljebb 10%-os szennyez\u0151d\u00e9si fokkal) k\u00fcl\u00f6n sz\u00e1ll\u00edtj\u00e1k a Matei Corvin utca 327. sz\u00e1m alatt tal\u00e1lhat\u00f3, a nem vesz\u00e9lyes hullad\u00e9kok kezel\u00e9s\u00e9re szolg\u00e1l\u00f3 Nagyv\u00e1radi Megyei Kezel\u00e9si K\u00f6zpontban tal\u00e1lhat\u00f3 komposzt\u00e1l\u00f3 \u00fczembe; Azokat a biol\u00f3giailag leboml\u00f3 hullad\u00e9kokat, amelyek szennyez\u0151d\u00e9si foka a gy\u0171jt\u0151ed\u00e9nyekben meghaladja a meghat\u00e1rozott \u00e9rt\u00e9keket, a TMB-\u00fczembe sz\u00e1ll\u00edtj\u00e1k. A komposzt\u00e1l\u00e1si marad\u00e9kokat a TMB-\u00fczemben lehet kezelni a hullad\u00e9klerak\u00f3ba helyez\u00e9s el\u0151tt. &#8211; marad\u00e9k hullad\u00e9k k\u00fcl\u00f6n gy\u0171jtik \u00e9s sz\u00e1ll\u00edtj\u00e1k a mechanikai-biol\u00f3giai tiszt\u00edt\u00f3m\u0171be (TMB \u00e1llom\u00e1s Nagyv\u00e1radon, a Nagyv\u00e1rad megyei integr\u00e1lt gazd\u00e1lkod\u00e1si rendszeren bel\u00fcl). Bihar-SMID Bihar) helyzet a nagyv\u00e1radi Sant\u0103ului utc\u00e1ban.Ha a SMID Bihoron bel\u00fcli TMB Nagyv\u00e1rad \u00e1llom\u00e1s nem m\u0171k\u00f6dik, az \u00fczemeltet\u0151 a rendelet el\u0151\u00edr\u00e1sainak megfelel\u0151en a nagyv\u00e1radi CMJTD Nagyv\u00e1radhoz sz\u00e1ll\u00edtja a Nagyv\u00e1rad ter\u00fclet\u00e9n \u00e9l\u0151 mag\u00e1nszem\u00e9lyekt\u0151l \u00e9s c\u00e9gekt\u0151l begy\u0171jt\u00f6tt marad\u00e9k hullad\u00e9kot. &#8211; h\u00e1ztart\u00e1si hullad\u00e9kb\u00f3l sz\u00e1rmaz\u00f3 vesz\u00e9lyes hullad\u00e9k &#8211; enged\u00e9lyezett \u00e1rtalmatlan\u00edt\u00f3 l\u00e9tes\u00edtm\u00e9nyekbe sz\u00e1ll\u00edtj\u00e1k; &#8211; a lakoss\u00e1g, a k\u00f6zint\u00e9zm\u00e9nyek \u00e9s a gazdas\u00e1gi szerepl\u0151k \u00e1ltal a &#8222;Megyei Kezel\u0151k\u00f6zpont a nem vesz\u00e9lyes hullad\u00e9kok kezel\u00e9s\u00e9re Nagyv\u00e1radon&#8221; \u00e9s a hullad\u00e9klerak\u00f3ba (CMJTD) sz\u00e1ll\u00edtott nagym\u00e9ret\u0171 hullad\u00e9k; &#8211; \u00e9p\u00edt\u00e9si \u00e9s bont\u00e1si hullad\u00e9k &#8211; az \u00e9p\u00edt\u00e9si \u00e9s bont\u00e1si tev\u00e9kenys\u00e9gekb\u0151l sz\u00e1rmaz\u00f3 hullad\u00e9k, amely a hat\u00e1lyos jogszab\u00e1lyok szerint nem min\u0151s\u00fcl vesz\u00e9lyes hullad\u00e9knak, a &#8222;Megyei Kezel\u0151k\u00f6zpont a nem vesz\u00e9lyes hullad\u00e9kok kezel\u00e9s\u00e9re Nagyv\u00e1radon&#8221; \u00e9s a hullad\u00e9klerak\u00f3ba (CMJTD) sz\u00e1ll\u00edtj\u00e1k str. Matthew Corvinus. &#8211; csomagol\u00e1si hullad\u00e9k &#8211; minden olyan csomagol\u00f3- vagy csomagol\u00f3anyag, amely megfelel a hullad\u00e9k fogalommeghat\u00e1roz\u00e1s\u00e1nak, \u00e9s amelyet vagy a sz\u00e1raz frakci\u00f3 r\u00e9szek\u00e9nt, kever\u00e9kben, vagy k\u00fcl\u00f6n-k\u00fcl\u00f6n gy\u0171jtenek az anyagt\u00edpusok szerint, amelyekb\u0151l k\u00e9sz\u00fcltek, a helyi k\u00f6zigazgat\u00e1s \u00e1ltal biztos\u00edtott kont\u00e9nerekben, a nem vesz\u00e9lyes hullad\u00e9kok kezel\u00e9s\u00e9re szolg\u00e1l\u00f3 megyei kezel\u0151k\u00f6zpontba (Nagyv\u00e1rad) \u00e9s a hullad\u00e9klerak\u00f3ba (CMJTD) sz\u00e1ll\u00edtj\u00e1k; a str. Matei Corvin a v\u00e1logat\u00e1s\/\u00e9rt\u00e9kel\u00e9s szempontj\u00e1b\u00f3l; &#8211; elektromos \u00e9s elektronikus berendez\u00e9sek hullad\u00e9kai &#8211; a tov\u00e1bbiakban: elektromos \u00e9s elektronikus berendez\u00e9sek hullad\u00e9ka &#8211; a 211\/2011. sz. t\u00f6rv\u00e9ny \u00e9s a hullad\u00e9kgazd\u00e1lkod\u00e1si rendszerre vonatkoz\u00f3 k\u00e9s\u0151bbi kieg\u00e9sz\u00edt\u00e9sek \u00e9s m\u00f3dos\u00edt\u00e1sok rendelkez\u00e9sei szerint hullad\u00e9knak min\u0151s\u00fcl\u0151 elektromos \u00e9s elektronikus berendez\u00e9sek, bele\u00e9rtve az \u00f6sszes alkatr\u00e9szt, r\u00e9szegys\u00e9get \u00e9s fogy\u00f3eszk\u00f6zt, amelyek a hullad\u00e9kk\u00e1 v\u00e1l\u00e1suk id\u0151pontj\u00e1ban a berendez\u00e9s szerves r\u00e9sz\u00e9t k\u00e9pezik, \u00e9s amelyeket az e ter\u00fcleten enged\u00e9llyel rendelkez\u0151 \u00fczemeltet\u0151 \u00e1ltal kezelt gy\u0171jt\u0151helyre sz\u00e1ll\u00edtanak; &#8211; k\u00f6z\u00fati hullad\u00e9k &#8211; a k\u00f6zutakra jellemz\u0151 hullad\u00e9kok, a lakoss\u00e1g napi tev\u00e9kenys\u00e9g\u00e9b\u0151l, a z\u00f6ldter\u00fcletekr\u0151l, az \u00e1llatokb\u00f3l, a szil\u00e1rd anyagok l\u00e9gk\u00f6rb\u0151l t\u00f6rt\u00e9n\u0151 lerak\u00f3d\u00e1s\u00e1b\u00f3l, a nem vesz\u00e9lyes hullad\u00e9kok kezel\u00e9s\u00e9re szolg\u00e1l\u00f3 Nagyv\u00e1radi Megyei Kezel\u0151k\u00f6zpontba&#8221; \u00e9s a hullad\u00e9klerak\u00f3ba (CMJTD) sz\u00e1ll\u00edtott hullad\u00e9kok a str. Matthew Corvinus. \u00datmutat\u00f3 a t\u00f6rtek gy\u0171jt\u00e9s\u00e9hez \u00e9s le\u00edr\u00e1s\u00e1hoz: https:\/\/rervest.ro\/utile\/ghid-de-colectare\/ Szelekt\u00edv gy\u0171jt\u0151k\u00f6zpontok A h\u00e1ztart\u00e1si \u00e9s hasonl\u00f3 hullad\u00e9kok (vesz\u00e9lyes hullad\u00e9kok, text\u00edli\u00e1k, haszn\u00e1lhatatlan \u00e1ruk, f\u00e9mcsomagol\u00e1s, h\u00e1ztart\u00e1si cikkek, \u00fcveg, elektromos\/elektronikai hullad\u00e9k, m\u0171anyag, pap\u00edr \u00e9s karton, fa, b\u00fator, n\u00f6v\u00e9nyi hullad\u00e9k, \u00e9p\u00edt\u00e9si hullad\u00e9k) gy\u0171jt\u00e9se a k\u00f6vetkez\u0151k \u00e1ltal t\u00f6rt\u00e9nhet meg \u00f6nk\u00e9ntes hozz\u00e1j\u00e1rul\u00e1sa h\u00e1ztart\u00e1si felhaszn\u00e1l\u00f3k a Thurzo \u0218andor utcai \u00e9s az Uzinelor utcai szelekt\u00edv gy\u0171jt\u0151helyekre sz\u00e1ll\u00edtj\u00e1k. Az \u00f6nk\u00e9ntes gy\u0171jt\u0151pontokon a nagyv\u00e1radi lakosokt\u00f3l ingyenesen gy\u0171jtik a hullad\u00e9kot. &#8211; RER szelekt\u00edv gy\u0171jt\u0151hely &#8211; str. Thurz\u00f3 S\u00e1ndor, FN https:\/\/rervest.ro\/service\/punct-de-colectare-deseuri\/ &#8211; RER szelekt\u00edv gy\u0171jt\u0151hely &#8211; str. Uzinelor, FN https:\/\/rervest.ro\/service\/punct-de-colectare-deseuri\/ &#8211; Szelekt\u00edv textilgy\u0171jt\u0151 helyek: A &#8222;visszav\u00e9teli&#8221; programok, amelyek keret\u00e9ben a polg\u00e1rok textilterm\u00e9keket (f\u0151k\u00e9nt ruh\u00e1zati cikkeket, l\u00e1bbeliket \u00e9s egy\u00e9b ruh\u00e1zati cikkeket) visznek vissza, seg\u00edthetnek megv\u00e1ltoztatni az emberek gondolkod\u00e1sm\u00f3dj\u00e1t, \u00e9s a fogyaszt\u00f3kat a k\u00f6rforg\u00e1sos ell\u00e1t\u00e1si l\u00e1nc r\u00e9sztvev\u0151iv\u00e9 tenni. A v\u00e1logat\u00e1si m\u0171velet f\u0151 c\u00e9lja, hogy minden egyes textildarabot apr\u00f3l\u00e9kosan oszt\u00e1lyozzanak, hogy meghat\u00e1rozz\u00e1k az \u00fajrafelhaszn\u00e1l\u00e1suk lehet\u0151 legjobb m\u00f3dj\u00e1t, meghosszabb\u00edtva ezzel az \u00e9letciklusukat \u00e9s elker\u00fclve a hullad\u00e9klerak\u00f3kat. Ebb\u0151l a c\u00e9lb\u00f3l 54 textilkont\u00e9nert helyeztek el Nagyv\u00e1radon, \u00e9s sz\u00e1muk az \u00e9v v\u00e9g\u00e9re 100 textilkont\u00e9nerre n\u0151. &#8211; ezek a helysz\u00ednek az al\u00e1bbi linken tal\u00e1lhat\u00f3k: https:\/\/earth.google.com\/web\/@47.05587319,21.95129055,137.41546337a,11831.48573049d,30y,0h,0t,0r\/data=MikKJwolCiExbkJuMWR3WXA3WEFraGFlbDFCYXFHd25aUGhvYUdoWjQgAQ &#8211; TEXTILKONT\u00c9NER HELYEK: A polg\u00e1roknak_A k\u00f6z\u00f6ss\u00e9gnek_z\u00f6ld Nagyv\u00e1rad_doc download_textilkont\u00e9nerek helye Nagyv\u00e1rad (Oradea) &#8211; A pap\u00edr- \u00e9s kartonhullad\u00e9k gy\u0171jt\u00e9s\u00e9re \u00e9s szelekt\u00edv \u00e1rtalmatlan\u00edt\u00e1s\u00e1ra 95 iglut helyeztek el a nagyv\u00e1radi lak\u00f3h\u00e1zak ter\u00fclet\u00e9n. Ezek begy\u0171jt\u00e9s\u00e9t \u00e9s sz\u00e1ll\u00edt\u00e1s\u00e1t az \u00fczemeltet\u0151 SC RER VEST SA v\u00e9gzi. Oradea v\u00e1ros jelent\u00e9se A Nagyv\u00e1radi V\u00e1rosi Jelent\u00e9s egy ingyenes, egyszer\u0171 \u00e9s intuit\u00edv alkalmaz\u00e1s mobiltelefonra vagy t\u00e1blag\u00e9pre, amely lehet\u0151v\u00e9 teszi a polg\u00e1rk\u00f6zpont\u00fa polg\u00e1rok sz\u00e1m\u00e1ra, hogy k\u00fcl\u00f6nb\u00f6z\u0151 panaszokat \u00e9s incidenseket k\u00fcldjenek a nagyv\u00e1radi v\u00e1rosh\u00e1z\u00e1nak \u00e9s a helyi k\u00f6zszolg\u00e1ltat\u00f3knak (Nagyv\u00e1radi V\u00edzm\u0171, Nagyv\u00e1radi Helyi K\u00f6zleked\u00e9s, Nagyv\u00e1radi F\u0171t\u00e9s, Nagyv\u00e1radi Helyi Rend\u0151rs\u00e9g, RER Ecologic Service).\" \/>\n<meta property=\"og:url\" content=\"https:\/\/oradea.ro\/hu\/tortek-es-hulladekkozpontok\/\" \/>\n<meta property=\"og:site_name\" content=\"Oradea.ro\" \/>\n<meta property=\"article:modified_time\" content=\"2023-10-11T11:33:02+00:00\" \/>\n<meta property=\"og:image\" content=\"https:\/\/oradea.ro\/wp-content\/uploads\/2023\/09\/hero_slide_2.webp\" \/>\n\t<meta property=\"og:image:width\" content=\"1920\" \/>\n\t<meta property=\"og:image:height\" content=\"1000\" \/>\n\t<meta property=\"og:image:type\" content=\"image\/webp\" \/>\n<meta name=\"twitter:card\" content=\"summary_large_image\" \/>\n<meta name=\"twitter:label1\" content=\"Becs\u00fclt olvas\u00e1si id\u0151\" \/>\n\t<meta name=\"twitter:data1\" content=\"7 perc\" \/>\n<script type=\"application\/ld+json\" class=\"yoast-schema-graph\">{\"@context\":\"https:\/\/schema.org\",\"@graph\":[{\"@type\":\"WebPage\",\"@id\":\"https:\/\/oradea.ro\/hu\/tortek-es-hulladekkozpontok\/\",\"url\":\"https:\/\/oradea.ro\/hu\/tortek-es-hulladekkozpontok\/\",\"name\":\"T\u00f6rtek \u00e9s hullad\u00e9kk\u00f6zpontok - Oradea.ro\",\"isPartOf\":{\"@id\":\"https:\/\/oradea.ro\/#website\"},\"primaryImageOfPage\":{\"@id\":\"https:\/\/oradea.ro\/hu\/tortek-es-hulladekkozpontok\/#primaryimage\"},\"image\":{\"@id\":\"https:\/\/oradea.ro\/hu\/tortek-es-hulladekkozpontok\/#primaryimage\"},\"thumbnailUrl\":\"https:\/\/oradea.ro\/wp-content\/uploads\/2023\/09\/hero_slide_2.webp\",\"datePublished\":\"2023-10-10T07:28:48+00:00\",\"dateModified\":\"2023-10-11T11:33:02+00:00\",\"breadcrumb\":{\"@id\":\"https:\/\/oradea.ro\/hu\/tortek-es-hulladekkozpontok\/#breadcrumb\"},\"inLanguage\":\"hu\",\"potentialAction\":[{\"@type\":\"ReadAction\",\"target\":[\"https:\/\/oradea.ro\/hu\/tortek-es-hulladekkozpontok\/\"]}]},{\"@type\":\"ImageObject\",\"inLanguage\":\"hu\",\"@id\":\"https:\/\/oradea.ro\/hu\/tortek-es-hulladekkozpontok\/#primaryimage\",\"url\":\"https:\/\/oradea.ro\/wp-content\/uploads\/2023\/09\/hero_slide_2.webp\",\"contentUrl\":\"https:\/\/oradea.ro\/wp-content\/uploads\/2023\/09\/hero_slide_2.webp\",\"width\":1920,\"height\":1000},{\"@type\":\"BreadcrumbList\",\"@id\":\"https:\/\/oradea.ro\/hu\/tortek-es-hulladekkozpontok\/#breadcrumb\",\"itemListElement\":[{\"@type\":\"ListItem\",\"position\":1,\"name\":\"\",\"item\":\"https:\/\/oradea.ro\/hu\/\"},{\"@type\":\"ListItem\",\"position\":2,\"name\":\"T\u00f6rtek \u00e9s hullad\u00e9kk\u00f6zpontok\"}]},{\"@type\":\"WebSite\",\"@id\":\"https:\/\/oradea.ro\/#website\",\"url\":\"https:\/\/oradea.ro\/\",\"name\":\"Oradea.ro\",\"description\":\"Site-ul oficial al Prim\u0103riei Municipiului Oradea\",\"publisher\":{\"@id\":\"https:\/\/oradea.ro\/#organization\"},\"potentialAction\":[{\"@type\":\"SearchAction\",\"target\":{\"@type\":\"EntryPoint\",\"urlTemplate\":\"https:\/\/oradea.ro\/?s={search_term_string}\"},\"query-input\":{\"@type\":\"PropertyValueSpecification\",\"valueRequired\":true,\"valueName\":\"search_term_string\"}}],\"inLanguage\":\"hu\"},{\"@type\":\"Organization\",\"@id\":\"https:\/\/oradea.ro\/#organization\",\"name\":\"Oradea.ro\",\"url\":\"https:\/\/oradea.ro\/\",\"logo\":{\"@type\":\"ImageObject\",\"inLanguage\":\"hu\",\"@id\":\"https:\/\/oradea.ro\/#\/schema\/logo\/image\/\",\"url\":\"https:\/\/oradea.ro\/wp-content\/uploads\/2023\/06\/footer_logo.svg\",\"contentUrl\":\"https:\/\/oradea.ro\/wp-content\/uploads\/2023\/06\/footer_logo.svg\",\"width\":218,\"height\":53,\"caption\":\"Oradea.ro\"},\"image\":{\"@id\":\"https:\/\/oradea.ro\/#\/schema\/logo\/image\/\"}}]}<\/script>\n<!-- \/ Yoast SEO plugin. -->","yoast_head_json":{"title":"T\u00f6rtek \u00e9s hullad\u00e9kk\u00f6zpontok - Oradea.ro","robots":{"index":"index","follow":"follow","max-snippet":"max-snippet:-1","max-image-preview":"max-image-preview:large","max-video-preview":"max-video-preview:-1"},"canonical":"https:\/\/oradea.ro\/hu\/tortek-es-hulladekkozpontok\/","og_locale":"hu_HU","og_type":"article","og_title":"T\u00f6rtek \u00e9s hullad\u00e9kk\u00f6zpontok - Oradea.ro","og_description":"T\u00f6rtek \u00e9s hullad\u00e9kk\u00f6zpontok T\u00f6rtek \u00e9s hullad\u00e9kk\u00f6zpontok Gy\u0171jt\u00e9s \u00f6t frakci\u00f3 szerint A h\u00e1ztart\u00e1si \u00e9s hasonl\u00f3 hullad\u00e9kot termel\u0151 term\u00e9szetes \u00e9s jogi szem\u00e9lyeknek \u00f6t komponens (5 frakci\u00f3) tekintet\u00e9ben kell elv\u00e9gezni\u00fck a gy\u0171jt\u00e9si tev\u00e9kenys\u00e9get: &#8211; marad\u00e9k hullad\u00e9k &#8211; biol\u00f3giailag leboml\u00f3 hullad\u00e9k &#8211; \u00fajrahasznos\u00edthat\u00f3 hullad\u00e9k &#8211; kartonfrakci\u00f3 &#8211; \u00fajrahasznos\u00edthat\u00f3 hullad\u00e9k &#8211; m\u0171anyag, f\u00e9m frakci\u00f3 &#8211; \u00fcvegcsomagol\u00e1s Az adott hullad\u00e9ktermel\u0151 helynek megfelel\u0151en, higi\u00e9niai k\u00f6r\u00fclm\u00e9nyek k\u00f6z\u00f6tt, a helyi k\u00f6zigazgat\u00e1s \u00e1ltal k\u00fcl\u00f6n erre a c\u00e9lra kialak\u00edtott helyis\u00e9gekben, valamint az ilyen t\u00edpus\u00fa hullad\u00e9kgy\u0171jt\u00e9si tev\u00e9kenys\u00e9get szervez\u0151 helyi k\u00f6zigazgat\u00e1s\/k\u00f6zeg\u00e9szs\u00e9g\u00fcgyi szolg\u00e1ltat\u00f3 \u00e1ltal javasolt \u00e9s biztos\u00edtott, a helyi k\u00f6zigazgat\u00e1si hat\u00f3s\u00e1g \u00e1ltal elfogadott rendszereken kereszt\u00fcl. Hullad\u00e9kot termel? Ide kell sz\u00e1ll\u00edtani \u0151ket A k\u00f6vetkez\u0151 hullad\u00e9kkateg\u00f3ri\u00e1kat k\u00fcl\u00f6n gy\u0171jtik Nagyv\u00e1radon \u00e9s sz\u00e1ll\u00edtj\u00e1k el v\u00e1logat\u00e1sra\/kezel\u00e9sre\/\u00fajrafelhaszn\u00e1l\u00e1sra\/\u00e1rtalmatlan\u00edt\u00e1sra: &#8211; \u00fajrahasznos\u00edthat\u00f3 hullad\u00e9k A pap\u00edr-karton frakci\u00f3t, a m\u0171anyag-f\u00e9m frakci\u00f3t \u00e9s az \u00fcveg frakci\u00f3t, bele\u00e9rtve a szab\u00e1lyos m\u00f3don elk\u00fcl\u00f6n\u00edtetten gy\u0171jt\u00f6tt csomagol\u00e1si hullad\u00e9kot (legfeljebb 25%-os szennyez\u0151d\u00e9si fokkal), k\u00fcl\u00f6n sz\u00e1ll\u00edtj\u00e1k el gy\u0171jt\u00e9sre a Matei Corvin utca 327. sz\u00e1m alatt tal\u00e1lhat\u00f3 &#8222;Nagyv\u00e1radi Megyei Kezel\u0151k\u00f6zpont a nem vesz\u00e9lyes hullad\u00e9kok kezel\u00e9s\u00e9re Nagyv\u00e1radon&#8221; (82\/2015 Reg Cadru rendelet 50. cikkelye). A kezel\u0151\u00fczemek \u00e9s \u00e1trak\u00f3\u00e1llom\u00e1sok \u00fczemeltet\u0151i biztos\u00edtj\u00e1k, hogy a szelekt\u00edven gy\u0171jt\u00f6tt \u00fcveghullad\u00e9kot \u00e1tadj\u00e1k az \u00fajrahasznos\u00edt\u00f3knak. Azokat az \u00fajrahasznos\u00edthat\u00f3 hullad\u00e9kokat, amelyek szennyez\u0151d\u00e9si foka a gy\u0171jt\u0151ed\u00e9nyekben meghaladja a meghat\u00e1rozott \u00e9rt\u00e9keket, a TMB l\u00e9tes\u00edtm\u00e9nybe sz\u00e1ll\u00edtj\u00e1k. A v\u00e1logat\u00e1si marad\u00e9kok a TMB \u00fczemben a t\u00e1rol\u00e1s el\u0151tt kezelhet\u0151k. &#8211; A szelekt\u00edven, a megfelel\u0151 m\u00f3don gy\u0171jt\u00f6tt biol\u00f3giailag leboml\u00f3 hullad\u00e9kot (legfeljebb 10%-os szennyez\u0151d\u00e9si fokkal) k\u00fcl\u00f6n sz\u00e1ll\u00edtj\u00e1k a Matei Corvin utca 327. sz\u00e1m alatt tal\u00e1lhat\u00f3, a nem vesz\u00e9lyes hullad\u00e9kok kezel\u00e9s\u00e9re szolg\u00e1l\u00f3 Nagyv\u00e1radi Megyei Kezel\u00e9si K\u00f6zpontban tal\u00e1lhat\u00f3 komposzt\u00e1l\u00f3 \u00fczembe; Azokat a biol\u00f3giailag leboml\u00f3 hullad\u00e9kokat, amelyek szennyez\u0151d\u00e9si foka a gy\u0171jt\u0151ed\u00e9nyekben meghaladja a meghat\u00e1rozott \u00e9rt\u00e9keket, a TMB-\u00fczembe sz\u00e1ll\u00edtj\u00e1k. A komposzt\u00e1l\u00e1si marad\u00e9kokat a TMB-\u00fczemben lehet kezelni a hullad\u00e9klerak\u00f3ba helyez\u00e9s el\u0151tt. &#8211; marad\u00e9k hullad\u00e9k k\u00fcl\u00f6n gy\u0171jtik \u00e9s sz\u00e1ll\u00edtj\u00e1k a mechanikai-biol\u00f3giai tiszt\u00edt\u00f3m\u0171be (TMB \u00e1llom\u00e1s Nagyv\u00e1radon, a Nagyv\u00e1rad megyei integr\u00e1lt gazd\u00e1lkod\u00e1si rendszeren bel\u00fcl). Bihar-SMID Bihar) helyzet a nagyv\u00e1radi Sant\u0103ului utc\u00e1ban.Ha a SMID Bihoron bel\u00fcli TMB Nagyv\u00e1rad \u00e1llom\u00e1s nem m\u0171k\u00f6dik, az \u00fczemeltet\u0151 a rendelet el\u0151\u00edr\u00e1sainak megfelel\u0151en a nagyv\u00e1radi CMJTD Nagyv\u00e1radhoz sz\u00e1ll\u00edtja a Nagyv\u00e1rad ter\u00fclet\u00e9n \u00e9l\u0151 mag\u00e1nszem\u00e9lyekt\u0151l \u00e9s c\u00e9gekt\u0151l begy\u0171jt\u00f6tt marad\u00e9k hullad\u00e9kot. &#8211; h\u00e1ztart\u00e1si hullad\u00e9kb\u00f3l sz\u00e1rmaz\u00f3 vesz\u00e9lyes hullad\u00e9k &#8211; enged\u00e9lyezett \u00e1rtalmatlan\u00edt\u00f3 l\u00e9tes\u00edtm\u00e9nyekbe sz\u00e1ll\u00edtj\u00e1k; &#8211; a lakoss\u00e1g, a k\u00f6zint\u00e9zm\u00e9nyek \u00e9s a gazdas\u00e1gi szerepl\u0151k \u00e1ltal a &#8222;Megyei Kezel\u0151k\u00f6zpont a nem vesz\u00e9lyes hullad\u00e9kok kezel\u00e9s\u00e9re Nagyv\u00e1radon&#8221; \u00e9s a hullad\u00e9klerak\u00f3ba (CMJTD) sz\u00e1ll\u00edtott nagym\u00e9ret\u0171 hullad\u00e9k; &#8211; \u00e9p\u00edt\u00e9si \u00e9s bont\u00e1si hullad\u00e9k &#8211; az \u00e9p\u00edt\u00e9si \u00e9s bont\u00e1si tev\u00e9kenys\u00e9gekb\u0151l sz\u00e1rmaz\u00f3 hullad\u00e9k, amely a hat\u00e1lyos jogszab\u00e1lyok szerint nem min\u0151s\u00fcl vesz\u00e9lyes hullad\u00e9knak, a &#8222;Megyei Kezel\u0151k\u00f6zpont a nem vesz\u00e9lyes hullad\u00e9kok kezel\u00e9s\u00e9re Nagyv\u00e1radon&#8221; \u00e9s a hullad\u00e9klerak\u00f3ba (CMJTD) sz\u00e1ll\u00edtj\u00e1k str. Matthew Corvinus. &#8211; csomagol\u00e1si hullad\u00e9k &#8211; minden olyan csomagol\u00f3- vagy csomagol\u00f3anyag, amely megfelel a hullad\u00e9k fogalommeghat\u00e1roz\u00e1s\u00e1nak, \u00e9s amelyet vagy a sz\u00e1raz frakci\u00f3 r\u00e9szek\u00e9nt, kever\u00e9kben, vagy k\u00fcl\u00f6n-k\u00fcl\u00f6n gy\u0171jtenek az anyagt\u00edpusok szerint, amelyekb\u0151l k\u00e9sz\u00fcltek, a helyi k\u00f6zigazgat\u00e1s \u00e1ltal biztos\u00edtott kont\u00e9nerekben, a nem vesz\u00e9lyes hullad\u00e9kok kezel\u00e9s\u00e9re szolg\u00e1l\u00f3 megyei kezel\u0151k\u00f6zpontba (Nagyv\u00e1rad) \u00e9s a hullad\u00e9klerak\u00f3ba (CMJTD) sz\u00e1ll\u00edtj\u00e1k; a str. Matei Corvin a v\u00e1logat\u00e1s\/\u00e9rt\u00e9kel\u00e9s szempontj\u00e1b\u00f3l; &#8211; elektromos \u00e9s elektronikus berendez\u00e9sek hullad\u00e9kai &#8211; a tov\u00e1bbiakban: elektromos \u00e9s elektronikus berendez\u00e9sek hullad\u00e9ka &#8211; a 211\/2011. sz. t\u00f6rv\u00e9ny \u00e9s a hullad\u00e9kgazd\u00e1lkod\u00e1si rendszerre vonatkoz\u00f3 k\u00e9s\u0151bbi kieg\u00e9sz\u00edt\u00e9sek \u00e9s m\u00f3dos\u00edt\u00e1sok rendelkez\u00e9sei szerint hullad\u00e9knak min\u0151s\u00fcl\u0151 elektromos \u00e9s elektronikus berendez\u00e9sek, bele\u00e9rtve az \u00f6sszes alkatr\u00e9szt, r\u00e9szegys\u00e9get \u00e9s fogy\u00f3eszk\u00f6zt, amelyek a hullad\u00e9kk\u00e1 v\u00e1l\u00e1suk id\u0151pontj\u00e1ban a berendez\u00e9s szerves r\u00e9sz\u00e9t k\u00e9pezik, \u00e9s amelyeket az e ter\u00fcleten enged\u00e9llyel rendelkez\u0151 \u00fczemeltet\u0151 \u00e1ltal kezelt gy\u0171jt\u0151helyre sz\u00e1ll\u00edtanak; &#8211; k\u00f6z\u00fati hullad\u00e9k &#8211; a k\u00f6zutakra jellemz\u0151 hullad\u00e9kok, a lakoss\u00e1g napi tev\u00e9kenys\u00e9g\u00e9b\u0151l, a z\u00f6ldter\u00fcletekr\u0151l, az \u00e1llatokb\u00f3l, a szil\u00e1rd anyagok l\u00e9gk\u00f6rb\u0151l t\u00f6rt\u00e9n\u0151 lerak\u00f3d\u00e1s\u00e1b\u00f3l, a nem vesz\u00e9lyes hullad\u00e9kok kezel\u00e9s\u00e9re szolg\u00e1l\u00f3 Nagyv\u00e1radi Megyei Kezel\u0151k\u00f6zpontba&#8221; \u00e9s a hullad\u00e9klerak\u00f3ba (CMJTD) sz\u00e1ll\u00edtott hullad\u00e9kok a str. Matthew Corvinus. \u00datmutat\u00f3 a t\u00f6rtek gy\u0171jt\u00e9s\u00e9hez \u00e9s le\u00edr\u00e1s\u00e1hoz: https:\/\/rervest.ro\/utile\/ghid-de-colectare\/ Szelekt\u00edv gy\u0171jt\u0151k\u00f6zpontok A h\u00e1ztart\u00e1si \u00e9s hasonl\u00f3 hullad\u00e9kok (vesz\u00e9lyes hullad\u00e9kok, text\u00edli\u00e1k, haszn\u00e1lhatatlan \u00e1ruk, f\u00e9mcsomagol\u00e1s, h\u00e1ztart\u00e1si cikkek, \u00fcveg, elektromos\/elektronikai hullad\u00e9k, m\u0171anyag, pap\u00edr \u00e9s karton, fa, b\u00fator, n\u00f6v\u00e9nyi hullad\u00e9k, \u00e9p\u00edt\u00e9si hullad\u00e9k) gy\u0171jt\u00e9se a k\u00f6vetkez\u0151k \u00e1ltal t\u00f6rt\u00e9nhet meg \u00f6nk\u00e9ntes hozz\u00e1j\u00e1rul\u00e1sa h\u00e1ztart\u00e1si felhaszn\u00e1l\u00f3k a Thurzo \u0218andor utcai \u00e9s az Uzinelor utcai szelekt\u00edv gy\u0171jt\u0151helyekre sz\u00e1ll\u00edtj\u00e1k. Az \u00f6nk\u00e9ntes gy\u0171jt\u0151pontokon a nagyv\u00e1radi lakosokt\u00f3l ingyenesen gy\u0171jtik a hullad\u00e9kot. &#8211; RER szelekt\u00edv gy\u0171jt\u0151hely &#8211; str. Thurz\u00f3 S\u00e1ndor, FN https:\/\/rervest.ro\/service\/punct-de-colectare-deseuri\/ &#8211; RER szelekt\u00edv gy\u0171jt\u0151hely &#8211; str. Uzinelor, FN https:\/\/rervest.ro\/service\/punct-de-colectare-deseuri\/ &#8211; Szelekt\u00edv textilgy\u0171jt\u0151 helyek: A &#8222;visszav\u00e9teli&#8221; programok, amelyek keret\u00e9ben a polg\u00e1rok textilterm\u00e9keket (f\u0151k\u00e9nt ruh\u00e1zati cikkeket, l\u00e1bbeliket \u00e9s egy\u00e9b ruh\u00e1zati cikkeket) visznek vissza, seg\u00edthetnek megv\u00e1ltoztatni az emberek gondolkod\u00e1sm\u00f3dj\u00e1t, \u00e9s a fogyaszt\u00f3kat a k\u00f6rforg\u00e1sos ell\u00e1t\u00e1si l\u00e1nc r\u00e9sztvev\u0151iv\u00e9 tenni. A v\u00e1logat\u00e1si m\u0171velet f\u0151 c\u00e9lja, hogy minden egyes textildarabot apr\u00f3l\u00e9kosan oszt\u00e1lyozzanak, hogy meghat\u00e1rozz\u00e1k az \u00fajrafelhaszn\u00e1l\u00e1suk lehet\u0151 legjobb m\u00f3dj\u00e1t, meghosszabb\u00edtva ezzel az \u00e9letciklusukat \u00e9s elker\u00fclve a hullad\u00e9klerak\u00f3kat. Ebb\u0151l a c\u00e9lb\u00f3l 54 textilkont\u00e9nert helyeztek el Nagyv\u00e1radon, \u00e9s sz\u00e1muk az \u00e9v v\u00e9g\u00e9re 100 textilkont\u00e9nerre n\u0151. &#8211; ezek a helysz\u00ednek az al\u00e1bbi linken tal\u00e1lhat\u00f3k: https:\/\/earth.google.com\/web\/@47.05587319,21.95129055,137.41546337a,11831.48573049d,30y,0h,0t,0r\/data=MikKJwolCiExbkJuMWR3WXA3WEFraGFlbDFCYXFHd25aUGhvYUdoWjQgAQ &#8211; TEXTILKONT\u00c9NER HELYEK: A polg\u00e1roknak_A k\u00f6z\u00f6ss\u00e9gnek_z\u00f6ld Nagyv\u00e1rad_doc download_textilkont\u00e9nerek helye Nagyv\u00e1rad (Oradea) &#8211; A pap\u00edr- \u00e9s kartonhullad\u00e9k gy\u0171jt\u00e9s\u00e9re \u00e9s szelekt\u00edv \u00e1rtalmatlan\u00edt\u00e1s\u00e1ra 95 iglut helyeztek el a nagyv\u00e1radi lak\u00f3h\u00e1zak ter\u00fclet\u00e9n. Ezek begy\u0171jt\u00e9s\u00e9t \u00e9s sz\u00e1ll\u00edt\u00e1s\u00e1t az \u00fczemeltet\u0151 SC RER VEST SA v\u00e9gzi. Oradea v\u00e1ros jelent\u00e9se A Nagyv\u00e1radi V\u00e1rosi Jelent\u00e9s egy ingyenes, egyszer\u0171 \u00e9s intuit\u00edv alkalmaz\u00e1s mobiltelefonra vagy t\u00e1blag\u00e9pre, amely lehet\u0151v\u00e9 teszi a polg\u00e1rk\u00f6zpont\u00fa polg\u00e1rok sz\u00e1m\u00e1ra, hogy k\u00fcl\u00f6nb\u00f6z\u0151 panaszokat \u00e9s incidenseket k\u00fcldjenek a nagyv\u00e1radi v\u00e1rosh\u00e1z\u00e1nak \u00e9s a helyi k\u00f6zszolg\u00e1ltat\u00f3knak (Nagyv\u00e1radi V\u00edzm\u0171, Nagyv\u00e1radi Helyi K\u00f6zleked\u00e9s, Nagyv\u00e1radi F\u0171t\u00e9s, Nagyv\u00e1radi Helyi Rend\u0151rs\u00e9g, RER Ecologic Service).","og_url":"https:\/\/oradea.ro\/hu\/tortek-es-hulladekkozpontok\/","og_site_name":"Oradea.ro","article_modified_time":"2023-10-11T11:33:02+00:00","og_image":[{"width":1920,"height":1000,"url":"https:\/\/oradea.ro\/wp-content\/uploads\/2023\/09\/hero_slide_2.webp","type":"image\/webp"}],"twitter_card":"summary_large_image","twitter_misc":{"Becs\u00fclt olvas\u00e1si id\u0151":"7 perc"},"schema":{"@context":"https:\/\/schema.org","@graph":[{"@type":"WebPage","@id":"https:\/\/oradea.ro\/hu\/tortek-es-hulladekkozpontok\/","url":"https:\/\/oradea.ro\/hu\/tortek-es-hulladekkozpontok\/","name":"T\u00f6rtek \u00e9s hullad\u00e9kk\u00f6zpontok - Oradea.ro","isPartOf":{"@id":"https:\/\/oradea.ro\/#website"},"primaryImageOfPage":{"@id":"https:\/\/oradea.ro\/hu\/tortek-es-hulladekkozpontok\/#primaryimage"},"image":{"@id":"https:\/\/oradea.ro\/hu\/tortek-es-hulladekkozpontok\/#primaryimage"},"thumbnailUrl":"https:\/\/oradea.ro\/wp-content\/uploads\/2023\/09\/hero_slide_2.webp","datePublished":"2023-10-10T07:28:48+00:00","dateModified":"2023-10-11T11:33:02+00:00","breadcrumb":{"@id":"https:\/\/oradea.ro\/hu\/tortek-es-hulladekkozpontok\/#breadcrumb"},"inLanguage":"hu","potentialAction":[{"@type":"ReadAction","target":["https:\/\/oradea.ro\/hu\/tortek-es-hulladekkozpontok\/"]}]},{"@type":"ImageObject","inLanguage":"hu","@id":"https:\/\/oradea.ro\/hu\/tortek-es-hulladekkozpontok\/#primaryimage","url":"https:\/\/oradea.ro\/wp-content\/uploads\/2023\/09\/hero_slide_2.webp","contentUrl":"https:\/\/oradea.ro\/wp-content\/uploads\/2023\/09\/hero_slide_2.webp","width":1920,"height":1000},{"@type":"BreadcrumbList","@id":"https:\/\/oradea.ro\/hu\/tortek-es-hulladekkozpontok\/#breadcrumb","itemListElement":[{"@type":"ListItem","position":1,"name":"","item":"https:\/\/oradea.ro\/hu\/"},{"@type":"ListItem","position":2,"name":"T\u00f6rtek \u00e9s hullad\u00e9kk\u00f6zpontok"}]},{"@type":"WebSite","@id":"https:\/\/oradea.ro\/#website","url":"https:\/\/oradea.ro\/","name":"Oradea.ro","description":"Site-ul oficial al Prim\u0103riei Municipiului Oradea","publisher":{"@id":"https:\/\/oradea.ro\/#organization"},"potentialAction":[{"@type":"SearchAction","target":{"@type":"EntryPoint","urlTemplate":"https:\/\/oradea.ro\/?s={search_term_string}"},"query-input":{"@type":"PropertyValueSpecification","valueRequired":true,"valueName":"search_term_string"}}],"inLanguage":"hu"},{"@type":"Organization","@id":"https:\/\/oradea.ro\/#organization","name":"Oradea.ro","url":"https:\/\/oradea.ro\/","logo":{"@type":"ImageObject","inLanguage":"hu","@id":"https:\/\/oradea.ro\/#\/schema\/logo\/image\/","url":"https:\/\/oradea.ro\/wp-content\/uploads\/2023\/06\/footer_logo.svg","contentUrl":"https:\/\/oradea.ro\/wp-content\/uploads\/2023\/06\/footer_logo.svg","width":218,"height":53,"caption":"Oradea.ro"},"image":{"@id":"https:\/\/oradea.ro\/#\/schema\/logo\/image\/"}}]}},"publishpress_future_action":{"enabled":false,"date":"2026-05-08 02:33:31","action":"change-status","newStatus":"draft","terms":[],"taxonomy":"translation_priority","extraData":[]},"publishpress_future_workflow_manual_trigger":{"enabledWorkflows":[]},"_links":{"self":[{"href":"https:\/\/oradea.ro\/hu\/wp-json\/wp\/v2\/pages\/18435","targetHints":{"allow":["GET"]}}],"collection":[{"href":"https:\/\/oradea.ro\/hu\/wp-json\/wp\/v2\/pages"}],"about":[{"href":"https:\/\/oradea.ro\/hu\/wp-json\/wp\/v2\/types\/page"}],"author":[{"embeddable":true,"href":"https:\/\/oradea.ro\/hu\/wp-json\/wp\/v2\/users\/1"}],"replies":[{"embeddable":true,"href":"https:\/\/oradea.ro\/hu\/wp-json\/wp\/v2\/comments?post=18435"}],"version-history":[{"count":2,"href":"https:\/\/oradea.ro\/hu\/wp-json\/wp\/v2\/pages\/18435\/revisions"}],"predecessor-version":[{"id":18437,"href":"https:\/\/oradea.ro\/hu\/wp-json\/wp\/v2\/pages\/18435\/revisions\/18437"}],"wp:featuredmedia":[{"embeddable":true,"href":"https:\/\/oradea.ro\/hu\/wp-json\/wp\/v2\/media\/17036"}],"wp:attachment":[{"href":"https:\/\/oradea.ro\/hu\/wp-json\/wp\/v2\/media?parent=18435"}],"curies":[{"name":"wp","href":"https:\/\/api.w.org\/{rel}","templated":true}]}}