{"id":190941,"date":"2023-10-24T05:48:32","date_gmt":"2023-10-24T03:48:32","guid":{"rendered":"https:\/\/oradea.ro\/adokedvezmenyek-maganszemelyek-szamara\/"},"modified":"2024-01-24T08:44:35","modified_gmt":"2024-01-24T08:44:35","slug":"adokedvezmenyek-maganszemelyek-szamara","status":"publish","type":"page","link":"https:\/\/oradea.ro\/hu\/adozasi-informaciok\/fiskalis-kedvezmenyek\/adokedvezmenyek-maganszemelyek-szamara\/","title":{"rendered":"Ad\u00f3kedvezm\u00e9nyek mag\u00e1nszem\u00e9lyek sz\u00e1m\u00e1ra"},"content":{"rendered":"<div class=\"min-w-[100vw] h-[350px] md:h-[500px] ml-[calc(50%-50vw)] flex items-end bg-no-repeat bg-white bg-cover bg-center px-5\" style=\"background-image: url(https:\/\/oradea.ro\/wp-content\/uploads\/2023\/09\/hero_slide_2.webp);\">\r\n                    <div class=\"w-full max-w-7xl mx-auto mb-6\">\r\n                        <h1 class=\"my-0 text-white font-extrabold font-open-sans text-3xl md:text-6xl [text-shadow:_0_1px_4px_rgb(0_0_0_\/_50%)]\">Ad\u00f3kedvezm\u00e9nyek mag\u00e1nszem\u00e9lyek sz\u00e1m\u00e1ra<\/h1>\r\n                    <\/div>\r\n                <\/div><div class=\"!px-5\"><div class=\"breadcrumbs w-full max-w-7xl mx-auto grid md:flex flex-wrap items-center py-4 test\"><div><a href=\"https:\/\/oradea.ro\/hu\/\"><span class=\"fas fa-home text-[#ABAEB3]\"><\/span><\/a><span class=\"md:hidden\"><span class=\"fas fa-chevron-down mx-5 text-xs text-[#ABAEB3] hover:text-black\/50 transition-all\"><\/span><\/span><span class=\"hidden md:inline\"><span class=\"fas fa-chevron-right mx-5 text-xs text-[#ABAEB3] hover:text-black\/50 transition-all\"><\/span><\/span><\/div><span class=\"font-poppins font-semibold uppercase text-black\/60\">Ad\u00f3kedvezm\u00e9nyek mag\u00e1nszem\u00e9lyek sz\u00e1m\u00e1ra<\/span><\/div><\/div>\t\t<div data-elementor-type=\"wp-page\" data-elementor-id=\"190941\" class=\"elementor elementor-190941 elementor-20360\" data-elementor-post-type=\"page\">\n\t\t\t\t<div class=\"elementor-element elementor-element-9e6a95a e-flex e-con-boxed wpr-particle-no wpr-jarallax-no wpr-parallax-no wpr-sticky-section-no e-con e-parent\" data-id=\"9e6a95a\" data-element_type=\"container\">\n\t\t\t\t\t<div class=\"e-con-inner\">\n\t\t<div class=\"elementor-element elementor-element-d11e739 e-con-full e-flex wpr-particle-no wpr-jarallax-no wpr-parallax-no wpr-sticky-section-no e-con e-child\" data-id=\"d11e739\" data-element_type=\"container\">\n\t\t\t\t<div class=\"elementor-element elementor-element-646ed59 elementor-widget elementor-widget-text-editor\" data-id=\"646ed59\" data-element_type=\"widget\" data-widget_type=\"text-editor.default\">\n\t\t\t\t<div class=\"elementor-widget-container\">\n\t\t\t\t\t\t\t\t\t<h3><strong>Mentess\u00e9gek mag\u00e1nszem\u00e9lyek sz\u00e1m\u00e1ra<\/strong><\/h3>\n<h5>Az ad\u00f3fizet\u0151k azon kateg\u00f3ri\u00e1ja, akik a t\u00f6rv\u00e9ny erej\u00e9n\u00e9l fogva ad\u00f3mentess\u00e9get kapnak:<\/h5>\n\t\t\t\t\t\t\t\t<\/div>\n\t\t\t\t<\/div>\n\t\t\t\t<\/div>\n\t\t\t\t<div class=\"elementor-element elementor-element-81384c3 elementor-widget__width-initial wpr-advanced-accordion-icon-side-box elementor-widget elementor-widget-wpr-advanced-accordion\" data-id=\"81384c3\" data-element_type=\"widget\" data-settings=\"{&quot;active_item&quot;:0}\" data-widget_type=\"wpr-advanced-accordion.default\">\n\t\t\t\t<div class=\"elementor-widget-container\">\n\t\t\t\t\t\n            <div class=\"wpr-advanced-accordion\" data-accordion-type=\"accordion\" data-active-index=\"0\" data-accordion-trigger=\"click\" data-interaction-speed=\"0.4\">\n\n\t\t\t\n                \n\t\t\t\t\t<div class=\"wpr-accordion-item-wrap\">\n\t\t\t\t\t\t<button class=\"wpr-acc-button\">\n\t\t\t\t\t\t\t<span class=\"wpr-acc-item-title\">\n\t\t\t\t\t\t\t\t\t\t\t\t\t\t\t\t\t<div class=\"wpr-acc-icon-box\">\n\t\t\t\t\t\t\t\t\t\t\t\t\t\t<span class=\"wpr-title-icon\">\n\t\t\t\t\t<i aria-hidden=\"true\" class=\"fas fa-info\"><\/i>\t\t\t\t<\/span>\n\t\t\t\t\t\t\t\t\t\t\t\t<\/div>\n\t\t\t\t\t\t\t\t\n\t\t\t\t\t\t\t\t<span class=\"wpr-acc-title-text\">H\u00e1bor\u00fas veter\u00e1nok<\/span>\n\t\t\t\t\t\t\t<\/span>\n\t\t\t\t\t\t\t\t\t\t\t<span class=\"wpr-toggle-icon wpr-ti-close\"><i aria-hidden=\"true\" class=\"fas fa-plus\"><\/i><\/span>\n\t\t\t\t<span class=\"wpr-toggle-icon wpr-ti-open\"><i aria-hidden=\"true\" class=\"fas fa-minus\"><\/i><\/span>\n\t\t\t\t\t\t\t\t\t<\/button>\n\n\t\t\t\t\t\t<div class=\"wpr-acc-panel\">\n\t\t\t\t\t\t\t\t\t\t\t\t\t\t\t<div class=\"wpr-acc-panel-content\"><p><strong>Ad\u00f3t\u00edpusok, amelyek al\u00f3l mentes\u00fclnek:<\/strong><\/p><ul><li><strong>1.<\/strong> \u00c9p\u00edtm\u00e9nyad\u00f3<\/li><li><strong>2.<\/strong> F\u00f6ldad\u00f3<\/li><li><strong>3.<\/strong> Egys\u00e9ges k\u00f6zleked\u00e9si ad\u00f3<\/li><\/ul><p><br><strong>A mentess\u00e9g a k\u00f6vetkez\u0151kre vonatkozik:<\/strong><\/p><ul><li><strong>1.<\/strong> Tulajdonban vagy t\u00e1rstulajdonban l\u00e9v\u0151 \u00e9p\u00fcletek<\/li><li><strong>2.<\/strong> Tulajdonban vagy t\u00e1rstulajdonban l\u00e9v\u0151 f\u00f6ldter\u00fclet<\/li><li><strong>3.<\/strong> Egy k\u00f6zleked\u00e9si eszk\u00f6z, az ad\u00f3fizet\u0151 v\u00e1laszt\u00e1sa szerint.<\/li><\/ul><\/div>\n\t\t\t\t\t\t\t\t\t\t\t\t\t<\/div>\n                    <\/div>\n\n                \n\t\t\t\t\t<div class=\"wpr-accordion-item-wrap\">\n\t\t\t\t\t\t<button class=\"wpr-acc-button\">\n\t\t\t\t\t\t\t<span class=\"wpr-acc-item-title\">\n\t\t\t\t\t\t\t\t\t\t\t\t\t\t\t\t\t<div class=\"wpr-acc-icon-box\">\n\t\t\t\t\t\t\t\t\t\t\t\t\t\t<span class=\"wpr-title-icon\">\n\t\t\t\t\t<i aria-hidden=\"true\" class=\"fas fa-info\"><\/i>\t\t\t\t<\/span>\n\t\t\t\t\t\t\t\t\t\t\t\t<\/div>\n\t\t\t\t\t\t\t\t\n\t\t\t\t\t\t\t\t<span class=\"wpr-acc-title-text\">H\u00e1bor\u00fas \u00f6zvegyek \u00e9s h\u00e1bor\u00fas veter\u00e1nok \u00f6zvegyei, akik nem h\u00e1zasodtak \u00fajra.<\/span>\n\t\t\t\t\t\t\t<\/span>\n\t\t\t\t\t\t\t\t\t\t\t<span class=\"wpr-toggle-icon wpr-ti-close\"><i aria-hidden=\"true\" class=\"fas fa-plus\"><\/i><\/span>\n\t\t\t\t<span class=\"wpr-toggle-icon wpr-ti-open\"><i aria-hidden=\"true\" class=\"fas fa-minus\"><\/i><\/span>\n\t\t\t\t\t\t\t\t\t<\/button>\n\n\t\t\t\t\t\t<div class=\"wpr-acc-panel\">\n\t\t\t\t\t\t\t\t\t\t\t\t\t\t\t<div class=\"wpr-acc-panel-content\"><p><strong>Ad\u00f3t\u00edpusok, amelyek al\u00f3l mentes\u00fclnek:<\/strong><\/p><ul><li><strong>1.<\/strong> \u00c9p\u00edtm\u00e9nyad\u00f3<\/li><li><strong>2.<\/strong> F\u00f6ldad\u00f3<\/li><li><strong>3.<\/strong> Egys\u00e9ges k\u00f6zleked\u00e9si ad\u00f3<\/li><\/ul><p> <\/p><p><strong>A mentess\u00e9g a k\u00f6vetkez\u0151kre vonatkozik:<\/strong><\/p><ul><li><strong>1.<\/strong> Tulajdonban vagy t\u00e1rstulajdonban l\u00e9v\u0151 \u00e9p\u00fcletek<\/li><li><strong>2.<\/strong> Tulajdonban vagy t\u00e1rstulajdonban l\u00e9v\u0151 f\u00f6ldter\u00fclet<\/li><li><strong>3.<\/strong> Egy k\u00f6zleked\u00e9si eszk\u00f6z, az ad\u00f3fizet\u0151 v\u00e1laszt\u00e1sa szerint.<\/li><\/ul><\/div>\n\t\t\t\t\t\t\t\t\t\t\t\t\t<\/div>\n                    <\/div>\n\n                \n\t\t\t\t\t<div class=\"wpr-accordion-item-wrap\">\n\t\t\t\t\t\t<button class=\"wpr-acc-button\">\n\t\t\t\t\t\t\t<span class=\"wpr-acc-item-title\">\n\t\t\t\t\t\t\t\t\t\t\t\t\t\t\t\t\t<div class=\"wpr-acc-icon-box\">\n\t\t\t\t\t\t\t\t\t\t\t\t\t\t<span class=\"wpr-title-icon\">\n\t\t\t\t\t<i aria-hidden=\"true\" class=\"fas fa-info\"><\/i>\t\t\t\t<\/span>\n\t\t\t\t\t\t\t\t\t\t\t\t<\/div>\n\t\t\t\t\t\t\t\t\n\t\t\t\t\t\t\t\t<span class=\"wpr-acc-title-text\">Az 1945. m\u00e1rcius 6. \u00f3ta fenn\u00e1ll\u00f3 diktat\u00fara \u00e1ltal politikai okokb\u00f3l \u00fcld\u00f6z\u00f6tt szem\u00e9lyek, valamint a k\u00fclf\u00f6ldre deport\u00e1lt vagy fogs\u00e1gba esett szem\u00e9lyek sz\u00e1m\u00e1ra bizonyos jogok biztos\u00edt\u00e1s\u00e1r\u00f3l sz\u00f3l\u00f3 118\/1990. sz. t\u00f6rv\u00e9nyerej\u0171 rendelet 1. cikk\u00e9ben eml\u00edtett szem\u00e9lyek.<\/span>\n\t\t\t\t\t\t\t<\/span>\n\t\t\t\t\t\t\t\t\t\t\t<span class=\"wpr-toggle-icon wpr-ti-close\"><i aria-hidden=\"true\" class=\"fas fa-plus\"><\/i><\/span>\n\t\t\t\t<span class=\"wpr-toggle-icon wpr-ti-open\"><i aria-hidden=\"true\" class=\"fas fa-minus\"><\/i><\/span>\n\t\t\t\t\t\t\t\t\t<\/button>\n\n\t\t\t\t\t\t<div class=\"wpr-acc-panel\">\n\t\t\t\t\t\t\t\t\t\t\t\t\t\t\t<div class=\"wpr-acc-panel-content\"><p><strong>Ad\u00f3t\u00edpusok, amelyek al\u00f3l mentes\u00fclnek:<\/strong><\/p><ul><li><strong>1.<\/strong> \u00c9p\u00edtm\u00e9nyad\u00f3<\/li><li><strong>2.<\/strong> F\u00f6ldad\u00f3<\/li><li><strong>3.<\/strong> Egys\u00e9ges k\u00f6zleked\u00e9si ad\u00f3<\/li><\/ul><p> <\/p><p><strong>A mentess\u00e9g a k\u00f6vetkez\u0151kre vonatkozik:<\/strong><\/p><ul><li><strong>1.<\/strong> Tulajdonban vagy t\u00e1rstulajdonban l\u00e9v\u0151 \u00e9p\u00fcletek<\/li><li><strong>2.<\/strong> Tulajdonban vagy t\u00e1rstulajdonban l\u00e9v\u0151 f\u00f6ldter\u00fclet<\/li><li><strong>3.<\/strong> Egy k\u00f6zleked\u00e9si eszk\u00f6z, az ad\u00f3fizet\u0151 v\u00e1laszt\u00e1sa szerint.<\/li><\/ul><\/div>\n\t\t\t\t\t\t\t\t\t\t\t\t\t<\/div>\n                    <\/div>\n\n                \n\t\t\t\t\t<div class=\"wpr-accordion-item-wrap\">\n\t\t\t\t\t\t<button class=\"wpr-acc-button\">\n\t\t\t\t\t\t\t<span class=\"wpr-acc-item-title\">\n\t\t\t\t\t\t\t\t\t\t\t\t\t\t\t\t\t<div class=\"wpr-acc-icon-box\">\n\t\t\t\t\t\t\t\t\t\t\t\t\t\t<span class=\"wpr-title-icon\">\n\t\t\t\t\t<i aria-hidden=\"true\" class=\"fas fa-info\"><\/i>\t\t\t\t<\/span>\n\t\t\t\t\t\t\t\t\t\t\t\t<\/div>\n\t\t\t\t\t\t\t\t\n\t\t\t\t\t\t\t\t<span class=\"wpr-acc-title-text\">A 3. cikk (1) bekezd\u00e9s\u00e9nek lit. b) \u00e9s az 1989. decemberi rom\u00e1niai forradalom gy\u0151zelm\u00e9hez hozz\u00e1j\u00e1rul\u00f3 h\u0151s\u00f6k - m\u00e1rt\u00edrok \u00e9s harcosok elismer\u00e9s\u00e9r\u0151l sz\u00f3l\u00f3 341\/2004. sz. t\u00f6rv\u00e9ny 4. cikk\u00e9nek (1) bekezd\u00e9se.<\/span>\n\t\t\t\t\t\t\t<\/span>\n\t\t\t\t\t\t\t\t\t\t\t<span class=\"wpr-toggle-icon wpr-ti-close\"><i aria-hidden=\"true\" class=\"fas fa-plus\"><\/i><\/span>\n\t\t\t\t<span class=\"wpr-toggle-icon wpr-ti-open\"><i aria-hidden=\"true\" class=\"fas fa-minus\"><\/i><\/span>\n\t\t\t\t\t\t\t\t\t<\/button>\n\n\t\t\t\t\t\t<div class=\"wpr-acc-panel\">\n\t\t\t\t\t\t\t\t\t\t\t\t\t\t\t<div class=\"wpr-acc-panel-content\"><p><strong>Ad\u00f3t\u00edpusok, amelyek al\u00f3l mentes\u00fclnek:<\/strong><\/p><ul><li><strong>1.<\/strong> \u00c9p\u00edtm\u00e9nyad\u00f3<\/li><li><strong>2.<\/strong> F\u00f6ldad\u00f3<\/li><li><strong>3.<\/strong> Egys\u00e9ges k\u00f6zleked\u00e9si ad\u00f3<\/li><\/ul><p> <\/p><p><strong>A mentess\u00e9g a k\u00f6vetkez\u0151kre vonatkozik:<\/strong><\/p><ul><li><strong>1.<\/strong> Tulajdonban vagy t\u00e1rstulajdonban l\u00e9v\u0151 \u00e9p\u00fcletek<\/li><li><strong>2.<\/strong> Tulajdonban vagy t\u00e1rstulajdonban l\u00e9v\u0151 f\u00f6ldter\u00fclet<\/li><li><strong>3.<\/strong> Egy k\u00f6zleked\u00e9si eszk\u00f6z, az ad\u00f3fizet\u0151 v\u00e1laszt\u00e1sa szerint.<\/li><\/ul><\/div>\n\t\t\t\t\t\t\t\t\t\t\t\t\t<\/div>\n                    <\/div>\n\n                \n\t\t\t\t\t<div class=\"wpr-accordion-item-wrap\">\n\t\t\t\t\t\t<button class=\"wpr-acc-button\">\n\t\t\t\t\t\t\t<span class=\"wpr-acc-item-title\">\n\t\t\t\t\t\t\t\t\t\t\t\t\t\t\t\t\t<div class=\"wpr-acc-icon-box\">\n\t\t\t\t\t\t\t\t\t\t\t\t\t\t<span class=\"wpr-title-icon\">\n\t\t\t\t\t<i aria-hidden=\"true\" class=\"fas fa-info\"><\/i>\t\t\t\t<\/span>\n\t\t\t\t\t\t\t\t\t\t\t\t<\/div>\n\t\t\t\t\t\t\t\t\n\t\t\t\t\t\t\t\t<span class=\"wpr-acc-title-text\">A 2. cikk lit. a), c)-e) a katonai akci\u00f3kban r\u00e9szt vev\u0151 katon\u00e1k \u00e9rdemeinek elismer\u00e9s\u00e9r\u0151l \u00e9s bizonyos jogok biztos\u00edt\u00e1s\u00e1r\u00f3l sz\u00e1mukra \u00e9s az elhunytak lesz\u00e1rmazottai sz\u00e1m\u00e1ra t\u00f6rt\u00e9n\u0151 megad\u00e1s\u00e1r\u00f3l sz\u00f3l\u00f3 82\/2006. sz\u00e1m\u00fa s\u00fcrg\u0151ss\u00e9gi korm\u00e1nyrendelet a), c)-e) pontjai<\/span>\n\t\t\t\t\t\t\t<\/span>\n\t\t\t\t\t\t\t\t\t\t\t<span class=\"wpr-toggle-icon wpr-ti-close\"><i aria-hidden=\"true\" class=\"fas fa-plus\"><\/i><\/span>\n\t\t\t\t<span class=\"wpr-toggle-icon wpr-ti-open\"><i aria-hidden=\"true\" class=\"fas fa-minus\"><\/i><\/span>\n\t\t\t\t\t\t\t\t\t<\/button>\n\n\t\t\t\t\t\t<div class=\"wpr-acc-panel\">\n\t\t\t\t\t\t\t\t\t\t\t\t\t\t\t<div class=\"wpr-acc-panel-content\"><p><strong>Ad\u00f3t\u00edpusok, amelyek al\u00f3l mentes\u00fclnek:<\/strong><\/p><ul><li><strong>1.<\/strong> \u00c9p\u00edtm\u00e9nyad\u00f3<\/li><li><strong>2.<\/strong> F\u00f6ldad\u00f3<\/li><\/ul><p><br><strong>A mentess\u00e9g a k\u00f6vetkez\u0151kre vonatkozik:<\/strong><\/p><ul><li><strong>1.<\/strong> Tulajdonban vagy t\u00e1rstulajdonban l\u00e9v\u0151 \u00e9p\u00fcletek<\/li><li><strong>2.<\/strong> Tulajdonban vagy t\u00e1rstulajdonban l\u00e9v\u0151 f\u00f6ldter\u00fclet<\/li><\/ul><\/div>\n\t\t\t\t\t\t\t\t\t\t\t\t\t<\/div>\n                    <\/div>\n\n                \n\t\t\t\t\t<div class=\"wpr-accordion-item-wrap\">\n\t\t\t\t\t\t<button class=\"wpr-acc-button\">\n\t\t\t\t\t\t\t<span class=\"wpr-acc-item-title\">\n\t\t\t\t\t\t\t\t\t\t\t\t\t\t\t\t\t<div class=\"wpr-acc-icon-box\">\n\t\t\t\t\t\t\t\t\t\t\t\t\t\t<span class=\"wpr-title-icon\">\n\t\t\t\t\t<i aria-hidden=\"true\" class=\"fas fa-info\"><\/i>\t\t\t\t<\/span>\n\t\t\t\t\t\t\t\t\t\t\t\t<\/div>\n\t\t\t\t\t\t\t\t\n\t\t\t\t\t\t\t\t<span class=\"wpr-acc-title-text\">S\u00falyos vagy s\u00falyos fogyat\u00e9koss\u00e1ggal \u00e9l\u0151 vagy els\u0151 fokon fogyat\u00e9kos szem\u00e9lyek t\u00f6rv\u00e9nyes k\u00e9pvisel\u0151i, illetve a s\u00falyos vagy s\u00falyos fogyat\u00e9koss\u00e1ggal \u00e9l\u0151 kiskor\u00faak \u00e9s az els\u0151 fokon fogyat\u00e9kos kiskor\u00faak t\u00f6rv\u00e9nyes k\u00e9pvisel\u0151i.<\/span>\n\t\t\t\t\t\t\t<\/span>\n\t\t\t\t\t\t\t\t\t\t\t<span class=\"wpr-toggle-icon wpr-ti-close\"><i aria-hidden=\"true\" class=\"fas fa-plus\"><\/i><\/span>\n\t\t\t\t<span class=\"wpr-toggle-icon wpr-ti-open\"><i aria-hidden=\"true\" class=\"fas fa-minus\"><\/i><\/span>\n\t\t\t\t\t\t\t\t\t<\/button>\n\n\t\t\t\t\t\t<div class=\"wpr-acc-panel\">\n\t\t\t\t\t\t\t\t\t\t\t\t\t\t\t<div class=\"wpr-acc-panel-content\"><p><strong>Ad\u00f3t\u00edpusok, amelyek al\u00f3l mentes\u00fclnek:<\/strong><\/p><ul><li><strong>1.<\/strong> \u00c9p\u00edtm\u00e9nyad\u00f3<\/li><li><strong>2.<\/strong> F\u00f6ldad\u00f3<\/li><li><strong>3.<\/strong> Egys\u00e9ges k\u00f6zleked\u00e9si ad\u00f3<\/li><\/ul><p><br><strong>A mentess\u00e9g a k\u00f6vetkez\u0151kre vonatkozik:<\/strong><\/p><ul><li><strong>1. Az \u00e9p\u00edtm\u00e9nyad\u00f3\/f\u00f6ldad\u00f3 al\u00f3li mentess\u00e9g<\/strong> csak az al\u00e1bbiak lakc\u00edm\u00e9n tal\u00e1lhat\u00f3 ingatlanra vonatkozik<br>s\u00falyosan vagy s\u00falyosan fogyat\u00e9kos szem\u00e9lyek \u00e9s szem\u00e9lyek tulajdon\u00e1ban vagy t\u00e1rstulajdon\u00e1ban \u00e1llnak<br>I. fok\u00fa fogyat\u00e9koss\u00e1ggal \u00e9l\u0151 szem\u00e9lyek vagy fogyat\u00e9kos kiskor\u00faak t\u00f6rv\u00e9nyes k\u00e9pvisel\u0151i<br>s\u00falyos vagy s\u00falyosan fogyat\u00e9kos, valamint az I. fokozat\u00fa fogyat\u00e9kosnak min\u0151s\u00edtett kiskor\u00faak;<\/li><li><strong>2. Ad\u00f3mentess\u00e9g az ad\u00f3fizet\u00e9s al\u00f3l a k\u00f6vetkez\u0151 k\u00f6zleked\u00e9si eszk\u00f6z\u00f6k ut\u00e1n<\/strong> <br>a s\u00falyos vagy s\u00falyosan fogyat\u00e9kos szem\u00e9lyek t\u00e1rstulajdona, valamint a szem\u00e9lyek sz\u00e1ll\u00edt\u00e1s\u00e1ra szolg\u00e1l\u00f3 j\u00e1rm\u0171vek<br>fogyat\u00e9koss\u00e1ggal vagy rokkants\u00e1ggal, a t\u00f6rv\u00e9nyes k\u00e9pvisel\u0151k tulajdon\u00e1ban vagy t\u00e1rstulajdon\u00e1ban l\u00e9v\u0151<br>a s\u00falyos vagy s\u00falyos fogyat\u00e9koss\u00e1ggal \u00e9l\u0151 kiskor\u00faak \u00e9s az I. fogyat\u00e9koss\u00e1gi fokozatba sorolt kiskor\u00faak, a k\u00f6vetkez\u0151 esetekben<br>egyetlen k\u00f6zleked\u00e9si eszk\u00f6zzel, az ad\u00f3fizet\u0151 v\u00e1laszt\u00e1sa szerint;<\/li><\/ul><\/div>\n\t\t\t\t\t\t\t\t\t\t\t\t\t<\/div>\n                    <\/div>\n\n                \n\t\t\t\t\t<div class=\"wpr-accordion-item-wrap\">\n\t\t\t\t\t\t<button class=\"wpr-acc-button\">\n\t\t\t\t\t\t\t<span class=\"wpr-acc-item-title\">\n\t\t\t\t\t\t\t\t\t\t\t\t\t\t\t\t\t<div class=\"wpr-acc-icon-box\">\n\t\t\t\t\t\t\t\t\t\t\t\t\t\t<span class=\"wpr-title-icon\">\n\t\t\t\t\t<i aria-hidden=\"true\" class=\"fas fa-info\"><\/i>\t\t\t\t<\/span>\n\t\t\t\t\t\t\t\t\t\t\t\t<\/div>\n\t\t\t\t\t\t\t\t\n\t\t\t\t\t\t\t\t<span class=\"wpr-acc-title-text\">Azok a mag\u00e1nszem\u00e9lyek, akik a tulajdonukban l\u00e9v\u0151 lak\u00f3\u00e9p\u00fcleteket fel\u00faj\u00edtj\u00e1k vagy h\u0151technikailag korszer\u0171s\u00edtik a 325\/2002. sz. t\u00f6rv\u00e9nnyel m\u00f3dos\u00edtott 29\/2000. sz. korm\u00e1nyrendelet \u00e9rtelm\u00e9ben.<\/span>\n\t\t\t\t\t\t\t<\/span>\n\t\t\t\t\t\t\t\t\t\t\t<span class=\"wpr-toggle-icon wpr-ti-close\"><i aria-hidden=\"true\" class=\"fas fa-plus\"><\/i><\/span>\n\t\t\t\t<span class=\"wpr-toggle-icon wpr-ti-open\"><i aria-hidden=\"true\" class=\"fas fa-minus\"><\/i><\/span>\n\t\t\t\t\t\t\t\t\t<\/button>\n\n\t\t\t\t\t\t<div class=\"wpr-acc-panel\">\n\t\t\t\t\t\t\t\t\t\t\t\t\t\t\t<div class=\"wpr-acc-panel-content\"><p><strong>Ad\u00f3t\u00edpusok, amelyek al\u00f3l mentes\u00fclnek:<\/strong><br>\u00c9p\u00edtm\u00e9nyad\u00f3 a termikus fel\u00faj\u00edt\u00e1sra felvett hitel visszafizet\u00e9si ideje alatt.<\/p><\/div>\n\t\t\t\t\t\t\t\t\t\t\t\t\t<\/div>\n                    <\/div>\n\n                \n\t\t\t\t\t<div class=\"wpr-accordion-item-wrap\">\n\t\t\t\t\t\t<button class=\"wpr-acc-button\">\n\t\t\t\t\t\t\t<span class=\"wpr-acc-item-title\">\n\t\t\t\t\t\t\t\t\t\t\t\t\t\t\t\t\t<div class=\"wpr-acc-icon-box\">\n\t\t\t\t\t\t\t\t\t\t\t\t\t\t<span class=\"wpr-title-icon\">\n\t\t\t\t\t<i aria-hidden=\"true\" class=\"fas fa-info\"><\/i>\t\t\t\t<\/span>\n\t\t\t\t\t\t\t\t\t\t\t\t<\/div>\n\t\t\t\t\t\t\t\t\n\t\t\t\t\t\t\t\t<span class=\"wpr-acc-title-text\">Olyan \u00e9p\u00fcletek, amelyekben a tulajdonosok saj\u00e1t k\u00f6lts\u00e9g\u00fck\u00f6n beavatkoz\u00e1si munk\u00e1latokat v\u00e9geztek az energiateljes\u00edtm\u00e9ny n\u00f6vel\u00e9se \u00e9rdek\u00e9ben...<\/span>\n\t\t\t\t\t\t\t<\/span>\n\t\t\t\t\t\t\t\t\t\t\t<span class=\"wpr-toggle-icon wpr-ti-close\"><i aria-hidden=\"true\" class=\"fas fa-plus\"><\/i><\/span>\n\t\t\t\t<span class=\"wpr-toggle-icon wpr-ti-open\"><i aria-hidden=\"true\" class=\"fas fa-minus\"><\/i><\/span>\n\t\t\t\t\t\t\t\t\t<\/button>\n\n\t\t\t\t\t\t<div class=\"wpr-acc-panel\">\n\t\t\t\t\t\t\t\t\t\t\t\t\t\t\t<div class=\"wpr-acc-panel-content\"><p><strong>Olyan \u00e9p\u00fcletek, ahol a tulajdonosok saj\u00e1t k\u00f6lts\u00e9g\u00fck\u00f6n intervenci\u00f3s munk\u00e1latokat v\u00e9geztek a k\u00f6vetkez\u0151k \u00e9rdek\u00e9ben<\/strong><br><strong>az energiateljes\u00edtm\u00e9ny n\u00f6veked\u00e9se, a befejez\u00e9skor k\u00e9sz\u00fclt \u00e1tv\u00e9teli jelent\u00e9s alapj\u00e1n,<\/strong><br><strong>a jogszab\u00e1lyoknak megfelel\u0151en elk\u00e9sz\u00edtett, a javasolt beavatkoz\u00e1si int\u00e9zked\u00e9sek v\u00e9grehajt\u00e1s\u00e1nak meg\u00e1llap\u00edt\u00e1s\u00e1t tartalmaz\u00f3 dokumentumot<\/strong><br><strong>az energetikai auditor \u00e1ltal az energiateljes\u00edtm\u00e9nyre vonatkoz\u00f3 tan\u00fas\u00edtv\u00e1nyban vagy adott esetben a<\/strong><br><strong>energiaaudit, a 18\/2009. sz. s\u00fcrg\u0151ss\u00e9gi korm\u00e1nyrendeletben el\u0151\u00edrtak szerint.<\/strong><br><strong>a lak\u00f3\u00e9p\u00fcletek energiateljes\u00edtm\u00e9ny\u00e9nek n\u00f6vel\u00e9se, m\u00f3dos\u00edt\u00e1sokkal \u00e9s kieg\u00e9sz\u00edt\u00e9sekkel j\u00f3v\u00e1hagyva<\/strong><br><strong>a m\u00f3dos\u00edtott \u00e9s kieg\u00e9sz\u00edtett 158\/2011. sz. t\u00f6rv\u00e9nnyel;<\/strong><\/p><p> <\/p><p><strong>Ad\u00f3t\u00edpusok, amelyek al\u00f3l mentes\u00fclnek:<\/strong><br>\u00c9p\u00edtm\u00e9nyad\u00f3 a megszerz\u00e9st\u0151l sz\u00e1m\u00edtott 5 \u00e9vig<\/p><p> <\/p><p><strong>A mentess\u00e9get akkor adj\u00e1k meg, ha a felt\u00e9telek teljes\u00fclnek:<\/strong><br>A 18\/2009. sz. s\u00fcrg\u0151ss\u00e9gi korm\u00e1nyrendeletben el\u0151\u00edrt intervenci\u00f3s munk\u00e1latok elv\u00e9gz\u00e9se.<br>a lak\u00f3\u00e9p\u00fcletek energiateljes\u00edtm\u00e9ny\u00e9nek jav\u00edt\u00e1s\u00e1r\u00f3l, friss\u00edtve<br>az \u00e9p\u00fcleteken v\u00e9gzett beavatkoz\u00e1si munk\u00e1kat az energetikai auditornak kell javasolnia.<br>az energiateljes\u00edtm\u00e9nyre vonatkoz\u00f3 tan\u00fas\u00edtv\u00e1nyban vagy adott esetben az energiaauditr\u00f3l sz\u00f3l\u00f3 jelent\u00e9sben; - a k\u00f6vetkez\u0151kt\u0151l<br>a munka befejez\u00e9s\u00e9r\u0151l sz\u00f3l\u00f3 \u00e1tv\u00e9teli jegyz\u0151k\u00f6nyvnek igazolnia kell, hogy a munk\u00e1t elv\u00e9gezt\u00e9k.<br>az energetikai auditor \u00e1ltal javasoltak; - az energetikai auditor k\u00f6lts\u00e9g\u00e9n beavatkoz\u00e1si munk\u00e1t v\u00e9geztek.<br>saj\u00e1t;<\/p><\/div>\n\t\t\t\t\t\t\t\t\t\t\t\t\t<\/div>\n                    <\/div>\n\n                \n\t\t\t\t\t<div class=\"wpr-accordion-item-wrap\">\n\t\t\t\t\t\t<button class=\"wpr-acc-button\">\n\t\t\t\t\t\t\t<span class=\"wpr-acc-item-title\">\n\t\t\t\t\t\t\t\t\t\t\t\t\t\t\t\t\t<div class=\"wpr-acc-icon-box\">\n\t\t\t\t\t\t\t\t\t\t\t\t\t\t<span class=\"wpr-title-icon\">\n\t\t\t\t\t<i aria-hidden=\"true\" class=\"fas fa-info\"><\/i>\t\t\t\t<\/span>\n\t\t\t\t\t\t\t\t\t\t\t\t<\/div>\n\t\t\t\t\t\t\t\t\n\t\t\t\t\t\t\t\t<span class=\"wpr-acc-title-text\">Az ad\u00f3elj\u00e1r\u00e1si t\u00f6rv\u00e9nyk\u00f6nyvr\u0151l sz\u00f3l\u00f3 207\/2015 t\u00f6rv\u00e9ny 185. cikk\u00e9ben el\u0151\u00edrt, a fenn\u00e1ll\u00f3 k\u00f6lts\u00e9gvet\u00e9si k\u00f6telezetts\u00e9gek megfizet\u00e9se al\u00f3li mentess\u00e9g:<\/span>\n\t\t\t\t\t\t\t<\/span>\n\t\t\t\t\t\t\t\t\t\t\t<span class=\"wpr-toggle-icon wpr-ti-close\"><i aria-hidden=\"true\" class=\"fas fa-plus\"><\/i><\/span>\n\t\t\t\t<span class=\"wpr-toggle-icon wpr-ti-open\"><i aria-hidden=\"true\" class=\"fas fa-minus\"><\/i><\/span>\n\t\t\t\t\t\t\t\t\t<\/button>\n\n\t\t\t\t\t\t<div class=\"wpr-acc-panel\">\n\t\t\t\t\t\t\t\t\t\t\t\t\t\t\t<div class=\"wpr-acc-panel-content\"><p><em><strong>a.<\/strong><\/em>  Kiskor\u00fa gyermekek, ingatlanok \u00f6r\u00f6k\u00f6sei, gy\u00e1ms\u00e1g, nevel\u0151sz\u00fcl\u0151i fel\u00fcgyelet, gondnoks\u00e1g alatt;<\/p><p><em><strong>b.<\/strong><\/em>  Azok a szem\u00e9lyek, akik egy \u00e9ven bel\u00fcl csak munkan\u00e9lk\u00fcli seg\u00e9lyben, szoci\u00e1lis seg\u00e9lyben r\u00e9szes\u00fclnek,<br>t\u00e1mogat\u00e1si juttat\u00e1s;<br><em><strong>c.<\/strong><\/em>  Egyed\u00fcl\u00e1ll\u00f3, beteg vagy alacsony j\u00f6vedelm\u0171 csal\u00e1dokhoz tartoz\u00f3 id\u0151sek a k\u00f6vetkez\u0151kt\u0151l<br>munkan\u00e9lk\u00fcli seg\u00e9ly, szoci\u00e1lis seg\u00e9ly, seg\u00e9lyt\u00e1mogat\u00e1s;<br><em><strong>d.<\/strong><\/em>  Egy\u00e9b szoci\u00e1lis esetek;<\/p><p> <\/p><p><strong>Ad\u00f3t\u00edpusok, amelyek al\u00f3l mentes\u00fclnek:<\/strong><\/p><ul><li><strong>1.<\/strong> \u00c9p\u00edtm\u00e9nyad\u00f3<\/li><li><strong>2.<\/strong> F\u00f6ldad\u00f3<\/li><\/ul><p> <\/p><p><strong>A k\u00e9relmez\u0151nek a k\u00f6vetkez\u0151 krit\u00e9riumoknak kell megfelelnie:<\/strong><br>- nem birtokolhat egyn\u00e9l t\u00f6bb ingatlant;<br>- nem rendelkezik saj\u00e1t k\u00f6zleked\u00e9si eszk\u00f6zzel<br>- a csal\u00e1donk\u00e9nti havi \u00f6sszj\u00f6vedelem (a k\u00e9relmez\u0151vel egy h\u00e1ztart\u00e1sban \u00e9l\u0151 csal\u00e1dtagok eset\u00e9ben) a k\u00f6vetkez\u0151<br>alacsonyabb, mint a 2018-ban hat\u00e1lyos orsz\u00e1gonk\u00e9nti garant\u00e1lt brutt\u00f3 minim\u00e1lb\u00e9r;<br>- a k\u00e9relmez\u0151 \u00e9s az ugyanazon a c\u00edmen \u00e9l\u0151 m\u00e1s csal\u00e1dtagok nem rendelkeznek m\u00e1s ingatlannal<br>m\u00e1s ingatlan, mint amelyre a mentess\u00e9get ig\u00e9nylik;<br>- a k\u00e9relmez\u0151 a helyi k\u00f6lts\u00e9gvet\u00e9ssel szemben fenn\u00e1ll\u00f3 \u00f6sszes f\u0151ad\u00f3fizet\u00e9si k\u00f6telezetts\u00e9get megfizette, cs\u00f6kkentve a k\u00f6vetkez\u0151kkel<br>a j\u00e1rul\u00e9kos ad\u00f3k\u00f6telezetts\u00e9gek, amelyekre mentess\u00e9get ig\u00e9nyelnek;<br>- a lak\u00e1s hasznos alapter\u00fclete, amelyre az ad\u00f3mentess\u00e9get ig\u00e9nylik, a k\u00f6vetkez\u0151 lak\u00e1sok sz\u00e1m\u00e1t\u00f3l f\u00fcgg\u0151en<br>az ezen a c\u00edmen lak\u00f3 szem\u00e9lyek sz\u00e1ma nem haladhatja meg az al\u00e1bbi t\u00e1bl\u00e1zatban felt\u00fcntetett ter\u00fcletet<br>B.*T* a 114\/1996. sz. lak\u00e1s\u00fcgyi t\u00f6rv\u00e9ny (friss\u00edtve).<\/p><p> <\/p><table style=\"height: 503px;\" border=\"0\" width=\"464\" cellspacing=\"0\" cellpadding=\"7\"><colgroup> <col width=\"200\"> <col width=\"375\"> <\/colgroup><tbody><tr valign=\"top\"><td width=\"39\"><p align=\"justify\" data-raofz=\"13\"><strong>CSAL\u00c1DI<\/strong><\/p><\/td><td width=\"375\"><p align=\"justify\" data-raofz=\"13\"><strong>HASZNOS ALAPTER\u00dcLET<\/strong><\/p><\/td><\/tr><tr><td valign=\"top\" width=\"39\"><p data-raofz=\"13\">1 szem\u00e9ly<\/p><\/td><td width=\"375\"><p data-raofz=\"13\">37 MP<\/p><\/td><\/tr><tr><td valign=\"top\" width=\"39\"><p data-raofz=\"13\">2 szem\u00e9ly<\/p><\/td><td width=\"375\"><p data-raofz=\"13\">52 MP<\/p><\/td><\/tr><tr><td valign=\"top\" width=\"39\"><p data-raofz=\"13\">3 szem\u00e9ly<\/p><\/td><td width=\"375\"><p data-raofz=\"13\">66 MP<\/p><\/td><\/tr><tr><td valign=\"top\" width=\"39\"><p data-raofz=\"13\">4 ember<\/p><\/td><td width=\"375\"><p data-raofz=\"13\">74 MP<\/p><\/td><\/tr><tr><td valign=\"top\" width=\"39\"><p data-raofz=\"13\">5 f\u0151<\/p><\/td><td width=\"375\"><p data-raofz=\"13\">87 MP<\/p><\/td><\/tr><tr><td valign=\"top\" width=\"39\"><p data-raofz=\"13\">6 ember<\/p><\/td><td width=\"375\"><p data-raofz=\"13\">93 MP<\/p><\/td><\/tr><tr><td valign=\"top\" width=\"39\"><p data-raofz=\"13\">7 ember<\/p><\/td><td width=\"375\"><p data-raofz=\"13\">107 MP<\/p><\/td><\/tr><tr><td valign=\"top\" width=\"39\"><p data-raofz=\"13\">8 ember<\/p><\/td><td width=\"375\"><p data-raofz=\"13\">110 MP<\/p><\/td><\/tr><\/tbody><\/table><\/div>\n\t\t\t\t\t\t\t\t\t\t\t\t\t<\/div>\n                    <\/div>\n\n                \n\t\t\t\t\t<div class=\"wpr-accordion-item-wrap\">\n\t\t\t\t\t\t<button class=\"wpr-acc-button\">\n\t\t\t\t\t\t\t<span class=\"wpr-acc-item-title\">\n\t\t\t\t\t\t\t\t\t\t\t\t\t\t\t\t\t<div class=\"wpr-acc-icon-box\">\n\t\t\t\t\t\t\t\t\t\t\t\t\t\t<span class=\"wpr-title-icon\">\n\t\t\t\t\t<i aria-hidden=\"true\" class=\"fas fa-info\"><\/i>\t\t\t\t<\/span>\n\t\t\t\t\t\t\t\t\t\t\t\t<\/div>\n\t\t\t\t\t\t\t\t\n\t\t\t\t\t\t\t\t<span class=\"wpr-acc-title-text\">A term\u00e9szeti katasztr\u00f3f\u00e1k (f\u00f6ldreng\u00e9s, \u00e1rv\u00edz vagy term\u00e9szeti jelens\u00e9gek okozta t\u0171zv\u00e9sz, f\u00f6ldcsuszaml\u00e1s vagy f\u00f6ldcsuszaml\u00e1s stb.) \u00e1ltal \u00e9rintett \u00e9p\u00fcletek \u00e9s f\u00f6ldter\u00fcletek eset\u00e9ben.<\/span>\n\t\t\t\t\t\t\t<\/span>\n\t\t\t\t\t\t\t\t\t\t\t<span class=\"wpr-toggle-icon wpr-ti-close\"><i aria-hidden=\"true\" class=\"fas fa-plus\"><\/i><\/span>\n\t\t\t\t<span class=\"wpr-toggle-icon wpr-ti-open\"><i aria-hidden=\"true\" class=\"fas fa-minus\"><\/i><\/span>\n\t\t\t\t\t\t\t\t\t<\/button>\n\n\t\t\t\t\t\t<div class=\"wpr-acc-panel\">\n\t\t\t\t\t\t\t\t\t\t\t\t\t\t\t<div class=\"wpr-acc-panel-content\"><p><strong>Az ad\u00f3t\u00edpusok, amelyek al\u00f3l legfeljebb 5 \u00e9vig mentes\u00fclnek:<\/strong><\/p><ul><li><strong>1.<\/strong> \u00c9p\u00edtm\u00e9nyad\u00f3<\/li><li><strong>2.<\/strong> F\u00f6ldad\u00f3<\/li><\/ul><p><strong>A mentess\u00e9g akkor adhat\u00f3 meg, ha:<\/strong><br>A term\u00e9szeti katasztr\u00f3f\u00e1k hat\u00e1saival kapcsolatos lakoss\u00e1gi panaszokat \u00edr\u00e1sban vagy<br>telefonon a Nagyv\u00e1radi V\u00e1rosh\u00e1za r\u00e9sz\u00e9re, az esem\u00e9ny bek\u00f6vetkez\u00e9s\u00e9t\u0151l sz\u00e1m\u00edtott legfeljebb 72 \u00f3r\u00e1n bel\u00fcl.<br>szerencs\u00e9tlens\u00e9g.<\/p><p>Ad\u00f3kedvezm\u00e9nyt ny\u00fajtanak az \u00e9p\u00edtm\u00e9nyad\u00f3 al\u00f3li mentess\u00e9g form\u00e1j\u00e1ban is, \u00e9s<br>telekad\u00f3\/ad\u00f3, az al\u00e1bbi \u00e9p\u00fclet-, illetve telekkateg\u00f3ri\u00e1kra vonatkoz\u00f3an, az al\u00e1bbiak szerint:<br>olyan \u00e9p\u00fcletek, amelyek a t\u00f6rv\u00e9ny szerint t\u00f6rt\u00e9nelmi, \u00e9p\u00edt\u00e9szeti vagy r\u00e9g\u00e9szeti m\u0171eml\u00e9knek min\u0151s\u00fclnek,<br>bekezd\u00e9sben eml\u00edtetteken k\u00edv\u00fcli m\u00fazeumok vagy eml\u00e9kh\u00e1zak. (1) lit. x) a 227\/2015. sz. t\u00f6rv\u00e9ny<br>az ad\u00f3z\u00e1si k\u00f3dexen - felt\u00e9ve, hogy j\u00f3\/nagyon j\u00f3 m\u0171szaki \u00e1llapot\u00fanak tal\u00e1lj\u00e1k \u0151ket a<br>az <a href=\"https:\/\/www.oradea.ro\/fisiere\/module_fisiere\/29999\/HCL-1035_22.pdf\">1035\/2022 HCL<\/a> 40. mell\u00e9klet\u00e9ben meghat\u00e1rozott elj\u00e1r\u00e1s alkalmaz\u00e1s\u00e1t k\u00f6vet\u0151en<br>olyan \u00e9p\u00fcletek, amelyekre a m\u0171eml\u00e9kekt\u0151l elt\u00e9r\u0151 v\u00e9delmi rendszert hoztak l\u00e9tre,<br>a m\u0171eml\u00e9ki v\u00e9dett ter\u00fcleteken \u00e9s a v\u00e9dett be\u00e9p\u00edtett ter\u00fcleteken tal\u00e1lhat\u00f3 - a<br>felt\u00e9ve, hogy az alkalmaz\u00e1st k\u00f6vet\u0151en j\u00f3\/nagyon j\u00f3 m\u0171szaki \u00e1llapotban vannak.<\/p><p>Rendelet a m\u0171eml\u00e9k\u00e9p\u00fcletekre vonatkoz\u00f3 k\u00f6nny\u00edt\u00e9s megad\u00e1s\u00e1nak felt\u00e9teleir\u0151l<br>valamint a m\u0171eml\u00e9kv\u00e9delmi ter\u00fcleteken \u00e9s a m\u0171eml\u00e9kv\u00e9delmi ter\u00fcleteken tal\u00e1lhat\u00f3 ter\u00fcletek eset\u00e9ben<br>v\u00e9dett \u00e9p\u00fclet<\/p><\/div>\n\t\t\t\t\t\t\t\t\t\t\t\t\t<\/div>\n                    <\/div>\n\n                \n\t\t\t\t\t<div class=\"wpr-accordion-item-wrap\">\n\t\t\t\t\t\t<button class=\"wpr-acc-button\">\n\t\t\t\t\t\t\t<span class=\"wpr-acc-item-title\">\n\t\t\t\t\t\t\t\t\t\t\t\t\t\t\t\t\t<div class=\"wpr-acc-icon-box\">\n\t\t\t\t\t\t\t\t\t\t\t\t\t\t<span class=\"wpr-title-icon\">\n\t\t\t\t\t<i aria-hidden=\"true\" class=\"fas fa-info\"><\/i>\t\t\t\t<\/span>\n\t\t\t\t\t\t\t\t\t\t\t\t<\/div>\n\t\t\t\t\t\t\t\t\n\t\t\t\t\t\t\t\t<span class=\"wpr-acc-title-text\">Mag\u00e1nszem\u00e9lyek mentess\u00e9g ir\u00e1nti k\u00e9relmei<\/span>\n\t\t\t\t\t\t\t<\/span>\n\t\t\t\t\t\t\t\t\t\t\t<span class=\"wpr-toggle-icon wpr-ti-close\"><i aria-hidden=\"true\" class=\"fas fa-plus\"><\/i><\/span>\n\t\t\t\t<span class=\"wpr-toggle-icon wpr-ti-open\"><i aria-hidden=\"true\" class=\"fas fa-minus\"><\/i><\/span>\n\t\t\t\t\t\t\t\t\t<\/button>\n\n\t\t\t\t\t\t<div class=\"wpr-acc-panel\">\n\t\t\t\t\t\t\t\t\t\t\t\t\t\t\t<div class=\"wpr-acc-panel-content\"><p><strong>Mentess\u00e9gek - ad\u00f3kedvezm\u00e9nyek  <\/strong><\/p><ul><li><strong>a)<\/strong> S\u00falyos vagy fokozottan fogyat\u00e9kos szem\u00e9lyek mentess\u00e9gi k\u00e9relme, I. fogyat\u00e9koss\u00e1gi fokozat - <a href=\"https:\/\/oradea.ro\/wp-content\/uploads\/2023\/10\/PF-Cerere-de-scutire-pt-persoanele-cu-handicap-grav-sau-accentuat-invaliditate.pdf\">K\u00e9relem<\/a><\/li><\/ul><ul><li><strong>b)<\/strong> Mentess\u00e9g ir\u00e1nti k\u00e9relem. Az 1989-es forradalom h\u0151sei - <a href=\"https:\/\/oradea.ro\/wp-content\/uploads\/2023\/10\/PF-Cerere-de-scutire-pt-eroii-revolutiei-din-1989.pdf\">Request<\/a><\/li><li><strong>c)<\/strong> A katonai akci\u00f3kban r\u00e9szt vev\u0151 katonai \u00e1llom\u00e1nyra vonatkoz\u00f3 mentess\u00e9g ir\u00e1nti k\u00e9relem (OG82\/2006) - <a href=\"https:\/\/oradea.ro\/wp-content\/uploads\/2023\/10\/PF-Cerere-de-scutire-pentru-personalul-armatei-participant-la-actiuni-militare.pdf\">K\u00e9relem<\/a><\/li><li><strong>d)<\/strong> Mentess\u00e9gi k\u00e9relem conf. A 341\/2004 t\u00f6rv\u00e9ny - <a href=\"https:\/\/oradea.ro\/wp-content\/uploads\/2023\/10\/PF-Cerere-de-scutire-conform-Legeii-nr.-341-din-2004.pdf\">Alkalmaz\u00e1s<\/a><\/li><li><strong>e)<\/strong> Mentess\u00e9g ir\u00e1nti k\u00e9relem conf. Decr. Az 1990. \u00e9vi 118. t\u00f6rv\u00e9ny - K\u00e9relem <strong>(hi\u00e1nyzik)<\/strong><\/li><li><strong>f)<\/strong> H\u00e1bor\u00fas veter\u00e1nok \u00e9s \u00f6zvegyek mentess\u00e9ge ir\u00e1nti k\u00e9relem - K\u00e9relem <strong>(hi\u00e1nyzik)<\/strong><\/li><li><strong>g)<\/strong> Mentess\u00e9gi k\u00e9relem conf. OUG19\/2009 - <a href=\"https:\/\/oradea.ro\/wp-content\/uploads\/2023\/10\/PF-Cerere-de-scutire-conform-O.U.G-nr.-18-din-2009.pdf\">K\u00e9relem<\/a><\/li><\/ul><\/div>\n\t\t\t\t\t\t\t\t\t\t\t\t\t<\/div>\n                    <\/div>\n\n                            <\/div>\n        \t\t\t\t<\/div>\n\t\t\t\t<\/div>\n\t\t\t\t\t<\/div>\n\t\t\t\t<\/div>\n\t\t\t\t<\/div>\n\t\t","protected":false},"excerpt":{"rendered":"<p>Ad\u00f3kedvezm\u00e9nyek mag\u00e1nszem\u00e9lyek sz\u00e1m\u00e1ra Ad\u00f3kedvezm\u00e9nyek mag\u00e1nszem\u00e9lyek sz\u00e1m\u00e1ra Mentess\u00e9gek mag\u00e1nszem\u00e9lyek sz\u00e1m\u00e1ra Az ad\u00f3fizet\u0151k azon kateg\u00f3ri\u00e1ja, akik a t\u00f6rv\u00e9ny erej\u00e9n\u00e9l fogva ad\u00f3mentess\u00e9get kapnak: H\u00e1bor\u00fas veter\u00e1nok Ad\u00f3t\u00edpusok, amelyek al\u00f3l mentes\u00fclnek: 1. \u00c9p\u00edtm\u00e9nyad\u00f3 2. F\u00f6ldad\u00f3 3. Egys\u00e9ges k\u00f6zleked\u00e9si ad\u00f3 A mentess\u00e9g a k\u00f6vetkez\u0151kre vonatkozik: 1. Tulajdonban vagy t\u00e1rstulajdonban l\u00e9v\u0151 \u00e9p\u00fcletek 2. Tulajdonban vagy t\u00e1rstulajdonban l\u00e9v\u0151 f\u00f6ldter\u00fclet 3. Egy k\u00f6zleked\u00e9si eszk\u00f6z, az ad\u00f3fizet\u0151 v\u00e1laszt\u00e1sa szerint. H\u00e1bor\u00fas \u00f6zvegyek \u00e9s h\u00e1bor\u00fas veter\u00e1nok \u00f6zvegyei, akik nem h\u00e1zasodtak \u00fajra. Ad\u00f3t\u00edpusok, amelyek al\u00f3l mentes\u00fclnek: 1. \u00c9p\u00edtm\u00e9nyad\u00f3 2. F\u00f6ldad\u00f3 3. Egys\u00e9ges k\u00f6zleked\u00e9si ad\u00f3 A mentess\u00e9g a k\u00f6vetkez\u0151kre vonatkozik: 1. Tulajdonban vagy t\u00e1rstulajdonban l\u00e9v\u0151 \u00e9p\u00fcletek 2. Tulajdonban vagy t\u00e1rstulajdonban l\u00e9v\u0151 f\u00f6ldter\u00fclet 3. Egy k\u00f6zleked\u00e9si eszk\u00f6z, az ad\u00f3fizet\u0151 v\u00e1laszt\u00e1sa szerint. Az 1945. m\u00e1rcius 6. \u00f3ta fenn\u00e1ll\u00f3 diktat\u00fara \u00e1ltal politikai okokb\u00f3l \u00fcld\u00f6z\u00f6tt szem\u00e9lyek, valamint a k\u00fclf\u00f6ldre deport\u00e1lt vagy fogs\u00e1gba esett szem\u00e9lyek sz\u00e1m\u00e1ra bizonyos jogok biztos\u00edt\u00e1s\u00e1r\u00f3l sz\u00f3l\u00f3 118\/1990. sz. t\u00f6rv\u00e9nyerej\u0171 rendelet 1. cikk\u00e9ben eml\u00edtett szem\u00e9lyek. Ad\u00f3t\u00edpusok, amelyek al\u00f3l mentes\u00fclnek: 1. \u00c9p\u00edtm\u00e9nyad\u00f3 2. F\u00f6ldad\u00f3 3. Egys\u00e9ges k\u00f6zleked\u00e9si ad\u00f3 A mentess\u00e9g a k\u00f6vetkez\u0151kre vonatkozik: 1. Tulajdonban vagy t\u00e1rstulajdonban l\u00e9v\u0151 \u00e9p\u00fcletek 2. Tulajdonban vagy t\u00e1rstulajdonban l\u00e9v\u0151 f\u00f6ldter\u00fclet 3. Egy k\u00f6zleked\u00e9si eszk\u00f6z, az ad\u00f3fizet\u0151 v\u00e1laszt\u00e1sa szerint. A 3. cikk (1) bekezd\u00e9s\u00e9nek lit. b) \u00e9s az 1989. decemberi rom\u00e1niai forradalom gy\u0151zelm\u00e9hez hozz\u00e1j\u00e1rul\u00f3 h\u0151s\u00f6k &#8211; m\u00e1rt\u00edrok \u00e9s harcosok elismer\u00e9s\u00e9r\u0151l sz\u00f3l\u00f3 341\/2004. sz. t\u00f6rv\u00e9ny 4. cikk\u00e9nek (1) bekezd\u00e9se. Ad\u00f3t\u00edpusok, amelyek al\u00f3l mentes\u00fclnek: 1. \u00c9p\u00edtm\u00e9nyad\u00f3 2. F\u00f6ldad\u00f3 3. Egys\u00e9ges k\u00f6zleked\u00e9si ad\u00f3 A mentess\u00e9g a k\u00f6vetkez\u0151kre vonatkozik: 1. Tulajdonban vagy t\u00e1rstulajdonban l\u00e9v\u0151 \u00e9p\u00fcletek 2. Tulajdonban vagy t\u00e1rstulajdonban l\u00e9v\u0151 f\u00f6ldter\u00fclet 3. Egy k\u00f6zleked\u00e9si eszk\u00f6z, az ad\u00f3fizet\u0151 v\u00e1laszt\u00e1sa szerint. A 2. cikk lit. a), c)-e) a katonai akci\u00f3kban r\u00e9szt vev\u0151 katon\u00e1k \u00e9rdemeinek elismer\u00e9s\u00e9r\u0151l \u00e9s bizonyos jogok biztos\u00edt\u00e1s\u00e1r\u00f3l sz\u00e1mukra \u00e9s az elhunytak lesz\u00e1rmazottai sz\u00e1m\u00e1ra t\u00f6rt\u00e9n\u0151 megad\u00e1s\u00e1r\u00f3l sz\u00f3l\u00f3 82\/2006. sz\u00e1m\u00fa s\u00fcrg\u0151ss\u00e9gi korm\u00e1nyrendelet a), c)-e) pontjai Ad\u00f3t\u00edpusok, amelyek al\u00f3l mentes\u00fclnek: 1. \u00c9p\u00edtm\u00e9nyad\u00f3 2. F\u00f6ldad\u00f3 A mentess\u00e9g a k\u00f6vetkez\u0151kre vonatkozik: 1. Tulajdonban vagy t\u00e1rstulajdonban l\u00e9v\u0151 \u00e9p\u00fcletek 2. Tulajdonban vagy t\u00e1rstulajdonban l\u00e9v\u0151 f\u00f6ldter\u00fclet S\u00falyos vagy s\u00falyos fogyat\u00e9koss\u00e1ggal \u00e9l\u0151 vagy els\u0151 fokon fogyat\u00e9kos szem\u00e9lyek t\u00f6rv\u00e9nyes k\u00e9pvisel\u0151i, illetve a s\u00falyos vagy s\u00falyos fogyat\u00e9koss\u00e1ggal \u00e9l\u0151 kiskor\u00faak \u00e9s az els\u0151 fokon fogyat\u00e9kos kiskor\u00faak t\u00f6rv\u00e9nyes k\u00e9pvisel\u0151i. Ad\u00f3t\u00edpusok, amelyek al\u00f3l mentes\u00fclnek: 1. \u00c9p\u00edtm\u00e9nyad\u00f3 2. F\u00f6ldad\u00f3 3. Egys\u00e9ges k\u00f6zleked\u00e9si ad\u00f3 A mentess\u00e9g a k\u00f6vetkez\u0151kre vonatkozik: 1. Az \u00e9p\u00edtm\u00e9nyad\u00f3\/f\u00f6ldad\u00f3 al\u00f3li mentess\u00e9g csak az al\u00e1bbiak lakc\u00edm\u00e9n tal\u00e1lhat\u00f3 ingatlanra vonatkoziks\u00falyosan vagy s\u00falyosan fogyat\u00e9kos szem\u00e9lyek \u00e9s szem\u00e9lyek tulajdon\u00e1ban vagy t\u00e1rstulajdon\u00e1ban \u00e1llnakI. fok\u00fa fogyat\u00e9koss\u00e1ggal \u00e9l\u0151 szem\u00e9lyek vagy fogyat\u00e9kos kiskor\u00faak t\u00f6rv\u00e9nyes k\u00e9pvisel\u0151is\u00falyos vagy s\u00falyosan fogyat\u00e9kos, valamint az I. fokozat\u00fa fogyat\u00e9kosnak min\u0151s\u00edtett kiskor\u00faak; 2. Ad\u00f3mentess\u00e9g az ad\u00f3fizet\u00e9s al\u00f3l a k\u00f6vetkez\u0151 k\u00f6zleked\u00e9si eszk\u00f6z\u00f6k ut\u00e1n a s\u00falyos vagy s\u00falyosan fogyat\u00e9kos szem\u00e9lyek t\u00e1rstulajdona, valamint a szem\u00e9lyek sz\u00e1ll\u00edt\u00e1s\u00e1ra szolg\u00e1l\u00f3 j\u00e1rm\u0171vekfogyat\u00e9koss\u00e1ggal vagy rokkants\u00e1ggal, a t\u00f6rv\u00e9nyes k\u00e9pvisel\u0151k tulajdon\u00e1ban vagy t\u00e1rstulajdon\u00e1ban l\u00e9v\u0151a s\u00falyos vagy s\u00falyos fogyat\u00e9koss\u00e1ggal \u00e9l\u0151 kiskor\u00faak \u00e9s az I. fogyat\u00e9koss\u00e1gi fokozatba sorolt kiskor\u00faak, a k\u00f6vetkez\u0151 esetekbenegyetlen k\u00f6zleked\u00e9si eszk\u00f6zzel, az ad\u00f3fizet\u0151 v\u00e1laszt\u00e1sa szerint; Azok a mag\u00e1nszem\u00e9lyek, akik a tulajdonukban l\u00e9v\u0151 lak\u00f3\u00e9p\u00fcleteket fel\u00faj\u00edtj\u00e1k vagy h\u0151technikailag korszer\u0171s\u00edtik a 325\/2002. sz. t\u00f6rv\u00e9nnyel m\u00f3dos\u00edtott 29\/2000. sz. korm\u00e1nyrendelet \u00e9rtelm\u00e9ben. Ad\u00f3t\u00edpusok, amelyek al\u00f3l mentes\u00fclnek:\u00c9p\u00edtm\u00e9nyad\u00f3 a termikus fel\u00faj\u00edt\u00e1sra felvett hitel visszafizet\u00e9si ideje alatt. Olyan \u00e9p\u00fcletek, amelyekben a tulajdonosok saj\u00e1t k\u00f6lts\u00e9g\u00fck\u00f6n beavatkoz\u00e1si munk\u00e1latokat v\u00e9geztek az energiateljes\u00edtm\u00e9ny n\u00f6vel\u00e9se \u00e9rdek\u00e9ben&#8230; Olyan \u00e9p\u00fcletek, ahol a tulajdonosok saj\u00e1t k\u00f6lts\u00e9g\u00fck\u00f6n intervenci\u00f3s munk\u00e1latokat v\u00e9geztek a k\u00f6vetkez\u0151k \u00e9rdek\u00e9benaz energiateljes\u00edtm\u00e9ny n\u00f6veked\u00e9se, a befejez\u00e9skor k\u00e9sz\u00fclt \u00e1tv\u00e9teli jelent\u00e9s alapj\u00e1n,a jogszab\u00e1lyoknak megfelel\u0151en elk\u00e9sz\u00edtett, a javasolt beavatkoz\u00e1si int\u00e9zked\u00e9sek v\u00e9grehajt\u00e1s\u00e1nak meg\u00e1llap\u00edt\u00e1s\u00e1t tartalmaz\u00f3 dokumentumotaz energetikai auditor \u00e1ltal az energiateljes\u00edtm\u00e9nyre vonatkoz\u00f3 tan\u00fas\u00edtv\u00e1nyban vagy adott esetben aenergiaaudit, a 18\/2009. sz. s\u00fcrg\u0151ss\u00e9gi korm\u00e1nyrendeletben el\u0151\u00edrtak szerint.a lak\u00f3\u00e9p\u00fcletek energiateljes\u00edtm\u00e9ny\u00e9nek n\u00f6vel\u00e9se, m\u00f3dos\u00edt\u00e1sokkal \u00e9s kieg\u00e9sz\u00edt\u00e9sekkel j\u00f3v\u00e1hagyvaa m\u00f3dos\u00edtott \u00e9s kieg\u00e9sz\u00edtett 158\/2011. sz. t\u00f6rv\u00e9nnyel; Ad\u00f3t\u00edpusok, amelyek al\u00f3l mentes\u00fclnek:\u00c9p\u00edtm\u00e9nyad\u00f3 a megszerz\u00e9st\u0151l sz\u00e1m\u00edtott 5 \u00e9vig A mentess\u00e9get akkor adj\u00e1k meg, ha a felt\u00e9telek teljes\u00fclnek:A 18\/2009. sz. s\u00fcrg\u0151ss\u00e9gi korm\u00e1nyrendeletben el\u0151\u00edrt intervenci\u00f3s munk\u00e1latok elv\u00e9gz\u00e9se.a lak\u00f3\u00e9p\u00fcletek energiateljes\u00edtm\u00e9ny\u00e9nek jav\u00edt\u00e1s\u00e1r\u00f3l, friss\u00edtveaz \u00e9p\u00fcleteken v\u00e9gzett beavatkoz\u00e1si munk\u00e1kat az energetikai auditornak kell javasolnia.az energiateljes\u00edtm\u00e9nyre vonatkoz\u00f3 tan\u00fas\u00edtv\u00e1nyban vagy adott esetben az energiaauditr\u00f3l sz\u00f3l\u00f3 jelent\u00e9sben; &#8211; a k\u00f6vetkez\u0151kt\u0151la munka befejez\u00e9s\u00e9r\u0151l sz\u00f3l\u00f3 \u00e1tv\u00e9teli jegyz\u0151k\u00f6nyvnek igazolnia kell, hogy a munk\u00e1t elv\u00e9gezt\u00e9k.az energetikai auditor \u00e1ltal javasoltak; &#8211; az energetikai auditor k\u00f6lts\u00e9g\u00e9n beavatkoz\u00e1si munk\u00e1t v\u00e9geztek.saj\u00e1t; Az ad\u00f3elj\u00e1r\u00e1si t\u00f6rv\u00e9nyk\u00f6nyvr\u0151l sz\u00f3l\u00f3 207\/2015 t\u00f6rv\u00e9ny 185. cikk\u00e9ben el\u0151\u00edrt, a fenn\u00e1ll\u00f3 k\u00f6lts\u00e9gvet\u00e9si k\u00f6telezetts\u00e9gek megfizet\u00e9se al\u00f3li mentess\u00e9g: a. Kiskor\u00fa gyermekek, ingatlanok \u00f6r\u00f6k\u00f6sei, gy\u00e1ms\u00e1g, nevel\u0151sz\u00fcl\u0151i fel\u00fcgyelet, gondnoks\u00e1g alatt; b. Azok a szem\u00e9lyek, akik egy \u00e9ven bel\u00fcl csak munkan\u00e9lk\u00fcli seg\u00e9lyben, szoci\u00e1lis seg\u00e9lyben r\u00e9szes\u00fclnek,t\u00e1mogat\u00e1si juttat\u00e1s;c. Egyed\u00fcl\u00e1ll\u00f3, beteg vagy alacsony j\u00f6vedelm\u0171 csal\u00e1dokhoz tartoz\u00f3 id\u0151sek a k\u00f6vetkez\u0151kt\u0151lmunkan\u00e9lk\u00fcli seg\u00e9ly, szoci\u00e1lis seg\u00e9ly, seg\u00e9lyt\u00e1mogat\u00e1s;d. Egy\u00e9b szoci\u00e1lis esetek; Ad\u00f3t\u00edpusok, amelyek al\u00f3l mentes\u00fclnek: 1. \u00c9p\u00edtm\u00e9nyad\u00f3 2. F\u00f6ldad\u00f3 A k\u00e9relmez\u0151nek a k\u00f6vetkez\u0151 krit\u00e9riumoknak kell megfelelnie:&#8211; nem birtokolhat egyn\u00e9l t\u00f6bb ingatlant;&#8211; nem rendelkezik saj\u00e1t k\u00f6zleked\u00e9si eszk\u00f6zzel&#8211; a csal\u00e1donk\u00e9nti havi \u00f6sszj\u00f6vedelem (a k\u00e9relmez\u0151vel egy h\u00e1ztart\u00e1sban \u00e9l\u0151 csal\u00e1dtagok eset\u00e9ben) a k\u00f6vetkez\u0151alacsonyabb, mint a 2018-ban hat\u00e1lyos orsz\u00e1gonk\u00e9nti garant\u00e1lt brutt\u00f3 minim\u00e1lb\u00e9r;&#8211; a k\u00e9relmez\u0151 \u00e9s az ugyanazon a c\u00edmen \u00e9l\u0151 m\u00e1s csal\u00e1dtagok nem rendelkeznek m\u00e1s ingatlannalm\u00e1s ingatlan, mint amelyre a mentess\u00e9get ig\u00e9nylik;&#8211; a k\u00e9relmez\u0151 a helyi k\u00f6lts\u00e9gvet\u00e9ssel szemben fenn\u00e1ll\u00f3 \u00f6sszes f\u0151ad\u00f3fizet\u00e9si k\u00f6telezetts\u00e9get megfizette, cs\u00f6kkentve a k\u00f6vetkez\u0151kkela j\u00e1rul\u00e9kos ad\u00f3k\u00f6telezetts\u00e9gek, amelyekre mentess\u00e9get ig\u00e9nyelnek;&#8211; a lak\u00e1s hasznos alapter\u00fclete, amelyre az ad\u00f3mentess\u00e9get ig\u00e9nylik, a k\u00f6vetkez\u0151 lak\u00e1sok sz\u00e1m\u00e1t\u00f3l f\u00fcgg\u0151enaz ezen a c\u00edmen lak\u00f3 szem\u00e9lyek sz\u00e1ma nem haladhatja meg az al\u00e1bbi t\u00e1bl\u00e1zatban felt\u00fcntetett ter\u00fcletetB.*T* a 114\/1996. sz. lak\u00e1s\u00fcgyi t\u00f6rv\u00e9ny (friss\u00edtve). CSAL\u00c1DI HASZNOS ALAPTER\u00dcLET 1 szem\u00e9ly 37 MP 2 szem\u00e9ly 52 MP 3 szem\u00e9ly 66 MP 4 ember 74 MP 5 f\u0151 87 MP 6 ember 93 MP 7 ember 107 MP 8 ember 110 MP A term\u00e9szeti katasztr\u00f3f\u00e1k (f\u00f6ldreng\u00e9s, \u00e1rv\u00edz vagy term\u00e9szeti jelens\u00e9gek okozta t\u0171zv\u00e9sz, f\u00f6ldcsuszaml\u00e1s vagy f\u00f6ldcsuszaml\u00e1s stb.) \u00e1ltal \u00e9rintett \u00e9p\u00fcletek \u00e9s f\u00f6ldter\u00fcletek eset\u00e9ben. Az ad\u00f3t\u00edpusok, amelyek al\u00f3l legfeljebb 5 \u00e9vig mentes\u00fclnek: 1. \u00c9p\u00edtm\u00e9nyad\u00f3 2. F\u00f6ldad\u00f3 A mentess\u00e9g akkor adhat\u00f3 meg, ha:A term\u00e9szeti katasztr\u00f3f\u00e1k hat\u00e1saival kapcsolatos lakoss\u00e1gi panaszokat \u00edr\u00e1sban vagytelefonon a Nagyv\u00e1radi V\u00e1rosh\u00e1za r\u00e9sz\u00e9re, az esem\u00e9ny bek\u00f6vetkez\u00e9s\u00e9t\u0151l sz\u00e1m\u00edtott legfeljebb 72 \u00f3r\u00e1n bel\u00fcl.szerencs\u00e9tlens\u00e9g. Ad\u00f3kedvezm\u00e9nyt ny\u00fajtanak az \u00e9p\u00edtm\u00e9nyad\u00f3 al\u00f3li mentess\u00e9g form\u00e1j\u00e1ban is, \u00e9stelekad\u00f3\/ad\u00f3, az al\u00e1bbi \u00e9p\u00fclet-, illetve telekkateg\u00f3ri\u00e1kra vonatkoz\u00f3an, az al\u00e1bbiak szerint:olyan \u00e9p\u00fcletek, amelyek a t\u00f6rv\u00e9ny szerint t\u00f6rt\u00e9nelmi, \u00e9p\u00edt\u00e9szeti vagy r\u00e9g\u00e9szeti m\u0171eml\u00e9knek min\u0151s\u00fclnek,bekezd\u00e9sben eml\u00edtetteken k\u00edv\u00fcli m\u00fazeumok vagy eml\u00e9kh\u00e1zak. (1) lit. x) a 227\/2015. sz. t\u00f6rv\u00e9nyaz ad\u00f3z\u00e1si k\u00f3dexen &#8211; felt\u00e9ve, hogy j\u00f3\/nagyon j\u00f3 m\u0171szaki \u00e1llapot\u00fanak tal\u00e1lj\u00e1k \u0151ket aaz 1035\/2022 HCL 40. mell\u00e9klet\u00e9ben meghat\u00e1rozott elj\u00e1r\u00e1s alkalmaz\u00e1s\u00e1t k\u00f6vet\u0151enolyan \u00e9p\u00fcletek, amelyekre a m\u0171eml\u00e9kekt\u0151l elt\u00e9r\u0151 v\u00e9delmi rendszert hoztak l\u00e9tre,a m\u0171eml\u00e9ki v\u00e9dett ter\u00fcleteken \u00e9s a v\u00e9dett be\u00e9p\u00edtett ter\u00fcleteken tal\u00e1lhat\u00f3 &#8211; afelt\u00e9ve, hogy az alkalmaz\u00e1st k\u00f6vet\u0151en j\u00f3\/nagyon j\u00f3 m\u0171szaki \u00e1llapotban vannak. Rendelet a m\u0171eml\u00e9k\u00e9p\u00fcletekre vonatkoz\u00f3 k\u00f6nny\u00edt\u00e9s megad\u00e1s\u00e1nak felt\u00e9teleir\u0151lvalamint a m\u0171eml\u00e9kv\u00e9delmi ter\u00fcleteken \u00e9s a m\u0171eml\u00e9kv\u00e9delmi ter\u00fcleteken<\/p>\n","protected":false},"author":39,"featured_media":17036,"parent":190943,"menu_order":0,"comment_status":"closed","ping_status":"closed","template":"","meta":{"_acf_changed":false,"ep_exclude_from_search":false,"footnotes":""},"class_list":["post-190941","page","type-page","status-publish","has-post-thumbnail","hentry"],"acf":[],"yoast_head":"<!-- This site is optimized with the Yoast SEO plugin v26.6 - https:\/\/yoast.com\/wordpress\/plugins\/seo\/ -->\n<title>Ad\u00f3kedvezm\u00e9nyek mag\u00e1nszem\u00e9lyek sz\u00e1m\u00e1ra - Oradea.ro<\/title>\n<meta name=\"robots\" content=\"index, follow, max-snippet:-1, max-image-preview:large, max-video-preview:-1\" \/>\n<link rel=\"canonical\" href=\"https:\/\/oradea.ro\/informatii-taxe-si-impozite\/facilitati-fiscale\/facilitati-fiscale-pentru-persoane-fizice\/\" \/>\n<meta property=\"og:locale\" content=\"hu_HU\" \/>\n<meta property=\"og:type\" content=\"article\" \/>\n<meta property=\"og:title\" content=\"Ad\u00f3kedvezm\u00e9nyek mag\u00e1nszem\u00e9lyek sz\u00e1m\u00e1ra - Oradea.ro\" \/>\n<meta property=\"og:description\" content=\"Ad\u00f3kedvezm\u00e9nyek mag\u00e1nszem\u00e9lyek sz\u00e1m\u00e1ra Ad\u00f3kedvezm\u00e9nyek mag\u00e1nszem\u00e9lyek sz\u00e1m\u00e1ra Mentess\u00e9gek mag\u00e1nszem\u00e9lyek sz\u00e1m\u00e1ra Az ad\u00f3fizet\u0151k azon kateg\u00f3ri\u00e1ja, akik a t\u00f6rv\u00e9ny erej\u00e9n\u00e9l fogva ad\u00f3mentess\u00e9get kapnak: H\u00e1bor\u00fas veter\u00e1nok Ad\u00f3t\u00edpusok, amelyek al\u00f3l mentes\u00fclnek: 1. \u00c9p\u00edtm\u00e9nyad\u00f3 2. F\u00f6ldad\u00f3 3. Egys\u00e9ges k\u00f6zleked\u00e9si ad\u00f3 A mentess\u00e9g a k\u00f6vetkez\u0151kre vonatkozik: 1. Tulajdonban vagy t\u00e1rstulajdonban l\u00e9v\u0151 \u00e9p\u00fcletek 2. Tulajdonban vagy t\u00e1rstulajdonban l\u00e9v\u0151 f\u00f6ldter\u00fclet 3. Egy k\u00f6zleked\u00e9si eszk\u00f6z, az ad\u00f3fizet\u0151 v\u00e1laszt\u00e1sa szerint. H\u00e1bor\u00fas \u00f6zvegyek \u00e9s h\u00e1bor\u00fas veter\u00e1nok \u00f6zvegyei, akik nem h\u00e1zasodtak \u00fajra. Ad\u00f3t\u00edpusok, amelyek al\u00f3l mentes\u00fclnek: 1. \u00c9p\u00edtm\u00e9nyad\u00f3 2. F\u00f6ldad\u00f3 3. Egys\u00e9ges k\u00f6zleked\u00e9si ad\u00f3 A mentess\u00e9g a k\u00f6vetkez\u0151kre vonatkozik: 1. Tulajdonban vagy t\u00e1rstulajdonban l\u00e9v\u0151 \u00e9p\u00fcletek 2. Tulajdonban vagy t\u00e1rstulajdonban l\u00e9v\u0151 f\u00f6ldter\u00fclet 3. Egy k\u00f6zleked\u00e9si eszk\u00f6z, az ad\u00f3fizet\u0151 v\u00e1laszt\u00e1sa szerint. Az 1945. m\u00e1rcius 6. \u00f3ta fenn\u00e1ll\u00f3 diktat\u00fara \u00e1ltal politikai okokb\u00f3l \u00fcld\u00f6z\u00f6tt szem\u00e9lyek, valamint a k\u00fclf\u00f6ldre deport\u00e1lt vagy fogs\u00e1gba esett szem\u00e9lyek sz\u00e1m\u00e1ra bizonyos jogok biztos\u00edt\u00e1s\u00e1r\u00f3l sz\u00f3l\u00f3 118\/1990. sz. t\u00f6rv\u00e9nyerej\u0171 rendelet 1. cikk\u00e9ben eml\u00edtett szem\u00e9lyek. Ad\u00f3t\u00edpusok, amelyek al\u00f3l mentes\u00fclnek: 1. \u00c9p\u00edtm\u00e9nyad\u00f3 2. F\u00f6ldad\u00f3 3. Egys\u00e9ges k\u00f6zleked\u00e9si ad\u00f3 A mentess\u00e9g a k\u00f6vetkez\u0151kre vonatkozik: 1. Tulajdonban vagy t\u00e1rstulajdonban l\u00e9v\u0151 \u00e9p\u00fcletek 2. Tulajdonban vagy t\u00e1rstulajdonban l\u00e9v\u0151 f\u00f6ldter\u00fclet 3. Egy k\u00f6zleked\u00e9si eszk\u00f6z, az ad\u00f3fizet\u0151 v\u00e1laszt\u00e1sa szerint. A 3. cikk (1) bekezd\u00e9s\u00e9nek lit. b) \u00e9s az 1989. decemberi rom\u00e1niai forradalom gy\u0151zelm\u00e9hez hozz\u00e1j\u00e1rul\u00f3 h\u0151s\u00f6k &#8211; m\u00e1rt\u00edrok \u00e9s harcosok elismer\u00e9s\u00e9r\u0151l sz\u00f3l\u00f3 341\/2004. sz. t\u00f6rv\u00e9ny 4. cikk\u00e9nek (1) bekezd\u00e9se. Ad\u00f3t\u00edpusok, amelyek al\u00f3l mentes\u00fclnek: 1. \u00c9p\u00edtm\u00e9nyad\u00f3 2. F\u00f6ldad\u00f3 3. Egys\u00e9ges k\u00f6zleked\u00e9si ad\u00f3 A mentess\u00e9g a k\u00f6vetkez\u0151kre vonatkozik: 1. Tulajdonban vagy t\u00e1rstulajdonban l\u00e9v\u0151 \u00e9p\u00fcletek 2. Tulajdonban vagy t\u00e1rstulajdonban l\u00e9v\u0151 f\u00f6ldter\u00fclet 3. Egy k\u00f6zleked\u00e9si eszk\u00f6z, az ad\u00f3fizet\u0151 v\u00e1laszt\u00e1sa szerint. A 2. cikk lit. a), c)-e) a katonai akci\u00f3kban r\u00e9szt vev\u0151 katon\u00e1k \u00e9rdemeinek elismer\u00e9s\u00e9r\u0151l \u00e9s bizonyos jogok biztos\u00edt\u00e1s\u00e1r\u00f3l sz\u00e1mukra \u00e9s az elhunytak lesz\u00e1rmazottai sz\u00e1m\u00e1ra t\u00f6rt\u00e9n\u0151 megad\u00e1s\u00e1r\u00f3l sz\u00f3l\u00f3 82\/2006. sz\u00e1m\u00fa s\u00fcrg\u0151ss\u00e9gi korm\u00e1nyrendelet a), c)-e) pontjai Ad\u00f3t\u00edpusok, amelyek al\u00f3l mentes\u00fclnek: 1. \u00c9p\u00edtm\u00e9nyad\u00f3 2. F\u00f6ldad\u00f3 A mentess\u00e9g a k\u00f6vetkez\u0151kre vonatkozik: 1. Tulajdonban vagy t\u00e1rstulajdonban l\u00e9v\u0151 \u00e9p\u00fcletek 2. Tulajdonban vagy t\u00e1rstulajdonban l\u00e9v\u0151 f\u00f6ldter\u00fclet S\u00falyos vagy s\u00falyos fogyat\u00e9koss\u00e1ggal \u00e9l\u0151 vagy els\u0151 fokon fogyat\u00e9kos szem\u00e9lyek t\u00f6rv\u00e9nyes k\u00e9pvisel\u0151i, illetve a s\u00falyos vagy s\u00falyos fogyat\u00e9koss\u00e1ggal \u00e9l\u0151 kiskor\u00faak \u00e9s az els\u0151 fokon fogyat\u00e9kos kiskor\u00faak t\u00f6rv\u00e9nyes k\u00e9pvisel\u0151i. Ad\u00f3t\u00edpusok, amelyek al\u00f3l mentes\u00fclnek: 1. \u00c9p\u00edtm\u00e9nyad\u00f3 2. F\u00f6ldad\u00f3 3. Egys\u00e9ges k\u00f6zleked\u00e9si ad\u00f3 A mentess\u00e9g a k\u00f6vetkez\u0151kre vonatkozik: 1. Az \u00e9p\u00edtm\u00e9nyad\u00f3\/f\u00f6ldad\u00f3 al\u00f3li mentess\u00e9g csak az al\u00e1bbiak lakc\u00edm\u00e9n tal\u00e1lhat\u00f3 ingatlanra vonatkoziks\u00falyosan vagy s\u00falyosan fogyat\u00e9kos szem\u00e9lyek \u00e9s szem\u00e9lyek tulajdon\u00e1ban vagy t\u00e1rstulajdon\u00e1ban \u00e1llnakI. fok\u00fa fogyat\u00e9koss\u00e1ggal \u00e9l\u0151 szem\u00e9lyek vagy fogyat\u00e9kos kiskor\u00faak t\u00f6rv\u00e9nyes k\u00e9pvisel\u0151is\u00falyos vagy s\u00falyosan fogyat\u00e9kos, valamint az I. fokozat\u00fa fogyat\u00e9kosnak min\u0151s\u00edtett kiskor\u00faak; 2. Ad\u00f3mentess\u00e9g az ad\u00f3fizet\u00e9s al\u00f3l a k\u00f6vetkez\u0151 k\u00f6zleked\u00e9si eszk\u00f6z\u00f6k ut\u00e1n a s\u00falyos vagy s\u00falyosan fogyat\u00e9kos szem\u00e9lyek t\u00e1rstulajdona, valamint a szem\u00e9lyek sz\u00e1ll\u00edt\u00e1s\u00e1ra szolg\u00e1l\u00f3 j\u00e1rm\u0171vekfogyat\u00e9koss\u00e1ggal vagy rokkants\u00e1ggal, a t\u00f6rv\u00e9nyes k\u00e9pvisel\u0151k tulajdon\u00e1ban vagy t\u00e1rstulajdon\u00e1ban l\u00e9v\u0151a s\u00falyos vagy s\u00falyos fogyat\u00e9koss\u00e1ggal \u00e9l\u0151 kiskor\u00faak \u00e9s az I. fogyat\u00e9koss\u00e1gi fokozatba sorolt kiskor\u00faak, a k\u00f6vetkez\u0151 esetekbenegyetlen k\u00f6zleked\u00e9si eszk\u00f6zzel, az ad\u00f3fizet\u0151 v\u00e1laszt\u00e1sa szerint; Azok a mag\u00e1nszem\u00e9lyek, akik a tulajdonukban l\u00e9v\u0151 lak\u00f3\u00e9p\u00fcleteket fel\u00faj\u00edtj\u00e1k vagy h\u0151technikailag korszer\u0171s\u00edtik a 325\/2002. sz. t\u00f6rv\u00e9nnyel m\u00f3dos\u00edtott 29\/2000. sz. korm\u00e1nyrendelet \u00e9rtelm\u00e9ben. Ad\u00f3t\u00edpusok, amelyek al\u00f3l mentes\u00fclnek:\u00c9p\u00edtm\u00e9nyad\u00f3 a termikus fel\u00faj\u00edt\u00e1sra felvett hitel visszafizet\u00e9si ideje alatt. Olyan \u00e9p\u00fcletek, amelyekben a tulajdonosok saj\u00e1t k\u00f6lts\u00e9g\u00fck\u00f6n beavatkoz\u00e1si munk\u00e1latokat v\u00e9geztek az energiateljes\u00edtm\u00e9ny n\u00f6vel\u00e9se \u00e9rdek\u00e9ben&#8230; Olyan \u00e9p\u00fcletek, ahol a tulajdonosok saj\u00e1t k\u00f6lts\u00e9g\u00fck\u00f6n intervenci\u00f3s munk\u00e1latokat v\u00e9geztek a k\u00f6vetkez\u0151k \u00e9rdek\u00e9benaz energiateljes\u00edtm\u00e9ny n\u00f6veked\u00e9se, a befejez\u00e9skor k\u00e9sz\u00fclt \u00e1tv\u00e9teli jelent\u00e9s alapj\u00e1n,a jogszab\u00e1lyoknak megfelel\u0151en elk\u00e9sz\u00edtett, a javasolt beavatkoz\u00e1si int\u00e9zked\u00e9sek v\u00e9grehajt\u00e1s\u00e1nak meg\u00e1llap\u00edt\u00e1s\u00e1t tartalmaz\u00f3 dokumentumotaz energetikai auditor \u00e1ltal az energiateljes\u00edtm\u00e9nyre vonatkoz\u00f3 tan\u00fas\u00edtv\u00e1nyban vagy adott esetben aenergiaaudit, a 18\/2009. sz. s\u00fcrg\u0151ss\u00e9gi korm\u00e1nyrendeletben el\u0151\u00edrtak szerint.a lak\u00f3\u00e9p\u00fcletek energiateljes\u00edtm\u00e9ny\u00e9nek n\u00f6vel\u00e9se, m\u00f3dos\u00edt\u00e1sokkal \u00e9s kieg\u00e9sz\u00edt\u00e9sekkel j\u00f3v\u00e1hagyvaa m\u00f3dos\u00edtott \u00e9s kieg\u00e9sz\u00edtett 158\/2011. sz. t\u00f6rv\u00e9nnyel; Ad\u00f3t\u00edpusok, amelyek al\u00f3l mentes\u00fclnek:\u00c9p\u00edtm\u00e9nyad\u00f3 a megszerz\u00e9st\u0151l sz\u00e1m\u00edtott 5 \u00e9vig A mentess\u00e9get akkor adj\u00e1k meg, ha a felt\u00e9telek teljes\u00fclnek:A 18\/2009. sz. s\u00fcrg\u0151ss\u00e9gi korm\u00e1nyrendeletben el\u0151\u00edrt intervenci\u00f3s munk\u00e1latok elv\u00e9gz\u00e9se.a lak\u00f3\u00e9p\u00fcletek energiateljes\u00edtm\u00e9ny\u00e9nek jav\u00edt\u00e1s\u00e1r\u00f3l, friss\u00edtveaz \u00e9p\u00fcleteken v\u00e9gzett beavatkoz\u00e1si munk\u00e1kat az energetikai auditornak kell javasolnia.az energiateljes\u00edtm\u00e9nyre vonatkoz\u00f3 tan\u00fas\u00edtv\u00e1nyban vagy adott esetben az energiaauditr\u00f3l sz\u00f3l\u00f3 jelent\u00e9sben; &#8211; a k\u00f6vetkez\u0151kt\u0151la munka befejez\u00e9s\u00e9r\u0151l sz\u00f3l\u00f3 \u00e1tv\u00e9teli jegyz\u0151k\u00f6nyvnek igazolnia kell, hogy a munk\u00e1t elv\u00e9gezt\u00e9k.az energetikai auditor \u00e1ltal javasoltak; &#8211; az energetikai auditor k\u00f6lts\u00e9g\u00e9n beavatkoz\u00e1si munk\u00e1t v\u00e9geztek.saj\u00e1t; Az ad\u00f3elj\u00e1r\u00e1si t\u00f6rv\u00e9nyk\u00f6nyvr\u0151l sz\u00f3l\u00f3 207\/2015 t\u00f6rv\u00e9ny 185. cikk\u00e9ben el\u0151\u00edrt, a fenn\u00e1ll\u00f3 k\u00f6lts\u00e9gvet\u00e9si k\u00f6telezetts\u00e9gek megfizet\u00e9se al\u00f3li mentess\u00e9g: a. Kiskor\u00fa gyermekek, ingatlanok \u00f6r\u00f6k\u00f6sei, gy\u00e1ms\u00e1g, nevel\u0151sz\u00fcl\u0151i fel\u00fcgyelet, gondnoks\u00e1g alatt; b. Azok a szem\u00e9lyek, akik egy \u00e9ven bel\u00fcl csak munkan\u00e9lk\u00fcli seg\u00e9lyben, szoci\u00e1lis seg\u00e9lyben r\u00e9szes\u00fclnek,t\u00e1mogat\u00e1si juttat\u00e1s;c. Egyed\u00fcl\u00e1ll\u00f3, beteg vagy alacsony j\u00f6vedelm\u0171 csal\u00e1dokhoz tartoz\u00f3 id\u0151sek a k\u00f6vetkez\u0151kt\u0151lmunkan\u00e9lk\u00fcli seg\u00e9ly, szoci\u00e1lis seg\u00e9ly, seg\u00e9lyt\u00e1mogat\u00e1s;d. Egy\u00e9b szoci\u00e1lis esetek; Ad\u00f3t\u00edpusok, amelyek al\u00f3l mentes\u00fclnek: 1. \u00c9p\u00edtm\u00e9nyad\u00f3 2. F\u00f6ldad\u00f3 A k\u00e9relmez\u0151nek a k\u00f6vetkez\u0151 krit\u00e9riumoknak kell megfelelnie:&#8211; nem birtokolhat egyn\u00e9l t\u00f6bb ingatlant;&#8211; nem rendelkezik saj\u00e1t k\u00f6zleked\u00e9si eszk\u00f6zzel&#8211; a csal\u00e1donk\u00e9nti havi \u00f6sszj\u00f6vedelem (a k\u00e9relmez\u0151vel egy h\u00e1ztart\u00e1sban \u00e9l\u0151 csal\u00e1dtagok eset\u00e9ben) a k\u00f6vetkez\u0151alacsonyabb, mint a 2018-ban hat\u00e1lyos orsz\u00e1gonk\u00e9nti garant\u00e1lt brutt\u00f3 minim\u00e1lb\u00e9r;&#8211; a k\u00e9relmez\u0151 \u00e9s az ugyanazon a c\u00edmen \u00e9l\u0151 m\u00e1s csal\u00e1dtagok nem rendelkeznek m\u00e1s ingatlannalm\u00e1s ingatlan, mint amelyre a mentess\u00e9get ig\u00e9nylik;&#8211; a k\u00e9relmez\u0151 a helyi k\u00f6lts\u00e9gvet\u00e9ssel szemben fenn\u00e1ll\u00f3 \u00f6sszes f\u0151ad\u00f3fizet\u00e9si k\u00f6telezetts\u00e9get megfizette, cs\u00f6kkentve a k\u00f6vetkez\u0151kkela j\u00e1rul\u00e9kos ad\u00f3k\u00f6telezetts\u00e9gek, amelyekre mentess\u00e9get ig\u00e9nyelnek;&#8211; a lak\u00e1s hasznos alapter\u00fclete, amelyre az ad\u00f3mentess\u00e9get ig\u00e9nylik, a k\u00f6vetkez\u0151 lak\u00e1sok sz\u00e1m\u00e1t\u00f3l f\u00fcgg\u0151enaz ezen a c\u00edmen lak\u00f3 szem\u00e9lyek sz\u00e1ma nem haladhatja meg az al\u00e1bbi t\u00e1bl\u00e1zatban felt\u00fcntetett ter\u00fcletetB.*T* a 114\/1996. sz. lak\u00e1s\u00fcgyi t\u00f6rv\u00e9ny (friss\u00edtve). CSAL\u00c1DI HASZNOS ALAPTER\u00dcLET 1 szem\u00e9ly 37 MP 2 szem\u00e9ly 52 MP 3 szem\u00e9ly 66 MP 4 ember 74 MP 5 f\u0151 87 MP 6 ember 93 MP 7 ember 107 MP 8 ember 110 MP A term\u00e9szeti katasztr\u00f3f\u00e1k (f\u00f6ldreng\u00e9s, \u00e1rv\u00edz vagy term\u00e9szeti jelens\u00e9gek okozta t\u0171zv\u00e9sz, f\u00f6ldcsuszaml\u00e1s vagy f\u00f6ldcsuszaml\u00e1s stb.) \u00e1ltal \u00e9rintett \u00e9p\u00fcletek \u00e9s f\u00f6ldter\u00fcletek eset\u00e9ben. Az ad\u00f3t\u00edpusok, amelyek al\u00f3l legfeljebb 5 \u00e9vig mentes\u00fclnek: 1. \u00c9p\u00edtm\u00e9nyad\u00f3 2. F\u00f6ldad\u00f3 A mentess\u00e9g akkor adhat\u00f3 meg, ha:A term\u00e9szeti katasztr\u00f3f\u00e1k hat\u00e1saival kapcsolatos lakoss\u00e1gi panaszokat \u00edr\u00e1sban vagytelefonon a Nagyv\u00e1radi V\u00e1rosh\u00e1za r\u00e9sz\u00e9re, az esem\u00e9ny bek\u00f6vetkez\u00e9s\u00e9t\u0151l sz\u00e1m\u00edtott legfeljebb 72 \u00f3r\u00e1n bel\u00fcl.szerencs\u00e9tlens\u00e9g. Ad\u00f3kedvezm\u00e9nyt ny\u00fajtanak az \u00e9p\u00edtm\u00e9nyad\u00f3 al\u00f3li mentess\u00e9g form\u00e1j\u00e1ban is, \u00e9stelekad\u00f3\/ad\u00f3, az al\u00e1bbi \u00e9p\u00fclet-, illetve telekkateg\u00f3ri\u00e1kra vonatkoz\u00f3an, az al\u00e1bbiak szerint:olyan \u00e9p\u00fcletek, amelyek a t\u00f6rv\u00e9ny szerint t\u00f6rt\u00e9nelmi, \u00e9p\u00edt\u00e9szeti vagy r\u00e9g\u00e9szeti m\u0171eml\u00e9knek min\u0151s\u00fclnek,bekezd\u00e9sben eml\u00edtetteken k\u00edv\u00fcli m\u00fazeumok vagy eml\u00e9kh\u00e1zak. (1) lit. x) a 227\/2015. sz. t\u00f6rv\u00e9nyaz ad\u00f3z\u00e1si k\u00f3dexen &#8211; felt\u00e9ve, hogy j\u00f3\/nagyon j\u00f3 m\u0171szaki \u00e1llapot\u00fanak tal\u00e1lj\u00e1k \u0151ket aaz 1035\/2022 HCL 40. mell\u00e9klet\u00e9ben meghat\u00e1rozott elj\u00e1r\u00e1s alkalmaz\u00e1s\u00e1t k\u00f6vet\u0151enolyan \u00e9p\u00fcletek, amelyekre a m\u0171eml\u00e9kekt\u0151l elt\u00e9r\u0151 v\u00e9delmi rendszert hoztak l\u00e9tre,a m\u0171eml\u00e9ki v\u00e9dett ter\u00fcleteken \u00e9s a v\u00e9dett be\u00e9p\u00edtett ter\u00fcleteken tal\u00e1lhat\u00f3 &#8211; afelt\u00e9ve, hogy az alkalmaz\u00e1st k\u00f6vet\u0151en j\u00f3\/nagyon j\u00f3 m\u0171szaki \u00e1llapotban vannak. Rendelet a m\u0171eml\u00e9k\u00e9p\u00fcletekre vonatkoz\u00f3 k\u00f6nny\u00edt\u00e9s megad\u00e1s\u00e1nak felt\u00e9teleir\u0151lvalamint a m\u0171eml\u00e9kv\u00e9delmi ter\u00fcleteken \u00e9s a m\u0171eml\u00e9kv\u00e9delmi ter\u00fcleteken\" \/>\n<meta property=\"og:url\" content=\"https:\/\/oradea.ro\/informatii-taxe-si-impozite\/facilitati-fiscale\/facilitati-fiscale-pentru-persoane-fizice\/\" \/>\n<meta property=\"og:site_name\" content=\"Oradea.ro\" \/>\n<meta property=\"article:modified_time\" content=\"2024-01-24T08:44:35+00:00\" \/>\n<meta property=\"og:image\" content=\"https:\/\/oradea.ro\/wp-content\/uploads\/2023\/09\/hero_slide_2.webp\" \/>\n\t<meta property=\"og:image:width\" content=\"1920\" \/>\n\t<meta property=\"og:image:height\" content=\"1000\" \/>\n\t<meta property=\"og:image:type\" content=\"image\/webp\" \/>\n<meta name=\"twitter:card\" content=\"summary_large_image\" \/>\n<meta name=\"twitter:label1\" content=\"Becs\u00fclt olvas\u00e1si id\u0151\" \/>\n\t<meta name=\"twitter:data1\" content=\"9 perc\" \/>\n<script type=\"application\/ld+json\" class=\"yoast-schema-graph\">{\"@context\":\"https:\/\/schema.org\",\"@graph\":[{\"@type\":\"WebPage\",\"@id\":\"https:\/\/oradea.ro\/informatii-taxe-si-impozite\/facilitati-fiscale\/facilitati-fiscale-pentru-persoane-fizice\/\",\"url\":\"https:\/\/oradea.ro\/informatii-taxe-si-impozite\/facilitati-fiscale\/facilitati-fiscale-pentru-persoane-fizice\/\",\"name\":\"Ad\u00f3kedvezm\u00e9nyek mag\u00e1nszem\u00e9lyek sz\u00e1m\u00e1ra - Oradea.ro\",\"isPartOf\":{\"@id\":\"https:\/\/oradea.ro\/#website\"},\"primaryImageOfPage\":{\"@id\":\"https:\/\/oradea.ro\/informatii-taxe-si-impozite\/facilitati-fiscale\/facilitati-fiscale-pentru-persoane-fizice\/#primaryimage\"},\"image\":{\"@id\":\"https:\/\/oradea.ro\/informatii-taxe-si-impozite\/facilitati-fiscale\/facilitati-fiscale-pentru-persoane-fizice\/#primaryimage\"},\"thumbnailUrl\":\"https:\/\/oradea.ro\/wp-content\/uploads\/2023\/09\/hero_slide_2.webp\",\"datePublished\":\"2023-10-24T03:48:32+00:00\",\"dateModified\":\"2024-01-24T08:44:35+00:00\",\"breadcrumb\":{\"@id\":\"https:\/\/oradea.ro\/informatii-taxe-si-impozite\/facilitati-fiscale\/facilitati-fiscale-pentru-persoane-fizice\/#breadcrumb\"},\"inLanguage\":\"hu\",\"potentialAction\":[{\"@type\":\"ReadAction\",\"target\":[\"https:\/\/oradea.ro\/informatii-taxe-si-impozite\/facilitati-fiscale\/facilitati-fiscale-pentru-persoane-fizice\/\"]}]},{\"@type\":\"ImageObject\",\"inLanguage\":\"hu\",\"@id\":\"https:\/\/oradea.ro\/informatii-taxe-si-impozite\/facilitati-fiscale\/facilitati-fiscale-pentru-persoane-fizice\/#primaryimage\",\"url\":\"https:\/\/oradea.ro\/wp-content\/uploads\/2023\/09\/hero_slide_2.webp\",\"contentUrl\":\"https:\/\/oradea.ro\/wp-content\/uploads\/2023\/09\/hero_slide_2.webp\",\"width\":1920,\"height\":1000},{\"@type\":\"BreadcrumbList\",\"@id\":\"https:\/\/oradea.ro\/informatii-taxe-si-impozite\/facilitati-fiscale\/facilitati-fiscale-pentru-persoane-fizice\/#breadcrumb\",\"itemListElement\":[{\"@type\":\"ListItem\",\"position\":1,\"name\":\"\",\"item\":\"https:\/\/oradea.ro\/hu\/\"},{\"@type\":\"ListItem\",\"position\":2,\"name\":\"Ad\u00f3z\u00e1si inform\u00e1ci\u00f3k\",\"item\":\"https:\/\/oradea.ro\/informatii-taxe-si-impozite\/\"},{\"@type\":\"ListItem\",\"position\":3,\"name\":\"Fisk\u00e1lis kedvezm\u00e9nyek\",\"item\":\"https:\/\/oradea.ro\/informatii-taxe-si-impozite\/facilitati-fiscale\/\"},{\"@type\":\"ListItem\",\"position\":4,\"name\":\"Ad\u00f3kedvezm\u00e9nyek mag\u00e1nszem\u00e9lyek sz\u00e1m\u00e1ra\"}]},{\"@type\":\"WebSite\",\"@id\":\"https:\/\/oradea.ro\/#website\",\"url\":\"https:\/\/oradea.ro\/\",\"name\":\"Oradea.ro\",\"description\":\"Site-ul oficial al Prim\u0103riei Municipiului Oradea\",\"publisher\":{\"@id\":\"https:\/\/oradea.ro\/#organization\"},\"potentialAction\":[{\"@type\":\"SearchAction\",\"target\":{\"@type\":\"EntryPoint\",\"urlTemplate\":\"https:\/\/oradea.ro\/?s={search_term_string}\"},\"query-input\":{\"@type\":\"PropertyValueSpecification\",\"valueRequired\":true,\"valueName\":\"search_term_string\"}}],\"inLanguage\":\"hu\"},{\"@type\":\"Organization\",\"@id\":\"https:\/\/oradea.ro\/#organization\",\"name\":\"Oradea.ro\",\"url\":\"https:\/\/oradea.ro\/\",\"logo\":{\"@type\":\"ImageObject\",\"inLanguage\":\"hu\",\"@id\":\"https:\/\/oradea.ro\/#\/schema\/logo\/image\/\",\"url\":\"https:\/\/oradea.ro\/wp-content\/uploads\/2023\/06\/footer_logo.svg\",\"contentUrl\":\"https:\/\/oradea.ro\/wp-content\/uploads\/2023\/06\/footer_logo.svg\",\"width\":218,\"height\":53,\"caption\":\"Oradea.ro\"},\"image\":{\"@id\":\"https:\/\/oradea.ro\/#\/schema\/logo\/image\/\"}}]}<\/script>\n<!-- \/ Yoast SEO plugin. -->","yoast_head_json":{"title":"Ad\u00f3kedvezm\u00e9nyek mag\u00e1nszem\u00e9lyek sz\u00e1m\u00e1ra - Oradea.ro","robots":{"index":"index","follow":"follow","max-snippet":"max-snippet:-1","max-image-preview":"max-image-preview:large","max-video-preview":"max-video-preview:-1"},"canonical":"https:\/\/oradea.ro\/informatii-taxe-si-impozite\/facilitati-fiscale\/facilitati-fiscale-pentru-persoane-fizice\/","og_locale":"hu_HU","og_type":"article","og_title":"Ad\u00f3kedvezm\u00e9nyek mag\u00e1nszem\u00e9lyek sz\u00e1m\u00e1ra - Oradea.ro","og_description":"Ad\u00f3kedvezm\u00e9nyek mag\u00e1nszem\u00e9lyek sz\u00e1m\u00e1ra Ad\u00f3kedvezm\u00e9nyek mag\u00e1nszem\u00e9lyek sz\u00e1m\u00e1ra Mentess\u00e9gek mag\u00e1nszem\u00e9lyek sz\u00e1m\u00e1ra Az ad\u00f3fizet\u0151k azon kateg\u00f3ri\u00e1ja, akik a t\u00f6rv\u00e9ny erej\u00e9n\u00e9l fogva ad\u00f3mentess\u00e9get kapnak: H\u00e1bor\u00fas veter\u00e1nok Ad\u00f3t\u00edpusok, amelyek al\u00f3l mentes\u00fclnek: 1. \u00c9p\u00edtm\u00e9nyad\u00f3 2. F\u00f6ldad\u00f3 3. Egys\u00e9ges k\u00f6zleked\u00e9si ad\u00f3 A mentess\u00e9g a k\u00f6vetkez\u0151kre vonatkozik: 1. Tulajdonban vagy t\u00e1rstulajdonban l\u00e9v\u0151 \u00e9p\u00fcletek 2. Tulajdonban vagy t\u00e1rstulajdonban l\u00e9v\u0151 f\u00f6ldter\u00fclet 3. Egy k\u00f6zleked\u00e9si eszk\u00f6z, az ad\u00f3fizet\u0151 v\u00e1laszt\u00e1sa szerint. H\u00e1bor\u00fas \u00f6zvegyek \u00e9s h\u00e1bor\u00fas veter\u00e1nok \u00f6zvegyei, akik nem h\u00e1zasodtak \u00fajra. Ad\u00f3t\u00edpusok, amelyek al\u00f3l mentes\u00fclnek: 1. \u00c9p\u00edtm\u00e9nyad\u00f3 2. F\u00f6ldad\u00f3 3. Egys\u00e9ges k\u00f6zleked\u00e9si ad\u00f3 A mentess\u00e9g a k\u00f6vetkez\u0151kre vonatkozik: 1. Tulajdonban vagy t\u00e1rstulajdonban l\u00e9v\u0151 \u00e9p\u00fcletek 2. Tulajdonban vagy t\u00e1rstulajdonban l\u00e9v\u0151 f\u00f6ldter\u00fclet 3. Egy k\u00f6zleked\u00e9si eszk\u00f6z, az ad\u00f3fizet\u0151 v\u00e1laszt\u00e1sa szerint. Az 1945. m\u00e1rcius 6. \u00f3ta fenn\u00e1ll\u00f3 diktat\u00fara \u00e1ltal politikai okokb\u00f3l \u00fcld\u00f6z\u00f6tt szem\u00e9lyek, valamint a k\u00fclf\u00f6ldre deport\u00e1lt vagy fogs\u00e1gba esett szem\u00e9lyek sz\u00e1m\u00e1ra bizonyos jogok biztos\u00edt\u00e1s\u00e1r\u00f3l sz\u00f3l\u00f3 118\/1990. sz. t\u00f6rv\u00e9nyerej\u0171 rendelet 1. cikk\u00e9ben eml\u00edtett szem\u00e9lyek. Ad\u00f3t\u00edpusok, amelyek al\u00f3l mentes\u00fclnek: 1. \u00c9p\u00edtm\u00e9nyad\u00f3 2. F\u00f6ldad\u00f3 3. Egys\u00e9ges k\u00f6zleked\u00e9si ad\u00f3 A mentess\u00e9g a k\u00f6vetkez\u0151kre vonatkozik: 1. Tulajdonban vagy t\u00e1rstulajdonban l\u00e9v\u0151 \u00e9p\u00fcletek 2. Tulajdonban vagy t\u00e1rstulajdonban l\u00e9v\u0151 f\u00f6ldter\u00fclet 3. Egy k\u00f6zleked\u00e9si eszk\u00f6z, az ad\u00f3fizet\u0151 v\u00e1laszt\u00e1sa szerint. A 3. cikk (1) bekezd\u00e9s\u00e9nek lit. b) \u00e9s az 1989. decemberi rom\u00e1niai forradalom gy\u0151zelm\u00e9hez hozz\u00e1j\u00e1rul\u00f3 h\u0151s\u00f6k &#8211; m\u00e1rt\u00edrok \u00e9s harcosok elismer\u00e9s\u00e9r\u0151l sz\u00f3l\u00f3 341\/2004. sz. t\u00f6rv\u00e9ny 4. cikk\u00e9nek (1) bekezd\u00e9se. Ad\u00f3t\u00edpusok, amelyek al\u00f3l mentes\u00fclnek: 1. \u00c9p\u00edtm\u00e9nyad\u00f3 2. F\u00f6ldad\u00f3 3. Egys\u00e9ges k\u00f6zleked\u00e9si ad\u00f3 A mentess\u00e9g a k\u00f6vetkez\u0151kre vonatkozik: 1. Tulajdonban vagy t\u00e1rstulajdonban l\u00e9v\u0151 \u00e9p\u00fcletek 2. Tulajdonban vagy t\u00e1rstulajdonban l\u00e9v\u0151 f\u00f6ldter\u00fclet 3. Egy k\u00f6zleked\u00e9si eszk\u00f6z, az ad\u00f3fizet\u0151 v\u00e1laszt\u00e1sa szerint. A 2. cikk lit. a), c)-e) a katonai akci\u00f3kban r\u00e9szt vev\u0151 katon\u00e1k \u00e9rdemeinek elismer\u00e9s\u00e9r\u0151l \u00e9s bizonyos jogok biztos\u00edt\u00e1s\u00e1r\u00f3l sz\u00e1mukra \u00e9s az elhunytak lesz\u00e1rmazottai sz\u00e1m\u00e1ra t\u00f6rt\u00e9n\u0151 megad\u00e1s\u00e1r\u00f3l sz\u00f3l\u00f3 82\/2006. sz\u00e1m\u00fa s\u00fcrg\u0151ss\u00e9gi korm\u00e1nyrendelet a), c)-e) pontjai Ad\u00f3t\u00edpusok, amelyek al\u00f3l mentes\u00fclnek: 1. \u00c9p\u00edtm\u00e9nyad\u00f3 2. F\u00f6ldad\u00f3 A mentess\u00e9g a k\u00f6vetkez\u0151kre vonatkozik: 1. Tulajdonban vagy t\u00e1rstulajdonban l\u00e9v\u0151 \u00e9p\u00fcletek 2. Tulajdonban vagy t\u00e1rstulajdonban l\u00e9v\u0151 f\u00f6ldter\u00fclet S\u00falyos vagy s\u00falyos fogyat\u00e9koss\u00e1ggal \u00e9l\u0151 vagy els\u0151 fokon fogyat\u00e9kos szem\u00e9lyek t\u00f6rv\u00e9nyes k\u00e9pvisel\u0151i, illetve a s\u00falyos vagy s\u00falyos fogyat\u00e9koss\u00e1ggal \u00e9l\u0151 kiskor\u00faak \u00e9s az els\u0151 fokon fogyat\u00e9kos kiskor\u00faak t\u00f6rv\u00e9nyes k\u00e9pvisel\u0151i. Ad\u00f3t\u00edpusok, amelyek al\u00f3l mentes\u00fclnek: 1. \u00c9p\u00edtm\u00e9nyad\u00f3 2. F\u00f6ldad\u00f3 3. Egys\u00e9ges k\u00f6zleked\u00e9si ad\u00f3 A mentess\u00e9g a k\u00f6vetkez\u0151kre vonatkozik: 1. Az \u00e9p\u00edtm\u00e9nyad\u00f3\/f\u00f6ldad\u00f3 al\u00f3li mentess\u00e9g csak az al\u00e1bbiak lakc\u00edm\u00e9n tal\u00e1lhat\u00f3 ingatlanra vonatkoziks\u00falyosan vagy s\u00falyosan fogyat\u00e9kos szem\u00e9lyek \u00e9s szem\u00e9lyek tulajdon\u00e1ban vagy t\u00e1rstulajdon\u00e1ban \u00e1llnakI. fok\u00fa fogyat\u00e9koss\u00e1ggal \u00e9l\u0151 szem\u00e9lyek vagy fogyat\u00e9kos kiskor\u00faak t\u00f6rv\u00e9nyes k\u00e9pvisel\u0151is\u00falyos vagy s\u00falyosan fogyat\u00e9kos, valamint az I. fokozat\u00fa fogyat\u00e9kosnak min\u0151s\u00edtett kiskor\u00faak; 2. Ad\u00f3mentess\u00e9g az ad\u00f3fizet\u00e9s al\u00f3l a k\u00f6vetkez\u0151 k\u00f6zleked\u00e9si eszk\u00f6z\u00f6k ut\u00e1n a s\u00falyos vagy s\u00falyosan fogyat\u00e9kos szem\u00e9lyek t\u00e1rstulajdona, valamint a szem\u00e9lyek sz\u00e1ll\u00edt\u00e1s\u00e1ra szolg\u00e1l\u00f3 j\u00e1rm\u0171vekfogyat\u00e9koss\u00e1ggal vagy rokkants\u00e1ggal, a t\u00f6rv\u00e9nyes k\u00e9pvisel\u0151k tulajdon\u00e1ban vagy t\u00e1rstulajdon\u00e1ban l\u00e9v\u0151a s\u00falyos vagy s\u00falyos fogyat\u00e9koss\u00e1ggal \u00e9l\u0151 kiskor\u00faak \u00e9s az I. fogyat\u00e9koss\u00e1gi fokozatba sorolt kiskor\u00faak, a k\u00f6vetkez\u0151 esetekbenegyetlen k\u00f6zleked\u00e9si eszk\u00f6zzel, az ad\u00f3fizet\u0151 v\u00e1laszt\u00e1sa szerint; Azok a mag\u00e1nszem\u00e9lyek, akik a tulajdonukban l\u00e9v\u0151 lak\u00f3\u00e9p\u00fcleteket fel\u00faj\u00edtj\u00e1k vagy h\u0151technikailag korszer\u0171s\u00edtik a 325\/2002. sz. t\u00f6rv\u00e9nnyel m\u00f3dos\u00edtott 29\/2000. sz. korm\u00e1nyrendelet \u00e9rtelm\u00e9ben. Ad\u00f3t\u00edpusok, amelyek al\u00f3l mentes\u00fclnek:\u00c9p\u00edtm\u00e9nyad\u00f3 a termikus fel\u00faj\u00edt\u00e1sra felvett hitel visszafizet\u00e9si ideje alatt. Olyan \u00e9p\u00fcletek, amelyekben a tulajdonosok saj\u00e1t k\u00f6lts\u00e9g\u00fck\u00f6n beavatkoz\u00e1si munk\u00e1latokat v\u00e9geztek az energiateljes\u00edtm\u00e9ny n\u00f6vel\u00e9se \u00e9rdek\u00e9ben&#8230; Olyan \u00e9p\u00fcletek, ahol a tulajdonosok saj\u00e1t k\u00f6lts\u00e9g\u00fck\u00f6n intervenci\u00f3s munk\u00e1latokat v\u00e9geztek a k\u00f6vetkez\u0151k \u00e9rdek\u00e9benaz energiateljes\u00edtm\u00e9ny n\u00f6veked\u00e9se, a befejez\u00e9skor k\u00e9sz\u00fclt \u00e1tv\u00e9teli jelent\u00e9s alapj\u00e1n,a jogszab\u00e1lyoknak megfelel\u0151en elk\u00e9sz\u00edtett, a javasolt beavatkoz\u00e1si int\u00e9zked\u00e9sek v\u00e9grehajt\u00e1s\u00e1nak meg\u00e1llap\u00edt\u00e1s\u00e1t tartalmaz\u00f3 dokumentumotaz energetikai auditor \u00e1ltal az energiateljes\u00edtm\u00e9nyre vonatkoz\u00f3 tan\u00fas\u00edtv\u00e1nyban vagy adott esetben aenergiaaudit, a 18\/2009. sz. s\u00fcrg\u0151ss\u00e9gi korm\u00e1nyrendeletben el\u0151\u00edrtak szerint.a lak\u00f3\u00e9p\u00fcletek energiateljes\u00edtm\u00e9ny\u00e9nek n\u00f6vel\u00e9se, m\u00f3dos\u00edt\u00e1sokkal \u00e9s kieg\u00e9sz\u00edt\u00e9sekkel j\u00f3v\u00e1hagyvaa m\u00f3dos\u00edtott \u00e9s kieg\u00e9sz\u00edtett 158\/2011. sz. t\u00f6rv\u00e9nnyel; Ad\u00f3t\u00edpusok, amelyek al\u00f3l mentes\u00fclnek:\u00c9p\u00edtm\u00e9nyad\u00f3 a megszerz\u00e9st\u0151l sz\u00e1m\u00edtott 5 \u00e9vig A mentess\u00e9get akkor adj\u00e1k meg, ha a felt\u00e9telek teljes\u00fclnek:A 18\/2009. sz. s\u00fcrg\u0151ss\u00e9gi korm\u00e1nyrendeletben el\u0151\u00edrt intervenci\u00f3s munk\u00e1latok elv\u00e9gz\u00e9se.a lak\u00f3\u00e9p\u00fcletek energiateljes\u00edtm\u00e9ny\u00e9nek jav\u00edt\u00e1s\u00e1r\u00f3l, friss\u00edtveaz \u00e9p\u00fcleteken v\u00e9gzett beavatkoz\u00e1si munk\u00e1kat az energetikai auditornak kell javasolnia.az energiateljes\u00edtm\u00e9nyre vonatkoz\u00f3 tan\u00fas\u00edtv\u00e1nyban vagy adott esetben az energiaauditr\u00f3l sz\u00f3l\u00f3 jelent\u00e9sben; &#8211; a k\u00f6vetkez\u0151kt\u0151la munka befejez\u00e9s\u00e9r\u0151l sz\u00f3l\u00f3 \u00e1tv\u00e9teli jegyz\u0151k\u00f6nyvnek igazolnia kell, hogy a munk\u00e1t elv\u00e9gezt\u00e9k.az energetikai auditor \u00e1ltal javasoltak; &#8211; az energetikai auditor k\u00f6lts\u00e9g\u00e9n beavatkoz\u00e1si munk\u00e1t v\u00e9geztek.saj\u00e1t; Az ad\u00f3elj\u00e1r\u00e1si t\u00f6rv\u00e9nyk\u00f6nyvr\u0151l sz\u00f3l\u00f3 207\/2015 t\u00f6rv\u00e9ny 185. cikk\u00e9ben el\u0151\u00edrt, a fenn\u00e1ll\u00f3 k\u00f6lts\u00e9gvet\u00e9si k\u00f6telezetts\u00e9gek megfizet\u00e9se al\u00f3li mentess\u00e9g: a. Kiskor\u00fa gyermekek, ingatlanok \u00f6r\u00f6k\u00f6sei, gy\u00e1ms\u00e1g, nevel\u0151sz\u00fcl\u0151i fel\u00fcgyelet, gondnoks\u00e1g alatt; b. Azok a szem\u00e9lyek, akik egy \u00e9ven bel\u00fcl csak munkan\u00e9lk\u00fcli seg\u00e9lyben, szoci\u00e1lis seg\u00e9lyben r\u00e9szes\u00fclnek,t\u00e1mogat\u00e1si juttat\u00e1s;c. Egyed\u00fcl\u00e1ll\u00f3, beteg vagy alacsony j\u00f6vedelm\u0171 csal\u00e1dokhoz tartoz\u00f3 id\u0151sek a k\u00f6vetkez\u0151kt\u0151lmunkan\u00e9lk\u00fcli seg\u00e9ly, szoci\u00e1lis seg\u00e9ly, seg\u00e9lyt\u00e1mogat\u00e1s;d. Egy\u00e9b szoci\u00e1lis esetek; Ad\u00f3t\u00edpusok, amelyek al\u00f3l mentes\u00fclnek: 1. \u00c9p\u00edtm\u00e9nyad\u00f3 2. F\u00f6ldad\u00f3 A k\u00e9relmez\u0151nek a k\u00f6vetkez\u0151 krit\u00e9riumoknak kell megfelelnie:&#8211; nem birtokolhat egyn\u00e9l t\u00f6bb ingatlant;&#8211; nem rendelkezik saj\u00e1t k\u00f6zleked\u00e9si eszk\u00f6zzel&#8211; a csal\u00e1donk\u00e9nti havi \u00f6sszj\u00f6vedelem (a k\u00e9relmez\u0151vel egy h\u00e1ztart\u00e1sban \u00e9l\u0151 csal\u00e1dtagok eset\u00e9ben) a k\u00f6vetkez\u0151alacsonyabb, mint a 2018-ban hat\u00e1lyos orsz\u00e1gonk\u00e9nti garant\u00e1lt brutt\u00f3 minim\u00e1lb\u00e9r;&#8211; a k\u00e9relmez\u0151 \u00e9s az ugyanazon a c\u00edmen \u00e9l\u0151 m\u00e1s csal\u00e1dtagok nem rendelkeznek m\u00e1s ingatlannalm\u00e1s ingatlan, mint amelyre a mentess\u00e9get ig\u00e9nylik;&#8211; a k\u00e9relmez\u0151 a helyi k\u00f6lts\u00e9gvet\u00e9ssel szemben fenn\u00e1ll\u00f3 \u00f6sszes f\u0151ad\u00f3fizet\u00e9si k\u00f6telezetts\u00e9get megfizette, cs\u00f6kkentve a k\u00f6vetkez\u0151kkela j\u00e1rul\u00e9kos ad\u00f3k\u00f6telezetts\u00e9gek, amelyekre mentess\u00e9get ig\u00e9nyelnek;&#8211; a lak\u00e1s hasznos alapter\u00fclete, amelyre az ad\u00f3mentess\u00e9get ig\u00e9nylik, a k\u00f6vetkez\u0151 lak\u00e1sok sz\u00e1m\u00e1t\u00f3l f\u00fcgg\u0151enaz ezen a c\u00edmen lak\u00f3 szem\u00e9lyek sz\u00e1ma nem haladhatja meg az al\u00e1bbi t\u00e1bl\u00e1zatban felt\u00fcntetett ter\u00fcletetB.*T* a 114\/1996. sz. lak\u00e1s\u00fcgyi t\u00f6rv\u00e9ny (friss\u00edtve). CSAL\u00c1DI HASZNOS ALAPTER\u00dcLET 1 szem\u00e9ly 37 MP 2 szem\u00e9ly 52 MP 3 szem\u00e9ly 66 MP 4 ember 74 MP 5 f\u0151 87 MP 6 ember 93 MP 7 ember 107 MP 8 ember 110 MP A term\u00e9szeti katasztr\u00f3f\u00e1k (f\u00f6ldreng\u00e9s, \u00e1rv\u00edz vagy term\u00e9szeti jelens\u00e9gek okozta t\u0171zv\u00e9sz, f\u00f6ldcsuszaml\u00e1s vagy f\u00f6ldcsuszaml\u00e1s stb.) \u00e1ltal \u00e9rintett \u00e9p\u00fcletek \u00e9s f\u00f6ldter\u00fcletek eset\u00e9ben. Az ad\u00f3t\u00edpusok, amelyek al\u00f3l legfeljebb 5 \u00e9vig mentes\u00fclnek: 1. \u00c9p\u00edtm\u00e9nyad\u00f3 2. F\u00f6ldad\u00f3 A mentess\u00e9g akkor adhat\u00f3 meg, ha:A term\u00e9szeti katasztr\u00f3f\u00e1k hat\u00e1saival kapcsolatos lakoss\u00e1gi panaszokat \u00edr\u00e1sban vagytelefonon a Nagyv\u00e1radi V\u00e1rosh\u00e1za r\u00e9sz\u00e9re, az esem\u00e9ny bek\u00f6vetkez\u00e9s\u00e9t\u0151l sz\u00e1m\u00edtott legfeljebb 72 \u00f3r\u00e1n bel\u00fcl.szerencs\u00e9tlens\u00e9g. Ad\u00f3kedvezm\u00e9nyt ny\u00fajtanak az \u00e9p\u00edtm\u00e9nyad\u00f3 al\u00f3li mentess\u00e9g form\u00e1j\u00e1ban is, \u00e9stelekad\u00f3\/ad\u00f3, az al\u00e1bbi \u00e9p\u00fclet-, illetve telekkateg\u00f3ri\u00e1kra vonatkoz\u00f3an, az al\u00e1bbiak szerint:olyan \u00e9p\u00fcletek, amelyek a t\u00f6rv\u00e9ny szerint t\u00f6rt\u00e9nelmi, \u00e9p\u00edt\u00e9szeti vagy r\u00e9g\u00e9szeti m\u0171eml\u00e9knek min\u0151s\u00fclnek,bekezd\u00e9sben eml\u00edtetteken k\u00edv\u00fcli m\u00fazeumok vagy eml\u00e9kh\u00e1zak. (1) lit. x) a 227\/2015. sz. t\u00f6rv\u00e9nyaz ad\u00f3z\u00e1si k\u00f3dexen &#8211; felt\u00e9ve, hogy j\u00f3\/nagyon j\u00f3 m\u0171szaki \u00e1llapot\u00fanak tal\u00e1lj\u00e1k \u0151ket aaz 1035\/2022 HCL 40. mell\u00e9klet\u00e9ben meghat\u00e1rozott elj\u00e1r\u00e1s alkalmaz\u00e1s\u00e1t k\u00f6vet\u0151enolyan \u00e9p\u00fcletek, amelyekre a m\u0171eml\u00e9kekt\u0151l elt\u00e9r\u0151 v\u00e9delmi rendszert hoztak l\u00e9tre,a m\u0171eml\u00e9ki v\u00e9dett ter\u00fcleteken \u00e9s a v\u00e9dett be\u00e9p\u00edtett ter\u00fcleteken tal\u00e1lhat\u00f3 &#8211; afelt\u00e9ve, hogy az alkalmaz\u00e1st k\u00f6vet\u0151en j\u00f3\/nagyon j\u00f3 m\u0171szaki \u00e1llapotban vannak. Rendelet a m\u0171eml\u00e9k\u00e9p\u00fcletekre vonatkoz\u00f3 k\u00f6nny\u00edt\u00e9s megad\u00e1s\u00e1nak felt\u00e9teleir\u0151lvalamint a m\u0171eml\u00e9kv\u00e9delmi ter\u00fcleteken \u00e9s a m\u0171eml\u00e9kv\u00e9delmi ter\u00fcleteken","og_url":"https:\/\/oradea.ro\/informatii-taxe-si-impozite\/facilitati-fiscale\/facilitati-fiscale-pentru-persoane-fizice\/","og_site_name":"Oradea.ro","article_modified_time":"2024-01-24T08:44:35+00:00","og_image":[{"width":1920,"height":1000,"url":"https:\/\/oradea.ro\/wp-content\/uploads\/2023\/09\/hero_slide_2.webp","type":"image\/webp"}],"twitter_card":"summary_large_image","twitter_misc":{"Becs\u00fclt olvas\u00e1si id\u0151":"9 perc"},"schema":{"@context":"https:\/\/schema.org","@graph":[{"@type":"WebPage","@id":"https:\/\/oradea.ro\/informatii-taxe-si-impozite\/facilitati-fiscale\/facilitati-fiscale-pentru-persoane-fizice\/","url":"https:\/\/oradea.ro\/informatii-taxe-si-impozite\/facilitati-fiscale\/facilitati-fiscale-pentru-persoane-fizice\/","name":"Ad\u00f3kedvezm\u00e9nyek mag\u00e1nszem\u00e9lyek sz\u00e1m\u00e1ra - Oradea.ro","isPartOf":{"@id":"https:\/\/oradea.ro\/#website"},"primaryImageOfPage":{"@id":"https:\/\/oradea.ro\/informatii-taxe-si-impozite\/facilitati-fiscale\/facilitati-fiscale-pentru-persoane-fizice\/#primaryimage"},"image":{"@id":"https:\/\/oradea.ro\/informatii-taxe-si-impozite\/facilitati-fiscale\/facilitati-fiscale-pentru-persoane-fizice\/#primaryimage"},"thumbnailUrl":"https:\/\/oradea.ro\/wp-content\/uploads\/2023\/09\/hero_slide_2.webp","datePublished":"2023-10-24T03:48:32+00:00","dateModified":"2024-01-24T08:44:35+00:00","breadcrumb":{"@id":"https:\/\/oradea.ro\/informatii-taxe-si-impozite\/facilitati-fiscale\/facilitati-fiscale-pentru-persoane-fizice\/#breadcrumb"},"inLanguage":"hu","potentialAction":[{"@type":"ReadAction","target":["https:\/\/oradea.ro\/informatii-taxe-si-impozite\/facilitati-fiscale\/facilitati-fiscale-pentru-persoane-fizice\/"]}]},{"@type":"ImageObject","inLanguage":"hu","@id":"https:\/\/oradea.ro\/informatii-taxe-si-impozite\/facilitati-fiscale\/facilitati-fiscale-pentru-persoane-fizice\/#primaryimage","url":"https:\/\/oradea.ro\/wp-content\/uploads\/2023\/09\/hero_slide_2.webp","contentUrl":"https:\/\/oradea.ro\/wp-content\/uploads\/2023\/09\/hero_slide_2.webp","width":1920,"height":1000},{"@type":"BreadcrumbList","@id":"https:\/\/oradea.ro\/informatii-taxe-si-impozite\/facilitati-fiscale\/facilitati-fiscale-pentru-persoane-fizice\/#breadcrumb","itemListElement":[{"@type":"ListItem","position":1,"name":"","item":"https:\/\/oradea.ro\/hu\/"},{"@type":"ListItem","position":2,"name":"Ad\u00f3z\u00e1si inform\u00e1ci\u00f3k","item":"https:\/\/oradea.ro\/informatii-taxe-si-impozite\/"},{"@type":"ListItem","position":3,"name":"Fisk\u00e1lis kedvezm\u00e9nyek","item":"https:\/\/oradea.ro\/informatii-taxe-si-impozite\/facilitati-fiscale\/"},{"@type":"ListItem","position":4,"name":"Ad\u00f3kedvezm\u00e9nyek mag\u00e1nszem\u00e9lyek sz\u00e1m\u00e1ra"}]},{"@type":"WebSite","@id":"https:\/\/oradea.ro\/#website","url":"https:\/\/oradea.ro\/","name":"Oradea.ro","description":"Site-ul oficial al Prim\u0103riei Municipiului Oradea","publisher":{"@id":"https:\/\/oradea.ro\/#organization"},"potentialAction":[{"@type":"SearchAction","target":{"@type":"EntryPoint","urlTemplate":"https:\/\/oradea.ro\/?s={search_term_string}"},"query-input":{"@type":"PropertyValueSpecification","valueRequired":true,"valueName":"search_term_string"}}],"inLanguage":"hu"},{"@type":"Organization","@id":"https:\/\/oradea.ro\/#organization","name":"Oradea.ro","url":"https:\/\/oradea.ro\/","logo":{"@type":"ImageObject","inLanguage":"hu","@id":"https:\/\/oradea.ro\/#\/schema\/logo\/image\/","url":"https:\/\/oradea.ro\/wp-content\/uploads\/2023\/06\/footer_logo.svg","contentUrl":"https:\/\/oradea.ro\/wp-content\/uploads\/2023\/06\/footer_logo.svg","width":218,"height":53,"caption":"Oradea.ro"},"image":{"@id":"https:\/\/oradea.ro\/#\/schema\/logo\/image\/"}}]}},"publishpress_future_action":{"enabled":false,"date":"2026-05-03 11:13:38","action":"change-status","newStatus":"draft","terms":[],"taxonomy":"translation_priority","extraData":[]},"publishpress_future_workflow_manual_trigger":{"enabledWorkflows":[]},"_links":{"self":[{"href":"https:\/\/oradea.ro\/hu\/wp-json\/wp\/v2\/pages\/190941","targetHints":{"allow":["GET"]}}],"collection":[{"href":"https:\/\/oradea.ro\/hu\/wp-json\/wp\/v2\/pages"}],"about":[{"href":"https:\/\/oradea.ro\/hu\/wp-json\/wp\/v2\/types\/page"}],"author":[{"embeddable":true,"href":"https:\/\/oradea.ro\/hu\/wp-json\/wp\/v2\/users\/39"}],"replies":[{"embeddable":true,"href":"https:\/\/oradea.ro\/hu\/wp-json\/wp\/v2\/comments?post=190941"}],"version-history":[{"count":2,"href":"https:\/\/oradea.ro\/hu\/wp-json\/wp\/v2\/pages\/190941\/revisions"}],"predecessor-version":[{"id":200059,"href":"https:\/\/oradea.ro\/hu\/wp-json\/wp\/v2\/pages\/190941\/revisions\/200059"}],"up":[{"embeddable":true,"href":"https:\/\/oradea.ro\/hu\/wp-json\/wp\/v2\/pages\/190943"}],"wp:featuredmedia":[{"embeddable":true,"href":"https:\/\/oradea.ro\/hu\/wp-json\/wp\/v2\/media\/17036"}],"wp:attachment":[{"href":"https:\/\/oradea.ro\/hu\/wp-json\/wp\/v2\/media?parent=190941"}],"curies":[{"name":"wp","href":"https:\/\/api.w.org\/{rel}","templated":true}]}}