{"id":45263,"date":"2023-10-31T12:19:31","date_gmt":"2023-10-31T12:19:31","guid":{"rendered":"https:\/\/oradea.ro\/foldalap\/"},"modified":"2024-01-24T08:40:08","modified_gmt":"2024-01-24T08:40:08","slug":"foldalap","status":"publish","type":"page","link":"https:\/\/oradea.ro\/hu\/foldalap\/","title":{"rendered":"F\u00f6ldalap"},"content":{"rendered":"<div class=\"min-w-[100vw] h-[350px] md:h-[500px] ml-[calc(50%-50vw)] flex items-end bg-no-repeat bg-white bg-cover bg-center px-5\" style=\"background-image: url(https:\/\/oradea.ro\/wp-content\/uploads\/2023\/10\/home_hero_slide_2-scaled.webp);\">\r\n                    <div class=\"w-full max-w-7xl mx-auto mb-6\">\r\n                        <h1 class=\"my-0 text-white font-extrabold font-open-sans text-3xl md:text-6xl [text-shadow:_0_1px_4px_rgb(0_0_0_\/_50%)]\">F\u00f6ldalap<\/h1>\r\n                    <\/div>\r\n                <\/div><div class=\"!px-5\"><div class=\"breadcrumbs w-full max-w-7xl mx-auto grid md:flex flex-wrap items-center py-4 test\"><div><a href=\"https:\/\/oradea.ro\/hu\/\"><span class=\"fas fa-home text-[#ABAEB3]\"><\/span><\/a><span class=\"md:hidden\"><span class=\"fas fa-chevron-down mx-5 text-xs text-[#ABAEB3] hover:text-black\/50 transition-all\"><\/span><\/span><span class=\"hidden md:inline\"><span class=\"fas fa-chevron-right mx-5 text-xs text-[#ABAEB3] hover:text-black\/50 transition-all\"><\/span><\/span><\/div><span class=\"font-poppins font-semibold uppercase text-black\/60\">F\u00f6ldalap<\/span><\/div><\/div>\t\t<div data-elementor-type=\"wp-page\" data-elementor-id=\"45263\" class=\"elementor elementor-45263 elementor-25530\" data-elementor-post-type=\"page\">\n\t\t\t\t<div class=\"elementor-element elementor-element-0a4dc25 e-flex e-con-boxed wpr-particle-no wpr-jarallax-no wpr-parallax-no wpr-sticky-section-no e-con e-parent\" data-id=\"0a4dc25\" data-element_type=\"container\">\n\t\t\t\t\t<div class=\"e-con-inner\">\n\t\t\t\t<div class=\"elementor-element elementor-element-7071c51 elementor-widget__width-initial wpr-advanced-accordion-icon-side-box elementor-widget elementor-widget-wpr-advanced-accordion\" data-id=\"7071c51\" data-element_type=\"widget\" data-settings=\"{&quot;active_item&quot;:0}\" data-widget_type=\"wpr-advanced-accordion.default\">\n\t\t\t\t<div class=\"elementor-widget-container\">\n\t\t\t\t\t\n            <div class=\"wpr-advanced-accordion\" data-accordion-type=\"accordion\" data-active-index=\"0\" data-accordion-trigger=\"click\" data-interaction-speed=\"0.4\">\n\n\t\t\t\n                \n\t\t\t\t\t<div class=\"wpr-accordion-item-wrap\">\n\t\t\t\t\t\t<button class=\"wpr-acc-button\">\n\t\t\t\t\t\t\t<span class=\"wpr-acc-item-title\">\n\t\t\t\t\t\t\t\t\t\t\t\t\t\t\t\t\t<div class=\"wpr-acc-icon-box\">\n\t\t\t\t\t\t\t\t\t\t\t\t\t\t<span class=\"wpr-title-icon\">\n\t\t\t\t\t<i aria-hidden=\"true\" class=\"fas fa-info\"><\/i>\t\t\t\t<\/span>\n\t\t\t\t\t\t\t\t\t\t\t\t<\/div>\n\t\t\t\t\t\t\t\t\n\t\t\t\t\t\t\t\t<span class=\"wpr-acc-title-text\">Bizony\u00edt\u00e9k arra, hogy a f\u00f6ldter\u00fclet a f\u00f6ldt\u00f6rv\u00e9nyek hat\u00e1lya al\u00e1 tartozott<\/span>\n\t\t\t\t\t\t\t<\/span>\n\t\t\t\t\t\t\t\t\t\t\t<span class=\"wpr-toggle-icon wpr-ti-close\"><i aria-hidden=\"true\" class=\"fas fa-plus\"><\/i><\/span>\n\t\t\t\t<span class=\"wpr-toggle-icon wpr-ti-open\"><i aria-hidden=\"true\" class=\"fas fa-minus\"><\/i><\/span>\n\t\t\t\t\t\t\t\t\t<\/button>\n\n\t\t\t\t\t\t<div class=\"wpr-acc-panel\">\n\t\t\t\t\t\t\t\t\t\t\t\t\t\t\t<div class=\"wpr-acc-panel-content\"><p><a href=\"https:\/\/oradea.ro\/wp-content\/uploads\/2023\/10\/Dovada-ca-terenul-s-a-aflat-sub-incidenta-legilor-fondului-funciar.pdf\" target=\"_blank\" rel=\"noopener\">Bizony\u00edt\u00e9k arra, hogy a f\u00f6ldter\u00fcletre f\u00f6ldt\u00f6rv\u00e9nyek vonatkoztak - PDF megnyit\u00e1sa<\/a><\/p><p><strong>Sz\u00fcks\u00e9ges iratok: <\/strong><\/p><p>1. formanyomtatv\u00e1ny<br>A sz\u00fcks\u00e9ges dokumentumok a p\u00e1ly\u00e1zatban szerepelnek.<\/p><\/div>\n\t\t\t\t\t\t\t\t\t\t\t\t\t<\/div>\n                    <\/div>\n\n                \n\t\t\t\t\t<div class=\"wpr-accordion-item-wrap\">\n\t\t\t\t\t\t<button class=\"wpr-acc-button\">\n\t\t\t\t\t\t\t<span class=\"wpr-acc-item-title\">\n\t\t\t\t\t\t\t\t\t\t\t\t\t\t\t\t\t<div class=\"wpr-acc-icon-box\">\n\t\t\t\t\t\t\t\t\t\t\t\t\t\t<span class=\"wpr-title-icon\">\n\t\t\t\t\t<i aria-hidden=\"true\" class=\"fas fa-info\"><\/i>\t\t\t\t<\/span>\n\t\t\t\t\t\t\t\t\t\t\t\t<\/div>\n\t\t\t\t\t\t\t\t\n\t\t\t\t\t\t\t\t<span class=\"wpr-acc-title-text\">A r\u00e9g\u00e9szeti lel\u0151helyek l\u00e9tez\u00e9s\u00e9r\u0151l sz\u00f3l\u00f3 irat kiad\u00e1sa<\/span>\n\t\t\t\t\t\t\t<\/span>\n\t\t\t\t\t\t\t\t\t\t\t<span class=\"wpr-toggle-icon wpr-ti-close\"><i aria-hidden=\"true\" class=\"fas fa-plus\"><\/i><\/span>\n\t\t\t\t<span class=\"wpr-toggle-icon wpr-ti-open\"><i aria-hidden=\"true\" class=\"fas fa-minus\"><\/i><\/span>\n\t\t\t\t\t\t\t\t\t<\/button>\n\n\t\t\t\t\t\t<div class=\"wpr-acc-panel\">\n\t\t\t\t\t\t\t\t\t\t\t\t\t\t\t<div class=\"wpr-acc-panel-content\"><p><a href=\"https:\/\/oradea.ro\/wp-content\/uploads\/2023\/10\/Eliberare-adresa-privind-existenta-siturilor-arheologice.pdf\" target=\"_blank\" rel=\"noopener\">A r\u00e9g\u00e9szeti lel\u0151helyek l\u00e9tez\u00e9s\u00e9r\u0151l sz\u00f3l\u00f3 irat kiad\u00e1sa - PDF megnyit\u00e1sa<\/a><\/p><p><strong>Sz\u00fcks\u00e9ges iratok:<\/strong><\/p><p>1. formanyomtatv\u00e1ny<br>A sz\u00fcks\u00e9ges dokumentumok a k\u00e9rv\u00e9nyben szerepelnek.<\/p><\/div>\n\t\t\t\t\t\t\t\t\t\t\t\t\t<\/div>\n                    <\/div>\n\n                \n\t\t\t\t\t<div class=\"wpr-accordion-item-wrap\">\n\t\t\t\t\t\t<button class=\"wpr-acc-button\">\n\t\t\t\t\t\t\t<span class=\"wpr-acc-item-title\">\n\t\t\t\t\t\t\t\t\t\t\t\t\t\t\t\t\t<div class=\"wpr-acc-icon-box\">\n\t\t\t\t\t\t\t\t\t\t\t\t\t\t<span class=\"wpr-title-icon\">\n\t\t\t\t\t<i aria-hidden=\"true\" class=\"fas fa-info\"><\/i>\t\t\t\t<\/span>\n\t\t\t\t\t\t\t\t\t\t\t\t<\/div>\n\t\t\t\t\t\t\t\t\n\t\t\t\t\t\t\t\t<span class=\"wpr-acc-title-text\">Tulajdonjogi okm\u00e1nyok m\u00e1sodp\u00e9ld\u00e1ny\u00e1nak ki\u00e1ll\u00edt\u00e1sa<\/span>\n\t\t\t\t\t\t\t<\/span>\n\t\t\t\t\t\t\t\t\t\t\t<span class=\"wpr-toggle-icon wpr-ti-close\"><i aria-hidden=\"true\" class=\"fas fa-plus\"><\/i><\/span>\n\t\t\t\t<span class=\"wpr-toggle-icon wpr-ti-open\"><i aria-hidden=\"true\" class=\"fas fa-minus\"><\/i><\/span>\n\t\t\t\t\t\t\t\t\t<\/button>\n\n\t\t\t\t\t\t<div class=\"wpr-acc-panel\">\n\t\t\t\t\t\t\t\t\t\t\t\t\t\t\t<div class=\"wpr-acc-panel-content\"><p><a href=\"https:\/\/oradea.ro\/wp-content\/uploads\/2023\/10\/Eliberare-duplicat-titlu-de-proprietate.pdf\" target=\"_blank\" rel=\"noopener\">Tulajdonjogi m\u00e1sodlatok kiad\u00e1sa - PDF megnyit\u00e1sa<\/a><\/p><p><strong>Sz\u00fcks\u00e9ges iratok:<\/strong><\/p><p>1. formanyomtatv\u00e1ny<br>A sz\u00fcks\u00e9ges dokumentumok a k\u00e9rv\u00e9nyben szerepelnek.<\/p><\/div>\n\t\t\t\t\t\t\t\t\t\t\t\t\t<\/div>\n                    <\/div>\n\n                \n\t\t\t\t\t<div class=\"wpr-accordion-item-wrap\">\n\t\t\t\t\t\t<button class=\"wpr-acc-button\">\n\t\t\t\t\t\t\t<span class=\"wpr-acc-item-title\">\n\t\t\t\t\t\t\t\t\t\t\t\t\t\t\t\t\t<div class=\"wpr-acc-icon-box\">\n\t\t\t\t\t\t\t\t\t\t\t\t\t\t<span class=\"wpr-title-icon\">\n\t\t\t\t\t<i aria-hidden=\"true\" class=\"fas fa-info\"><\/i>\t\t\t\t<\/span>\n\t\t\t\t\t\t\t\t\t\t\t\t<\/div>\n\t\t\t\t\t\t\t\t\n\t\t\t\t\t\t\t\t<span class=\"wpr-acc-title-text\">Telekalak\u00edt\u00e1si terv kiad\u00e1sa vagy j\u00f3v\u00e1hagy\u00e1sa<\/span>\n\t\t\t\t\t\t\t<\/span>\n\t\t\t\t\t\t\t\t\t\t\t<span class=\"wpr-toggle-icon wpr-ti-close\"><i aria-hidden=\"true\" class=\"fas fa-plus\"><\/i><\/span>\n\t\t\t\t<span class=\"wpr-toggle-icon wpr-ti-open\"><i aria-hidden=\"true\" class=\"fas fa-minus\"><\/i><\/span>\n\t\t\t\t\t\t\t\t\t<\/button>\n\n\t\t\t\t\t\t<div class=\"wpr-acc-panel\">\n\t\t\t\t\t\t\t\t\t\t\t\t\t\t\t<div class=\"wpr-acc-panel-content\"><p><a href=\"https:\/\/oradea.ro\/wp-content\/uploads\/2023\/10\/Eliberare-sau-avizare-plan-parcelar.pdf\">Telekalak\u00edt\u00e1si terv kiad\u00e1sa vagy j\u00f3v\u00e1hagy\u00e1sa - PDF megnyit\u00e1sa<\/a><\/p><p><strong>Sz\u00fcks\u00e9ges iratok:<\/strong><\/p><p>1. formanyomtatv\u00e1ny<br>A sz\u00fcks\u00e9ges dokumentumok a k\u00e9rv\u00e9nyben szerepelnek.<\/p><\/div>\n\t\t\t\t\t\t\t\t\t\t\t\t\t<\/div>\n                    <\/div>\n\n                \n\t\t\t\t\t<div class=\"wpr-accordion-item-wrap\">\n\t\t\t\t\t\t<button class=\"wpr-acc-button\">\n\t\t\t\t\t\t\t<span class=\"wpr-acc-item-title\">\n\t\t\t\t\t\t\t\t\t\t\t\t\t\t\t\t\t<div class=\"wpr-acc-icon-box\">\n\t\t\t\t\t\t\t\t\t\t\t\t\t\t<span class=\"wpr-title-icon\">\n\t\t\t\t\t<i aria-hidden=\"true\" class=\"fas fa-info\"><\/i>\t\t\t\t<\/span>\n\t\t\t\t\t\t\t\t\t\t\t\t<\/div>\n\t\t\t\t\t\t\t\t\n\t\t\t\t\t\t\t\t<span class=\"wpr-acc-title-text\">Tulajdonjogi okirat v\u00e1ltoztat\u00e1sa<\/span>\n\t\t\t\t\t\t\t<\/span>\n\t\t\t\t\t\t\t\t\t\t\t<span class=\"wpr-toggle-icon wpr-ti-close\"><i aria-hidden=\"true\" class=\"fas fa-plus\"><\/i><\/span>\n\t\t\t\t<span class=\"wpr-toggle-icon wpr-ti-open\"><i aria-hidden=\"true\" class=\"fas fa-minus\"><\/i><\/span>\n\t\t\t\t\t\t\t\t\t<\/button>\n\n\t\t\t\t\t\t<div class=\"wpr-acc-panel\">\n\t\t\t\t\t\t\t\t\t\t\t\t\t\t\t<div class=\"wpr-acc-panel-content\"><p><a href=\"https:\/\/oradea.ro\/wp-content\/uploads\/2023\/10\/Modificare-titlu-de-proprietate.pdf\">Tulajdonjogi okirat m\u00f3dos\u00edt\u00e1sa - megnyit\u00e1s PDF-ben<\/a><\/p><p><strong>Sz\u00fcks\u00e9ges iratok:<\/strong><\/p><p>1. formanyomtatv\u00e1ny<br>A sz\u00fcks\u00e9ges dokumentumok a k\u00e9rv\u00e9nyben szerepelnek.<\/p><\/div>\n\t\t\t\t\t\t\t\t\t\t\t\t\t<\/div>\n                    <\/div>\n\n                \n\t\t\t\t\t<div class=\"wpr-accordion-item-wrap\">\n\t\t\t\t\t\t<button class=\"wpr-acc-button\">\n\t\t\t\t\t\t\t<span class=\"wpr-acc-item-title\">\n\t\t\t\t\t\t\t\t\t\t\t\t\t\t\t\t\t<div class=\"wpr-acc-icon-box\">\n\t\t\t\t\t\t\t\t\t\t\t\t\t\t<span class=\"wpr-title-icon\">\n\t\t\t\t\t<i aria-hidden=\"true\" class=\"fas fa-info\"><\/i>\t\t\t\t<\/span>\n\t\t\t\t\t\t\t\t\t\t\t\t<\/div>\n\t\t\t\t\t\t\t\t\n\t\t\t\t\t\t\t\t<span class=\"wpr-acc-title-text\">A tulajdonjogok helyre\u00e1ll\u00edt\u00e1sa a 2018. \u00e9vi 231. t\u00f6rv\u00e9ny 23. cikkeje alapj\u00e1n.<\/span>\n\t\t\t\t\t\t\t<\/span>\n\t\t\t\t\t\t\t\t\t\t\t<span class=\"wpr-toggle-icon wpr-ti-close\"><i aria-hidden=\"true\" class=\"fas fa-plus\"><\/i><\/span>\n\t\t\t\t<span class=\"wpr-toggle-icon wpr-ti-open\"><i aria-hidden=\"true\" class=\"fas fa-minus\"><\/i><\/span>\n\t\t\t\t\t\t\t\t\t<\/button>\n\n\t\t\t\t\t\t<div class=\"wpr-acc-panel\">\n\t\t\t\t\t\t\t\t\t\t\t\t\t\t\t<div class=\"wpr-acc-panel-content\"><p><a href=\"https:\/\/oradea.ro\/wp-content\/uploads\/2023\/10\/Reconstituire-drept-de-proprietate-in-temeiul-legii-231-din-2018-art.-23.pdf\" target=\"_blank\" rel=\"noopener\">A tulajdonjogok helyre\u00e1ll\u00edt\u00e1sa a 2018. \u00e9vi 231. t\u00f6rv\u00e9ny 23. cikkeje alapj\u00e1n - megnyit\u00e1s PDF-ben<\/a><\/p><p><strong>Sz\u00fcks\u00e9ges iratok:<\/strong><\/p><p>1. formanyomtatv\u00e1ny<br>A sz\u00fcks\u00e9ges dokumentumok a p\u00e1ly\u00e1zatban szerepelnek.<\/p><\/div>\n\t\t\t\t\t\t\t\t\t\t\t\t\t<\/div>\n                    <\/div>\n\n                \n\t\t\t\t\t<div class=\"wpr-accordion-item-wrap\">\n\t\t\t\t\t\t<button class=\"wpr-acc-button\">\n\t\t\t\t\t\t\t<span class=\"wpr-acc-item-title\">\n\t\t\t\t\t\t\t\t\t\t\t\t\t\t\t\t\t<div class=\"wpr-acc-icon-box\">\n\t\t\t\t\t\t\t\t\t\t\t\t\t\t<span class=\"wpr-title-icon\">\n\t\t\t\t\t<i aria-hidden=\"true\" class=\"fas fa-info\"><\/i>\t\t\t\t<\/span>\n\t\t\t\t\t\t\t\t\t\t\t\t<\/div>\n\t\t\t\t\t\t\t\t\n\t\t\t\t\t\t\t\t<span class=\"wpr-acc-title-text\">A tulajdonjogok helyre\u00e1ll\u00edt\u00e1sa a 2018. \u00e9vi 231. t\u00f6rv\u00e9ny 24. cikke alapj\u00e1n.<\/span>\n\t\t\t\t\t\t\t<\/span>\n\t\t\t\t\t\t\t\t\t\t\t<span class=\"wpr-toggle-icon wpr-ti-close\"><i aria-hidden=\"true\" class=\"fas fa-plus\"><\/i><\/span>\n\t\t\t\t<span class=\"wpr-toggle-icon wpr-ti-open\"><i aria-hidden=\"true\" class=\"fas fa-minus\"><\/i><\/span>\n\t\t\t\t\t\t\t\t\t<\/button>\n\n\t\t\t\t\t\t<div class=\"wpr-acc-panel\">\n\t\t\t\t\t\t\t\t\t\t\t\t\t\t\t<div class=\"wpr-acc-panel-content\"><p><a href=\"https:\/\/oradea.ro\/wp-content\/uploads\/2023\/10\/Reconstituire-drept-de-proprietate-in-temeiul-legii-231-din-2018-art.-24.pdf\" target=\"_blank\" rel=\"noopener\">A tulajdonjogok helyre\u00e1ll\u00edt\u00e1sa a 2018. \u00e9vi 231. t\u00f6rv\u00e9ny 24. cikke alapj\u00e1n - PDF megnyit\u00e1sa<\/a><\/p><p><strong>Sz\u00fcks\u00e9ges iratok:<\/strong><\/p><p>1. formanyomtatv\u00e1ny<br>A sz\u00fcks\u00e9ges dokumentumok a k\u00e9rv\u00e9nyben szerepelnek.<\/p><\/div>\n\t\t\t\t\t\t\t\t\t\t\t\t\t<\/div>\n                    <\/div>\n\n                \n\t\t\t\t\t<div class=\"wpr-accordion-item-wrap\">\n\t\t\t\t\t\t<button class=\"wpr-acc-button\">\n\t\t\t\t\t\t\t<span class=\"wpr-acc-item-title\">\n\t\t\t\t\t\t\t\t\t\t\t\t\t\t\t\t\t<div class=\"wpr-acc-icon-box\">\n\t\t\t\t\t\t\t\t\t\t\t\t\t\t<span class=\"wpr-title-icon\">\n\t\t\t\t\t<i aria-hidden=\"true\" class=\"fas fa-info\"><\/i>\t\t\t\t<\/span>\n\t\t\t\t\t\t\t\t\t\t\t\t<\/div>\n\t\t\t\t\t\t\t\t\n\t\t\t\t\t\t\t\t<span class=\"wpr-acc-title-text\">A tulajdonjogok helyre\u00e1ll\u00edt\u00e1sa a 2018. \u00e9vi 231. t\u00f6rv\u00e9ny 27. cikkej alapj\u00e1n.<\/span>\n\t\t\t\t\t\t\t<\/span>\n\t\t\t\t\t\t\t\t\t\t\t<span class=\"wpr-toggle-icon wpr-ti-close\"><i aria-hidden=\"true\" class=\"fas fa-plus\"><\/i><\/span>\n\t\t\t\t<span class=\"wpr-toggle-icon wpr-ti-open\"><i aria-hidden=\"true\" class=\"fas fa-minus\"><\/i><\/span>\n\t\t\t\t\t\t\t\t\t<\/button>\n\n\t\t\t\t\t\t<div class=\"wpr-acc-panel\">\n\t\t\t\t\t\t\t\t\t\t\t\t\t\t\t<div class=\"wpr-acc-panel-content\"><p><a href=\"https:\/\/oradea.ro\/wp-content\/uploads\/2023\/10\/Reconstituire-drept-de-proprietate-in-temeiul-legii-231-din-2018-art.-27.pdf\" target=\"_blank\" rel=\"noopener\">A tulajdonjogok helyre\u00e1ll\u00edt\u00e1sa a 2018. \u00e9vi 231. t\u00f6rv\u00e9ny 27. cikkej alapj\u00e1n - PDF megnyit\u00e1sa<\/a><\/p><p><strong>Sz\u00fcks\u00e9ges iratok:<\/strong><\/p><p>1. formanyomtatv\u00e1ny<br>A sz\u00fcks\u00e9ges dokumentumok a k\u00e9rv\u00e9nyben szerepelnek.<\/p><\/div>\n\t\t\t\t\t\t\t\t\t\t\t\t\t<\/div>\n                    <\/div>\n\n                \n\t\t\t\t\t<div class=\"wpr-accordion-item-wrap\">\n\t\t\t\t\t\t<button class=\"wpr-acc-button\">\n\t\t\t\t\t\t\t<span class=\"wpr-acc-item-title\">\n\t\t\t\t\t\t\t\t\t\t\t\t\t\t\t\t\t<div class=\"wpr-acc-icon-box\">\n\t\t\t\t\t\t\t\t\t\t\t\t\t\t<span class=\"wpr-title-icon\">\n\t\t\t\t\t<i aria-hidden=\"true\" class=\"fas fa-info\"><\/i>\t\t\t\t<\/span>\n\t\t\t\t\t\t\t\t\t\t\t\t<\/div>\n\t\t\t\t\t\t\t\t\n\t\t\t\t\t\t\t\t<span class=\"wpr-acc-title-text\">A tulajdoni lapok helyesb\u00edt\u00e9se<\/span>\n\t\t\t\t\t\t\t<\/span>\n\t\t\t\t\t\t\t\t\t\t\t<span class=\"wpr-toggle-icon wpr-ti-close\"><i aria-hidden=\"true\" class=\"fas fa-plus\"><\/i><\/span>\n\t\t\t\t<span class=\"wpr-toggle-icon wpr-ti-open\"><i aria-hidden=\"true\" class=\"fas fa-minus\"><\/i><\/span>\n\t\t\t\t\t\t\t\t\t<\/button>\n\n\t\t\t\t\t\t<div class=\"wpr-acc-panel\">\n\t\t\t\t\t\t\t\t\t\t\t\t\t\t\t<div class=\"wpr-acc-panel-content\"><p><a href=\"https:\/\/oradea.ro\/wp-content\/uploads\/2023\/10\/Rectificare-titlu-de-proprietate.pdf\" target=\"_blank\" rel=\"noopener\">A tulajdoni lapok helyesb\u00edt\u00e9se - PDF megnyit\u00e1sa<\/a><\/p><p><strong>Sz\u00fcks\u00e9ges iratok:<\/strong><\/p><p>1. formanyomtatv\u00e1ny<br>A sz\u00fcks\u00e9ges dokumentumok a k\u00e9rv\u00e9nyben szerepelnek.<\/p><\/div>\n\t\t\t\t\t\t\t\t\t\t\t\t\t<\/div>\n                    <\/div>\n\n                            <\/div>\n        \t\t\t\t<\/div>\n\t\t\t\t<\/div>\n\t\t\t\t\t<\/div>\n\t\t\t\t<\/div>\n\t\t\t\t<\/div>\n\t\t","protected":false},"excerpt":{"rendered":"<p>F\u00f6ldalap F\u00f6ldalap Bizony\u00edt\u00e9k arra, hogy a f\u00f6ldter\u00fclet a f\u00f6ldt\u00f6rv\u00e9nyek hat\u00e1lya al\u00e1 tartozott Bizony\u00edt\u00e9k arra, hogy a f\u00f6ldter\u00fcletre f\u00f6ldt\u00f6rv\u00e9nyek vonatkoztak &#8211; PDF megnyit\u00e1sa Sz\u00fcks\u00e9ges iratok: 1. formanyomtatv\u00e1nyA sz\u00fcks\u00e9ges dokumentumok a p\u00e1ly\u00e1zatban szerepelnek. A r\u00e9g\u00e9szeti lel\u0151helyek l\u00e9tez\u00e9s\u00e9r\u0151l sz\u00f3l\u00f3 irat kiad\u00e1sa A r\u00e9g\u00e9szeti lel\u0151helyek l\u00e9tez\u00e9s\u00e9r\u0151l sz\u00f3l\u00f3 irat kiad\u00e1sa &#8211; PDF megnyit\u00e1sa Sz\u00fcks\u00e9ges iratok: 1. formanyomtatv\u00e1nyA sz\u00fcks\u00e9ges dokumentumok a k\u00e9rv\u00e9nyben szerepelnek. Tulajdonjogi okm\u00e1nyok m\u00e1sodp\u00e9ld\u00e1ny\u00e1nak ki\u00e1ll\u00edt\u00e1sa Tulajdonjogi m\u00e1sodlatok kiad\u00e1sa &#8211; PDF megnyit\u00e1sa Sz\u00fcks\u00e9ges iratok: 1. formanyomtatv\u00e1nyA sz\u00fcks\u00e9ges dokumentumok a k\u00e9rv\u00e9nyben szerepelnek. Telekalak\u00edt\u00e1si terv kiad\u00e1sa vagy j\u00f3v\u00e1hagy\u00e1sa Telekalak\u00edt\u00e1si terv kiad\u00e1sa vagy j\u00f3v\u00e1hagy\u00e1sa &#8211; PDF megnyit\u00e1sa Sz\u00fcks\u00e9ges iratok: 1. formanyomtatv\u00e1nyA sz\u00fcks\u00e9ges dokumentumok a k\u00e9rv\u00e9nyben szerepelnek. Tulajdonjogi okirat v\u00e1ltoztat\u00e1sa Tulajdonjogi okirat m\u00f3dos\u00edt\u00e1sa &#8211; megnyit\u00e1s PDF-ben Sz\u00fcks\u00e9ges iratok: 1. formanyomtatv\u00e1nyA sz\u00fcks\u00e9ges dokumentumok a k\u00e9rv\u00e9nyben szerepelnek. A tulajdonjogok helyre\u00e1ll\u00edt\u00e1sa a 2018. \u00e9vi 231. t\u00f6rv\u00e9ny 23. cikkeje alapj\u00e1n. A tulajdonjogok helyre\u00e1ll\u00edt\u00e1sa a 2018. \u00e9vi 231. t\u00f6rv\u00e9ny 23. cikkeje alapj\u00e1n &#8211; megnyit\u00e1s PDF-ben Sz\u00fcks\u00e9ges iratok: 1. formanyomtatv\u00e1nyA sz\u00fcks\u00e9ges dokumentumok a p\u00e1ly\u00e1zatban szerepelnek. A tulajdonjogok helyre\u00e1ll\u00edt\u00e1sa a 2018. \u00e9vi 231. t\u00f6rv\u00e9ny 24. cikke alapj\u00e1n. A tulajdonjogok helyre\u00e1ll\u00edt\u00e1sa a 2018. \u00e9vi 231. t\u00f6rv\u00e9ny 24. cikke alapj\u00e1n &#8211; PDF megnyit\u00e1sa Sz\u00fcks\u00e9ges iratok: 1. formanyomtatv\u00e1nyA sz\u00fcks\u00e9ges dokumentumok a k\u00e9rv\u00e9nyben szerepelnek. A tulajdonjogok helyre\u00e1ll\u00edt\u00e1sa a 2018. \u00e9vi 231. t\u00f6rv\u00e9ny 27. cikkej alapj\u00e1n. A tulajdonjogok helyre\u00e1ll\u00edt\u00e1sa a 2018. \u00e9vi 231. t\u00f6rv\u00e9ny 27. cikkej alapj\u00e1n &#8211; PDF megnyit\u00e1sa Sz\u00fcks\u00e9ges iratok: 1. formanyomtatv\u00e1nyA sz\u00fcks\u00e9ges dokumentumok a k\u00e9rv\u00e9nyben szerepelnek. A tulajdoni lapok helyesb\u00edt\u00e9se A tulajdoni lapok helyesb\u00edt\u00e9se &#8211; PDF megnyit\u00e1sa Sz\u00fcks\u00e9ges iratok: 1. formanyomtatv\u00e1nyA sz\u00fcks\u00e9ges dokumentumok a k\u00e9rv\u00e9nyben szerepelnek.<\/p>\n","protected":false},"author":2,"featured_media":16991,"parent":0,"menu_order":0,"comment_status":"closed","ping_status":"closed","template":"","meta":{"_acf_changed":false,"ep_exclude_from_search":false,"footnotes":""},"class_list":["post-45263","page","type-page","status-publish","has-post-thumbnail","hentry"],"acf":[],"yoast_head":"<!-- This site is optimized with the Yoast SEO plugin v26.6 - https:\/\/yoast.com\/wordpress\/plugins\/seo\/ -->\n<title>F\u00f6ldalap - Oradea.ro<\/title>\n<meta name=\"robots\" content=\"index, follow, max-snippet:-1, max-image-preview:large, max-video-preview:-1\" \/>\n<link rel=\"canonical\" href=\"https:\/\/oradea.ro\/cereri-si-formulare-tip\/agricol-si-fond-funciar\/fond-funciar\/\" \/>\n<meta property=\"og:locale\" content=\"hu_HU\" \/>\n<meta property=\"og:type\" content=\"article\" \/>\n<meta property=\"og:title\" content=\"F\u00f6ldalap - Oradea.ro\" \/>\n<meta property=\"og:description\" content=\"F\u00f6ldalap F\u00f6ldalap Bizony\u00edt\u00e9k arra, hogy a f\u00f6ldter\u00fclet a f\u00f6ldt\u00f6rv\u00e9nyek hat\u00e1lya al\u00e1 tartozott Bizony\u00edt\u00e9k arra, hogy a f\u00f6ldter\u00fcletre f\u00f6ldt\u00f6rv\u00e9nyek vonatkoztak &#8211; PDF megnyit\u00e1sa Sz\u00fcks\u00e9ges iratok: 1. formanyomtatv\u00e1nyA sz\u00fcks\u00e9ges dokumentumok a p\u00e1ly\u00e1zatban szerepelnek. A r\u00e9g\u00e9szeti lel\u0151helyek l\u00e9tez\u00e9s\u00e9r\u0151l sz\u00f3l\u00f3 irat kiad\u00e1sa A r\u00e9g\u00e9szeti lel\u0151helyek l\u00e9tez\u00e9s\u00e9r\u0151l sz\u00f3l\u00f3 irat kiad\u00e1sa &#8211; PDF megnyit\u00e1sa Sz\u00fcks\u00e9ges iratok: 1. formanyomtatv\u00e1nyA sz\u00fcks\u00e9ges dokumentumok a k\u00e9rv\u00e9nyben szerepelnek. Tulajdonjogi okm\u00e1nyok m\u00e1sodp\u00e9ld\u00e1ny\u00e1nak ki\u00e1ll\u00edt\u00e1sa Tulajdonjogi m\u00e1sodlatok kiad\u00e1sa &#8211; PDF megnyit\u00e1sa Sz\u00fcks\u00e9ges iratok: 1. formanyomtatv\u00e1nyA sz\u00fcks\u00e9ges dokumentumok a k\u00e9rv\u00e9nyben szerepelnek. Telekalak\u00edt\u00e1si terv kiad\u00e1sa vagy j\u00f3v\u00e1hagy\u00e1sa Telekalak\u00edt\u00e1si terv kiad\u00e1sa vagy j\u00f3v\u00e1hagy\u00e1sa &#8211; PDF megnyit\u00e1sa Sz\u00fcks\u00e9ges iratok: 1. formanyomtatv\u00e1nyA sz\u00fcks\u00e9ges dokumentumok a k\u00e9rv\u00e9nyben szerepelnek. Tulajdonjogi okirat v\u00e1ltoztat\u00e1sa Tulajdonjogi okirat m\u00f3dos\u00edt\u00e1sa &#8211; megnyit\u00e1s PDF-ben Sz\u00fcks\u00e9ges iratok: 1. formanyomtatv\u00e1nyA sz\u00fcks\u00e9ges dokumentumok a k\u00e9rv\u00e9nyben szerepelnek. A tulajdonjogok helyre\u00e1ll\u00edt\u00e1sa a 2018. \u00e9vi 231. t\u00f6rv\u00e9ny 23. cikkeje alapj\u00e1n. A tulajdonjogok helyre\u00e1ll\u00edt\u00e1sa a 2018. \u00e9vi 231. t\u00f6rv\u00e9ny 23. cikkeje alapj\u00e1n &#8211; megnyit\u00e1s PDF-ben Sz\u00fcks\u00e9ges iratok: 1. formanyomtatv\u00e1nyA sz\u00fcks\u00e9ges dokumentumok a p\u00e1ly\u00e1zatban szerepelnek. A tulajdonjogok helyre\u00e1ll\u00edt\u00e1sa a 2018. \u00e9vi 231. t\u00f6rv\u00e9ny 24. cikke alapj\u00e1n. A tulajdonjogok helyre\u00e1ll\u00edt\u00e1sa a 2018. \u00e9vi 231. t\u00f6rv\u00e9ny 24. cikke alapj\u00e1n &#8211; PDF megnyit\u00e1sa Sz\u00fcks\u00e9ges iratok: 1. formanyomtatv\u00e1nyA sz\u00fcks\u00e9ges dokumentumok a k\u00e9rv\u00e9nyben szerepelnek. A tulajdonjogok helyre\u00e1ll\u00edt\u00e1sa a 2018. \u00e9vi 231. t\u00f6rv\u00e9ny 27. cikkej alapj\u00e1n. A tulajdonjogok helyre\u00e1ll\u00edt\u00e1sa a 2018. \u00e9vi 231. t\u00f6rv\u00e9ny 27. cikkej alapj\u00e1n &#8211; PDF megnyit\u00e1sa Sz\u00fcks\u00e9ges iratok: 1. formanyomtatv\u00e1nyA sz\u00fcks\u00e9ges dokumentumok a k\u00e9rv\u00e9nyben szerepelnek. A tulajdoni lapok helyesb\u00edt\u00e9se A tulajdoni lapok helyesb\u00edt\u00e9se &#8211; PDF megnyit\u00e1sa Sz\u00fcks\u00e9ges iratok: 1. formanyomtatv\u00e1nyA sz\u00fcks\u00e9ges dokumentumok a k\u00e9rv\u00e9nyben szerepelnek.\" \/>\n<meta property=\"og:url\" content=\"https:\/\/oradea.ro\/cereri-si-formulare-tip\/agricol-si-fond-funciar\/fond-funciar\/\" \/>\n<meta property=\"og:site_name\" content=\"Oradea.ro\" \/>\n<meta property=\"article:modified_time\" content=\"2024-01-24T08:40:08+00:00\" \/>\n<meta property=\"og:image\" content=\"https:\/\/oradea.ro\/wp-content\/uploads\/2023\/10\/home_hero_slide_2-scaled.webp\" \/>\n\t<meta property=\"og:image:width\" content=\"2560\" \/>\n\t<meta property=\"og:image:height\" content=\"1707\" \/>\n\t<meta property=\"og:image:type\" content=\"image\/webp\" \/>\n<meta name=\"twitter:card\" content=\"summary_large_image\" \/>\n<meta name=\"twitter:label1\" content=\"Becs\u00fclt olvas\u00e1si id\u0151\" \/>\n\t<meta name=\"twitter:data1\" content=\"2 perc\" \/>\n<script type=\"application\/ld+json\" class=\"yoast-schema-graph\">{\"@context\":\"https:\/\/schema.org\",\"@graph\":[{\"@type\":\"WebPage\",\"@id\":\"https:\/\/oradea.ro\/cereri-si-formulare-tip\/agricol-si-fond-funciar\/fond-funciar\/\",\"url\":\"https:\/\/oradea.ro\/cereri-si-formulare-tip\/agricol-si-fond-funciar\/fond-funciar\/\",\"name\":\"F\u00f6ldalap - Oradea.ro\",\"isPartOf\":{\"@id\":\"https:\/\/oradea.ro\/#website\"},\"primaryImageOfPage\":{\"@id\":\"https:\/\/oradea.ro\/cereri-si-formulare-tip\/agricol-si-fond-funciar\/fond-funciar\/#primaryimage\"},\"image\":{\"@id\":\"https:\/\/oradea.ro\/cereri-si-formulare-tip\/agricol-si-fond-funciar\/fond-funciar\/#primaryimage\"},\"thumbnailUrl\":\"https:\/\/oradea.ro\/wp-content\/uploads\/2023\/10\/home_hero_slide_2-scaled.webp\",\"datePublished\":\"2023-10-31T12:19:31+00:00\",\"dateModified\":\"2024-01-24T08:40:08+00:00\",\"breadcrumb\":{\"@id\":\"https:\/\/oradea.ro\/cereri-si-formulare-tip\/agricol-si-fond-funciar\/fond-funciar\/#breadcrumb\"},\"inLanguage\":\"hu\",\"potentialAction\":[{\"@type\":\"ReadAction\",\"target\":[\"https:\/\/oradea.ro\/cereri-si-formulare-tip\/agricol-si-fond-funciar\/fond-funciar\/\"]}]},{\"@type\":\"ImageObject\",\"inLanguage\":\"hu\",\"@id\":\"https:\/\/oradea.ro\/cereri-si-formulare-tip\/agricol-si-fond-funciar\/fond-funciar\/#primaryimage\",\"url\":\"https:\/\/oradea.ro\/wp-content\/uploads\/2023\/10\/home_hero_slide_2-scaled.webp\",\"contentUrl\":\"https:\/\/oradea.ro\/wp-content\/uploads\/2023\/10\/home_hero_slide_2-scaled.webp\",\"width\":2560,\"height\":1707},{\"@type\":\"BreadcrumbList\",\"@id\":\"https:\/\/oradea.ro\/cereri-si-formulare-tip\/agricol-si-fond-funciar\/fond-funciar\/#breadcrumb\",\"itemListElement\":[{\"@type\":\"ListItem\",\"position\":1,\"name\":\"\",\"item\":\"https:\/\/oradea.ro\/hu\/\"},{\"@type\":\"ListItem\",\"position\":2,\"name\":\"F\u00f6ldalap\"}]},{\"@type\":\"WebSite\",\"@id\":\"https:\/\/oradea.ro\/#website\",\"url\":\"https:\/\/oradea.ro\/\",\"name\":\"Oradea.ro\",\"description\":\"Site-ul oficial al Prim\u0103riei Municipiului Oradea\",\"publisher\":{\"@id\":\"https:\/\/oradea.ro\/#organization\"},\"potentialAction\":[{\"@type\":\"SearchAction\",\"target\":{\"@type\":\"EntryPoint\",\"urlTemplate\":\"https:\/\/oradea.ro\/?s={search_term_string}\"},\"query-input\":{\"@type\":\"PropertyValueSpecification\",\"valueRequired\":true,\"valueName\":\"search_term_string\"}}],\"inLanguage\":\"hu\"},{\"@type\":\"Organization\",\"@id\":\"https:\/\/oradea.ro\/#organization\",\"name\":\"Oradea.ro\",\"url\":\"https:\/\/oradea.ro\/\",\"logo\":{\"@type\":\"ImageObject\",\"inLanguage\":\"hu\",\"@id\":\"https:\/\/oradea.ro\/#\/schema\/logo\/image\/\",\"url\":\"https:\/\/oradea.ro\/wp-content\/uploads\/2023\/06\/footer_logo.svg\",\"contentUrl\":\"https:\/\/oradea.ro\/wp-content\/uploads\/2023\/06\/footer_logo.svg\",\"width\":218,\"height\":53,\"caption\":\"Oradea.ro\"},\"image\":{\"@id\":\"https:\/\/oradea.ro\/#\/schema\/logo\/image\/\"}}]}<\/script>\n<!-- \/ Yoast SEO plugin. -->","yoast_head_json":{"title":"F\u00f6ldalap - Oradea.ro","robots":{"index":"index","follow":"follow","max-snippet":"max-snippet:-1","max-image-preview":"max-image-preview:large","max-video-preview":"max-video-preview:-1"},"canonical":"https:\/\/oradea.ro\/cereri-si-formulare-tip\/agricol-si-fond-funciar\/fond-funciar\/","og_locale":"hu_HU","og_type":"article","og_title":"F\u00f6ldalap - Oradea.ro","og_description":"F\u00f6ldalap F\u00f6ldalap Bizony\u00edt\u00e9k arra, hogy a f\u00f6ldter\u00fclet a f\u00f6ldt\u00f6rv\u00e9nyek hat\u00e1lya al\u00e1 tartozott Bizony\u00edt\u00e9k arra, hogy a f\u00f6ldter\u00fcletre f\u00f6ldt\u00f6rv\u00e9nyek vonatkoztak &#8211; PDF megnyit\u00e1sa Sz\u00fcks\u00e9ges iratok: 1. formanyomtatv\u00e1nyA sz\u00fcks\u00e9ges dokumentumok a p\u00e1ly\u00e1zatban szerepelnek. A r\u00e9g\u00e9szeti lel\u0151helyek l\u00e9tez\u00e9s\u00e9r\u0151l sz\u00f3l\u00f3 irat kiad\u00e1sa A r\u00e9g\u00e9szeti lel\u0151helyek l\u00e9tez\u00e9s\u00e9r\u0151l sz\u00f3l\u00f3 irat kiad\u00e1sa &#8211; PDF megnyit\u00e1sa Sz\u00fcks\u00e9ges iratok: 1. formanyomtatv\u00e1nyA sz\u00fcks\u00e9ges dokumentumok a k\u00e9rv\u00e9nyben szerepelnek. Tulajdonjogi okm\u00e1nyok m\u00e1sodp\u00e9ld\u00e1ny\u00e1nak ki\u00e1ll\u00edt\u00e1sa Tulajdonjogi m\u00e1sodlatok kiad\u00e1sa &#8211; PDF megnyit\u00e1sa Sz\u00fcks\u00e9ges iratok: 1. formanyomtatv\u00e1nyA sz\u00fcks\u00e9ges dokumentumok a k\u00e9rv\u00e9nyben szerepelnek. Telekalak\u00edt\u00e1si terv kiad\u00e1sa vagy j\u00f3v\u00e1hagy\u00e1sa Telekalak\u00edt\u00e1si terv kiad\u00e1sa vagy j\u00f3v\u00e1hagy\u00e1sa &#8211; PDF megnyit\u00e1sa Sz\u00fcks\u00e9ges iratok: 1. formanyomtatv\u00e1nyA sz\u00fcks\u00e9ges dokumentumok a k\u00e9rv\u00e9nyben szerepelnek. Tulajdonjogi okirat v\u00e1ltoztat\u00e1sa Tulajdonjogi okirat m\u00f3dos\u00edt\u00e1sa &#8211; megnyit\u00e1s PDF-ben Sz\u00fcks\u00e9ges iratok: 1. formanyomtatv\u00e1nyA sz\u00fcks\u00e9ges dokumentumok a k\u00e9rv\u00e9nyben szerepelnek. A tulajdonjogok helyre\u00e1ll\u00edt\u00e1sa a 2018. \u00e9vi 231. t\u00f6rv\u00e9ny 23. cikkeje alapj\u00e1n. A tulajdonjogok helyre\u00e1ll\u00edt\u00e1sa a 2018. \u00e9vi 231. t\u00f6rv\u00e9ny 23. cikkeje alapj\u00e1n &#8211; megnyit\u00e1s PDF-ben Sz\u00fcks\u00e9ges iratok: 1. formanyomtatv\u00e1nyA sz\u00fcks\u00e9ges dokumentumok a p\u00e1ly\u00e1zatban szerepelnek. A tulajdonjogok helyre\u00e1ll\u00edt\u00e1sa a 2018. \u00e9vi 231. t\u00f6rv\u00e9ny 24. cikke alapj\u00e1n. A tulajdonjogok helyre\u00e1ll\u00edt\u00e1sa a 2018. \u00e9vi 231. t\u00f6rv\u00e9ny 24. cikke alapj\u00e1n &#8211; PDF megnyit\u00e1sa Sz\u00fcks\u00e9ges iratok: 1. formanyomtatv\u00e1nyA sz\u00fcks\u00e9ges dokumentumok a k\u00e9rv\u00e9nyben szerepelnek. A tulajdonjogok helyre\u00e1ll\u00edt\u00e1sa a 2018. \u00e9vi 231. t\u00f6rv\u00e9ny 27. cikkej alapj\u00e1n. A tulajdonjogok helyre\u00e1ll\u00edt\u00e1sa a 2018. \u00e9vi 231. t\u00f6rv\u00e9ny 27. cikkej alapj\u00e1n &#8211; PDF megnyit\u00e1sa Sz\u00fcks\u00e9ges iratok: 1. formanyomtatv\u00e1nyA sz\u00fcks\u00e9ges dokumentumok a k\u00e9rv\u00e9nyben szerepelnek. A tulajdoni lapok helyesb\u00edt\u00e9se A tulajdoni lapok helyesb\u00edt\u00e9se &#8211; PDF megnyit\u00e1sa Sz\u00fcks\u00e9ges iratok: 1. formanyomtatv\u00e1nyA sz\u00fcks\u00e9ges dokumentumok a k\u00e9rv\u00e9nyben szerepelnek.","og_url":"https:\/\/oradea.ro\/cereri-si-formulare-tip\/agricol-si-fond-funciar\/fond-funciar\/","og_site_name":"Oradea.ro","article_modified_time":"2024-01-24T08:40:08+00:00","og_image":[{"width":2560,"height":1707,"url":"https:\/\/oradea.ro\/wp-content\/uploads\/2023\/10\/home_hero_slide_2-scaled.webp","type":"image\/webp"}],"twitter_card":"summary_large_image","twitter_misc":{"Becs\u00fclt olvas\u00e1si id\u0151":"2 perc"},"schema":{"@context":"https:\/\/schema.org","@graph":[{"@type":"WebPage","@id":"https:\/\/oradea.ro\/cereri-si-formulare-tip\/agricol-si-fond-funciar\/fond-funciar\/","url":"https:\/\/oradea.ro\/cereri-si-formulare-tip\/agricol-si-fond-funciar\/fond-funciar\/","name":"F\u00f6ldalap - Oradea.ro","isPartOf":{"@id":"https:\/\/oradea.ro\/#website"},"primaryImageOfPage":{"@id":"https:\/\/oradea.ro\/cereri-si-formulare-tip\/agricol-si-fond-funciar\/fond-funciar\/#primaryimage"},"image":{"@id":"https:\/\/oradea.ro\/cereri-si-formulare-tip\/agricol-si-fond-funciar\/fond-funciar\/#primaryimage"},"thumbnailUrl":"https:\/\/oradea.ro\/wp-content\/uploads\/2023\/10\/home_hero_slide_2-scaled.webp","datePublished":"2023-10-31T12:19:31+00:00","dateModified":"2024-01-24T08:40:08+00:00","breadcrumb":{"@id":"https:\/\/oradea.ro\/cereri-si-formulare-tip\/agricol-si-fond-funciar\/fond-funciar\/#breadcrumb"},"inLanguage":"hu","potentialAction":[{"@type":"ReadAction","target":["https:\/\/oradea.ro\/cereri-si-formulare-tip\/agricol-si-fond-funciar\/fond-funciar\/"]}]},{"@type":"ImageObject","inLanguage":"hu","@id":"https:\/\/oradea.ro\/cereri-si-formulare-tip\/agricol-si-fond-funciar\/fond-funciar\/#primaryimage","url":"https:\/\/oradea.ro\/wp-content\/uploads\/2023\/10\/home_hero_slide_2-scaled.webp","contentUrl":"https:\/\/oradea.ro\/wp-content\/uploads\/2023\/10\/home_hero_slide_2-scaled.webp","width":2560,"height":1707},{"@type":"BreadcrumbList","@id":"https:\/\/oradea.ro\/cereri-si-formulare-tip\/agricol-si-fond-funciar\/fond-funciar\/#breadcrumb","itemListElement":[{"@type":"ListItem","position":1,"name":"","item":"https:\/\/oradea.ro\/hu\/"},{"@type":"ListItem","position":2,"name":"F\u00f6ldalap"}]},{"@type":"WebSite","@id":"https:\/\/oradea.ro\/#website","url":"https:\/\/oradea.ro\/","name":"Oradea.ro","description":"Site-ul oficial al Prim\u0103riei Municipiului Oradea","publisher":{"@id":"https:\/\/oradea.ro\/#organization"},"potentialAction":[{"@type":"SearchAction","target":{"@type":"EntryPoint","urlTemplate":"https:\/\/oradea.ro\/?s={search_term_string}"},"query-input":{"@type":"PropertyValueSpecification","valueRequired":true,"valueName":"search_term_string"}}],"inLanguage":"hu"},{"@type":"Organization","@id":"https:\/\/oradea.ro\/#organization","name":"Oradea.ro","url":"https:\/\/oradea.ro\/","logo":{"@type":"ImageObject","inLanguage":"hu","@id":"https:\/\/oradea.ro\/#\/schema\/logo\/image\/","url":"https:\/\/oradea.ro\/wp-content\/uploads\/2023\/06\/footer_logo.svg","contentUrl":"https:\/\/oradea.ro\/wp-content\/uploads\/2023\/06\/footer_logo.svg","width":218,"height":53,"caption":"Oradea.ro"},"image":{"@id":"https:\/\/oradea.ro\/#\/schema\/logo\/image\/"}}]}},"publishpress_future_action":{"enabled":false,"date":"2026-05-06 21:11:39","action":"change-status","newStatus":"draft","terms":[],"taxonomy":"translation_priority","extraData":[]},"publishpress_future_workflow_manual_trigger":{"enabledWorkflows":[]},"_links":{"self":[{"href":"https:\/\/oradea.ro\/hu\/wp-json\/wp\/v2\/pages\/45263","targetHints":{"allow":["GET"]}}],"collection":[{"href":"https:\/\/oradea.ro\/hu\/wp-json\/wp\/v2\/pages"}],"about":[{"href":"https:\/\/oradea.ro\/hu\/wp-json\/wp\/v2\/types\/page"}],"author":[{"embeddable":true,"href":"https:\/\/oradea.ro\/hu\/wp-json\/wp\/v2\/users\/2"}],"replies":[{"embeddable":true,"href":"https:\/\/oradea.ro\/hu\/wp-json\/wp\/v2\/comments?post=45263"}],"version-history":[{"count":4,"href":"https:\/\/oradea.ro\/hu\/wp-json\/wp\/v2\/pages\/45263\/revisions"}],"predecessor-version":[{"id":199986,"href":"https:\/\/oradea.ro\/hu\/wp-json\/wp\/v2\/pages\/45263\/revisions\/199986"}],"wp:featuredmedia":[{"embeddable":true,"href":"https:\/\/oradea.ro\/hu\/wp-json\/wp\/v2\/media\/16991"}],"wp:attachment":[{"href":"https:\/\/oradea.ro\/hu\/wp-json\/wp\/v2\/media?parent=45263"}],"curies":[{"name":"wp","href":"https:\/\/api.w.org\/{rel}","templated":true}]}}