{"id":222387,"date":"2024-02-16T13:14:00","date_gmt":"2024-02-16T11:14:00","guid":{"rendered":"https:\/\/oradea.ro\/stiri\/adokedvezmenyek-a-munkahelyteremto-nagyvaradi-befektetoknek\/"},"modified":"2024-02-21T12:04:44","modified_gmt":"2024-02-21T10:04:44","slug":"adokedvezmenyek-a-munkahelyteremto-nagyvaradi-befektetoknek","status":"publish","type":"stiri","link":"https:\/\/oradea.ro\/hu\/hirek\/adokedvezmenyek-a-munkahelyteremto-nagyvaradi-befektetoknek\/","title":{"rendered":"Ad\u00f3kedvezm\u00e9nyek a munkahelyteremt\u0151 nagyv\u00e1radi befektet\u0151knek"},"content":{"rendered":"<div class=\"min-w-[100vw] h-[350px] md:h-[500px] ml-[calc(50%-50vw)] flex items-end bg-no-repeat bg-white bg-cover bg-center px-5\" style=\"background-image: url(https:\/\/oradea.ro\/wp-content\/uploads\/2024\/02\/dezvoltare.png);\">\r\n                    <div class=\"w-full max-w-7xl mx-auto mb-6\">\r\n                        <h1 class=\"my-0 text-white font-extrabold font-open-sans text-3xl md:text-6xl [text-shadow:_0_1px_4px_rgb(0_0_0_\/_50%)]\">Ad\u00f3kedvezm\u00e9nyek a munkahelyteremt\u0151 nagyv\u00e1radi befektet\u0151knek<\/h1>\r\n                    <\/div>\r\n                <\/div><div class=\"!px-5\"><div class=\"breadcrumbs w-full max-w-7xl mx-auto grid md:flex flex-wrap items-center py-4 test\"><div><a href=\"https:\/\/oradea.ro\/hu\/\"><span class=\"fas fa-home text-[#ABAEB3]\"><\/span><\/a><span class=\"md:hidden\"><span class=\"fas fa-chevron-down mx-5 text-xs text-[#ABAEB3] hover:text-black\/50 transition-all\"><\/span><\/span><span class=\"hidden md:inline\"><span class=\"fas fa-chevron-right mx-5 text-xs text-[#ABAEB3] hover:text-black\/50 transition-all\"><\/span><\/span><\/div><span class=\"font-poppins font-semibold uppercase text-black\/60\">Ad\u00f3kedvezm\u00e9nyek a munkahelyteremt\u0151 nagyv\u00e1radi befektet\u0151knek<\/span><\/div><\/div>\n<p>A nagyv\u00e1radi V\u00e1rosh\u00e1za ad\u00f3kedvezm\u00e9nyekkel t\u00e1mogatja azokat a jogi szem\u00e9lyeket, akik beruh\u00e1z\u00e1sokat hajtanak v\u00e9gre \u00e9s \u00faj munkahelyeket teremtenek Nagyv\u00e1radon.<\/p>\n\n<p>2014-ben j\u00f3v\u00e1hagytak egy minimis t\u00e1mogat\u00e1si programot, amely ad\u00f3kedvezm\u00e9nyeket biztos\u00edt a 250 000 eur\u00f3n\u00e1l nagyobb \u00f6sszeg\u0171 beruh\u00e1z\u00e1sokat v\u00e9grehajt\u00f3 \u00e9s legal\u00e1bb 5 munkahelyet teremt\u0151 v\u00e1llalkoz\u00e1soknak.<\/p>\n\n<p>Az elm\u00falt \u00e9vekben 13 befektet\u0151 r\u00e9szes\u00fclt az ad\u00f3kedvezm\u00e9nyekb\u0151l, a ny\u00fajtott kedvezm\u00e9nyek \u00f6sszege meghaladja a 6 milli\u00f3 lejt.<\/p>\n\n<p>A <a href=\"https:\/\/mol.oradea.ro\/assets\/detalii-intrare?slug=hotarare-privind-aprobarea-schemei-locale-de-ajutor-de-minimis-pentru-stimularea-investitiilor-care-promoveaza-dezvoltarea-locala-prin-crearea-de-locuri-de-munca-in-municipiul-oradea-1\">Nagyv\u00e1radi \u00d6nkorm\u00e1nyzat Helyi Tan\u00e1cs\u00e1nak 2024. \u00e9vi 95. sz\u00e1m\u00fa hat\u00e1rozata<\/a> szerint az ad\u00f3kedvezm\u00e9nyek ig\u00e9nybev\u00e9tel\u00e9nek jogosults\u00e1gi felt\u00e9telei a k\u00f6vetkez\u0151k:<\/p>\n\n<ul class=\"wp-block-list\">\n<li>Befektet\u00e9si \u00e9rt\u00e9k<\/li>\n\n\n\n<li>A l\u00e9trehozott \u00faj munkahelyek sz\u00e1ma<\/li>\n<\/ul>\n\n<p>Az ad\u00f3kedvezm\u00e9nyt a 250 000 eur\u00f3t meghalad\u00f3 \u00e9s legal\u00e1bb 5 \u00faj munkahelyet teremt\u0151 beruh\u00e1z\u00e1s eset\u00e9n az \u00e9p\u00edtm\u00e9nyad\u00f3 cs\u00f6kkent\u00e9se form\u00e1j\u00e1ban ny\u00fajtj\u00e1k, a cs\u00f6kkent\u00e9s m\u00e9rt\u00e9k\u00e9t a k\u00f6vetkez\u0151 krit\u00e9riumok alapj\u00e1n hat\u00e1rozz\u00e1k meg:<\/p>\n\n<p><\/p>\n\n<figure class=\"wp-block-image size-full is-resized\"><img fetchpriority=\"high\" decoding=\"async\" width=\"651\" height=\"265\" src=\"https:\/\/oradea.ro\/wp-content\/uploads\/2024\/02\/facilitati.png\" alt=\"\" class=\"wp-image-219088\" style=\"width:840px;height:auto\" srcset=\"https:\/\/oradea.ro\/wp-content\/uploads\/2024\/02\/facilitati.png 651w, https:\/\/oradea.ro\/wp-content\/uploads\/2024\/02\/facilitati-300x122.png 300w\" sizes=\"(max-width: 651px) 100vw, 651px\" \/><\/figure>\n\n<p><\/p>\n\n<p>A p\u00e1ly\u00e1zat let\u00f6lthet\u0151 az al\u00e1bbi linkr\u0151l:<a href=\"https:\/\/oradea.ro\/PJ-Cerere-scutire-impozit-cladire-investitii.pdf\" target=\"_blank\" rel=\"noreferrer noopener\"> <\/a><a href=\"https:\/\/oradea.ro\/wp-content\/uploads\/2023\/10\/PJ-Cerere-revizuire-scutire-impozit-cladire-investitii.pdf\">https:\/\/oradea.ro\/wp-content\/uploads\/2023\/10\/PJ-Cerere-revizuire-scutire-impozit-cladire-investitii.pdf<\/a> az ig\u00e9nyl\u00e9st minden p\u00e9nz\u00fcgyi \u00e9v m\u00e1rcius 31-ig kell beny\u00fajtani:<\/p>\n\n<ul class=\"wp-block-list\">\n<li>e-mail: <a href=\"mailto:primarie@oradea.ro\">primarie@oradea.ro<\/a><\/li>\n\n\n\n<li>fax: 0259\/437.544<\/li>\n\n\n\n<li>postai \u00faton a k\u00f6vetkez\u0151 c\u00edmre: Nagyv\u00e1radi V\u00e1rosh\u00e1za, Unirii t\u00e9r, 1.sz\u00e1m.<\/li>\n\n\n\n<li>a Nagyv\u00e1radi V\u00e1rosh\u00e1za K\u00f6zkapcsolati K\u00f6zpontj\u00e1ba (Nagyv\u00e1rad V\u00e1rosh\u00e1za, Unirii t\u00e9r, 1. sz\u00e1m).<\/li>\n<\/ul>\n","protected":false},"author":16,"featured_media":219093,"comment_status":"closed","ping_status":"closed","template":"","stiri-cat":[667],"stiri-tags":[],"class_list":["post-222387","stiri","type-stiri","status-publish","has-post-thumbnail","hentry","stiri-cat-stiri-oradea"],"acf":[],"yoast_head":"<!-- This site is optimized with the Yoast SEO plugin v26.6 - https:\/\/yoast.com\/wordpress\/plugins\/seo\/ -->\n<title>Ad\u00f3kedvezm\u00e9nyek a munkahelyteremt\u0151 nagyv\u00e1radi befektet\u0151knek - Oradea.ro<\/title>\n<meta name=\"robots\" content=\"index, follow, max-snippet:-1, max-image-preview:large, max-video-preview:-1\" \/>\n<link rel=\"canonical\" href=\"https:\/\/oradea.ro\/hu\/hirek\/adokedvezmenyek-a-munkahelyteremto-nagyvaradi-befektetoknek\/\" \/>\n<meta property=\"og:locale\" content=\"hu_HU\" \/>\n<meta property=\"og:type\" content=\"article\" \/>\n<meta property=\"og:title\" content=\"Ad\u00f3kedvezm\u00e9nyek a munkahelyteremt\u0151 nagyv\u00e1radi befektet\u0151knek - Oradea.ro\" \/>\n<meta property=\"og:description\" content=\"Ad\u00f3kedvezm\u00e9nyek a munkahelyteremt\u0151 nagyv\u00e1radi befektet\u0151knek Ad\u00f3kedvezm\u00e9nyek a munkahelyteremt\u0151 nagyv\u00e1radi befektet\u0151knek A nagyv\u00e1radi V\u00e1rosh\u00e1za ad\u00f3kedvezm\u00e9nyekkel t\u00e1mogatja azokat a jogi szem\u00e9lyeket, akik beruh\u00e1z\u00e1sokat hajtanak v\u00e9gre \u00e9s \u00faj munkahelyeket teremtenek Nagyv\u00e1radon. 2014-ben j\u00f3v\u00e1hagytak egy minimis t\u00e1mogat\u00e1si programot, amely ad\u00f3kedvezm\u00e9nyeket biztos\u00edt a 250 000 eur\u00f3n\u00e1l nagyobb \u00f6sszeg\u0171 beruh\u00e1z\u00e1sokat v\u00e9grehajt\u00f3 \u00e9s legal\u00e1bb 5 munkahelyet teremt\u0151 v\u00e1llalkoz\u00e1soknak. Az elm\u00falt \u00e9vekben 13 befektet\u0151 r\u00e9szes\u00fclt az ad\u00f3kedvezm\u00e9nyekb\u0151l, a ny\u00fajtott kedvezm\u00e9nyek \u00f6sszege meghaladja a 6 milli\u00f3 lejt. A Nagyv\u00e1radi \u00d6nkorm\u00e1nyzat Helyi Tan\u00e1cs\u00e1nak 2024. \u00e9vi 95. sz\u00e1m\u00fa hat\u00e1rozata szerint az ad\u00f3kedvezm\u00e9nyek ig\u00e9nybev\u00e9tel\u00e9nek jogosults\u00e1gi felt\u00e9telei a k\u00f6vetkez\u0151k: Az ad\u00f3kedvezm\u00e9nyt a 250 000 eur\u00f3t meghalad\u00f3 \u00e9s legal\u00e1bb 5 \u00faj munkahelyet teremt\u0151 beruh\u00e1z\u00e1s eset\u00e9n az \u00e9p\u00edtm\u00e9nyad\u00f3 cs\u00f6kkent\u00e9se form\u00e1j\u00e1ban ny\u00fajtj\u00e1k, a cs\u00f6kkent\u00e9s m\u00e9rt\u00e9k\u00e9t a k\u00f6vetkez\u0151 krit\u00e9riumok alapj\u00e1n hat\u00e1rozz\u00e1k meg: A p\u00e1ly\u00e1zat let\u00f6lthet\u0151 az al\u00e1bbi linkr\u0151l: https:\/\/oradea.ro\/wp-content\/uploads\/2023\/10\/PJ-Cerere-revizuire-scutire-impozit-cladire-investitii.pdf az ig\u00e9nyl\u00e9st minden p\u00e9nz\u00fcgyi \u00e9v m\u00e1rcius 31-ig kell beny\u00fajtani:\" \/>\n<meta property=\"og:url\" content=\"https:\/\/oradea.ro\/hu\/hirek\/adokedvezmenyek-a-munkahelyteremto-nagyvaradi-befektetoknek\/\" \/>\n<meta property=\"og:site_name\" content=\"Oradea.ro\" \/>\n<meta property=\"article:modified_time\" content=\"2024-02-21T10:04:44+00:00\" \/>\n<meta property=\"og:image\" content=\"https:\/\/oradea.ro\/wp-content\/uploads\/2024\/02\/dezvoltare-1024x669.png\" \/>\n\t<meta property=\"og:image:width\" content=\"1024\" \/>\n\t<meta property=\"og:image:height\" content=\"669\" \/>\n\t<meta property=\"og:image:type\" content=\"image\/png\" \/>\n<meta name=\"twitter:card\" content=\"summary_large_image\" \/>\n<meta name=\"twitter:label1\" content=\"Becs\u00fclt olvas\u00e1si id\u0151\" \/>\n\t<meta name=\"twitter:data1\" content=\"1 perc\" \/>\n<script type=\"application\/ld+json\" class=\"yoast-schema-graph\">{\"@context\":\"https:\/\/schema.org\",\"@graph\":[{\"@type\":\"WebPage\",\"@id\":\"https:\/\/oradea.ro\/hu\/hirek\/adokedvezmenyek-a-munkahelyteremto-nagyvaradi-befektetoknek\/\",\"url\":\"https:\/\/oradea.ro\/hu\/hirek\/adokedvezmenyek-a-munkahelyteremto-nagyvaradi-befektetoknek\/\",\"name\":\"Ad\u00f3kedvezm\u00e9nyek a munkahelyteremt\u0151 nagyv\u00e1radi befektet\u0151knek - Oradea.ro\",\"isPartOf\":{\"@id\":\"https:\/\/oradea.ro\/#website\"},\"primaryImageOfPage\":{\"@id\":\"https:\/\/oradea.ro\/hu\/hirek\/adokedvezmenyek-a-munkahelyteremto-nagyvaradi-befektetoknek\/#primaryimage\"},\"image\":{\"@id\":\"https:\/\/oradea.ro\/hu\/hirek\/adokedvezmenyek-a-munkahelyteremto-nagyvaradi-befektetoknek\/#primaryimage\"},\"thumbnailUrl\":\"https:\/\/oradea.ro\/wp-content\/uploads\/2024\/02\/dezvoltare.png\",\"datePublished\":\"2024-02-16T11:14:00+00:00\",\"dateModified\":\"2024-02-21T10:04:44+00:00\",\"breadcrumb\":{\"@id\":\"https:\/\/oradea.ro\/hu\/hirek\/adokedvezmenyek-a-munkahelyteremto-nagyvaradi-befektetoknek\/#breadcrumb\"},\"inLanguage\":\"hu\",\"potentialAction\":[{\"@type\":\"ReadAction\",\"target\":[\"https:\/\/oradea.ro\/hu\/hirek\/adokedvezmenyek-a-munkahelyteremto-nagyvaradi-befektetoknek\/\"]}]},{\"@type\":\"ImageObject\",\"inLanguage\":\"hu\",\"@id\":\"https:\/\/oradea.ro\/hu\/hirek\/adokedvezmenyek-a-munkahelyteremto-nagyvaradi-befektetoknek\/#primaryimage\",\"url\":\"https:\/\/oradea.ro\/wp-content\/uploads\/2024\/02\/dezvoltare.png\",\"contentUrl\":\"https:\/\/oradea.ro\/wp-content\/uploads\/2024\/02\/dezvoltare.png\",\"width\":1105,\"height\":722},{\"@type\":\"BreadcrumbList\",\"@id\":\"https:\/\/oradea.ro\/hu\/hirek\/adokedvezmenyek-a-munkahelyteremto-nagyvaradi-befektetoknek\/#breadcrumb\",\"itemListElement\":[{\"@type\":\"ListItem\",\"position\":1,\"name\":\"\",\"item\":\"https:\/\/oradea.ro\/hu\/\"},{\"@type\":\"ListItem\",\"position\":2,\"name\":\"\u0218tiri\",\"item\":\"https:\/\/oradea.ro\/stiri\/\"},{\"@type\":\"ListItem\",\"position\":3,\"name\":\"Ad\u00f3kedvezm\u00e9nyek a munkahelyteremt\u0151 nagyv\u00e1radi befektet\u0151knek\"}]},{\"@type\":\"WebSite\",\"@id\":\"https:\/\/oradea.ro\/#website\",\"url\":\"https:\/\/oradea.ro\/\",\"name\":\"Oradea.ro\",\"description\":\"Site-ul oficial al Prim\u0103riei Municipiului Oradea\",\"publisher\":{\"@id\":\"https:\/\/oradea.ro\/#organization\"},\"potentialAction\":[{\"@type\":\"SearchAction\",\"target\":{\"@type\":\"EntryPoint\",\"urlTemplate\":\"https:\/\/oradea.ro\/?s={search_term_string}\"},\"query-input\":{\"@type\":\"PropertyValueSpecification\",\"valueRequired\":true,\"valueName\":\"search_term_string\"}}],\"inLanguage\":\"hu\"},{\"@type\":\"Organization\",\"@id\":\"https:\/\/oradea.ro\/#organization\",\"name\":\"Oradea.ro\",\"url\":\"https:\/\/oradea.ro\/\",\"logo\":{\"@type\":\"ImageObject\",\"inLanguage\":\"hu\",\"@id\":\"https:\/\/oradea.ro\/#\/schema\/logo\/image\/\",\"url\":\"https:\/\/oradea.ro\/wp-content\/uploads\/2023\/06\/footer_logo.svg\",\"contentUrl\":\"https:\/\/oradea.ro\/wp-content\/uploads\/2023\/06\/footer_logo.svg\",\"width\":218,\"height\":53,\"caption\":\"Oradea.ro\"},\"image\":{\"@id\":\"https:\/\/oradea.ro\/#\/schema\/logo\/image\/\"}}]}<\/script>\n<!-- \/ Yoast SEO plugin. -->","yoast_head_json":{"title":"Ad\u00f3kedvezm\u00e9nyek a munkahelyteremt\u0151 nagyv\u00e1radi befektet\u0151knek - Oradea.ro","robots":{"index":"index","follow":"follow","max-snippet":"max-snippet:-1","max-image-preview":"max-image-preview:large","max-video-preview":"max-video-preview:-1"},"canonical":"https:\/\/oradea.ro\/hu\/hirek\/adokedvezmenyek-a-munkahelyteremto-nagyvaradi-befektetoknek\/","og_locale":"hu_HU","og_type":"article","og_title":"Ad\u00f3kedvezm\u00e9nyek a munkahelyteremt\u0151 nagyv\u00e1radi befektet\u0151knek - Oradea.ro","og_description":"Ad\u00f3kedvezm\u00e9nyek a munkahelyteremt\u0151 nagyv\u00e1radi befektet\u0151knek Ad\u00f3kedvezm\u00e9nyek a munkahelyteremt\u0151 nagyv\u00e1radi befektet\u0151knek A nagyv\u00e1radi V\u00e1rosh\u00e1za ad\u00f3kedvezm\u00e9nyekkel t\u00e1mogatja azokat a jogi szem\u00e9lyeket, akik beruh\u00e1z\u00e1sokat hajtanak v\u00e9gre \u00e9s \u00faj munkahelyeket teremtenek Nagyv\u00e1radon. 2014-ben j\u00f3v\u00e1hagytak egy minimis t\u00e1mogat\u00e1si programot, amely ad\u00f3kedvezm\u00e9nyeket biztos\u00edt a 250 000 eur\u00f3n\u00e1l nagyobb \u00f6sszeg\u0171 beruh\u00e1z\u00e1sokat v\u00e9grehajt\u00f3 \u00e9s legal\u00e1bb 5 munkahelyet teremt\u0151 v\u00e1llalkoz\u00e1soknak. Az elm\u00falt \u00e9vekben 13 befektet\u0151 r\u00e9szes\u00fclt az ad\u00f3kedvezm\u00e9nyekb\u0151l, a ny\u00fajtott kedvezm\u00e9nyek \u00f6sszege meghaladja a 6 milli\u00f3 lejt. A Nagyv\u00e1radi \u00d6nkorm\u00e1nyzat Helyi Tan\u00e1cs\u00e1nak 2024. \u00e9vi 95. sz\u00e1m\u00fa hat\u00e1rozata szerint az ad\u00f3kedvezm\u00e9nyek ig\u00e9nybev\u00e9tel\u00e9nek jogosults\u00e1gi felt\u00e9telei a k\u00f6vetkez\u0151k: Az ad\u00f3kedvezm\u00e9nyt a 250 000 eur\u00f3t meghalad\u00f3 \u00e9s legal\u00e1bb 5 \u00faj munkahelyet teremt\u0151 beruh\u00e1z\u00e1s eset\u00e9n az \u00e9p\u00edtm\u00e9nyad\u00f3 cs\u00f6kkent\u00e9se form\u00e1j\u00e1ban ny\u00fajtj\u00e1k, a cs\u00f6kkent\u00e9s m\u00e9rt\u00e9k\u00e9t a k\u00f6vetkez\u0151 krit\u00e9riumok alapj\u00e1n hat\u00e1rozz\u00e1k meg: A p\u00e1ly\u00e1zat let\u00f6lthet\u0151 az al\u00e1bbi linkr\u0151l: https:\/\/oradea.ro\/wp-content\/uploads\/2023\/10\/PJ-Cerere-revizuire-scutire-impozit-cladire-investitii.pdf az ig\u00e9nyl\u00e9st minden p\u00e9nz\u00fcgyi \u00e9v m\u00e1rcius 31-ig kell beny\u00fajtani:","og_url":"https:\/\/oradea.ro\/hu\/hirek\/adokedvezmenyek-a-munkahelyteremto-nagyvaradi-befektetoknek\/","og_site_name":"Oradea.ro","article_modified_time":"2024-02-21T10:04:44+00:00","og_image":[{"width":1024,"height":669,"url":"https:\/\/oradea.ro\/wp-content\/uploads\/2024\/02\/dezvoltare-1024x669.png","type":"image\/png"}],"twitter_card":"summary_large_image","twitter_misc":{"Becs\u00fclt olvas\u00e1si id\u0151":"1 perc"},"schema":{"@context":"https:\/\/schema.org","@graph":[{"@type":"WebPage","@id":"https:\/\/oradea.ro\/hu\/hirek\/adokedvezmenyek-a-munkahelyteremto-nagyvaradi-befektetoknek\/","url":"https:\/\/oradea.ro\/hu\/hirek\/adokedvezmenyek-a-munkahelyteremto-nagyvaradi-befektetoknek\/","name":"Ad\u00f3kedvezm\u00e9nyek a munkahelyteremt\u0151 nagyv\u00e1radi befektet\u0151knek - Oradea.ro","isPartOf":{"@id":"https:\/\/oradea.ro\/#website"},"primaryImageOfPage":{"@id":"https:\/\/oradea.ro\/hu\/hirek\/adokedvezmenyek-a-munkahelyteremto-nagyvaradi-befektetoknek\/#primaryimage"},"image":{"@id":"https:\/\/oradea.ro\/hu\/hirek\/adokedvezmenyek-a-munkahelyteremto-nagyvaradi-befektetoknek\/#primaryimage"},"thumbnailUrl":"https:\/\/oradea.ro\/wp-content\/uploads\/2024\/02\/dezvoltare.png","datePublished":"2024-02-16T11:14:00+00:00","dateModified":"2024-02-21T10:04:44+00:00","breadcrumb":{"@id":"https:\/\/oradea.ro\/hu\/hirek\/adokedvezmenyek-a-munkahelyteremto-nagyvaradi-befektetoknek\/#breadcrumb"},"inLanguage":"hu","potentialAction":[{"@type":"ReadAction","target":["https:\/\/oradea.ro\/hu\/hirek\/adokedvezmenyek-a-munkahelyteremto-nagyvaradi-befektetoknek\/"]}]},{"@type":"ImageObject","inLanguage":"hu","@id":"https:\/\/oradea.ro\/hu\/hirek\/adokedvezmenyek-a-munkahelyteremto-nagyvaradi-befektetoknek\/#primaryimage","url":"https:\/\/oradea.ro\/wp-content\/uploads\/2024\/02\/dezvoltare.png","contentUrl":"https:\/\/oradea.ro\/wp-content\/uploads\/2024\/02\/dezvoltare.png","width":1105,"height":722},{"@type":"BreadcrumbList","@id":"https:\/\/oradea.ro\/hu\/hirek\/adokedvezmenyek-a-munkahelyteremto-nagyvaradi-befektetoknek\/#breadcrumb","itemListElement":[{"@type":"ListItem","position":1,"name":"","item":"https:\/\/oradea.ro\/hu\/"},{"@type":"ListItem","position":2,"name":"\u0218tiri","item":"https:\/\/oradea.ro\/stiri\/"},{"@type":"ListItem","position":3,"name":"Ad\u00f3kedvezm\u00e9nyek a munkahelyteremt\u0151 nagyv\u00e1radi befektet\u0151knek"}]},{"@type":"WebSite","@id":"https:\/\/oradea.ro\/#website","url":"https:\/\/oradea.ro\/","name":"Oradea.ro","description":"Site-ul oficial al Prim\u0103riei Municipiului Oradea","publisher":{"@id":"https:\/\/oradea.ro\/#organization"},"potentialAction":[{"@type":"SearchAction","target":{"@type":"EntryPoint","urlTemplate":"https:\/\/oradea.ro\/?s={search_term_string}"},"query-input":{"@type":"PropertyValueSpecification","valueRequired":true,"valueName":"search_term_string"}}],"inLanguage":"hu"},{"@type":"Organization","@id":"https:\/\/oradea.ro\/#organization","name":"Oradea.ro","url":"https:\/\/oradea.ro\/","logo":{"@type":"ImageObject","inLanguage":"hu","@id":"https:\/\/oradea.ro\/#\/schema\/logo\/image\/","url":"https:\/\/oradea.ro\/wp-content\/uploads\/2023\/06\/footer_logo.svg","contentUrl":"https:\/\/oradea.ro\/wp-content\/uploads\/2023\/06\/footer_logo.svg","width":218,"height":53,"caption":"Oradea.ro"},"image":{"@id":"https:\/\/oradea.ro\/#\/schema\/logo\/image\/"}}]}},"publishpress_future_workflow_manual_trigger":{"enabledWorkflows":[]},"_links":{"self":[{"href":"https:\/\/oradea.ro\/hu\/wp-json\/wp\/v2\/stiri\/222387","targetHints":{"allow":["GET"]}}],"collection":[{"href":"https:\/\/oradea.ro\/hu\/wp-json\/wp\/v2\/stiri"}],"about":[{"href":"https:\/\/oradea.ro\/hu\/wp-json\/wp\/v2\/types\/stiri"}],"author":[{"embeddable":true,"href":"https:\/\/oradea.ro\/hu\/wp-json\/wp\/v2\/users\/16"}],"replies":[{"embeddable":true,"href":"https:\/\/oradea.ro\/hu\/wp-json\/wp\/v2\/comments?post=222387"}],"version-history":[{"count":3,"href":"https:\/\/oradea.ro\/hu\/wp-json\/wp\/v2\/stiri\/222387\/revisions"}],"predecessor-version":[{"id":222390,"href":"https:\/\/oradea.ro\/hu\/wp-json\/wp\/v2\/stiri\/222387\/revisions\/222390"}],"wp:featuredmedia":[{"embeddable":true,"href":"https:\/\/oradea.ro\/hu\/wp-json\/wp\/v2\/media\/219093"}],"wp:attachment":[{"href":"https:\/\/oradea.ro\/hu\/wp-json\/wp\/v2\/media?parent=222387"}],"wp:term":[{"taxonomy":"stiri-cat","embeddable":true,"href":"https:\/\/oradea.ro\/hu\/wp-json\/wp\/v2\/stiri-cat?post=222387"},{"taxonomy":"stiri-tags","embeddable":true,"href":"https:\/\/oradea.ro\/hu\/wp-json\/wp\/v2\/stiri-tags?post=222387"}],"curies":[{"name":"wp","href":"https:\/\/api.w.org\/{rel}","templated":true}]}}