{"id":297523,"date":"2024-04-03T12:42:25","date_gmt":"2024-04-03T10:42:25","guid":{"rendered":"https:\/\/oradea.ro\/stiri\/hamarosan-kezdodik-az-idei-elso-ingyenes-nagymeretu-es-veszelyes-hulladekgyujtesi-akcio-nagyvaradon\/"},"modified":"2024-04-05T09:46:20","modified_gmt":"2024-04-05T07:46:20","slug":"hamarosan-kezdodik-az-idei-elso-ingyenes-nagymeretu-es-veszelyes-hulladekgyujtesi-akcio-nagyvaradon","status":"publish","type":"stiri","link":"https:\/\/oradea.ro\/hu\/hirek\/hamarosan-kezdodik-az-idei-elso-ingyenes-nagymeretu-es-veszelyes-hulladekgyujtesi-akcio-nagyvaradon\/","title":{"rendered":"Hamarosan kezd\u0151dik az idei els\u0151, ingyenes nagym\u00e9ret\u0171 \u00e9s vesz\u00e9lyes hullad\u00e9kgy\u0171jt\u00e9si akci\u00f3 Nagyv\u00e1radon"},"content":{"rendered":"<div class=\"min-w-[100vw] h-[350px] md:h-[500px] ml-[calc(50%-50vw)] flex items-end bg-no-repeat bg-white bg-cover bg-center px-5\" style=\"background-image: url(https:\/\/oradea.ro\/wp-content\/uploads\/2024\/04\/DSC06828-Copy-scaled.jpg);\">\r\n                    <div class=\"w-full max-w-7xl mx-auto mb-6\">\r\n                        <h1 class=\"my-0 text-white font-extrabold font-open-sans text-3xl md:text-6xl [text-shadow:_0_1px_4px_rgb(0_0_0_\/_50%)]\">Hamarosan kezd\u0151dik az idei els\u0151, ingyenes nagym\u00e9ret\u0171 \u00e9s vesz\u00e9lyes hullad\u00e9kgy\u0171jt\u00e9si akci\u00f3 Nagyv\u00e1radon<\/h1>\r\n                    <\/div>\r\n                <\/div><div class=\"!px-5\"><div class=\"breadcrumbs w-full max-w-7xl mx-auto grid md:flex flex-wrap items-center py-4 test\"><div><a href=\"https:\/\/oradea.ro\/hu\/\"><span class=\"fas fa-home text-[#ABAEB3]\"><\/span><\/a><span class=\"md:hidden\"><span class=\"fas fa-chevron-down mx-5 text-xs text-[#ABAEB3] hover:text-black\/50 transition-all\"><\/span><\/span><span class=\"hidden md:inline\"><span class=\"fas fa-chevron-right mx-5 text-xs text-[#ABAEB3] hover:text-black\/50 transition-all\"><\/span><\/span><\/div><span class=\"font-poppins font-semibold uppercase text-black\/60\">Hamarosan kezd\u0151dik az idei els\u0151, ingyenes nagym\u00e9ret\u0171 \u00e9s vesz\u00e9lyes hullad\u00e9kgy\u0171jt\u00e9si akci\u00f3 Nagyv\u00e1radon<\/span><\/div><\/div>\n<p>2024. \u00e1prilis 8. \u00e9s 19. k\u00f6z\u00f6tt zajlik az idei \u00e9v els\u0151 ingyenes nagym\u00e9ret\u0171 \u00e9s vesz\u00e9lyes hullad\u00e9kgy\u0171jt\u00e9si akci\u00f3ja.<\/p>\n\n<p>Azok a Nagyv\u00e1radon lak\u00f3 polg\u00e1rok, akik a k\u00f6zeg\u00e9szs\u00e9g\u00fcgyi szolg\u00e1ltat\u00e1st \u00fczemeltet\u0151 S.C RER Vest S.A.-val k\u00f6ztisztas\u00e1gi szerz\u0151d\u00e9st k\u00f6t\u00f6ttek, 2024. \u00e1prilis 8-t\u00f3l, h\u00e9tf\u0151t\u0151l regisztr\u00e1lhatnak a kamp\u00e1nyban a 0751.306.526-os telefonsz\u00e1mon, amely csak a kamp\u00e1ny ideje alatt (\u00e1prilis 8-19.) 08.30-15.30 \u00f3ra k\u00f6z\u00f6tt lesz el\u00e9rhet\u0151.<\/p>\n\n<p>Az \u00e9rintetteknek amikor telefon\u00e1lnak, hogy id\u0151pontot k\u00e9rjenek, meg kell adniuk a leadni k\u00edv\u00e1nt hullad\u00e9k t\u00edpus\u00e1t (terjedelmes vagy vesz\u00e9lyes hullad\u00e9k) \u00e9s m\u00e9ret\u00e9t. A RER West \u00fczemeltet\u0151j\u00e9vel egyeztetett id\u0151pontban a hullad\u00e9kot a telekhat\u00e1rra kell sz\u00e1ll\u00edtani.<\/p>\n\n<p><\/p>\n\n<figure class=\"wp-block-image size-large\"><img fetchpriority=\"high\" decoding=\"async\" width=\"1024\" height=\"630\" src=\"https:\/\/oradea.ro\/wp-content\/uploads\/2024\/04\/DSC06751-1-1024x630.jpg\" alt=\"\" class=\"wp-image-297253\" srcset=\"https:\/\/oradea.ro\/wp-content\/uploads\/2024\/04\/DSC06751-1-1024x630.jpg 1024w, https:\/\/oradea.ro\/wp-content\/uploads\/2024\/04\/DSC06751-1-300x185.jpg 300w, https:\/\/oradea.ro\/wp-content\/uploads\/2024\/04\/DSC06751-1-768x473.jpg 768w, https:\/\/oradea.ro\/wp-content\/uploads\/2024\/04\/DSC06751-1-1536x945.jpg 1536w, https:\/\/oradea.ro\/wp-content\/uploads\/2024\/04\/DSC06751-1-2048x1260.jpg 2048w\" sizes=\"(max-width: 1024px) 100vw, 1024px\" \/><\/figure>\n\n<p><strong>Az akci\u00f3 sor\u00e1n leadhat\u00f3 hullad\u00e9kt\u00edpusok a k\u00f6vetkez\u0151k:<\/strong><\/p>\n\n<p><strong>T\u00f6m\u00f6r hullad\u00e9k:<\/strong><\/p>\n\n<p>&#8211; b\u00fatorok;<\/p>\n\n<p>&#8211; h\u00e1ztart\u00e1si cikkek;<\/p>\n\n<p>&#8211; sz\u0151nyegek;<\/p>\n\n<p>&#8211; matracok;<\/p>\n\n<p>&#8211; ajt\u00f3k;<\/p>\n\n<p>&#8211; f\u00fcrd\u0151szobab\u00fator;<\/p>\n\n<p>&#8211; nagym\u00e9ret\u0171, hossz\u00fa \u00e9lettartam\u00fa t\u00e1rgyak, kiv\u00e9ve az elektromos \u00e9s elektronikus berendez\u00e9sek hullad\u00e9k\u00e1t.<\/p>\n\n<p><strong>Vesz\u00e9lyes hullad\u00e9k:<\/strong><\/p>\n\n<p>&#8211; olajalap\u00fa fest\u00e9kek csomagol\u00e1sa;<\/p>\n\n<p>&#8211; old\u00f3szerek;<\/p>\n\n<p>&#8211; a higi\u00e9niai term\u00e9kek csomagol\u00e1sa;<\/p>\n\n<p>&#8211; hordozhat\u00f3 elemek \u00e9s akkumul\u00e1torok;<\/p>\n\n<p>&#8211; olajalap\u00fa fest\u00e9kek csomagol\u00e1sa;<\/p>\n\n<p>&#8211; spray-k;<\/p>\n\n<p>&#8211; a bels\u0151\u00e9p\u00edt\u00e9szetben haszn\u00e1lt term\u00e9kek csomagol\u00e1sa.<\/p>\n\n<p>Id\u00e9n \u00f6sszesen n\u00e9gy hasonl\u00f3 akci\u00f3t tervez az \u00f6nkorm\u00e1nyzat, az \u00e1prilisi az els\u0151 ezek k\u00f6z\u00fcl.<\/p>\n\n<p>Azoknak a nagyv\u00e1radi lakosoknak, akiknek az \u00e9v sor\u00e1n nagym\u00e9ret\u0171 vagy vesz\u00e9lyes hullad\u00e9kuk keletkezik, tov\u00e1bbra is lehet\u0151s\u00e9g\u00fck lesz arra, hogy azt ingyenesen leadj\u00e1k a k\u00f6vetkez\u0151 id\u0151szakokban: j\u00fanius 10-21., augusztus 19-30. vagy 2024. november 11-22. k\u00f6z\u00f6tt.<\/p>\n","protected":false},"author":16,"featured_media":297252,"comment_status":"closed","ping_status":"closed","template":"","stiri-cat":[667],"stiri-tags":[2074],"class_list":["post-297523","stiri","type-stiri","status-publish","has-post-thumbnail","hentry","stiri-cat-stiri-oradea","stiri-tags-stiri-en"],"acf":[],"yoast_head":"<!-- This site is optimized with the Yoast SEO plugin v26.6 - https:\/\/yoast.com\/wordpress\/plugins\/seo\/ -->\n<title>Hamarosan kezd\u0151dik az idei els\u0151, ingyenes nagym\u00e9ret\u0171 \u00e9s vesz\u00e9lyes hullad\u00e9kgy\u0171jt\u00e9si akci\u00f3 Nagyv\u00e1radon - Oradea.ro<\/title>\n<meta name=\"robots\" content=\"index, follow, max-snippet:-1, max-image-preview:large, max-video-preview:-1\" \/>\n<link rel=\"canonical\" href=\"https:\/\/oradea.ro\/hu\/hirek\/hamarosan-kezdodik-az-idei-elso-ingyenes-nagymeretu-es-veszelyes-hulladekgyujtesi-akcio-nagyvaradon\/\" \/>\n<meta property=\"og:locale\" content=\"hu_HU\" \/>\n<meta property=\"og:type\" content=\"article\" \/>\n<meta property=\"og:title\" content=\"Hamarosan kezd\u0151dik az idei els\u0151, ingyenes nagym\u00e9ret\u0171 \u00e9s vesz\u00e9lyes hullad\u00e9kgy\u0171jt\u00e9si akci\u00f3 Nagyv\u00e1radon - Oradea.ro\" \/>\n<meta property=\"og:description\" content=\"Hamarosan kezd\u0151dik az idei els\u0151, ingyenes nagym\u00e9ret\u0171 \u00e9s vesz\u00e9lyes hullad\u00e9kgy\u0171jt\u00e9si akci\u00f3 Nagyv\u00e1radon Hamarosan kezd\u0151dik az idei els\u0151, ingyenes nagym\u00e9ret\u0171 \u00e9s vesz\u00e9lyes hullad\u00e9kgy\u0171jt\u00e9si akci\u00f3 Nagyv\u00e1radon 2024. \u00e1prilis 8. \u00e9s 19. k\u00f6z\u00f6tt zajlik az idei \u00e9v els\u0151 ingyenes nagym\u00e9ret\u0171 \u00e9s vesz\u00e9lyes hullad\u00e9kgy\u0171jt\u00e9si akci\u00f3ja. Azok a Nagyv\u00e1radon lak\u00f3 polg\u00e1rok, akik a k\u00f6zeg\u00e9szs\u00e9g\u00fcgyi szolg\u00e1ltat\u00e1st \u00fczemeltet\u0151 S.C RER Vest S.A.-val k\u00f6ztisztas\u00e1gi szerz\u0151d\u00e9st k\u00f6t\u00f6ttek, 2024. \u00e1prilis 8-t\u00f3l, h\u00e9tf\u0151t\u0151l regisztr\u00e1lhatnak a kamp\u00e1nyban a 0751.306.526-os telefonsz\u00e1mon, amely csak a kamp\u00e1ny ideje alatt (\u00e1prilis 8-19.) 08.30-15.30 \u00f3ra k\u00f6z\u00f6tt lesz el\u00e9rhet\u0151. Az \u00e9rintetteknek amikor telefon\u00e1lnak, hogy id\u0151pontot k\u00e9rjenek, meg kell adniuk a leadni k\u00edv\u00e1nt hullad\u00e9k t\u00edpus\u00e1t (terjedelmes vagy vesz\u00e9lyes hullad\u00e9k) \u00e9s m\u00e9ret\u00e9t. A RER West \u00fczemeltet\u0151j\u00e9vel egyeztetett id\u0151pontban a hullad\u00e9kot a telekhat\u00e1rra kell sz\u00e1ll\u00edtani. Az akci\u00f3 sor\u00e1n leadhat\u00f3 hullad\u00e9kt\u00edpusok a k\u00f6vetkez\u0151k: T\u00f6m\u00f6r hullad\u00e9k: &#8211; b\u00fatorok; &#8211; h\u00e1ztart\u00e1si cikkek; &#8211; sz\u0151nyegek; &#8211; matracok; &#8211; ajt\u00f3k; &#8211; f\u00fcrd\u0151szobab\u00fator; &#8211; nagym\u00e9ret\u0171, hossz\u00fa \u00e9lettartam\u00fa t\u00e1rgyak, kiv\u00e9ve az elektromos \u00e9s elektronikus berendez\u00e9sek hullad\u00e9k\u00e1t. Vesz\u00e9lyes hullad\u00e9k: &#8211; olajalap\u00fa fest\u00e9kek csomagol\u00e1sa; &#8211; old\u00f3szerek; &#8211; a higi\u00e9niai term\u00e9kek csomagol\u00e1sa; &#8211; hordozhat\u00f3 elemek \u00e9s akkumul\u00e1torok; &#8211; olajalap\u00fa fest\u00e9kek csomagol\u00e1sa; &#8211; spray-k; &#8211; a bels\u0151\u00e9p\u00edt\u00e9szetben haszn\u00e1lt term\u00e9kek csomagol\u00e1sa. Id\u00e9n \u00f6sszesen n\u00e9gy hasonl\u00f3 akci\u00f3t tervez az \u00f6nkorm\u00e1nyzat, az \u00e1prilisi az els\u0151 ezek k\u00f6z\u00fcl. Azoknak a nagyv\u00e1radi lakosoknak, akiknek az \u00e9v sor\u00e1n nagym\u00e9ret\u0171 vagy vesz\u00e9lyes hullad\u00e9kuk keletkezik, tov\u00e1bbra is lehet\u0151s\u00e9g\u00fck lesz arra, hogy azt ingyenesen leadj\u00e1k a k\u00f6vetkez\u0151 id\u0151szakokban: j\u00fanius 10-21., augusztus 19-30. vagy 2024. november 11-22. k\u00f6z\u00f6tt.\" \/>\n<meta property=\"og:url\" content=\"https:\/\/oradea.ro\/hu\/hirek\/hamarosan-kezdodik-az-idei-elso-ingyenes-nagymeretu-es-veszelyes-hulladekgyujtesi-akcio-nagyvaradon\/\" \/>\n<meta property=\"og:site_name\" content=\"Oradea.ro\" \/>\n<meta property=\"article:modified_time\" content=\"2024-04-05T07:46:20+00:00\" \/>\n<meta property=\"og:image\" content=\"https:\/\/oradea.ro\/wp-content\/uploads\/2024\/04\/DSC06828-Copy-scaled.jpg\" \/>\n\t<meta property=\"og:image:width\" content=\"2560\" \/>\n\t<meta property=\"og:image:height\" content=\"1495\" \/>\n\t<meta property=\"og:image:type\" content=\"image\/jpeg\" \/>\n<meta name=\"twitter:card\" content=\"summary_large_image\" \/>\n<meta name=\"twitter:label1\" content=\"Becs\u00fclt olvas\u00e1si id\u0151\" \/>\n\t<meta name=\"twitter:data1\" content=\"2 perc\" \/>\n<script type=\"application\/ld+json\" class=\"yoast-schema-graph\">{\"@context\":\"https:\/\/schema.org\",\"@graph\":[{\"@type\":\"WebPage\",\"@id\":\"https:\/\/oradea.ro\/hu\/hirek\/hamarosan-kezdodik-az-idei-elso-ingyenes-nagymeretu-es-veszelyes-hulladekgyujtesi-akcio-nagyvaradon\/\",\"url\":\"https:\/\/oradea.ro\/hu\/hirek\/hamarosan-kezdodik-az-idei-elso-ingyenes-nagymeretu-es-veszelyes-hulladekgyujtesi-akcio-nagyvaradon\/\",\"name\":\"Hamarosan kezd\u0151dik az idei els\u0151, ingyenes nagym\u00e9ret\u0171 \u00e9s vesz\u00e9lyes hullad\u00e9kgy\u0171jt\u00e9si akci\u00f3 Nagyv\u00e1radon - Oradea.ro\",\"isPartOf\":{\"@id\":\"https:\/\/oradea.ro\/#website\"},\"primaryImageOfPage\":{\"@id\":\"https:\/\/oradea.ro\/hu\/hirek\/hamarosan-kezdodik-az-idei-elso-ingyenes-nagymeretu-es-veszelyes-hulladekgyujtesi-akcio-nagyvaradon\/#primaryimage\"},\"image\":{\"@id\":\"https:\/\/oradea.ro\/hu\/hirek\/hamarosan-kezdodik-az-idei-elso-ingyenes-nagymeretu-es-veszelyes-hulladekgyujtesi-akcio-nagyvaradon\/#primaryimage\"},\"thumbnailUrl\":\"https:\/\/oradea.ro\/wp-content\/uploads\/2024\/04\/DSC06828-Copy-scaled.jpg\",\"datePublished\":\"2024-04-03T10:42:25+00:00\",\"dateModified\":\"2024-04-05T07:46:20+00:00\",\"breadcrumb\":{\"@id\":\"https:\/\/oradea.ro\/hu\/hirek\/hamarosan-kezdodik-az-idei-elso-ingyenes-nagymeretu-es-veszelyes-hulladekgyujtesi-akcio-nagyvaradon\/#breadcrumb\"},\"inLanguage\":\"hu\",\"potentialAction\":[{\"@type\":\"ReadAction\",\"target\":[\"https:\/\/oradea.ro\/hu\/hirek\/hamarosan-kezdodik-az-idei-elso-ingyenes-nagymeretu-es-veszelyes-hulladekgyujtesi-akcio-nagyvaradon\/\"]}]},{\"@type\":\"ImageObject\",\"inLanguage\":\"hu\",\"@id\":\"https:\/\/oradea.ro\/hu\/hirek\/hamarosan-kezdodik-az-idei-elso-ingyenes-nagymeretu-es-veszelyes-hulladekgyujtesi-akcio-nagyvaradon\/#primaryimage\",\"url\":\"https:\/\/oradea.ro\/wp-content\/uploads\/2024\/04\/DSC06828-Copy-scaled.jpg\",\"contentUrl\":\"https:\/\/oradea.ro\/wp-content\/uploads\/2024\/04\/DSC06828-Copy-scaled.jpg\",\"width\":2560,\"height\":1495},{\"@type\":\"BreadcrumbList\",\"@id\":\"https:\/\/oradea.ro\/hu\/hirek\/hamarosan-kezdodik-az-idei-elso-ingyenes-nagymeretu-es-veszelyes-hulladekgyujtesi-akcio-nagyvaradon\/#breadcrumb\",\"itemListElement\":[{\"@type\":\"ListItem\",\"position\":1,\"name\":\"\",\"item\":\"https:\/\/oradea.ro\/hu\/\"},{\"@type\":\"ListItem\",\"position\":2,\"name\":\"\u0218tiri\",\"item\":\"https:\/\/oradea.ro\/stiri\/\"},{\"@type\":\"ListItem\",\"position\":3,\"name\":\"Hamarosan kezd\u0151dik az idei els\u0151, ingyenes nagym\u00e9ret\u0171 \u00e9s vesz\u00e9lyes hullad\u00e9kgy\u0171jt\u00e9si akci\u00f3 Nagyv\u00e1radon\"}]},{\"@type\":\"WebSite\",\"@id\":\"https:\/\/oradea.ro\/#website\",\"url\":\"https:\/\/oradea.ro\/\",\"name\":\"Oradea.ro\",\"description\":\"Site-ul oficial al Prim\u0103riei Municipiului Oradea\",\"publisher\":{\"@id\":\"https:\/\/oradea.ro\/#organization\"},\"potentialAction\":[{\"@type\":\"SearchAction\",\"target\":{\"@type\":\"EntryPoint\",\"urlTemplate\":\"https:\/\/oradea.ro\/?s={search_term_string}\"},\"query-input\":{\"@type\":\"PropertyValueSpecification\",\"valueRequired\":true,\"valueName\":\"search_term_string\"}}],\"inLanguage\":\"hu\"},{\"@type\":\"Organization\",\"@id\":\"https:\/\/oradea.ro\/#organization\",\"name\":\"Oradea.ro\",\"url\":\"https:\/\/oradea.ro\/\",\"logo\":{\"@type\":\"ImageObject\",\"inLanguage\":\"hu\",\"@id\":\"https:\/\/oradea.ro\/#\/schema\/logo\/image\/\",\"url\":\"https:\/\/oradea.ro\/wp-content\/uploads\/2023\/06\/footer_logo.svg\",\"contentUrl\":\"https:\/\/oradea.ro\/wp-content\/uploads\/2023\/06\/footer_logo.svg\",\"width\":218,\"height\":53,\"caption\":\"Oradea.ro\"},\"image\":{\"@id\":\"https:\/\/oradea.ro\/#\/schema\/logo\/image\/\"}}]}<\/script>\n<!-- \/ Yoast SEO plugin. -->","yoast_head_json":{"title":"Hamarosan kezd\u0151dik az idei els\u0151, ingyenes nagym\u00e9ret\u0171 \u00e9s vesz\u00e9lyes hullad\u00e9kgy\u0171jt\u00e9si akci\u00f3 Nagyv\u00e1radon - Oradea.ro","robots":{"index":"index","follow":"follow","max-snippet":"max-snippet:-1","max-image-preview":"max-image-preview:large","max-video-preview":"max-video-preview:-1"},"canonical":"https:\/\/oradea.ro\/hu\/hirek\/hamarosan-kezdodik-az-idei-elso-ingyenes-nagymeretu-es-veszelyes-hulladekgyujtesi-akcio-nagyvaradon\/","og_locale":"hu_HU","og_type":"article","og_title":"Hamarosan kezd\u0151dik az idei els\u0151, ingyenes nagym\u00e9ret\u0171 \u00e9s vesz\u00e9lyes hullad\u00e9kgy\u0171jt\u00e9si akci\u00f3 Nagyv\u00e1radon - Oradea.ro","og_description":"Hamarosan kezd\u0151dik az idei els\u0151, ingyenes nagym\u00e9ret\u0171 \u00e9s vesz\u00e9lyes hullad\u00e9kgy\u0171jt\u00e9si akci\u00f3 Nagyv\u00e1radon Hamarosan kezd\u0151dik az idei els\u0151, ingyenes nagym\u00e9ret\u0171 \u00e9s vesz\u00e9lyes hullad\u00e9kgy\u0171jt\u00e9si akci\u00f3 Nagyv\u00e1radon 2024. \u00e1prilis 8. \u00e9s 19. k\u00f6z\u00f6tt zajlik az idei \u00e9v els\u0151 ingyenes nagym\u00e9ret\u0171 \u00e9s vesz\u00e9lyes hullad\u00e9kgy\u0171jt\u00e9si akci\u00f3ja. Azok a Nagyv\u00e1radon lak\u00f3 polg\u00e1rok, akik a k\u00f6zeg\u00e9szs\u00e9g\u00fcgyi szolg\u00e1ltat\u00e1st \u00fczemeltet\u0151 S.C RER Vest S.A.-val k\u00f6ztisztas\u00e1gi szerz\u0151d\u00e9st k\u00f6t\u00f6ttek, 2024. \u00e1prilis 8-t\u00f3l, h\u00e9tf\u0151t\u0151l regisztr\u00e1lhatnak a kamp\u00e1nyban a 0751.306.526-os telefonsz\u00e1mon, amely csak a kamp\u00e1ny ideje alatt (\u00e1prilis 8-19.) 08.30-15.30 \u00f3ra k\u00f6z\u00f6tt lesz el\u00e9rhet\u0151. Az \u00e9rintetteknek amikor telefon\u00e1lnak, hogy id\u0151pontot k\u00e9rjenek, meg kell adniuk a leadni k\u00edv\u00e1nt hullad\u00e9k t\u00edpus\u00e1t (terjedelmes vagy vesz\u00e9lyes hullad\u00e9k) \u00e9s m\u00e9ret\u00e9t. A RER West \u00fczemeltet\u0151j\u00e9vel egyeztetett id\u0151pontban a hullad\u00e9kot a telekhat\u00e1rra kell sz\u00e1ll\u00edtani. Az akci\u00f3 sor\u00e1n leadhat\u00f3 hullad\u00e9kt\u00edpusok a k\u00f6vetkez\u0151k: T\u00f6m\u00f6r hullad\u00e9k: &#8211; b\u00fatorok; &#8211; h\u00e1ztart\u00e1si cikkek; &#8211; sz\u0151nyegek; &#8211; matracok; &#8211; ajt\u00f3k; &#8211; f\u00fcrd\u0151szobab\u00fator; &#8211; nagym\u00e9ret\u0171, hossz\u00fa \u00e9lettartam\u00fa t\u00e1rgyak, kiv\u00e9ve az elektromos \u00e9s elektronikus berendez\u00e9sek hullad\u00e9k\u00e1t. Vesz\u00e9lyes hullad\u00e9k: &#8211; olajalap\u00fa fest\u00e9kek csomagol\u00e1sa; &#8211; old\u00f3szerek; &#8211; a higi\u00e9niai term\u00e9kek csomagol\u00e1sa; &#8211; hordozhat\u00f3 elemek \u00e9s akkumul\u00e1torok; &#8211; olajalap\u00fa fest\u00e9kek csomagol\u00e1sa; &#8211; spray-k; &#8211; a bels\u0151\u00e9p\u00edt\u00e9szetben haszn\u00e1lt term\u00e9kek csomagol\u00e1sa. Id\u00e9n \u00f6sszesen n\u00e9gy hasonl\u00f3 akci\u00f3t tervez az \u00f6nkorm\u00e1nyzat, az \u00e1prilisi az els\u0151 ezek k\u00f6z\u00fcl. Azoknak a nagyv\u00e1radi lakosoknak, akiknek az \u00e9v sor\u00e1n nagym\u00e9ret\u0171 vagy vesz\u00e9lyes hullad\u00e9kuk keletkezik, tov\u00e1bbra is lehet\u0151s\u00e9g\u00fck lesz arra, hogy azt ingyenesen leadj\u00e1k a k\u00f6vetkez\u0151 id\u0151szakokban: j\u00fanius 10-21., augusztus 19-30. vagy 2024. november 11-22. k\u00f6z\u00f6tt.","og_url":"https:\/\/oradea.ro\/hu\/hirek\/hamarosan-kezdodik-az-idei-elso-ingyenes-nagymeretu-es-veszelyes-hulladekgyujtesi-akcio-nagyvaradon\/","og_site_name":"Oradea.ro","article_modified_time":"2024-04-05T07:46:20+00:00","og_image":[{"width":2560,"height":1495,"url":"https:\/\/oradea.ro\/wp-content\/uploads\/2024\/04\/DSC06828-Copy-scaled.jpg","type":"image\/jpeg"}],"twitter_card":"summary_large_image","twitter_misc":{"Becs\u00fclt olvas\u00e1si id\u0151":"2 perc"},"schema":{"@context":"https:\/\/schema.org","@graph":[{"@type":"WebPage","@id":"https:\/\/oradea.ro\/hu\/hirek\/hamarosan-kezdodik-az-idei-elso-ingyenes-nagymeretu-es-veszelyes-hulladekgyujtesi-akcio-nagyvaradon\/","url":"https:\/\/oradea.ro\/hu\/hirek\/hamarosan-kezdodik-az-idei-elso-ingyenes-nagymeretu-es-veszelyes-hulladekgyujtesi-akcio-nagyvaradon\/","name":"Hamarosan kezd\u0151dik az idei els\u0151, ingyenes nagym\u00e9ret\u0171 \u00e9s vesz\u00e9lyes hullad\u00e9kgy\u0171jt\u00e9si akci\u00f3 Nagyv\u00e1radon - Oradea.ro","isPartOf":{"@id":"https:\/\/oradea.ro\/#website"},"primaryImageOfPage":{"@id":"https:\/\/oradea.ro\/hu\/hirek\/hamarosan-kezdodik-az-idei-elso-ingyenes-nagymeretu-es-veszelyes-hulladekgyujtesi-akcio-nagyvaradon\/#primaryimage"},"image":{"@id":"https:\/\/oradea.ro\/hu\/hirek\/hamarosan-kezdodik-az-idei-elso-ingyenes-nagymeretu-es-veszelyes-hulladekgyujtesi-akcio-nagyvaradon\/#primaryimage"},"thumbnailUrl":"https:\/\/oradea.ro\/wp-content\/uploads\/2024\/04\/DSC06828-Copy-scaled.jpg","datePublished":"2024-04-03T10:42:25+00:00","dateModified":"2024-04-05T07:46:20+00:00","breadcrumb":{"@id":"https:\/\/oradea.ro\/hu\/hirek\/hamarosan-kezdodik-az-idei-elso-ingyenes-nagymeretu-es-veszelyes-hulladekgyujtesi-akcio-nagyvaradon\/#breadcrumb"},"inLanguage":"hu","potentialAction":[{"@type":"ReadAction","target":["https:\/\/oradea.ro\/hu\/hirek\/hamarosan-kezdodik-az-idei-elso-ingyenes-nagymeretu-es-veszelyes-hulladekgyujtesi-akcio-nagyvaradon\/"]}]},{"@type":"ImageObject","inLanguage":"hu","@id":"https:\/\/oradea.ro\/hu\/hirek\/hamarosan-kezdodik-az-idei-elso-ingyenes-nagymeretu-es-veszelyes-hulladekgyujtesi-akcio-nagyvaradon\/#primaryimage","url":"https:\/\/oradea.ro\/wp-content\/uploads\/2024\/04\/DSC06828-Copy-scaled.jpg","contentUrl":"https:\/\/oradea.ro\/wp-content\/uploads\/2024\/04\/DSC06828-Copy-scaled.jpg","width":2560,"height":1495},{"@type":"BreadcrumbList","@id":"https:\/\/oradea.ro\/hu\/hirek\/hamarosan-kezdodik-az-idei-elso-ingyenes-nagymeretu-es-veszelyes-hulladekgyujtesi-akcio-nagyvaradon\/#breadcrumb","itemListElement":[{"@type":"ListItem","position":1,"name":"","item":"https:\/\/oradea.ro\/hu\/"},{"@type":"ListItem","position":2,"name":"\u0218tiri","item":"https:\/\/oradea.ro\/stiri\/"},{"@type":"ListItem","position":3,"name":"Hamarosan kezd\u0151dik az idei els\u0151, ingyenes nagym\u00e9ret\u0171 \u00e9s vesz\u00e9lyes hullad\u00e9kgy\u0171jt\u00e9si akci\u00f3 Nagyv\u00e1radon"}]},{"@type":"WebSite","@id":"https:\/\/oradea.ro\/#website","url":"https:\/\/oradea.ro\/","name":"Oradea.ro","description":"Site-ul oficial al Prim\u0103riei Municipiului Oradea","publisher":{"@id":"https:\/\/oradea.ro\/#organization"},"potentialAction":[{"@type":"SearchAction","target":{"@type":"EntryPoint","urlTemplate":"https:\/\/oradea.ro\/?s={search_term_string}"},"query-input":{"@type":"PropertyValueSpecification","valueRequired":true,"valueName":"search_term_string"}}],"inLanguage":"hu"},{"@type":"Organization","@id":"https:\/\/oradea.ro\/#organization","name":"Oradea.ro","url":"https:\/\/oradea.ro\/","logo":{"@type":"ImageObject","inLanguage":"hu","@id":"https:\/\/oradea.ro\/#\/schema\/logo\/image\/","url":"https:\/\/oradea.ro\/wp-content\/uploads\/2023\/06\/footer_logo.svg","contentUrl":"https:\/\/oradea.ro\/wp-content\/uploads\/2023\/06\/footer_logo.svg","width":218,"height":53,"caption":"Oradea.ro"},"image":{"@id":"https:\/\/oradea.ro\/#\/schema\/logo\/image\/"}}]}},"publishpress_future_workflow_manual_trigger":{"enabledWorkflows":[]},"_links":{"self":[{"href":"https:\/\/oradea.ro\/hu\/wp-json\/wp\/v2\/stiri\/297523","targetHints":{"allow":["GET"]}}],"collection":[{"href":"https:\/\/oradea.ro\/hu\/wp-json\/wp\/v2\/stiri"}],"about":[{"href":"https:\/\/oradea.ro\/hu\/wp-json\/wp\/v2\/types\/stiri"}],"author":[{"embeddable":true,"href":"https:\/\/oradea.ro\/hu\/wp-json\/wp\/v2\/users\/16"}],"replies":[{"embeddable":true,"href":"https:\/\/oradea.ro\/hu\/wp-json\/wp\/v2\/comments?post=297523"}],"version-history":[{"count":2,"href":"https:\/\/oradea.ro\/hu\/wp-json\/wp\/v2\/stiri\/297523\/revisions"}],"predecessor-version":[{"id":297525,"href":"https:\/\/oradea.ro\/hu\/wp-json\/wp\/v2\/stiri\/297523\/revisions\/297525"}],"wp:featuredmedia":[{"embeddable":true,"href":"https:\/\/oradea.ro\/hu\/wp-json\/wp\/v2\/media\/297252"}],"wp:attachment":[{"href":"https:\/\/oradea.ro\/hu\/wp-json\/wp\/v2\/media?parent=297523"}],"wp:term":[{"taxonomy":"stiri-cat","embeddable":true,"href":"https:\/\/oradea.ro\/hu\/wp-json\/wp\/v2\/stiri-cat?post=297523"},{"taxonomy":"stiri-tags","embeddable":true,"href":"https:\/\/oradea.ro\/hu\/wp-json\/wp\/v2\/stiri-tags?post=297523"}],"curies":[{"name":"wp","href":"https:\/\/api.w.org\/{rel}","templated":true}]}}