{"id":298610,"date":"2024-04-11T09:02:00","date_gmt":"2024-04-11T07:02:00","guid":{"rendered":"https:\/\/oradea.ro\/stiri\/iden-megkezdodik-a-csatornazasi-es-vizellatasi-halozatok-kiepitese-tobb-biharpuspoki-utcaban\/"},"modified":"2024-04-16T14:12:19","modified_gmt":"2024-04-16T12:12:19","slug":"iden-megkezdodik-a-csatornazasi-es-vizellatasi-halozatok-kiepitese-tobb-biharpuspoki-utcaban","status":"publish","type":"stiri","link":"https:\/\/oradea.ro\/hu\/hirek\/iden-megkezdodik-a-csatornazasi-es-vizellatasi-halozatok-kiepitese-tobb-biharpuspoki-utcaban\/","title":{"rendered":"Id\u00e9n megkezd\u0151dik a csatorn\u00e1z\u00e1si \u00e9s v\u00edzell\u00e1t\u00e1si h\u00e1l\u00f3zatok ki\u00e9p\u00edt\u00e9se t\u00f6bb biharp\u00fcsp\u00f6ki utc\u00e1ban."},"content":{"rendered":"<div class=\"min-w-[100vw] h-[350px] md:h-[500px] ml-[calc(50%-50vw)] flex items-end bg-no-repeat bg-white bg-cover bg-center px-5\" style=\"background-image: url(https:\/\/oradea.ro\/wp-content\/uploads\/2024\/04\/IMG_20240410_173546.jpg);\">\r\n                    <div class=\"w-full max-w-7xl mx-auto mb-6\">\r\n                        <h1 class=\"my-0 text-white font-extrabold font-open-sans text-3xl md:text-6xl [text-shadow:_0_1px_4px_rgb(0_0_0_\/_50%)]\">Id\u00e9n megkezd\u0151dik a csatorn\u00e1z\u00e1si \u00e9s v\u00edzell\u00e1t\u00e1si h\u00e1l\u00f3zatok ki\u00e9p\u00edt\u00e9se t\u00f6bb biharp\u00fcsp\u00f6ki utc\u00e1ban.<\/h1>\r\n                    <\/div>\r\n                <\/div><div class=\"!px-5\"><div class=\"breadcrumbs w-full max-w-7xl mx-auto grid md:flex flex-wrap items-center py-4 test\"><div><a href=\"https:\/\/oradea.ro\/hu\/\"><span class=\"fas fa-home text-[#ABAEB3]\"><\/span><\/a><span class=\"md:hidden\"><span class=\"fas fa-chevron-down mx-5 text-xs text-[#ABAEB3] hover:text-black\/50 transition-all\"><\/span><\/span><span class=\"hidden md:inline\"><span class=\"fas fa-chevron-right mx-5 text-xs text-[#ABAEB3] hover:text-black\/50 transition-all\"><\/span><\/span><\/div><span class=\"font-poppins font-semibold uppercase text-black\/60\">Id\u00e9n megkezd\u0151dik a csatorn\u00e1z\u00e1si \u00e9s v\u00edzell\u00e1t\u00e1si h\u00e1l\u00f3zatok ki\u00e9p\u00edt\u00e9se t\u00f6bb biharp\u00fcsp\u00f6ki utc\u00e1ban.<\/span><\/div><\/div>\n<p>Florin Birta polg\u00e1rmester \u00e9s Marcel Drago\u0219 alpolg\u00e1rmester tegnap tal\u00e1lkozott a biharp\u00fcsp\u00f6kiben \u00e9l\u0151 lakosokkal. Ez alkalommal \u00e9pit\u0151 megbesz\u00e9l\u00e9sekre ker\u00fclt sor mind a ker\u00fclet r\u00e9gi r\u00e9sz\u00e9n, a Matei Corvin utca k\u00f6rny\u00e9k\u00e9n, mind pedig p\u00fcsp\u00f6ki \u00faj r\u00e9sz\u00e9n, a Plantelor utca k\u00f6rny\u00e9k\u00e9n tal\u00e1lhat\u00f3 \u00e9s gyors fejl\u0151d\u00e9sben l\u00e9v\u0151 ter\u00fclet\u00e9n \u00e9l\u0151kkel.<\/p>\n\n<p>A lakosok t\u00e1j\u00e9koztat\u00e1st kaptak a nagyv\u00e1radi v\u00e1rosh\u00e1za terveir\u0151l, amelyek c\u00e9lja a v\u00edz-, szennyv\u00edz- \u00e9s csapad\u00e9kv\u00edzh\u00e1l\u00f3zat bevezet\u00e9se a biharp\u00fcsp\u00f6ki utc\u00e1kon, valamint a m\u00e9g burkolatlan utc\u00e1k korszer\u0171s\u00edt\u00e9se. Ezeket a beruh\u00e1z\u00e1sokat az el\u00e9rhet\u0151 eur\u00f3pai alapok felhaszn\u00e1l\u00e1s\u00e1val hajtj\u00e1k v\u00e9gre.<\/p>\n\n<p><\/p>\n\n<figure class=\"wp-block-embed is-type-video is-provider-youtube wp-block-embed-youtube wp-embed-aspect-16-9 wp-has-aspect-ratio\"><div class=\"wp-block-embed__wrapper\">\n<iframe title=\"Lucr\u0103ri la re\u021belele de canalizare \u0219i alimentare cu ap\u0103 in cartierul Episcopia\" width=\"800\" height=\"450\" src=\"https:\/\/www.youtube.com\/embed\/_rdgUG44Jsg?feature=oembed\" frameborder=\"0\" allow=\"accelerometer; autoplay; clipboard-write; encrypted-media; gyroscope; picture-in-picture; web-share\" referrerpolicy=\"strict-origin-when-cross-origin\" allowfullscreen><\/iframe>\n<\/div><\/figure>\n\n<p><\/p>\n\n<p>Hamarosan megkezd\u0151dik az es\u0151vizet \u00e9s a szennyvizet \u00f6sszegy\u0171jt\u0151 f\u0151csatorna \u00e9p\u00edt\u00e9se is. Ez a Plantelor utc\u00e1n a vas\u00fati p\u00e1lya alulj\u00e1r\u00f3j\u00e1val, a v\u00edzvisszatart\u00f3 medence \u00e9p\u00edt\u00e9s\u00e9vel \u00e9s a Bor\u0219ului \u00fat alulj\u00e1r\u00f3j\u00e1val, a csapad\u00e9kv\u00edz Cri\u0219ul Repede foly\u00f3ba val\u00f3 ki\u00f6nt\u00e9s\u00e9vel, illetve a csatorna elvezet\u00e9s\u00e9vel a legk\u00f6zelebbi szivatty\u00fatelepre t\u00f6rt\u00e9nik. Amint ezek a kezdeti beruh\u00e1z\u00e1sok megt\u00f6rt\u00e9ntek, az \u00fatburkolatot fel\u00faj\u00edtj\u00e1k.<\/p>\n\n<p>Jelenleg az P\u00fcsp\u00f6ki negyedben az \u00f6nkorm\u00e1nyzat \u00faj parkot \u00e9p\u00edt a Rektor utca \u00e9s a Matei Corvin utca keresztez\u0151d\u00e9s\u00e9ben. Ugyanakkor a Capsunilor utca \u00e9s az Afinelor utca keresztez\u0151d\u00e9s\u00e9ben egy m\u00e1sik park tervez\u00e9se is folyamatban van, amely mag\u00e1ban foglalja a megl\u00e9v\u0151 f\u0171zfasor be\u00e9p\u00edt\u00e9s\u00e9t.<\/p>\n\n<figure class=\"wp-block-gallery has-nested-images columns-default is-cropped wp-block-gallery-1 is-layout-flex wp-block-gallery-is-layout-flex\">\n<figure class=\"wp-block-image size-large\"><img fetchpriority=\"high\" decoding=\"async\" width=\"1024\" height=\"576\" data-id=\"298089\" src=\"https:\/\/oradea.ro\/wp-content\/uploads\/2024\/04\/IMG_20240410_174720-1024x576.jpg\" alt=\"\" class=\"wp-image-298089\" srcset=\"https:\/\/oradea.ro\/wp-content\/uploads\/2024\/04\/IMG_20240410_174720-1024x576.jpg 1024w, https:\/\/oradea.ro\/wp-content\/uploads\/2024\/04\/IMG_20240410_174720-300x169.jpg 300w, https:\/\/oradea.ro\/wp-content\/uploads\/2024\/04\/IMG_20240410_174720-768x432.jpg 768w, https:\/\/oradea.ro\/wp-content\/uploads\/2024\/04\/IMG_20240410_174720.jpg 1098w\" sizes=\"(max-width: 1024px) 100vw, 1024px\" \/><\/figure>\n\n\n\n<figure class=\"wp-block-image size-large\"><img decoding=\"async\" width=\"1024\" height=\"576\" data-id=\"298092\" src=\"https:\/\/oradea.ro\/wp-content\/uploads\/2024\/04\/IMG_20240410_173602-1024x576.jpg\" alt=\"\" class=\"wp-image-298092\" srcset=\"https:\/\/oradea.ro\/wp-content\/uploads\/2024\/04\/IMG_20240410_173602-1024x576.jpg 1024w, https:\/\/oradea.ro\/wp-content\/uploads\/2024\/04\/IMG_20240410_173602-300x169.jpg 300w, https:\/\/oradea.ro\/wp-content\/uploads\/2024\/04\/IMG_20240410_173602-768x432.jpg 768w, https:\/\/oradea.ro\/wp-content\/uploads\/2024\/04\/IMG_20240410_173602.jpg 1098w\" sizes=\"(max-width: 1024px) 100vw, 1024px\" \/><\/figure>\n<\/figure>\n","protected":false},"author":7,"featured_media":298087,"comment_status":"closed","ping_status":"closed","template":"","stiri-cat":[667],"stiri-tags":[],"class_list":["post-298610","stiri","type-stiri","status-publish","has-post-thumbnail","hentry","stiri-cat-stiri-oradea"],"acf":[],"yoast_head":"<!-- This site is optimized with the Yoast SEO plugin v26.6 - https:\/\/yoast.com\/wordpress\/plugins\/seo\/ -->\n<title>Id\u00e9n megkezd\u0151dik a csatorn\u00e1z\u00e1si \u00e9s v\u00edzell\u00e1t\u00e1si h\u00e1l\u00f3zatok ki\u00e9p\u00edt\u00e9se t\u00f6bb biharp\u00fcsp\u00f6ki utc\u00e1ban. - Oradea.ro<\/title>\n<meta name=\"robots\" content=\"index, follow, max-snippet:-1, max-image-preview:large, max-video-preview:-1\" \/>\n<link rel=\"canonical\" href=\"https:\/\/oradea.ro\/hu\/hirek\/iden-megkezdodik-a-csatornazasi-es-vizellatasi-halozatok-kiepitese-tobb-biharpuspoki-utcaban\/\" \/>\n<meta property=\"og:locale\" content=\"hu_HU\" \/>\n<meta property=\"og:type\" content=\"article\" \/>\n<meta property=\"og:title\" content=\"Id\u00e9n megkezd\u0151dik a csatorn\u00e1z\u00e1si \u00e9s v\u00edzell\u00e1t\u00e1si h\u00e1l\u00f3zatok ki\u00e9p\u00edt\u00e9se t\u00f6bb biharp\u00fcsp\u00f6ki utc\u00e1ban. - Oradea.ro\" \/>\n<meta property=\"og:description\" content=\"Id\u00e9n megkezd\u0151dik a csatorn\u00e1z\u00e1si \u00e9s v\u00edzell\u00e1t\u00e1si h\u00e1l\u00f3zatok ki\u00e9p\u00edt\u00e9se t\u00f6bb biharp\u00fcsp\u00f6ki utc\u00e1ban. Id\u00e9n megkezd\u0151dik a csatorn\u00e1z\u00e1si \u00e9s v\u00edzell\u00e1t\u00e1si h\u00e1l\u00f3zatok ki\u00e9p\u00edt\u00e9se t\u00f6bb biharp\u00fcsp\u00f6ki utc\u00e1ban. Florin Birta polg\u00e1rmester \u00e9s Marcel Drago\u0219 alpolg\u00e1rmester tegnap tal\u00e1lkozott a biharp\u00fcsp\u00f6kiben \u00e9l\u0151 lakosokkal. Ez alkalommal \u00e9pit\u0151 megbesz\u00e9l\u00e9sekre ker\u00fclt sor mind a ker\u00fclet r\u00e9gi r\u00e9sz\u00e9n, a Matei Corvin utca k\u00f6rny\u00e9k\u00e9n, mind pedig p\u00fcsp\u00f6ki \u00faj r\u00e9sz\u00e9n, a Plantelor utca k\u00f6rny\u00e9k\u00e9n tal\u00e1lhat\u00f3 \u00e9s gyors fejl\u0151d\u00e9sben l\u00e9v\u0151 ter\u00fclet\u00e9n \u00e9l\u0151kkel. A lakosok t\u00e1j\u00e9koztat\u00e1st kaptak a nagyv\u00e1radi v\u00e1rosh\u00e1za terveir\u0151l, amelyek c\u00e9lja a v\u00edz-, szennyv\u00edz- \u00e9s csapad\u00e9kv\u00edzh\u00e1l\u00f3zat bevezet\u00e9se a biharp\u00fcsp\u00f6ki utc\u00e1kon, valamint a m\u00e9g burkolatlan utc\u00e1k korszer\u0171s\u00edt\u00e9se. Ezeket a beruh\u00e1z\u00e1sokat az el\u00e9rhet\u0151 eur\u00f3pai alapok felhaszn\u00e1l\u00e1s\u00e1val hajtj\u00e1k v\u00e9gre. Hamarosan megkezd\u0151dik az es\u0151vizet \u00e9s a szennyvizet \u00f6sszegy\u0171jt\u0151 f\u0151csatorna \u00e9p\u00edt\u00e9se is. Ez a Plantelor utc\u00e1n a vas\u00fati p\u00e1lya alulj\u00e1r\u00f3j\u00e1val, a v\u00edzvisszatart\u00f3 medence \u00e9p\u00edt\u00e9s\u00e9vel \u00e9s a Bor\u0219ului \u00fat alulj\u00e1r\u00f3j\u00e1val, a csapad\u00e9kv\u00edz Cri\u0219ul Repede foly\u00f3ba val\u00f3 ki\u00f6nt\u00e9s\u00e9vel, illetve a csatorna elvezet\u00e9s\u00e9vel a legk\u00f6zelebbi szivatty\u00fatelepre t\u00f6rt\u00e9nik. Amint ezek a kezdeti beruh\u00e1z\u00e1sok megt\u00f6rt\u00e9ntek, az \u00fatburkolatot fel\u00faj\u00edtj\u00e1k. Jelenleg az P\u00fcsp\u00f6ki negyedben az \u00f6nkorm\u00e1nyzat \u00faj parkot \u00e9p\u00edt a Rektor utca \u00e9s a Matei Corvin utca keresztez\u0151d\u00e9s\u00e9ben. Ugyanakkor a Capsunilor utca \u00e9s az Afinelor utca keresztez\u0151d\u00e9s\u00e9ben egy m\u00e1sik park tervez\u00e9se is folyamatban van, amely mag\u00e1ban foglalja a megl\u00e9v\u0151 f\u0171zfasor be\u00e9p\u00edt\u00e9s\u00e9t.\" \/>\n<meta property=\"og:url\" content=\"https:\/\/oradea.ro\/hu\/hirek\/iden-megkezdodik-a-csatornazasi-es-vizellatasi-halozatok-kiepitese-tobb-biharpuspoki-utcaban\/\" \/>\n<meta property=\"og:site_name\" content=\"Oradea.ro\" \/>\n<meta property=\"article:modified_time\" content=\"2024-04-16T12:12:19+00:00\" \/>\n<meta property=\"og:image\" content=\"https:\/\/oradea.ro\/wp-content\/uploads\/2024\/04\/IMG_20240410_173546.jpg\" \/>\n\t<meta property=\"og:image:width\" content=\"1098\" \/>\n\t<meta property=\"og:image:height\" content=\"618\" \/>\n\t<meta property=\"og:image:type\" content=\"image\/jpeg\" \/>\n<meta name=\"twitter:card\" content=\"summary_large_image\" \/>\n<meta name=\"twitter:label1\" content=\"Becs\u00fclt olvas\u00e1si id\u0151\" \/>\n\t<meta name=\"twitter:data1\" content=\"2 perc\" \/>\n<script type=\"application\/ld+json\" class=\"yoast-schema-graph\">{\"@context\":\"https:\/\/schema.org\",\"@graph\":[{\"@type\":\"WebPage\",\"@id\":\"https:\/\/oradea.ro\/hu\/hirek\/iden-megkezdodik-a-csatornazasi-es-vizellatasi-halozatok-kiepitese-tobb-biharpuspoki-utcaban\/\",\"url\":\"https:\/\/oradea.ro\/hu\/hirek\/iden-megkezdodik-a-csatornazasi-es-vizellatasi-halozatok-kiepitese-tobb-biharpuspoki-utcaban\/\",\"name\":\"Id\u00e9n megkezd\u0151dik a csatorn\u00e1z\u00e1si \u00e9s v\u00edzell\u00e1t\u00e1si h\u00e1l\u00f3zatok ki\u00e9p\u00edt\u00e9se t\u00f6bb biharp\u00fcsp\u00f6ki utc\u00e1ban. - Oradea.ro\",\"isPartOf\":{\"@id\":\"https:\/\/oradea.ro\/#website\"},\"primaryImageOfPage\":{\"@id\":\"https:\/\/oradea.ro\/hu\/hirek\/iden-megkezdodik-a-csatornazasi-es-vizellatasi-halozatok-kiepitese-tobb-biharpuspoki-utcaban\/#primaryimage\"},\"image\":{\"@id\":\"https:\/\/oradea.ro\/hu\/hirek\/iden-megkezdodik-a-csatornazasi-es-vizellatasi-halozatok-kiepitese-tobb-biharpuspoki-utcaban\/#primaryimage\"},\"thumbnailUrl\":\"https:\/\/oradea.ro\/wp-content\/uploads\/2024\/04\/IMG_20240410_173546.jpg\",\"datePublished\":\"2024-04-11T07:02:00+00:00\",\"dateModified\":\"2024-04-16T12:12:19+00:00\",\"breadcrumb\":{\"@id\":\"https:\/\/oradea.ro\/hu\/hirek\/iden-megkezdodik-a-csatornazasi-es-vizellatasi-halozatok-kiepitese-tobb-biharpuspoki-utcaban\/#breadcrumb\"},\"inLanguage\":\"hu\",\"potentialAction\":[{\"@type\":\"ReadAction\",\"target\":[\"https:\/\/oradea.ro\/hu\/hirek\/iden-megkezdodik-a-csatornazasi-es-vizellatasi-halozatok-kiepitese-tobb-biharpuspoki-utcaban\/\"]}]},{\"@type\":\"ImageObject\",\"inLanguage\":\"hu\",\"@id\":\"https:\/\/oradea.ro\/hu\/hirek\/iden-megkezdodik-a-csatornazasi-es-vizellatasi-halozatok-kiepitese-tobb-biharpuspoki-utcaban\/#primaryimage\",\"url\":\"https:\/\/oradea.ro\/wp-content\/uploads\/2024\/04\/IMG_20240410_173546.jpg\",\"contentUrl\":\"https:\/\/oradea.ro\/wp-content\/uploads\/2024\/04\/IMG_20240410_173546.jpg\",\"width\":1098,\"height\":618},{\"@type\":\"BreadcrumbList\",\"@id\":\"https:\/\/oradea.ro\/hu\/hirek\/iden-megkezdodik-a-csatornazasi-es-vizellatasi-halozatok-kiepitese-tobb-biharpuspoki-utcaban\/#breadcrumb\",\"itemListElement\":[{\"@type\":\"ListItem\",\"position\":1,\"name\":\"\",\"item\":\"https:\/\/oradea.ro\/hu\/\"},{\"@type\":\"ListItem\",\"position\":2,\"name\":\"\u0218tiri\",\"item\":\"https:\/\/oradea.ro\/stiri\/\"},{\"@type\":\"ListItem\",\"position\":3,\"name\":\"Id\u00e9n megkezd\u0151dik a csatorn\u00e1z\u00e1si \u00e9s v\u00edzell\u00e1t\u00e1si h\u00e1l\u00f3zatok ki\u00e9p\u00edt\u00e9se t\u00f6bb biharp\u00fcsp\u00f6ki utc\u00e1ban.\"}]},{\"@type\":\"WebSite\",\"@id\":\"https:\/\/oradea.ro\/#website\",\"url\":\"https:\/\/oradea.ro\/\",\"name\":\"Oradea.ro\",\"description\":\"Site-ul oficial al Prim\u0103riei Municipiului Oradea\",\"publisher\":{\"@id\":\"https:\/\/oradea.ro\/#organization\"},\"potentialAction\":[{\"@type\":\"SearchAction\",\"target\":{\"@type\":\"EntryPoint\",\"urlTemplate\":\"https:\/\/oradea.ro\/?s={search_term_string}\"},\"query-input\":{\"@type\":\"PropertyValueSpecification\",\"valueRequired\":true,\"valueName\":\"search_term_string\"}}],\"inLanguage\":\"hu\"},{\"@type\":\"Organization\",\"@id\":\"https:\/\/oradea.ro\/#organization\",\"name\":\"Oradea.ro\",\"url\":\"https:\/\/oradea.ro\/\",\"logo\":{\"@type\":\"ImageObject\",\"inLanguage\":\"hu\",\"@id\":\"https:\/\/oradea.ro\/#\/schema\/logo\/image\/\",\"url\":\"https:\/\/oradea.ro\/wp-content\/uploads\/2023\/06\/footer_logo.svg\",\"contentUrl\":\"https:\/\/oradea.ro\/wp-content\/uploads\/2023\/06\/footer_logo.svg\",\"width\":218,\"height\":53,\"caption\":\"Oradea.ro\"},\"image\":{\"@id\":\"https:\/\/oradea.ro\/#\/schema\/logo\/image\/\"}}]}<\/script>\n<!-- \/ Yoast SEO plugin. -->","yoast_head_json":{"title":"Id\u00e9n megkezd\u0151dik a csatorn\u00e1z\u00e1si \u00e9s v\u00edzell\u00e1t\u00e1si h\u00e1l\u00f3zatok ki\u00e9p\u00edt\u00e9se t\u00f6bb biharp\u00fcsp\u00f6ki utc\u00e1ban. - Oradea.ro","robots":{"index":"index","follow":"follow","max-snippet":"max-snippet:-1","max-image-preview":"max-image-preview:large","max-video-preview":"max-video-preview:-1"},"canonical":"https:\/\/oradea.ro\/hu\/hirek\/iden-megkezdodik-a-csatornazasi-es-vizellatasi-halozatok-kiepitese-tobb-biharpuspoki-utcaban\/","og_locale":"hu_HU","og_type":"article","og_title":"Id\u00e9n megkezd\u0151dik a csatorn\u00e1z\u00e1si \u00e9s v\u00edzell\u00e1t\u00e1si h\u00e1l\u00f3zatok ki\u00e9p\u00edt\u00e9se t\u00f6bb biharp\u00fcsp\u00f6ki utc\u00e1ban. - Oradea.ro","og_description":"Id\u00e9n megkezd\u0151dik a csatorn\u00e1z\u00e1si \u00e9s v\u00edzell\u00e1t\u00e1si h\u00e1l\u00f3zatok ki\u00e9p\u00edt\u00e9se t\u00f6bb biharp\u00fcsp\u00f6ki utc\u00e1ban. Id\u00e9n megkezd\u0151dik a csatorn\u00e1z\u00e1si \u00e9s v\u00edzell\u00e1t\u00e1si h\u00e1l\u00f3zatok ki\u00e9p\u00edt\u00e9se t\u00f6bb biharp\u00fcsp\u00f6ki utc\u00e1ban. Florin Birta polg\u00e1rmester \u00e9s Marcel Drago\u0219 alpolg\u00e1rmester tegnap tal\u00e1lkozott a biharp\u00fcsp\u00f6kiben \u00e9l\u0151 lakosokkal. Ez alkalommal \u00e9pit\u0151 megbesz\u00e9l\u00e9sekre ker\u00fclt sor mind a ker\u00fclet r\u00e9gi r\u00e9sz\u00e9n, a Matei Corvin utca k\u00f6rny\u00e9k\u00e9n, mind pedig p\u00fcsp\u00f6ki \u00faj r\u00e9sz\u00e9n, a Plantelor utca k\u00f6rny\u00e9k\u00e9n tal\u00e1lhat\u00f3 \u00e9s gyors fejl\u0151d\u00e9sben l\u00e9v\u0151 ter\u00fclet\u00e9n \u00e9l\u0151kkel. A lakosok t\u00e1j\u00e9koztat\u00e1st kaptak a nagyv\u00e1radi v\u00e1rosh\u00e1za terveir\u0151l, amelyek c\u00e9lja a v\u00edz-, szennyv\u00edz- \u00e9s csapad\u00e9kv\u00edzh\u00e1l\u00f3zat bevezet\u00e9se a biharp\u00fcsp\u00f6ki utc\u00e1kon, valamint a m\u00e9g burkolatlan utc\u00e1k korszer\u0171s\u00edt\u00e9se. Ezeket a beruh\u00e1z\u00e1sokat az el\u00e9rhet\u0151 eur\u00f3pai alapok felhaszn\u00e1l\u00e1s\u00e1val hajtj\u00e1k v\u00e9gre. Hamarosan megkezd\u0151dik az es\u0151vizet \u00e9s a szennyvizet \u00f6sszegy\u0171jt\u0151 f\u0151csatorna \u00e9p\u00edt\u00e9se is. Ez a Plantelor utc\u00e1n a vas\u00fati p\u00e1lya alulj\u00e1r\u00f3j\u00e1val, a v\u00edzvisszatart\u00f3 medence \u00e9p\u00edt\u00e9s\u00e9vel \u00e9s a Bor\u0219ului \u00fat alulj\u00e1r\u00f3j\u00e1val, a csapad\u00e9kv\u00edz Cri\u0219ul Repede foly\u00f3ba val\u00f3 ki\u00f6nt\u00e9s\u00e9vel, illetve a csatorna elvezet\u00e9s\u00e9vel a legk\u00f6zelebbi szivatty\u00fatelepre t\u00f6rt\u00e9nik. Amint ezek a kezdeti beruh\u00e1z\u00e1sok megt\u00f6rt\u00e9ntek, az \u00fatburkolatot fel\u00faj\u00edtj\u00e1k. Jelenleg az P\u00fcsp\u00f6ki negyedben az \u00f6nkorm\u00e1nyzat \u00faj parkot \u00e9p\u00edt a Rektor utca \u00e9s a Matei Corvin utca keresztez\u0151d\u00e9s\u00e9ben. Ugyanakkor a Capsunilor utca \u00e9s az Afinelor utca keresztez\u0151d\u00e9s\u00e9ben egy m\u00e1sik park tervez\u00e9se is folyamatban van, amely mag\u00e1ban foglalja a megl\u00e9v\u0151 f\u0171zfasor be\u00e9p\u00edt\u00e9s\u00e9t.","og_url":"https:\/\/oradea.ro\/hu\/hirek\/iden-megkezdodik-a-csatornazasi-es-vizellatasi-halozatok-kiepitese-tobb-biharpuspoki-utcaban\/","og_site_name":"Oradea.ro","article_modified_time":"2024-04-16T12:12:19+00:00","og_image":[{"width":1098,"height":618,"url":"https:\/\/oradea.ro\/wp-content\/uploads\/2024\/04\/IMG_20240410_173546.jpg","type":"image\/jpeg"}],"twitter_card":"summary_large_image","twitter_misc":{"Becs\u00fclt olvas\u00e1si id\u0151":"2 perc"},"schema":{"@context":"https:\/\/schema.org","@graph":[{"@type":"WebPage","@id":"https:\/\/oradea.ro\/hu\/hirek\/iden-megkezdodik-a-csatornazasi-es-vizellatasi-halozatok-kiepitese-tobb-biharpuspoki-utcaban\/","url":"https:\/\/oradea.ro\/hu\/hirek\/iden-megkezdodik-a-csatornazasi-es-vizellatasi-halozatok-kiepitese-tobb-biharpuspoki-utcaban\/","name":"Id\u00e9n megkezd\u0151dik a csatorn\u00e1z\u00e1si \u00e9s v\u00edzell\u00e1t\u00e1si h\u00e1l\u00f3zatok ki\u00e9p\u00edt\u00e9se t\u00f6bb biharp\u00fcsp\u00f6ki utc\u00e1ban. - Oradea.ro","isPartOf":{"@id":"https:\/\/oradea.ro\/#website"},"primaryImageOfPage":{"@id":"https:\/\/oradea.ro\/hu\/hirek\/iden-megkezdodik-a-csatornazasi-es-vizellatasi-halozatok-kiepitese-tobb-biharpuspoki-utcaban\/#primaryimage"},"image":{"@id":"https:\/\/oradea.ro\/hu\/hirek\/iden-megkezdodik-a-csatornazasi-es-vizellatasi-halozatok-kiepitese-tobb-biharpuspoki-utcaban\/#primaryimage"},"thumbnailUrl":"https:\/\/oradea.ro\/wp-content\/uploads\/2024\/04\/IMG_20240410_173546.jpg","datePublished":"2024-04-11T07:02:00+00:00","dateModified":"2024-04-16T12:12:19+00:00","breadcrumb":{"@id":"https:\/\/oradea.ro\/hu\/hirek\/iden-megkezdodik-a-csatornazasi-es-vizellatasi-halozatok-kiepitese-tobb-biharpuspoki-utcaban\/#breadcrumb"},"inLanguage":"hu","potentialAction":[{"@type":"ReadAction","target":["https:\/\/oradea.ro\/hu\/hirek\/iden-megkezdodik-a-csatornazasi-es-vizellatasi-halozatok-kiepitese-tobb-biharpuspoki-utcaban\/"]}]},{"@type":"ImageObject","inLanguage":"hu","@id":"https:\/\/oradea.ro\/hu\/hirek\/iden-megkezdodik-a-csatornazasi-es-vizellatasi-halozatok-kiepitese-tobb-biharpuspoki-utcaban\/#primaryimage","url":"https:\/\/oradea.ro\/wp-content\/uploads\/2024\/04\/IMG_20240410_173546.jpg","contentUrl":"https:\/\/oradea.ro\/wp-content\/uploads\/2024\/04\/IMG_20240410_173546.jpg","width":1098,"height":618},{"@type":"BreadcrumbList","@id":"https:\/\/oradea.ro\/hu\/hirek\/iden-megkezdodik-a-csatornazasi-es-vizellatasi-halozatok-kiepitese-tobb-biharpuspoki-utcaban\/#breadcrumb","itemListElement":[{"@type":"ListItem","position":1,"name":"","item":"https:\/\/oradea.ro\/hu\/"},{"@type":"ListItem","position":2,"name":"\u0218tiri","item":"https:\/\/oradea.ro\/stiri\/"},{"@type":"ListItem","position":3,"name":"Id\u00e9n megkezd\u0151dik a csatorn\u00e1z\u00e1si \u00e9s v\u00edzell\u00e1t\u00e1si h\u00e1l\u00f3zatok ki\u00e9p\u00edt\u00e9se t\u00f6bb biharp\u00fcsp\u00f6ki utc\u00e1ban."}]},{"@type":"WebSite","@id":"https:\/\/oradea.ro\/#website","url":"https:\/\/oradea.ro\/","name":"Oradea.ro","description":"Site-ul oficial al Prim\u0103riei Municipiului Oradea","publisher":{"@id":"https:\/\/oradea.ro\/#organization"},"potentialAction":[{"@type":"SearchAction","target":{"@type":"EntryPoint","urlTemplate":"https:\/\/oradea.ro\/?s={search_term_string}"},"query-input":{"@type":"PropertyValueSpecification","valueRequired":true,"valueName":"search_term_string"}}],"inLanguage":"hu"},{"@type":"Organization","@id":"https:\/\/oradea.ro\/#organization","name":"Oradea.ro","url":"https:\/\/oradea.ro\/","logo":{"@type":"ImageObject","inLanguage":"hu","@id":"https:\/\/oradea.ro\/#\/schema\/logo\/image\/","url":"https:\/\/oradea.ro\/wp-content\/uploads\/2023\/06\/footer_logo.svg","contentUrl":"https:\/\/oradea.ro\/wp-content\/uploads\/2023\/06\/footer_logo.svg","width":218,"height":53,"caption":"Oradea.ro"},"image":{"@id":"https:\/\/oradea.ro\/#\/schema\/logo\/image\/"}}]}},"publishpress_future_workflow_manual_trigger":{"enabledWorkflows":[]},"_links":{"self":[{"href":"https:\/\/oradea.ro\/hu\/wp-json\/wp\/v2\/stiri\/298610","targetHints":{"allow":["GET"]}}],"collection":[{"href":"https:\/\/oradea.ro\/hu\/wp-json\/wp\/v2\/stiri"}],"about":[{"href":"https:\/\/oradea.ro\/hu\/wp-json\/wp\/v2\/types\/stiri"}],"author":[{"embeddable":true,"href":"https:\/\/oradea.ro\/hu\/wp-json\/wp\/v2\/users\/7"}],"replies":[{"embeddable":true,"href":"https:\/\/oradea.ro\/hu\/wp-json\/wp\/v2\/comments?post=298610"}],"version-history":[{"count":3,"href":"https:\/\/oradea.ro\/hu\/wp-json\/wp\/v2\/stiri\/298610\/revisions"}],"predecessor-version":[{"id":298613,"href":"https:\/\/oradea.ro\/hu\/wp-json\/wp\/v2\/stiri\/298610\/revisions\/298613"}],"wp:featuredmedia":[{"embeddable":true,"href":"https:\/\/oradea.ro\/hu\/wp-json\/wp\/v2\/media\/298087"}],"wp:attachment":[{"href":"https:\/\/oradea.ro\/hu\/wp-json\/wp\/v2\/media?parent=298610"}],"wp:term":[{"taxonomy":"stiri-cat","embeddable":true,"href":"https:\/\/oradea.ro\/hu\/wp-json\/wp\/v2\/stiri-cat?post=298610"},{"taxonomy":"stiri-tags","embeddable":true,"href":"https:\/\/oradea.ro\/hu\/wp-json\/wp\/v2\/stiri-tags?post=298610"}],"curies":[{"name":"wp","href":"https:\/\/api.w.org\/{rel}","templated":true}]}}