{"id":306799,"date":"2024-06-04T09:31:45","date_gmt":"2024-06-04T07:31:45","guid":{"rendered":"https:\/\/oradea.ro\/stiri\/nagyvarad-osszekottetesben-a-vilaggal-a-lot-polish-airlines-elinditotta-a-nagyvarad-varso-kozvetlen-jaratot\/"},"modified":"2024-06-05T10:42:31","modified_gmt":"2024-06-05T08:42:31","slug":"nagyvarad-osszekottetesben-a-vilaggal-a-lot-polish-airlines-elinditotta-a-nagyvarad-varso-kozvetlen-jaratot","status":"publish","type":"stiri","link":"https:\/\/oradea.ro\/hu\/hirek\/nagyvarad-osszekottetesben-a-vilaggal-a-lot-polish-airlines-elinditotta-a-nagyvarad-varso-kozvetlen-jaratot\/","title":{"rendered":"Nagyv\u00e1rad, \u00f6sszek\u00f6ttet\u00e9sben a vil\u00e1ggal: a LOT Polish Airlines elinditotta a Nagyv\u00e1rad &#8211; Vars\u00f3 k\u00f6zvetlen j\u00e1ratot"},"content":{"rendered":"<div class=\"min-w-[100vw] h-[350px] md:h-[500px] ml-[calc(50%-50vw)] flex items-end bg-no-repeat bg-white bg-cover bg-center px-5\" style=\"background-image: url(https:\/\/oradea.ro\/wp-content\/uploads\/2024\/06\/IMG_6060-scaled.jpg);\">\r\n                    <div class=\"w-full max-w-7xl mx-auto mb-6\">\r\n                        <h1 class=\"my-0 text-white font-extrabold font-open-sans text-3xl md:text-6xl [text-shadow:_0_1px_4px_rgb(0_0_0_\/_50%)]\">Nagyv\u00e1rad, \u00f6sszek\u00f6ttet\u00e9sben a vil\u00e1ggal: a LOT Polish Airlines elinditotta a Nagyv\u00e1rad &#8211; Vars\u00f3 k\u00f6zvetlen j\u00e1ratot<\/h1>\r\n                    <\/div>\r\n                <\/div><div class=\"!px-5\"><div class=\"breadcrumbs w-full max-w-7xl mx-auto grid md:flex flex-wrap items-center py-4 test\"><div><a href=\"https:\/\/oradea.ro\/hu\/\"><span class=\"fas fa-home text-[#ABAEB3]\"><\/span><\/a><span class=\"md:hidden\"><span class=\"fas fa-chevron-down mx-5 text-xs text-[#ABAEB3] hover:text-black\/50 transition-all\"><\/span><\/span><span class=\"hidden md:inline\"><span class=\"fas fa-chevron-right mx-5 text-xs text-[#ABAEB3] hover:text-black\/50 transition-all\"><\/span><\/span><\/div><span class=\"font-poppins font-semibold uppercase text-black\/60\">Nagyv\u00e1rad, \u00f6sszek\u00f6ttet\u00e9sben a vil\u00e1ggal: a LOT Polish Airlines elinditotta a Nagyv\u00e1rad &#8211; Vars\u00f3 k\u00f6zvetlen j\u00e1ratot<\/span><\/div><\/div>\n<p>Nagyv\u00e1radr\u00f3l ezent\u00fal k\u00f6zvetlen j\u00e1rattal lehet Vars\u00f3ba utazni, hiszen a LOT Polish Airlines v\u00e1llalat tegnap, j\u00fanius 3-\u00e1n felavatta a k\u00e9t v\u00e1ros k\u00f6z\u00f6tti k\u00f6zvetlen j\u00e1ratot.<\/p>\n\n<p>A LOT Polish Airlines hetente n\u00e9gyszer, h\u00e9tf\u0151nk\u00e9nt, szerd\u00e1nk\u00e9nt, p\u00e9ntekenk\u00e9nt \u00e9s szombatonk\u00e9nt k\u00f6zlekedik a Nagyv\u00e1rad &#8211; Vars\u00f3 \u00e9s vissza \u00fatvonalon. Ez a kapcsolat gazdas\u00e1gi \u00e9s turisztikai lehet\u0151s\u00e9geket nyit meg Rom\u00e1nia \u00e9s Lengyelorsz\u00e1g k\u00f6z\u00f6tt, mivel a vars\u00f3i rep\u00fcl\u0151t\u00e9r K\u00f6z\u00e9p- \u00e9s Kelet-Eur\u00f3pa legnagyobb l\u00e9gi csom\u00f3pontja, amely m\u00e1s eur\u00f3pai, egyes\u00fclt \u00e1llamokbeli, kanadai \u00e9s \u00e1zsiai c\u00e9l\u00e1llom\u00e1sokkal is \u00f6sszek\u00f6ttet\u00e9st biztos\u00edt.<\/p>\n\n<p>Az els\u0151 g\u00e9p j\u00fanius 3-\u00e1n, h\u00e9tf\u0151n 16:45-kor sz\u00e1llt le a Nagyv\u00e1radi Nemzetk\u00f6zi Rep\u00fcl\u0151t\u00e9ren, ahol a hagyom\u00e1nyos v\u00edz\u00e1gy\u00fas tisztelg\u00e9ssel fogadt\u00e1k, majd 17:40-kor sz\u00e1llt fel ism\u00e9t a lengyel f\u0151v\u00e1ros ir\u00e1ny\u00e1ba. <\/p>\n\n<p>A megnyit\u00f3 \u00fcnneps\u00e9gen Florin Birta polg\u00e1rmester elmondta: &#8222;Ez egy fontos pillanat Nagyv\u00e1rad \u00e9s Bihar megye sz\u00e1m\u00e1ra. Ez a Bihar megyei Tan\u00e1cs \u00e9s a nagyv\u00e1radi V\u00e1rosh\u00e1za k\u00f6z\u00f6tti partners\u00e9g eredm\u00e9nye, \u00e9s mint minden projekt eset\u00e9ben, itt is egy\u00e9rtelm\u0171, hogy ha a k\u00e9t int\u00e9zm\u00e9ny egy\u00fcttm\u0171k\u00f6dik, a dolgok a v\u00e9g\u00e9re \u00e9rnek. A LOT Airlines jelenl\u00e9te a nagyv\u00e1radi rep\u00fcl\u0151t\u00e9ren garanci\u00e1t jelenthet arra, hogy Nagyv\u00e1radot \u00f6sszek\u00f6ttet\u00e9sben lehet tartani Eur\u00f3p\u00e1val \u00e9s a vil\u00e1g t\u00f6bbi r\u00e9sz\u00e9vel. Nagyv\u00e1rad l\u00e9gi \u00f6sszek\u00f6ttet\u00e9se mind Nagyv\u00e1rad \u00e9s Bihar \u00fczleti k\u00f6rnyezete, mind pedig a turisztikai oldal sz\u00e1m\u00e1ra el\u0151ny\u00f6s lesz. Polg\u00e1rmesterk\u00e9nt nagy \u00f6r\u00f6m sz\u00e1momra, hogy ez ma megt\u00f6rt\u00e9nik, \u00e9s hogy Nagyv\u00e1rad k\u00f6zvetlen\u00fcl kapcsol\u00f3dhat a vil\u00e1g t\u00f6bbi r\u00e9sz\u00e9hez.&#8221;<\/p>\n\n<p>  &#8222;A k\u00f6zelm\u00faltban a rep\u00fcl\u0151t\u00e9ri infrastrukt\u00far\u00e1ba &#8211; nevezetesen az \u00faj utastermin\u00e1lba, a kifut\u00f3p\u00e1lya meghosszabb\u00edt\u00e1s\u00e1ba \u00e9s a tehersz\u00e1ll\u00edt\u00f3 termin\u00e1lba &#8211; t\u00f6rt\u00e9nt beruh\u00e1z\u00e1sok ut\u00e1n megy\u00e9nknek most nagyon j\u00f3 felt\u00e9telei vannak ahhoz, hogy \u00f6sszek\u00f6ttet\u00e9st teremtsen Eur\u00f3p\u00e1val \u00e9s a vil\u00e1g t\u00f6bbi r\u00e9sz\u00e9vel. Meggy\u0151z\u0151d\u00e9s\u00fcnk, hogy az elk\u00f6vetkez\u0151 id\u0151szakban tov\u00e1bbi j\u00f3 h\u00edrekkel fogunk szolg\u00e1lni. K\u00f6sz\u00f6nj\u00fck a LOT-nak, hogy a partners\u00e9g mellett\u00fcnk d\u00f6nt\u00f6tt, \u00e9s legyen ez a kezdet p\u00e9lda m\u00e1s v\u00e1llalatok sz\u00e1m\u00e1ra is&#8221; &#8211; mondta Mircea M\u0103lan, a Bihar Megyei Tan\u00e1cs aleln\u00f6ke.<\/p>\n\n<p>&#8222;Nagyv\u00e1rad imm\u00e1r a harmadik rep\u00fcl\u0151t\u00e9r Rom\u00e1ni\u00e1ban, amelyet a LOT Polish Airlines kiszolg\u00e1l. Az \u00faj kapcsolat nem csup\u00e1n egy \u00fajabb lehet\u0151s\u00e9g az utaz\u00e1si inspir\u00e1ci\u00f3t keres\u0151k sz\u00e1m\u00e1ra, hanem a bihari r\u00e9gi\u00f3 gazdas\u00e1gi \u00e9s turisztikai kapcsolatainak fejleszt\u00e9s\u00e9t is szolg\u00e1lja. A nagyv\u00e1radi utasok a mi \u00fcdv\u00f6zl\u0151 fed\u00e9lzet\u00fcnk\u00f6n nemcsak Vars\u00f3 \u00e9s Lengyelorsz\u00e1g var\u00e1zs\u00e1t fedezhetik fel, hanem &#8211; csatlakoz\u00e1si h\u00e1l\u00f3zatunknak k\u00f6sz\u00f6nhet\u0151en &#8211; t\u00f6bb mint 80 eur\u00f3pai, \u00e9szak-amerikai \u00e9s \u00e1zsiai v\u00e1rosba is eljuthatnak&#8221; &#8211; mondta Michal Fijol, a LOT Polish Airlines eln\u00f6ke.<\/p>\n\n<p>Az esem\u00e9nyen r\u00e9szt vett R\u0103zvan Horga, a rep\u00fcl\u0151t\u00e9r igazgat\u00f3ja, Mircea M\u0103lan, a Bihar Megyei Tan\u00e1cs aleln\u00f6ke, Florin Birta, Nagyv\u00e1rad polg\u00e1rmestere, Adrian Foghi\u0219, a K\u00f6zleked\u00e9si Miniszt\u00e9rium \u00e1llamtitk\u00e1ra, Mihai Jurca, Nagyv\u00e1rad v\u00e1rosvezet\u0151je, a Rom\u00e1n-Lengyel Kereskedelmi Kamara k\u00fcld\u00f6tte \u00e9s az \u00fczleti k\u00f6rnyezet k\u00e9pvisel\u0151i.<\/p>\n\n<figure class=\"wp-block-gallery has-nested-images columns-default is-cropped wp-block-gallery-1 is-layout-flex wp-block-gallery-is-layout-flex\">\n<figure class=\"wp-block-image size-large\"><a href=\"https:\/\/oradea.ro\/wp-content\/uploads\/2024\/06\/MAX_0602-scaled.jpg\"><img fetchpriority=\"high\" decoding=\"async\" width=\"1024\" height=\"683\" data-id=\"305915\" src=\"https:\/\/oradea.ro\/wp-content\/uploads\/2024\/06\/MAX_0602-1024x683.jpg\" alt=\"\" class=\"wp-image-305915\" srcset=\"https:\/\/oradea.ro\/wp-content\/uploads\/2024\/06\/MAX_0602-1024x683.jpg 1024w, https:\/\/oradea.ro\/wp-content\/uploads\/2024\/06\/MAX_0602-300x200.jpg 300w, https:\/\/oradea.ro\/wp-content\/uploads\/2024\/06\/MAX_0602-768x512.jpg 768w, https:\/\/oradea.ro\/wp-content\/uploads\/2024\/06\/MAX_0602-1536x1024.jpg 1536w, https:\/\/oradea.ro\/wp-content\/uploads\/2024\/06\/MAX_0602-2048x1365.jpg 2048w\" sizes=\"(max-width: 1024px) 100vw, 1024px\" \/><\/a><\/figure>\n\n\n\n<figure class=\"wp-block-image size-large\"><a href=\"https:\/\/oradea.ro\/wp-content\/uploads\/2024\/06\/MAX_0613-scaled.jpg\"><img decoding=\"async\" width=\"1024\" height=\"683\" data-id=\"305914\" src=\"https:\/\/oradea.ro\/wp-content\/uploads\/2024\/06\/MAX_0613-1024x683.jpg\" alt=\"\" class=\"wp-image-305914\" srcset=\"https:\/\/oradea.ro\/wp-content\/uploads\/2024\/06\/MAX_0613-1024x683.jpg 1024w, https:\/\/oradea.ro\/wp-content\/uploads\/2024\/06\/MAX_0613-300x200.jpg 300w, https:\/\/oradea.ro\/wp-content\/uploads\/2024\/06\/MAX_0613-768x512.jpg 768w, https:\/\/oradea.ro\/wp-content\/uploads\/2024\/06\/MAX_0613-1536x1024.jpg 1536w, https:\/\/oradea.ro\/wp-content\/uploads\/2024\/06\/MAX_0613-2048x1365.jpg 2048w\" sizes=\"(max-width: 1024px) 100vw, 1024px\" \/><\/a><\/figure>\n\n\n\n<figure class=\"wp-block-image size-large\"><a href=\"https:\/\/oradea.ro\/wp-content\/uploads\/2024\/06\/1-1-scaled.jpg\"><img decoding=\"async\" width=\"1024\" height=\"848\" data-id=\"305923\" src=\"https:\/\/oradea.ro\/wp-content\/uploads\/2024\/06\/1-1-1024x848.jpg\" alt=\"\" class=\"wp-image-305923\" srcset=\"https:\/\/oradea.ro\/wp-content\/uploads\/2024\/06\/1-1-1024x848.jpg 1024w, https:\/\/oradea.ro\/wp-content\/uploads\/2024\/06\/1-1-300x248.jpg 300w, https:\/\/oradea.ro\/wp-content\/uploads\/2024\/06\/1-1-768x636.jpg 768w, https:\/\/oradea.ro\/wp-content\/uploads\/2024\/06\/1-1-1536x1272.jpg 1536w, https:\/\/oradea.ro\/wp-content\/uploads\/2024\/06\/1-1-2048x1695.jpg 2048w\" sizes=\"(max-width: 1024px) 100vw, 1024px\" \/><\/a><\/figure>\n\n\n\n<figure class=\"wp-block-image size-large\"><a href=\"https:\/\/oradea.ro\/wp-content\/uploads\/2024\/06\/IMG_6067-scaled.jpeg\"><img loading=\"lazy\" decoding=\"async\" width=\"1024\" height=\"768\" data-id=\"305905\" src=\"https:\/\/oradea.ro\/wp-content\/uploads\/2024\/06\/IMG_6067-1024x768.jpeg\" alt=\"\" class=\"wp-image-305905\" srcset=\"https:\/\/oradea.ro\/wp-content\/uploads\/2024\/06\/IMG_6067-1024x768.jpeg 1024w, https:\/\/oradea.ro\/wp-content\/uploads\/2024\/06\/IMG_6067-300x225.jpeg 300w, https:\/\/oradea.ro\/wp-content\/uploads\/2024\/06\/IMG_6067-768x576.jpeg 768w, https:\/\/oradea.ro\/wp-content\/uploads\/2024\/06\/IMG_6067-1536x1152.jpeg 1536w, https:\/\/oradea.ro\/wp-content\/uploads\/2024\/06\/IMG_6067-2048x1536.jpeg 2048w\" sizes=\"(max-width: 1024px) 100vw, 1024px\" \/><\/a><\/figure>\n\n\n\n<figure class=\"wp-block-image size-large\"><a href=\"https:\/\/oradea.ro\/wp-content\/uploads\/2024\/06\/IMG_6096-scaled.jpeg\"><img loading=\"lazy\" decoding=\"async\" width=\"1024\" height=\"768\" data-id=\"305920\" src=\"https:\/\/oradea.ro\/wp-content\/uploads\/2024\/06\/IMG_6096-1024x768.jpeg\" alt=\"\" class=\"wp-image-305920\" srcset=\"https:\/\/oradea.ro\/wp-content\/uploads\/2024\/06\/IMG_6096-1024x768.jpeg 1024w, https:\/\/oradea.ro\/wp-content\/uploads\/2024\/06\/IMG_6096-300x225.jpeg 300w, https:\/\/oradea.ro\/wp-content\/uploads\/2024\/06\/IMG_6096-768x576.jpeg 768w, https:\/\/oradea.ro\/wp-content\/uploads\/2024\/06\/IMG_6096-1536x1152.jpeg 1536w, https:\/\/oradea.ro\/wp-content\/uploads\/2024\/06\/IMG_6096-2048x1536.jpeg 2048w\" sizes=\"(max-width: 1024px) 100vw, 1024px\" \/><\/a><\/figure>\n\n\n\n<figure class=\"wp-block-image size-large\"><a href=\"https:\/\/oradea.ro\/wp-content\/uploads\/2024\/06\/IMG_6150-scaled.jpeg\"><img loading=\"lazy\" decoding=\"async\" width=\"1024\" height=\"768\" data-id=\"305911\" src=\"https:\/\/oradea.ro\/wp-content\/uploads\/2024\/06\/IMG_6150-1024x768.jpeg\" alt=\"\" class=\"wp-image-305911\" srcset=\"https:\/\/oradea.ro\/wp-content\/uploads\/2024\/06\/IMG_6150-1024x768.jpeg 1024w, https:\/\/oradea.ro\/wp-content\/uploads\/2024\/06\/IMG_6150-300x225.jpeg 300w, https:\/\/oradea.ro\/wp-content\/uploads\/2024\/06\/IMG_6150-768x576.jpeg 768w, https:\/\/oradea.ro\/wp-content\/uploads\/2024\/06\/IMG_6150-1536x1152.jpeg 1536w, https:\/\/oradea.ro\/wp-content\/uploads\/2024\/06\/IMG_6150-2048x1536.jpeg 2048w\" sizes=\"(max-width: 1024px) 100vw, 1024px\" \/><\/a><\/figure>\n\n\n\n<figure class=\"wp-block-image size-large\"><a href=\"https:\/\/oradea.ro\/wp-content\/uploads\/2024\/06\/MAX_0597-scaled.jpg\"><img loading=\"lazy\" decoding=\"async\" width=\"1024\" height=\"712\" data-id=\"305902\" src=\"https:\/\/oradea.ro\/wp-content\/uploads\/2024\/06\/MAX_0597-1024x712.jpg\" alt=\"\" class=\"wp-image-305902\" srcset=\"https:\/\/oradea.ro\/wp-content\/uploads\/2024\/06\/MAX_0597-1024x712.jpg 1024w, https:\/\/oradea.ro\/wp-content\/uploads\/2024\/06\/MAX_0597-300x208.jpg 300w, https:\/\/oradea.ro\/wp-content\/uploads\/2024\/06\/MAX_0597-768x534.jpg 768w, https:\/\/oradea.ro\/wp-content\/uploads\/2024\/06\/MAX_0597-1536x1067.jpg 1536w, https:\/\/oradea.ro\/wp-content\/uploads\/2024\/06\/MAX_0597-2048x1423.jpg 2048w\" sizes=\"(max-width: 1024px) 100vw, 1024px\" \/><\/a><\/figure>\n\n\n\n<figure class=\"wp-block-image size-large\"><a href=\"https:\/\/oradea.ro\/wp-content\/uploads\/2024\/06\/MAX_0600-scaled.jpg\"><img loading=\"lazy\" decoding=\"async\" width=\"1024\" height=\"683\" data-id=\"305926\" src=\"https:\/\/oradea.ro\/wp-content\/uploads\/2024\/06\/MAX_0600-1024x683.jpg\" alt=\"\" class=\"wp-image-305926\" srcset=\"https:\/\/oradea.ro\/wp-content\/uploads\/2024\/06\/MAX_0600-1024x683.jpg 1024w, https:\/\/oradea.ro\/wp-content\/uploads\/2024\/06\/MAX_0600-300x200.jpg 300w, https:\/\/oradea.ro\/wp-content\/uploads\/2024\/06\/MAX_0600-768x512.jpg 768w, https:\/\/oradea.ro\/wp-content\/uploads\/2024\/06\/MAX_0600-1536x1024.jpg 1536w, https:\/\/oradea.ro\/wp-content\/uploads\/2024\/06\/MAX_0600-2048x1365.jpg 2048w\" sizes=\"(max-width: 1024px) 100vw, 1024px\" \/><\/a><\/figure>\n<\/figure>\n","protected":false},"author":16,"featured_media":305901,"comment_status":"closed","ping_status":"closed","template":"","stiri-cat":[667],"stiri-tags":[1284],"class_list":["post-306799","stiri","type-stiri","status-publish","has-post-thumbnail","hentry","stiri-cat-stiri-oradea","stiri-tags-stiri"],"acf":[],"yoast_head":"<!-- This site is optimized with the Yoast SEO plugin v26.6 - https:\/\/yoast.com\/wordpress\/plugins\/seo\/ -->\n<title>Nagyv\u00e1rad, \u00f6sszek\u00f6ttet\u00e9sben a vil\u00e1ggal: a LOT Polish Airlines elinditotta a Nagyv\u00e1rad - Vars\u00f3 k\u00f6zvetlen j\u00e1ratot - Oradea.ro<\/title>\n<meta name=\"robots\" content=\"index, follow, max-snippet:-1, max-image-preview:large, max-video-preview:-1\" \/>\n<link rel=\"canonical\" href=\"https:\/\/oradea.ro\/hu\/hirek\/nagyvarad-osszekottetesben-a-vilaggal-a-lot-polish-airlines-elinditotta-a-nagyvarad-varso-kozvetlen-jaratot\/\" \/>\n<meta property=\"og:locale\" content=\"hu_HU\" \/>\n<meta property=\"og:type\" content=\"article\" \/>\n<meta property=\"og:title\" content=\"Nagyv\u00e1rad, \u00f6sszek\u00f6ttet\u00e9sben a vil\u00e1ggal: a LOT Polish Airlines elinditotta a Nagyv\u00e1rad - Vars\u00f3 k\u00f6zvetlen j\u00e1ratot - Oradea.ro\" \/>\n<meta property=\"og:description\" content=\"Nagyv\u00e1rad, \u00f6sszek\u00f6ttet\u00e9sben a vil\u00e1ggal: a LOT Polish Airlines elinditotta a Nagyv\u00e1rad &#8211; Vars\u00f3 k\u00f6zvetlen j\u00e1ratot Nagyv\u00e1rad, \u00f6sszek\u00f6ttet\u00e9sben a vil\u00e1ggal: a LOT Polish Airlines elinditotta a Nagyv\u00e1rad &#8211; Vars\u00f3 k\u00f6zvetlen j\u00e1ratot Nagyv\u00e1radr\u00f3l ezent\u00fal k\u00f6zvetlen j\u00e1rattal lehet Vars\u00f3ba utazni, hiszen a LOT Polish Airlines v\u00e1llalat tegnap, j\u00fanius 3-\u00e1n felavatta a k\u00e9t v\u00e1ros k\u00f6z\u00f6tti k\u00f6zvetlen j\u00e1ratot. A LOT Polish Airlines hetente n\u00e9gyszer, h\u00e9tf\u0151nk\u00e9nt, szerd\u00e1nk\u00e9nt, p\u00e9ntekenk\u00e9nt \u00e9s szombatonk\u00e9nt k\u00f6zlekedik a Nagyv\u00e1rad &#8211; Vars\u00f3 \u00e9s vissza \u00fatvonalon. Ez a kapcsolat gazdas\u00e1gi \u00e9s turisztikai lehet\u0151s\u00e9geket nyit meg Rom\u00e1nia \u00e9s Lengyelorsz\u00e1g k\u00f6z\u00f6tt, mivel a vars\u00f3i rep\u00fcl\u0151t\u00e9r K\u00f6z\u00e9p- \u00e9s Kelet-Eur\u00f3pa legnagyobb l\u00e9gi csom\u00f3pontja, amely m\u00e1s eur\u00f3pai, egyes\u00fclt \u00e1llamokbeli, kanadai \u00e9s \u00e1zsiai c\u00e9l\u00e1llom\u00e1sokkal is \u00f6sszek\u00f6ttet\u00e9st biztos\u00edt. Az els\u0151 g\u00e9p j\u00fanius 3-\u00e1n, h\u00e9tf\u0151n 16:45-kor sz\u00e1llt le a Nagyv\u00e1radi Nemzetk\u00f6zi Rep\u00fcl\u0151t\u00e9ren, ahol a hagyom\u00e1nyos v\u00edz\u00e1gy\u00fas tisztelg\u00e9ssel fogadt\u00e1k, majd 17:40-kor sz\u00e1llt fel ism\u00e9t a lengyel f\u0151v\u00e1ros ir\u00e1ny\u00e1ba. A megnyit\u00f3 \u00fcnneps\u00e9gen Florin Birta polg\u00e1rmester elmondta: &#8222;Ez egy fontos pillanat Nagyv\u00e1rad \u00e9s Bihar megye sz\u00e1m\u00e1ra. Ez a Bihar megyei Tan\u00e1cs \u00e9s a nagyv\u00e1radi V\u00e1rosh\u00e1za k\u00f6z\u00f6tti partners\u00e9g eredm\u00e9nye, \u00e9s mint minden projekt eset\u00e9ben, itt is egy\u00e9rtelm\u0171, hogy ha a k\u00e9t int\u00e9zm\u00e9ny egy\u00fcttm\u0171k\u00f6dik, a dolgok a v\u00e9g\u00e9re \u00e9rnek. A LOT Airlines jelenl\u00e9te a nagyv\u00e1radi rep\u00fcl\u0151t\u00e9ren garanci\u00e1t jelenthet arra, hogy Nagyv\u00e1radot \u00f6sszek\u00f6ttet\u00e9sben lehet tartani Eur\u00f3p\u00e1val \u00e9s a vil\u00e1g t\u00f6bbi r\u00e9sz\u00e9vel. Nagyv\u00e1rad l\u00e9gi \u00f6sszek\u00f6ttet\u00e9se mind Nagyv\u00e1rad \u00e9s Bihar \u00fczleti k\u00f6rnyezete, mind pedig a turisztikai oldal sz\u00e1m\u00e1ra el\u0151ny\u00f6s lesz. Polg\u00e1rmesterk\u00e9nt nagy \u00f6r\u00f6m sz\u00e1momra, hogy ez ma megt\u00f6rt\u00e9nik, \u00e9s hogy Nagyv\u00e1rad k\u00f6zvetlen\u00fcl kapcsol\u00f3dhat a vil\u00e1g t\u00f6bbi r\u00e9sz\u00e9hez.&#8221; &#8222;A k\u00f6zelm\u00faltban a rep\u00fcl\u0151t\u00e9ri infrastrukt\u00far\u00e1ba &#8211; nevezetesen az \u00faj utastermin\u00e1lba, a kifut\u00f3p\u00e1lya meghosszabb\u00edt\u00e1s\u00e1ba \u00e9s a tehersz\u00e1ll\u00edt\u00f3 termin\u00e1lba &#8211; t\u00f6rt\u00e9nt beruh\u00e1z\u00e1sok ut\u00e1n megy\u00e9nknek most nagyon j\u00f3 felt\u00e9telei vannak ahhoz, hogy \u00f6sszek\u00f6ttet\u00e9st teremtsen Eur\u00f3p\u00e1val \u00e9s a vil\u00e1g t\u00f6bbi r\u00e9sz\u00e9vel. Meggy\u0151z\u0151d\u00e9s\u00fcnk, hogy az elk\u00f6vetkez\u0151 id\u0151szakban tov\u00e1bbi j\u00f3 h\u00edrekkel fogunk szolg\u00e1lni. K\u00f6sz\u00f6nj\u00fck a LOT-nak, hogy a partners\u00e9g mellett\u00fcnk d\u00f6nt\u00f6tt, \u00e9s legyen ez a kezdet p\u00e9lda m\u00e1s v\u00e1llalatok sz\u00e1m\u00e1ra is&#8221; &#8211; mondta Mircea M\u0103lan, a Bihar Megyei Tan\u00e1cs aleln\u00f6ke. &#8222;Nagyv\u00e1rad imm\u00e1r a harmadik rep\u00fcl\u0151t\u00e9r Rom\u00e1ni\u00e1ban, amelyet a LOT Polish Airlines kiszolg\u00e1l. Az \u00faj kapcsolat nem csup\u00e1n egy \u00fajabb lehet\u0151s\u00e9g az utaz\u00e1si inspir\u00e1ci\u00f3t keres\u0151k sz\u00e1m\u00e1ra, hanem a bihari r\u00e9gi\u00f3 gazdas\u00e1gi \u00e9s turisztikai kapcsolatainak fejleszt\u00e9s\u00e9t is szolg\u00e1lja. A nagyv\u00e1radi utasok a mi \u00fcdv\u00f6zl\u0151 fed\u00e9lzet\u00fcnk\u00f6n nemcsak Vars\u00f3 \u00e9s Lengyelorsz\u00e1g var\u00e1zs\u00e1t fedezhetik fel, hanem &#8211; csatlakoz\u00e1si h\u00e1l\u00f3zatunknak k\u00f6sz\u00f6nhet\u0151en &#8211; t\u00f6bb mint 80 eur\u00f3pai, \u00e9szak-amerikai \u00e9s \u00e1zsiai v\u00e1rosba is eljuthatnak&#8221; &#8211; mondta Michal Fijol, a LOT Polish Airlines eln\u00f6ke. Az esem\u00e9nyen r\u00e9szt vett R\u0103zvan Horga, a rep\u00fcl\u0151t\u00e9r igazgat\u00f3ja, Mircea M\u0103lan, a Bihar Megyei Tan\u00e1cs aleln\u00f6ke, Florin Birta, Nagyv\u00e1rad polg\u00e1rmestere, Adrian Foghi\u0219, a K\u00f6zleked\u00e9si Miniszt\u00e9rium \u00e1llamtitk\u00e1ra, Mihai Jurca, Nagyv\u00e1rad v\u00e1rosvezet\u0151je, a Rom\u00e1n-Lengyel Kereskedelmi Kamara k\u00fcld\u00f6tte \u00e9s az \u00fczleti k\u00f6rnyezet k\u00e9pvisel\u0151i.\" \/>\n<meta property=\"og:url\" content=\"https:\/\/oradea.ro\/hu\/hirek\/nagyvarad-osszekottetesben-a-vilaggal-a-lot-polish-airlines-elinditotta-a-nagyvarad-varso-kozvetlen-jaratot\/\" \/>\n<meta property=\"og:site_name\" content=\"Oradea.ro\" \/>\n<meta property=\"article:modified_time\" content=\"2024-06-05T08:42:31+00:00\" \/>\n<meta property=\"og:image\" content=\"https:\/\/oradea.ro\/wp-content\/uploads\/2024\/06\/IMG_6060-scaled.jpg\" \/>\n\t<meta property=\"og:image:width\" content=\"2560\" \/>\n\t<meta property=\"og:image:height\" content=\"1920\" \/>\n\t<meta property=\"og:image:type\" content=\"image\/jpeg\" \/>\n<meta name=\"twitter:card\" content=\"summary_large_image\" \/>\n<meta name=\"twitter:label1\" content=\"Becs\u00fclt olvas\u00e1si id\u0151\" \/>\n\t<meta name=\"twitter:data1\" content=\"3 perc\" \/>\n<script type=\"application\/ld+json\" class=\"yoast-schema-graph\">{\"@context\":\"https:\/\/schema.org\",\"@graph\":[{\"@type\":\"WebPage\",\"@id\":\"https:\/\/oradea.ro\/hu\/hirek\/nagyvarad-osszekottetesben-a-vilaggal-a-lot-polish-airlines-elinditotta-a-nagyvarad-varso-kozvetlen-jaratot\/\",\"url\":\"https:\/\/oradea.ro\/hu\/hirek\/nagyvarad-osszekottetesben-a-vilaggal-a-lot-polish-airlines-elinditotta-a-nagyvarad-varso-kozvetlen-jaratot\/\",\"name\":\"Nagyv\u00e1rad, \u00f6sszek\u00f6ttet\u00e9sben a vil\u00e1ggal: a LOT Polish Airlines elinditotta a Nagyv\u00e1rad - Vars\u00f3 k\u00f6zvetlen j\u00e1ratot - Oradea.ro\",\"isPartOf\":{\"@id\":\"https:\/\/oradea.ro\/#website\"},\"primaryImageOfPage\":{\"@id\":\"https:\/\/oradea.ro\/hu\/hirek\/nagyvarad-osszekottetesben-a-vilaggal-a-lot-polish-airlines-elinditotta-a-nagyvarad-varso-kozvetlen-jaratot\/#primaryimage\"},\"image\":{\"@id\":\"https:\/\/oradea.ro\/hu\/hirek\/nagyvarad-osszekottetesben-a-vilaggal-a-lot-polish-airlines-elinditotta-a-nagyvarad-varso-kozvetlen-jaratot\/#primaryimage\"},\"thumbnailUrl\":\"https:\/\/oradea.ro\/wp-content\/uploads\/2024\/06\/IMG_6060-scaled.jpg\",\"datePublished\":\"2024-06-04T07:31:45+00:00\",\"dateModified\":\"2024-06-05T08:42:31+00:00\",\"breadcrumb\":{\"@id\":\"https:\/\/oradea.ro\/hu\/hirek\/nagyvarad-osszekottetesben-a-vilaggal-a-lot-polish-airlines-elinditotta-a-nagyvarad-varso-kozvetlen-jaratot\/#breadcrumb\"},\"inLanguage\":\"hu\",\"potentialAction\":[{\"@type\":\"ReadAction\",\"target\":[\"https:\/\/oradea.ro\/hu\/hirek\/nagyvarad-osszekottetesben-a-vilaggal-a-lot-polish-airlines-elinditotta-a-nagyvarad-varso-kozvetlen-jaratot\/\"]}]},{\"@type\":\"ImageObject\",\"inLanguage\":\"hu\",\"@id\":\"https:\/\/oradea.ro\/hu\/hirek\/nagyvarad-osszekottetesben-a-vilaggal-a-lot-polish-airlines-elinditotta-a-nagyvarad-varso-kozvetlen-jaratot\/#primaryimage\",\"url\":\"https:\/\/oradea.ro\/wp-content\/uploads\/2024\/06\/IMG_6060-scaled.jpg\",\"contentUrl\":\"https:\/\/oradea.ro\/wp-content\/uploads\/2024\/06\/IMG_6060-scaled.jpg\",\"width\":2560,\"height\":1920},{\"@type\":\"BreadcrumbList\",\"@id\":\"https:\/\/oradea.ro\/hu\/hirek\/nagyvarad-osszekottetesben-a-vilaggal-a-lot-polish-airlines-elinditotta-a-nagyvarad-varso-kozvetlen-jaratot\/#breadcrumb\",\"itemListElement\":[{\"@type\":\"ListItem\",\"position\":1,\"name\":\"\",\"item\":\"https:\/\/oradea.ro\/hu\/\"},{\"@type\":\"ListItem\",\"position\":2,\"name\":\"\u0218tiri\",\"item\":\"https:\/\/oradea.ro\/stiri\/\"},{\"@type\":\"ListItem\",\"position\":3,\"name\":\"Nagyv\u00e1rad, \u00f6sszek\u00f6ttet\u00e9sben a vil\u00e1ggal: a LOT Polish Airlines elinditotta a Nagyv\u00e1rad &#8211; Vars\u00f3 k\u00f6zvetlen j\u00e1ratot\"}]},{\"@type\":\"WebSite\",\"@id\":\"https:\/\/oradea.ro\/#website\",\"url\":\"https:\/\/oradea.ro\/\",\"name\":\"Oradea.ro\",\"description\":\"Site-ul oficial al Prim\u0103riei Municipiului Oradea\",\"publisher\":{\"@id\":\"https:\/\/oradea.ro\/#organization\"},\"potentialAction\":[{\"@type\":\"SearchAction\",\"target\":{\"@type\":\"EntryPoint\",\"urlTemplate\":\"https:\/\/oradea.ro\/?s={search_term_string}\"},\"query-input\":{\"@type\":\"PropertyValueSpecification\",\"valueRequired\":true,\"valueName\":\"search_term_string\"}}],\"inLanguage\":\"hu\"},{\"@type\":\"Organization\",\"@id\":\"https:\/\/oradea.ro\/#organization\",\"name\":\"Oradea.ro\",\"url\":\"https:\/\/oradea.ro\/\",\"logo\":{\"@type\":\"ImageObject\",\"inLanguage\":\"hu\",\"@id\":\"https:\/\/oradea.ro\/#\/schema\/logo\/image\/\",\"url\":\"https:\/\/oradea.ro\/wp-content\/uploads\/2023\/06\/footer_logo.svg\",\"contentUrl\":\"https:\/\/oradea.ro\/wp-content\/uploads\/2023\/06\/footer_logo.svg\",\"width\":218,\"height\":53,\"caption\":\"Oradea.ro\"},\"image\":{\"@id\":\"https:\/\/oradea.ro\/#\/schema\/logo\/image\/\"}}]}<\/script>\n<!-- \/ Yoast SEO plugin. -->","yoast_head_json":{"title":"Nagyv\u00e1rad, \u00f6sszek\u00f6ttet\u00e9sben a vil\u00e1ggal: a LOT Polish Airlines elinditotta a Nagyv\u00e1rad - Vars\u00f3 k\u00f6zvetlen j\u00e1ratot - Oradea.ro","robots":{"index":"index","follow":"follow","max-snippet":"max-snippet:-1","max-image-preview":"max-image-preview:large","max-video-preview":"max-video-preview:-1"},"canonical":"https:\/\/oradea.ro\/hu\/hirek\/nagyvarad-osszekottetesben-a-vilaggal-a-lot-polish-airlines-elinditotta-a-nagyvarad-varso-kozvetlen-jaratot\/","og_locale":"hu_HU","og_type":"article","og_title":"Nagyv\u00e1rad, \u00f6sszek\u00f6ttet\u00e9sben a vil\u00e1ggal: a LOT Polish Airlines elinditotta a Nagyv\u00e1rad - Vars\u00f3 k\u00f6zvetlen j\u00e1ratot - Oradea.ro","og_description":"Nagyv\u00e1rad, \u00f6sszek\u00f6ttet\u00e9sben a vil\u00e1ggal: a LOT Polish Airlines elinditotta a Nagyv\u00e1rad &#8211; Vars\u00f3 k\u00f6zvetlen j\u00e1ratot Nagyv\u00e1rad, \u00f6sszek\u00f6ttet\u00e9sben a vil\u00e1ggal: a LOT Polish Airlines elinditotta a Nagyv\u00e1rad &#8211; Vars\u00f3 k\u00f6zvetlen j\u00e1ratot Nagyv\u00e1radr\u00f3l ezent\u00fal k\u00f6zvetlen j\u00e1rattal lehet Vars\u00f3ba utazni, hiszen a LOT Polish Airlines v\u00e1llalat tegnap, j\u00fanius 3-\u00e1n felavatta a k\u00e9t v\u00e1ros k\u00f6z\u00f6tti k\u00f6zvetlen j\u00e1ratot. A LOT Polish Airlines hetente n\u00e9gyszer, h\u00e9tf\u0151nk\u00e9nt, szerd\u00e1nk\u00e9nt, p\u00e9ntekenk\u00e9nt \u00e9s szombatonk\u00e9nt k\u00f6zlekedik a Nagyv\u00e1rad &#8211; Vars\u00f3 \u00e9s vissza \u00fatvonalon. Ez a kapcsolat gazdas\u00e1gi \u00e9s turisztikai lehet\u0151s\u00e9geket nyit meg Rom\u00e1nia \u00e9s Lengyelorsz\u00e1g k\u00f6z\u00f6tt, mivel a vars\u00f3i rep\u00fcl\u0151t\u00e9r K\u00f6z\u00e9p- \u00e9s Kelet-Eur\u00f3pa legnagyobb l\u00e9gi csom\u00f3pontja, amely m\u00e1s eur\u00f3pai, egyes\u00fclt \u00e1llamokbeli, kanadai \u00e9s \u00e1zsiai c\u00e9l\u00e1llom\u00e1sokkal is \u00f6sszek\u00f6ttet\u00e9st biztos\u00edt. Az els\u0151 g\u00e9p j\u00fanius 3-\u00e1n, h\u00e9tf\u0151n 16:45-kor sz\u00e1llt le a Nagyv\u00e1radi Nemzetk\u00f6zi Rep\u00fcl\u0151t\u00e9ren, ahol a hagyom\u00e1nyos v\u00edz\u00e1gy\u00fas tisztelg\u00e9ssel fogadt\u00e1k, majd 17:40-kor sz\u00e1llt fel ism\u00e9t a lengyel f\u0151v\u00e1ros ir\u00e1ny\u00e1ba. A megnyit\u00f3 \u00fcnneps\u00e9gen Florin Birta polg\u00e1rmester elmondta: &#8222;Ez egy fontos pillanat Nagyv\u00e1rad \u00e9s Bihar megye sz\u00e1m\u00e1ra. Ez a Bihar megyei Tan\u00e1cs \u00e9s a nagyv\u00e1radi V\u00e1rosh\u00e1za k\u00f6z\u00f6tti partners\u00e9g eredm\u00e9nye, \u00e9s mint minden projekt eset\u00e9ben, itt is egy\u00e9rtelm\u0171, hogy ha a k\u00e9t int\u00e9zm\u00e9ny egy\u00fcttm\u0171k\u00f6dik, a dolgok a v\u00e9g\u00e9re \u00e9rnek. A LOT Airlines jelenl\u00e9te a nagyv\u00e1radi rep\u00fcl\u0151t\u00e9ren garanci\u00e1t jelenthet arra, hogy Nagyv\u00e1radot \u00f6sszek\u00f6ttet\u00e9sben lehet tartani Eur\u00f3p\u00e1val \u00e9s a vil\u00e1g t\u00f6bbi r\u00e9sz\u00e9vel. Nagyv\u00e1rad l\u00e9gi \u00f6sszek\u00f6ttet\u00e9se mind Nagyv\u00e1rad \u00e9s Bihar \u00fczleti k\u00f6rnyezete, mind pedig a turisztikai oldal sz\u00e1m\u00e1ra el\u0151ny\u00f6s lesz. Polg\u00e1rmesterk\u00e9nt nagy \u00f6r\u00f6m sz\u00e1momra, hogy ez ma megt\u00f6rt\u00e9nik, \u00e9s hogy Nagyv\u00e1rad k\u00f6zvetlen\u00fcl kapcsol\u00f3dhat a vil\u00e1g t\u00f6bbi r\u00e9sz\u00e9hez.&#8221; &#8222;A k\u00f6zelm\u00faltban a rep\u00fcl\u0151t\u00e9ri infrastrukt\u00far\u00e1ba &#8211; nevezetesen az \u00faj utastermin\u00e1lba, a kifut\u00f3p\u00e1lya meghosszabb\u00edt\u00e1s\u00e1ba \u00e9s a tehersz\u00e1ll\u00edt\u00f3 termin\u00e1lba &#8211; t\u00f6rt\u00e9nt beruh\u00e1z\u00e1sok ut\u00e1n megy\u00e9nknek most nagyon j\u00f3 felt\u00e9telei vannak ahhoz, hogy \u00f6sszek\u00f6ttet\u00e9st teremtsen Eur\u00f3p\u00e1val \u00e9s a vil\u00e1g t\u00f6bbi r\u00e9sz\u00e9vel. Meggy\u0151z\u0151d\u00e9s\u00fcnk, hogy az elk\u00f6vetkez\u0151 id\u0151szakban tov\u00e1bbi j\u00f3 h\u00edrekkel fogunk szolg\u00e1lni. K\u00f6sz\u00f6nj\u00fck a LOT-nak, hogy a partners\u00e9g mellett\u00fcnk d\u00f6nt\u00f6tt, \u00e9s legyen ez a kezdet p\u00e9lda m\u00e1s v\u00e1llalatok sz\u00e1m\u00e1ra is&#8221; &#8211; mondta Mircea M\u0103lan, a Bihar Megyei Tan\u00e1cs aleln\u00f6ke. &#8222;Nagyv\u00e1rad imm\u00e1r a harmadik rep\u00fcl\u0151t\u00e9r Rom\u00e1ni\u00e1ban, amelyet a LOT Polish Airlines kiszolg\u00e1l. Az \u00faj kapcsolat nem csup\u00e1n egy \u00fajabb lehet\u0151s\u00e9g az utaz\u00e1si inspir\u00e1ci\u00f3t keres\u0151k sz\u00e1m\u00e1ra, hanem a bihari r\u00e9gi\u00f3 gazdas\u00e1gi \u00e9s turisztikai kapcsolatainak fejleszt\u00e9s\u00e9t is szolg\u00e1lja. A nagyv\u00e1radi utasok a mi \u00fcdv\u00f6zl\u0151 fed\u00e9lzet\u00fcnk\u00f6n nemcsak Vars\u00f3 \u00e9s Lengyelorsz\u00e1g var\u00e1zs\u00e1t fedezhetik fel, hanem &#8211; csatlakoz\u00e1si h\u00e1l\u00f3zatunknak k\u00f6sz\u00f6nhet\u0151en &#8211; t\u00f6bb mint 80 eur\u00f3pai, \u00e9szak-amerikai \u00e9s \u00e1zsiai v\u00e1rosba is eljuthatnak&#8221; &#8211; mondta Michal Fijol, a LOT Polish Airlines eln\u00f6ke. Az esem\u00e9nyen r\u00e9szt vett R\u0103zvan Horga, a rep\u00fcl\u0151t\u00e9r igazgat\u00f3ja, Mircea M\u0103lan, a Bihar Megyei Tan\u00e1cs aleln\u00f6ke, Florin Birta, Nagyv\u00e1rad polg\u00e1rmestere, Adrian Foghi\u0219, a K\u00f6zleked\u00e9si Miniszt\u00e9rium \u00e1llamtitk\u00e1ra, Mihai Jurca, Nagyv\u00e1rad v\u00e1rosvezet\u0151je, a Rom\u00e1n-Lengyel Kereskedelmi Kamara k\u00fcld\u00f6tte \u00e9s az \u00fczleti k\u00f6rnyezet k\u00e9pvisel\u0151i.","og_url":"https:\/\/oradea.ro\/hu\/hirek\/nagyvarad-osszekottetesben-a-vilaggal-a-lot-polish-airlines-elinditotta-a-nagyvarad-varso-kozvetlen-jaratot\/","og_site_name":"Oradea.ro","article_modified_time":"2024-06-05T08:42:31+00:00","og_image":[{"width":2560,"height":1920,"url":"https:\/\/oradea.ro\/wp-content\/uploads\/2024\/06\/IMG_6060-scaled.jpg","type":"image\/jpeg"}],"twitter_card":"summary_large_image","twitter_misc":{"Becs\u00fclt olvas\u00e1si id\u0151":"3 perc"},"schema":{"@context":"https:\/\/schema.org","@graph":[{"@type":"WebPage","@id":"https:\/\/oradea.ro\/hu\/hirek\/nagyvarad-osszekottetesben-a-vilaggal-a-lot-polish-airlines-elinditotta-a-nagyvarad-varso-kozvetlen-jaratot\/","url":"https:\/\/oradea.ro\/hu\/hirek\/nagyvarad-osszekottetesben-a-vilaggal-a-lot-polish-airlines-elinditotta-a-nagyvarad-varso-kozvetlen-jaratot\/","name":"Nagyv\u00e1rad, \u00f6sszek\u00f6ttet\u00e9sben a vil\u00e1ggal: a LOT Polish Airlines elinditotta a Nagyv\u00e1rad - Vars\u00f3 k\u00f6zvetlen j\u00e1ratot - Oradea.ro","isPartOf":{"@id":"https:\/\/oradea.ro\/#website"},"primaryImageOfPage":{"@id":"https:\/\/oradea.ro\/hu\/hirek\/nagyvarad-osszekottetesben-a-vilaggal-a-lot-polish-airlines-elinditotta-a-nagyvarad-varso-kozvetlen-jaratot\/#primaryimage"},"image":{"@id":"https:\/\/oradea.ro\/hu\/hirek\/nagyvarad-osszekottetesben-a-vilaggal-a-lot-polish-airlines-elinditotta-a-nagyvarad-varso-kozvetlen-jaratot\/#primaryimage"},"thumbnailUrl":"https:\/\/oradea.ro\/wp-content\/uploads\/2024\/06\/IMG_6060-scaled.jpg","datePublished":"2024-06-04T07:31:45+00:00","dateModified":"2024-06-05T08:42:31+00:00","breadcrumb":{"@id":"https:\/\/oradea.ro\/hu\/hirek\/nagyvarad-osszekottetesben-a-vilaggal-a-lot-polish-airlines-elinditotta-a-nagyvarad-varso-kozvetlen-jaratot\/#breadcrumb"},"inLanguage":"hu","potentialAction":[{"@type":"ReadAction","target":["https:\/\/oradea.ro\/hu\/hirek\/nagyvarad-osszekottetesben-a-vilaggal-a-lot-polish-airlines-elinditotta-a-nagyvarad-varso-kozvetlen-jaratot\/"]}]},{"@type":"ImageObject","inLanguage":"hu","@id":"https:\/\/oradea.ro\/hu\/hirek\/nagyvarad-osszekottetesben-a-vilaggal-a-lot-polish-airlines-elinditotta-a-nagyvarad-varso-kozvetlen-jaratot\/#primaryimage","url":"https:\/\/oradea.ro\/wp-content\/uploads\/2024\/06\/IMG_6060-scaled.jpg","contentUrl":"https:\/\/oradea.ro\/wp-content\/uploads\/2024\/06\/IMG_6060-scaled.jpg","width":2560,"height":1920},{"@type":"BreadcrumbList","@id":"https:\/\/oradea.ro\/hu\/hirek\/nagyvarad-osszekottetesben-a-vilaggal-a-lot-polish-airlines-elinditotta-a-nagyvarad-varso-kozvetlen-jaratot\/#breadcrumb","itemListElement":[{"@type":"ListItem","position":1,"name":"","item":"https:\/\/oradea.ro\/hu\/"},{"@type":"ListItem","position":2,"name":"\u0218tiri","item":"https:\/\/oradea.ro\/stiri\/"},{"@type":"ListItem","position":3,"name":"Nagyv\u00e1rad, \u00f6sszek\u00f6ttet\u00e9sben a vil\u00e1ggal: a LOT Polish Airlines elinditotta a Nagyv\u00e1rad &#8211; Vars\u00f3 k\u00f6zvetlen j\u00e1ratot"}]},{"@type":"WebSite","@id":"https:\/\/oradea.ro\/#website","url":"https:\/\/oradea.ro\/","name":"Oradea.ro","description":"Site-ul oficial al Prim\u0103riei Municipiului Oradea","publisher":{"@id":"https:\/\/oradea.ro\/#organization"},"potentialAction":[{"@type":"SearchAction","target":{"@type":"EntryPoint","urlTemplate":"https:\/\/oradea.ro\/?s={search_term_string}"},"query-input":{"@type":"PropertyValueSpecification","valueRequired":true,"valueName":"search_term_string"}}],"inLanguage":"hu"},{"@type":"Organization","@id":"https:\/\/oradea.ro\/#organization","name":"Oradea.ro","url":"https:\/\/oradea.ro\/","logo":{"@type":"ImageObject","inLanguage":"hu","@id":"https:\/\/oradea.ro\/#\/schema\/logo\/image\/","url":"https:\/\/oradea.ro\/wp-content\/uploads\/2023\/06\/footer_logo.svg","contentUrl":"https:\/\/oradea.ro\/wp-content\/uploads\/2023\/06\/footer_logo.svg","width":218,"height":53,"caption":"Oradea.ro"},"image":{"@id":"https:\/\/oradea.ro\/#\/schema\/logo\/image\/"}}]}},"publishpress_future_workflow_manual_trigger":{"enabledWorkflows":[]},"_links":{"self":[{"href":"https:\/\/oradea.ro\/hu\/wp-json\/wp\/v2\/stiri\/306799","targetHints":{"allow":["GET"]}}],"collection":[{"href":"https:\/\/oradea.ro\/hu\/wp-json\/wp\/v2\/stiri"}],"about":[{"href":"https:\/\/oradea.ro\/hu\/wp-json\/wp\/v2\/types\/stiri"}],"author":[{"embeddable":true,"href":"https:\/\/oradea.ro\/hu\/wp-json\/wp\/v2\/users\/16"}],"replies":[{"embeddable":true,"href":"https:\/\/oradea.ro\/hu\/wp-json\/wp\/v2\/comments?post=306799"}],"version-history":[{"count":1,"href":"https:\/\/oradea.ro\/hu\/wp-json\/wp\/v2\/stiri\/306799\/revisions"}],"predecessor-version":[{"id":306800,"href":"https:\/\/oradea.ro\/hu\/wp-json\/wp\/v2\/stiri\/306799\/revisions\/306800"}],"wp:featuredmedia":[{"embeddable":true,"href":"https:\/\/oradea.ro\/hu\/wp-json\/wp\/v2\/media\/305901"}],"wp:attachment":[{"href":"https:\/\/oradea.ro\/hu\/wp-json\/wp\/v2\/media?parent=306799"}],"wp:term":[{"taxonomy":"stiri-cat","embeddable":true,"href":"https:\/\/oradea.ro\/hu\/wp-json\/wp\/v2\/stiri-cat?post=306799"},{"taxonomy":"stiri-tags","embeddable":true,"href":"https:\/\/oradea.ro\/hu\/wp-json\/wp\/v2\/stiri-tags?post=306799"}],"curies":[{"name":"wp","href":"https:\/\/api.w.org\/{rel}","templated":true}]}}