{"id":327424,"date":"2024-08-07T13:28:58","date_gmt":"2024-08-07T11:28:58","guid":{"rendered":"https:\/\/oradea.ro\/stiri\/moldvai-polgarmesterek-latogattak-meg-a-nagyvaradi-varoshazat\/"},"modified":"2024-08-09T10:18:39","modified_gmt":"2024-08-09T08:18:39","slug":"moldvai-polgarmesterek-latogattak-meg-a-nagyvaradi-varoshazat","status":"publish","type":"stiri","link":"https:\/\/oradea.ro\/hu\/hirek\/moldvai-polgarmesterek-latogattak-meg-a-nagyvaradi-varoshazat\/","title":{"rendered":"Moldvai polg\u00e1rmesterek l\u00e1togatt\u00e1k meg a nagyv\u00e1radi V\u00e1rosh\u00e1z\u00e1t"},"content":{"rendered":"<div class=\"min-w-[100vw] h-[350px] md:h-[500px] ml-[calc(50%-50vw)] flex items-end bg-no-repeat bg-white bg-cover bg-center px-5\" style=\"background-image: url(https:\/\/oradea.ro\/wp-content\/uploads\/2024\/08\/pozavizita.jpeg);\">\r\n                    <div class=\"w-full max-w-7xl mx-auto mb-6\">\r\n                        <h1 class=\"my-0 text-white font-extrabold font-open-sans text-3xl md:text-6xl [text-shadow:_0_1px_4px_rgb(0_0_0_\/_50%)]\">Moldvai polg\u00e1rmesterek l\u00e1togatt\u00e1k meg a nagyv\u00e1radi V\u00e1rosh\u00e1z\u00e1t<\/h1>\r\n                    <\/div>\r\n                <\/div><div class=\"!px-5\"><div class=\"breadcrumbs w-full max-w-7xl mx-auto grid md:flex flex-wrap items-center py-4 test\"><div><a href=\"https:\/\/oradea.ro\/hu\/\"><span class=\"fas fa-home text-[#ABAEB3]\"><\/span><\/a><span class=\"md:hidden\"><span class=\"fas fa-chevron-down mx-5 text-xs text-[#ABAEB3] hover:text-black\/50 transition-all\"><\/span><\/span><span class=\"hidden md:inline\"><span class=\"fas fa-chevron-right mx-5 text-xs text-[#ABAEB3] hover:text-black\/50 transition-all\"><\/span><\/span><\/div><span class=\"font-poppins font-semibold uppercase text-black\/60\">Moldvai polg\u00e1rmesterek l\u00e1togatt\u00e1k meg a nagyv\u00e1radi V\u00e1rosh\u00e1z\u00e1t<\/span><\/div><\/div>\n<p>A nagyv\u00e1radi v\u00e1rosh\u00e1za k\u00e9pvisel\u0151i tegnap, augusztus 6-\u00e1n fogadt\u00e1k a Moldovai K\u00f6zt\u00e1rsas\u00e1g polg\u00e1rmestereinek k\u00fcld\u00f6tts\u00e9g\u00e9t, akik az int\u00e9zm\u00e9ny sz\u00e9khely\u00e9n tettek l\u00e1togat\u00e1st. A k\u00fcld\u00f6tts\u00e9g tagjai voltak:<\/p>\n\n<ul class=\"wp-block-list\">\n<li>Alexandru Vornicu, a Nagyv\u00e1raddal testv\u00e9rv\u00e1rosi kapcsolatot \u00e1pol\u00f3 St\u0103uceni k\u00f6zs\u00e9g polg\u00e1rmestere<\/li>\n\n\n\n<li>Alexei Percemly, Bubuieci k\u00f6zs\u00e9g polg\u00e1rmestere<\/li>\n\n\n\n<li>Viorica Beregoi, Tru\u0219eni k\u00f6zs\u00e9g polg\u00e1rmestere<\/li>\n\n\n\n<li>Victoria Calmis, Ghidighici k\u00f6zs\u00e9g polg\u00e1rmestere<\/li>\n<\/ul>\n\n<p>A nagyv\u00e1radi v\u00e1rosh\u00e1z\u00e1n a n\u00e9gy moldovai polg\u00e1rmestert Florin Birta polg\u00e1rmester, Ilie Bolojan, a Bihar Megyei Tan\u00e1cs eln\u00f6ke \u00e9s Mihai Jurca v\u00e1rosigazgat\u00f3 fogadta.<\/p>\n\n<p>A l\u00e1togat\u00e1s c\u00e9lja szakmai tapasztalatszerz\u00e9s volt \u00e9s az, hogy \u00e9s felt\u00e1rj\u00e1k, hogyan tudna Nagyv\u00e1rad \u00e9s a n\u00e9gy moldovai k\u00f6zs\u00e9g szorosabban egy\u00fcttm\u0171k\u00f6dni a k\u00fcl\u00f6nb\u00f6z\u0151 k\u00f6z\u00f6s \u00e9rdek\u0171 ter\u00fcleteken. Az \u00fcl\u00e9sek f\u0151 t\u00e9m\u00e1i a k\u00f6vetkez\u0151k voltak:<\/p>\n\n<ol start=\"1\" class=\"wp-block-list\">\n<li><strong>Szelekt\u00edv hullad\u00e9kgy\u0171jt\u00e9s<\/strong> &#8211; A k\u00fcld\u00f6tts\u00e9g megl\u00e1togatta a Thurz\u00f3 S\u00e1ndor utcai szelekt\u00edv hullad\u00e9kgy\u0171jt\u0151 k\u00f6zpontot, ahol bemutatt\u00e1k azokat a m\u00f3dszereket \u00e9s technol\u00f3gi\u00e1kat, amelyeket Nagyv\u00e1rad alkalmaz a szelekt\u00edv hullad\u00e9kgy\u0171jt\u00e9s \u00e9s a hullad\u00e9kgazd\u00e1lkod\u00e1s hat\u00e9konyabb\u00e1 t\u00e9tel\u00e9re.<\/li>\n\n\n\n<li><strong>Infrastrukt\u00fara \u00e9s ipari parkok<\/strong> &#8211; A moldovai vend\u00e9gek \u00e9rdekl\u0151dtek azon megold\u00e1sok ir\u00e1nt, amelyeket Nagyv\u00e1rad alkalmaz az infrastrukt\u00fara fejleszt\u00e9s\u00e9re \u00e9s az ipari parkok kezel\u00e9s\u00e9re, amelyek elengedhetetlenek a beruh\u00e1z\u00e1sok vonz\u00e1s\u00e1hoz \u00e9s a munkahelyteremt\u00e9shez.<\/li>\n\n\n\n<li><strong>Az eur\u00f3pai alapok bevon\u00e1sa<\/strong> &#8211; A megbesz\u00e9l\u00e9sek m\u00e1sik fontos pontja az eur\u00f3pai alapokhoz val\u00f3 hozz\u00e1f\u00e9r\u00e9s \u00e9s azok hat\u00e9kony felhaszn\u00e1l\u00e1sa volt, amely fejezetben Nagyv\u00e1rad figyelemre m\u00e9lt\u00f3 eredm\u00e9nyeket \u00e9rt el. A nagyv\u00e1radi v\u00e1rosh\u00e1za \u00e9s a Bihar Megyei Tan\u00e1cs elemzi annak lehet\u0151s\u00e9g\u00e9t, hogy tanfolyamokat szervezzenek a moldovai k\u00f6zigazgat\u00e1sban dolgoz\u00f3k sz\u00e1m\u00e1ra, hogy felk\u00e9sz\u00edts\u00e9k \u0151ket az EU \u00e1ltal finansz\u00edrozott projektek meg\u00edr\u00e1s\u00e1ra Moldova uni\u00f3s csatlakoz\u00e1s\u00e1ra val\u00f3 tekintettel.<\/li>\n<\/ol>\n\n<p>A Nagyv\u00e1rad \u00e9s St\u0103uceni k\u00f6zs\u00e9g k\u00f6z\u00f6tti testv\u00e9rv\u00e1rosi kapcsolat keret\u00e9ben Alexandru Vornicu polg\u00e1rmester a helyi hat\u00f3s\u00e1gokkal a j\u00f6v\u0151beli k\u00f6z\u00f6s projektekr\u0151l t\u00e1rgyalt, valamint arr\u00f3l, hogy a nagyv\u00e1radi V\u00e1rosh\u00e1za \u00e9s a Bihar Megyei Tan\u00e1cs milyen seg\u00edts\u00e9get ny\u00fajt a St\u0103uceni k\u00f6zs\u00e9gnek a k\u00f6zs\u00e9gben \u00e9p\u00fcl\u0151 kultur\u00e1lis oktat\u00e1si k\u00f6zpont meg\u00e9p\u00edt\u00e9s\u00e9hez. A nagyv\u00e1radi V\u00e1rosh\u00e1za \u00e9s a Bihar Megyei Tan\u00e1cs k\u00e9sz t\u00e1mogat\u00e1st ny\u00fajtani ezekhez a projektekhez, \u00e9s a v\u00e9gs\u0151 d\u00f6nt\u00e9st a nagyv\u00e1radi v\u00e1rosh\u00e1za p\u00e9nzeszk\u00f6zeinek oda\u00edt\u00e9l\u00e9s\u00e9r\u0151l a v\u00e1rosi tan\u00e1cs hozza majd meg.<\/p>\n\n<p> &#8222;\u00d6r\u00f6mmel \u00fcdv\u00f6z\u00f6lj\u00fck a Moldovai K\u00f6zt\u00e1rsas\u00e1g polg\u00e1rmestereinek k\u00fcld\u00f6tts\u00e9g\u00e9t, \u00e9s megosztjuk szak\u00e9rtelm\u00fcnket a helyi k\u00f6z\u00f6ss\u00e9gek fejl\u0151d\u00e9se szempontj\u00e1b\u00f3l kulcsfontoss\u00e1g\u00fa ter\u00fcleteken. Egy\u00fctt er\u0151s \u00e9s hat\u00e9kony partners\u00e9geket \u00e9p\u00edthet\u00fcnk egy jobb j\u00f6v\u0151 \u00e9rdek\u00e9ben&#8221; &#8211; mondta Florin Birta polg\u00e1rmester.<\/p>\n\n<p>Ez a l\u00e1togat\u00e1s fontos l\u00e9p\u00e9s a k\u00e9toldal\u00fa kapcsolatok er\u0151s\u00edt\u00e9se \u00e9s a Nagyv\u00e1rad \u00e9s a Moldovai K\u00f6zt\u00e1rsas\u00e1gban \u00e9l\u0151 k\u00f6z\u00f6ss\u00e9gek k\u00f6z\u00f6tti egy\u00fcttm\u0171k\u00f6d\u00e9s el\u0151mozd\u00edt\u00e1sa ter\u00e9n, \u00faj lehet\u0151s\u00e9geket nyitva a k\u00f6lcs\u00f6n\u00f6sen el\u0151ny\u00f6s egy\u00fcttm\u0171k\u00f6d\u00e9s \u00e9s fejl\u0151d\u00e9s el\u0151tt.<\/p>\n","protected":false},"author":7,"featured_media":327269,"comment_status":"closed","ping_status":"closed","template":"","stiri-cat":[],"stiri-tags":[],"class_list":["post-327424","stiri","type-stiri","status-publish","has-post-thumbnail","hentry"],"acf":[],"yoast_head":"<!-- This site is optimized with the Yoast SEO plugin v26.6 - https:\/\/yoast.com\/wordpress\/plugins\/seo\/ -->\n<title>Moldvai polg\u00e1rmesterek l\u00e1togatt\u00e1k meg a nagyv\u00e1radi V\u00e1rosh\u00e1z\u00e1t - Oradea.ro<\/title>\n<meta name=\"robots\" content=\"index, follow, max-snippet:-1, max-image-preview:large, max-video-preview:-1\" \/>\n<link rel=\"canonical\" href=\"https:\/\/oradea.ro\/hu\/hirek\/moldvai-polgarmesterek-latogattak-meg-a-nagyvaradi-varoshazat\/\" \/>\n<meta property=\"og:locale\" content=\"hu_HU\" \/>\n<meta property=\"og:type\" content=\"article\" \/>\n<meta property=\"og:title\" content=\"Moldvai polg\u00e1rmesterek l\u00e1togatt\u00e1k meg a nagyv\u00e1radi V\u00e1rosh\u00e1z\u00e1t - Oradea.ro\" \/>\n<meta property=\"og:description\" content=\"Moldvai polg\u00e1rmesterek l\u00e1togatt\u00e1k meg a nagyv\u00e1radi V\u00e1rosh\u00e1z\u00e1t Moldvai polg\u00e1rmesterek l\u00e1togatt\u00e1k meg a nagyv\u00e1radi V\u00e1rosh\u00e1z\u00e1t A nagyv\u00e1radi v\u00e1rosh\u00e1za k\u00e9pvisel\u0151i tegnap, augusztus 6-\u00e1n fogadt\u00e1k a Moldovai K\u00f6zt\u00e1rsas\u00e1g polg\u00e1rmestereinek k\u00fcld\u00f6tts\u00e9g\u00e9t, akik az int\u00e9zm\u00e9ny sz\u00e9khely\u00e9n tettek l\u00e1togat\u00e1st. A k\u00fcld\u00f6tts\u00e9g tagjai voltak: A nagyv\u00e1radi v\u00e1rosh\u00e1z\u00e1n a n\u00e9gy moldovai polg\u00e1rmestert Florin Birta polg\u00e1rmester, Ilie Bolojan, a Bihar Megyei Tan\u00e1cs eln\u00f6ke \u00e9s Mihai Jurca v\u00e1rosigazgat\u00f3 fogadta. A l\u00e1togat\u00e1s c\u00e9lja szakmai tapasztalatszerz\u00e9s volt \u00e9s az, hogy \u00e9s felt\u00e1rj\u00e1k, hogyan tudna Nagyv\u00e1rad \u00e9s a n\u00e9gy moldovai k\u00f6zs\u00e9g szorosabban egy\u00fcttm\u0171k\u00f6dni a k\u00fcl\u00f6nb\u00f6z\u0151 k\u00f6z\u00f6s \u00e9rdek\u0171 ter\u00fcleteken. Az \u00fcl\u00e9sek f\u0151 t\u00e9m\u00e1i a k\u00f6vetkez\u0151k voltak: A Nagyv\u00e1rad \u00e9s St\u0103uceni k\u00f6zs\u00e9g k\u00f6z\u00f6tti testv\u00e9rv\u00e1rosi kapcsolat keret\u00e9ben Alexandru Vornicu polg\u00e1rmester a helyi hat\u00f3s\u00e1gokkal a j\u00f6v\u0151beli k\u00f6z\u00f6s projektekr\u0151l t\u00e1rgyalt, valamint arr\u00f3l, hogy a nagyv\u00e1radi V\u00e1rosh\u00e1za \u00e9s a Bihar Megyei Tan\u00e1cs milyen seg\u00edts\u00e9get ny\u00fajt a St\u0103uceni k\u00f6zs\u00e9gnek a k\u00f6zs\u00e9gben \u00e9p\u00fcl\u0151 kultur\u00e1lis oktat\u00e1si k\u00f6zpont meg\u00e9p\u00edt\u00e9s\u00e9hez. A nagyv\u00e1radi V\u00e1rosh\u00e1za \u00e9s a Bihar Megyei Tan\u00e1cs k\u00e9sz t\u00e1mogat\u00e1st ny\u00fajtani ezekhez a projektekhez, \u00e9s a v\u00e9gs\u0151 d\u00f6nt\u00e9st a nagyv\u00e1radi v\u00e1rosh\u00e1za p\u00e9nzeszk\u00f6zeinek oda\u00edt\u00e9l\u00e9s\u00e9r\u0151l a v\u00e1rosi tan\u00e1cs hozza majd meg. &#8222;\u00d6r\u00f6mmel \u00fcdv\u00f6z\u00f6lj\u00fck a Moldovai K\u00f6zt\u00e1rsas\u00e1g polg\u00e1rmestereinek k\u00fcld\u00f6tts\u00e9g\u00e9t, \u00e9s megosztjuk szak\u00e9rtelm\u00fcnket a helyi k\u00f6z\u00f6ss\u00e9gek fejl\u0151d\u00e9se szempontj\u00e1b\u00f3l kulcsfontoss\u00e1g\u00fa ter\u00fcleteken. Egy\u00fctt er\u0151s \u00e9s hat\u00e9kony partners\u00e9geket \u00e9p\u00edthet\u00fcnk egy jobb j\u00f6v\u0151 \u00e9rdek\u00e9ben&#8221; &#8211; mondta Florin Birta polg\u00e1rmester. Ez a l\u00e1togat\u00e1s fontos l\u00e9p\u00e9s a k\u00e9toldal\u00fa kapcsolatok er\u0151s\u00edt\u00e9se \u00e9s a Nagyv\u00e1rad \u00e9s a Moldovai K\u00f6zt\u00e1rsas\u00e1gban \u00e9l\u0151 k\u00f6z\u00f6ss\u00e9gek k\u00f6z\u00f6tti egy\u00fcttm\u0171k\u00f6d\u00e9s el\u0151mozd\u00edt\u00e1sa ter\u00e9n, \u00faj lehet\u0151s\u00e9geket nyitva a k\u00f6lcs\u00f6n\u00f6sen el\u0151ny\u00f6s egy\u00fcttm\u0171k\u00f6d\u00e9s \u00e9s fejl\u0151d\u00e9s el\u0151tt.\" \/>\n<meta property=\"og:url\" content=\"https:\/\/oradea.ro\/hu\/hirek\/moldvai-polgarmesterek-latogattak-meg-a-nagyvaradi-varoshazat\/\" \/>\n<meta property=\"og:site_name\" content=\"Oradea.ro\" \/>\n<meta property=\"article:modified_time\" content=\"2024-08-09T08:18:39+00:00\" \/>\n<meta property=\"og:image\" content=\"https:\/\/oradea.ro\/wp-content\/uploads\/2024\/08\/pozavizita.jpeg\" \/>\n\t<meta property=\"og:image:width\" content=\"1072\" \/>\n\t<meta property=\"og:image:height\" content=\"603\" \/>\n\t<meta property=\"og:image:type\" content=\"image\/jpeg\" \/>\n<meta name=\"twitter:card\" content=\"summary_large_image\" \/>\n<meta name=\"twitter:label1\" content=\"Becs\u00fclt olvas\u00e1si id\u0151\" \/>\n\t<meta name=\"twitter:data1\" content=\"3 perc\" \/>\n<script type=\"application\/ld+json\" class=\"yoast-schema-graph\">{\"@context\":\"https:\/\/schema.org\",\"@graph\":[{\"@type\":\"WebPage\",\"@id\":\"https:\/\/oradea.ro\/hu\/hirek\/moldvai-polgarmesterek-latogattak-meg-a-nagyvaradi-varoshazat\/\",\"url\":\"https:\/\/oradea.ro\/hu\/hirek\/moldvai-polgarmesterek-latogattak-meg-a-nagyvaradi-varoshazat\/\",\"name\":\"Moldvai polg\u00e1rmesterek l\u00e1togatt\u00e1k meg a nagyv\u00e1radi V\u00e1rosh\u00e1z\u00e1t - Oradea.ro\",\"isPartOf\":{\"@id\":\"https:\/\/oradea.ro\/#website\"},\"primaryImageOfPage\":{\"@id\":\"https:\/\/oradea.ro\/hu\/hirek\/moldvai-polgarmesterek-latogattak-meg-a-nagyvaradi-varoshazat\/#primaryimage\"},\"image\":{\"@id\":\"https:\/\/oradea.ro\/hu\/hirek\/moldvai-polgarmesterek-latogattak-meg-a-nagyvaradi-varoshazat\/#primaryimage\"},\"thumbnailUrl\":\"https:\/\/oradea.ro\/wp-content\/uploads\/2024\/08\/pozavizita.jpeg\",\"datePublished\":\"2024-08-07T11:28:58+00:00\",\"dateModified\":\"2024-08-09T08:18:39+00:00\",\"breadcrumb\":{\"@id\":\"https:\/\/oradea.ro\/hu\/hirek\/moldvai-polgarmesterek-latogattak-meg-a-nagyvaradi-varoshazat\/#breadcrumb\"},\"inLanguage\":\"hu\",\"potentialAction\":[{\"@type\":\"ReadAction\",\"target\":[\"https:\/\/oradea.ro\/hu\/hirek\/moldvai-polgarmesterek-latogattak-meg-a-nagyvaradi-varoshazat\/\"]}]},{\"@type\":\"ImageObject\",\"inLanguage\":\"hu\",\"@id\":\"https:\/\/oradea.ro\/hu\/hirek\/moldvai-polgarmesterek-latogattak-meg-a-nagyvaradi-varoshazat\/#primaryimage\",\"url\":\"https:\/\/oradea.ro\/wp-content\/uploads\/2024\/08\/pozavizita.jpeg\",\"contentUrl\":\"https:\/\/oradea.ro\/wp-content\/uploads\/2024\/08\/pozavizita.jpeg\",\"width\":1072,\"height\":603},{\"@type\":\"BreadcrumbList\",\"@id\":\"https:\/\/oradea.ro\/hu\/hirek\/moldvai-polgarmesterek-latogattak-meg-a-nagyvaradi-varoshazat\/#breadcrumb\",\"itemListElement\":[{\"@type\":\"ListItem\",\"position\":1,\"name\":\"\",\"item\":\"https:\/\/oradea.ro\/hu\/\"},{\"@type\":\"ListItem\",\"position\":2,\"name\":\"\u0218tiri\",\"item\":\"https:\/\/oradea.ro\/stiri\/\"},{\"@type\":\"ListItem\",\"position\":3,\"name\":\"Moldvai polg\u00e1rmesterek l\u00e1togatt\u00e1k meg a nagyv\u00e1radi V\u00e1rosh\u00e1z\u00e1t\"}]},{\"@type\":\"WebSite\",\"@id\":\"https:\/\/oradea.ro\/#website\",\"url\":\"https:\/\/oradea.ro\/\",\"name\":\"Oradea.ro\",\"description\":\"Site-ul oficial al Prim\u0103riei Municipiului Oradea\",\"publisher\":{\"@id\":\"https:\/\/oradea.ro\/#organization\"},\"potentialAction\":[{\"@type\":\"SearchAction\",\"target\":{\"@type\":\"EntryPoint\",\"urlTemplate\":\"https:\/\/oradea.ro\/?s={search_term_string}\"},\"query-input\":{\"@type\":\"PropertyValueSpecification\",\"valueRequired\":true,\"valueName\":\"search_term_string\"}}],\"inLanguage\":\"hu\"},{\"@type\":\"Organization\",\"@id\":\"https:\/\/oradea.ro\/#organization\",\"name\":\"Oradea.ro\",\"url\":\"https:\/\/oradea.ro\/\",\"logo\":{\"@type\":\"ImageObject\",\"inLanguage\":\"hu\",\"@id\":\"https:\/\/oradea.ro\/#\/schema\/logo\/image\/\",\"url\":\"https:\/\/oradea.ro\/wp-content\/uploads\/2023\/06\/footer_logo.svg\",\"contentUrl\":\"https:\/\/oradea.ro\/wp-content\/uploads\/2023\/06\/footer_logo.svg\",\"width\":218,\"height\":53,\"caption\":\"Oradea.ro\"},\"image\":{\"@id\":\"https:\/\/oradea.ro\/#\/schema\/logo\/image\/\"}}]}<\/script>\n<!-- \/ Yoast SEO plugin. -->","yoast_head_json":{"title":"Moldvai polg\u00e1rmesterek l\u00e1togatt\u00e1k meg a nagyv\u00e1radi V\u00e1rosh\u00e1z\u00e1t - Oradea.ro","robots":{"index":"index","follow":"follow","max-snippet":"max-snippet:-1","max-image-preview":"max-image-preview:large","max-video-preview":"max-video-preview:-1"},"canonical":"https:\/\/oradea.ro\/hu\/hirek\/moldvai-polgarmesterek-latogattak-meg-a-nagyvaradi-varoshazat\/","og_locale":"hu_HU","og_type":"article","og_title":"Moldvai polg\u00e1rmesterek l\u00e1togatt\u00e1k meg a nagyv\u00e1radi V\u00e1rosh\u00e1z\u00e1t - Oradea.ro","og_description":"Moldvai polg\u00e1rmesterek l\u00e1togatt\u00e1k meg a nagyv\u00e1radi V\u00e1rosh\u00e1z\u00e1t Moldvai polg\u00e1rmesterek l\u00e1togatt\u00e1k meg a nagyv\u00e1radi V\u00e1rosh\u00e1z\u00e1t A nagyv\u00e1radi v\u00e1rosh\u00e1za k\u00e9pvisel\u0151i tegnap, augusztus 6-\u00e1n fogadt\u00e1k a Moldovai K\u00f6zt\u00e1rsas\u00e1g polg\u00e1rmestereinek k\u00fcld\u00f6tts\u00e9g\u00e9t, akik az int\u00e9zm\u00e9ny sz\u00e9khely\u00e9n tettek l\u00e1togat\u00e1st. A k\u00fcld\u00f6tts\u00e9g tagjai voltak: A nagyv\u00e1radi v\u00e1rosh\u00e1z\u00e1n a n\u00e9gy moldovai polg\u00e1rmestert Florin Birta polg\u00e1rmester, Ilie Bolojan, a Bihar Megyei Tan\u00e1cs eln\u00f6ke \u00e9s Mihai Jurca v\u00e1rosigazgat\u00f3 fogadta. A l\u00e1togat\u00e1s c\u00e9lja szakmai tapasztalatszerz\u00e9s volt \u00e9s az, hogy \u00e9s felt\u00e1rj\u00e1k, hogyan tudna Nagyv\u00e1rad \u00e9s a n\u00e9gy moldovai k\u00f6zs\u00e9g szorosabban egy\u00fcttm\u0171k\u00f6dni a k\u00fcl\u00f6nb\u00f6z\u0151 k\u00f6z\u00f6s \u00e9rdek\u0171 ter\u00fcleteken. Az \u00fcl\u00e9sek f\u0151 t\u00e9m\u00e1i a k\u00f6vetkez\u0151k voltak: A Nagyv\u00e1rad \u00e9s St\u0103uceni k\u00f6zs\u00e9g k\u00f6z\u00f6tti testv\u00e9rv\u00e1rosi kapcsolat keret\u00e9ben Alexandru Vornicu polg\u00e1rmester a helyi hat\u00f3s\u00e1gokkal a j\u00f6v\u0151beli k\u00f6z\u00f6s projektekr\u0151l t\u00e1rgyalt, valamint arr\u00f3l, hogy a nagyv\u00e1radi V\u00e1rosh\u00e1za \u00e9s a Bihar Megyei Tan\u00e1cs milyen seg\u00edts\u00e9get ny\u00fajt a St\u0103uceni k\u00f6zs\u00e9gnek a k\u00f6zs\u00e9gben \u00e9p\u00fcl\u0151 kultur\u00e1lis oktat\u00e1si k\u00f6zpont meg\u00e9p\u00edt\u00e9s\u00e9hez. A nagyv\u00e1radi V\u00e1rosh\u00e1za \u00e9s a Bihar Megyei Tan\u00e1cs k\u00e9sz t\u00e1mogat\u00e1st ny\u00fajtani ezekhez a projektekhez, \u00e9s a v\u00e9gs\u0151 d\u00f6nt\u00e9st a nagyv\u00e1radi v\u00e1rosh\u00e1za p\u00e9nzeszk\u00f6zeinek oda\u00edt\u00e9l\u00e9s\u00e9r\u0151l a v\u00e1rosi tan\u00e1cs hozza majd meg. &#8222;\u00d6r\u00f6mmel \u00fcdv\u00f6z\u00f6lj\u00fck a Moldovai K\u00f6zt\u00e1rsas\u00e1g polg\u00e1rmestereinek k\u00fcld\u00f6tts\u00e9g\u00e9t, \u00e9s megosztjuk szak\u00e9rtelm\u00fcnket a helyi k\u00f6z\u00f6ss\u00e9gek fejl\u0151d\u00e9se szempontj\u00e1b\u00f3l kulcsfontoss\u00e1g\u00fa ter\u00fcleteken. Egy\u00fctt er\u0151s \u00e9s hat\u00e9kony partners\u00e9geket \u00e9p\u00edthet\u00fcnk egy jobb j\u00f6v\u0151 \u00e9rdek\u00e9ben&#8221; &#8211; mondta Florin Birta polg\u00e1rmester. Ez a l\u00e1togat\u00e1s fontos l\u00e9p\u00e9s a k\u00e9toldal\u00fa kapcsolatok er\u0151s\u00edt\u00e9se \u00e9s a Nagyv\u00e1rad \u00e9s a Moldovai K\u00f6zt\u00e1rsas\u00e1gban \u00e9l\u0151 k\u00f6z\u00f6ss\u00e9gek k\u00f6z\u00f6tti egy\u00fcttm\u0171k\u00f6d\u00e9s el\u0151mozd\u00edt\u00e1sa ter\u00e9n, \u00faj lehet\u0151s\u00e9geket nyitva a k\u00f6lcs\u00f6n\u00f6sen el\u0151ny\u00f6s egy\u00fcttm\u0171k\u00f6d\u00e9s \u00e9s fejl\u0151d\u00e9s el\u0151tt.","og_url":"https:\/\/oradea.ro\/hu\/hirek\/moldvai-polgarmesterek-latogattak-meg-a-nagyvaradi-varoshazat\/","og_site_name":"Oradea.ro","article_modified_time":"2024-08-09T08:18:39+00:00","og_image":[{"width":1072,"height":603,"url":"https:\/\/oradea.ro\/wp-content\/uploads\/2024\/08\/pozavizita.jpeg","type":"image\/jpeg"}],"twitter_card":"summary_large_image","twitter_misc":{"Becs\u00fclt olvas\u00e1si id\u0151":"3 perc"},"schema":{"@context":"https:\/\/schema.org","@graph":[{"@type":"WebPage","@id":"https:\/\/oradea.ro\/hu\/hirek\/moldvai-polgarmesterek-latogattak-meg-a-nagyvaradi-varoshazat\/","url":"https:\/\/oradea.ro\/hu\/hirek\/moldvai-polgarmesterek-latogattak-meg-a-nagyvaradi-varoshazat\/","name":"Moldvai polg\u00e1rmesterek l\u00e1togatt\u00e1k meg a nagyv\u00e1radi V\u00e1rosh\u00e1z\u00e1t - Oradea.ro","isPartOf":{"@id":"https:\/\/oradea.ro\/#website"},"primaryImageOfPage":{"@id":"https:\/\/oradea.ro\/hu\/hirek\/moldvai-polgarmesterek-latogattak-meg-a-nagyvaradi-varoshazat\/#primaryimage"},"image":{"@id":"https:\/\/oradea.ro\/hu\/hirek\/moldvai-polgarmesterek-latogattak-meg-a-nagyvaradi-varoshazat\/#primaryimage"},"thumbnailUrl":"https:\/\/oradea.ro\/wp-content\/uploads\/2024\/08\/pozavizita.jpeg","datePublished":"2024-08-07T11:28:58+00:00","dateModified":"2024-08-09T08:18:39+00:00","breadcrumb":{"@id":"https:\/\/oradea.ro\/hu\/hirek\/moldvai-polgarmesterek-latogattak-meg-a-nagyvaradi-varoshazat\/#breadcrumb"},"inLanguage":"hu","potentialAction":[{"@type":"ReadAction","target":["https:\/\/oradea.ro\/hu\/hirek\/moldvai-polgarmesterek-latogattak-meg-a-nagyvaradi-varoshazat\/"]}]},{"@type":"ImageObject","inLanguage":"hu","@id":"https:\/\/oradea.ro\/hu\/hirek\/moldvai-polgarmesterek-latogattak-meg-a-nagyvaradi-varoshazat\/#primaryimage","url":"https:\/\/oradea.ro\/wp-content\/uploads\/2024\/08\/pozavizita.jpeg","contentUrl":"https:\/\/oradea.ro\/wp-content\/uploads\/2024\/08\/pozavizita.jpeg","width":1072,"height":603},{"@type":"BreadcrumbList","@id":"https:\/\/oradea.ro\/hu\/hirek\/moldvai-polgarmesterek-latogattak-meg-a-nagyvaradi-varoshazat\/#breadcrumb","itemListElement":[{"@type":"ListItem","position":1,"name":"","item":"https:\/\/oradea.ro\/hu\/"},{"@type":"ListItem","position":2,"name":"\u0218tiri","item":"https:\/\/oradea.ro\/stiri\/"},{"@type":"ListItem","position":3,"name":"Moldvai polg\u00e1rmesterek l\u00e1togatt\u00e1k meg a nagyv\u00e1radi V\u00e1rosh\u00e1z\u00e1t"}]},{"@type":"WebSite","@id":"https:\/\/oradea.ro\/#website","url":"https:\/\/oradea.ro\/","name":"Oradea.ro","description":"Site-ul oficial al Prim\u0103riei Municipiului Oradea","publisher":{"@id":"https:\/\/oradea.ro\/#organization"},"potentialAction":[{"@type":"SearchAction","target":{"@type":"EntryPoint","urlTemplate":"https:\/\/oradea.ro\/?s={search_term_string}"},"query-input":{"@type":"PropertyValueSpecification","valueRequired":true,"valueName":"search_term_string"}}],"inLanguage":"hu"},{"@type":"Organization","@id":"https:\/\/oradea.ro\/#organization","name":"Oradea.ro","url":"https:\/\/oradea.ro\/","logo":{"@type":"ImageObject","inLanguage":"hu","@id":"https:\/\/oradea.ro\/#\/schema\/logo\/image\/","url":"https:\/\/oradea.ro\/wp-content\/uploads\/2023\/06\/footer_logo.svg","contentUrl":"https:\/\/oradea.ro\/wp-content\/uploads\/2023\/06\/footer_logo.svg","width":218,"height":53,"caption":"Oradea.ro"},"image":{"@id":"https:\/\/oradea.ro\/#\/schema\/logo\/image\/"}}]}},"publishpress_future_workflow_manual_trigger":{"enabledWorkflows":[]},"_links":{"self":[{"href":"https:\/\/oradea.ro\/hu\/wp-json\/wp\/v2\/stiri\/327424","targetHints":{"allow":["GET"]}}],"collection":[{"href":"https:\/\/oradea.ro\/hu\/wp-json\/wp\/v2\/stiri"}],"about":[{"href":"https:\/\/oradea.ro\/hu\/wp-json\/wp\/v2\/types\/stiri"}],"author":[{"embeddable":true,"href":"https:\/\/oradea.ro\/hu\/wp-json\/wp\/v2\/users\/7"}],"replies":[{"embeddable":true,"href":"https:\/\/oradea.ro\/hu\/wp-json\/wp\/v2\/comments?post=327424"}],"version-history":[{"count":3,"href":"https:\/\/oradea.ro\/hu\/wp-json\/wp\/v2\/stiri\/327424\/revisions"}],"predecessor-version":[{"id":327457,"href":"https:\/\/oradea.ro\/hu\/wp-json\/wp\/v2\/stiri\/327424\/revisions\/327457"}],"wp:featuredmedia":[{"embeddable":true,"href":"https:\/\/oradea.ro\/hu\/wp-json\/wp\/v2\/media\/327269"}],"wp:attachment":[{"href":"https:\/\/oradea.ro\/hu\/wp-json\/wp\/v2\/media?parent=327424"}],"wp:term":[{"taxonomy":"stiri-cat","embeddable":true,"href":"https:\/\/oradea.ro\/hu\/wp-json\/wp\/v2\/stiri-cat?post=327424"},{"taxonomy":"stiri-tags","embeddable":true,"href":"https:\/\/oradea.ro\/hu\/wp-json\/wp\/v2\/stiri-tags?post=327424"}],"curies":[{"name":"wp","href":"https:\/\/api.w.org\/{rel}","templated":true}]}}