{"id":327434,"date":"2024-08-02T09:12:41","date_gmt":"2024-08-02T07:12:41","guid":{"rendered":"https:\/\/oradea.ro\/stiri\/az-oradea-summer-film-ismet-visszater-nagyvaradra\/"},"modified":"2024-08-09T09:13:28","modified_gmt":"2024-08-09T07:13:28","slug":"az-oradea-summer-film-ismet-visszater-nagyvaradra","status":"publish","type":"stiri","link":"https:\/\/oradea.ro\/hu\/hirek\/az-oradea-summer-film-ismet-visszater-nagyvaradra\/","title":{"rendered":"Az ORADEA SUMMER FILM ism\u00e9t visszat\u00e9r Nagyv\u00e1radra"},"content":{"rendered":"<div class=\"min-w-[100vw] h-[350px] md:h-[500px] ml-[calc(50%-50vw)] flex items-end bg-no-repeat bg-white bg-cover bg-center px-5\" style=\"background-image: url(https:\/\/oradea.ro\/wp-content\/uploads\/2024\/08\/OSF-Facebook-Event-Cover.png);\">\r\n                    <div class=\"w-full max-w-7xl mx-auto mb-6\">\r\n                        <h1 class=\"my-0 text-white font-extrabold font-open-sans text-3xl md:text-6xl [text-shadow:_0_1px_4px_rgb(0_0_0_\/_50%)]\">Az ORADEA SUMMER FILM ism\u00e9t visszat\u00e9r Nagyv\u00e1radra<\/h1>\r\n                    <\/div>\r\n                <\/div><div class=\"!px-5\"><div class=\"breadcrumbs w-full max-w-7xl mx-auto grid md:flex flex-wrap items-center py-4 test\"><div><a href=\"https:\/\/oradea.ro\/hu\/\"><span class=\"fas fa-home text-[#ABAEB3]\"><\/span><\/a><span class=\"md:hidden\"><span class=\"fas fa-chevron-down mx-5 text-xs text-[#ABAEB3] hover:text-black\/50 transition-all\"><\/span><\/span><span class=\"hidden md:inline\"><span class=\"fas fa-chevron-right mx-5 text-xs text-[#ABAEB3] hover:text-black\/50 transition-all\"><\/span><\/span><\/div><span class=\"font-poppins font-semibold uppercase text-black\/60\">Az ORADEA SUMMER FILM ism\u00e9t visszat\u00e9r Nagyv\u00e1radra<\/span><\/div><\/div>\n<p>Augusztusban \u00f6t est\u00e9n \u00e1t Cannes-ban, Berlinben \u00e9s Locarn\u00f3ban bemutatott j\u00e1t\u00e9kfilmeket \u00e9s fiatal filmesek \u00e1ltal k\u00e9sz\u00edtett r\u00f6vidfilmeket tekinthetnek meg a nagyv\u00e1radi Oradea Summer Film leg\u00fajabb kiad\u00e1s\u00e1nak r\u00e9szek\u00e9nt!<\/p>\n\n<p>A Nagyv\u00e1radi Ny\u00e1ri Filmfesztiv\u00e1l, a szabadt\u00e9ri ny\u00e1ri mozi imm\u00e1r 5. alkalommal ker\u00fcl megrendez\u00e9sre ugyanazon a helysz\u00ednen, a Nagyv\u00e1radi V\u00e1rban, 2024. augusztus 14-18. k\u00f6z\u00f6tt. A vet\u00edt\u00e9sek minden este 21:00 \u00f3rakor kezd\u0151dnek. A vet\u00edt\u00e9sek el\u0151tt, minden este 19:30-t\u00f3l <em>DJanes <\/em>fogja sz\u00f3rakoztatni a k\u00f6z\u00f6ns\u00e9get. Az esem\u00e9nyre a bel\u00e9p\u00e9s ingyenes.<\/p>\n\n<p>Az idei fesztiv\u00e1l \u00fajdons\u00e1ga a felt\u00f6rekv\u0151 rom\u00e1n rendez\u0151k r\u00f6vidfilmjeinek bemutat\u00e1sa, amelyeknek egy eg\u00e9sz est\u00e9t szentelnek (2024. augusztus 15., cs\u00fct\u00f6rt\u00f6k). A fesztiv\u00e1l tov\u00e1bbi m\u00e1sik n\u00e9gy est\u00e9j\u00e9n, a bemutatott j\u00e1t\u00e9kfilmek a fikci\u00f3 \u00e9s a dokumentumfilm hat\u00e1r\u00e1n mozognak, ezen filmeknek rangos cannes-i, berlini \u00e9s locarn\u00f3i filmfesztiv\u00e1lokon volt a vil\u00e1gpremierj\u00fck.<\/p>\n\n<p>A 2024. augusztus 14-18. k\u00f6z\u00f6tti Nagyv\u00e1radi Ny\u00e1ri Filmszemle teljes programja \u00e9s a vet\u00edt\u00e9sre ker\u00fcl\u0151 filmek r\u00e9szletei a csatolm\u00e1nyban tal\u00e1lhat\u00f3k.<\/p>\n\n<div class=\"wp-block-file\"><a id=\"wp-block-file--media-e2b12d3e-7b6e-4229-870f-917c5f98174c\" href=\"https:\/\/oradea.ro\/wp-content\/uploads\/2024\/08\/Oradea-Summer-Film-2024.docx\">Oradea Summer Film 2024<\/a><a href=\"https:\/\/oradea.ro\/wp-content\/uploads\/2024\/08\/Oradea-Summer-Film-2024.docx\" class=\"wp-block-file__button wp-element-button\" download=\"\" aria-describedby=\"wp-block-file--media-e2b12d3e-7b6e-4229-870f-917c5f98174c\">Let\u00f6lt\u00e9s<\/a><\/div>\n","protected":false},"author":7,"featured_media":326778,"comment_status":"closed","ping_status":"closed","template":"","stiri-cat":[],"stiri-tags":[],"class_list":["post-327434","stiri","type-stiri","status-publish","has-post-thumbnail","hentry"],"acf":[],"yoast_head":"<!-- This site is optimized with the Yoast SEO plugin v26.6 - https:\/\/yoast.com\/wordpress\/plugins\/seo\/ -->\n<title>Az ORADEA SUMMER FILM ism\u00e9t visszat\u00e9r Nagyv\u00e1radra - Oradea.ro<\/title>\n<meta name=\"robots\" content=\"index, follow, max-snippet:-1, max-image-preview:large, max-video-preview:-1\" \/>\n<link rel=\"canonical\" href=\"https:\/\/oradea.ro\/hu\/hirek\/az-oradea-summer-film-ismet-visszater-nagyvaradra\/\" \/>\n<meta property=\"og:locale\" content=\"hu_HU\" \/>\n<meta property=\"og:type\" content=\"article\" \/>\n<meta property=\"og:title\" content=\"Az ORADEA SUMMER FILM ism\u00e9t visszat\u00e9r Nagyv\u00e1radra - Oradea.ro\" \/>\n<meta property=\"og:description\" content=\"Az ORADEA SUMMER FILM ism\u00e9t visszat\u00e9r Nagyv\u00e1radra Az ORADEA SUMMER FILM ism\u00e9t visszat\u00e9r Nagyv\u00e1radra Augusztusban \u00f6t est\u00e9n \u00e1t Cannes-ban, Berlinben \u00e9s Locarn\u00f3ban bemutatott j\u00e1t\u00e9kfilmeket \u00e9s fiatal filmesek \u00e1ltal k\u00e9sz\u00edtett r\u00f6vidfilmeket tekinthetnek meg a nagyv\u00e1radi Oradea Summer Film leg\u00fajabb kiad\u00e1s\u00e1nak r\u00e9szek\u00e9nt! A Nagyv\u00e1radi Ny\u00e1ri Filmfesztiv\u00e1l, a szabadt\u00e9ri ny\u00e1ri mozi imm\u00e1r 5. alkalommal ker\u00fcl megrendez\u00e9sre ugyanazon a helysz\u00ednen, a Nagyv\u00e1radi V\u00e1rban, 2024. augusztus 14-18. k\u00f6z\u00f6tt. A vet\u00edt\u00e9sek minden este 21:00 \u00f3rakor kezd\u0151dnek. A vet\u00edt\u00e9sek el\u0151tt, minden este 19:30-t\u00f3l DJanes fogja sz\u00f3rakoztatni a k\u00f6z\u00f6ns\u00e9get. Az esem\u00e9nyre a bel\u00e9p\u00e9s ingyenes. Az idei fesztiv\u00e1l \u00fajdons\u00e1ga a felt\u00f6rekv\u0151 rom\u00e1n rendez\u0151k r\u00f6vidfilmjeinek bemutat\u00e1sa, amelyeknek egy eg\u00e9sz est\u00e9t szentelnek (2024. augusztus 15., cs\u00fct\u00f6rt\u00f6k). A fesztiv\u00e1l tov\u00e1bbi m\u00e1sik n\u00e9gy est\u00e9j\u00e9n, a bemutatott j\u00e1t\u00e9kfilmek a fikci\u00f3 \u00e9s a dokumentumfilm hat\u00e1r\u00e1n mozognak, ezen filmeknek rangos cannes-i, berlini \u00e9s locarn\u00f3i filmfesztiv\u00e1lokon volt a vil\u00e1gpremierj\u00fck. A 2024. augusztus 14-18. k\u00f6z\u00f6tti Nagyv\u00e1radi Ny\u00e1ri Filmszemle teljes programja \u00e9s a vet\u00edt\u00e9sre ker\u00fcl\u0151 filmek r\u00e9szletei a csatolm\u00e1nyban tal\u00e1lhat\u00f3k.\" \/>\n<meta property=\"og:url\" content=\"https:\/\/oradea.ro\/hu\/hirek\/az-oradea-summer-film-ismet-visszater-nagyvaradra\/\" \/>\n<meta property=\"og:site_name\" content=\"Oradea.ro\" \/>\n<meta property=\"article:modified_time\" content=\"2024-08-09T07:13:28+00:00\" \/>\n<meta property=\"og:image\" content=\"https:\/\/oradea.ro\/wp-content\/uploads\/2024\/08\/OSF-Facebook-Event-Cover-1024x536.png\" \/>\n\t<meta property=\"og:image:width\" content=\"1024\" \/>\n\t<meta property=\"og:image:height\" content=\"536\" \/>\n\t<meta property=\"og:image:type\" content=\"image\/png\" \/>\n<meta name=\"twitter:card\" content=\"summary_large_image\" \/>\n<meta name=\"twitter:label1\" content=\"Becs\u00fclt olvas\u00e1si id\u0151\" \/>\n\t<meta name=\"twitter:data1\" content=\"1 perc\" \/>\n<script type=\"application\/ld+json\" class=\"yoast-schema-graph\">{\"@context\":\"https:\/\/schema.org\",\"@graph\":[{\"@type\":\"WebPage\",\"@id\":\"https:\/\/oradea.ro\/hu\/hirek\/az-oradea-summer-film-ismet-visszater-nagyvaradra\/\",\"url\":\"https:\/\/oradea.ro\/hu\/hirek\/az-oradea-summer-film-ismet-visszater-nagyvaradra\/\",\"name\":\"Az ORADEA SUMMER FILM ism\u00e9t visszat\u00e9r Nagyv\u00e1radra - Oradea.ro\",\"isPartOf\":{\"@id\":\"https:\/\/oradea.ro\/#website\"},\"primaryImageOfPage\":{\"@id\":\"https:\/\/oradea.ro\/hu\/hirek\/az-oradea-summer-film-ismet-visszater-nagyvaradra\/#primaryimage\"},\"image\":{\"@id\":\"https:\/\/oradea.ro\/hu\/hirek\/az-oradea-summer-film-ismet-visszater-nagyvaradra\/#primaryimage\"},\"thumbnailUrl\":\"https:\/\/oradea.ro\/wp-content\/uploads\/2024\/08\/OSF-Facebook-Event-Cover.png\",\"datePublished\":\"2024-08-02T07:12:41+00:00\",\"dateModified\":\"2024-08-09T07:13:28+00:00\",\"breadcrumb\":{\"@id\":\"https:\/\/oradea.ro\/hu\/hirek\/az-oradea-summer-film-ismet-visszater-nagyvaradra\/#breadcrumb\"},\"inLanguage\":\"hu\",\"potentialAction\":[{\"@type\":\"ReadAction\",\"target\":[\"https:\/\/oradea.ro\/hu\/hirek\/az-oradea-summer-film-ismet-visszater-nagyvaradra\/\"]}]},{\"@type\":\"ImageObject\",\"inLanguage\":\"hu\",\"@id\":\"https:\/\/oradea.ro\/hu\/hirek\/az-oradea-summer-film-ismet-visszater-nagyvaradra\/#primaryimage\",\"url\":\"https:\/\/oradea.ro\/wp-content\/uploads\/2024\/08\/OSF-Facebook-Event-Cover.png\",\"contentUrl\":\"https:\/\/oradea.ro\/wp-content\/uploads\/2024\/08\/OSF-Facebook-Event-Cover.png\",\"width\":1920,\"height\":1005},{\"@type\":\"BreadcrumbList\",\"@id\":\"https:\/\/oradea.ro\/hu\/hirek\/az-oradea-summer-film-ismet-visszater-nagyvaradra\/#breadcrumb\",\"itemListElement\":[{\"@type\":\"ListItem\",\"position\":1,\"name\":\"\",\"item\":\"https:\/\/oradea.ro\/hu\/\"},{\"@type\":\"ListItem\",\"position\":2,\"name\":\"\u0218tiri\",\"item\":\"https:\/\/oradea.ro\/stiri\/\"},{\"@type\":\"ListItem\",\"position\":3,\"name\":\"Az ORADEA SUMMER FILM ism\u00e9t visszat\u00e9r Nagyv\u00e1radra\"}]},{\"@type\":\"WebSite\",\"@id\":\"https:\/\/oradea.ro\/#website\",\"url\":\"https:\/\/oradea.ro\/\",\"name\":\"Oradea.ro\",\"description\":\"Site-ul oficial al Prim\u0103riei Municipiului Oradea\",\"publisher\":{\"@id\":\"https:\/\/oradea.ro\/#organization\"},\"potentialAction\":[{\"@type\":\"SearchAction\",\"target\":{\"@type\":\"EntryPoint\",\"urlTemplate\":\"https:\/\/oradea.ro\/?s={search_term_string}\"},\"query-input\":{\"@type\":\"PropertyValueSpecification\",\"valueRequired\":true,\"valueName\":\"search_term_string\"}}],\"inLanguage\":\"hu\"},{\"@type\":\"Organization\",\"@id\":\"https:\/\/oradea.ro\/#organization\",\"name\":\"Oradea.ro\",\"url\":\"https:\/\/oradea.ro\/\",\"logo\":{\"@type\":\"ImageObject\",\"inLanguage\":\"hu\",\"@id\":\"https:\/\/oradea.ro\/#\/schema\/logo\/image\/\",\"url\":\"https:\/\/oradea.ro\/wp-content\/uploads\/2023\/06\/footer_logo.svg\",\"contentUrl\":\"https:\/\/oradea.ro\/wp-content\/uploads\/2023\/06\/footer_logo.svg\",\"width\":218,\"height\":53,\"caption\":\"Oradea.ro\"},\"image\":{\"@id\":\"https:\/\/oradea.ro\/#\/schema\/logo\/image\/\"}}]}<\/script>\n<!-- \/ Yoast SEO plugin. -->","yoast_head_json":{"title":"Az ORADEA SUMMER FILM ism\u00e9t visszat\u00e9r Nagyv\u00e1radra - Oradea.ro","robots":{"index":"index","follow":"follow","max-snippet":"max-snippet:-1","max-image-preview":"max-image-preview:large","max-video-preview":"max-video-preview:-1"},"canonical":"https:\/\/oradea.ro\/hu\/hirek\/az-oradea-summer-film-ismet-visszater-nagyvaradra\/","og_locale":"hu_HU","og_type":"article","og_title":"Az ORADEA SUMMER FILM ism\u00e9t visszat\u00e9r Nagyv\u00e1radra - Oradea.ro","og_description":"Az ORADEA SUMMER FILM ism\u00e9t visszat\u00e9r Nagyv\u00e1radra Az ORADEA SUMMER FILM ism\u00e9t visszat\u00e9r Nagyv\u00e1radra Augusztusban \u00f6t est\u00e9n \u00e1t Cannes-ban, Berlinben \u00e9s Locarn\u00f3ban bemutatott j\u00e1t\u00e9kfilmeket \u00e9s fiatal filmesek \u00e1ltal k\u00e9sz\u00edtett r\u00f6vidfilmeket tekinthetnek meg a nagyv\u00e1radi Oradea Summer Film leg\u00fajabb kiad\u00e1s\u00e1nak r\u00e9szek\u00e9nt! A Nagyv\u00e1radi Ny\u00e1ri Filmfesztiv\u00e1l, a szabadt\u00e9ri ny\u00e1ri mozi imm\u00e1r 5. alkalommal ker\u00fcl megrendez\u00e9sre ugyanazon a helysz\u00ednen, a Nagyv\u00e1radi V\u00e1rban, 2024. augusztus 14-18. k\u00f6z\u00f6tt. A vet\u00edt\u00e9sek minden este 21:00 \u00f3rakor kezd\u0151dnek. A vet\u00edt\u00e9sek el\u0151tt, minden este 19:30-t\u00f3l DJanes fogja sz\u00f3rakoztatni a k\u00f6z\u00f6ns\u00e9get. Az esem\u00e9nyre a bel\u00e9p\u00e9s ingyenes. Az idei fesztiv\u00e1l \u00fajdons\u00e1ga a felt\u00f6rekv\u0151 rom\u00e1n rendez\u0151k r\u00f6vidfilmjeinek bemutat\u00e1sa, amelyeknek egy eg\u00e9sz est\u00e9t szentelnek (2024. augusztus 15., cs\u00fct\u00f6rt\u00f6k). A fesztiv\u00e1l tov\u00e1bbi m\u00e1sik n\u00e9gy est\u00e9j\u00e9n, a bemutatott j\u00e1t\u00e9kfilmek a fikci\u00f3 \u00e9s a dokumentumfilm hat\u00e1r\u00e1n mozognak, ezen filmeknek rangos cannes-i, berlini \u00e9s locarn\u00f3i filmfesztiv\u00e1lokon volt a vil\u00e1gpremierj\u00fck. A 2024. augusztus 14-18. k\u00f6z\u00f6tti Nagyv\u00e1radi Ny\u00e1ri Filmszemle teljes programja \u00e9s a vet\u00edt\u00e9sre ker\u00fcl\u0151 filmek r\u00e9szletei a csatolm\u00e1nyban tal\u00e1lhat\u00f3k.","og_url":"https:\/\/oradea.ro\/hu\/hirek\/az-oradea-summer-film-ismet-visszater-nagyvaradra\/","og_site_name":"Oradea.ro","article_modified_time":"2024-08-09T07:13:28+00:00","og_image":[{"width":1024,"height":536,"url":"https:\/\/oradea.ro\/wp-content\/uploads\/2024\/08\/OSF-Facebook-Event-Cover-1024x536.png","type":"image\/png"}],"twitter_card":"summary_large_image","twitter_misc":{"Becs\u00fclt olvas\u00e1si id\u0151":"1 perc"},"schema":{"@context":"https:\/\/schema.org","@graph":[{"@type":"WebPage","@id":"https:\/\/oradea.ro\/hu\/hirek\/az-oradea-summer-film-ismet-visszater-nagyvaradra\/","url":"https:\/\/oradea.ro\/hu\/hirek\/az-oradea-summer-film-ismet-visszater-nagyvaradra\/","name":"Az ORADEA SUMMER FILM ism\u00e9t visszat\u00e9r Nagyv\u00e1radra - Oradea.ro","isPartOf":{"@id":"https:\/\/oradea.ro\/#website"},"primaryImageOfPage":{"@id":"https:\/\/oradea.ro\/hu\/hirek\/az-oradea-summer-film-ismet-visszater-nagyvaradra\/#primaryimage"},"image":{"@id":"https:\/\/oradea.ro\/hu\/hirek\/az-oradea-summer-film-ismet-visszater-nagyvaradra\/#primaryimage"},"thumbnailUrl":"https:\/\/oradea.ro\/wp-content\/uploads\/2024\/08\/OSF-Facebook-Event-Cover.png","datePublished":"2024-08-02T07:12:41+00:00","dateModified":"2024-08-09T07:13:28+00:00","breadcrumb":{"@id":"https:\/\/oradea.ro\/hu\/hirek\/az-oradea-summer-film-ismet-visszater-nagyvaradra\/#breadcrumb"},"inLanguage":"hu","potentialAction":[{"@type":"ReadAction","target":["https:\/\/oradea.ro\/hu\/hirek\/az-oradea-summer-film-ismet-visszater-nagyvaradra\/"]}]},{"@type":"ImageObject","inLanguage":"hu","@id":"https:\/\/oradea.ro\/hu\/hirek\/az-oradea-summer-film-ismet-visszater-nagyvaradra\/#primaryimage","url":"https:\/\/oradea.ro\/wp-content\/uploads\/2024\/08\/OSF-Facebook-Event-Cover.png","contentUrl":"https:\/\/oradea.ro\/wp-content\/uploads\/2024\/08\/OSF-Facebook-Event-Cover.png","width":1920,"height":1005},{"@type":"BreadcrumbList","@id":"https:\/\/oradea.ro\/hu\/hirek\/az-oradea-summer-film-ismet-visszater-nagyvaradra\/#breadcrumb","itemListElement":[{"@type":"ListItem","position":1,"name":"","item":"https:\/\/oradea.ro\/hu\/"},{"@type":"ListItem","position":2,"name":"\u0218tiri","item":"https:\/\/oradea.ro\/stiri\/"},{"@type":"ListItem","position":3,"name":"Az ORADEA SUMMER FILM ism\u00e9t visszat\u00e9r Nagyv\u00e1radra"}]},{"@type":"WebSite","@id":"https:\/\/oradea.ro\/#website","url":"https:\/\/oradea.ro\/","name":"Oradea.ro","description":"Site-ul oficial al Prim\u0103riei Municipiului Oradea","publisher":{"@id":"https:\/\/oradea.ro\/#organization"},"potentialAction":[{"@type":"SearchAction","target":{"@type":"EntryPoint","urlTemplate":"https:\/\/oradea.ro\/?s={search_term_string}"},"query-input":{"@type":"PropertyValueSpecification","valueRequired":true,"valueName":"search_term_string"}}],"inLanguage":"hu"},{"@type":"Organization","@id":"https:\/\/oradea.ro\/#organization","name":"Oradea.ro","url":"https:\/\/oradea.ro\/","logo":{"@type":"ImageObject","inLanguage":"hu","@id":"https:\/\/oradea.ro\/#\/schema\/logo\/image\/","url":"https:\/\/oradea.ro\/wp-content\/uploads\/2023\/06\/footer_logo.svg","contentUrl":"https:\/\/oradea.ro\/wp-content\/uploads\/2023\/06\/footer_logo.svg","width":218,"height":53,"caption":"Oradea.ro"},"image":{"@id":"https:\/\/oradea.ro\/#\/schema\/logo\/image\/"}}]}},"publishpress_future_workflow_manual_trigger":{"enabledWorkflows":[]},"_links":{"self":[{"href":"https:\/\/oradea.ro\/hu\/wp-json\/wp\/v2\/stiri\/327434","targetHints":{"allow":["GET"]}}],"collection":[{"href":"https:\/\/oradea.ro\/hu\/wp-json\/wp\/v2\/stiri"}],"about":[{"href":"https:\/\/oradea.ro\/hu\/wp-json\/wp\/v2\/types\/stiri"}],"author":[{"embeddable":true,"href":"https:\/\/oradea.ro\/hu\/wp-json\/wp\/v2\/users\/7"}],"replies":[{"embeddable":true,"href":"https:\/\/oradea.ro\/hu\/wp-json\/wp\/v2\/comments?post=327434"}],"version-history":[{"count":1,"href":"https:\/\/oradea.ro\/hu\/wp-json\/wp\/v2\/stiri\/327434\/revisions"}],"predecessor-version":[{"id":327435,"href":"https:\/\/oradea.ro\/hu\/wp-json\/wp\/v2\/stiri\/327434\/revisions\/327435"}],"wp:featuredmedia":[{"embeddable":true,"href":"https:\/\/oradea.ro\/hu\/wp-json\/wp\/v2\/media\/326778"}],"wp:attachment":[{"href":"https:\/\/oradea.ro\/hu\/wp-json\/wp\/v2\/media?parent=327434"}],"wp:term":[{"taxonomy":"stiri-cat","embeddable":true,"href":"https:\/\/oradea.ro\/hu\/wp-json\/wp\/v2\/stiri-cat?post=327434"},{"taxonomy":"stiri-tags","embeddable":true,"href":"https:\/\/oradea.ro\/hu\/wp-json\/wp\/v2\/stiri-tags?post=327434"}],"curies":[{"name":"wp","href":"https:\/\/api.w.org\/{rel}","templated":true}]}}