{"id":335376,"date":"2024-10-15T09:03:13","date_gmt":"2024-10-15T07:03:13","guid":{"rendered":"https:\/\/oradea.ro\/stiri\/a-nagyvarad-bukarest-es-nagyvarad-london-jaratok-inditasa-uj-lehetosegeket-nyit-a-varos-fejlodeseben\/"},"modified":"2024-10-21T09:10:59","modified_gmt":"2024-10-21T07:10:59","slug":"a-nagyvarad-bukarest-es-nagyvarad-london-jaratok-inditasa-uj-lehetosegeket-nyit-a-varos-fejlodeseben","status":"publish","type":"stiri","link":"https:\/\/oradea.ro\/hu\/hirek\/a-nagyvarad-bukarest-es-nagyvarad-london-jaratok-inditasa-uj-lehetosegeket-nyit-a-varos-fejlodeseben\/","title":{"rendered":"A Nagyv\u00e1rad-Bukarest \u00e9s Nagyv\u00e1rad-London j\u00e1ratok ind\u00edt\u00e1sa \u00faj lehet\u0151s\u00e9geket nyit a v\u00e1ros fejl\u0151d\u00e9s\u00e9ben"},"content":{"rendered":"<div class=\"min-w-[100vw] h-[350px] md:h-[500px] ml-[calc(50%-50vw)] flex items-end bg-no-repeat bg-white bg-cover bg-center px-5\" style=\"background-image: url(https:\/\/oradea.ro\/wp-content\/uploads\/2024\/10\/aeroport-3-scaled.jpg);\">\r\n                    <div class=\"w-full max-w-7xl mx-auto mb-6\">\r\n                        <h1 class=\"my-0 text-white font-extrabold font-open-sans text-3xl md:text-6xl [text-shadow:_0_1px_4px_rgb(0_0_0_\/_50%)]\">A Nagyv\u00e1rad-Bukarest \u00e9s Nagyv\u00e1rad-London j\u00e1ratok ind\u00edt\u00e1sa \u00faj lehet\u0151s\u00e9geket nyit a v\u00e1ros fejl\u0151d\u00e9s\u00e9ben<\/h1>\r\n                    <\/div>\r\n                <\/div><div class=\"!px-5\"><div class=\"breadcrumbs w-full max-w-7xl mx-auto grid md:flex flex-wrap items-center py-4 test\"><div><a href=\"https:\/\/oradea.ro\/hu\/\"><span class=\"fas fa-home text-[#ABAEB3]\"><\/span><\/a><span class=\"md:hidden\"><span class=\"fas fa-chevron-down mx-5 text-xs text-[#ABAEB3] hover:text-black\/50 transition-all\"><\/span><\/span><span class=\"hidden md:inline\"><span class=\"fas fa-chevron-right mx-5 text-xs text-[#ABAEB3] hover:text-black\/50 transition-all\"><\/span><\/span><\/div><span class=\"font-poppins font-semibold uppercase text-black\/60\">A Nagyv\u00e1rad-Bukarest \u00e9s Nagyv\u00e1rad-London j\u00e1ratok ind\u00edt\u00e1sa \u00faj lehet\u0151s\u00e9geket nyit a v\u00e1ros fejl\u0151d\u00e9s\u00e9ben<\/span><\/div><\/div>\n<p>A nagyv\u00e1radi v\u00e1rosh\u00e1za a Bihar Megyei Tan\u00e1ccsal partners\u00e9gben \u00faj l\u00e9gi \u00fatvonalak ind\u00edt\u00e1s\u00e1t jelenti be, amelyek jelent\u0151sen hozz\u00e1j\u00e1rulnak a v\u00e1ros \u00e9s a fontos eur\u00f3pai f\u0151v\u00e1rosok \u00f6sszekapcsol\u00e1s\u00e1hoz. Tegnapt\u00f3l a nagyv\u00e1radiak napi j\u00e1ratot vehetnek ig\u00e9nybe Bukarestbe, m\u00e1t\u00f3l pedig k\u00f6zvetlen j\u00e1rat indul Londonba. <\/p>\n\n<figure class=\"wp-block-image size-large\"><img fetchpriority=\"high\" decoding=\"async\" width=\"1024\" height=\"576\" src=\"https:\/\/oradea.ro\/wp-content\/uploads\/2024\/10\/aeroport-2-1-1024x576.jpg\" alt=\"\" class=\"wp-image-334676\" srcset=\"https:\/\/oradea.ro\/wp-content\/uploads\/2024\/10\/aeroport-2-1-1024x576.jpg 1024w, https:\/\/oradea.ro\/wp-content\/uploads\/2024\/10\/aeroport-2-1-300x169.jpg 300w, https:\/\/oradea.ro\/wp-content\/uploads\/2024\/10\/aeroport-2-1-768x432.jpg 768w, https:\/\/oradea.ro\/wp-content\/uploads\/2024\/10\/aeroport-2-1-1536x864.jpg 1536w, https:\/\/oradea.ro\/wp-content\/uploads\/2024\/10\/aeroport-2-1.jpg 1920w\" sizes=\"(max-width: 1024px) 100vw, 1024px\" \/><\/figure>\n\n<p>Ezek az \u00faj j\u00e1ratok, amelyeket az Air Oradea a HiSkyval egy\u00fcttm\u0171k\u00f6dve \u00fczemeltet, fontos l\u00e9p\u00e9st jelentenek a telep\u00fcl\u00e9s gazdas\u00e1gi \u00e9s turisztikai fejleszt\u00e9si strat\u00e9gi\u00e1j\u00e1ban. E nemzetk\u00f6zi \u00f6sszek\u00f6ttet\u00e9sek megteremt\u00e9se megk\u00f6nny\u00edti az \u00fczleti \u00e9s a turisztikai utaz\u00e1st, ugyanakkor \u00faj befektet\u00e9seket vonz \u00e9s n\u00f6veli Nagyv\u00e1rad ismerts\u00e9g\u00e9t Eur\u00f3p\u00e1ban. <\/p>\n\n<figure class=\"wp-block-image size-large\"><img decoding=\"async\" width=\"1024\" height=\"768\" src=\"https:\/\/oradea.ro\/wp-content\/uploads\/2024\/10\/aeroport-1-1024x768.jpg\" alt=\"\" class=\"wp-image-334665\" srcset=\"https:\/\/oradea.ro\/wp-content\/uploads\/2024\/10\/aeroport-1-1024x768.jpg 1024w, https:\/\/oradea.ro\/wp-content\/uploads\/2024\/10\/aeroport-1-300x225.jpg 300w, https:\/\/oradea.ro\/wp-content\/uploads\/2024\/10\/aeroport-1-768x576.jpg 768w, https:\/\/oradea.ro\/wp-content\/uploads\/2024\/10\/aeroport-1-1536x1152.jpg 1536w, https:\/\/oradea.ro\/wp-content\/uploads\/2024\/10\/aeroport-1.jpg 2048w\" sizes=\"(max-width: 1024px) 100vw, 1024px\" \/><\/figure>\n\n<p>Ez a projekt a helyi \u00e9s a megyei hat\u00f3s\u00e1gok k\u00f6z\u00f6tti szoros partners\u00e9gnek k\u00f6sz\u00f6nhet\u0151en val\u00f3sult meg, amelyek k\u00f6z\u00f6sen dolgoztak azon, hogy a nagyv\u00e1radi \u00e9s bihari lakosok sz\u00e1m\u00e1ra \u00faj lehet\u0151s\u00e9geket biztos\u00edtsanak a nemzetk\u00f6zi mobilit\u00e1sra. A kezdem\u00e9nyez\u00e9s hangs\u00falyozza a nagyv\u00e1radi V\u00e1rosh\u00e1za \u00e9s a Bihar Megyei Tan\u00e1cs elk\u00f6telezetts\u00e9g\u00e9t a modern infrastrukt\u00fara fejleszt\u00e9se \u00e9s a v\u00e1ros, mint Rom\u00e1nia \u00e9szaknyugati r\u00e9gi\u00f3j\u00e1nak fontos n\u00f6veked\u00e9si k\u00f6zpontja ir\u00e1nti elk\u00f6telezetts\u00e9g\u00e9t. <\/p>\n\n<figure class=\"wp-block-image size-large\"><img decoding=\"async\" width=\"1024\" height=\"768\" src=\"https:\/\/oradea.ro\/wp-content\/uploads\/2024\/10\/aeroport-4-1024x768.jpg\" alt=\"\" class=\"wp-image-334668\" srcset=\"https:\/\/oradea.ro\/wp-content\/uploads\/2024\/10\/aeroport-4-1024x768.jpg 1024w, https:\/\/oradea.ro\/wp-content\/uploads\/2024\/10\/aeroport-4-300x225.jpg 300w, https:\/\/oradea.ro\/wp-content\/uploads\/2024\/10\/aeroport-4-768x576.jpg 768w, https:\/\/oradea.ro\/wp-content\/uploads\/2024\/10\/aeroport-4-1536x1152.jpg 1536w, https:\/\/oradea.ro\/wp-content\/uploads\/2024\/10\/aeroport-4-2048x1536.jpg 2048w\" sizes=\"(max-width: 1024px) 100vw, 1024px\" \/><\/figure>\n\n<p>A Nagyv\u00e1rad-Bukarest \u00e9s a Nagyv\u00e1rad-London j\u00e1ratok megfelelnek a lakosok \u00e9s az \u00fczleti utaz\u00f3k mobilit\u00e1si ig\u00e9nyeinek, gyors \u00f6sszek\u00f6ttet\u00e9st biztos\u00edtva Eur\u00f3pa m\u00e1s nagy t\u00e9rs\u00e9geivel, mik\u00f6zben a turist\u00e1k sz\u00e1m\u00e1ra megk\u00f6nny\u00edti a helyi l\u00e1tnival\u00f3k el\u00e9r\u00e9s\u00e9t.<\/p>\n\n<p><\/p>\n","protected":false},"author":38,"featured_media":334663,"comment_status":"closed","ping_status":"closed","template":"","stiri-cat":[667],"stiri-tags":[1284],"class_list":["post-335376","stiri","type-stiri","status-publish","has-post-thumbnail","hentry","stiri-cat-stiri-oradea","stiri-tags-stiri"],"acf":[],"yoast_head":"<!-- This site is optimized with the Yoast SEO plugin v26.6 - https:\/\/yoast.com\/wordpress\/plugins\/seo\/ -->\n<title>A Nagyv\u00e1rad-Bukarest \u00e9s Nagyv\u00e1rad-London j\u00e1ratok ind\u00edt\u00e1sa \u00faj lehet\u0151s\u00e9geket nyit a v\u00e1ros fejl\u0151d\u00e9s\u00e9ben - Oradea.ro<\/title>\n<meta name=\"robots\" content=\"index, follow, max-snippet:-1, max-image-preview:large, max-video-preview:-1\" \/>\n<link rel=\"canonical\" href=\"https:\/\/oradea.ro\/hu\/hirek\/a-nagyvarad-bukarest-es-nagyvarad-london-jaratok-inditasa-uj-lehetosegeket-nyit-a-varos-fejlodeseben\/\" \/>\n<meta property=\"og:locale\" content=\"hu_HU\" \/>\n<meta property=\"og:type\" content=\"article\" \/>\n<meta property=\"og:title\" content=\"A Nagyv\u00e1rad-Bukarest \u00e9s Nagyv\u00e1rad-London j\u00e1ratok ind\u00edt\u00e1sa \u00faj lehet\u0151s\u00e9geket nyit a v\u00e1ros fejl\u0151d\u00e9s\u00e9ben - Oradea.ro\" \/>\n<meta property=\"og:description\" content=\"A Nagyv\u00e1rad-Bukarest \u00e9s Nagyv\u00e1rad-London j\u00e1ratok ind\u00edt\u00e1sa \u00faj lehet\u0151s\u00e9geket nyit a v\u00e1ros fejl\u0151d\u00e9s\u00e9ben A Nagyv\u00e1rad-Bukarest \u00e9s Nagyv\u00e1rad-London j\u00e1ratok ind\u00edt\u00e1sa \u00faj lehet\u0151s\u00e9geket nyit a v\u00e1ros fejl\u0151d\u00e9s\u00e9ben A nagyv\u00e1radi v\u00e1rosh\u00e1za a Bihar Megyei Tan\u00e1ccsal partners\u00e9gben \u00faj l\u00e9gi \u00fatvonalak ind\u00edt\u00e1s\u00e1t jelenti be, amelyek jelent\u0151sen hozz\u00e1j\u00e1rulnak a v\u00e1ros \u00e9s a fontos eur\u00f3pai f\u0151v\u00e1rosok \u00f6sszekapcsol\u00e1s\u00e1hoz. Tegnapt\u00f3l a nagyv\u00e1radiak napi j\u00e1ratot vehetnek ig\u00e9nybe Bukarestbe, m\u00e1t\u00f3l pedig k\u00f6zvetlen j\u00e1rat indul Londonba. Ezek az \u00faj j\u00e1ratok, amelyeket az Air Oradea a HiSkyval egy\u00fcttm\u0171k\u00f6dve \u00fczemeltet, fontos l\u00e9p\u00e9st jelentenek a telep\u00fcl\u00e9s gazdas\u00e1gi \u00e9s turisztikai fejleszt\u00e9si strat\u00e9gi\u00e1j\u00e1ban. E nemzetk\u00f6zi \u00f6sszek\u00f6ttet\u00e9sek megteremt\u00e9se megk\u00f6nny\u00edti az \u00fczleti \u00e9s a turisztikai utaz\u00e1st, ugyanakkor \u00faj befektet\u00e9seket vonz \u00e9s n\u00f6veli Nagyv\u00e1rad ismerts\u00e9g\u00e9t Eur\u00f3p\u00e1ban. Ez a projekt a helyi \u00e9s a megyei hat\u00f3s\u00e1gok k\u00f6z\u00f6tti szoros partners\u00e9gnek k\u00f6sz\u00f6nhet\u0151en val\u00f3sult meg, amelyek k\u00f6z\u00f6sen dolgoztak azon, hogy a nagyv\u00e1radi \u00e9s bihari lakosok sz\u00e1m\u00e1ra \u00faj lehet\u0151s\u00e9geket biztos\u00edtsanak a nemzetk\u00f6zi mobilit\u00e1sra. A kezdem\u00e9nyez\u00e9s hangs\u00falyozza a nagyv\u00e1radi V\u00e1rosh\u00e1za \u00e9s a Bihar Megyei Tan\u00e1cs elk\u00f6telezetts\u00e9g\u00e9t a modern infrastrukt\u00fara fejleszt\u00e9se \u00e9s a v\u00e1ros, mint Rom\u00e1nia \u00e9szaknyugati r\u00e9gi\u00f3j\u00e1nak fontos n\u00f6veked\u00e9si k\u00f6zpontja ir\u00e1nti elk\u00f6telezetts\u00e9g\u00e9t. A Nagyv\u00e1rad-Bukarest \u00e9s a Nagyv\u00e1rad-London j\u00e1ratok megfelelnek a lakosok \u00e9s az \u00fczleti utaz\u00f3k mobilit\u00e1si ig\u00e9nyeinek, gyors \u00f6sszek\u00f6ttet\u00e9st biztos\u00edtva Eur\u00f3pa m\u00e1s nagy t\u00e9rs\u00e9geivel, mik\u00f6zben a turist\u00e1k sz\u00e1m\u00e1ra megk\u00f6nny\u00edti a helyi l\u00e1tnival\u00f3k el\u00e9r\u00e9s\u00e9t.\" \/>\n<meta property=\"og:url\" content=\"https:\/\/oradea.ro\/hu\/hirek\/a-nagyvarad-bukarest-es-nagyvarad-london-jaratok-inditasa-uj-lehetosegeket-nyit-a-varos-fejlodeseben\/\" \/>\n<meta property=\"og:site_name\" content=\"Oradea.ro\" \/>\n<meta property=\"article:modified_time\" content=\"2024-10-21T07:10:59+00:00\" \/>\n<meta property=\"og:image\" content=\"https:\/\/oradea.ro\/wp-content\/uploads\/2024\/10\/aeroport-3-scaled.jpg\" \/>\n\t<meta property=\"og:image:width\" content=\"2560\" \/>\n\t<meta property=\"og:image:height\" content=\"1920\" \/>\n\t<meta property=\"og:image:type\" content=\"image\/jpeg\" \/>\n<meta name=\"twitter:card\" content=\"summary_large_image\" \/>\n<meta name=\"twitter:label1\" content=\"Becs\u00fclt olvas\u00e1si id\u0151\" \/>\n\t<meta name=\"twitter:data1\" content=\"1 perc\" \/>\n<script type=\"application\/ld+json\" class=\"yoast-schema-graph\">{\"@context\":\"https:\/\/schema.org\",\"@graph\":[{\"@type\":\"WebPage\",\"@id\":\"https:\/\/oradea.ro\/hu\/hirek\/a-nagyvarad-bukarest-es-nagyvarad-london-jaratok-inditasa-uj-lehetosegeket-nyit-a-varos-fejlodeseben\/\",\"url\":\"https:\/\/oradea.ro\/hu\/hirek\/a-nagyvarad-bukarest-es-nagyvarad-london-jaratok-inditasa-uj-lehetosegeket-nyit-a-varos-fejlodeseben\/\",\"name\":\"A Nagyv\u00e1rad-Bukarest \u00e9s Nagyv\u00e1rad-London j\u00e1ratok ind\u00edt\u00e1sa \u00faj lehet\u0151s\u00e9geket nyit a v\u00e1ros fejl\u0151d\u00e9s\u00e9ben - Oradea.ro\",\"isPartOf\":{\"@id\":\"https:\/\/oradea.ro\/#website\"},\"primaryImageOfPage\":{\"@id\":\"https:\/\/oradea.ro\/hu\/hirek\/a-nagyvarad-bukarest-es-nagyvarad-london-jaratok-inditasa-uj-lehetosegeket-nyit-a-varos-fejlodeseben\/#primaryimage\"},\"image\":{\"@id\":\"https:\/\/oradea.ro\/hu\/hirek\/a-nagyvarad-bukarest-es-nagyvarad-london-jaratok-inditasa-uj-lehetosegeket-nyit-a-varos-fejlodeseben\/#primaryimage\"},\"thumbnailUrl\":\"https:\/\/oradea.ro\/wp-content\/uploads\/2024\/10\/aeroport-3-scaled.jpg\",\"datePublished\":\"2024-10-15T07:03:13+00:00\",\"dateModified\":\"2024-10-21T07:10:59+00:00\",\"breadcrumb\":{\"@id\":\"https:\/\/oradea.ro\/hu\/hirek\/a-nagyvarad-bukarest-es-nagyvarad-london-jaratok-inditasa-uj-lehetosegeket-nyit-a-varos-fejlodeseben\/#breadcrumb\"},\"inLanguage\":\"hu\",\"potentialAction\":[{\"@type\":\"ReadAction\",\"target\":[\"https:\/\/oradea.ro\/hu\/hirek\/a-nagyvarad-bukarest-es-nagyvarad-london-jaratok-inditasa-uj-lehetosegeket-nyit-a-varos-fejlodeseben\/\"]}]},{\"@type\":\"ImageObject\",\"inLanguage\":\"hu\",\"@id\":\"https:\/\/oradea.ro\/hu\/hirek\/a-nagyvarad-bukarest-es-nagyvarad-london-jaratok-inditasa-uj-lehetosegeket-nyit-a-varos-fejlodeseben\/#primaryimage\",\"url\":\"https:\/\/oradea.ro\/wp-content\/uploads\/2024\/10\/aeroport-3-scaled.jpg\",\"contentUrl\":\"https:\/\/oradea.ro\/wp-content\/uploads\/2024\/10\/aeroport-3-scaled.jpg\",\"width\":2560,\"height\":1920},{\"@type\":\"BreadcrumbList\",\"@id\":\"https:\/\/oradea.ro\/hu\/hirek\/a-nagyvarad-bukarest-es-nagyvarad-london-jaratok-inditasa-uj-lehetosegeket-nyit-a-varos-fejlodeseben\/#breadcrumb\",\"itemListElement\":[{\"@type\":\"ListItem\",\"position\":1,\"name\":\"\",\"item\":\"https:\/\/oradea.ro\/hu\/\"},{\"@type\":\"ListItem\",\"position\":2,\"name\":\"\u0218tiri\",\"item\":\"https:\/\/oradea.ro\/stiri\/\"},{\"@type\":\"ListItem\",\"position\":3,\"name\":\"A Nagyv\u00e1rad-Bukarest \u00e9s Nagyv\u00e1rad-London j\u00e1ratok ind\u00edt\u00e1sa \u00faj lehet\u0151s\u00e9geket nyit a v\u00e1ros fejl\u0151d\u00e9s\u00e9ben\"}]},{\"@type\":\"WebSite\",\"@id\":\"https:\/\/oradea.ro\/#website\",\"url\":\"https:\/\/oradea.ro\/\",\"name\":\"Oradea.ro\",\"description\":\"Site-ul oficial al Prim\u0103riei Municipiului Oradea\",\"publisher\":{\"@id\":\"https:\/\/oradea.ro\/#organization\"},\"potentialAction\":[{\"@type\":\"SearchAction\",\"target\":{\"@type\":\"EntryPoint\",\"urlTemplate\":\"https:\/\/oradea.ro\/?s={search_term_string}\"},\"query-input\":{\"@type\":\"PropertyValueSpecification\",\"valueRequired\":true,\"valueName\":\"search_term_string\"}}],\"inLanguage\":\"hu\"},{\"@type\":\"Organization\",\"@id\":\"https:\/\/oradea.ro\/#organization\",\"name\":\"Oradea.ro\",\"url\":\"https:\/\/oradea.ro\/\",\"logo\":{\"@type\":\"ImageObject\",\"inLanguage\":\"hu\",\"@id\":\"https:\/\/oradea.ro\/#\/schema\/logo\/image\/\",\"url\":\"https:\/\/oradea.ro\/wp-content\/uploads\/2023\/06\/footer_logo.svg\",\"contentUrl\":\"https:\/\/oradea.ro\/wp-content\/uploads\/2023\/06\/footer_logo.svg\",\"width\":218,\"height\":53,\"caption\":\"Oradea.ro\"},\"image\":{\"@id\":\"https:\/\/oradea.ro\/#\/schema\/logo\/image\/\"}}]}<\/script>\n<!-- \/ Yoast SEO plugin. -->","yoast_head_json":{"title":"A Nagyv\u00e1rad-Bukarest \u00e9s Nagyv\u00e1rad-London j\u00e1ratok ind\u00edt\u00e1sa \u00faj lehet\u0151s\u00e9geket nyit a v\u00e1ros fejl\u0151d\u00e9s\u00e9ben - Oradea.ro","robots":{"index":"index","follow":"follow","max-snippet":"max-snippet:-1","max-image-preview":"max-image-preview:large","max-video-preview":"max-video-preview:-1"},"canonical":"https:\/\/oradea.ro\/hu\/hirek\/a-nagyvarad-bukarest-es-nagyvarad-london-jaratok-inditasa-uj-lehetosegeket-nyit-a-varos-fejlodeseben\/","og_locale":"hu_HU","og_type":"article","og_title":"A Nagyv\u00e1rad-Bukarest \u00e9s Nagyv\u00e1rad-London j\u00e1ratok ind\u00edt\u00e1sa \u00faj lehet\u0151s\u00e9geket nyit a v\u00e1ros fejl\u0151d\u00e9s\u00e9ben - Oradea.ro","og_description":"A Nagyv\u00e1rad-Bukarest \u00e9s Nagyv\u00e1rad-London j\u00e1ratok ind\u00edt\u00e1sa \u00faj lehet\u0151s\u00e9geket nyit a v\u00e1ros fejl\u0151d\u00e9s\u00e9ben A Nagyv\u00e1rad-Bukarest \u00e9s Nagyv\u00e1rad-London j\u00e1ratok ind\u00edt\u00e1sa \u00faj lehet\u0151s\u00e9geket nyit a v\u00e1ros fejl\u0151d\u00e9s\u00e9ben A nagyv\u00e1radi v\u00e1rosh\u00e1za a Bihar Megyei Tan\u00e1ccsal partners\u00e9gben \u00faj l\u00e9gi \u00fatvonalak ind\u00edt\u00e1s\u00e1t jelenti be, amelyek jelent\u0151sen hozz\u00e1j\u00e1rulnak a v\u00e1ros \u00e9s a fontos eur\u00f3pai f\u0151v\u00e1rosok \u00f6sszekapcsol\u00e1s\u00e1hoz. Tegnapt\u00f3l a nagyv\u00e1radiak napi j\u00e1ratot vehetnek ig\u00e9nybe Bukarestbe, m\u00e1t\u00f3l pedig k\u00f6zvetlen j\u00e1rat indul Londonba. Ezek az \u00faj j\u00e1ratok, amelyeket az Air Oradea a HiSkyval egy\u00fcttm\u0171k\u00f6dve \u00fczemeltet, fontos l\u00e9p\u00e9st jelentenek a telep\u00fcl\u00e9s gazdas\u00e1gi \u00e9s turisztikai fejleszt\u00e9si strat\u00e9gi\u00e1j\u00e1ban. E nemzetk\u00f6zi \u00f6sszek\u00f6ttet\u00e9sek megteremt\u00e9se megk\u00f6nny\u00edti az \u00fczleti \u00e9s a turisztikai utaz\u00e1st, ugyanakkor \u00faj befektet\u00e9seket vonz \u00e9s n\u00f6veli Nagyv\u00e1rad ismerts\u00e9g\u00e9t Eur\u00f3p\u00e1ban. Ez a projekt a helyi \u00e9s a megyei hat\u00f3s\u00e1gok k\u00f6z\u00f6tti szoros partners\u00e9gnek k\u00f6sz\u00f6nhet\u0151en val\u00f3sult meg, amelyek k\u00f6z\u00f6sen dolgoztak azon, hogy a nagyv\u00e1radi \u00e9s bihari lakosok sz\u00e1m\u00e1ra \u00faj lehet\u0151s\u00e9geket biztos\u00edtsanak a nemzetk\u00f6zi mobilit\u00e1sra. A kezdem\u00e9nyez\u00e9s hangs\u00falyozza a nagyv\u00e1radi V\u00e1rosh\u00e1za \u00e9s a Bihar Megyei Tan\u00e1cs elk\u00f6telezetts\u00e9g\u00e9t a modern infrastrukt\u00fara fejleszt\u00e9se \u00e9s a v\u00e1ros, mint Rom\u00e1nia \u00e9szaknyugati r\u00e9gi\u00f3j\u00e1nak fontos n\u00f6veked\u00e9si k\u00f6zpontja ir\u00e1nti elk\u00f6telezetts\u00e9g\u00e9t. A Nagyv\u00e1rad-Bukarest \u00e9s a Nagyv\u00e1rad-London j\u00e1ratok megfelelnek a lakosok \u00e9s az \u00fczleti utaz\u00f3k mobilit\u00e1si ig\u00e9nyeinek, gyors \u00f6sszek\u00f6ttet\u00e9st biztos\u00edtva Eur\u00f3pa m\u00e1s nagy t\u00e9rs\u00e9geivel, mik\u00f6zben a turist\u00e1k sz\u00e1m\u00e1ra megk\u00f6nny\u00edti a helyi l\u00e1tnival\u00f3k el\u00e9r\u00e9s\u00e9t.","og_url":"https:\/\/oradea.ro\/hu\/hirek\/a-nagyvarad-bukarest-es-nagyvarad-london-jaratok-inditasa-uj-lehetosegeket-nyit-a-varos-fejlodeseben\/","og_site_name":"Oradea.ro","article_modified_time":"2024-10-21T07:10:59+00:00","og_image":[{"width":2560,"height":1920,"url":"https:\/\/oradea.ro\/wp-content\/uploads\/2024\/10\/aeroport-3-scaled.jpg","type":"image\/jpeg"}],"twitter_card":"summary_large_image","twitter_misc":{"Becs\u00fclt olvas\u00e1si id\u0151":"1 perc"},"schema":{"@context":"https:\/\/schema.org","@graph":[{"@type":"WebPage","@id":"https:\/\/oradea.ro\/hu\/hirek\/a-nagyvarad-bukarest-es-nagyvarad-london-jaratok-inditasa-uj-lehetosegeket-nyit-a-varos-fejlodeseben\/","url":"https:\/\/oradea.ro\/hu\/hirek\/a-nagyvarad-bukarest-es-nagyvarad-london-jaratok-inditasa-uj-lehetosegeket-nyit-a-varos-fejlodeseben\/","name":"A Nagyv\u00e1rad-Bukarest \u00e9s Nagyv\u00e1rad-London j\u00e1ratok ind\u00edt\u00e1sa \u00faj lehet\u0151s\u00e9geket nyit a v\u00e1ros fejl\u0151d\u00e9s\u00e9ben - Oradea.ro","isPartOf":{"@id":"https:\/\/oradea.ro\/#website"},"primaryImageOfPage":{"@id":"https:\/\/oradea.ro\/hu\/hirek\/a-nagyvarad-bukarest-es-nagyvarad-london-jaratok-inditasa-uj-lehetosegeket-nyit-a-varos-fejlodeseben\/#primaryimage"},"image":{"@id":"https:\/\/oradea.ro\/hu\/hirek\/a-nagyvarad-bukarest-es-nagyvarad-london-jaratok-inditasa-uj-lehetosegeket-nyit-a-varos-fejlodeseben\/#primaryimage"},"thumbnailUrl":"https:\/\/oradea.ro\/wp-content\/uploads\/2024\/10\/aeroport-3-scaled.jpg","datePublished":"2024-10-15T07:03:13+00:00","dateModified":"2024-10-21T07:10:59+00:00","breadcrumb":{"@id":"https:\/\/oradea.ro\/hu\/hirek\/a-nagyvarad-bukarest-es-nagyvarad-london-jaratok-inditasa-uj-lehetosegeket-nyit-a-varos-fejlodeseben\/#breadcrumb"},"inLanguage":"hu","potentialAction":[{"@type":"ReadAction","target":["https:\/\/oradea.ro\/hu\/hirek\/a-nagyvarad-bukarest-es-nagyvarad-london-jaratok-inditasa-uj-lehetosegeket-nyit-a-varos-fejlodeseben\/"]}]},{"@type":"ImageObject","inLanguage":"hu","@id":"https:\/\/oradea.ro\/hu\/hirek\/a-nagyvarad-bukarest-es-nagyvarad-london-jaratok-inditasa-uj-lehetosegeket-nyit-a-varos-fejlodeseben\/#primaryimage","url":"https:\/\/oradea.ro\/wp-content\/uploads\/2024\/10\/aeroport-3-scaled.jpg","contentUrl":"https:\/\/oradea.ro\/wp-content\/uploads\/2024\/10\/aeroport-3-scaled.jpg","width":2560,"height":1920},{"@type":"BreadcrumbList","@id":"https:\/\/oradea.ro\/hu\/hirek\/a-nagyvarad-bukarest-es-nagyvarad-london-jaratok-inditasa-uj-lehetosegeket-nyit-a-varos-fejlodeseben\/#breadcrumb","itemListElement":[{"@type":"ListItem","position":1,"name":"","item":"https:\/\/oradea.ro\/hu\/"},{"@type":"ListItem","position":2,"name":"\u0218tiri","item":"https:\/\/oradea.ro\/stiri\/"},{"@type":"ListItem","position":3,"name":"A Nagyv\u00e1rad-Bukarest \u00e9s Nagyv\u00e1rad-London j\u00e1ratok ind\u00edt\u00e1sa \u00faj lehet\u0151s\u00e9geket nyit a v\u00e1ros fejl\u0151d\u00e9s\u00e9ben"}]},{"@type":"WebSite","@id":"https:\/\/oradea.ro\/#website","url":"https:\/\/oradea.ro\/","name":"Oradea.ro","description":"Site-ul oficial al Prim\u0103riei Municipiului Oradea","publisher":{"@id":"https:\/\/oradea.ro\/#organization"},"potentialAction":[{"@type":"SearchAction","target":{"@type":"EntryPoint","urlTemplate":"https:\/\/oradea.ro\/?s={search_term_string}"},"query-input":{"@type":"PropertyValueSpecification","valueRequired":true,"valueName":"search_term_string"}}],"inLanguage":"hu"},{"@type":"Organization","@id":"https:\/\/oradea.ro\/#organization","name":"Oradea.ro","url":"https:\/\/oradea.ro\/","logo":{"@type":"ImageObject","inLanguage":"hu","@id":"https:\/\/oradea.ro\/#\/schema\/logo\/image\/","url":"https:\/\/oradea.ro\/wp-content\/uploads\/2023\/06\/footer_logo.svg","contentUrl":"https:\/\/oradea.ro\/wp-content\/uploads\/2023\/06\/footer_logo.svg","width":218,"height":53,"caption":"Oradea.ro"},"image":{"@id":"https:\/\/oradea.ro\/#\/schema\/logo\/image\/"}}]}},"publishpress_future_workflow_manual_trigger":{"enabledWorkflows":[]},"_links":{"self":[{"href":"https:\/\/oradea.ro\/hu\/wp-json\/wp\/v2\/stiri\/335376","targetHints":{"allow":["GET"]}}],"collection":[{"href":"https:\/\/oradea.ro\/hu\/wp-json\/wp\/v2\/stiri"}],"about":[{"href":"https:\/\/oradea.ro\/hu\/wp-json\/wp\/v2\/types\/stiri"}],"author":[{"embeddable":true,"href":"https:\/\/oradea.ro\/hu\/wp-json\/wp\/v2\/users\/38"}],"replies":[{"embeddable":true,"href":"https:\/\/oradea.ro\/hu\/wp-json\/wp\/v2\/comments?post=335376"}],"version-history":[{"count":1,"href":"https:\/\/oradea.ro\/hu\/wp-json\/wp\/v2\/stiri\/335376\/revisions"}],"predecessor-version":[{"id":335377,"href":"https:\/\/oradea.ro\/hu\/wp-json\/wp\/v2\/stiri\/335376\/revisions\/335377"}],"wp:featuredmedia":[{"embeddable":true,"href":"https:\/\/oradea.ro\/hu\/wp-json\/wp\/v2\/media\/334663"}],"wp:attachment":[{"href":"https:\/\/oradea.ro\/hu\/wp-json\/wp\/v2\/media?parent=335376"}],"wp:term":[{"taxonomy":"stiri-cat","embeddable":true,"href":"https:\/\/oradea.ro\/hu\/wp-json\/wp\/v2\/stiri-cat?post=335376"},{"taxonomy":"stiri-tags","embeddable":true,"href":"https:\/\/oradea.ro\/hu\/wp-json\/wp\/v2\/stiri-tags?post=335376"}],"curies":[{"name":"wp","href":"https:\/\/api.w.org\/{rel}","templated":true}]}}