{"id":337176,"date":"2024-10-25T15:23:13","date_gmt":"2024-10-25T13:23:13","guid":{"rendered":"https:\/\/oradea.ro\/stiri\/florin-birta-polgarmester-uj-mandatumra-eskudott-fel-megerositve-ezaltal-elkotelezettseget-nagyvarad-fejlodese-mellett\/"},"modified":"2024-11-04T10:07:56","modified_gmt":"2024-11-04T08:07:56","slug":"florin-birta-polgarmester-uj-mandatumra-eskudott-fel-megerositve-ezaltal-elkotelezettseget-nagyvarad-fejlodese-mellett","status":"publish","type":"stiri","link":"https:\/\/oradea.ro\/hu\/hirek\/florin-birta-polgarmester-uj-mandatumra-eskudott-fel-megerositve-ezaltal-elkotelezettseget-nagyvarad-fejlodese-mellett\/","title":{"rendered":"Florin Birta polg\u00e1rmester \u00faj mand\u00e1tumra esk\u00fcd\u00f6tt fel, meger\u0151s\u00edtve ez\u00e1ltal elk\u00f6telezetts\u00e9g\u00e9t Nagyv\u00e1rad fejl\u0151d\u00e9se mellett"},"content":{"rendered":"<div class=\"min-w-[100vw] h-[350px] md:h-[500px] ml-[calc(50%-50vw)] flex items-end bg-no-repeat bg-white bg-cover bg-center px-5\" style=\"background-image: url(https:\/\/oradea.ro\/wp-content\/uploads\/2024\/10\/WhatsApp-Image-2024-10-25-at-16.20.10.jpeg);\">\r\n                    <div class=\"w-full max-w-7xl mx-auto mb-6\">\r\n                        <h1 class=\"my-0 text-white font-extrabold font-open-sans text-3xl md:text-6xl [text-shadow:_0_1px_4px_rgb(0_0_0_\/_50%)]\">Florin Birta polg\u00e1rmester \u00faj mand\u00e1tumra esk\u00fcd\u00f6tt fel, meger\u0151s\u00edtve ez\u00e1ltal elk\u00f6telezetts\u00e9g\u00e9t Nagyv\u00e1rad fejl\u0151d\u00e9se mellett<\/h1>\r\n                    <\/div>\r\n                <\/div><div class=\"!px-5\"><div class=\"breadcrumbs w-full max-w-7xl mx-auto grid md:flex flex-wrap items-center py-4 test\"><div><a href=\"https:\/\/oradea.ro\/hu\/\"><span class=\"fas fa-home text-[#ABAEB3]\"><\/span><\/a><span class=\"md:hidden\"><span class=\"fas fa-chevron-down mx-5 text-xs text-[#ABAEB3] hover:text-black\/50 transition-all\"><\/span><\/span><span class=\"hidden md:inline\"><span class=\"fas fa-chevron-right mx-5 text-xs text-[#ABAEB3] hover:text-black\/50 transition-all\"><\/span><\/span><\/div><span class=\"font-poppins font-semibold uppercase text-black\/60\">Florin Birta polg\u00e1rmester \u00faj mand\u00e1tumra esk\u00fcd\u00f6tt fel, meger\u0151s\u00edtve ez\u00e1ltal elk\u00f6telezetts\u00e9g\u00e9t Nagyv\u00e1rad fejl\u0151d\u00e9se mellett<\/span><\/div><\/div>\n<p>A mai napon, 2024. okt\u00f3ber 25-\u00e9n, az \u00faj nagyv\u00e1radi Helyi Tan\u00e1cs hivatalos \u00fcl\u00e9s\u00e9n Florin Birta polg\u00e1rmester felesk\u00fcd\u00f6tt m\u00e1sodik hivatali idej\u00e9re, amelyet a nagyv\u00e1radi polg\u00e1rok t\u00f6bbs\u00e9gi szavazat\u00e1val nyert el a 2024. j\u00fanius 9-i v\u00e1laszt\u00e1sokon. A leadott szavazatok 68,5%-\u00e1nak t\u00e1mogat\u00e1s\u00e1val Birta polg\u00e1rmester megk\u00f6sz\u00f6nte a polg\u00e1rok bizalm\u00e1t, \u00e9s kifejezte elt\u00f6k\u00e9lts\u00e9g\u00e9t, hogy folytatja a v\u00e1ros fenntarthat\u00f3 fejl\u0151d\u00e9s \u00e9s moderniz\u00e1ci\u00f3 modellj\u00e9v\u00e9 val\u00f3 \u00e1talak\u00edt\u00e1s\u00e1t. <\/p>\n\n<p>Az \u00faj Helyi Tan\u00e1cs megalakul\u00e1s\u00e1nak \u00fcnneps\u00e9g\u00e9n jelen volt Marcel Dragos Bihar megyei prefektus is, aki gratul\u00e1lt a j\u00fanius 9-\u00e9n megv\u00e1lasztottaknak. Els\u0151k\u00e9nt Morar Grigore Grigore, a v\u00e1rosi tan\u00e1cs legid\u0151sebb tagja sz\u00f3lalt fel, aki megk\u00f6sz\u00f6nte Florin Birta polg\u00e1rmesternek \u00e9s a tan\u00e1csosok csapat\u00e1nak az el\u0151z\u0151 mand\u00e1tumok sor\u00e1n v\u00e9gzett munk\u00e1t, \u00e9s sok sikert k\u00edv\u00e1nt az \u00faj helyi tan\u00e1csosoknak. <\/p>\n\n<p>Az \u00fcl\u00e9sen a 27 helyi tan\u00e1csosb\u00f3l 24-et \u00e9rv\u00e9nyes\u00edtettek, a t\u00f6bbi tan\u00e1csost egy k\u00e9s\u0151bbi \u00fcl\u00e9sen fogj\u00e1k \u00e9rv\u00e9nyes\u00edteni. A 24 \u00e9rv\u00e9nyes\u00edtett helyi tan\u00e1csos a k\u00f6vetkez\u0151: Baraba\u0219 C\u0103lin-Iulian, Burta Olivia-Ligia, Chimerel Karmen-Claudia, Dejeu D\u0103nu\u021b-Aurel, Dulca Camelia-Mariana, Domoco\u0219 Laviniu-Ionu\u021b, Gy\u00f6rgy-Cs\u00e1ki J\u00e1nos, Filimon Teofil-Laviniu, Lezeu Ioan, Madar Marius-Adrian, Marin\u0103u Florin-Liviu, Morar Grigore, Moza Costel, Nica Antonia-Monica, Novac-Iuhas Alin-Florin, Pet\u0151 Dalma Csilla, Papp Lilla-Aliz, Popu\u0219 Ioana-Lavinia, Rus Carmen, Sebe\u0219an Horea-Radu, Szab\u00f3 J\u00f3zsef, Sz\u00e1nt\u00f3 Ildik\u00f3, Tirla Ioan-Alexandru \u00e9s Torjoc Mihai-Alin. <\/p>\n\n<p><strong>Florin Birta polg\u00e1rmester besz\u00e9de: k\u00f6sz\u00f6net \u00e9s priorit\u00e1sok a 2024-2028-as mand\u00e1tumra vonatkoz\u00f3an<\/strong><\/p>\n\n<p>Florin Birta polg\u00e1rmester besz\u00e9d\u00e9t azzal kezdte, hogy k\u00f6sz\u00f6netet mondott azoknak, akik t\u00e1mogatt\u00e1k \u00e9s inspir\u00e1lt\u00e1k \u0151t politikai \u00e9s k\u00f6zigazgat\u00e1si p\u00e1lyafut\u00e1sa sor\u00e1n: &#8222;K\u00f6sz\u00f6n\u00f6m Ilie Bolojan \u00farnak, akit\u0151l megtanultam, mit jelent a m\u0171k\u00f6d\u0151k\u00e9pes \u00e9s hat\u00e9kony k\u00f6zigazgat\u00e1s, \u00e9s Cornel Popa \u00farnak, aki bevitt a PNL soraiba. Szeretn\u00e9k k\u00f6sz\u00f6netet mondani a helyi tan\u00e1csosoknak, a V\u00e1rosh\u00e1za csapat\u00e1nak, a csal\u00e1domnak a t\u00fcrelm\u00fck\u00e9rt \u00e9s meg\u00e9rt\u00e9s\u00fck\u00e9rt, \u00e9s nem utols\u00f3sorban a nagyv\u00e1radiaknak, akik m\u00e1sodszor is bizalmat szavaztak nekem&#8221;. <\/p>\n\n<p>Florin Birta ezut\u00e1n hangs\u00falyozta a helyi k\u00f6zigazgat\u00e1s \u00e9s a v\u00e1rosi tan\u00e1csosok k\u00f6z\u00f6tti egy\u00fcttm\u0171k\u00f6d\u00e9s fontoss\u00e1g\u00e1t egy ambici\u00f3zus beruh\u00e1z\u00e1si program megval\u00f3s\u00edt\u00e1sa \u00e9rdek\u00e9ben, amelynek c\u00e9lja Nagyv\u00e1rad modern \u00e9s fenntarthat\u00f3 v\u00e1ross\u00e1 alak\u00edt\u00e1sa. &#8222;Egy\u00fctt \u00e1llunk egy \u00faj mand\u00e1tum kezdet\u00e9n, ahol Nagyv\u00e1rad t\u00f6rt\u00e9nelm\u00e9nek k\u00f6vetkez\u0151 fejezet\u00e9t fogjuk meg\u00edrni. Az elk\u00f6vetkez\u0151 \u00e9vek kulcsfontoss\u00e1g\u00faak ahhoz, hogy fel\u00e9p\u00edts\u00fck a meg\u00e9rdemelt j\u00f6v\u0151t, \u00e9s az egy\u00fcttm\u0171k\u00f6d\u00e9s\u00fcnk lesz ennek a fejl\u0151d\u00e9snek a sarokk\u00f6ve&#8221; &#8211; mondta a polg\u00e1rmester, hangs\u00falyozva az egy\u00fcttm\u0171k\u00f6d\u00e9s d\u00f6nt\u0151 szerep\u00e9t a k\u00f6z\u00f6s c\u00e9lok el\u00e9r\u00e9s\u00e9ben.  <\/p>\n\n<p>Florin Birta besz\u00e9d\u00e9ben kiemelte az \u00faj mand\u00e1tum strat\u00e9giai ir\u00e1nyait, k\u00f6zt\u00fck a k\u00f6zleked\u00e9si infrastrukt\u00fara fejleszt\u00e9s\u00e9t, amely megk\u00f6nny\u00edti a v\u00e1ros minden ter\u00fclet\u00e9nek megk\u00f6zel\u00edt\u00e9s\u00e9t, \u00e9s t\u00e1mogatja a t\u00f6megk\u00f6zleked\u00e9s haszn\u00e1lat\u00e1t a villamos- \u00e9s buszh\u00e1l\u00f3zat b\u0151v\u00edt\u00e9s\u00e9t c\u00e9lz\u00f3 projektek, valamint az intelligens k\u00f6zleked\u00e9si l\u00e1mp\u00e1k bevezet\u00e9se r\u00e9v\u00e9n. A polg\u00e1rmester hangs\u00falyozta Nagyv\u00e1rad m\u00e1s v\u00e1rosokkal val\u00f3 \u00f6sszek\u00f6ttet\u00e9s\u00e9nek fontoss\u00e1g\u00e1t is, megjegyezve, hogy folytatja a Bihar Megyei Tan\u00e1ccsal val\u00f3 partners\u00e9get, hogy gyors \u00e9s hat\u00e9kony kapcsolatokat tartson fenn a rom\u00e1niai \u00e9s eur\u00f3pai v\u00e1rosokkal. <\/p>\n\n<p>Besz\u00e9d\u00e9ben az oktat\u00e1s is k\u00f6zponti szerepet kapott, a polg\u00e1rmester hangs\u00falyozta, hogy az elk\u00f6vetkez\u0151 \u00e9vekben iskol\u00e1kat, \u00f3vod\u00e1kat \u00e9s b\u00f6lcs\u0151d\u00e9ket fognak fel\u00faj\u00edtani \u00e9s felszerelni, hogy magas sz\u00ednvonal\u00fa oktat\u00e1si felt\u00e9teleket biztos\u00edtsanak. A Nuf\u0103rul negyedben \u00faj iskola \u00e9p\u00fcl, amely biztos\u00edtja a gyermekek sz\u00e1m\u00e1ra a modern \u00e9s j\u00f3l felszerelt oktat\u00e1shoz val\u00f3 hozz\u00e1f\u00e9r\u00e9st. <\/p>\n\n<p>Az eg\u00e9szs\u00e9g\u00fcgyi \u00e1gazatot illet\u0151en Florin Birta bejelentette, hogy a Vl\u0103deasa utc\u00e1ban egy modern k\u00f3rh\u00e1z \u00e9p\u00fcl, \u00e9s befejez\u0151dnek a megyei k\u00f3rh\u00e1z integr\u00e1lt j\u00e1r\u00f3beteg-rendel\u0151j\u00e9nek munk\u00e1latai, amelyek hozz\u00e1j\u00e1rulnak az \u00e9letmin\u0151s\u00e9g jav\u00edt\u00e1s\u00e1hoz \u00e9s a min\u0151s\u00e9gi eg\u00e9szs\u00e9g\u00fcgyi szolg\u00e1ltat\u00e1sokhoz val\u00f3 hozz\u00e1f\u00e9r\u00e9shez. A polg\u00e1rmester hangs\u00falyozta tov\u00e1bb\u00e1 a t\u00f6rt\u00e9nelmi k\u00f6zpont rehabilit\u00e1ci\u00f3j\u00e1nak \u00e9s a v\u00e1rosr\u00e9szek korszer\u0171s\u00edt\u00e9s\u00e9nek fontoss\u00e1g\u00e1t, \u00faj z\u00f6ldter\u00fcletek l\u00e9trehoz\u00e1s\u00e1t \u00e9s f\u00e1k \u00fcltet\u00e9s\u00e9t, hogy Nagyv\u00e1rad z\u00f6ldebb \u00e9s vonz\u00f3bb v\u00e1ross\u00e1 v\u00e1ljon. <\/p>\n\n<p>V\u00e9gezet\u00fcl a polg\u00e1rmester hangs\u00falyozta, hogy a v\u00e1ros tov\u00e1bbra is a moderniz\u00e1ci\u00f3 \u00e9s az innov\u00e1ci\u00f3 mintak\u00e9pe lesz, olyan fejlett technol\u00f3gi\u00e1k bevezet\u00e9s\u00e9vel, mint az intelligens LED-vil\u00e1g\u00edt\u00e1s \u00e9s az adapt\u00edv k\u00f6zleked\u00e9si l\u00e1mp\u00e1k, amelyek c\u00e9lja a lakosok biztons\u00e1g\u00e1nak \u00e9s k\u00e9nyelm\u00e9nek n\u00f6vel\u00e9se. V\u00e9gezet\u00fcl Florin Birta egys\u00e9gre \u00e9s felel\u0151ss\u00e9gv\u00e1llal\u00e1sra sz\u00f3l\u00edtott fel: &#8222;Ezek a projektek nem csup\u00e1n cselekv\u00e9si ir\u00e1nyvonalak, hanem a polg\u00e1roknak tett k\u00f6z\u00f6s \u00edg\u00e9ret\u00fcnk arra, hogy tov\u00e1bbra is befektet\u00fcnk Nagyv\u00e1rad j\u00f6v\u0151j\u00e9be. Ez\u00e9rt fordulok \u00d6n\u00f6kh\u00f6z, kedves helyi tan\u00e1csosok: v\u00e1lasztott k\u00e9pvisel\u0151k\u00e9nt az a felel\u0151ss\u00e9g\u00fcnk, hogy biztos\u00edtsuk, hogy mindezek a kezdem\u00e9nyez\u00e9sek megval\u00f3suljanak Nagyv\u00e1rad valamennyi polg\u00e1r\u00e1nak jav\u00e1ra. Ez azt jelenti, hogy fel\u00fclemelked\u00fcnk a pillanatnyi politikai \u00e9rdekeken, \u00e9s arra \u00f6sszpontos\u00edtunk, ami a legfontosabb: a k\u00f6z\u00f6ss\u00e9g fejl\u0151d\u00e9s\u00e9re \u00e9s j\u00f3l\u00e9t\u00e9re&#8221;.   <\/p>\n\n<p>Florin Birta jelezte, hogy Nagyv\u00e1radot a fejl\u0151d\u00e9s \u00e9s a moderniz\u00e1ci\u00f3 modelljek\u00e9nt fogja megszil\u00e1rd\u00edtani.<\/p>\n\n<figure class=\"wp-block-gallery has-nested-images columns-default is-cropped wp-block-gallery-1 is-layout-flex wp-block-gallery-is-layout-flex\">\n<figure class=\"wp-block-image size-large\"><a href=\"https:\/\/oradea.ro\/wp-content\/uploads\/2024\/10\/20241025_150001-scaled.jpg\"><img fetchpriority=\"high\" decoding=\"async\" width=\"1024\" height=\"644\" data-id=\"336102\" src=\"https:\/\/oradea.ro\/wp-content\/uploads\/2024\/10\/20241025_150001-1024x644.jpg\" alt=\"\" class=\"wp-image-336102\" srcset=\"https:\/\/oradea.ro\/wp-content\/uploads\/2024\/10\/20241025_150001-1024x644.jpg 1024w, https:\/\/oradea.ro\/wp-content\/uploads\/2024\/10\/20241025_150001-300x189.jpg 300w, https:\/\/oradea.ro\/wp-content\/uploads\/2024\/10\/20241025_150001-768x483.jpg 768w, https:\/\/oradea.ro\/wp-content\/uploads\/2024\/10\/20241025_150001-1536x966.jpg 1536w, https:\/\/oradea.ro\/wp-content\/uploads\/2024\/10\/20241025_150001-2048x1288.jpg 2048w\" sizes=\"(max-width: 1024px) 100vw, 1024px\" \/><\/a><\/figure>\n\n\n\n<figure class=\"wp-block-image size-large\"><a href=\"https:\/\/oradea.ro\/wp-content\/uploads\/2024\/10\/20241025_150100-scaled.jpg\"><img decoding=\"async\" width=\"1024\" height=\"577\" data-id=\"336141\" src=\"https:\/\/oradea.ro\/wp-content\/uploads\/2024\/10\/20241025_150100-1024x577.jpg\" alt=\"\" class=\"wp-image-336141\" srcset=\"https:\/\/oradea.ro\/wp-content\/uploads\/2024\/10\/20241025_150100-1024x577.jpg 1024w, https:\/\/oradea.ro\/wp-content\/uploads\/2024\/10\/20241025_150100-300x169.jpg 300w, https:\/\/oradea.ro\/wp-content\/uploads\/2024\/10\/20241025_150100-768x432.jpg 768w, https:\/\/oradea.ro\/wp-content\/uploads\/2024\/10\/20241025_150100-1536x865.jpg 1536w, https:\/\/oradea.ro\/wp-content\/uploads\/2024\/10\/20241025_150100-2048x1153.jpg 2048w\" sizes=\"(max-width: 1024px) 100vw, 1024px\" \/><\/a><\/figure>\n\n\n\n<figure class=\"wp-block-image size-large\"><a href=\"https:\/\/oradea.ro\/wp-content\/uploads\/2024\/10\/20241025_150123-scaled.jpg\"><img decoding=\"async\" width=\"1024\" height=\"577\" data-id=\"336117\" src=\"https:\/\/oradea.ro\/wp-content\/uploads\/2024\/10\/20241025_150123-1024x577.jpg\" alt=\"\" class=\"wp-image-336117\" srcset=\"https:\/\/oradea.ro\/wp-content\/uploads\/2024\/10\/20241025_150123-1024x577.jpg 1024w, https:\/\/oradea.ro\/wp-content\/uploads\/2024\/10\/20241025_150123-300x169.jpg 300w, https:\/\/oradea.ro\/wp-content\/uploads\/2024\/10\/20241025_150123-768x432.jpg 768w, https:\/\/oradea.ro\/wp-content\/uploads\/2024\/10\/20241025_150123-1536x865.jpg 1536w, https:\/\/oradea.ro\/wp-content\/uploads\/2024\/10\/20241025_150123-2048x1153.jpg 2048w\" sizes=\"(max-width: 1024px) 100vw, 1024px\" \/><\/a><\/figure>\n\n\n\n<figure class=\"wp-block-image size-large\"><a href=\"https:\/\/oradea.ro\/wp-content\/uploads\/2024\/10\/20241025_150219-scaled.jpg\"><img loading=\"lazy\" decoding=\"async\" width=\"1024\" height=\"577\" data-id=\"336105\" src=\"https:\/\/oradea.ro\/wp-content\/uploads\/2024\/10\/20241025_150219-1024x577.jpg\" alt=\"\" class=\"wp-image-336105\" srcset=\"https:\/\/oradea.ro\/wp-content\/uploads\/2024\/10\/20241025_150219-1024x577.jpg 1024w, https:\/\/oradea.ro\/wp-content\/uploads\/2024\/10\/20241025_150219-300x169.jpg 300w, https:\/\/oradea.ro\/wp-content\/uploads\/2024\/10\/20241025_150219-768x432.jpg 768w, https:\/\/oradea.ro\/wp-content\/uploads\/2024\/10\/20241025_150219-1536x865.jpg 1536w, https:\/\/oradea.ro\/wp-content\/uploads\/2024\/10\/20241025_150219-2048x1153.jpg 2048w\" sizes=\"(max-width: 1024px) 100vw, 1024px\" \/><\/a><\/figure>\n\n\n\n<figure class=\"wp-block-image size-large\"><a href=\"https:\/\/oradea.ro\/wp-content\/uploads\/2024\/10\/20241025_150339-scaled.jpg\"><img loading=\"lazy\" decoding=\"async\" width=\"1024\" height=\"577\" data-id=\"336150\" src=\"https:\/\/oradea.ro\/wp-content\/uploads\/2024\/10\/20241025_150339-1024x577.jpg\" alt=\"\" class=\"wp-image-336150\" srcset=\"https:\/\/oradea.ro\/wp-content\/uploads\/2024\/10\/20241025_150339-1024x577.jpg 1024w, https:\/\/oradea.ro\/wp-content\/uploads\/2024\/10\/20241025_150339-300x169.jpg 300w, https:\/\/oradea.ro\/wp-content\/uploads\/2024\/10\/20241025_150339-768x432.jpg 768w, https:\/\/oradea.ro\/wp-content\/uploads\/2024\/10\/20241025_150339-1536x865.jpg 1536w, https:\/\/oradea.ro\/wp-content\/uploads\/2024\/10\/20241025_150339-2048x1153.jpg 2048w\" sizes=\"(max-width: 1024px) 100vw, 1024px\" \/><\/a><\/figure>\n\n\n\n<figure class=\"wp-block-image size-large\"><a href=\"https:\/\/oradea.ro\/wp-content\/uploads\/2024\/10\/20241025_150628-scaled.jpg\"><img loading=\"lazy\" decoding=\"async\" width=\"1024\" height=\"577\" data-id=\"336153\" src=\"https:\/\/oradea.ro\/wp-content\/uploads\/2024\/10\/20241025_150628-1024x577.jpg\" alt=\"\" class=\"wp-image-336153\" srcset=\"https:\/\/oradea.ro\/wp-content\/uploads\/2024\/10\/20241025_150628-1024x577.jpg 1024w, https:\/\/oradea.ro\/wp-content\/uploads\/2024\/10\/20241025_150628-300x169.jpg 300w, https:\/\/oradea.ro\/wp-content\/uploads\/2024\/10\/20241025_150628-768x432.jpg 768w, https:\/\/oradea.ro\/wp-content\/uploads\/2024\/10\/20241025_150628-1536x865.jpg 1536w, https:\/\/oradea.ro\/wp-content\/uploads\/2024\/10\/20241025_150628-2048x1153.jpg 2048w\" sizes=\"(max-width: 1024px) 100vw, 1024px\" \/><\/a><\/figure>\n\n\n\n<figure class=\"wp-block-image size-large\"><a href=\"https:\/\/oradea.ro\/wp-content\/uploads\/2024\/10\/20241025_151146-scaled.jpg\"><img loading=\"lazy\" decoding=\"async\" width=\"1024\" height=\"577\" data-id=\"336111\" src=\"https:\/\/oradea.ro\/wp-content\/uploads\/2024\/10\/20241025_151146-1024x577.jpg\" alt=\"\" class=\"wp-image-336111\" srcset=\"https:\/\/oradea.ro\/wp-content\/uploads\/2024\/10\/20241025_151146-1024x577.jpg 1024w, https:\/\/oradea.ro\/wp-content\/uploads\/2024\/10\/20241025_151146-300x169.jpg 300w, https:\/\/oradea.ro\/wp-content\/uploads\/2024\/10\/20241025_151146-768x432.jpg 768w, https:\/\/oradea.ro\/wp-content\/uploads\/2024\/10\/20241025_151146-1536x865.jpg 1536w, https:\/\/oradea.ro\/wp-content\/uploads\/2024\/10\/20241025_151146-2048x1153.jpg 2048w\" sizes=\"(max-width: 1024px) 100vw, 1024px\" \/><\/a><\/figure>\n\n\n\n<figure class=\"wp-block-image size-large\"><a href=\"https:\/\/oradea.ro\/wp-content\/uploads\/2024\/10\/20241025_151235-scaled.jpg\"><img loading=\"lazy\" decoding=\"async\" width=\"1024\" height=\"577\" data-id=\"336126\" src=\"https:\/\/oradea.ro\/wp-content\/uploads\/2024\/10\/20241025_151235-1024x577.jpg\" alt=\"\" class=\"wp-image-336126\" srcset=\"https:\/\/oradea.ro\/wp-content\/uploads\/2024\/10\/20241025_151235-1024x577.jpg 1024w, https:\/\/oradea.ro\/wp-content\/uploads\/2024\/10\/20241025_151235-300x169.jpg 300w, https:\/\/oradea.ro\/wp-content\/uploads\/2024\/10\/20241025_151235-768x432.jpg 768w, https:\/\/oradea.ro\/wp-content\/uploads\/2024\/10\/20241025_151235-1536x865.jpg 1536w, https:\/\/oradea.ro\/wp-content\/uploads\/2024\/10\/20241025_151235-2048x1153.jpg 2048w\" sizes=\"(max-width: 1024px) 100vw, 1024px\" \/><\/a><\/figure>\n\n\n\n<figure class=\"wp-block-image size-large\"><a href=\"https:\/\/oradea.ro\/wp-content\/uploads\/2024\/10\/20241025_151456-scaled.jpg\"><img loading=\"lazy\" decoding=\"async\" width=\"1024\" height=\"577\" data-id=\"336184\" src=\"https:\/\/oradea.ro\/wp-content\/uploads\/2024\/10\/20241025_151456-1024x577.jpg\" alt=\"\" class=\"wp-image-336184\" srcset=\"https:\/\/oradea.ro\/wp-content\/uploads\/2024\/10\/20241025_151456-1024x577.jpg 1024w, https:\/\/oradea.ro\/wp-content\/uploads\/2024\/10\/20241025_151456-300x169.jpg 300w, https:\/\/oradea.ro\/wp-content\/uploads\/2024\/10\/20241025_151456-768x432.jpg 768w, https:\/\/oradea.ro\/wp-content\/uploads\/2024\/10\/20241025_151456-1536x865.jpg 1536w, https:\/\/oradea.ro\/wp-content\/uploads\/2024\/10\/20241025_151456-2048x1153.jpg 2048w\" sizes=\"(max-width: 1024px) 100vw, 1024px\" \/><\/a><\/figure>\n\n\n\n<figure class=\"wp-block-image size-large\"><a href=\"https:\/\/oradea.ro\/wp-content\/uploads\/2024\/10\/20241025_151522-scaled.jpg\"><img loading=\"lazy\" decoding=\"async\" width=\"1024\" height=\"577\" data-id=\"336166\" src=\"https:\/\/oradea.ro\/wp-content\/uploads\/2024\/10\/20241025_151522-1024x577.jpg\" alt=\"\" class=\"wp-image-336166\" srcset=\"https:\/\/oradea.ro\/wp-content\/uploads\/2024\/10\/20241025_151522-1024x577.jpg 1024w, https:\/\/oradea.ro\/wp-content\/uploads\/2024\/10\/20241025_151522-300x169.jpg 300w, https:\/\/oradea.ro\/wp-content\/uploads\/2024\/10\/20241025_151522-768x432.jpg 768w, https:\/\/oradea.ro\/wp-content\/uploads\/2024\/10\/20241025_151522-1536x865.jpg 1536w, https:\/\/oradea.ro\/wp-content\/uploads\/2024\/10\/20241025_151522-2048x1153.jpg 2048w\" sizes=\"(max-width: 1024px) 100vw, 1024px\" \/><\/a><\/figure>\n\n\n\n<figure class=\"wp-block-image size-large\"><a href=\"https:\/\/oradea.ro\/wp-content\/uploads\/2024\/10\/20241025_151604-scaled.jpg\"><img loading=\"lazy\" decoding=\"async\" width=\"1024\" height=\"577\" data-id=\"336108\" src=\"https:\/\/oradea.ro\/wp-content\/uploads\/2024\/10\/20241025_151604-1024x577.jpg\" alt=\"\" class=\"wp-image-336108\" srcset=\"https:\/\/oradea.ro\/wp-content\/uploads\/2024\/10\/20241025_151604-1024x577.jpg 1024w, https:\/\/oradea.ro\/wp-content\/uploads\/2024\/10\/20241025_151604-300x169.jpg 300w, https:\/\/oradea.ro\/wp-content\/uploads\/2024\/10\/20241025_151604-768x432.jpg 768w, https:\/\/oradea.ro\/wp-content\/uploads\/2024\/10\/20241025_151604-1536x865.jpg 1536w, https:\/\/oradea.ro\/wp-content\/uploads\/2024\/10\/20241025_151604-2048x1153.jpg 2048w\" sizes=\"(max-width: 1024px) 100vw, 1024px\" \/><\/a><\/figure>\n\n\n\n<figure class=\"wp-block-image size-large\"><a href=\"https:\/\/oradea.ro\/wp-content\/uploads\/2024\/10\/20241025_151646-scaled.jpg\"><img loading=\"lazy\" decoding=\"async\" width=\"1024\" height=\"577\" data-id=\"336187\" src=\"https:\/\/oradea.ro\/wp-content\/uploads\/2024\/10\/20241025_151646-1024x577.jpg\" alt=\"\" class=\"wp-image-336187\" srcset=\"https:\/\/oradea.ro\/wp-content\/uploads\/2024\/10\/20241025_151646-1024x577.jpg 1024w, https:\/\/oradea.ro\/wp-content\/uploads\/2024\/10\/20241025_151646-300x169.jpg 300w, https:\/\/oradea.ro\/wp-content\/uploads\/2024\/10\/20241025_151646-768x432.jpg 768w, https:\/\/oradea.ro\/wp-content\/uploads\/2024\/10\/20241025_151646-1536x865.jpg 1536w, https:\/\/oradea.ro\/wp-content\/uploads\/2024\/10\/20241025_151646-2048x1153.jpg 2048w\" sizes=\"(max-width: 1024px) 100vw, 1024px\" \/><\/a><\/figure>\n\n\n\n<figure class=\"wp-block-image size-large\"><a href=\"https:\/\/oradea.ro\/wp-content\/uploads\/2024\/10\/20241025_151737-scaled.jpg\"><img loading=\"lazy\" decoding=\"async\" width=\"1024\" height=\"577\" data-id=\"336175\" src=\"https:\/\/oradea.ro\/wp-content\/uploads\/2024\/10\/20241025_151737-1024x577.jpg\" alt=\"\" class=\"wp-image-336175\" srcset=\"https:\/\/oradea.ro\/wp-content\/uploads\/2024\/10\/20241025_151737-1024x577.jpg 1024w, https:\/\/oradea.ro\/wp-content\/uploads\/2024\/10\/20241025_151737-300x169.jpg 300w, https:\/\/oradea.ro\/wp-content\/uploads\/2024\/10\/20241025_151737-768x432.jpg 768w, https:\/\/oradea.ro\/wp-content\/uploads\/2024\/10\/20241025_151737-1536x865.jpg 1536w, https:\/\/oradea.ro\/wp-content\/uploads\/2024\/10\/20241025_151737-2048x1153.jpg 2048w\" sizes=\"(max-width: 1024px) 100vw, 1024px\" \/><\/a><\/figure>\n\n\n\n<figure class=\"wp-block-image size-large\"><a href=\"https:\/\/oradea.ro\/wp-content\/uploads\/2024\/10\/20241025_151801-scaled.jpg\"><img loading=\"lazy\" decoding=\"async\" width=\"1024\" height=\"577\" data-id=\"336167\" src=\"https:\/\/oradea.ro\/wp-content\/uploads\/2024\/10\/20241025_151801-1024x577.jpg\" alt=\"\" class=\"wp-image-336167\" srcset=\"https:\/\/oradea.ro\/wp-content\/uploads\/2024\/10\/20241025_151801-1024x577.jpg 1024w, https:\/\/oradea.ro\/wp-content\/uploads\/2024\/10\/20241025_151801-300x169.jpg 300w, https:\/\/oradea.ro\/wp-content\/uploads\/2024\/10\/20241025_151801-768x432.jpg 768w, https:\/\/oradea.ro\/wp-content\/uploads\/2024\/10\/20241025_151801-1536x865.jpg 1536w, https:\/\/oradea.ro\/wp-content\/uploads\/2024\/10\/20241025_151801-2048x1153.jpg 2048w\" sizes=\"(max-width: 1024px) 100vw, 1024px\" \/><\/a><\/figure>\n\n\n\n<figure class=\"wp-block-image size-large\"><a href=\"https:\/\/oradea.ro\/wp-content\/uploads\/2024\/10\/20241025_151856-scaled.jpg\"><img loading=\"lazy\" decoding=\"async\" width=\"1024\" height=\"577\" data-id=\"336120\" src=\"https:\/\/oradea.ro\/wp-content\/uploads\/2024\/10\/20241025_151856-1024x577.jpg\" alt=\"\" class=\"wp-image-336120\" srcset=\"https:\/\/oradea.ro\/wp-content\/uploads\/2024\/10\/20241025_151856-1024x577.jpg 1024w, https:\/\/oradea.ro\/wp-content\/uploads\/2024\/10\/20241025_151856-300x169.jpg 300w, https:\/\/oradea.ro\/wp-content\/uploads\/2024\/10\/20241025_151856-768x432.jpg 768w, https:\/\/oradea.ro\/wp-content\/uploads\/2024\/10\/20241025_151856-1536x865.jpg 1536w, https:\/\/oradea.ro\/wp-content\/uploads\/2024\/10\/20241025_151856-2048x1153.jpg 2048w\" sizes=\"(max-width: 1024px) 100vw, 1024px\" \/><\/a><\/figure>\n\n\n\n<figure class=\"wp-block-image size-large\"><a href=\"https:\/\/oradea.ro\/wp-content\/uploads\/2024\/10\/20241025_151948-scaled.jpg\"><img loading=\"lazy\" decoding=\"async\" width=\"1024\" height=\"577\" data-id=\"336157\" src=\"https:\/\/oradea.ro\/wp-content\/uploads\/2024\/10\/20241025_151948-1024x577.jpg\" alt=\"\" class=\"wp-image-336157\" srcset=\"https:\/\/oradea.ro\/wp-content\/uploads\/2024\/10\/20241025_151948-1024x577.jpg 1024w, https:\/\/oradea.ro\/wp-content\/uploads\/2024\/10\/20241025_151948-300x169.jpg 300w, https:\/\/oradea.ro\/wp-content\/uploads\/2024\/10\/20241025_151948-768x432.jpg 768w, https:\/\/oradea.ro\/wp-content\/uploads\/2024\/10\/20241025_151948-1536x865.jpg 1536w, https:\/\/oradea.ro\/wp-content\/uploads\/2024\/10\/20241025_151948-2048x1153.jpg 2048w\" sizes=\"(max-width: 1024px) 100vw, 1024px\" \/><\/a><\/figure>\n\n\n\n<figure class=\"wp-block-image size-large\"><a href=\"https:\/\/oradea.ro\/wp-content\/uploads\/2024\/10\/20241025_152033-scaled.jpg\"><img loading=\"lazy\" decoding=\"async\" width=\"1024\" height=\"577\" data-id=\"336172\" src=\"https:\/\/oradea.ro\/wp-content\/uploads\/2024\/10\/20241025_152033-1024x577.jpg\" alt=\"\" class=\"wp-image-336172\" srcset=\"https:\/\/oradea.ro\/wp-content\/uploads\/2024\/10\/20241025_152033-1024x577.jpg 1024w, https:\/\/oradea.ro\/wp-content\/uploads\/2024\/10\/20241025_152033-300x169.jpg 300w, https:\/\/oradea.ro\/wp-content\/uploads\/2024\/10\/20241025_152033-768x432.jpg 768w, https:\/\/oradea.ro\/wp-content\/uploads\/2024\/10\/20241025_152033-1536x865.jpg 1536w, https:\/\/oradea.ro\/wp-content\/uploads\/2024\/10\/20241025_152033-2048x1153.jpg 2048w\" sizes=\"(max-width: 1024px) 100vw, 1024px\" \/><\/a><\/figure>\n\n\n\n<figure class=\"wp-block-image size-large\"><a href=\"https:\/\/oradea.ro\/wp-content\/uploads\/2024\/10\/20241025_152127-scaled.jpg\"><img loading=\"lazy\" decoding=\"async\" width=\"1024\" height=\"577\" data-id=\"336132\" src=\"https:\/\/oradea.ro\/wp-content\/uploads\/2024\/10\/20241025_152127-1024x577.jpg\" alt=\"\" class=\"wp-image-336132\" srcset=\"https:\/\/oradea.ro\/wp-content\/uploads\/2024\/10\/20241025_152127-1024x577.jpg 1024w, https:\/\/oradea.ro\/wp-content\/uploads\/2024\/10\/20241025_152127-300x169.jpg 300w, https:\/\/oradea.ro\/wp-content\/uploads\/2024\/10\/20241025_152127-768x432.jpg 768w, https:\/\/oradea.ro\/wp-content\/uploads\/2024\/10\/20241025_152127-1536x865.jpg 1536w, https:\/\/oradea.ro\/wp-content\/uploads\/2024\/10\/20241025_152127-2048x1153.jpg 2048w\" sizes=\"(max-width: 1024px) 100vw, 1024px\" \/><\/a><\/figure>\n\n\n\n<figure class=\"wp-block-image size-large\"><a href=\"https:\/\/oradea.ro\/wp-content\/uploads\/2024\/10\/20241025_152200-scaled.jpg\"><img loading=\"lazy\" decoding=\"async\" width=\"1024\" height=\"577\" data-id=\"336163\" src=\"https:\/\/oradea.ro\/wp-content\/uploads\/2024\/10\/20241025_152200-1024x577.jpg\" alt=\"\" class=\"wp-image-336163\" srcset=\"https:\/\/oradea.ro\/wp-content\/uploads\/2024\/10\/20241025_152200-1024x577.jpg 1024w, https:\/\/oradea.ro\/wp-content\/uploads\/2024\/10\/20241025_152200-300x169.jpg 300w, https:\/\/oradea.ro\/wp-content\/uploads\/2024\/10\/20241025_152200-768x432.jpg 768w, https:\/\/oradea.ro\/wp-content\/uploads\/2024\/10\/20241025_152200-1536x865.jpg 1536w, https:\/\/oradea.ro\/wp-content\/uploads\/2024\/10\/20241025_152200-2048x1153.jpg 2048w\" sizes=\"(max-width: 1024px) 100vw, 1024px\" \/><\/a><\/figure>\n\n\n\n<figure class=\"wp-block-image size-large\"><a href=\"https:\/\/oradea.ro\/wp-content\/uploads\/2024\/10\/20241025_152229-scaled.jpg\"><img loading=\"lazy\" decoding=\"async\" width=\"1024\" height=\"577\" data-id=\"336129\" src=\"https:\/\/oradea.ro\/wp-content\/uploads\/2024\/10\/20241025_152229-1024x577.jpg\" alt=\"\" class=\"wp-image-336129\" srcset=\"https:\/\/oradea.ro\/wp-content\/uploads\/2024\/10\/20241025_152229-1024x577.jpg 1024w, https:\/\/oradea.ro\/wp-content\/uploads\/2024\/10\/20241025_152229-300x169.jpg 300w, https:\/\/oradea.ro\/wp-content\/uploads\/2024\/10\/20241025_152229-768x432.jpg 768w, https:\/\/oradea.ro\/wp-content\/uploads\/2024\/10\/20241025_152229-1536x865.jpg 1536w, https:\/\/oradea.ro\/wp-content\/uploads\/2024\/10\/20241025_152229-2048x1153.jpg 2048w\" sizes=\"(max-width: 1024px) 100vw, 1024px\" \/><\/a><\/figure>\n\n\n\n<figure class=\"wp-block-image size-large\"><a href=\"https:\/\/oradea.ro\/wp-content\/uploads\/2024\/10\/20241025_152309-scaled.jpg\"><img loading=\"lazy\" decoding=\"async\" width=\"1024\" height=\"577\" data-id=\"336144\" src=\"https:\/\/oradea.ro\/wp-content\/uploads\/2024\/10\/20241025_152309-1024x577.jpg\" alt=\"\" class=\"wp-image-336144\" srcset=\"https:\/\/oradea.ro\/wp-content\/uploads\/2024\/10\/20241025_152309-1024x577.jpg 1024w, https:\/\/oradea.ro\/wp-content\/uploads\/2024\/10\/20241025_152309-300x169.jpg 300w, https:\/\/oradea.ro\/wp-content\/uploads\/2024\/10\/20241025_152309-768x432.jpg 768w, https:\/\/oradea.ro\/wp-content\/uploads\/2024\/10\/20241025_152309-1536x865.jpg 1536w, https:\/\/oradea.ro\/wp-content\/uploads\/2024\/10\/20241025_152309-2048x1153.jpg 2048w\" sizes=\"(max-width: 1024px) 100vw, 1024px\" \/><\/a><\/figure>\n\n\n\n<figure class=\"wp-block-image size-large\"><a href=\"https:\/\/oradea.ro\/wp-content\/uploads\/2024\/10\/20241025_152412-scaled.jpg\"><img loading=\"lazy\" decoding=\"async\" width=\"1024\" height=\"577\" data-id=\"336190\" src=\"https:\/\/oradea.ro\/wp-content\/uploads\/2024\/10\/20241025_152412-1024x577.jpg\" alt=\"\" class=\"wp-image-336190\" srcset=\"https:\/\/oradea.ro\/wp-content\/uploads\/2024\/10\/20241025_152412-1024x577.jpg 1024w, https:\/\/oradea.ro\/wp-content\/uploads\/2024\/10\/20241025_152412-300x169.jpg 300w, https:\/\/oradea.ro\/wp-content\/uploads\/2024\/10\/20241025_152412-768x432.jpg 768w, https:\/\/oradea.ro\/wp-content\/uploads\/2024\/10\/20241025_152412-1536x865.jpg 1536w, https:\/\/oradea.ro\/wp-content\/uploads\/2024\/10\/20241025_152412-2048x1153.jpg 2048w\" sizes=\"(max-width: 1024px) 100vw, 1024px\" \/><\/a><\/figure>\n\n\n\n<figure class=\"wp-block-image size-large\"><img loading=\"lazy\" decoding=\"async\" width=\"1024\" height=\"577\" data-id=\"336156\" src=\"https:\/\/oradea.ro\/wp-content\/uploads\/2024\/10\/20241025_152523-1024x577.jpg\" alt=\"\" class=\"wp-image-336156\" srcset=\"https:\/\/oradea.ro\/wp-content\/uploads\/2024\/10\/20241025_152523-1024x577.jpg 1024w, https:\/\/oradea.ro\/wp-content\/uploads\/2024\/10\/20241025_152523-300x169.jpg 300w, https:\/\/oradea.ro\/wp-content\/uploads\/2024\/10\/20241025_152523-768x432.jpg 768w, https:\/\/oradea.ro\/wp-content\/uploads\/2024\/10\/20241025_152523-1536x865.jpg 1536w, https:\/\/oradea.ro\/wp-content\/uploads\/2024\/10\/20241025_152523-2048x1153.jpg 2048w\" sizes=\"(max-width: 1024px) 100vw, 1024px\" \/><\/figure>\n\n\n\n<figure class=\"wp-block-image size-large\"><a href=\"https:\/\/oradea.ro\/wp-content\/uploads\/2024\/10\/20241025_152645-scaled.jpg\"><img loading=\"lazy\" decoding=\"async\" width=\"1024\" height=\"577\" data-id=\"336160\" src=\"https:\/\/oradea.ro\/wp-content\/uploads\/2024\/10\/20241025_152645-1024x577.jpg\" alt=\"\" class=\"wp-image-336160\" srcset=\"https:\/\/oradea.ro\/wp-content\/uploads\/2024\/10\/20241025_152645-1024x577.jpg 1024w, https:\/\/oradea.ro\/wp-content\/uploads\/2024\/10\/20241025_152645-300x169.jpg 300w, https:\/\/oradea.ro\/wp-content\/uploads\/2024\/10\/20241025_152645-768x432.jpg 768w, https:\/\/oradea.ro\/wp-content\/uploads\/2024\/10\/20241025_152645-1536x865.jpg 1536w, https:\/\/oradea.ro\/wp-content\/uploads\/2024\/10\/20241025_152645-2048x1153.jpg 2048w\" sizes=\"(max-width: 1024px) 100vw, 1024px\" \/><\/a><\/figure>\n\n\n\n<figure class=\"wp-block-image size-large\"><a href=\"https:\/\/oradea.ro\/wp-content\/uploads\/2024\/10\/20241025_152655-scaled.jpg\"><img loading=\"lazy\" decoding=\"async\" width=\"1024\" height=\"577\" data-id=\"336135\" src=\"https:\/\/oradea.ro\/wp-content\/uploads\/2024\/10\/20241025_152655-1024x577.jpg\" alt=\"\" class=\"wp-image-336135\" srcset=\"https:\/\/oradea.ro\/wp-content\/uploads\/2024\/10\/20241025_152655-1024x577.jpg 1024w, https:\/\/oradea.ro\/wp-content\/uploads\/2024\/10\/20241025_152655-300x169.jpg 300w, https:\/\/oradea.ro\/wp-content\/uploads\/2024\/10\/20241025_152655-768x432.jpg 768w, https:\/\/oradea.ro\/wp-content\/uploads\/2024\/10\/20241025_152655-1536x865.jpg 1536w, https:\/\/oradea.ro\/wp-content\/uploads\/2024\/10\/20241025_152655-2048x1153.jpg 2048w\" sizes=\"(max-width: 1024px) 100vw, 1024px\" \/><\/a><\/figure>\n\n\n\n<figure class=\"wp-block-image size-large\"><a href=\"https:\/\/oradea.ro\/wp-content\/uploads\/2024\/10\/20241025_152707-scaled.jpg\"><img loading=\"lazy\" decoding=\"async\" width=\"1024\" height=\"577\" data-id=\"336114\" src=\"https:\/\/oradea.ro\/wp-content\/uploads\/2024\/10\/20241025_152707-1024x577.jpg\" alt=\"\" class=\"wp-image-336114\" srcset=\"https:\/\/oradea.ro\/wp-content\/uploads\/2024\/10\/20241025_152707-1024x577.jpg 1024w, https:\/\/oradea.ro\/wp-content\/uploads\/2024\/10\/20241025_152707-300x169.jpg 300w, https:\/\/oradea.ro\/wp-content\/uploads\/2024\/10\/20241025_152707-768x432.jpg 768w, https:\/\/oradea.ro\/wp-content\/uploads\/2024\/10\/20241025_152707-1536x865.jpg 1536w, https:\/\/oradea.ro\/wp-content\/uploads\/2024\/10\/20241025_152707-2048x1153.jpg 2048w\" sizes=\"(max-width: 1024px) 100vw, 1024px\" \/><\/a><\/figure>\n\n\n\n<figure class=\"wp-block-image size-large\"><a href=\"https:\/\/oradea.ro\/wp-content\/uploads\/2024\/10\/20241025_152723-scaled.jpg\"><img loading=\"lazy\" decoding=\"async\" width=\"1024\" height=\"577\" data-id=\"336181\" src=\"https:\/\/oradea.ro\/wp-content\/uploads\/2024\/10\/20241025_152723-1024x577.jpg\" alt=\"\" class=\"wp-image-336181\" srcset=\"https:\/\/oradea.ro\/wp-content\/uploads\/2024\/10\/20241025_152723-1024x577.jpg 1024w, https:\/\/oradea.ro\/wp-content\/uploads\/2024\/10\/20241025_152723-300x169.jpg 300w, https:\/\/oradea.ro\/wp-content\/uploads\/2024\/10\/20241025_152723-768x432.jpg 768w, https:\/\/oradea.ro\/wp-content\/uploads\/2024\/10\/20241025_152723-1536x865.jpg 1536w, https:\/\/oradea.ro\/wp-content\/uploads\/2024\/10\/20241025_152723-2048x1153.jpg 2048w\" sizes=\"(max-width: 1024px) 100vw, 1024px\" \/><\/a><\/figure>\n\n\n\n<figure class=\"wp-block-image size-large\"><a href=\"https:\/\/oradea.ro\/wp-content\/uploads\/2024\/10\/20241025_152927-scaled.jpg\"><img loading=\"lazy\" decoding=\"async\" width=\"1024\" height=\"577\" data-id=\"336178\" src=\"https:\/\/oradea.ro\/wp-content\/uploads\/2024\/10\/20241025_152927-1024x577.jpg\" alt=\"\" class=\"wp-image-336178\" srcset=\"https:\/\/oradea.ro\/wp-content\/uploads\/2024\/10\/20241025_152927-1024x577.jpg 1024w, https:\/\/oradea.ro\/wp-content\/uploads\/2024\/10\/20241025_152927-300x169.jpg 300w, https:\/\/oradea.ro\/wp-content\/uploads\/2024\/10\/20241025_152927-768x432.jpg 768w, https:\/\/oradea.ro\/wp-content\/uploads\/2024\/10\/20241025_152927-1536x865.jpg 1536w, https:\/\/oradea.ro\/wp-content\/uploads\/2024\/10\/20241025_152927-2048x1153.jpg 2048w\" sizes=\"(max-width: 1024px) 100vw, 1024px\" \/><\/a><\/figure>\n\n\n\n<figure class=\"wp-block-image size-large\"><a href=\"https:\/\/oradea.ro\/wp-content\/uploads\/2024\/10\/20241025_153027-scaled.jpg\"><img loading=\"lazy\" decoding=\"async\" width=\"1024\" height=\"577\" data-id=\"336147\" src=\"https:\/\/oradea.ro\/wp-content\/uploads\/2024\/10\/20241025_153027-1024x577.jpg\" alt=\"\" class=\"wp-image-336147\" srcset=\"https:\/\/oradea.ro\/wp-content\/uploads\/2024\/10\/20241025_153027-1024x577.jpg 1024w, https:\/\/oradea.ro\/wp-content\/uploads\/2024\/10\/20241025_153027-300x169.jpg 300w, https:\/\/oradea.ro\/wp-content\/uploads\/2024\/10\/20241025_153027-768x432.jpg 768w, https:\/\/oradea.ro\/wp-content\/uploads\/2024\/10\/20241025_153027-1536x865.jpg 1536w, https:\/\/oradea.ro\/wp-content\/uploads\/2024\/10\/20241025_153027-2048x1153.jpg 2048w\" sizes=\"(max-width: 1024px) 100vw, 1024px\" \/><\/a><\/figure>\n\n\n\n<figure class=\"wp-block-image size-large\"><a href=\"https:\/\/oradea.ro\/wp-content\/uploads\/2024\/10\/20241025_153118-scaled.jpg\"><img loading=\"lazy\" decoding=\"async\" width=\"1024\" height=\"577\" data-id=\"336123\" src=\"https:\/\/oradea.ro\/wp-content\/uploads\/2024\/10\/20241025_153118-1024x577.jpg\" alt=\"\" class=\"wp-image-336123\" srcset=\"https:\/\/oradea.ro\/wp-content\/uploads\/2024\/10\/20241025_153118-1024x577.jpg 1024w, https:\/\/oradea.ro\/wp-content\/uploads\/2024\/10\/20241025_153118-300x169.jpg 300w, https:\/\/oradea.ro\/wp-content\/uploads\/2024\/10\/20241025_153118-768x432.jpg 768w, https:\/\/oradea.ro\/wp-content\/uploads\/2024\/10\/20241025_153118-1536x865.jpg 1536w, https:\/\/oradea.ro\/wp-content\/uploads\/2024\/10\/20241025_153118-2048x1153.jpg 2048w\" sizes=\"(max-width: 1024px) 100vw, 1024px\" \/><\/a><\/figure>\n\n\n\n<figure class=\"wp-block-image size-large\"><a href=\"https:\/\/oradea.ro\/wp-content\/uploads\/2024\/10\/20241025_153528-scaled.jpg\"><img loading=\"lazy\" decoding=\"async\" width=\"1024\" height=\"577\" data-id=\"336138\" src=\"https:\/\/oradea.ro\/wp-content\/uploads\/2024\/10\/20241025_153528-1024x577.jpg\" alt=\"\" class=\"wp-image-336138\" srcset=\"https:\/\/oradea.ro\/wp-content\/uploads\/2024\/10\/20241025_153528-1024x577.jpg 1024w, https:\/\/oradea.ro\/wp-content\/uploads\/2024\/10\/20241025_153528-300x169.jpg 300w, https:\/\/oradea.ro\/wp-content\/uploads\/2024\/10\/20241025_153528-768x432.jpg 768w, https:\/\/oradea.ro\/wp-content\/uploads\/2024\/10\/20241025_153528-1536x865.jpg 1536w, https:\/\/oradea.ro\/wp-content\/uploads\/2024\/10\/20241025_153528-2048x1153.jpg 2048w\" sizes=\"(max-width: 1024px) 100vw, 1024px\" \/><\/a><\/figure>\n<\/figure>\n","protected":false},"author":7,"featured_media":336101,"comment_status":"closed","ping_status":"closed","template":"","stiri-cat":[],"stiri-tags":[],"class_list":["post-337176","stiri","type-stiri","status-publish","has-post-thumbnail","hentry"],"acf":[],"yoast_head":"<!-- This site is optimized with the Yoast SEO plugin v26.6 - https:\/\/yoast.com\/wordpress\/plugins\/seo\/ -->\n<title>Florin Birta polg\u00e1rmester \u00faj mand\u00e1tumra esk\u00fcd\u00f6tt fel, meger\u0151s\u00edtve ez\u00e1ltal elk\u00f6telezetts\u00e9g\u00e9t Nagyv\u00e1rad fejl\u0151d\u00e9se mellett - Oradea.ro<\/title>\n<meta name=\"robots\" content=\"index, follow, max-snippet:-1, max-image-preview:large, max-video-preview:-1\" \/>\n<link rel=\"canonical\" href=\"https:\/\/oradea.ro\/hu\/hirek\/florin-birta-polgarmester-uj-mandatumra-eskudott-fel-megerositve-ezaltal-elkotelezettseget-nagyvarad-fejlodese-mellett\/\" \/>\n<meta property=\"og:locale\" content=\"hu_HU\" \/>\n<meta property=\"og:type\" content=\"article\" \/>\n<meta property=\"og:title\" content=\"Florin Birta polg\u00e1rmester \u00faj mand\u00e1tumra esk\u00fcd\u00f6tt fel, meger\u0151s\u00edtve ez\u00e1ltal elk\u00f6telezetts\u00e9g\u00e9t Nagyv\u00e1rad fejl\u0151d\u00e9se mellett - Oradea.ro\" \/>\n<meta property=\"og:description\" content=\"Florin Birta polg\u00e1rmester \u00faj mand\u00e1tumra esk\u00fcd\u00f6tt fel, meger\u0151s\u00edtve ez\u00e1ltal elk\u00f6telezetts\u00e9g\u00e9t Nagyv\u00e1rad fejl\u0151d\u00e9se mellett Florin Birta polg\u00e1rmester \u00faj mand\u00e1tumra esk\u00fcd\u00f6tt fel, meger\u0151s\u00edtve ez\u00e1ltal elk\u00f6telezetts\u00e9g\u00e9t Nagyv\u00e1rad fejl\u0151d\u00e9se mellett A mai napon, 2024. okt\u00f3ber 25-\u00e9n, az \u00faj nagyv\u00e1radi Helyi Tan\u00e1cs hivatalos \u00fcl\u00e9s\u00e9n Florin Birta polg\u00e1rmester felesk\u00fcd\u00f6tt m\u00e1sodik hivatali idej\u00e9re, amelyet a nagyv\u00e1radi polg\u00e1rok t\u00f6bbs\u00e9gi szavazat\u00e1val nyert el a 2024. j\u00fanius 9-i v\u00e1laszt\u00e1sokon. A leadott szavazatok 68,5%-\u00e1nak t\u00e1mogat\u00e1s\u00e1val Birta polg\u00e1rmester megk\u00f6sz\u00f6nte a polg\u00e1rok bizalm\u00e1t, \u00e9s kifejezte elt\u00f6k\u00e9lts\u00e9g\u00e9t, hogy folytatja a v\u00e1ros fenntarthat\u00f3 fejl\u0151d\u00e9s \u00e9s moderniz\u00e1ci\u00f3 modellj\u00e9v\u00e9 val\u00f3 \u00e1talak\u00edt\u00e1s\u00e1t. Az \u00faj Helyi Tan\u00e1cs megalakul\u00e1s\u00e1nak \u00fcnneps\u00e9g\u00e9n jelen volt Marcel Dragos Bihar megyei prefektus is, aki gratul\u00e1lt a j\u00fanius 9-\u00e9n megv\u00e1lasztottaknak. Els\u0151k\u00e9nt Morar Grigore Grigore, a v\u00e1rosi tan\u00e1cs legid\u0151sebb tagja sz\u00f3lalt fel, aki megk\u00f6sz\u00f6nte Florin Birta polg\u00e1rmesternek \u00e9s a tan\u00e1csosok csapat\u00e1nak az el\u0151z\u0151 mand\u00e1tumok sor\u00e1n v\u00e9gzett munk\u00e1t, \u00e9s sok sikert k\u00edv\u00e1nt az \u00faj helyi tan\u00e1csosoknak. Az \u00fcl\u00e9sen a 27 helyi tan\u00e1csosb\u00f3l 24-et \u00e9rv\u00e9nyes\u00edtettek, a t\u00f6bbi tan\u00e1csost egy k\u00e9s\u0151bbi \u00fcl\u00e9sen fogj\u00e1k \u00e9rv\u00e9nyes\u00edteni. A 24 \u00e9rv\u00e9nyes\u00edtett helyi tan\u00e1csos a k\u00f6vetkez\u0151: Baraba\u0219 C\u0103lin-Iulian, Burta Olivia-Ligia, Chimerel Karmen-Claudia, Dejeu D\u0103nu\u021b-Aurel, Dulca Camelia-Mariana, Domoco\u0219 Laviniu-Ionu\u021b, Gy\u00f6rgy-Cs\u00e1ki J\u00e1nos, Filimon Teofil-Laviniu, Lezeu Ioan, Madar Marius-Adrian, Marin\u0103u Florin-Liviu, Morar Grigore, Moza Costel, Nica Antonia-Monica, Novac-Iuhas Alin-Florin, Pet\u0151 Dalma Csilla, Papp Lilla-Aliz, Popu\u0219 Ioana-Lavinia, Rus Carmen, Sebe\u0219an Horea-Radu, Szab\u00f3 J\u00f3zsef, Sz\u00e1nt\u00f3 Ildik\u00f3, Tirla Ioan-Alexandru \u00e9s Torjoc Mihai-Alin. Florin Birta polg\u00e1rmester besz\u00e9de: k\u00f6sz\u00f6net \u00e9s priorit\u00e1sok a 2024-2028-as mand\u00e1tumra vonatkoz\u00f3an Florin Birta polg\u00e1rmester besz\u00e9d\u00e9t azzal kezdte, hogy k\u00f6sz\u00f6netet mondott azoknak, akik t\u00e1mogatt\u00e1k \u00e9s inspir\u00e1lt\u00e1k \u0151t politikai \u00e9s k\u00f6zigazgat\u00e1si p\u00e1lyafut\u00e1sa sor\u00e1n: &#8222;K\u00f6sz\u00f6n\u00f6m Ilie Bolojan \u00farnak, akit\u0151l megtanultam, mit jelent a m\u0171k\u00f6d\u0151k\u00e9pes \u00e9s hat\u00e9kony k\u00f6zigazgat\u00e1s, \u00e9s Cornel Popa \u00farnak, aki bevitt a PNL soraiba. Szeretn\u00e9k k\u00f6sz\u00f6netet mondani a helyi tan\u00e1csosoknak, a V\u00e1rosh\u00e1za csapat\u00e1nak, a csal\u00e1domnak a t\u00fcrelm\u00fck\u00e9rt \u00e9s meg\u00e9rt\u00e9s\u00fck\u00e9rt, \u00e9s nem utols\u00f3sorban a nagyv\u00e1radiaknak, akik m\u00e1sodszor is bizalmat szavaztak nekem&#8221;. Florin Birta ezut\u00e1n hangs\u00falyozta a helyi k\u00f6zigazgat\u00e1s \u00e9s a v\u00e1rosi tan\u00e1csosok k\u00f6z\u00f6tti egy\u00fcttm\u0171k\u00f6d\u00e9s fontoss\u00e1g\u00e1t egy ambici\u00f3zus beruh\u00e1z\u00e1si program megval\u00f3s\u00edt\u00e1sa \u00e9rdek\u00e9ben, amelynek c\u00e9lja Nagyv\u00e1rad modern \u00e9s fenntarthat\u00f3 v\u00e1ross\u00e1 alak\u00edt\u00e1sa. &#8222;Egy\u00fctt \u00e1llunk egy \u00faj mand\u00e1tum kezdet\u00e9n, ahol Nagyv\u00e1rad t\u00f6rt\u00e9nelm\u00e9nek k\u00f6vetkez\u0151 fejezet\u00e9t fogjuk meg\u00edrni. Az elk\u00f6vetkez\u0151 \u00e9vek kulcsfontoss\u00e1g\u00faak ahhoz, hogy fel\u00e9p\u00edts\u00fck a meg\u00e9rdemelt j\u00f6v\u0151t, \u00e9s az egy\u00fcttm\u0171k\u00f6d\u00e9s\u00fcnk lesz ennek a fejl\u0151d\u00e9snek a sarokk\u00f6ve&#8221; &#8211; mondta a polg\u00e1rmester, hangs\u00falyozva az egy\u00fcttm\u0171k\u00f6d\u00e9s d\u00f6nt\u0151 szerep\u00e9t a k\u00f6z\u00f6s c\u00e9lok el\u00e9r\u00e9s\u00e9ben. Florin Birta besz\u00e9d\u00e9ben kiemelte az \u00faj mand\u00e1tum strat\u00e9giai ir\u00e1nyait, k\u00f6zt\u00fck a k\u00f6zleked\u00e9si infrastrukt\u00fara fejleszt\u00e9s\u00e9t, amely megk\u00f6nny\u00edti a v\u00e1ros minden ter\u00fclet\u00e9nek megk\u00f6zel\u00edt\u00e9s\u00e9t, \u00e9s t\u00e1mogatja a t\u00f6megk\u00f6zleked\u00e9s haszn\u00e1lat\u00e1t a villamos- \u00e9s buszh\u00e1l\u00f3zat b\u0151v\u00edt\u00e9s\u00e9t c\u00e9lz\u00f3 projektek, valamint az intelligens k\u00f6zleked\u00e9si l\u00e1mp\u00e1k bevezet\u00e9se r\u00e9v\u00e9n. A polg\u00e1rmester hangs\u00falyozta Nagyv\u00e1rad m\u00e1s v\u00e1rosokkal val\u00f3 \u00f6sszek\u00f6ttet\u00e9s\u00e9nek fontoss\u00e1g\u00e1t is, megjegyezve, hogy folytatja a Bihar Megyei Tan\u00e1ccsal val\u00f3 partners\u00e9get, hogy gyors \u00e9s hat\u00e9kony kapcsolatokat tartson fenn a rom\u00e1niai \u00e9s eur\u00f3pai v\u00e1rosokkal. Besz\u00e9d\u00e9ben az oktat\u00e1s is k\u00f6zponti szerepet kapott, a polg\u00e1rmester hangs\u00falyozta, hogy az elk\u00f6vetkez\u0151 \u00e9vekben iskol\u00e1kat, \u00f3vod\u00e1kat \u00e9s b\u00f6lcs\u0151d\u00e9ket fognak fel\u00faj\u00edtani \u00e9s felszerelni, hogy magas sz\u00ednvonal\u00fa oktat\u00e1si felt\u00e9teleket biztos\u00edtsanak. A Nuf\u0103rul negyedben \u00faj iskola \u00e9p\u00fcl, amely biztos\u00edtja a gyermekek sz\u00e1m\u00e1ra a modern \u00e9s j\u00f3l felszerelt oktat\u00e1shoz val\u00f3 hozz\u00e1f\u00e9r\u00e9st. Az eg\u00e9szs\u00e9g\u00fcgyi \u00e1gazatot illet\u0151en Florin Birta bejelentette, hogy a Vl\u0103deasa utc\u00e1ban egy modern k\u00f3rh\u00e1z \u00e9p\u00fcl, \u00e9s befejez\u0151dnek a megyei k\u00f3rh\u00e1z integr\u00e1lt j\u00e1r\u00f3beteg-rendel\u0151j\u00e9nek munk\u00e1latai, amelyek hozz\u00e1j\u00e1rulnak az \u00e9letmin\u0151s\u00e9g jav\u00edt\u00e1s\u00e1hoz \u00e9s a min\u0151s\u00e9gi eg\u00e9szs\u00e9g\u00fcgyi szolg\u00e1ltat\u00e1sokhoz val\u00f3 hozz\u00e1f\u00e9r\u00e9shez. A polg\u00e1rmester hangs\u00falyozta tov\u00e1bb\u00e1 a t\u00f6rt\u00e9nelmi k\u00f6zpont rehabilit\u00e1ci\u00f3j\u00e1nak \u00e9s a v\u00e1rosr\u00e9szek korszer\u0171s\u00edt\u00e9s\u00e9nek fontoss\u00e1g\u00e1t, \u00faj z\u00f6ldter\u00fcletek l\u00e9trehoz\u00e1s\u00e1t \u00e9s f\u00e1k \u00fcltet\u00e9s\u00e9t, hogy Nagyv\u00e1rad z\u00f6ldebb \u00e9s vonz\u00f3bb v\u00e1ross\u00e1 v\u00e1ljon. V\u00e9gezet\u00fcl a polg\u00e1rmester hangs\u00falyozta, hogy a v\u00e1ros tov\u00e1bbra is a moderniz\u00e1ci\u00f3 \u00e9s az innov\u00e1ci\u00f3 mintak\u00e9pe lesz, olyan fejlett technol\u00f3gi\u00e1k bevezet\u00e9s\u00e9vel, mint az intelligens LED-vil\u00e1g\u00edt\u00e1s \u00e9s az adapt\u00edv k\u00f6zleked\u00e9si l\u00e1mp\u00e1k, amelyek c\u00e9lja a lakosok biztons\u00e1g\u00e1nak \u00e9s k\u00e9nyelm\u00e9nek n\u00f6vel\u00e9se. V\u00e9gezet\u00fcl Florin Birta egys\u00e9gre \u00e9s felel\u0151ss\u00e9gv\u00e1llal\u00e1sra sz\u00f3l\u00edtott fel: &#8222;Ezek a projektek nem csup\u00e1n cselekv\u00e9si ir\u00e1nyvonalak, hanem a polg\u00e1roknak tett k\u00f6z\u00f6s \u00edg\u00e9ret\u00fcnk arra, hogy tov\u00e1bbra is befektet\u00fcnk Nagyv\u00e1rad j\u00f6v\u0151j\u00e9be. Ez\u00e9rt fordulok \u00d6n\u00f6kh\u00f6z, kedves helyi tan\u00e1csosok: v\u00e1lasztott k\u00e9pvisel\u0151k\u00e9nt az a felel\u0151ss\u00e9g\u00fcnk, hogy biztos\u00edtsuk, hogy mindezek a kezdem\u00e9nyez\u00e9sek megval\u00f3suljanak Nagyv\u00e1rad valamennyi polg\u00e1r\u00e1nak jav\u00e1ra. Ez azt jelenti, hogy fel\u00fclemelked\u00fcnk a pillanatnyi politikai \u00e9rdekeken, \u00e9s arra \u00f6sszpontos\u00edtunk, ami a legfontosabb: a k\u00f6z\u00f6ss\u00e9g fejl\u0151d\u00e9s\u00e9re \u00e9s j\u00f3l\u00e9t\u00e9re&#8221;. Florin Birta jelezte, hogy Nagyv\u00e1radot a fejl\u0151d\u00e9s \u00e9s a moderniz\u00e1ci\u00f3 modelljek\u00e9nt fogja megszil\u00e1rd\u00edtani.\" \/>\n<meta property=\"og:url\" content=\"https:\/\/oradea.ro\/hu\/hirek\/florin-birta-polgarmester-uj-mandatumra-eskudott-fel-megerositve-ezaltal-elkotelezettseget-nagyvarad-fejlodese-mellett\/\" \/>\n<meta property=\"og:site_name\" content=\"Oradea.ro\" \/>\n<meta property=\"article:modified_time\" content=\"2024-11-04T08:07:56+00:00\" \/>\n<meta property=\"og:image\" content=\"https:\/\/oradea.ro\/wp-content\/uploads\/2024\/10\/WhatsApp-Image-2024-10-25-at-16.20.10.jpeg\" \/>\n\t<meta property=\"og:image:width\" content=\"1600\" \/>\n\t<meta property=\"og:image:height\" content=\"900\" \/>\n\t<meta property=\"og:image:type\" content=\"image\/jpeg\" \/>\n<meta name=\"twitter:card\" content=\"summary_large_image\" \/>\n<meta name=\"twitter:label1\" content=\"Becs\u00fclt olvas\u00e1si id\u0151\" \/>\n\t<meta name=\"twitter:data1\" content=\"5 perc\" \/>\n<script type=\"application\/ld+json\" class=\"yoast-schema-graph\">{\"@context\":\"https:\/\/schema.org\",\"@graph\":[{\"@type\":\"WebPage\",\"@id\":\"https:\/\/oradea.ro\/hu\/hirek\/florin-birta-polgarmester-uj-mandatumra-eskudott-fel-megerositve-ezaltal-elkotelezettseget-nagyvarad-fejlodese-mellett\/\",\"url\":\"https:\/\/oradea.ro\/hu\/hirek\/florin-birta-polgarmester-uj-mandatumra-eskudott-fel-megerositve-ezaltal-elkotelezettseget-nagyvarad-fejlodese-mellett\/\",\"name\":\"Florin Birta polg\u00e1rmester \u00faj mand\u00e1tumra esk\u00fcd\u00f6tt fel, meger\u0151s\u00edtve ez\u00e1ltal elk\u00f6telezetts\u00e9g\u00e9t Nagyv\u00e1rad fejl\u0151d\u00e9se mellett - Oradea.ro\",\"isPartOf\":{\"@id\":\"https:\/\/oradea.ro\/#website\"},\"primaryImageOfPage\":{\"@id\":\"https:\/\/oradea.ro\/hu\/hirek\/florin-birta-polgarmester-uj-mandatumra-eskudott-fel-megerositve-ezaltal-elkotelezettseget-nagyvarad-fejlodese-mellett\/#primaryimage\"},\"image\":{\"@id\":\"https:\/\/oradea.ro\/hu\/hirek\/florin-birta-polgarmester-uj-mandatumra-eskudott-fel-megerositve-ezaltal-elkotelezettseget-nagyvarad-fejlodese-mellett\/#primaryimage\"},\"thumbnailUrl\":\"https:\/\/oradea.ro\/wp-content\/uploads\/2024\/10\/WhatsApp-Image-2024-10-25-at-16.20.10.jpeg\",\"datePublished\":\"2024-10-25T13:23:13+00:00\",\"dateModified\":\"2024-11-04T08:07:56+00:00\",\"breadcrumb\":{\"@id\":\"https:\/\/oradea.ro\/hu\/hirek\/florin-birta-polgarmester-uj-mandatumra-eskudott-fel-megerositve-ezaltal-elkotelezettseget-nagyvarad-fejlodese-mellett\/#breadcrumb\"},\"inLanguage\":\"hu\",\"potentialAction\":[{\"@type\":\"ReadAction\",\"target\":[\"https:\/\/oradea.ro\/hu\/hirek\/florin-birta-polgarmester-uj-mandatumra-eskudott-fel-megerositve-ezaltal-elkotelezettseget-nagyvarad-fejlodese-mellett\/\"]}]},{\"@type\":\"ImageObject\",\"inLanguage\":\"hu\",\"@id\":\"https:\/\/oradea.ro\/hu\/hirek\/florin-birta-polgarmester-uj-mandatumra-eskudott-fel-megerositve-ezaltal-elkotelezettseget-nagyvarad-fejlodese-mellett\/#primaryimage\",\"url\":\"https:\/\/oradea.ro\/wp-content\/uploads\/2024\/10\/WhatsApp-Image-2024-10-25-at-16.20.10.jpeg\",\"contentUrl\":\"https:\/\/oradea.ro\/wp-content\/uploads\/2024\/10\/WhatsApp-Image-2024-10-25-at-16.20.10.jpeg\",\"width\":1600,\"height\":900},{\"@type\":\"BreadcrumbList\",\"@id\":\"https:\/\/oradea.ro\/hu\/hirek\/florin-birta-polgarmester-uj-mandatumra-eskudott-fel-megerositve-ezaltal-elkotelezettseget-nagyvarad-fejlodese-mellett\/#breadcrumb\",\"itemListElement\":[{\"@type\":\"ListItem\",\"position\":1,\"name\":\"\",\"item\":\"https:\/\/oradea.ro\/hu\/\"},{\"@type\":\"ListItem\",\"position\":2,\"name\":\"\u0218tiri\",\"item\":\"https:\/\/oradea.ro\/stiri\/\"},{\"@type\":\"ListItem\",\"position\":3,\"name\":\"Florin Birta polg\u00e1rmester \u00faj mand\u00e1tumra esk\u00fcd\u00f6tt fel, meger\u0151s\u00edtve ez\u00e1ltal elk\u00f6telezetts\u00e9g\u00e9t Nagyv\u00e1rad fejl\u0151d\u00e9se mellett\"}]},{\"@type\":\"WebSite\",\"@id\":\"https:\/\/oradea.ro\/#website\",\"url\":\"https:\/\/oradea.ro\/\",\"name\":\"Oradea.ro\",\"description\":\"Site-ul oficial al Prim\u0103riei Municipiului Oradea\",\"publisher\":{\"@id\":\"https:\/\/oradea.ro\/#organization\"},\"potentialAction\":[{\"@type\":\"SearchAction\",\"target\":{\"@type\":\"EntryPoint\",\"urlTemplate\":\"https:\/\/oradea.ro\/?s={search_term_string}\"},\"query-input\":{\"@type\":\"PropertyValueSpecification\",\"valueRequired\":true,\"valueName\":\"search_term_string\"}}],\"inLanguage\":\"hu\"},{\"@type\":\"Organization\",\"@id\":\"https:\/\/oradea.ro\/#organization\",\"name\":\"Oradea.ro\",\"url\":\"https:\/\/oradea.ro\/\",\"logo\":{\"@type\":\"ImageObject\",\"inLanguage\":\"hu\",\"@id\":\"https:\/\/oradea.ro\/#\/schema\/logo\/image\/\",\"url\":\"https:\/\/oradea.ro\/wp-content\/uploads\/2023\/06\/footer_logo.svg\",\"contentUrl\":\"https:\/\/oradea.ro\/wp-content\/uploads\/2023\/06\/footer_logo.svg\",\"width\":218,\"height\":53,\"caption\":\"Oradea.ro\"},\"image\":{\"@id\":\"https:\/\/oradea.ro\/#\/schema\/logo\/image\/\"}}]}<\/script>\n<!-- \/ Yoast SEO plugin. -->","yoast_head_json":{"title":"Florin Birta polg\u00e1rmester \u00faj mand\u00e1tumra esk\u00fcd\u00f6tt fel, meger\u0151s\u00edtve ez\u00e1ltal elk\u00f6telezetts\u00e9g\u00e9t Nagyv\u00e1rad fejl\u0151d\u00e9se mellett - Oradea.ro","robots":{"index":"index","follow":"follow","max-snippet":"max-snippet:-1","max-image-preview":"max-image-preview:large","max-video-preview":"max-video-preview:-1"},"canonical":"https:\/\/oradea.ro\/hu\/hirek\/florin-birta-polgarmester-uj-mandatumra-eskudott-fel-megerositve-ezaltal-elkotelezettseget-nagyvarad-fejlodese-mellett\/","og_locale":"hu_HU","og_type":"article","og_title":"Florin Birta polg\u00e1rmester \u00faj mand\u00e1tumra esk\u00fcd\u00f6tt fel, meger\u0151s\u00edtve ez\u00e1ltal elk\u00f6telezetts\u00e9g\u00e9t Nagyv\u00e1rad fejl\u0151d\u00e9se mellett - Oradea.ro","og_description":"Florin Birta polg\u00e1rmester \u00faj mand\u00e1tumra esk\u00fcd\u00f6tt fel, meger\u0151s\u00edtve ez\u00e1ltal elk\u00f6telezetts\u00e9g\u00e9t Nagyv\u00e1rad fejl\u0151d\u00e9se mellett Florin Birta polg\u00e1rmester \u00faj mand\u00e1tumra esk\u00fcd\u00f6tt fel, meger\u0151s\u00edtve ez\u00e1ltal elk\u00f6telezetts\u00e9g\u00e9t Nagyv\u00e1rad fejl\u0151d\u00e9se mellett A mai napon, 2024. okt\u00f3ber 25-\u00e9n, az \u00faj nagyv\u00e1radi Helyi Tan\u00e1cs hivatalos \u00fcl\u00e9s\u00e9n Florin Birta polg\u00e1rmester felesk\u00fcd\u00f6tt m\u00e1sodik hivatali idej\u00e9re, amelyet a nagyv\u00e1radi polg\u00e1rok t\u00f6bbs\u00e9gi szavazat\u00e1val nyert el a 2024. j\u00fanius 9-i v\u00e1laszt\u00e1sokon. A leadott szavazatok 68,5%-\u00e1nak t\u00e1mogat\u00e1s\u00e1val Birta polg\u00e1rmester megk\u00f6sz\u00f6nte a polg\u00e1rok bizalm\u00e1t, \u00e9s kifejezte elt\u00f6k\u00e9lts\u00e9g\u00e9t, hogy folytatja a v\u00e1ros fenntarthat\u00f3 fejl\u0151d\u00e9s \u00e9s moderniz\u00e1ci\u00f3 modellj\u00e9v\u00e9 val\u00f3 \u00e1talak\u00edt\u00e1s\u00e1t. Az \u00faj Helyi Tan\u00e1cs megalakul\u00e1s\u00e1nak \u00fcnneps\u00e9g\u00e9n jelen volt Marcel Dragos Bihar megyei prefektus is, aki gratul\u00e1lt a j\u00fanius 9-\u00e9n megv\u00e1lasztottaknak. Els\u0151k\u00e9nt Morar Grigore Grigore, a v\u00e1rosi tan\u00e1cs legid\u0151sebb tagja sz\u00f3lalt fel, aki megk\u00f6sz\u00f6nte Florin Birta polg\u00e1rmesternek \u00e9s a tan\u00e1csosok csapat\u00e1nak az el\u0151z\u0151 mand\u00e1tumok sor\u00e1n v\u00e9gzett munk\u00e1t, \u00e9s sok sikert k\u00edv\u00e1nt az \u00faj helyi tan\u00e1csosoknak. Az \u00fcl\u00e9sen a 27 helyi tan\u00e1csosb\u00f3l 24-et \u00e9rv\u00e9nyes\u00edtettek, a t\u00f6bbi tan\u00e1csost egy k\u00e9s\u0151bbi \u00fcl\u00e9sen fogj\u00e1k \u00e9rv\u00e9nyes\u00edteni. A 24 \u00e9rv\u00e9nyes\u00edtett helyi tan\u00e1csos a k\u00f6vetkez\u0151: Baraba\u0219 C\u0103lin-Iulian, Burta Olivia-Ligia, Chimerel Karmen-Claudia, Dejeu D\u0103nu\u021b-Aurel, Dulca Camelia-Mariana, Domoco\u0219 Laviniu-Ionu\u021b, Gy\u00f6rgy-Cs\u00e1ki J\u00e1nos, Filimon Teofil-Laviniu, Lezeu Ioan, Madar Marius-Adrian, Marin\u0103u Florin-Liviu, Morar Grigore, Moza Costel, Nica Antonia-Monica, Novac-Iuhas Alin-Florin, Pet\u0151 Dalma Csilla, Papp Lilla-Aliz, Popu\u0219 Ioana-Lavinia, Rus Carmen, Sebe\u0219an Horea-Radu, Szab\u00f3 J\u00f3zsef, Sz\u00e1nt\u00f3 Ildik\u00f3, Tirla Ioan-Alexandru \u00e9s Torjoc Mihai-Alin. Florin Birta polg\u00e1rmester besz\u00e9de: k\u00f6sz\u00f6net \u00e9s priorit\u00e1sok a 2024-2028-as mand\u00e1tumra vonatkoz\u00f3an Florin Birta polg\u00e1rmester besz\u00e9d\u00e9t azzal kezdte, hogy k\u00f6sz\u00f6netet mondott azoknak, akik t\u00e1mogatt\u00e1k \u00e9s inspir\u00e1lt\u00e1k \u0151t politikai \u00e9s k\u00f6zigazgat\u00e1si p\u00e1lyafut\u00e1sa sor\u00e1n: &#8222;K\u00f6sz\u00f6n\u00f6m Ilie Bolojan \u00farnak, akit\u0151l megtanultam, mit jelent a m\u0171k\u00f6d\u0151k\u00e9pes \u00e9s hat\u00e9kony k\u00f6zigazgat\u00e1s, \u00e9s Cornel Popa \u00farnak, aki bevitt a PNL soraiba. Szeretn\u00e9k k\u00f6sz\u00f6netet mondani a helyi tan\u00e1csosoknak, a V\u00e1rosh\u00e1za csapat\u00e1nak, a csal\u00e1domnak a t\u00fcrelm\u00fck\u00e9rt \u00e9s meg\u00e9rt\u00e9s\u00fck\u00e9rt, \u00e9s nem utols\u00f3sorban a nagyv\u00e1radiaknak, akik m\u00e1sodszor is bizalmat szavaztak nekem&#8221;. Florin Birta ezut\u00e1n hangs\u00falyozta a helyi k\u00f6zigazgat\u00e1s \u00e9s a v\u00e1rosi tan\u00e1csosok k\u00f6z\u00f6tti egy\u00fcttm\u0171k\u00f6d\u00e9s fontoss\u00e1g\u00e1t egy ambici\u00f3zus beruh\u00e1z\u00e1si program megval\u00f3s\u00edt\u00e1sa \u00e9rdek\u00e9ben, amelynek c\u00e9lja Nagyv\u00e1rad modern \u00e9s fenntarthat\u00f3 v\u00e1ross\u00e1 alak\u00edt\u00e1sa. &#8222;Egy\u00fctt \u00e1llunk egy \u00faj mand\u00e1tum kezdet\u00e9n, ahol Nagyv\u00e1rad t\u00f6rt\u00e9nelm\u00e9nek k\u00f6vetkez\u0151 fejezet\u00e9t fogjuk meg\u00edrni. Az elk\u00f6vetkez\u0151 \u00e9vek kulcsfontoss\u00e1g\u00faak ahhoz, hogy fel\u00e9p\u00edts\u00fck a meg\u00e9rdemelt j\u00f6v\u0151t, \u00e9s az egy\u00fcttm\u0171k\u00f6d\u00e9s\u00fcnk lesz ennek a fejl\u0151d\u00e9snek a sarokk\u00f6ve&#8221; &#8211; mondta a polg\u00e1rmester, hangs\u00falyozva az egy\u00fcttm\u0171k\u00f6d\u00e9s d\u00f6nt\u0151 szerep\u00e9t a k\u00f6z\u00f6s c\u00e9lok el\u00e9r\u00e9s\u00e9ben. Florin Birta besz\u00e9d\u00e9ben kiemelte az \u00faj mand\u00e1tum strat\u00e9giai ir\u00e1nyait, k\u00f6zt\u00fck a k\u00f6zleked\u00e9si infrastrukt\u00fara fejleszt\u00e9s\u00e9t, amely megk\u00f6nny\u00edti a v\u00e1ros minden ter\u00fclet\u00e9nek megk\u00f6zel\u00edt\u00e9s\u00e9t, \u00e9s t\u00e1mogatja a t\u00f6megk\u00f6zleked\u00e9s haszn\u00e1lat\u00e1t a villamos- \u00e9s buszh\u00e1l\u00f3zat b\u0151v\u00edt\u00e9s\u00e9t c\u00e9lz\u00f3 projektek, valamint az intelligens k\u00f6zleked\u00e9si l\u00e1mp\u00e1k bevezet\u00e9se r\u00e9v\u00e9n. A polg\u00e1rmester hangs\u00falyozta Nagyv\u00e1rad m\u00e1s v\u00e1rosokkal val\u00f3 \u00f6sszek\u00f6ttet\u00e9s\u00e9nek fontoss\u00e1g\u00e1t is, megjegyezve, hogy folytatja a Bihar Megyei Tan\u00e1ccsal val\u00f3 partners\u00e9get, hogy gyors \u00e9s hat\u00e9kony kapcsolatokat tartson fenn a rom\u00e1niai \u00e9s eur\u00f3pai v\u00e1rosokkal. Besz\u00e9d\u00e9ben az oktat\u00e1s is k\u00f6zponti szerepet kapott, a polg\u00e1rmester hangs\u00falyozta, hogy az elk\u00f6vetkez\u0151 \u00e9vekben iskol\u00e1kat, \u00f3vod\u00e1kat \u00e9s b\u00f6lcs\u0151d\u00e9ket fognak fel\u00faj\u00edtani \u00e9s felszerelni, hogy magas sz\u00ednvonal\u00fa oktat\u00e1si felt\u00e9teleket biztos\u00edtsanak. A Nuf\u0103rul negyedben \u00faj iskola \u00e9p\u00fcl, amely biztos\u00edtja a gyermekek sz\u00e1m\u00e1ra a modern \u00e9s j\u00f3l felszerelt oktat\u00e1shoz val\u00f3 hozz\u00e1f\u00e9r\u00e9st. Az eg\u00e9szs\u00e9g\u00fcgyi \u00e1gazatot illet\u0151en Florin Birta bejelentette, hogy a Vl\u0103deasa utc\u00e1ban egy modern k\u00f3rh\u00e1z \u00e9p\u00fcl, \u00e9s befejez\u0151dnek a megyei k\u00f3rh\u00e1z integr\u00e1lt j\u00e1r\u00f3beteg-rendel\u0151j\u00e9nek munk\u00e1latai, amelyek hozz\u00e1j\u00e1rulnak az \u00e9letmin\u0151s\u00e9g jav\u00edt\u00e1s\u00e1hoz \u00e9s a min\u0151s\u00e9gi eg\u00e9szs\u00e9g\u00fcgyi szolg\u00e1ltat\u00e1sokhoz val\u00f3 hozz\u00e1f\u00e9r\u00e9shez. A polg\u00e1rmester hangs\u00falyozta tov\u00e1bb\u00e1 a t\u00f6rt\u00e9nelmi k\u00f6zpont rehabilit\u00e1ci\u00f3j\u00e1nak \u00e9s a v\u00e1rosr\u00e9szek korszer\u0171s\u00edt\u00e9s\u00e9nek fontoss\u00e1g\u00e1t, \u00faj z\u00f6ldter\u00fcletek l\u00e9trehoz\u00e1s\u00e1t \u00e9s f\u00e1k \u00fcltet\u00e9s\u00e9t, hogy Nagyv\u00e1rad z\u00f6ldebb \u00e9s vonz\u00f3bb v\u00e1ross\u00e1 v\u00e1ljon. V\u00e9gezet\u00fcl a polg\u00e1rmester hangs\u00falyozta, hogy a v\u00e1ros tov\u00e1bbra is a moderniz\u00e1ci\u00f3 \u00e9s az innov\u00e1ci\u00f3 mintak\u00e9pe lesz, olyan fejlett technol\u00f3gi\u00e1k bevezet\u00e9s\u00e9vel, mint az intelligens LED-vil\u00e1g\u00edt\u00e1s \u00e9s az adapt\u00edv k\u00f6zleked\u00e9si l\u00e1mp\u00e1k, amelyek c\u00e9lja a lakosok biztons\u00e1g\u00e1nak \u00e9s k\u00e9nyelm\u00e9nek n\u00f6vel\u00e9se. V\u00e9gezet\u00fcl Florin Birta egys\u00e9gre \u00e9s felel\u0151ss\u00e9gv\u00e1llal\u00e1sra sz\u00f3l\u00edtott fel: &#8222;Ezek a projektek nem csup\u00e1n cselekv\u00e9si ir\u00e1nyvonalak, hanem a polg\u00e1roknak tett k\u00f6z\u00f6s \u00edg\u00e9ret\u00fcnk arra, hogy tov\u00e1bbra is befektet\u00fcnk Nagyv\u00e1rad j\u00f6v\u0151j\u00e9be. Ez\u00e9rt fordulok \u00d6n\u00f6kh\u00f6z, kedves helyi tan\u00e1csosok: v\u00e1lasztott k\u00e9pvisel\u0151k\u00e9nt az a felel\u0151ss\u00e9g\u00fcnk, hogy biztos\u00edtsuk, hogy mindezek a kezdem\u00e9nyez\u00e9sek megval\u00f3suljanak Nagyv\u00e1rad valamennyi polg\u00e1r\u00e1nak jav\u00e1ra. Ez azt jelenti, hogy fel\u00fclemelked\u00fcnk a pillanatnyi politikai \u00e9rdekeken, \u00e9s arra \u00f6sszpontos\u00edtunk, ami a legfontosabb: a k\u00f6z\u00f6ss\u00e9g fejl\u0151d\u00e9s\u00e9re \u00e9s j\u00f3l\u00e9t\u00e9re&#8221;. Florin Birta jelezte, hogy Nagyv\u00e1radot a fejl\u0151d\u00e9s \u00e9s a moderniz\u00e1ci\u00f3 modelljek\u00e9nt fogja megszil\u00e1rd\u00edtani.","og_url":"https:\/\/oradea.ro\/hu\/hirek\/florin-birta-polgarmester-uj-mandatumra-eskudott-fel-megerositve-ezaltal-elkotelezettseget-nagyvarad-fejlodese-mellett\/","og_site_name":"Oradea.ro","article_modified_time":"2024-11-04T08:07:56+00:00","og_image":[{"width":1600,"height":900,"url":"https:\/\/oradea.ro\/wp-content\/uploads\/2024\/10\/WhatsApp-Image-2024-10-25-at-16.20.10.jpeg","type":"image\/jpeg"}],"twitter_card":"summary_large_image","twitter_misc":{"Becs\u00fclt olvas\u00e1si id\u0151":"5 perc"},"schema":{"@context":"https:\/\/schema.org","@graph":[{"@type":"WebPage","@id":"https:\/\/oradea.ro\/hu\/hirek\/florin-birta-polgarmester-uj-mandatumra-eskudott-fel-megerositve-ezaltal-elkotelezettseget-nagyvarad-fejlodese-mellett\/","url":"https:\/\/oradea.ro\/hu\/hirek\/florin-birta-polgarmester-uj-mandatumra-eskudott-fel-megerositve-ezaltal-elkotelezettseget-nagyvarad-fejlodese-mellett\/","name":"Florin Birta polg\u00e1rmester \u00faj mand\u00e1tumra esk\u00fcd\u00f6tt fel, meger\u0151s\u00edtve ez\u00e1ltal elk\u00f6telezetts\u00e9g\u00e9t Nagyv\u00e1rad fejl\u0151d\u00e9se mellett - Oradea.ro","isPartOf":{"@id":"https:\/\/oradea.ro\/#website"},"primaryImageOfPage":{"@id":"https:\/\/oradea.ro\/hu\/hirek\/florin-birta-polgarmester-uj-mandatumra-eskudott-fel-megerositve-ezaltal-elkotelezettseget-nagyvarad-fejlodese-mellett\/#primaryimage"},"image":{"@id":"https:\/\/oradea.ro\/hu\/hirek\/florin-birta-polgarmester-uj-mandatumra-eskudott-fel-megerositve-ezaltal-elkotelezettseget-nagyvarad-fejlodese-mellett\/#primaryimage"},"thumbnailUrl":"https:\/\/oradea.ro\/wp-content\/uploads\/2024\/10\/WhatsApp-Image-2024-10-25-at-16.20.10.jpeg","datePublished":"2024-10-25T13:23:13+00:00","dateModified":"2024-11-04T08:07:56+00:00","breadcrumb":{"@id":"https:\/\/oradea.ro\/hu\/hirek\/florin-birta-polgarmester-uj-mandatumra-eskudott-fel-megerositve-ezaltal-elkotelezettseget-nagyvarad-fejlodese-mellett\/#breadcrumb"},"inLanguage":"hu","potentialAction":[{"@type":"ReadAction","target":["https:\/\/oradea.ro\/hu\/hirek\/florin-birta-polgarmester-uj-mandatumra-eskudott-fel-megerositve-ezaltal-elkotelezettseget-nagyvarad-fejlodese-mellett\/"]}]},{"@type":"ImageObject","inLanguage":"hu","@id":"https:\/\/oradea.ro\/hu\/hirek\/florin-birta-polgarmester-uj-mandatumra-eskudott-fel-megerositve-ezaltal-elkotelezettseget-nagyvarad-fejlodese-mellett\/#primaryimage","url":"https:\/\/oradea.ro\/wp-content\/uploads\/2024\/10\/WhatsApp-Image-2024-10-25-at-16.20.10.jpeg","contentUrl":"https:\/\/oradea.ro\/wp-content\/uploads\/2024\/10\/WhatsApp-Image-2024-10-25-at-16.20.10.jpeg","width":1600,"height":900},{"@type":"BreadcrumbList","@id":"https:\/\/oradea.ro\/hu\/hirek\/florin-birta-polgarmester-uj-mandatumra-eskudott-fel-megerositve-ezaltal-elkotelezettseget-nagyvarad-fejlodese-mellett\/#breadcrumb","itemListElement":[{"@type":"ListItem","position":1,"name":"","item":"https:\/\/oradea.ro\/hu\/"},{"@type":"ListItem","position":2,"name":"\u0218tiri","item":"https:\/\/oradea.ro\/stiri\/"},{"@type":"ListItem","position":3,"name":"Florin Birta polg\u00e1rmester \u00faj mand\u00e1tumra esk\u00fcd\u00f6tt fel, meger\u0151s\u00edtve ez\u00e1ltal elk\u00f6telezetts\u00e9g\u00e9t Nagyv\u00e1rad fejl\u0151d\u00e9se mellett"}]},{"@type":"WebSite","@id":"https:\/\/oradea.ro\/#website","url":"https:\/\/oradea.ro\/","name":"Oradea.ro","description":"Site-ul oficial al Prim\u0103riei Municipiului Oradea","publisher":{"@id":"https:\/\/oradea.ro\/#organization"},"potentialAction":[{"@type":"SearchAction","target":{"@type":"EntryPoint","urlTemplate":"https:\/\/oradea.ro\/?s={search_term_string}"},"query-input":{"@type":"PropertyValueSpecification","valueRequired":true,"valueName":"search_term_string"}}],"inLanguage":"hu"},{"@type":"Organization","@id":"https:\/\/oradea.ro\/#organization","name":"Oradea.ro","url":"https:\/\/oradea.ro\/","logo":{"@type":"ImageObject","inLanguage":"hu","@id":"https:\/\/oradea.ro\/#\/schema\/logo\/image\/","url":"https:\/\/oradea.ro\/wp-content\/uploads\/2023\/06\/footer_logo.svg","contentUrl":"https:\/\/oradea.ro\/wp-content\/uploads\/2023\/06\/footer_logo.svg","width":218,"height":53,"caption":"Oradea.ro"},"image":{"@id":"https:\/\/oradea.ro\/#\/schema\/logo\/image\/"}}]}},"publishpress_future_workflow_manual_trigger":{"enabledWorkflows":[]},"_links":{"self":[{"href":"https:\/\/oradea.ro\/hu\/wp-json\/wp\/v2\/stiri\/337176","targetHints":{"allow":["GET"]}}],"collection":[{"href":"https:\/\/oradea.ro\/hu\/wp-json\/wp\/v2\/stiri"}],"about":[{"href":"https:\/\/oradea.ro\/hu\/wp-json\/wp\/v2\/types\/stiri"}],"author":[{"embeddable":true,"href":"https:\/\/oradea.ro\/hu\/wp-json\/wp\/v2\/users\/7"}],"replies":[{"embeddable":true,"href":"https:\/\/oradea.ro\/hu\/wp-json\/wp\/v2\/comments?post=337176"}],"version-history":[{"count":1,"href":"https:\/\/oradea.ro\/hu\/wp-json\/wp\/v2\/stiri\/337176\/revisions"}],"predecessor-version":[{"id":337177,"href":"https:\/\/oradea.ro\/hu\/wp-json\/wp\/v2\/stiri\/337176\/revisions\/337177"}],"wp:featuredmedia":[{"embeddable":true,"href":"https:\/\/oradea.ro\/hu\/wp-json\/wp\/v2\/media\/336101"}],"wp:attachment":[{"href":"https:\/\/oradea.ro\/hu\/wp-json\/wp\/v2\/media?parent=337176"}],"wp:term":[{"taxonomy":"stiri-cat","embeddable":true,"href":"https:\/\/oradea.ro\/hu\/wp-json\/wp\/v2\/stiri-cat?post=337176"},{"taxonomy":"stiri-tags","embeddable":true,"href":"https:\/\/oradea.ro\/hu\/wp-json\/wp\/v2\/stiri-tags?post=337176"}],"curies":[{"name":"wp","href":"https:\/\/api.w.org\/{rel}","templated":true}]}}