{"id":340699,"date":"2024-12-06T11:57:43","date_gmt":"2024-12-06T09:57:43","guid":{"rendered":"https:\/\/oradea.ro\/stiri\/a-bunyitai-vince-utcaban-leraktak-az-elso-aszfaltreteget\/"},"modified":"2024-12-10T10:15:06","modified_gmt":"2024-12-10T08:15:06","slug":"a-bunyitai-vince-utcaban-leraktak-az-elso-aszfaltreteget","status":"publish","type":"stiri","link":"https:\/\/oradea.ro\/hu\/hirek\/a-bunyitai-vince-utcaban-leraktak-az-elso-aszfaltreteget\/","title":{"rendered":"A Bunyitai Vince utc\u00e1ban lerakt\u00e1k az els\u0151 aszfaltr\u00e9teget"},"content":{"rendered":"<div class=\"min-w-[100vw] h-[350px] md:h-[500px] ml-[calc(50%-50vw)] flex items-end bg-no-repeat bg-white bg-cover bg-center px-5\" style=\"background-image: url(https:\/\/oradea.ro\/wp-content\/uploads\/2024\/12\/Todea-Cucului-2.jpg);\">\r\n                    <div class=\"w-full max-w-7xl mx-auto mb-6\">\r\n                        <h1 class=\"my-0 text-white font-extrabold font-open-sans text-3xl md:text-6xl [text-shadow:_0_1px_4px_rgb(0_0_0_\/_50%)]\">A Bunyitai Vince utc\u00e1ban lerakt\u00e1k az els\u0151 aszfaltr\u00e9teget<\/h1>\r\n                    <\/div>\r\n                <\/div><div class=\"!px-5\"><div class=\"breadcrumbs w-full max-w-7xl mx-auto grid md:flex flex-wrap items-center py-4 test\"><div><a href=\"https:\/\/oradea.ro\/hu\/\"><span class=\"fas fa-home text-[#ABAEB3]\"><\/span><\/a><span class=\"md:hidden\"><span class=\"fas fa-chevron-down mx-5 text-xs text-[#ABAEB3] hover:text-black\/50 transition-all\"><\/span><\/span><span class=\"hidden md:inline\"><span class=\"fas fa-chevron-right mx-5 text-xs text-[#ABAEB3] hover:text-black\/50 transition-all\"><\/span><\/span><\/div><span class=\"font-poppins font-semibold uppercase text-black\/60\">A Bunyitai Vince utc\u00e1ban lerakt\u00e1k az els\u0151 aszfaltr\u00e9teget<\/span><\/div><\/div>\n<p>Befejez\u0151d\u00f6tt az els\u0151 aszfaltr\u00e9teg le\u00f6nt\u00e9se a Bunyitai Vince utc\u00e1n, az Oncea negyedben. <\/p>\n\n<p>Az els\u0151 szakaszban, a m\u00falt h\u00f3napban a Cardinal Alexandru Todea utca \u00e9s a Cucului utca k\u00f6z\u00f6tti szakaszt aszfaltozt\u00e1k le, tegnap, december 5-\u00e9n pedig a Cardinal Alexandru Todea utca \u00e9s a Cucului utca k\u00f6z\u00f6tti szakaszt. Gh. Pitut utcai<\/p>\n\n<p>korszer\u0171s\u00edt\u00e9si munk\u00e1latok r\u00e9szek\u00e9nt a csapad\u00e9kcsatorna-h\u00e1l\u00f3zaton v\u00e9geztek munk\u00e1latokat, az alapr\u00e9teg lerak\u00e1s\u00e1hoz sz\u00fcks\u00e9ges bont\u00e1si munk\u00e1latokat, gyalogos j\u00e1rd\u00e1kat \u00e9s az ingatlanokhoz val\u00f3 hozz\u00e1f\u00e9r\u00e9seket terveztek.<\/p>\n\n<p>A k\u00f6vetkez\u0151 l\u00e9p\u00e9sek a terek kijel\u00f6l\u00e9se, az \u00fatjelz\u0151 t\u00e1bl\u00e1k kihelyez\u00e9se \u00e9s az \u00fatburkolati jelek kialak\u00edt\u00e1sa.<\/p>\n\n<p>A Bunyitai Vince utca teljes hossza 600 m\u00e9ter.<\/p>\n\n<p>A munk\u00e1latok kivitelez\u0151je az S.C Dumexim S.R.L., a szerz\u0151d\u00e9s \u00e9rt\u00e9ke (tervez\u00e9s + kivitelez\u00e9s) 1,3 milli\u00f3 lej.<\/p>\n\n<p><\/p>\n\n<figure class=\"wp-block-gallery has-nested-images columns-default is-cropped wp-block-gallery-1 is-layout-flex wp-block-gallery-is-layout-flex\">\n<figure class=\"wp-block-image size-large\"><img fetchpriority=\"high\" decoding=\"async\" width=\"1024\" height=\"768\" data-id=\"340490\" src=\"https:\/\/oradea.ro\/wp-content\/uploads\/2024\/12\/Todea-Gh.Pitut_-1-1024x768.jpg\" alt=\"\" class=\"wp-image-340490\" srcset=\"https:\/\/oradea.ro\/wp-content\/uploads\/2024\/12\/Todea-Gh.Pitut_-1-1024x768.jpg 1024w, https:\/\/oradea.ro\/wp-content\/uploads\/2024\/12\/Todea-Gh.Pitut_-1-300x225.jpg 300w, https:\/\/oradea.ro\/wp-content\/uploads\/2024\/12\/Todea-Gh.Pitut_-1-768x576.jpg 768w, https:\/\/oradea.ro\/wp-content\/uploads\/2024\/12\/Todea-Gh.Pitut_-1-1536x1152.jpg 1536w, https:\/\/oradea.ro\/wp-content\/uploads\/2024\/12\/Todea-Gh.Pitut_-1.jpg 2040w\" sizes=\"(max-width: 1024px) 100vw, 1024px\" \/><\/figure>\n\n\n\n<figure class=\"wp-block-image size-large\"><img decoding=\"async\" width=\"1024\" height=\"764\" data-id=\"340484\" src=\"https:\/\/oradea.ro\/wp-content\/uploads\/2024\/12\/Todea-Cucului-1-1024x764.jpg\" alt=\"\" class=\"wp-image-340484\" srcset=\"https:\/\/oradea.ro\/wp-content\/uploads\/2024\/12\/Todea-Cucului-1-1024x764.jpg 1024w, https:\/\/oradea.ro\/wp-content\/uploads\/2024\/12\/Todea-Cucului-1-300x224.jpg 300w, https:\/\/oradea.ro\/wp-content\/uploads\/2024\/12\/Todea-Cucului-1-768x573.jpg 768w, https:\/\/oradea.ro\/wp-content\/uploads\/2024\/12\/Todea-Cucului-1.jpg 1302w\" sizes=\"(max-width: 1024px) 100vw, 1024px\" \/><\/figure>\n\n\n\n<figure class=\"wp-block-image size-large\"><img decoding=\"async\" width=\"1024\" height=\"839\" data-id=\"340487\" src=\"https:\/\/oradea.ro\/wp-content\/uploads\/2024\/12\/Todea-Gh.Pitut_-1024x839.jpg\" alt=\"\" class=\"wp-image-340487\" srcset=\"https:\/\/oradea.ro\/wp-content\/uploads\/2024\/12\/Todea-Gh.Pitut_-1024x839.jpg 1024w, https:\/\/oradea.ro\/wp-content\/uploads\/2024\/12\/Todea-Gh.Pitut_-300x246.jpg 300w, https:\/\/oradea.ro\/wp-content\/uploads\/2024\/12\/Todea-Gh.Pitut_-768x629.jpg 768w, https:\/\/oradea.ro\/wp-content\/uploads\/2024\/12\/Todea-Gh.Pitut_.jpg 1530w\" sizes=\"(max-width: 1024px) 100vw, 1024px\" \/><\/figure>\n<\/figure>\n","protected":false},"author":16,"featured_media":340495,"comment_status":"closed","ping_status":"closed","template":"","stiri-cat":[667],"stiri-tags":[1284],"class_list":["post-340699","stiri","type-stiri","status-publish","has-post-thumbnail","hentry","stiri-cat-stiri-oradea","stiri-tags-stiri"],"acf":[],"yoast_head":"<!-- This site is optimized with the Yoast SEO plugin v26.6 - https:\/\/yoast.com\/wordpress\/plugins\/seo\/ -->\n<title>A Bunyitai Vince utc\u00e1ban lerakt\u00e1k az els\u0151 aszfaltr\u00e9teget - Oradea.ro<\/title>\n<meta name=\"robots\" content=\"index, follow, max-snippet:-1, max-image-preview:large, max-video-preview:-1\" \/>\n<link rel=\"canonical\" href=\"https:\/\/oradea.ro\/hu\/hirek\/a-bunyitai-vince-utcaban-leraktak-az-elso-aszfaltreteget\/\" \/>\n<meta property=\"og:locale\" content=\"hu_HU\" \/>\n<meta property=\"og:type\" content=\"article\" \/>\n<meta property=\"og:title\" content=\"A Bunyitai Vince utc\u00e1ban lerakt\u00e1k az els\u0151 aszfaltr\u00e9teget - Oradea.ro\" \/>\n<meta property=\"og:description\" content=\"A Bunyitai Vince utc\u00e1ban lerakt\u00e1k az els\u0151 aszfaltr\u00e9teget A Bunyitai Vince utc\u00e1ban lerakt\u00e1k az els\u0151 aszfaltr\u00e9teget Befejez\u0151d\u00f6tt az els\u0151 aszfaltr\u00e9teg le\u00f6nt\u00e9se a Bunyitai Vince utc\u00e1n, az Oncea negyedben. Az els\u0151 szakaszban, a m\u00falt h\u00f3napban a Cardinal Alexandru Todea utca \u00e9s a Cucului utca k\u00f6z\u00f6tti szakaszt aszfaltozt\u00e1k le, tegnap, december 5-\u00e9n pedig a Cardinal Alexandru Todea utca \u00e9s a Cucului utca k\u00f6z\u00f6tti szakaszt. Gh. Pitut utcai korszer\u0171s\u00edt\u00e9si munk\u00e1latok r\u00e9szek\u00e9nt a csapad\u00e9kcsatorna-h\u00e1l\u00f3zaton v\u00e9geztek munk\u00e1latokat, az alapr\u00e9teg lerak\u00e1s\u00e1hoz sz\u00fcks\u00e9ges bont\u00e1si munk\u00e1latokat, gyalogos j\u00e1rd\u00e1kat \u00e9s az ingatlanokhoz val\u00f3 hozz\u00e1f\u00e9r\u00e9seket terveztek. A k\u00f6vetkez\u0151 l\u00e9p\u00e9sek a terek kijel\u00f6l\u00e9se, az \u00fatjelz\u0151 t\u00e1bl\u00e1k kihelyez\u00e9se \u00e9s az \u00fatburkolati jelek kialak\u00edt\u00e1sa. A Bunyitai Vince utca teljes hossza 600 m\u00e9ter. A munk\u00e1latok kivitelez\u0151je az S.C Dumexim S.R.L., a szerz\u0151d\u00e9s \u00e9rt\u00e9ke (tervez\u00e9s + kivitelez\u00e9s) 1,3 milli\u00f3 lej.\" \/>\n<meta property=\"og:url\" content=\"https:\/\/oradea.ro\/hu\/hirek\/a-bunyitai-vince-utcaban-leraktak-az-elso-aszfaltreteget\/\" \/>\n<meta property=\"og:site_name\" content=\"Oradea.ro\" \/>\n<meta property=\"article:modified_time\" content=\"2024-12-10T08:15:06+00:00\" \/>\n<meta property=\"og:image\" content=\"https:\/\/oradea.ro\/wp-content\/uploads\/2024\/12\/Todea-Cucului-2.jpg\" \/>\n\t<meta property=\"og:image:width\" content=\"2040\" \/>\n\t<meta property=\"og:image:height\" content=\"1530\" \/>\n\t<meta property=\"og:image:type\" content=\"image\/jpeg\" \/>\n<meta name=\"twitter:card\" content=\"summary_large_image\" \/>\n<meta name=\"twitter:label1\" content=\"Becs\u00fclt olvas\u00e1si id\u0151\" \/>\n\t<meta name=\"twitter:data1\" content=\"1 perc\" \/>\n<script type=\"application\/ld+json\" class=\"yoast-schema-graph\">{\"@context\":\"https:\/\/schema.org\",\"@graph\":[{\"@type\":\"WebPage\",\"@id\":\"https:\/\/oradea.ro\/hu\/hirek\/a-bunyitai-vince-utcaban-leraktak-az-elso-aszfaltreteget\/\",\"url\":\"https:\/\/oradea.ro\/hu\/hirek\/a-bunyitai-vince-utcaban-leraktak-az-elso-aszfaltreteget\/\",\"name\":\"A Bunyitai Vince utc\u00e1ban lerakt\u00e1k az els\u0151 aszfaltr\u00e9teget - Oradea.ro\",\"isPartOf\":{\"@id\":\"https:\/\/oradea.ro\/#website\"},\"primaryImageOfPage\":{\"@id\":\"https:\/\/oradea.ro\/hu\/hirek\/a-bunyitai-vince-utcaban-leraktak-az-elso-aszfaltreteget\/#primaryimage\"},\"image\":{\"@id\":\"https:\/\/oradea.ro\/hu\/hirek\/a-bunyitai-vince-utcaban-leraktak-az-elso-aszfaltreteget\/#primaryimage\"},\"thumbnailUrl\":\"https:\/\/oradea.ro\/wp-content\/uploads\/2024\/12\/Todea-Cucului-2.jpg\",\"datePublished\":\"2024-12-06T09:57:43+00:00\",\"dateModified\":\"2024-12-10T08:15:06+00:00\",\"breadcrumb\":{\"@id\":\"https:\/\/oradea.ro\/hu\/hirek\/a-bunyitai-vince-utcaban-leraktak-az-elso-aszfaltreteget\/#breadcrumb\"},\"inLanguage\":\"hu\",\"potentialAction\":[{\"@type\":\"ReadAction\",\"target\":[\"https:\/\/oradea.ro\/hu\/hirek\/a-bunyitai-vince-utcaban-leraktak-az-elso-aszfaltreteget\/\"]}]},{\"@type\":\"ImageObject\",\"inLanguage\":\"hu\",\"@id\":\"https:\/\/oradea.ro\/hu\/hirek\/a-bunyitai-vince-utcaban-leraktak-az-elso-aszfaltreteget\/#primaryimage\",\"url\":\"https:\/\/oradea.ro\/wp-content\/uploads\/2024\/12\/Todea-Cucului-2.jpg\",\"contentUrl\":\"https:\/\/oradea.ro\/wp-content\/uploads\/2024\/12\/Todea-Cucului-2.jpg\",\"width\":2040,\"height\":1530},{\"@type\":\"BreadcrumbList\",\"@id\":\"https:\/\/oradea.ro\/hu\/hirek\/a-bunyitai-vince-utcaban-leraktak-az-elso-aszfaltreteget\/#breadcrumb\",\"itemListElement\":[{\"@type\":\"ListItem\",\"position\":1,\"name\":\"\",\"item\":\"https:\/\/oradea.ro\/hu\/\"},{\"@type\":\"ListItem\",\"position\":2,\"name\":\"\u0218tiri\",\"item\":\"https:\/\/oradea.ro\/stiri\/\"},{\"@type\":\"ListItem\",\"position\":3,\"name\":\"A Bunyitai Vince utc\u00e1ban lerakt\u00e1k az els\u0151 aszfaltr\u00e9teget\"}]},{\"@type\":\"WebSite\",\"@id\":\"https:\/\/oradea.ro\/#website\",\"url\":\"https:\/\/oradea.ro\/\",\"name\":\"Oradea.ro\",\"description\":\"Site-ul oficial al Prim\u0103riei Municipiului Oradea\",\"publisher\":{\"@id\":\"https:\/\/oradea.ro\/#organization\"},\"potentialAction\":[{\"@type\":\"SearchAction\",\"target\":{\"@type\":\"EntryPoint\",\"urlTemplate\":\"https:\/\/oradea.ro\/?s={search_term_string}\"},\"query-input\":{\"@type\":\"PropertyValueSpecification\",\"valueRequired\":true,\"valueName\":\"search_term_string\"}}],\"inLanguage\":\"hu\"},{\"@type\":\"Organization\",\"@id\":\"https:\/\/oradea.ro\/#organization\",\"name\":\"Oradea.ro\",\"url\":\"https:\/\/oradea.ro\/\",\"logo\":{\"@type\":\"ImageObject\",\"inLanguage\":\"hu\",\"@id\":\"https:\/\/oradea.ro\/#\/schema\/logo\/image\/\",\"url\":\"https:\/\/oradea.ro\/wp-content\/uploads\/2023\/06\/footer_logo.svg\",\"contentUrl\":\"https:\/\/oradea.ro\/wp-content\/uploads\/2023\/06\/footer_logo.svg\",\"width\":218,\"height\":53,\"caption\":\"Oradea.ro\"},\"image\":{\"@id\":\"https:\/\/oradea.ro\/#\/schema\/logo\/image\/\"}}]}<\/script>\n<!-- \/ Yoast SEO plugin. -->","yoast_head_json":{"title":"A Bunyitai Vince utc\u00e1ban lerakt\u00e1k az els\u0151 aszfaltr\u00e9teget - Oradea.ro","robots":{"index":"index","follow":"follow","max-snippet":"max-snippet:-1","max-image-preview":"max-image-preview:large","max-video-preview":"max-video-preview:-1"},"canonical":"https:\/\/oradea.ro\/hu\/hirek\/a-bunyitai-vince-utcaban-leraktak-az-elso-aszfaltreteget\/","og_locale":"hu_HU","og_type":"article","og_title":"A Bunyitai Vince utc\u00e1ban lerakt\u00e1k az els\u0151 aszfaltr\u00e9teget - Oradea.ro","og_description":"A Bunyitai Vince utc\u00e1ban lerakt\u00e1k az els\u0151 aszfaltr\u00e9teget A Bunyitai Vince utc\u00e1ban lerakt\u00e1k az els\u0151 aszfaltr\u00e9teget Befejez\u0151d\u00f6tt az els\u0151 aszfaltr\u00e9teg le\u00f6nt\u00e9se a Bunyitai Vince utc\u00e1n, az Oncea negyedben. Az els\u0151 szakaszban, a m\u00falt h\u00f3napban a Cardinal Alexandru Todea utca \u00e9s a Cucului utca k\u00f6z\u00f6tti szakaszt aszfaltozt\u00e1k le, tegnap, december 5-\u00e9n pedig a Cardinal Alexandru Todea utca \u00e9s a Cucului utca k\u00f6z\u00f6tti szakaszt. Gh. Pitut utcai korszer\u0171s\u00edt\u00e9si munk\u00e1latok r\u00e9szek\u00e9nt a csapad\u00e9kcsatorna-h\u00e1l\u00f3zaton v\u00e9geztek munk\u00e1latokat, az alapr\u00e9teg lerak\u00e1s\u00e1hoz sz\u00fcks\u00e9ges bont\u00e1si munk\u00e1latokat, gyalogos j\u00e1rd\u00e1kat \u00e9s az ingatlanokhoz val\u00f3 hozz\u00e1f\u00e9r\u00e9seket terveztek. A k\u00f6vetkez\u0151 l\u00e9p\u00e9sek a terek kijel\u00f6l\u00e9se, az \u00fatjelz\u0151 t\u00e1bl\u00e1k kihelyez\u00e9se \u00e9s az \u00fatburkolati jelek kialak\u00edt\u00e1sa. A Bunyitai Vince utca teljes hossza 600 m\u00e9ter. A munk\u00e1latok kivitelez\u0151je az S.C Dumexim S.R.L., a szerz\u0151d\u00e9s \u00e9rt\u00e9ke (tervez\u00e9s + kivitelez\u00e9s) 1,3 milli\u00f3 lej.","og_url":"https:\/\/oradea.ro\/hu\/hirek\/a-bunyitai-vince-utcaban-leraktak-az-elso-aszfaltreteget\/","og_site_name":"Oradea.ro","article_modified_time":"2024-12-10T08:15:06+00:00","og_image":[{"width":2040,"height":1530,"url":"https:\/\/oradea.ro\/wp-content\/uploads\/2024\/12\/Todea-Cucului-2.jpg","type":"image\/jpeg"}],"twitter_card":"summary_large_image","twitter_misc":{"Becs\u00fclt olvas\u00e1si id\u0151":"1 perc"},"schema":{"@context":"https:\/\/schema.org","@graph":[{"@type":"WebPage","@id":"https:\/\/oradea.ro\/hu\/hirek\/a-bunyitai-vince-utcaban-leraktak-az-elso-aszfaltreteget\/","url":"https:\/\/oradea.ro\/hu\/hirek\/a-bunyitai-vince-utcaban-leraktak-az-elso-aszfaltreteget\/","name":"A Bunyitai Vince utc\u00e1ban lerakt\u00e1k az els\u0151 aszfaltr\u00e9teget - Oradea.ro","isPartOf":{"@id":"https:\/\/oradea.ro\/#website"},"primaryImageOfPage":{"@id":"https:\/\/oradea.ro\/hu\/hirek\/a-bunyitai-vince-utcaban-leraktak-az-elso-aszfaltreteget\/#primaryimage"},"image":{"@id":"https:\/\/oradea.ro\/hu\/hirek\/a-bunyitai-vince-utcaban-leraktak-az-elso-aszfaltreteget\/#primaryimage"},"thumbnailUrl":"https:\/\/oradea.ro\/wp-content\/uploads\/2024\/12\/Todea-Cucului-2.jpg","datePublished":"2024-12-06T09:57:43+00:00","dateModified":"2024-12-10T08:15:06+00:00","breadcrumb":{"@id":"https:\/\/oradea.ro\/hu\/hirek\/a-bunyitai-vince-utcaban-leraktak-az-elso-aszfaltreteget\/#breadcrumb"},"inLanguage":"hu","potentialAction":[{"@type":"ReadAction","target":["https:\/\/oradea.ro\/hu\/hirek\/a-bunyitai-vince-utcaban-leraktak-az-elso-aszfaltreteget\/"]}]},{"@type":"ImageObject","inLanguage":"hu","@id":"https:\/\/oradea.ro\/hu\/hirek\/a-bunyitai-vince-utcaban-leraktak-az-elso-aszfaltreteget\/#primaryimage","url":"https:\/\/oradea.ro\/wp-content\/uploads\/2024\/12\/Todea-Cucului-2.jpg","contentUrl":"https:\/\/oradea.ro\/wp-content\/uploads\/2024\/12\/Todea-Cucului-2.jpg","width":2040,"height":1530},{"@type":"BreadcrumbList","@id":"https:\/\/oradea.ro\/hu\/hirek\/a-bunyitai-vince-utcaban-leraktak-az-elso-aszfaltreteget\/#breadcrumb","itemListElement":[{"@type":"ListItem","position":1,"name":"","item":"https:\/\/oradea.ro\/hu\/"},{"@type":"ListItem","position":2,"name":"\u0218tiri","item":"https:\/\/oradea.ro\/stiri\/"},{"@type":"ListItem","position":3,"name":"A Bunyitai Vince utc\u00e1ban lerakt\u00e1k az els\u0151 aszfaltr\u00e9teget"}]},{"@type":"WebSite","@id":"https:\/\/oradea.ro\/#website","url":"https:\/\/oradea.ro\/","name":"Oradea.ro","description":"Site-ul oficial al Prim\u0103riei Municipiului Oradea","publisher":{"@id":"https:\/\/oradea.ro\/#organization"},"potentialAction":[{"@type":"SearchAction","target":{"@type":"EntryPoint","urlTemplate":"https:\/\/oradea.ro\/?s={search_term_string}"},"query-input":{"@type":"PropertyValueSpecification","valueRequired":true,"valueName":"search_term_string"}}],"inLanguage":"hu"},{"@type":"Organization","@id":"https:\/\/oradea.ro\/#organization","name":"Oradea.ro","url":"https:\/\/oradea.ro\/","logo":{"@type":"ImageObject","inLanguage":"hu","@id":"https:\/\/oradea.ro\/#\/schema\/logo\/image\/","url":"https:\/\/oradea.ro\/wp-content\/uploads\/2023\/06\/footer_logo.svg","contentUrl":"https:\/\/oradea.ro\/wp-content\/uploads\/2023\/06\/footer_logo.svg","width":218,"height":53,"caption":"Oradea.ro"},"image":{"@id":"https:\/\/oradea.ro\/#\/schema\/logo\/image\/"}}]}},"publishpress_future_workflow_manual_trigger":{"enabledWorkflows":[]},"_links":{"self":[{"href":"https:\/\/oradea.ro\/hu\/wp-json\/wp\/v2\/stiri\/340699","targetHints":{"allow":["GET"]}}],"collection":[{"href":"https:\/\/oradea.ro\/hu\/wp-json\/wp\/v2\/stiri"}],"about":[{"href":"https:\/\/oradea.ro\/hu\/wp-json\/wp\/v2\/types\/stiri"}],"author":[{"embeddable":true,"href":"https:\/\/oradea.ro\/hu\/wp-json\/wp\/v2\/users\/16"}],"replies":[{"embeddable":true,"href":"https:\/\/oradea.ro\/hu\/wp-json\/wp\/v2\/comments?post=340699"}],"version-history":[{"count":1,"href":"https:\/\/oradea.ro\/hu\/wp-json\/wp\/v2\/stiri\/340699\/revisions"}],"predecessor-version":[{"id":340700,"href":"https:\/\/oradea.ro\/hu\/wp-json\/wp\/v2\/stiri\/340699\/revisions\/340700"}],"wp:featuredmedia":[{"embeddable":true,"href":"https:\/\/oradea.ro\/hu\/wp-json\/wp\/v2\/media\/340495"}],"wp:attachment":[{"href":"https:\/\/oradea.ro\/hu\/wp-json\/wp\/v2\/media?parent=340699"}],"wp:term":[{"taxonomy":"stiri-cat","embeddable":true,"href":"https:\/\/oradea.ro\/hu\/wp-json\/wp\/v2\/stiri-cat?post=340699"},{"taxonomy":"stiri-tags","embeddable":true,"href":"https:\/\/oradea.ro\/hu\/wp-json\/wp\/v2\/stiri-tags?post=340699"}],"curies":[{"name":"wp","href":"https:\/\/api.w.org\/{rel}","templated":true}]}}