{"id":352211,"date":"2025-04-04T13:24:27","date_gmt":"2025-04-04T11:24:27","guid":{"rendered":"https:\/\/oradea.ro\/stiri\/alairtak-a-tamogatasi-szerzodest-az-ossi-termalfurdo-megvalositasara\/"},"modified":"2025-04-10T09:54:40","modified_gmt":"2025-04-10T07:54:40","slug":"alairtak-a-tamogatasi-szerzodest-az-ossi-termalfurdo-megvalositasara","status":"publish","type":"stiri","link":"https:\/\/oradea.ro\/hu\/hirek\/alairtak-a-tamogatasi-szerzodest-az-ossi-termalfurdo-megvalositasara\/","title":{"rendered":"Al\u00e1irt\u00e1k a t\u00e1mogat\u00e1si szerz\u0151d\u00e9st az \u0150ssi term\u00e1lf\u00fcrd\u0151 megval\u00f3s\u00edt\u00e1s\u00e1ra"},"content":{"rendered":"<div class=\"min-w-[100vw] h-[350px] md:h-[500px] ml-[calc(50%-50vw)] flex items-end bg-no-repeat bg-white bg-cover bg-center px-5\" style=\"background-image: url(https:\/\/oradea.ro\/wp-content\/uploads\/2025\/04\/4.jpg);\">\r\n                    <div class=\"w-full max-w-7xl mx-auto mb-6\">\r\n                        <h1 class=\"my-0 text-white font-extrabold font-open-sans text-3xl md:text-6xl [text-shadow:_0_1px_4px_rgb(0_0_0_\/_50%)]\">Al\u00e1irt\u00e1k a t\u00e1mogat\u00e1si szerz\u0151d\u00e9st az \u0150ssi term\u00e1lf\u00fcrd\u0151 megval\u00f3s\u00edt\u00e1s\u00e1ra<\/h1>\r\n                    <\/div>\r\n                <\/div><div class=\"!px-5\"><div class=\"breadcrumbs w-full max-w-7xl mx-auto grid md:flex flex-wrap items-center py-4 test\"><div><a href=\"https:\/\/oradea.ro\/hu\/\"><span class=\"fas fa-home text-[#ABAEB3]\"><\/span><\/a><span class=\"md:hidden\"><span class=\"fas fa-chevron-down mx-5 text-xs text-[#ABAEB3] hover:text-black\/50 transition-all\"><\/span><\/span><span class=\"hidden md:inline\"><span class=\"fas fa-chevron-right mx-5 text-xs text-[#ABAEB3] hover:text-black\/50 transition-all\"><\/span><\/span><\/div><span class=\"font-poppins font-semibold uppercase text-black\/60\">Al\u00e1irt\u00e1k a t\u00e1mogat\u00e1si szerz\u0151d\u00e9st az \u0150ssi term\u00e1lf\u00fcrd\u0151 megval\u00f3s\u00edt\u00e1s\u00e1ra<\/span><\/div><\/div>\n<p>Al\u00e1\u00edrt\u00e1k a t\u00e1mogat\u00e1si szerz\u0151d\u00e9st az \u0150ssi term\u00e1lf\u00fcrd\u0151 megval\u00f3s\u00edt\u00e1s\u00e1ra. A projektet a nagyv\u00e1radi V\u00e1rosh\u00e1za a Nemzetk\u00f6zi Finansz\u00edroz\u00e1s\u00fa Projektek F\u0151oszt\u00e1ly\u00e1n kereszt\u00fcl ny\u00fajtotta be eur\u00f3pai alapokb\u00f3l t\u00f6rt\u00e9n\u0151 finansz\u00edroz\u00e1sra. <\/p>\n\n<p>A projektet a Region\u00e1lis Fejleszt\u00e9si \u00dcgyn\u00f6ks\u00e9ghez ny\u00fajtott\u00e1k be t\u00e1mogat\u00e1sra az \u00c9szaknyugati Region\u00e1lis Program 2021-2027, 713. sz\u00e1m\u00fa &#8222;A turisztikai infrastrukt\u00fara jav\u00edt\u00e1sa, k\u00fcl\u00f6n\u00f6sen az \u00e9rt\u00e9kes turisztikai potenci\u00e1llal rendelkez\u0151 ter\u00fcleteken, bele\u00e9rtve a turisztikai er\u0151forr\u00e1sokhoz \u00e9s c\u00e9lkit\u0171z\u00e9sekhez val\u00f3 hozz\u00e1f\u00e9r\u00e9s jav\u00edt\u00e1s\u00e1t&#8221; c\u00edm\u0171 p\u00e1ly\u00e1zati felh\u00edv\u00e1s keret\u00e9ben. <\/p>\n\n<p><\/p>\n\n<figure class=\"wp-block-image size-large\"><img fetchpriority=\"high\" decoding=\"async\" width=\"1024\" height=\"576\" src=\"https:\/\/oradea.ro\/wp-content\/uploads\/2025\/04\/10-1024x576.jpg\" alt=\"\" class=\"wp-image-351338\" srcset=\"https:\/\/oradea.ro\/wp-content\/uploads\/2025\/04\/10-1024x576.jpg 1024w, https:\/\/oradea.ro\/wp-content\/uploads\/2025\/04\/10-300x169.jpg 300w, https:\/\/oradea.ro\/wp-content\/uploads\/2025\/04\/10-768x432.jpg 768w, https:\/\/oradea.ro\/wp-content\/uploads\/2025\/04\/10-1536x864.jpg 1536w, https:\/\/oradea.ro\/wp-content\/uploads\/2025\/04\/10.jpg 1600w\" sizes=\"(max-width: 1024px) 100vw, 1024px\" \/><\/figure>\n\n<p><\/p>\n\n<p>A p\u00e1ly\u00e1zat teljes \u00e9rt\u00e9ke 214.590.757,59 lej (\u00c1FA-val egy\u00fctt), amelyb\u0151l a vissza nem t\u00e9r\u00edtend\u0151 finansz\u00edroz\u00e1s 62.103.749,99 lej (\u00c1FA-val egy\u00fctt). A kivitelez\u00e9si id\u0151szak a munkaszerz\u0151d\u00e9s al\u00e1\u00edr\u00e1s\u00e1t\u00f3l sz\u00e1m\u00edtott 2 \u00e9v. Jelenleg a m\u0171szaki projekt v\u00e9gleges\u00edt\u00e9s alatt \u00e1ll, \u00e9s a munk\u00e1latok a k\u00f6vetkez\u0151 id\u0151szakban kezd\u0151dnek meg.  <\/p>\n\n<p>A megl\u00e9v\u0151, az 1980-as \u00e9vekben \u00e9p\u00fclt \u0150ssi f\u00fcrd\u0151 egy r\u00e9sz\u00e9t modern gy\u00f3gyf\u00fcrd\u0151kertnek alak\u00edtj\u00e1k \u00e1t. Ez a term\u00e1lf\u00fcrd\u0151kert a nagyv\u00e1radi lakosokat \u00e9s a pihenni ide \u00e9rkez\u0151 turist\u00e1kat szolg\u00e1lja majd, fedett \u00e9s szabadt\u00e9ri medenc\u00e9kkel, v\u00edzi b\u00e1rral, napoz\u00f3teraszokkal, gy\u00f3gyf\u00fcrd\u0151vel, fitneszteremmel, fitneszk\u00f6zponttal, nyilv\u00e1nos vend\u00e9gl\u00e1t\u00f3hellyel \u00e9s illemhelyekkel, valamint sz\u00e1mos z\u00f6ld ter\u00fclettel, amelyeket a term\u00e1lvizes ter\u00fcleteket k\u00f6r\u00fclvev\u0151 mikrokl\u00edm\u00e1ra jellemz\u0151 n\u00f6v\u00e9nyekkel alak\u00edtottak ki. <\/p>\n\n<p><strong>Az \u0150ssi f\u00fcrd\u0151 \u00e1talak\u00edt\u00e1sa<\/strong><\/p>\n\n<p><\/p>\n\n<figure class=\"wp-block-image size-large\"><img decoding=\"async\" width=\"1024\" height=\"576\" src=\"https:\/\/oradea.ro\/wp-content\/uploads\/2025\/04\/1-1024x576.jpg\" alt=\"\" class=\"wp-image-351332\" srcset=\"https:\/\/oradea.ro\/wp-content\/uploads\/2025\/04\/1-1024x576.jpg 1024w, https:\/\/oradea.ro\/wp-content\/uploads\/2025\/04\/1-300x169.jpg 300w, https:\/\/oradea.ro\/wp-content\/uploads\/2025\/04\/1-768x432.jpg 768w, https:\/\/oradea.ro\/wp-content\/uploads\/2025\/04\/1-1536x864.jpg 1536w, https:\/\/oradea.ro\/wp-content\/uploads\/2025\/04\/1.jpg 1600w\" sizes=\"(max-width: 1024px) 100vw, 1024px\" \/><\/figure>\n\n<p><\/p>\n\n<p>A jelenlegi \u0150ssi strand \u00e1talak\u00edt\u00e1sa a k\u00f6vetkez\u0151k\u00e9ppen t\u00f6rt\u00e9nik: a ter\u00fclet egyharmad\u00e1n megmarad a f\u00fcrd\u0151, amely tov\u00e1bbra is a v\u00e1ros nyugd\u00edjasai sz\u00e1m\u00e1ra marad, a ter\u00fclet k\u00e9tharmad\u00e1n, a d\u00e9li oldalon pedig kialak\u00edtj\u00e1k a term\u00e1lf\u00fcrd\u0151kertet.<\/p>\n\n<p>Mivel a megl\u00e9v\u0151 uszoda teljes ter\u00fclete 45 084 n\u00e9gyzetm\u00e9ter, a term\u00e1lf\u00fcrd\u0151 32 405 n\u00e9gyzetm\u00e9tert foglal majd el.<\/p>\n\n<p><\/p>\n\n<p><strong>\u0150ssi term\u00e1lf\u00fcrd\u0151 &#8211; modern rekre\u00e1ci\u00f3s ter\u00fclet<\/strong><\/p>\n\n<p><\/p>\n\n<figure class=\"wp-block-image size-large\"><img decoding=\"async\" width=\"1600\" height=\"900\" src=\"https:\/\/oradea.ro\/wp-content\/uploads\/2025\/04\/6-1024x576.jpg\" alt=\"\" class=\"wp-image-351335\" srcset=\"https:\/\/oradea.ro\/wp-content\/uploads\/2025\/04\/6-1024x576.jpg 1024w, https:\/\/oradea.ro\/wp-content\/uploads\/2025\/04\/6-300x169.jpg 300w, https:\/\/oradea.ro\/wp-content\/uploads\/2025\/04\/6-768x432.jpg 768w, https:\/\/oradea.ro\/wp-content\/uploads\/2025\/04\/6-1536x864.jpg 1536w, https:\/\/oradea.ro\/wp-content\/uploads\/2025\/04\/6.jpg 1600w\" sizes=\"(max-width: 1600px) 100vw, 1600px\" \/><\/figure>\n\n<p><\/p>\n\n<p>A megval\u00f3s\u00edthat\u00f3s\u00e1gi tanulm\u00e1ny szerint a k\u00f6vetkez\u0151k val\u00f3sulnak majd meg:<\/p>\n\n<p>&#8211; SPA <strong>K\u00f6zpont <\/strong><strong> <\/strong>, amely a f\u0151\u00e9p\u00fcletben fog m\u0171k\u00f6dni, pince + f\u00f6ldszint + r\u00e9szleges emelet, \u00f6sszesen 8.853 n\u00e9gyzetm\u00e9teres ter\u00fclettel, amely mag\u00e1ban foglal egy sor fedett medenc\u00e9t (t\u00f6bb mint 500 n\u00e9gyzetm\u00e9ter v\u00edzfel\u00fclet), gy\u00f3gyf\u00fcrd\u0151 ter\u00fcletet, szem\u00e9lyes \u00e9s nyilv\u00e1nos sz\u0171r\u0151ket, \u00f6lt\u00f6z\u0151ket, technikai helyis\u00e9geket, \u00e9tkez\u00e9st, irodai ter\u00fcletet, el\u0151tereket, fitnesztermet.<\/p>\n\n<p>&#8211; <strong>egy<\/strong> m\u00e1sodlagos \u00e9p\u00fclet &#8211; C2 -, amely rakt\u00e1rnak, szanitereknek, alagsori m\u0171szaki helyis\u00e9geknek szolg\u00e1l majd.<\/p>\n\n<p>&#8211; 5 k\u00fclt\u00e9ri medence, \u00fasz\u00f3medence, fedett-k\u00fclt\u00e9ri \u00f6sszek\u00f6t\u0151 medence (a medence teljes ter\u00fclete t\u00f6bb mint 3000 n\u00e9gyzetm\u00e9ter), k\u00f6z\u00e9tkeztet\u00e9si pont a hozz\u00e1 tartoz\u00f3 WC-kkel, b\u00e1r v\u00edzszolg\u00e1ltat\u00e1ssal, k\u00fclt\u00e9ri zuhanyz\u00f3k, napoz\u00e1sra alkalmas k\u0151pad \u00e9s fed\u00e9lzet t\u00edpus\u00fa platformok, sz\u00e1mos z\u00f6ld ter\u00fclet, amelyeket a term\u00e1lvizes ter\u00fcletek k\u00f6r\u00fcli mikrokl\u00edm\u00e1ra jellemz\u0151 n\u00f6v\u00e9nyekkel alak\u00edtottak ki, valamint egy strandponton a Cri\u0219 Repede partj\u00e1n.<\/p>\n\n<p>A term\u00e1lf\u00fcrd\u0151be az Alexandru Cazaban utca d\u00e9li oldal\u00e1n lehet majd bejutni. Szint\u00e9n a d\u00e9li oldalon, az Alexandru Cazaban sug\u00e1r\u00fattal p\u00e1rhuzamosan egy parkol\u00f3t javasolnak kialak\u00edtani 147 parkol\u00f3hellyel, amelyb\u0151l 6 hely a fogyat\u00e9kkal \u00e9l\u0151k sz\u00e1m\u00e1ra, 8 hely az elektromos t\u00f6lt\u00e9sre \u00e9s a ker\u00e9kp\u00e1rok sz\u00e1m\u00e1ra.  <\/p>\n\n<p><\/p>\n\n<figure class=\"wp-block-gallery has-nested-images columns-default is-cropped wp-block-gallery-1 is-layout-flex wp-block-gallery-is-layout-flex\">\n<figure class=\"wp-block-image size-large\"><a href=\"https:\/\/oradea.ro\/wp-content\/uploads\/2025\/04\/11-1024x576.jpg\"><img loading=\"lazy\" decoding=\"async\" width=\"1024\" height=\"576\" data-id=\"351343\" src=\"https:\/\/oradea.ro\/wp-content\/uploads\/2025\/04\/11-1024x576.jpg\" alt=\"\" class=\"wp-image-351343\" srcset=\"https:\/\/oradea.ro\/wp-content\/uploads\/2025\/04\/11-1024x576.jpg 1024w, https:\/\/oradea.ro\/wp-content\/uploads\/2025\/04\/11-300x169.jpg 300w, https:\/\/oradea.ro\/wp-content\/uploads\/2025\/04\/11-768x432.jpg 768w, https:\/\/oradea.ro\/wp-content\/uploads\/2025\/04\/11-1536x864.jpg 1536w, https:\/\/oradea.ro\/wp-content\/uploads\/2025\/04\/11.jpg 1600w\" sizes=\"(max-width: 1024px) 100vw, 1024px\" \/><\/a><\/figure>\n\n\n\n<figure class=\"wp-block-image size-large\"><a href=\"https:\/\/oradea.ro\/wp-content\/uploads\/2025\/04\/2-1-1024x576.jpg\"><img loading=\"lazy\" decoding=\"async\" width=\"1024\" height=\"576\" data-id=\"351344\" src=\"https:\/\/oradea.ro\/wp-content\/uploads\/2025\/04\/2-1-1024x576.jpg\" alt=\"\" class=\"wp-image-351344\" srcset=\"https:\/\/oradea.ro\/wp-content\/uploads\/2025\/04\/2-1-1024x576.jpg 1024w, https:\/\/oradea.ro\/wp-content\/uploads\/2025\/04\/2-1-300x169.jpg 300w, https:\/\/oradea.ro\/wp-content\/uploads\/2025\/04\/2-1-768x432.jpg 768w, https:\/\/oradea.ro\/wp-content\/uploads\/2025\/04\/2-1-1536x864.jpg 1536w, https:\/\/oradea.ro\/wp-content\/uploads\/2025\/04\/2-1.jpg 1600w\" sizes=\"(max-width: 1024px) 100vw, 1024px\" \/><\/a><\/figure>\n\n\n\n<figure class=\"wp-block-image size-large\"><a href=\"https:\/\/oradea.ro\/wp-content\/uploads\/2025\/04\/3-1024x741.jpg\"><img loading=\"lazy\" decoding=\"async\" width=\"1024\" height=\"741\" data-id=\"351349\" src=\"https:\/\/oradea.ro\/wp-content\/uploads\/2025\/04\/3-1024x741.jpg\" alt=\"\" class=\"wp-image-351349\" srcset=\"https:\/\/oradea.ro\/wp-content\/uploads\/2025\/04\/3-1024x741.jpg 1024w, https:\/\/oradea.ro\/wp-content\/uploads\/2025\/04\/3-300x217.jpg 300w, https:\/\/oradea.ro\/wp-content\/uploads\/2025\/04\/3-768x556.jpg 768w, https:\/\/oradea.ro\/wp-content\/uploads\/2025\/04\/3.jpg 1493w\" sizes=\"(max-width: 1024px) 100vw, 1024px\" \/><\/a><\/figure>\n\n\n\n<figure class=\"wp-block-image size-large\"><a href=\"https:\/\/oradea.ro\/wp-content\/uploads\/2025\/04\/5-1024x576.jpg\"><img loading=\"lazy\" decoding=\"async\" width=\"1024\" height=\"576\" data-id=\"351358\" src=\"https:\/\/oradea.ro\/wp-content\/uploads\/2025\/04\/5-1024x576.jpg\" alt=\"\" class=\"wp-image-351358\" srcset=\"https:\/\/oradea.ro\/wp-content\/uploads\/2025\/04\/5-1024x576.jpg 1024w, https:\/\/oradea.ro\/wp-content\/uploads\/2025\/04\/5-300x169.jpg 300w, https:\/\/oradea.ro\/wp-content\/uploads\/2025\/04\/5-768x432.jpg 768w, https:\/\/oradea.ro\/wp-content\/uploads\/2025\/04\/5-1536x864.jpg 1536w, https:\/\/oradea.ro\/wp-content\/uploads\/2025\/04\/5.jpg 1600w\" sizes=\"(max-width: 1024px) 100vw, 1024px\" \/><\/a><\/figure>\n\n\n\n<figure class=\"wp-block-image size-large\"><a href=\"https:\/\/oradea.ro\/wp-content\/uploads\/2025\/04\/7-1024x576.jpg\"><img loading=\"lazy\" decoding=\"async\" width=\"1024\" height=\"576\" data-id=\"351352\" src=\"https:\/\/oradea.ro\/wp-content\/uploads\/2025\/04\/7-1024x576.jpg\" alt=\"\" class=\"wp-image-351352\" srcset=\"https:\/\/oradea.ro\/wp-content\/uploads\/2025\/04\/7-1024x576.jpg 1024w, https:\/\/oradea.ro\/wp-content\/uploads\/2025\/04\/7-300x169.jpg 300w, https:\/\/oradea.ro\/wp-content\/uploads\/2025\/04\/7-768x432.jpg 768w, https:\/\/oradea.ro\/wp-content\/uploads\/2025\/04\/7-1536x864.jpg 1536w, https:\/\/oradea.ro\/wp-content\/uploads\/2025\/04\/7.jpg 1600w\" sizes=\"(max-width: 1024px) 100vw, 1024px\" \/><\/a><\/figure>\n\n\n\n<figure class=\"wp-block-image size-large\"><a href=\"https:\/\/oradea.ro\/wp-content\/uploads\/2025\/04\/8-1024x576.jpg\"><img loading=\"lazy\" decoding=\"async\" width=\"1024\" height=\"576\" data-id=\"351355\" src=\"https:\/\/oradea.ro\/wp-content\/uploads\/2025\/04\/8-1024x576.jpg\" alt=\"\" class=\"wp-image-351355\" srcset=\"https:\/\/oradea.ro\/wp-content\/uploads\/2025\/04\/8-1024x576.jpg 1024w, https:\/\/oradea.ro\/wp-content\/uploads\/2025\/04\/8-300x169.jpg 300w, https:\/\/oradea.ro\/wp-content\/uploads\/2025\/04\/8-768x432.jpg 768w, https:\/\/oradea.ro\/wp-content\/uploads\/2025\/04\/8-1536x864.jpg 1536w, https:\/\/oradea.ro\/wp-content\/uploads\/2025\/04\/8.jpg 1600w\" sizes=\"(max-width: 1024px) 100vw, 1024px\" \/><\/a><\/figure>\n\n\n\n<figure class=\"wp-block-image size-large\"><a href=\"https:\/\/oradea.ro\/wp-content\/uploads\/2025\/04\/9-1024x576.jpg\"><img loading=\"lazy\" decoding=\"async\" width=\"1024\" height=\"576\" data-id=\"351361\" src=\"https:\/\/oradea.ro\/wp-content\/uploads\/2025\/04\/9-1024x576.jpg\" alt=\"\" class=\"wp-image-351361\" srcset=\"https:\/\/oradea.ro\/wp-content\/uploads\/2025\/04\/9-1024x576.jpg 1024w, https:\/\/oradea.ro\/wp-content\/uploads\/2025\/04\/9-300x169.jpg 300w, https:\/\/oradea.ro\/wp-content\/uploads\/2025\/04\/9-768x432.jpg 768w, https:\/\/oradea.ro\/wp-content\/uploads\/2025\/04\/9-1536x864.jpg 1536w, https:\/\/oradea.ro\/wp-content\/uploads\/2025\/04\/9.jpg 1600w\" sizes=\"(max-width: 1024px) 100vw, 1024px\" \/><\/a><\/figure>\n\n\n\n<figure class=\"wp-block-image size-large\"><a href=\"https:\/\/oradea.ro\/wp-content\/uploads\/2025\/04\/10-1-1024x576.jpg\"><img loading=\"lazy\" decoding=\"async\" width=\"1024\" height=\"576\" data-id=\"351364\" src=\"https:\/\/oradea.ro\/wp-content\/uploads\/2025\/04\/10-1-1024x576.jpg\" alt=\"\" class=\"wp-image-351364\" srcset=\"https:\/\/oradea.ro\/wp-content\/uploads\/2025\/04\/10-1-1024x576.jpg 1024w, https:\/\/oradea.ro\/wp-content\/uploads\/2025\/04\/10-1-300x169.jpg 300w, https:\/\/oradea.ro\/wp-content\/uploads\/2025\/04\/10-1-768x432.jpg 768w, https:\/\/oradea.ro\/wp-content\/uploads\/2025\/04\/10-1-1536x864.jpg 1536w, https:\/\/oradea.ro\/wp-content\/uploads\/2025\/04\/10-1.jpg 1600w\" sizes=\"(max-width: 1024px) 100vw, 1024px\" \/><\/a><\/figure>\n<\/figure>\n","protected":false},"author":16,"featured_media":351331,"comment_status":"closed","ping_status":"closed","template":"","stiri-cat":[667],"stiri-tags":[2074],"class_list":["post-352211","stiri","type-stiri","status-publish","has-post-thumbnail","hentry","stiri-cat-stiri-oradea","stiri-tags-stiri-en"],"acf":[],"yoast_head":"<!-- This site is optimized with the Yoast SEO plugin v26.6 - https:\/\/yoast.com\/wordpress\/plugins\/seo\/ -->\n<title>Al\u00e1irt\u00e1k a t\u00e1mogat\u00e1si szerz\u0151d\u00e9st az \u0150ssi term\u00e1lf\u00fcrd\u0151 megval\u00f3s\u00edt\u00e1s\u00e1ra - Oradea.ro<\/title>\n<meta name=\"robots\" content=\"index, follow, max-snippet:-1, max-image-preview:large, max-video-preview:-1\" \/>\n<link rel=\"canonical\" href=\"https:\/\/oradea.ro\/hu\/hirek\/alairtak-a-tamogatasi-szerzodest-az-ossi-termalfurdo-megvalositasara\/\" \/>\n<meta property=\"og:locale\" content=\"hu_HU\" \/>\n<meta property=\"og:type\" content=\"article\" \/>\n<meta property=\"og:title\" content=\"Al\u00e1irt\u00e1k a t\u00e1mogat\u00e1si szerz\u0151d\u00e9st az \u0150ssi term\u00e1lf\u00fcrd\u0151 megval\u00f3s\u00edt\u00e1s\u00e1ra - Oradea.ro\" \/>\n<meta property=\"og:description\" content=\"Al\u00e1irt\u00e1k a t\u00e1mogat\u00e1si szerz\u0151d\u00e9st az \u0150ssi term\u00e1lf\u00fcrd\u0151 megval\u00f3s\u00edt\u00e1s\u00e1ra Al\u00e1irt\u00e1k a t\u00e1mogat\u00e1si szerz\u0151d\u00e9st az \u0150ssi term\u00e1lf\u00fcrd\u0151 megval\u00f3s\u00edt\u00e1s\u00e1ra Al\u00e1\u00edrt\u00e1k a t\u00e1mogat\u00e1si szerz\u0151d\u00e9st az \u0150ssi term\u00e1lf\u00fcrd\u0151 megval\u00f3s\u00edt\u00e1s\u00e1ra. A projektet a nagyv\u00e1radi V\u00e1rosh\u00e1za a Nemzetk\u00f6zi Finansz\u00edroz\u00e1s\u00fa Projektek F\u0151oszt\u00e1ly\u00e1n kereszt\u00fcl ny\u00fajtotta be eur\u00f3pai alapokb\u00f3l t\u00f6rt\u00e9n\u0151 finansz\u00edroz\u00e1sra. A projektet a Region\u00e1lis Fejleszt\u00e9si \u00dcgyn\u00f6ks\u00e9ghez ny\u00fajtott\u00e1k be t\u00e1mogat\u00e1sra az \u00c9szaknyugati Region\u00e1lis Program 2021-2027, 713. sz\u00e1m\u00fa &#8222;A turisztikai infrastrukt\u00fara jav\u00edt\u00e1sa, k\u00fcl\u00f6n\u00f6sen az \u00e9rt\u00e9kes turisztikai potenci\u00e1llal rendelkez\u0151 ter\u00fcleteken, bele\u00e9rtve a turisztikai er\u0151forr\u00e1sokhoz \u00e9s c\u00e9lkit\u0171z\u00e9sekhez val\u00f3 hozz\u00e1f\u00e9r\u00e9s jav\u00edt\u00e1s\u00e1t&#8221; c\u00edm\u0171 p\u00e1ly\u00e1zati felh\u00edv\u00e1s keret\u00e9ben. A p\u00e1ly\u00e1zat teljes \u00e9rt\u00e9ke 214.590.757,59 lej (\u00c1FA-val egy\u00fctt), amelyb\u0151l a vissza nem t\u00e9r\u00edtend\u0151 finansz\u00edroz\u00e1s 62.103.749,99 lej (\u00c1FA-val egy\u00fctt). A kivitelez\u00e9si id\u0151szak a munkaszerz\u0151d\u00e9s al\u00e1\u00edr\u00e1s\u00e1t\u00f3l sz\u00e1m\u00edtott 2 \u00e9v. Jelenleg a m\u0171szaki projekt v\u00e9gleges\u00edt\u00e9s alatt \u00e1ll, \u00e9s a munk\u00e1latok a k\u00f6vetkez\u0151 id\u0151szakban kezd\u0151dnek meg. A megl\u00e9v\u0151, az 1980-as \u00e9vekben \u00e9p\u00fclt \u0150ssi f\u00fcrd\u0151 egy r\u00e9sz\u00e9t modern gy\u00f3gyf\u00fcrd\u0151kertnek alak\u00edtj\u00e1k \u00e1t. Ez a term\u00e1lf\u00fcrd\u0151kert a nagyv\u00e1radi lakosokat \u00e9s a pihenni ide \u00e9rkez\u0151 turist\u00e1kat szolg\u00e1lja majd, fedett \u00e9s szabadt\u00e9ri medenc\u00e9kkel, v\u00edzi b\u00e1rral, napoz\u00f3teraszokkal, gy\u00f3gyf\u00fcrd\u0151vel, fitneszteremmel, fitneszk\u00f6zponttal, nyilv\u00e1nos vend\u00e9gl\u00e1t\u00f3hellyel \u00e9s illemhelyekkel, valamint sz\u00e1mos z\u00f6ld ter\u00fclettel, amelyeket a term\u00e1lvizes ter\u00fcleteket k\u00f6r\u00fclvev\u0151 mikrokl\u00edm\u00e1ra jellemz\u0151 n\u00f6v\u00e9nyekkel alak\u00edtottak ki. Az \u0150ssi f\u00fcrd\u0151 \u00e1talak\u00edt\u00e1sa A jelenlegi \u0150ssi strand \u00e1talak\u00edt\u00e1sa a k\u00f6vetkez\u0151k\u00e9ppen t\u00f6rt\u00e9nik: a ter\u00fclet egyharmad\u00e1n megmarad a f\u00fcrd\u0151, amely tov\u00e1bbra is a v\u00e1ros nyugd\u00edjasai sz\u00e1m\u00e1ra marad, a ter\u00fclet k\u00e9tharmad\u00e1n, a d\u00e9li oldalon pedig kialak\u00edtj\u00e1k a term\u00e1lf\u00fcrd\u0151kertet. Mivel a megl\u00e9v\u0151 uszoda teljes ter\u00fclete 45 084 n\u00e9gyzetm\u00e9ter, a term\u00e1lf\u00fcrd\u0151 32 405 n\u00e9gyzetm\u00e9tert foglal majd el. \u0150ssi term\u00e1lf\u00fcrd\u0151 &#8211; modern rekre\u00e1ci\u00f3s ter\u00fclet A megval\u00f3s\u00edthat\u00f3s\u00e1gi tanulm\u00e1ny szerint a k\u00f6vetkez\u0151k val\u00f3sulnak majd meg: &#8211; SPA K\u00f6zpont , amely a f\u0151\u00e9p\u00fcletben fog m\u0171k\u00f6dni, pince + f\u00f6ldszint + r\u00e9szleges emelet, \u00f6sszesen 8.853 n\u00e9gyzetm\u00e9teres ter\u00fclettel, amely mag\u00e1ban foglal egy sor fedett medenc\u00e9t (t\u00f6bb mint 500 n\u00e9gyzetm\u00e9ter v\u00edzfel\u00fclet), gy\u00f3gyf\u00fcrd\u0151 ter\u00fcletet, szem\u00e9lyes \u00e9s nyilv\u00e1nos sz\u0171r\u0151ket, \u00f6lt\u00f6z\u0151ket, technikai helyis\u00e9geket, \u00e9tkez\u00e9st, irodai ter\u00fcletet, el\u0151tereket, fitnesztermet. &#8211; egy m\u00e1sodlagos \u00e9p\u00fclet &#8211; C2 -, amely rakt\u00e1rnak, szanitereknek, alagsori m\u0171szaki helyis\u00e9geknek szolg\u00e1l majd. &#8211; 5 k\u00fclt\u00e9ri medence, \u00fasz\u00f3medence, fedett-k\u00fclt\u00e9ri \u00f6sszek\u00f6t\u0151 medence (a medence teljes ter\u00fclete t\u00f6bb mint 3000 n\u00e9gyzetm\u00e9ter), k\u00f6z\u00e9tkeztet\u00e9si pont a hozz\u00e1 tartoz\u00f3 WC-kkel, b\u00e1r v\u00edzszolg\u00e1ltat\u00e1ssal, k\u00fclt\u00e9ri zuhanyz\u00f3k, napoz\u00e1sra alkalmas k\u0151pad \u00e9s fed\u00e9lzet t\u00edpus\u00fa platformok, sz\u00e1mos z\u00f6ld ter\u00fclet, amelyeket a term\u00e1lvizes ter\u00fcletek k\u00f6r\u00fcli mikrokl\u00edm\u00e1ra jellemz\u0151 n\u00f6v\u00e9nyekkel alak\u00edtottak ki, valamint egy strandponton a Cri\u0219 Repede partj\u00e1n. A term\u00e1lf\u00fcrd\u0151be az Alexandru Cazaban utca d\u00e9li oldal\u00e1n lehet majd bejutni. Szint\u00e9n a d\u00e9li oldalon, az Alexandru Cazaban sug\u00e1r\u00fattal p\u00e1rhuzamosan egy parkol\u00f3t javasolnak kialak\u00edtani 147 parkol\u00f3hellyel, amelyb\u0151l 6 hely a fogyat\u00e9kkal \u00e9l\u0151k sz\u00e1m\u00e1ra, 8 hely az elektromos t\u00f6lt\u00e9sre \u00e9s a ker\u00e9kp\u00e1rok sz\u00e1m\u00e1ra.\" \/>\n<meta property=\"og:url\" content=\"https:\/\/oradea.ro\/hu\/hirek\/alairtak-a-tamogatasi-szerzodest-az-ossi-termalfurdo-megvalositasara\/\" \/>\n<meta property=\"og:site_name\" content=\"Oradea.ro\" \/>\n<meta property=\"article:modified_time\" content=\"2025-04-10T07:54:40+00:00\" \/>\n<meta property=\"og:image\" content=\"https:\/\/oradea.ro\/wp-content\/uploads\/2025\/04\/4.jpg\" \/>\n\t<meta property=\"og:image:width\" content=\"1600\" \/>\n\t<meta property=\"og:image:height\" content=\"900\" \/>\n\t<meta property=\"og:image:type\" content=\"image\/jpeg\" \/>\n<meta name=\"twitter:card\" content=\"summary_large_image\" \/>\n<meta name=\"twitter:label1\" content=\"Becs\u00fclt olvas\u00e1si id\u0151\" \/>\n\t<meta name=\"twitter:data1\" content=\"3 perc\" \/>\n<script type=\"application\/ld+json\" class=\"yoast-schema-graph\">{\"@context\":\"https:\/\/schema.org\",\"@graph\":[{\"@type\":\"WebPage\",\"@id\":\"https:\/\/oradea.ro\/hu\/hirek\/alairtak-a-tamogatasi-szerzodest-az-ossi-termalfurdo-megvalositasara\/\",\"url\":\"https:\/\/oradea.ro\/hu\/hirek\/alairtak-a-tamogatasi-szerzodest-az-ossi-termalfurdo-megvalositasara\/\",\"name\":\"Al\u00e1irt\u00e1k a t\u00e1mogat\u00e1si szerz\u0151d\u00e9st az \u0150ssi term\u00e1lf\u00fcrd\u0151 megval\u00f3s\u00edt\u00e1s\u00e1ra - Oradea.ro\",\"isPartOf\":{\"@id\":\"https:\/\/oradea.ro\/#website\"},\"primaryImageOfPage\":{\"@id\":\"https:\/\/oradea.ro\/hu\/hirek\/alairtak-a-tamogatasi-szerzodest-az-ossi-termalfurdo-megvalositasara\/#primaryimage\"},\"image\":{\"@id\":\"https:\/\/oradea.ro\/hu\/hirek\/alairtak-a-tamogatasi-szerzodest-az-ossi-termalfurdo-megvalositasara\/#primaryimage\"},\"thumbnailUrl\":\"https:\/\/oradea.ro\/wp-content\/uploads\/2025\/04\/4.jpg\",\"datePublished\":\"2025-04-04T11:24:27+00:00\",\"dateModified\":\"2025-04-10T07:54:40+00:00\",\"breadcrumb\":{\"@id\":\"https:\/\/oradea.ro\/hu\/hirek\/alairtak-a-tamogatasi-szerzodest-az-ossi-termalfurdo-megvalositasara\/#breadcrumb\"},\"inLanguage\":\"hu\",\"potentialAction\":[{\"@type\":\"ReadAction\",\"target\":[\"https:\/\/oradea.ro\/hu\/hirek\/alairtak-a-tamogatasi-szerzodest-az-ossi-termalfurdo-megvalositasara\/\"]}]},{\"@type\":\"ImageObject\",\"inLanguage\":\"hu\",\"@id\":\"https:\/\/oradea.ro\/hu\/hirek\/alairtak-a-tamogatasi-szerzodest-az-ossi-termalfurdo-megvalositasara\/#primaryimage\",\"url\":\"https:\/\/oradea.ro\/wp-content\/uploads\/2025\/04\/4.jpg\",\"contentUrl\":\"https:\/\/oradea.ro\/wp-content\/uploads\/2025\/04\/4.jpg\",\"width\":1600,\"height\":900},{\"@type\":\"BreadcrumbList\",\"@id\":\"https:\/\/oradea.ro\/hu\/hirek\/alairtak-a-tamogatasi-szerzodest-az-ossi-termalfurdo-megvalositasara\/#breadcrumb\",\"itemListElement\":[{\"@type\":\"ListItem\",\"position\":1,\"name\":\"\",\"item\":\"https:\/\/oradea.ro\/hu\/\"},{\"@type\":\"ListItem\",\"position\":2,\"name\":\"\u0218tiri\",\"item\":\"https:\/\/oradea.ro\/stiri\/\"},{\"@type\":\"ListItem\",\"position\":3,\"name\":\"Al\u00e1irt\u00e1k a t\u00e1mogat\u00e1si szerz\u0151d\u00e9st az \u0150ssi term\u00e1lf\u00fcrd\u0151 megval\u00f3s\u00edt\u00e1s\u00e1ra\"}]},{\"@type\":\"WebSite\",\"@id\":\"https:\/\/oradea.ro\/#website\",\"url\":\"https:\/\/oradea.ro\/\",\"name\":\"Oradea.ro\",\"description\":\"Site-ul oficial al Prim\u0103riei Municipiului Oradea\",\"publisher\":{\"@id\":\"https:\/\/oradea.ro\/#organization\"},\"potentialAction\":[{\"@type\":\"SearchAction\",\"target\":{\"@type\":\"EntryPoint\",\"urlTemplate\":\"https:\/\/oradea.ro\/?s={search_term_string}\"},\"query-input\":{\"@type\":\"PropertyValueSpecification\",\"valueRequired\":true,\"valueName\":\"search_term_string\"}}],\"inLanguage\":\"hu\"},{\"@type\":\"Organization\",\"@id\":\"https:\/\/oradea.ro\/#organization\",\"name\":\"Oradea.ro\",\"url\":\"https:\/\/oradea.ro\/\",\"logo\":{\"@type\":\"ImageObject\",\"inLanguage\":\"hu\",\"@id\":\"https:\/\/oradea.ro\/#\/schema\/logo\/image\/\",\"url\":\"https:\/\/oradea.ro\/wp-content\/uploads\/2023\/06\/footer_logo.svg\",\"contentUrl\":\"https:\/\/oradea.ro\/wp-content\/uploads\/2023\/06\/footer_logo.svg\",\"width\":218,\"height\":53,\"caption\":\"Oradea.ro\"},\"image\":{\"@id\":\"https:\/\/oradea.ro\/#\/schema\/logo\/image\/\"}}]}<\/script>\n<!-- \/ Yoast SEO plugin. -->","yoast_head_json":{"title":"Al\u00e1irt\u00e1k a t\u00e1mogat\u00e1si szerz\u0151d\u00e9st az \u0150ssi term\u00e1lf\u00fcrd\u0151 megval\u00f3s\u00edt\u00e1s\u00e1ra - Oradea.ro","robots":{"index":"index","follow":"follow","max-snippet":"max-snippet:-1","max-image-preview":"max-image-preview:large","max-video-preview":"max-video-preview:-1"},"canonical":"https:\/\/oradea.ro\/hu\/hirek\/alairtak-a-tamogatasi-szerzodest-az-ossi-termalfurdo-megvalositasara\/","og_locale":"hu_HU","og_type":"article","og_title":"Al\u00e1irt\u00e1k a t\u00e1mogat\u00e1si szerz\u0151d\u00e9st az \u0150ssi term\u00e1lf\u00fcrd\u0151 megval\u00f3s\u00edt\u00e1s\u00e1ra - Oradea.ro","og_description":"Al\u00e1irt\u00e1k a t\u00e1mogat\u00e1si szerz\u0151d\u00e9st az \u0150ssi term\u00e1lf\u00fcrd\u0151 megval\u00f3s\u00edt\u00e1s\u00e1ra Al\u00e1irt\u00e1k a t\u00e1mogat\u00e1si szerz\u0151d\u00e9st az \u0150ssi term\u00e1lf\u00fcrd\u0151 megval\u00f3s\u00edt\u00e1s\u00e1ra Al\u00e1\u00edrt\u00e1k a t\u00e1mogat\u00e1si szerz\u0151d\u00e9st az \u0150ssi term\u00e1lf\u00fcrd\u0151 megval\u00f3s\u00edt\u00e1s\u00e1ra. A projektet a nagyv\u00e1radi V\u00e1rosh\u00e1za a Nemzetk\u00f6zi Finansz\u00edroz\u00e1s\u00fa Projektek F\u0151oszt\u00e1ly\u00e1n kereszt\u00fcl ny\u00fajtotta be eur\u00f3pai alapokb\u00f3l t\u00f6rt\u00e9n\u0151 finansz\u00edroz\u00e1sra. A projektet a Region\u00e1lis Fejleszt\u00e9si \u00dcgyn\u00f6ks\u00e9ghez ny\u00fajtott\u00e1k be t\u00e1mogat\u00e1sra az \u00c9szaknyugati Region\u00e1lis Program 2021-2027, 713. sz\u00e1m\u00fa &#8222;A turisztikai infrastrukt\u00fara jav\u00edt\u00e1sa, k\u00fcl\u00f6n\u00f6sen az \u00e9rt\u00e9kes turisztikai potenci\u00e1llal rendelkez\u0151 ter\u00fcleteken, bele\u00e9rtve a turisztikai er\u0151forr\u00e1sokhoz \u00e9s c\u00e9lkit\u0171z\u00e9sekhez val\u00f3 hozz\u00e1f\u00e9r\u00e9s jav\u00edt\u00e1s\u00e1t&#8221; c\u00edm\u0171 p\u00e1ly\u00e1zati felh\u00edv\u00e1s keret\u00e9ben. A p\u00e1ly\u00e1zat teljes \u00e9rt\u00e9ke 214.590.757,59 lej (\u00c1FA-val egy\u00fctt), amelyb\u0151l a vissza nem t\u00e9r\u00edtend\u0151 finansz\u00edroz\u00e1s 62.103.749,99 lej (\u00c1FA-val egy\u00fctt). A kivitelez\u00e9si id\u0151szak a munkaszerz\u0151d\u00e9s al\u00e1\u00edr\u00e1s\u00e1t\u00f3l sz\u00e1m\u00edtott 2 \u00e9v. Jelenleg a m\u0171szaki projekt v\u00e9gleges\u00edt\u00e9s alatt \u00e1ll, \u00e9s a munk\u00e1latok a k\u00f6vetkez\u0151 id\u0151szakban kezd\u0151dnek meg. A megl\u00e9v\u0151, az 1980-as \u00e9vekben \u00e9p\u00fclt \u0150ssi f\u00fcrd\u0151 egy r\u00e9sz\u00e9t modern gy\u00f3gyf\u00fcrd\u0151kertnek alak\u00edtj\u00e1k \u00e1t. Ez a term\u00e1lf\u00fcrd\u0151kert a nagyv\u00e1radi lakosokat \u00e9s a pihenni ide \u00e9rkez\u0151 turist\u00e1kat szolg\u00e1lja majd, fedett \u00e9s szabadt\u00e9ri medenc\u00e9kkel, v\u00edzi b\u00e1rral, napoz\u00f3teraszokkal, gy\u00f3gyf\u00fcrd\u0151vel, fitneszteremmel, fitneszk\u00f6zponttal, nyilv\u00e1nos vend\u00e9gl\u00e1t\u00f3hellyel \u00e9s illemhelyekkel, valamint sz\u00e1mos z\u00f6ld ter\u00fclettel, amelyeket a term\u00e1lvizes ter\u00fcleteket k\u00f6r\u00fclvev\u0151 mikrokl\u00edm\u00e1ra jellemz\u0151 n\u00f6v\u00e9nyekkel alak\u00edtottak ki. Az \u0150ssi f\u00fcrd\u0151 \u00e1talak\u00edt\u00e1sa A jelenlegi \u0150ssi strand \u00e1talak\u00edt\u00e1sa a k\u00f6vetkez\u0151k\u00e9ppen t\u00f6rt\u00e9nik: a ter\u00fclet egyharmad\u00e1n megmarad a f\u00fcrd\u0151, amely tov\u00e1bbra is a v\u00e1ros nyugd\u00edjasai sz\u00e1m\u00e1ra marad, a ter\u00fclet k\u00e9tharmad\u00e1n, a d\u00e9li oldalon pedig kialak\u00edtj\u00e1k a term\u00e1lf\u00fcrd\u0151kertet. Mivel a megl\u00e9v\u0151 uszoda teljes ter\u00fclete 45 084 n\u00e9gyzetm\u00e9ter, a term\u00e1lf\u00fcrd\u0151 32 405 n\u00e9gyzetm\u00e9tert foglal majd el. \u0150ssi term\u00e1lf\u00fcrd\u0151 &#8211; modern rekre\u00e1ci\u00f3s ter\u00fclet A megval\u00f3s\u00edthat\u00f3s\u00e1gi tanulm\u00e1ny szerint a k\u00f6vetkez\u0151k val\u00f3sulnak majd meg: &#8211; SPA K\u00f6zpont , amely a f\u0151\u00e9p\u00fcletben fog m\u0171k\u00f6dni, pince + f\u00f6ldszint + r\u00e9szleges emelet, \u00f6sszesen 8.853 n\u00e9gyzetm\u00e9teres ter\u00fclettel, amely mag\u00e1ban foglal egy sor fedett medenc\u00e9t (t\u00f6bb mint 500 n\u00e9gyzetm\u00e9ter v\u00edzfel\u00fclet), gy\u00f3gyf\u00fcrd\u0151 ter\u00fcletet, szem\u00e9lyes \u00e9s nyilv\u00e1nos sz\u0171r\u0151ket, \u00f6lt\u00f6z\u0151ket, technikai helyis\u00e9geket, \u00e9tkez\u00e9st, irodai ter\u00fcletet, el\u0151tereket, fitnesztermet. &#8211; egy m\u00e1sodlagos \u00e9p\u00fclet &#8211; C2 -, amely rakt\u00e1rnak, szanitereknek, alagsori m\u0171szaki helyis\u00e9geknek szolg\u00e1l majd. &#8211; 5 k\u00fclt\u00e9ri medence, \u00fasz\u00f3medence, fedett-k\u00fclt\u00e9ri \u00f6sszek\u00f6t\u0151 medence (a medence teljes ter\u00fclete t\u00f6bb mint 3000 n\u00e9gyzetm\u00e9ter), k\u00f6z\u00e9tkeztet\u00e9si pont a hozz\u00e1 tartoz\u00f3 WC-kkel, b\u00e1r v\u00edzszolg\u00e1ltat\u00e1ssal, k\u00fclt\u00e9ri zuhanyz\u00f3k, napoz\u00e1sra alkalmas k\u0151pad \u00e9s fed\u00e9lzet t\u00edpus\u00fa platformok, sz\u00e1mos z\u00f6ld ter\u00fclet, amelyeket a term\u00e1lvizes ter\u00fcletek k\u00f6r\u00fcli mikrokl\u00edm\u00e1ra jellemz\u0151 n\u00f6v\u00e9nyekkel alak\u00edtottak ki, valamint egy strandponton a Cri\u0219 Repede partj\u00e1n. A term\u00e1lf\u00fcrd\u0151be az Alexandru Cazaban utca d\u00e9li oldal\u00e1n lehet majd bejutni. Szint\u00e9n a d\u00e9li oldalon, az Alexandru Cazaban sug\u00e1r\u00fattal p\u00e1rhuzamosan egy parkol\u00f3t javasolnak kialak\u00edtani 147 parkol\u00f3hellyel, amelyb\u0151l 6 hely a fogyat\u00e9kkal \u00e9l\u0151k sz\u00e1m\u00e1ra, 8 hely az elektromos t\u00f6lt\u00e9sre \u00e9s a ker\u00e9kp\u00e1rok sz\u00e1m\u00e1ra.","og_url":"https:\/\/oradea.ro\/hu\/hirek\/alairtak-a-tamogatasi-szerzodest-az-ossi-termalfurdo-megvalositasara\/","og_site_name":"Oradea.ro","article_modified_time":"2025-04-10T07:54:40+00:00","og_image":[{"width":1600,"height":900,"url":"https:\/\/oradea.ro\/wp-content\/uploads\/2025\/04\/4.jpg","type":"image\/jpeg"}],"twitter_card":"summary_large_image","twitter_misc":{"Becs\u00fclt olvas\u00e1si id\u0151":"3 perc"},"schema":{"@context":"https:\/\/schema.org","@graph":[{"@type":"WebPage","@id":"https:\/\/oradea.ro\/hu\/hirek\/alairtak-a-tamogatasi-szerzodest-az-ossi-termalfurdo-megvalositasara\/","url":"https:\/\/oradea.ro\/hu\/hirek\/alairtak-a-tamogatasi-szerzodest-az-ossi-termalfurdo-megvalositasara\/","name":"Al\u00e1irt\u00e1k a t\u00e1mogat\u00e1si szerz\u0151d\u00e9st az \u0150ssi term\u00e1lf\u00fcrd\u0151 megval\u00f3s\u00edt\u00e1s\u00e1ra - Oradea.ro","isPartOf":{"@id":"https:\/\/oradea.ro\/#website"},"primaryImageOfPage":{"@id":"https:\/\/oradea.ro\/hu\/hirek\/alairtak-a-tamogatasi-szerzodest-az-ossi-termalfurdo-megvalositasara\/#primaryimage"},"image":{"@id":"https:\/\/oradea.ro\/hu\/hirek\/alairtak-a-tamogatasi-szerzodest-az-ossi-termalfurdo-megvalositasara\/#primaryimage"},"thumbnailUrl":"https:\/\/oradea.ro\/wp-content\/uploads\/2025\/04\/4.jpg","datePublished":"2025-04-04T11:24:27+00:00","dateModified":"2025-04-10T07:54:40+00:00","breadcrumb":{"@id":"https:\/\/oradea.ro\/hu\/hirek\/alairtak-a-tamogatasi-szerzodest-az-ossi-termalfurdo-megvalositasara\/#breadcrumb"},"inLanguage":"hu","potentialAction":[{"@type":"ReadAction","target":["https:\/\/oradea.ro\/hu\/hirek\/alairtak-a-tamogatasi-szerzodest-az-ossi-termalfurdo-megvalositasara\/"]}]},{"@type":"ImageObject","inLanguage":"hu","@id":"https:\/\/oradea.ro\/hu\/hirek\/alairtak-a-tamogatasi-szerzodest-az-ossi-termalfurdo-megvalositasara\/#primaryimage","url":"https:\/\/oradea.ro\/wp-content\/uploads\/2025\/04\/4.jpg","contentUrl":"https:\/\/oradea.ro\/wp-content\/uploads\/2025\/04\/4.jpg","width":1600,"height":900},{"@type":"BreadcrumbList","@id":"https:\/\/oradea.ro\/hu\/hirek\/alairtak-a-tamogatasi-szerzodest-az-ossi-termalfurdo-megvalositasara\/#breadcrumb","itemListElement":[{"@type":"ListItem","position":1,"name":"","item":"https:\/\/oradea.ro\/hu\/"},{"@type":"ListItem","position":2,"name":"\u0218tiri","item":"https:\/\/oradea.ro\/stiri\/"},{"@type":"ListItem","position":3,"name":"Al\u00e1irt\u00e1k a t\u00e1mogat\u00e1si szerz\u0151d\u00e9st az \u0150ssi term\u00e1lf\u00fcrd\u0151 megval\u00f3s\u00edt\u00e1s\u00e1ra"}]},{"@type":"WebSite","@id":"https:\/\/oradea.ro\/#website","url":"https:\/\/oradea.ro\/","name":"Oradea.ro","description":"Site-ul oficial al Prim\u0103riei Municipiului Oradea","publisher":{"@id":"https:\/\/oradea.ro\/#organization"},"potentialAction":[{"@type":"SearchAction","target":{"@type":"EntryPoint","urlTemplate":"https:\/\/oradea.ro\/?s={search_term_string}"},"query-input":{"@type":"PropertyValueSpecification","valueRequired":true,"valueName":"search_term_string"}}],"inLanguage":"hu"},{"@type":"Organization","@id":"https:\/\/oradea.ro\/#organization","name":"Oradea.ro","url":"https:\/\/oradea.ro\/","logo":{"@type":"ImageObject","inLanguage":"hu","@id":"https:\/\/oradea.ro\/#\/schema\/logo\/image\/","url":"https:\/\/oradea.ro\/wp-content\/uploads\/2023\/06\/footer_logo.svg","contentUrl":"https:\/\/oradea.ro\/wp-content\/uploads\/2023\/06\/footer_logo.svg","width":218,"height":53,"caption":"Oradea.ro"},"image":{"@id":"https:\/\/oradea.ro\/#\/schema\/logo\/image\/"}}]}},"publishpress_future_workflow_manual_trigger":{"enabledWorkflows":[]},"_links":{"self":[{"href":"https:\/\/oradea.ro\/hu\/wp-json\/wp\/v2\/stiri\/352211","targetHints":{"allow":["GET"]}}],"collection":[{"href":"https:\/\/oradea.ro\/hu\/wp-json\/wp\/v2\/stiri"}],"about":[{"href":"https:\/\/oradea.ro\/hu\/wp-json\/wp\/v2\/types\/stiri"}],"author":[{"embeddable":true,"href":"https:\/\/oradea.ro\/hu\/wp-json\/wp\/v2\/users\/16"}],"replies":[{"embeddable":true,"href":"https:\/\/oradea.ro\/hu\/wp-json\/wp\/v2\/comments?post=352211"}],"version-history":[{"count":1,"href":"https:\/\/oradea.ro\/hu\/wp-json\/wp\/v2\/stiri\/352211\/revisions"}],"predecessor-version":[{"id":352212,"href":"https:\/\/oradea.ro\/hu\/wp-json\/wp\/v2\/stiri\/352211\/revisions\/352212"}],"wp:featuredmedia":[{"embeddable":true,"href":"https:\/\/oradea.ro\/hu\/wp-json\/wp\/v2\/media\/351331"}],"wp:attachment":[{"href":"https:\/\/oradea.ro\/hu\/wp-json\/wp\/v2\/media?parent=352211"}],"wp:term":[{"taxonomy":"stiri-cat","embeddable":true,"href":"https:\/\/oradea.ro\/hu\/wp-json\/wp\/v2\/stiri-cat?post=352211"},{"taxonomy":"stiri-tags","embeddable":true,"href":"https:\/\/oradea.ro\/hu\/wp-json\/wp\/v2\/stiri-tags?post=352211"}],"curies":[{"name":"wp","href":"https:\/\/api.w.org\/{rel}","templated":true}]}}