{"id":353926,"date":"2025-04-25T14:43:56","date_gmt":"2025-04-25T12:43:56","guid":{"rendered":"https:\/\/oradea.ro\/stiri\/nagyvarad-az-europai-alapok-sikeres-felhasznalasanak-modellje-piotr-serafin-europai-biztos-hivatalos-latogatasa\/"},"modified":"2025-04-29T07:46:12","modified_gmt":"2025-04-29T05:46:12","slug":"nagyvarad-az-europai-alapok-sikeres-felhasznalasanak-modellje-piotr-serafin-europai-biztos-hivatalos-latogatasa","status":"publish","type":"stiri","link":"https:\/\/oradea.ro\/hu\/hirek\/nagyvarad-az-europai-alapok-sikeres-felhasznalasanak-modellje-piotr-serafin-europai-biztos-hivatalos-latogatasa\/","title":{"rendered":"Nagyv\u00e1rad, az eur\u00f3pai alapok sikeres felhaszn\u00e1l\u00e1s\u00e1nak modellje: Piotr Serafin eur\u00f3pai biztos hivatalos l\u00e1togat\u00e1sa"},"content":{"rendered":"<div class=\"min-w-[100vw] h-[350px] md:h-[500px] ml-[calc(50%-50vw)] flex items-end bg-no-repeat bg-white bg-cover bg-center px-5\" style=\"background-image: url(https:\/\/oradea.ro\/wp-content\/uploads\/2025\/04\/rep-scaled.jpg);\">\r\n                    <div class=\"w-full max-w-7xl mx-auto mb-6\">\r\n                        <h1 class=\"my-0 text-white font-extrabold font-open-sans text-3xl md:text-6xl [text-shadow:_0_1px_4px_rgb(0_0_0_\/_50%)]\">Nagyv\u00e1rad, az eur\u00f3pai alapok sikeres felhaszn\u00e1l\u00e1s\u00e1nak modellje: Piotr Serafin eur\u00f3pai biztos hivatalos l\u00e1togat\u00e1sa<\/h1>\r\n                    <\/div>\r\n                <\/div><div class=\"!px-5\"><div class=\"breadcrumbs w-full max-w-7xl mx-auto grid md:flex flex-wrap items-center py-4 test\"><div><a href=\"https:\/\/oradea.ro\/hu\/\"><span class=\"fas fa-home text-[#ABAEB3]\"><\/span><\/a><span class=\"md:hidden\"><span class=\"fas fa-chevron-down mx-5 text-xs text-[#ABAEB3] hover:text-black\/50 transition-all\"><\/span><\/span><span class=\"hidden md:inline\"><span class=\"fas fa-chevron-right mx-5 text-xs text-[#ABAEB3] hover:text-black\/50 transition-all\"><\/span><\/span><\/div><span class=\"font-poppins font-semibold uppercase text-black\/60\">Nagyv\u00e1rad, az eur\u00f3pai alapok sikeres felhaszn\u00e1l\u00e1s\u00e1nak modellje: Piotr Serafin eur\u00f3pai biztos hivatalos l\u00e1togat\u00e1sa<\/span><\/div><\/div>\n<p>A mai napon Nagyv\u00e1radon magas szint\u0171 hivatalos l\u00e1togat\u00e1sra ker\u00fclt sor, amely \u00faj eur\u00f3pai szint\u0171 elismer\u00e9st jelent a helyi \u00f6nkorm\u00e1nyzatoknak az eur\u00f3pai alapok bevon\u00e1sa \u00e9s felhaszn\u00e1l\u00e1sa ter\u00e9n ny\u00fajtott teljes\u00edtm\u00e9nye ir\u00e1nt. Piotr Serafin eur\u00f3pai biztos, az Eur\u00f3pai Bizotts\u00e1g k\u00f6lts\u00e9gvet\u00e9s\u00e9rt, csal\u00e1s elleni k\u00fczdelem\u00e9rt \u00e9s k\u00f6zigazgat\u00e1s\u00e9rt felel\u0151s biztosa az eur\u00f3pai beruh\u00e1z\u00e1sok\u00e9rt \u00e9s projektek\u00e9rt felel\u0151s miniszter, Marcel Bolo\u0219, Siegfried Mure\u0219an eur\u00f3pai parlamenti k\u00e9pvisel\u0151 &#8211; az Eur\u00f3pai Parlament k\u00f6lts\u00e9gvet\u00e9si bizotts\u00e1g\u00e1nak aleln\u00f6ke -, valamint Mihai Jurca \u00e9s Lumini\u021ba Odobescu eln\u00f6ki tan\u00e1csosok k\u00eds\u00e9ret\u00e9ben tett t\u00e1j\u00e9koz\u00f3d\u00f3 l\u00e1togat\u00e1st Nagyv\u00e1radon. A deleg\u00e1ci\u00f3t Florin Birta, Nagyv\u00e1rad polg\u00e1rmestere l\u00e1tta vend\u00e9g\u00fcl.  <\/p>\n\n<p>A l\u00e1togat\u00e1s programja egy sor olyan c\u00e9lkit\u0171z\u00e9st tartalmazott, amelyek az eur\u00f3pai alapok Nagyv\u00e1rad fejl\u0151d\u00e9s\u00e9re gyakorolt hat\u00e1s\u00e1val kapcsolatosak. Az els\u0151 \u00e1llom\u00e1s a <strong>Nagyv\u00e1radi Megyei S\u00fcrg\u0151ss\u00e9gi K\u00f3rh\u00e1z<\/strong> volt, ahol Gheorghe Carp igazgat\u00f3 fogadta a deleg\u00e1ci\u00f3t. Az eur\u00f3pai tisztvisel\u0151knek lehet\u0151s\u00e9g\u00fck volt megl\u00e1togatni a k\u00f3rh\u00e1z korszer\u0171s\u00edtett k\u00f3rtermeit, \u00e9s megismerkedhettek azokkal a jelent\u0151s beruh\u00e1z\u00e1sokkal, amelyek lehet\u0151v\u00e9 tett\u00e9k a k\u00f3rh\u00e1z korszer\u0171 felszerel\u00e9s\u00e9t \u00e9s az orvosi ell\u00e1t\u00e1s min\u0151s\u00e9g\u00e9nek jav\u00edt\u00e1s\u00e1t.  <\/p>\n\n<p>A <strong>nagyv\u00e1radi rep\u00fcl\u0151t\u00e9ren<\/strong> a deleg\u00e1ci\u00f3t R\u0103zvan Horga f\u0151igazgat\u00f3 fogadta, aki bemutatta a befejezett \u00e9s a megval\u00f3s\u00edt\u00e1s alatt \u00e1ll\u00f3 projekteket, amelyek c\u00e9lja a m\u0171k\u00f6d\u00e9si kapacit\u00e1s b\u0151v\u00edt\u00e9se, az infrastrukt\u00fara jav\u00edt\u00e1sa \u00e9s a l\u00e9gi \u00fatvonalak diverzifik\u00e1l\u00e1sa, \u00e9s amelyek mind az eur\u00f3pai alapok t\u00e1mogat\u00e1s\u00e1val val\u00f3sulnak meg.<\/p>\n\n<p>A biztosi vizit egy <strong>sikeres v\u00e1llalatn\u00e1l<\/strong> tett l\u00e1togat\u00e1ssal folytat\u00f3dott <strong>a nagyv\u00e1radi Eurobusiness Ipari Parkban.<\/strong> A tisztvisel\u0151k megl\u00e1togattak egy <strong>korszer\u0171s\u00edtett \u00f3vod\u00e1t<\/strong> is, amely beruh\u00e1z\u00e1s hozz\u00e1j\u00e1rul az \u00f3vodai nevel\u00e9s felt\u00e9teleinek jav\u00edt\u00e1s\u00e1hoz. <\/p>\n\n<p>A l\u00e1togat\u00e1s m\u00e1sik f\u00e9nypontja <strong>az Emanuil Gojdu t\u00e9ren kialak\u00edtott fenntarthat\u00f3 v\u00e1rosi mobilit\u00e1si folyos\u00f3<\/strong> volt, amely a t\u00f6megk\u00f6zleked\u00e9st, ker\u00e9kp\u00e1rutakat \u00e9s gyalogosfel\u00fcleteket integr\u00e1l\u00f3 modern h\u00e1l\u00f3zat r\u00e9sze. V\u00e9g\u00fcl a k\u00fcld\u00f6tts\u00e9g megl\u00e1togatta a <strong>nagyv\u00e1radi V\u00e1rat<\/strong>, amely az eur\u00f3pai alapok seg\u00edts\u00e9g\u00e9vel meg\u00fajult \u00f6r\u00f6ks\u00e9g szimb\u00f3luma, \u00e9s kultur\u00e1lis \u00e9s turisztikai p\u00f3luss\u00e1 alakult \u00e1t. <\/p>\n\n<p>A k\u00fcld\u00f6tts\u00e9g megl\u00e1togatta az \u00faj <strong>Fert\u0151z\u0151 Betegs\u00e9gek K\u00f3rh\u00e1z\u00e1nak<\/strong> \u00e9p\u00edt\u00e9si ter\u00fclet\u00e9t is, amely egy eur\u00f3pai alapokb\u00f3l megval\u00f3sul\u00f3 projekt.<\/p>\n\n<p>A l\u00e1togat\u00e1s v\u00e9g\u00e9n, a nagyv\u00e1radi V\u00e1rban tartott sajt\u00f3t\u00e1j\u00e9koztat\u00f3n <strong>Florin Birta polg\u00e1rmester<\/strong> elmondta, hogy az eur\u00f3pai biztos l\u00e1togat\u00e1sa az elm\u00falt \u00e9vekben v\u00e9gzett munka meger\u0151s\u00edt\u00e9se:<br\/><em>&#8222;Piotr Serafin biztos jelenl\u00e9te meger\u0151s\u00edti, hogy Nagyv\u00e1rad j\u00f3 \u00faton halad. Az eur\u00f3pai alapok voltak a hajt\u00f3ereje a v\u00e1rosunkban v\u00e9gbement jelent\u0151s \u00e1talakul\u00e1soknak, \u00e9s Nagyv\u00e1rad sikerei m\u00e1s k\u00f6z\u00f6ss\u00e9gek sz\u00e1m\u00e1ra is inspir\u00e1ci\u00f3s forr\u00e1ss\u00e1 v\u00e1lhatnak&#8221;.&#8221;<\/em><\/p>\n\n<p><strong>Piotr Serafin eur\u00f3pai biztos<\/strong> elmondta, hogy leny\u0171g\u00f6zt\u00e9k a megl\u00e1togatott projektek l\u00e1that\u00f3 eredm\u00e9nyei, \u00e9s k\u00fcl\u00f6n\u00f6sen a megyei k\u00f3rh\u00e1z l\u00e9tes\u00edtm\u00e9nyeit emelte ki, mondv\u00e1n, hogy az Eur\u00f3pa legnevesebb k\u00f3rh\u00e1zaival vetekszik. Nagyra \u00e9rt\u00e9kelte a lehet\u0151s\u00e9get, hogy k\u00f6zvetlen\u00fcl kapcsolatba l\u00e9phetett egy olyan v\u00e1ros vezet\u00e9s\u00e9vel, amely t\u00e9nylegesen r\u00e9szes\u00fclt az eur\u00f3pai finansz\u00edroz\u00e1sb\u00f3l, \u00e9s elmondta: <br\/><em>&#8222;Az eur\u00f3pai alapok megv\u00e1ltoztathatj\u00e1k egy v\u00e1ros arculat\u00e1t, t\u00e1mogathatj\u00e1k a versenyk\u00e9pess\u00e9get \u00e9s gy\u00f6keresen \u00e1talak\u00edthatj\u00e1k a polg\u00e1rok \u00e9letmin\u0151s\u00e9g\u00e9t.&#8221;<\/em><\/p>\n\n<p><strong>Marcel Bolo\u0219 miniszter<\/strong> hangs\u00falyozta a Siegfried Mure\u0219an eur\u00f3pai parlamenti k\u00e9pvisel\u0151vel val\u00f3 egy\u00fcttm\u0171k\u00f6d\u00e9s fontoss\u00e1g\u00e1t, \u00e9s elmondta, hogy bemutatta az eur\u00f3pai biztosnak Rom\u00e1nia koh\u00e9zi\u00f3s politik\u00e1kkal kapcsolatos elk\u00e9pzel\u00e9seit, valamint a r\u00e9gi\u00f3k d\u00f6nt\u0151 szerep\u00e9t a kiegyens\u00falyozott fejl\u0151d\u00e9s folyamat\u00e1ban. \u00d6r\u00f6m\u00e9t fejezte ki, hogy az Eurobusiness Ipari Park projektet a j\u00f3 gyakorlat modelljek\u00e9nt ismert\u00e9k el. <\/p>\n\n<p><strong>Siegfried Mure\u0219an eur\u00f3pai parlamenti k\u00e9pvisel\u0151<\/strong> szerint az Eur\u00f3pai Uni\u00f3 k\u00f6vetkez\u0151 t\u00f6bb\u00e9ves k\u00f6lts\u00e9gvet\u00e9se ambici\u00f3zus lesz, \u00e9s Nagyv\u00e1rad meggy\u0151z\u0151 p\u00e9lda a koh\u00e9zi\u00f3s politik\u00e1k t\u00e1mogat\u00e1s\u00e1ra:<br\/><em>&#8222;Tov\u00e1bbra is kamp\u00e1nyolni fogok az eur\u00f3pai alapokhoz val\u00f3 hozz\u00e1f\u00e9r\u00e9si elj\u00e1r\u00e1sok egyszer\u0171s\u00edt\u00e9s\u00e9\u00e9rt \u00e9s a b\u00fcrokr\u00e1cia cs\u00f6kkent\u00e9s\u00e9\u00e9rt, hogy a Nagyv\u00e1radhoz hasonl\u00f3 k\u00f6z\u00f6ss\u00e9gek tov\u00e1bbra is gyors\u00edtott \u00fctemben fejl\u0151dhessenek&#8221;.<\/em><\/p>\n\n<p><strong>Mihai Jurca eln\u00f6ki tan\u00e1csos<\/strong> megeml\u00edtette, hogy Serafin biztos nagyv\u00e1radi l\u00e1togat\u00e1sa a Cotroceni-palot\u00e1ban Ilie Bolojan ideiglenes eln\u00f6kkel folytatott tal\u00e1lkoz\u00f3t k\u00f6veti, \u00e9s kijelentette:<br\/><em>&#8222;Nagyv\u00e1rad a legjobb p\u00e9lda Rom\u00e1ni\u00e1ban az eur\u00f3pai alapok strat\u00e9giai \u00e9s hat\u00e9kony felhaszn\u00e1l\u00e1sa tekintet\u00e9ben&#8221;.<\/em><\/p>\n\n<p>Piotr Serafin eur\u00f3pai biztos l\u00e1togat\u00e1sa meger\u0151s\u00edti, hogy Nagyv\u00e1rad j\u00f3 p\u00e9ld\u00e1t mutat az eur\u00f3pai alapok felhaszn\u00e1l\u00e1s\u00e1nak helyes gyakorlat\u00e1ra. E beruh\u00e1z\u00e1sok t\u00e1mogat\u00e1s\u00e1val v\u00e1rosunk folyamatosan fejl\u0151dik, jobb szolg\u00e1ltat\u00e1sokat, modern infrastrukt\u00far\u00e1t \u00e9s magasabb \u00e9letmin\u0151s\u00e9get k\u00edn\u00e1lva minden polg\u00e1r sz\u00e1m\u00e1ra. Nagyv\u00e1rad tov\u00e1bbra is elk\u00f6telezett az eur\u00f3pai fejl\u0151d\u00e9s mellett.  <\/p>\n\n<p><\/p>\n\n<figure class=\"wp-block-gallery has-nested-images columns-default is-cropped wp-block-gallery-1 is-layout-flex wp-block-gallery-is-layout-flex\">\n<figure class=\"wp-block-image size-large\"><a href=\"https:\/\/oradea.ro\/wp-content\/uploads\/2025\/04\/20250425_090512-scaled.jpg\"><img fetchpriority=\"high\" decoding=\"async\" width=\"1024\" height=\"577\" data-id=\"353765\" src=\"https:\/\/oradea.ro\/wp-content\/uploads\/2025\/04\/20250425_090512-1024x577.jpg\" alt=\"\" class=\"wp-image-353765\" srcset=\"https:\/\/oradea.ro\/wp-content\/uploads\/2025\/04\/20250425_090512-1024x577.jpg 1024w, https:\/\/oradea.ro\/wp-content\/uploads\/2025\/04\/20250425_090512-300x169.jpg 300w, https:\/\/oradea.ro\/wp-content\/uploads\/2025\/04\/20250425_090512-768x432.jpg 768w, https:\/\/oradea.ro\/wp-content\/uploads\/2025\/04\/20250425_090512-1536x865.jpg 1536w, https:\/\/oradea.ro\/wp-content\/uploads\/2025\/04\/20250425_090512-2048x1153.jpg 2048w\" sizes=\"(max-width: 1024px) 100vw, 1024px\" \/><\/a><\/figure>\n\n\n\n<figure class=\"wp-block-image size-large\"><a href=\"https:\/\/oradea.ro\/wp-content\/uploads\/2025\/04\/20250425_090825-scaled.jpg\"><img decoding=\"async\" width=\"1024\" height=\"577\" data-id=\"353771\" src=\"https:\/\/oradea.ro\/wp-content\/uploads\/2025\/04\/20250425_090825-1024x577.jpg\" alt=\"\" class=\"wp-image-353771\" srcset=\"https:\/\/oradea.ro\/wp-content\/uploads\/2025\/04\/20250425_090825-1024x577.jpg 1024w, https:\/\/oradea.ro\/wp-content\/uploads\/2025\/04\/20250425_090825-300x169.jpg 300w, https:\/\/oradea.ro\/wp-content\/uploads\/2025\/04\/20250425_090825-768x432.jpg 768w, https:\/\/oradea.ro\/wp-content\/uploads\/2025\/04\/20250425_090825-1536x865.jpg 1536w, https:\/\/oradea.ro\/wp-content\/uploads\/2025\/04\/20250425_090825-2048x1153.jpg 2048w\" sizes=\"(max-width: 1024px) 100vw, 1024px\" \/><\/a><\/figure>\n\n\n\n<figure class=\"wp-block-image size-large\"><a href=\"https:\/\/oradea.ro\/wp-content\/uploads\/2025\/04\/20250425_092722-scaled.jpg\"><img decoding=\"async\" width=\"1024\" height=\"577\" data-id=\"353780\" src=\"https:\/\/oradea.ro\/wp-content\/uploads\/2025\/04\/20250425_092722-1024x577.jpg\" alt=\"\" class=\"wp-image-353780\" srcset=\"https:\/\/oradea.ro\/wp-content\/uploads\/2025\/04\/20250425_092722-1024x577.jpg 1024w, https:\/\/oradea.ro\/wp-content\/uploads\/2025\/04\/20250425_092722-300x169.jpg 300w, https:\/\/oradea.ro\/wp-content\/uploads\/2025\/04\/20250425_092722-768x432.jpg 768w, https:\/\/oradea.ro\/wp-content\/uploads\/2025\/04\/20250425_092722-1536x865.jpg 1536w, https:\/\/oradea.ro\/wp-content\/uploads\/2025\/04\/20250425_092722-2048x1153.jpg 2048w\" sizes=\"(max-width: 1024px) 100vw, 1024px\" \/><\/a><\/figure>\n\n\n\n<figure class=\"wp-block-image size-large\"><a href=\"https:\/\/oradea.ro\/wp-content\/uploads\/2025\/04\/20250425_092729-scaled.jpg\"><img loading=\"lazy\" decoding=\"async\" width=\"1024\" height=\"577\" data-id=\"353783\" src=\"https:\/\/oradea.ro\/wp-content\/uploads\/2025\/04\/20250425_092729-1024x577.jpg\" alt=\"\" class=\"wp-image-353783\" srcset=\"https:\/\/oradea.ro\/wp-content\/uploads\/2025\/04\/20250425_092729-1024x577.jpg 1024w, https:\/\/oradea.ro\/wp-content\/uploads\/2025\/04\/20250425_092729-300x169.jpg 300w, https:\/\/oradea.ro\/wp-content\/uploads\/2025\/04\/20250425_092729-768x432.jpg 768w, https:\/\/oradea.ro\/wp-content\/uploads\/2025\/04\/20250425_092729-1536x865.jpg 1536w, https:\/\/oradea.ro\/wp-content\/uploads\/2025\/04\/20250425_092729-2048x1153.jpg 2048w\" sizes=\"(max-width: 1024px) 100vw, 1024px\" \/><\/a><\/figure>\n\n\n\n<figure class=\"wp-block-image size-large\"><a href=\"https:\/\/oradea.ro\/wp-content\/uploads\/2025\/04\/20250425_092738-scaled.jpg\"><img loading=\"lazy\" decoding=\"async\" width=\"1024\" height=\"577\" data-id=\"353768\" src=\"https:\/\/oradea.ro\/wp-content\/uploads\/2025\/04\/20250425_092738-1024x577.jpg\" alt=\"\" class=\"wp-image-353768\" srcset=\"https:\/\/oradea.ro\/wp-content\/uploads\/2025\/04\/20250425_092738-1024x577.jpg 1024w, https:\/\/oradea.ro\/wp-content\/uploads\/2025\/04\/20250425_092738-300x169.jpg 300w, https:\/\/oradea.ro\/wp-content\/uploads\/2025\/04\/20250425_092738-768x432.jpg 768w, https:\/\/oradea.ro\/wp-content\/uploads\/2025\/04\/20250425_092738-1536x865.jpg 1536w, https:\/\/oradea.ro\/wp-content\/uploads\/2025\/04\/20250425_092738-2048x1153.jpg 2048w\" sizes=\"(max-width: 1024px) 100vw, 1024px\" \/><\/a><\/figure>\n\n\n\n<figure class=\"wp-block-image size-large\"><a href=\"https:\/\/oradea.ro\/wp-content\/uploads\/2025\/04\/20250425_093332-scaled.jpg\"><img loading=\"lazy\" decoding=\"async\" width=\"1024\" height=\"577\" data-id=\"353795\" src=\"https:\/\/oradea.ro\/wp-content\/uploads\/2025\/04\/20250425_093332-1024x577.jpg\" alt=\"\" class=\"wp-image-353795\" srcset=\"https:\/\/oradea.ro\/wp-content\/uploads\/2025\/04\/20250425_093332-1024x577.jpg 1024w, https:\/\/oradea.ro\/wp-content\/uploads\/2025\/04\/20250425_093332-300x169.jpg 300w, https:\/\/oradea.ro\/wp-content\/uploads\/2025\/04\/20250425_093332-768x432.jpg 768w, https:\/\/oradea.ro\/wp-content\/uploads\/2025\/04\/20250425_093332-1536x865.jpg 1536w, https:\/\/oradea.ro\/wp-content\/uploads\/2025\/04\/20250425_093332-2048x1153.jpg 2048w\" sizes=\"(max-width: 1024px) 100vw, 1024px\" \/><\/a><\/figure>\n\n\n\n<figure class=\"wp-block-image size-large\"><a href=\"https:\/\/oradea.ro\/wp-content\/uploads\/2025\/04\/20250425_095727-scaled.jpg\"><img loading=\"lazy\" decoding=\"async\" width=\"1024\" height=\"577\" data-id=\"353801\" src=\"https:\/\/oradea.ro\/wp-content\/uploads\/2025\/04\/20250425_095727-1024x577.jpg\" alt=\"\" class=\"wp-image-353801\" srcset=\"https:\/\/oradea.ro\/wp-content\/uploads\/2025\/04\/20250425_095727-1024x577.jpg 1024w, https:\/\/oradea.ro\/wp-content\/uploads\/2025\/04\/20250425_095727-300x169.jpg 300w, https:\/\/oradea.ro\/wp-content\/uploads\/2025\/04\/20250425_095727-768x432.jpg 768w, https:\/\/oradea.ro\/wp-content\/uploads\/2025\/04\/20250425_095727-1536x865.jpg 1536w, https:\/\/oradea.ro\/wp-content\/uploads\/2025\/04\/20250425_095727-2048x1153.jpg 2048w\" sizes=\"(max-width: 1024px) 100vw, 1024px\" \/><\/a><\/figure>\n\n\n\n<figure class=\"wp-block-image size-large\"><a href=\"https:\/\/oradea.ro\/wp-content\/uploads\/2025\/04\/20250425_102704-scaled.jpg\"><img loading=\"lazy\" decoding=\"async\" width=\"1024\" height=\"577\" data-id=\"353804\" src=\"https:\/\/oradea.ro\/wp-content\/uploads\/2025\/04\/20250425_102704-1024x577.jpg\" alt=\"\" class=\"wp-image-353804\" srcset=\"https:\/\/oradea.ro\/wp-content\/uploads\/2025\/04\/20250425_102704-1024x577.jpg 1024w, https:\/\/oradea.ro\/wp-content\/uploads\/2025\/04\/20250425_102704-300x169.jpg 300w, https:\/\/oradea.ro\/wp-content\/uploads\/2025\/04\/20250425_102704-768x432.jpg 768w, https:\/\/oradea.ro\/wp-content\/uploads\/2025\/04\/20250425_102704-1536x865.jpg 1536w, https:\/\/oradea.ro\/wp-content\/uploads\/2025\/04\/20250425_102704-2048x1153.jpg 2048w\" sizes=\"(max-width: 1024px) 100vw, 1024px\" \/><\/a><\/figure>\n\n\n\n<figure class=\"wp-block-image size-large\"><a href=\"https:\/\/oradea.ro\/wp-content\/uploads\/2025\/04\/20250425_102804-scaled.jpg\"><img loading=\"lazy\" decoding=\"async\" width=\"1024\" height=\"577\" data-id=\"353774\" src=\"https:\/\/oradea.ro\/wp-content\/uploads\/2025\/04\/20250425_102804-1024x577.jpg\" alt=\"\" class=\"wp-image-353774\" srcset=\"https:\/\/oradea.ro\/wp-content\/uploads\/2025\/04\/20250425_102804-1024x577.jpg 1024w, https:\/\/oradea.ro\/wp-content\/uploads\/2025\/04\/20250425_102804-300x169.jpg 300w, https:\/\/oradea.ro\/wp-content\/uploads\/2025\/04\/20250425_102804-768x432.jpg 768w, https:\/\/oradea.ro\/wp-content\/uploads\/2025\/04\/20250425_102804-1536x865.jpg 1536w, https:\/\/oradea.ro\/wp-content\/uploads\/2025\/04\/20250425_102804-2048x1153.jpg 2048w\" sizes=\"(max-width: 1024px) 100vw, 1024px\" \/><\/a><\/figure>\n\n\n\n<figure class=\"wp-block-image size-large\"><a href=\"https:\/\/oradea.ro\/wp-content\/uploads\/2025\/04\/20250425_112453-scaled.jpg\"><img loading=\"lazy\" decoding=\"async\" width=\"1024\" height=\"577\" data-id=\"353777\" src=\"https:\/\/oradea.ro\/wp-content\/uploads\/2025\/04\/20250425_112453-1024x577.jpg\" alt=\"\" class=\"wp-image-353777\" srcset=\"https:\/\/oradea.ro\/wp-content\/uploads\/2025\/04\/20250425_112453-1024x577.jpg 1024w, https:\/\/oradea.ro\/wp-content\/uploads\/2025\/04\/20250425_112453-300x169.jpg 300w, https:\/\/oradea.ro\/wp-content\/uploads\/2025\/04\/20250425_112453-768x432.jpg 768w, https:\/\/oradea.ro\/wp-content\/uploads\/2025\/04\/20250425_112453-1536x865.jpg 1536w, https:\/\/oradea.ro\/wp-content\/uploads\/2025\/04\/20250425_112453-2048x1153.jpg 2048w\" sizes=\"(max-width: 1024px) 100vw, 1024px\" \/><\/a><\/figure>\n\n\n\n<figure class=\"wp-block-image size-large\"><a href=\"https:\/\/oradea.ro\/wp-content\/uploads\/2025\/04\/20250425_115558-scaled.jpg\"><img loading=\"lazy\" decoding=\"async\" width=\"1024\" height=\"577\" data-id=\"353789\" src=\"https:\/\/oradea.ro\/wp-content\/uploads\/2025\/04\/20250425_115558-1024x577.jpg\" alt=\"\" class=\"wp-image-353789\" srcset=\"https:\/\/oradea.ro\/wp-content\/uploads\/2025\/04\/20250425_115558-1024x577.jpg 1024w, https:\/\/oradea.ro\/wp-content\/uploads\/2025\/04\/20250425_115558-300x169.jpg 300w, https:\/\/oradea.ro\/wp-content\/uploads\/2025\/04\/20250425_115558-768x432.jpg 768w, https:\/\/oradea.ro\/wp-content\/uploads\/2025\/04\/20250425_115558-1536x865.jpg 1536w, https:\/\/oradea.ro\/wp-content\/uploads\/2025\/04\/20250425_115558-2048x1153.jpg 2048w\" sizes=\"(max-width: 1024px) 100vw, 1024px\" \/><\/a><\/figure>\n\n\n\n<figure class=\"wp-block-image size-large\"><a href=\"https:\/\/oradea.ro\/wp-content\/uploads\/2025\/04\/20250425_120134-scaled.jpg\"><img loading=\"lazy\" decoding=\"async\" width=\"1024\" height=\"577\" data-id=\"353786\" src=\"https:\/\/oradea.ro\/wp-content\/uploads\/2025\/04\/20250425_120134-1024x577.jpg\" alt=\"\" class=\"wp-image-353786\" srcset=\"https:\/\/oradea.ro\/wp-content\/uploads\/2025\/04\/20250425_120134-1024x577.jpg 1024w, https:\/\/oradea.ro\/wp-content\/uploads\/2025\/04\/20250425_120134-300x169.jpg 300w, https:\/\/oradea.ro\/wp-content\/uploads\/2025\/04\/20250425_120134-768x432.jpg 768w, https:\/\/oradea.ro\/wp-content\/uploads\/2025\/04\/20250425_120134-1536x865.jpg 1536w, https:\/\/oradea.ro\/wp-content\/uploads\/2025\/04\/20250425_120134-2048x1153.jpg 2048w\" sizes=\"(max-width: 1024px) 100vw, 1024px\" \/><\/a><\/figure>\n\n\n\n<figure class=\"wp-block-image size-large\"><a href=\"https:\/\/oradea.ro\/wp-content\/uploads\/2025\/04\/20250425_125523-scaled.jpg\"><img loading=\"lazy\" decoding=\"async\" width=\"1024\" height=\"577\" data-id=\"353792\" src=\"https:\/\/oradea.ro\/wp-content\/uploads\/2025\/04\/20250425_125523-1024x577.jpg\" alt=\"\" class=\"wp-image-353792\" srcset=\"https:\/\/oradea.ro\/wp-content\/uploads\/2025\/04\/20250425_125523-1024x577.jpg 1024w, https:\/\/oradea.ro\/wp-content\/uploads\/2025\/04\/20250425_125523-300x169.jpg 300w, https:\/\/oradea.ro\/wp-content\/uploads\/2025\/04\/20250425_125523-768x432.jpg 768w, https:\/\/oradea.ro\/wp-content\/uploads\/2025\/04\/20250425_125523-1536x865.jpg 1536w, https:\/\/oradea.ro\/wp-content\/uploads\/2025\/04\/20250425_125523-2048x1153.jpg 2048w\" sizes=\"(max-width: 1024px) 100vw, 1024px\" \/><\/a><\/figure>\n\n\n\n<figure class=\"wp-block-image size-large\"><a href=\"https:\/\/oradea.ro\/wp-content\/uploads\/2025\/04\/rep-1-scaled.jpg\"><img loading=\"lazy\" decoding=\"async\" width=\"1024\" height=\"577\" data-id=\"353798\" src=\"https:\/\/oradea.ro\/wp-content\/uploads\/2025\/04\/rep-1-1024x577.jpg\" alt=\"\" class=\"wp-image-353798\" srcset=\"https:\/\/oradea.ro\/wp-content\/uploads\/2025\/04\/rep-1-1024x577.jpg 1024w, https:\/\/oradea.ro\/wp-content\/uploads\/2025\/04\/rep-1-300x169.jpg 300w, https:\/\/oradea.ro\/wp-content\/uploads\/2025\/04\/rep-1-768x432.jpg 768w, https:\/\/oradea.ro\/wp-content\/uploads\/2025\/04\/rep-1-1536x865.jpg 1536w, https:\/\/oradea.ro\/wp-content\/uploads\/2025\/04\/rep-1-2048x1153.jpg 2048w\" sizes=\"(max-width: 1024px) 100vw, 1024px\" \/><\/a><\/figure>\n\n\n\n<figure class=\"wp-block-image size-large\"><a href=\"https:\/\/oradea.ro\/wp-content\/uploads\/2025\/04\/thumbnail_2025_0425_11514400-1024x683.jpg\"><img loading=\"lazy\" decoding=\"async\" width=\"1024\" height=\"683\" data-id=\"353762\" src=\"https:\/\/oradea.ro\/wp-content\/uploads\/2025\/04\/thumbnail_2025_0425_11514400-1024x683.jpg\" alt=\"\" class=\"wp-image-353762\" srcset=\"https:\/\/oradea.ro\/wp-content\/uploads\/2025\/04\/thumbnail_2025_0425_11514400-1024x683.jpg 1024w, https:\/\/oradea.ro\/wp-content\/uploads\/2025\/04\/thumbnail_2025_0425_11514400-300x200.jpg 300w, https:\/\/oradea.ro\/wp-content\/uploads\/2025\/04\/thumbnail_2025_0425_11514400-768x512.jpg 768w, https:\/\/oradea.ro\/wp-content\/uploads\/2025\/04\/thumbnail_2025_0425_11514400-1536x1024.jpg 1536w, https:\/\/oradea.ro\/wp-content\/uploads\/2025\/04\/thumbnail_2025_0425_11514400.jpg 1776w\" sizes=\"(max-width: 1024px) 100vw, 1024px\" \/><\/a><\/figure>\n<\/figure>\n","protected":false},"author":38,"featured_media":353761,"comment_status":"closed","ping_status":"closed","template":"","stiri-cat":[],"stiri-tags":[],"class_list":["post-353926","stiri","type-stiri","status-publish","has-post-thumbnail","hentry"],"acf":[],"yoast_head":"<!-- This site is optimized with the Yoast SEO plugin v26.6 - https:\/\/yoast.com\/wordpress\/plugins\/seo\/ -->\n<title>Nagyv\u00e1rad, az eur\u00f3pai alapok sikeres felhaszn\u00e1l\u00e1s\u00e1nak modellje: Piotr Serafin eur\u00f3pai biztos hivatalos l\u00e1togat\u00e1sa - Oradea.ro<\/title>\n<meta name=\"robots\" content=\"index, follow, max-snippet:-1, max-image-preview:large, max-video-preview:-1\" \/>\n<link rel=\"canonical\" href=\"https:\/\/oradea.ro\/hu\/hirek\/nagyvarad-az-europai-alapok-sikeres-felhasznalasanak-modellje-piotr-serafin-europai-biztos-hivatalos-latogatasa\/\" \/>\n<meta property=\"og:locale\" content=\"hu_HU\" \/>\n<meta property=\"og:type\" content=\"article\" \/>\n<meta property=\"og:title\" content=\"Nagyv\u00e1rad, az eur\u00f3pai alapok sikeres felhaszn\u00e1l\u00e1s\u00e1nak modellje: Piotr Serafin eur\u00f3pai biztos hivatalos l\u00e1togat\u00e1sa - Oradea.ro\" \/>\n<meta property=\"og:description\" content=\"Nagyv\u00e1rad, az eur\u00f3pai alapok sikeres felhaszn\u00e1l\u00e1s\u00e1nak modellje: Piotr Serafin eur\u00f3pai biztos hivatalos l\u00e1togat\u00e1sa Nagyv\u00e1rad, az eur\u00f3pai alapok sikeres felhaszn\u00e1l\u00e1s\u00e1nak modellje: Piotr Serafin eur\u00f3pai biztos hivatalos l\u00e1togat\u00e1sa A mai napon Nagyv\u00e1radon magas szint\u0171 hivatalos l\u00e1togat\u00e1sra ker\u00fclt sor, amely \u00faj eur\u00f3pai szint\u0171 elismer\u00e9st jelent a helyi \u00f6nkorm\u00e1nyzatoknak az eur\u00f3pai alapok bevon\u00e1sa \u00e9s felhaszn\u00e1l\u00e1sa ter\u00e9n ny\u00fajtott teljes\u00edtm\u00e9nye ir\u00e1nt. Piotr Serafin eur\u00f3pai biztos, az Eur\u00f3pai Bizotts\u00e1g k\u00f6lts\u00e9gvet\u00e9s\u00e9rt, csal\u00e1s elleni k\u00fczdelem\u00e9rt \u00e9s k\u00f6zigazgat\u00e1s\u00e9rt felel\u0151s biztosa az eur\u00f3pai beruh\u00e1z\u00e1sok\u00e9rt \u00e9s projektek\u00e9rt felel\u0151s miniszter, Marcel Bolo\u0219, Siegfried Mure\u0219an eur\u00f3pai parlamenti k\u00e9pvisel\u0151 &#8211; az Eur\u00f3pai Parlament k\u00f6lts\u00e9gvet\u00e9si bizotts\u00e1g\u00e1nak aleln\u00f6ke -, valamint Mihai Jurca \u00e9s Lumini\u021ba Odobescu eln\u00f6ki tan\u00e1csosok k\u00eds\u00e9ret\u00e9ben tett t\u00e1j\u00e9koz\u00f3d\u00f3 l\u00e1togat\u00e1st Nagyv\u00e1radon. A deleg\u00e1ci\u00f3t Florin Birta, Nagyv\u00e1rad polg\u00e1rmestere l\u00e1tta vend\u00e9g\u00fcl. A l\u00e1togat\u00e1s programja egy sor olyan c\u00e9lkit\u0171z\u00e9st tartalmazott, amelyek az eur\u00f3pai alapok Nagyv\u00e1rad fejl\u0151d\u00e9s\u00e9re gyakorolt hat\u00e1s\u00e1val kapcsolatosak. Az els\u0151 \u00e1llom\u00e1s a Nagyv\u00e1radi Megyei S\u00fcrg\u0151ss\u00e9gi K\u00f3rh\u00e1z volt, ahol Gheorghe Carp igazgat\u00f3 fogadta a deleg\u00e1ci\u00f3t. Az eur\u00f3pai tisztvisel\u0151knek lehet\u0151s\u00e9g\u00fck volt megl\u00e1togatni a k\u00f3rh\u00e1z korszer\u0171s\u00edtett k\u00f3rtermeit, \u00e9s megismerkedhettek azokkal a jelent\u0151s beruh\u00e1z\u00e1sokkal, amelyek lehet\u0151v\u00e9 tett\u00e9k a k\u00f3rh\u00e1z korszer\u0171 felszerel\u00e9s\u00e9t \u00e9s az orvosi ell\u00e1t\u00e1s min\u0151s\u00e9g\u00e9nek jav\u00edt\u00e1s\u00e1t. A nagyv\u00e1radi rep\u00fcl\u0151t\u00e9ren a deleg\u00e1ci\u00f3t R\u0103zvan Horga f\u0151igazgat\u00f3 fogadta, aki bemutatta a befejezett \u00e9s a megval\u00f3s\u00edt\u00e1s alatt \u00e1ll\u00f3 projekteket, amelyek c\u00e9lja a m\u0171k\u00f6d\u00e9si kapacit\u00e1s b\u0151v\u00edt\u00e9se, az infrastrukt\u00fara jav\u00edt\u00e1sa \u00e9s a l\u00e9gi \u00fatvonalak diverzifik\u00e1l\u00e1sa, \u00e9s amelyek mind az eur\u00f3pai alapok t\u00e1mogat\u00e1s\u00e1val val\u00f3sulnak meg. A biztosi vizit egy sikeres v\u00e1llalatn\u00e1l tett l\u00e1togat\u00e1ssal folytat\u00f3dott a nagyv\u00e1radi Eurobusiness Ipari Parkban. A tisztvisel\u0151k megl\u00e1togattak egy korszer\u0171s\u00edtett \u00f3vod\u00e1t is, amely beruh\u00e1z\u00e1s hozz\u00e1j\u00e1rul az \u00f3vodai nevel\u00e9s felt\u00e9teleinek jav\u00edt\u00e1s\u00e1hoz. A l\u00e1togat\u00e1s m\u00e1sik f\u00e9nypontja az Emanuil Gojdu t\u00e9ren kialak\u00edtott fenntarthat\u00f3 v\u00e1rosi mobilit\u00e1si folyos\u00f3 volt, amely a t\u00f6megk\u00f6zleked\u00e9st, ker\u00e9kp\u00e1rutakat \u00e9s gyalogosfel\u00fcleteket integr\u00e1l\u00f3 modern h\u00e1l\u00f3zat r\u00e9sze. V\u00e9g\u00fcl a k\u00fcld\u00f6tts\u00e9g megl\u00e1togatta a nagyv\u00e1radi V\u00e1rat, amely az eur\u00f3pai alapok seg\u00edts\u00e9g\u00e9vel meg\u00fajult \u00f6r\u00f6ks\u00e9g szimb\u00f3luma, \u00e9s kultur\u00e1lis \u00e9s turisztikai p\u00f3luss\u00e1 alakult \u00e1t. A k\u00fcld\u00f6tts\u00e9g megl\u00e1togatta az \u00faj Fert\u0151z\u0151 Betegs\u00e9gek K\u00f3rh\u00e1z\u00e1nak \u00e9p\u00edt\u00e9si ter\u00fclet\u00e9t is, amely egy eur\u00f3pai alapokb\u00f3l megval\u00f3sul\u00f3 projekt. A l\u00e1togat\u00e1s v\u00e9g\u00e9n, a nagyv\u00e1radi V\u00e1rban tartott sajt\u00f3t\u00e1j\u00e9koztat\u00f3n Florin Birta polg\u00e1rmester elmondta, hogy az eur\u00f3pai biztos l\u00e1togat\u00e1sa az elm\u00falt \u00e9vekben v\u00e9gzett munka meger\u0151s\u00edt\u00e9se:&#8222;Piotr Serafin biztos jelenl\u00e9te meger\u0151s\u00edti, hogy Nagyv\u00e1rad j\u00f3 \u00faton halad. Az eur\u00f3pai alapok voltak a hajt\u00f3ereje a v\u00e1rosunkban v\u00e9gbement jelent\u0151s \u00e1talakul\u00e1soknak, \u00e9s Nagyv\u00e1rad sikerei m\u00e1s k\u00f6z\u00f6ss\u00e9gek sz\u00e1m\u00e1ra is inspir\u00e1ci\u00f3s forr\u00e1ss\u00e1 v\u00e1lhatnak&#8221;.&#8221; Piotr Serafin eur\u00f3pai biztos elmondta, hogy leny\u0171g\u00f6zt\u00e9k a megl\u00e1togatott projektek l\u00e1that\u00f3 eredm\u00e9nyei, \u00e9s k\u00fcl\u00f6n\u00f6sen a megyei k\u00f3rh\u00e1z l\u00e9tes\u00edtm\u00e9nyeit emelte ki, mondv\u00e1n, hogy az Eur\u00f3pa legnevesebb k\u00f3rh\u00e1zaival vetekszik. Nagyra \u00e9rt\u00e9kelte a lehet\u0151s\u00e9get, hogy k\u00f6zvetlen\u00fcl kapcsolatba l\u00e9phetett egy olyan v\u00e1ros vezet\u00e9s\u00e9vel, amely t\u00e9nylegesen r\u00e9szes\u00fclt az eur\u00f3pai finansz\u00edroz\u00e1sb\u00f3l, \u00e9s elmondta: &#8222;Az eur\u00f3pai alapok megv\u00e1ltoztathatj\u00e1k egy v\u00e1ros arculat\u00e1t, t\u00e1mogathatj\u00e1k a versenyk\u00e9pess\u00e9get \u00e9s gy\u00f6keresen \u00e1talak\u00edthatj\u00e1k a polg\u00e1rok \u00e9letmin\u0151s\u00e9g\u00e9t.&#8221; Marcel Bolo\u0219 miniszter hangs\u00falyozta a Siegfried Mure\u0219an eur\u00f3pai parlamenti k\u00e9pvisel\u0151vel val\u00f3 egy\u00fcttm\u0171k\u00f6d\u00e9s fontoss\u00e1g\u00e1t, \u00e9s elmondta, hogy bemutatta az eur\u00f3pai biztosnak Rom\u00e1nia koh\u00e9zi\u00f3s politik\u00e1kkal kapcsolatos elk\u00e9pzel\u00e9seit, valamint a r\u00e9gi\u00f3k d\u00f6nt\u0151 szerep\u00e9t a kiegyens\u00falyozott fejl\u0151d\u00e9s folyamat\u00e1ban. \u00d6r\u00f6m\u00e9t fejezte ki, hogy az Eurobusiness Ipari Park projektet a j\u00f3 gyakorlat modelljek\u00e9nt ismert\u00e9k el. Siegfried Mure\u0219an eur\u00f3pai parlamenti k\u00e9pvisel\u0151 szerint az Eur\u00f3pai Uni\u00f3 k\u00f6vetkez\u0151 t\u00f6bb\u00e9ves k\u00f6lts\u00e9gvet\u00e9se ambici\u00f3zus lesz, \u00e9s Nagyv\u00e1rad meggy\u0151z\u0151 p\u00e9lda a koh\u00e9zi\u00f3s politik\u00e1k t\u00e1mogat\u00e1s\u00e1ra:&#8222;Tov\u00e1bbra is kamp\u00e1nyolni fogok az eur\u00f3pai alapokhoz val\u00f3 hozz\u00e1f\u00e9r\u00e9si elj\u00e1r\u00e1sok egyszer\u0171s\u00edt\u00e9s\u00e9\u00e9rt \u00e9s a b\u00fcrokr\u00e1cia cs\u00f6kkent\u00e9s\u00e9\u00e9rt, hogy a Nagyv\u00e1radhoz hasonl\u00f3 k\u00f6z\u00f6ss\u00e9gek tov\u00e1bbra is gyors\u00edtott \u00fctemben fejl\u0151dhessenek&#8221;. Mihai Jurca eln\u00f6ki tan\u00e1csos megeml\u00edtette, hogy Serafin biztos nagyv\u00e1radi l\u00e1togat\u00e1sa a Cotroceni-palot\u00e1ban Ilie Bolojan ideiglenes eln\u00f6kkel folytatott tal\u00e1lkoz\u00f3t k\u00f6veti, \u00e9s kijelentette:&#8222;Nagyv\u00e1rad a legjobb p\u00e9lda Rom\u00e1ni\u00e1ban az eur\u00f3pai alapok strat\u00e9giai \u00e9s hat\u00e9kony felhaszn\u00e1l\u00e1sa tekintet\u00e9ben&#8221;. Piotr Serafin eur\u00f3pai biztos l\u00e1togat\u00e1sa meger\u0151s\u00edti, hogy Nagyv\u00e1rad j\u00f3 p\u00e9ld\u00e1t mutat az eur\u00f3pai alapok felhaszn\u00e1l\u00e1s\u00e1nak helyes gyakorlat\u00e1ra. E beruh\u00e1z\u00e1sok t\u00e1mogat\u00e1s\u00e1val v\u00e1rosunk folyamatosan fejl\u0151dik, jobb szolg\u00e1ltat\u00e1sokat, modern infrastrukt\u00far\u00e1t \u00e9s magasabb \u00e9letmin\u0151s\u00e9get k\u00edn\u00e1lva minden polg\u00e1r sz\u00e1m\u00e1ra. Nagyv\u00e1rad tov\u00e1bbra is elk\u00f6telezett az eur\u00f3pai fejl\u0151d\u00e9s mellett.\" \/>\n<meta property=\"og:url\" content=\"https:\/\/oradea.ro\/hu\/hirek\/nagyvarad-az-europai-alapok-sikeres-felhasznalasanak-modellje-piotr-serafin-europai-biztos-hivatalos-latogatasa\/\" \/>\n<meta property=\"og:site_name\" content=\"Oradea.ro\" \/>\n<meta property=\"article:modified_time\" content=\"2025-04-29T05:46:12+00:00\" \/>\n<meta property=\"og:image\" content=\"https:\/\/oradea.ro\/wp-content\/uploads\/2025\/04\/rep-scaled.jpg\" \/>\n\t<meta property=\"og:image:width\" content=\"2560\" \/>\n\t<meta property=\"og:image:height\" content=\"1441\" \/>\n\t<meta property=\"og:image:type\" content=\"image\/jpeg\" \/>\n<meta name=\"twitter:card\" content=\"summary_large_image\" \/>\n<meta name=\"twitter:label1\" content=\"Becs\u00fclt olvas\u00e1si id\u0151\" \/>\n\t<meta name=\"twitter:data1\" content=\"5 perc\" \/>\n<script type=\"application\/ld+json\" class=\"yoast-schema-graph\">{\"@context\":\"https:\/\/schema.org\",\"@graph\":[{\"@type\":\"WebPage\",\"@id\":\"https:\/\/oradea.ro\/hu\/hirek\/nagyvarad-az-europai-alapok-sikeres-felhasznalasanak-modellje-piotr-serafin-europai-biztos-hivatalos-latogatasa\/\",\"url\":\"https:\/\/oradea.ro\/hu\/hirek\/nagyvarad-az-europai-alapok-sikeres-felhasznalasanak-modellje-piotr-serafin-europai-biztos-hivatalos-latogatasa\/\",\"name\":\"Nagyv\u00e1rad, az eur\u00f3pai alapok sikeres felhaszn\u00e1l\u00e1s\u00e1nak modellje: Piotr Serafin eur\u00f3pai biztos hivatalos l\u00e1togat\u00e1sa - Oradea.ro\",\"isPartOf\":{\"@id\":\"https:\/\/oradea.ro\/#website\"},\"primaryImageOfPage\":{\"@id\":\"https:\/\/oradea.ro\/hu\/hirek\/nagyvarad-az-europai-alapok-sikeres-felhasznalasanak-modellje-piotr-serafin-europai-biztos-hivatalos-latogatasa\/#primaryimage\"},\"image\":{\"@id\":\"https:\/\/oradea.ro\/hu\/hirek\/nagyvarad-az-europai-alapok-sikeres-felhasznalasanak-modellje-piotr-serafin-europai-biztos-hivatalos-latogatasa\/#primaryimage\"},\"thumbnailUrl\":\"https:\/\/oradea.ro\/wp-content\/uploads\/2025\/04\/rep-scaled.jpg\",\"datePublished\":\"2025-04-25T12:43:56+00:00\",\"dateModified\":\"2025-04-29T05:46:12+00:00\",\"breadcrumb\":{\"@id\":\"https:\/\/oradea.ro\/hu\/hirek\/nagyvarad-az-europai-alapok-sikeres-felhasznalasanak-modellje-piotr-serafin-europai-biztos-hivatalos-latogatasa\/#breadcrumb\"},\"inLanguage\":\"hu\",\"potentialAction\":[{\"@type\":\"ReadAction\",\"target\":[\"https:\/\/oradea.ro\/hu\/hirek\/nagyvarad-az-europai-alapok-sikeres-felhasznalasanak-modellje-piotr-serafin-europai-biztos-hivatalos-latogatasa\/\"]}]},{\"@type\":\"ImageObject\",\"inLanguage\":\"hu\",\"@id\":\"https:\/\/oradea.ro\/hu\/hirek\/nagyvarad-az-europai-alapok-sikeres-felhasznalasanak-modellje-piotr-serafin-europai-biztos-hivatalos-latogatasa\/#primaryimage\",\"url\":\"https:\/\/oradea.ro\/wp-content\/uploads\/2025\/04\/rep-scaled.jpg\",\"contentUrl\":\"https:\/\/oradea.ro\/wp-content\/uploads\/2025\/04\/rep-scaled.jpg\",\"width\":2560,\"height\":1441},{\"@type\":\"BreadcrumbList\",\"@id\":\"https:\/\/oradea.ro\/hu\/hirek\/nagyvarad-az-europai-alapok-sikeres-felhasznalasanak-modellje-piotr-serafin-europai-biztos-hivatalos-latogatasa\/#breadcrumb\",\"itemListElement\":[{\"@type\":\"ListItem\",\"position\":1,\"name\":\"\",\"item\":\"https:\/\/oradea.ro\/hu\/\"},{\"@type\":\"ListItem\",\"position\":2,\"name\":\"\u0218tiri\",\"item\":\"https:\/\/oradea.ro\/stiri\/\"},{\"@type\":\"ListItem\",\"position\":3,\"name\":\"Nagyv\u00e1rad, az eur\u00f3pai alapok sikeres felhaszn\u00e1l\u00e1s\u00e1nak modellje: Piotr Serafin eur\u00f3pai biztos hivatalos l\u00e1togat\u00e1sa\"}]},{\"@type\":\"WebSite\",\"@id\":\"https:\/\/oradea.ro\/#website\",\"url\":\"https:\/\/oradea.ro\/\",\"name\":\"Oradea.ro\",\"description\":\"Site-ul oficial al Prim\u0103riei Municipiului Oradea\",\"publisher\":{\"@id\":\"https:\/\/oradea.ro\/#organization\"},\"potentialAction\":[{\"@type\":\"SearchAction\",\"target\":{\"@type\":\"EntryPoint\",\"urlTemplate\":\"https:\/\/oradea.ro\/?s={search_term_string}\"},\"query-input\":{\"@type\":\"PropertyValueSpecification\",\"valueRequired\":true,\"valueName\":\"search_term_string\"}}],\"inLanguage\":\"hu\"},{\"@type\":\"Organization\",\"@id\":\"https:\/\/oradea.ro\/#organization\",\"name\":\"Oradea.ro\",\"url\":\"https:\/\/oradea.ro\/\",\"logo\":{\"@type\":\"ImageObject\",\"inLanguage\":\"hu\",\"@id\":\"https:\/\/oradea.ro\/#\/schema\/logo\/image\/\",\"url\":\"https:\/\/oradea.ro\/wp-content\/uploads\/2023\/06\/footer_logo.svg\",\"contentUrl\":\"https:\/\/oradea.ro\/wp-content\/uploads\/2023\/06\/footer_logo.svg\",\"width\":218,\"height\":53,\"caption\":\"Oradea.ro\"},\"image\":{\"@id\":\"https:\/\/oradea.ro\/#\/schema\/logo\/image\/\"}}]}<\/script>\n<!-- \/ Yoast SEO plugin. -->","yoast_head_json":{"title":"Nagyv\u00e1rad, az eur\u00f3pai alapok sikeres felhaszn\u00e1l\u00e1s\u00e1nak modellje: Piotr Serafin eur\u00f3pai biztos hivatalos l\u00e1togat\u00e1sa - Oradea.ro","robots":{"index":"index","follow":"follow","max-snippet":"max-snippet:-1","max-image-preview":"max-image-preview:large","max-video-preview":"max-video-preview:-1"},"canonical":"https:\/\/oradea.ro\/hu\/hirek\/nagyvarad-az-europai-alapok-sikeres-felhasznalasanak-modellje-piotr-serafin-europai-biztos-hivatalos-latogatasa\/","og_locale":"hu_HU","og_type":"article","og_title":"Nagyv\u00e1rad, az eur\u00f3pai alapok sikeres felhaszn\u00e1l\u00e1s\u00e1nak modellje: Piotr Serafin eur\u00f3pai biztos hivatalos l\u00e1togat\u00e1sa - Oradea.ro","og_description":"Nagyv\u00e1rad, az eur\u00f3pai alapok sikeres felhaszn\u00e1l\u00e1s\u00e1nak modellje: Piotr Serafin eur\u00f3pai biztos hivatalos l\u00e1togat\u00e1sa Nagyv\u00e1rad, az eur\u00f3pai alapok sikeres felhaszn\u00e1l\u00e1s\u00e1nak modellje: Piotr Serafin eur\u00f3pai biztos hivatalos l\u00e1togat\u00e1sa A mai napon Nagyv\u00e1radon magas szint\u0171 hivatalos l\u00e1togat\u00e1sra ker\u00fclt sor, amely \u00faj eur\u00f3pai szint\u0171 elismer\u00e9st jelent a helyi \u00f6nkorm\u00e1nyzatoknak az eur\u00f3pai alapok bevon\u00e1sa \u00e9s felhaszn\u00e1l\u00e1sa ter\u00e9n ny\u00fajtott teljes\u00edtm\u00e9nye ir\u00e1nt. Piotr Serafin eur\u00f3pai biztos, az Eur\u00f3pai Bizotts\u00e1g k\u00f6lts\u00e9gvet\u00e9s\u00e9rt, csal\u00e1s elleni k\u00fczdelem\u00e9rt \u00e9s k\u00f6zigazgat\u00e1s\u00e9rt felel\u0151s biztosa az eur\u00f3pai beruh\u00e1z\u00e1sok\u00e9rt \u00e9s projektek\u00e9rt felel\u0151s miniszter, Marcel Bolo\u0219, Siegfried Mure\u0219an eur\u00f3pai parlamenti k\u00e9pvisel\u0151 &#8211; az Eur\u00f3pai Parlament k\u00f6lts\u00e9gvet\u00e9si bizotts\u00e1g\u00e1nak aleln\u00f6ke -, valamint Mihai Jurca \u00e9s Lumini\u021ba Odobescu eln\u00f6ki tan\u00e1csosok k\u00eds\u00e9ret\u00e9ben tett t\u00e1j\u00e9koz\u00f3d\u00f3 l\u00e1togat\u00e1st Nagyv\u00e1radon. A deleg\u00e1ci\u00f3t Florin Birta, Nagyv\u00e1rad polg\u00e1rmestere l\u00e1tta vend\u00e9g\u00fcl. A l\u00e1togat\u00e1s programja egy sor olyan c\u00e9lkit\u0171z\u00e9st tartalmazott, amelyek az eur\u00f3pai alapok Nagyv\u00e1rad fejl\u0151d\u00e9s\u00e9re gyakorolt hat\u00e1s\u00e1val kapcsolatosak. Az els\u0151 \u00e1llom\u00e1s a Nagyv\u00e1radi Megyei S\u00fcrg\u0151ss\u00e9gi K\u00f3rh\u00e1z volt, ahol Gheorghe Carp igazgat\u00f3 fogadta a deleg\u00e1ci\u00f3t. Az eur\u00f3pai tisztvisel\u0151knek lehet\u0151s\u00e9g\u00fck volt megl\u00e1togatni a k\u00f3rh\u00e1z korszer\u0171s\u00edtett k\u00f3rtermeit, \u00e9s megismerkedhettek azokkal a jelent\u0151s beruh\u00e1z\u00e1sokkal, amelyek lehet\u0151v\u00e9 tett\u00e9k a k\u00f3rh\u00e1z korszer\u0171 felszerel\u00e9s\u00e9t \u00e9s az orvosi ell\u00e1t\u00e1s min\u0151s\u00e9g\u00e9nek jav\u00edt\u00e1s\u00e1t. A nagyv\u00e1radi rep\u00fcl\u0151t\u00e9ren a deleg\u00e1ci\u00f3t R\u0103zvan Horga f\u0151igazgat\u00f3 fogadta, aki bemutatta a befejezett \u00e9s a megval\u00f3s\u00edt\u00e1s alatt \u00e1ll\u00f3 projekteket, amelyek c\u00e9lja a m\u0171k\u00f6d\u00e9si kapacit\u00e1s b\u0151v\u00edt\u00e9se, az infrastrukt\u00fara jav\u00edt\u00e1sa \u00e9s a l\u00e9gi \u00fatvonalak diverzifik\u00e1l\u00e1sa, \u00e9s amelyek mind az eur\u00f3pai alapok t\u00e1mogat\u00e1s\u00e1val val\u00f3sulnak meg. A biztosi vizit egy sikeres v\u00e1llalatn\u00e1l tett l\u00e1togat\u00e1ssal folytat\u00f3dott a nagyv\u00e1radi Eurobusiness Ipari Parkban. A tisztvisel\u0151k megl\u00e1togattak egy korszer\u0171s\u00edtett \u00f3vod\u00e1t is, amely beruh\u00e1z\u00e1s hozz\u00e1j\u00e1rul az \u00f3vodai nevel\u00e9s felt\u00e9teleinek jav\u00edt\u00e1s\u00e1hoz. A l\u00e1togat\u00e1s m\u00e1sik f\u00e9nypontja az Emanuil Gojdu t\u00e9ren kialak\u00edtott fenntarthat\u00f3 v\u00e1rosi mobilit\u00e1si folyos\u00f3 volt, amely a t\u00f6megk\u00f6zleked\u00e9st, ker\u00e9kp\u00e1rutakat \u00e9s gyalogosfel\u00fcleteket integr\u00e1l\u00f3 modern h\u00e1l\u00f3zat r\u00e9sze. V\u00e9g\u00fcl a k\u00fcld\u00f6tts\u00e9g megl\u00e1togatta a nagyv\u00e1radi V\u00e1rat, amely az eur\u00f3pai alapok seg\u00edts\u00e9g\u00e9vel meg\u00fajult \u00f6r\u00f6ks\u00e9g szimb\u00f3luma, \u00e9s kultur\u00e1lis \u00e9s turisztikai p\u00f3luss\u00e1 alakult \u00e1t. A k\u00fcld\u00f6tts\u00e9g megl\u00e1togatta az \u00faj Fert\u0151z\u0151 Betegs\u00e9gek K\u00f3rh\u00e1z\u00e1nak \u00e9p\u00edt\u00e9si ter\u00fclet\u00e9t is, amely egy eur\u00f3pai alapokb\u00f3l megval\u00f3sul\u00f3 projekt. A l\u00e1togat\u00e1s v\u00e9g\u00e9n, a nagyv\u00e1radi V\u00e1rban tartott sajt\u00f3t\u00e1j\u00e9koztat\u00f3n Florin Birta polg\u00e1rmester elmondta, hogy az eur\u00f3pai biztos l\u00e1togat\u00e1sa az elm\u00falt \u00e9vekben v\u00e9gzett munka meger\u0151s\u00edt\u00e9se:&#8222;Piotr Serafin biztos jelenl\u00e9te meger\u0151s\u00edti, hogy Nagyv\u00e1rad j\u00f3 \u00faton halad. Az eur\u00f3pai alapok voltak a hajt\u00f3ereje a v\u00e1rosunkban v\u00e9gbement jelent\u0151s \u00e1talakul\u00e1soknak, \u00e9s Nagyv\u00e1rad sikerei m\u00e1s k\u00f6z\u00f6ss\u00e9gek sz\u00e1m\u00e1ra is inspir\u00e1ci\u00f3s forr\u00e1ss\u00e1 v\u00e1lhatnak&#8221;.&#8221; Piotr Serafin eur\u00f3pai biztos elmondta, hogy leny\u0171g\u00f6zt\u00e9k a megl\u00e1togatott projektek l\u00e1that\u00f3 eredm\u00e9nyei, \u00e9s k\u00fcl\u00f6n\u00f6sen a megyei k\u00f3rh\u00e1z l\u00e9tes\u00edtm\u00e9nyeit emelte ki, mondv\u00e1n, hogy az Eur\u00f3pa legnevesebb k\u00f3rh\u00e1zaival vetekszik. Nagyra \u00e9rt\u00e9kelte a lehet\u0151s\u00e9get, hogy k\u00f6zvetlen\u00fcl kapcsolatba l\u00e9phetett egy olyan v\u00e1ros vezet\u00e9s\u00e9vel, amely t\u00e9nylegesen r\u00e9szes\u00fclt az eur\u00f3pai finansz\u00edroz\u00e1sb\u00f3l, \u00e9s elmondta: &#8222;Az eur\u00f3pai alapok megv\u00e1ltoztathatj\u00e1k egy v\u00e1ros arculat\u00e1t, t\u00e1mogathatj\u00e1k a versenyk\u00e9pess\u00e9get \u00e9s gy\u00f6keresen \u00e1talak\u00edthatj\u00e1k a polg\u00e1rok \u00e9letmin\u0151s\u00e9g\u00e9t.&#8221; Marcel Bolo\u0219 miniszter hangs\u00falyozta a Siegfried Mure\u0219an eur\u00f3pai parlamenti k\u00e9pvisel\u0151vel val\u00f3 egy\u00fcttm\u0171k\u00f6d\u00e9s fontoss\u00e1g\u00e1t, \u00e9s elmondta, hogy bemutatta az eur\u00f3pai biztosnak Rom\u00e1nia koh\u00e9zi\u00f3s politik\u00e1kkal kapcsolatos elk\u00e9pzel\u00e9seit, valamint a r\u00e9gi\u00f3k d\u00f6nt\u0151 szerep\u00e9t a kiegyens\u00falyozott fejl\u0151d\u00e9s folyamat\u00e1ban. \u00d6r\u00f6m\u00e9t fejezte ki, hogy az Eurobusiness Ipari Park projektet a j\u00f3 gyakorlat modelljek\u00e9nt ismert\u00e9k el. Siegfried Mure\u0219an eur\u00f3pai parlamenti k\u00e9pvisel\u0151 szerint az Eur\u00f3pai Uni\u00f3 k\u00f6vetkez\u0151 t\u00f6bb\u00e9ves k\u00f6lts\u00e9gvet\u00e9se ambici\u00f3zus lesz, \u00e9s Nagyv\u00e1rad meggy\u0151z\u0151 p\u00e9lda a koh\u00e9zi\u00f3s politik\u00e1k t\u00e1mogat\u00e1s\u00e1ra:&#8222;Tov\u00e1bbra is kamp\u00e1nyolni fogok az eur\u00f3pai alapokhoz val\u00f3 hozz\u00e1f\u00e9r\u00e9si elj\u00e1r\u00e1sok egyszer\u0171s\u00edt\u00e9s\u00e9\u00e9rt \u00e9s a b\u00fcrokr\u00e1cia cs\u00f6kkent\u00e9s\u00e9\u00e9rt, hogy a Nagyv\u00e1radhoz hasonl\u00f3 k\u00f6z\u00f6ss\u00e9gek tov\u00e1bbra is gyors\u00edtott \u00fctemben fejl\u0151dhessenek&#8221;. Mihai Jurca eln\u00f6ki tan\u00e1csos megeml\u00edtette, hogy Serafin biztos nagyv\u00e1radi l\u00e1togat\u00e1sa a Cotroceni-palot\u00e1ban Ilie Bolojan ideiglenes eln\u00f6kkel folytatott tal\u00e1lkoz\u00f3t k\u00f6veti, \u00e9s kijelentette:&#8222;Nagyv\u00e1rad a legjobb p\u00e9lda Rom\u00e1ni\u00e1ban az eur\u00f3pai alapok strat\u00e9giai \u00e9s hat\u00e9kony felhaszn\u00e1l\u00e1sa tekintet\u00e9ben&#8221;. Piotr Serafin eur\u00f3pai biztos l\u00e1togat\u00e1sa meger\u0151s\u00edti, hogy Nagyv\u00e1rad j\u00f3 p\u00e9ld\u00e1t mutat az eur\u00f3pai alapok felhaszn\u00e1l\u00e1s\u00e1nak helyes gyakorlat\u00e1ra. E beruh\u00e1z\u00e1sok t\u00e1mogat\u00e1s\u00e1val v\u00e1rosunk folyamatosan fejl\u0151dik, jobb szolg\u00e1ltat\u00e1sokat, modern infrastrukt\u00far\u00e1t \u00e9s magasabb \u00e9letmin\u0151s\u00e9get k\u00edn\u00e1lva minden polg\u00e1r sz\u00e1m\u00e1ra. Nagyv\u00e1rad tov\u00e1bbra is elk\u00f6telezett az eur\u00f3pai fejl\u0151d\u00e9s mellett.","og_url":"https:\/\/oradea.ro\/hu\/hirek\/nagyvarad-az-europai-alapok-sikeres-felhasznalasanak-modellje-piotr-serafin-europai-biztos-hivatalos-latogatasa\/","og_site_name":"Oradea.ro","article_modified_time":"2025-04-29T05:46:12+00:00","og_image":[{"width":2560,"height":1441,"url":"https:\/\/oradea.ro\/wp-content\/uploads\/2025\/04\/rep-scaled.jpg","type":"image\/jpeg"}],"twitter_card":"summary_large_image","twitter_misc":{"Becs\u00fclt olvas\u00e1si id\u0151":"5 perc"},"schema":{"@context":"https:\/\/schema.org","@graph":[{"@type":"WebPage","@id":"https:\/\/oradea.ro\/hu\/hirek\/nagyvarad-az-europai-alapok-sikeres-felhasznalasanak-modellje-piotr-serafin-europai-biztos-hivatalos-latogatasa\/","url":"https:\/\/oradea.ro\/hu\/hirek\/nagyvarad-az-europai-alapok-sikeres-felhasznalasanak-modellje-piotr-serafin-europai-biztos-hivatalos-latogatasa\/","name":"Nagyv\u00e1rad, az eur\u00f3pai alapok sikeres felhaszn\u00e1l\u00e1s\u00e1nak modellje: Piotr Serafin eur\u00f3pai biztos hivatalos l\u00e1togat\u00e1sa - Oradea.ro","isPartOf":{"@id":"https:\/\/oradea.ro\/#website"},"primaryImageOfPage":{"@id":"https:\/\/oradea.ro\/hu\/hirek\/nagyvarad-az-europai-alapok-sikeres-felhasznalasanak-modellje-piotr-serafin-europai-biztos-hivatalos-latogatasa\/#primaryimage"},"image":{"@id":"https:\/\/oradea.ro\/hu\/hirek\/nagyvarad-az-europai-alapok-sikeres-felhasznalasanak-modellje-piotr-serafin-europai-biztos-hivatalos-latogatasa\/#primaryimage"},"thumbnailUrl":"https:\/\/oradea.ro\/wp-content\/uploads\/2025\/04\/rep-scaled.jpg","datePublished":"2025-04-25T12:43:56+00:00","dateModified":"2025-04-29T05:46:12+00:00","breadcrumb":{"@id":"https:\/\/oradea.ro\/hu\/hirek\/nagyvarad-az-europai-alapok-sikeres-felhasznalasanak-modellje-piotr-serafin-europai-biztos-hivatalos-latogatasa\/#breadcrumb"},"inLanguage":"hu","potentialAction":[{"@type":"ReadAction","target":["https:\/\/oradea.ro\/hu\/hirek\/nagyvarad-az-europai-alapok-sikeres-felhasznalasanak-modellje-piotr-serafin-europai-biztos-hivatalos-latogatasa\/"]}]},{"@type":"ImageObject","inLanguage":"hu","@id":"https:\/\/oradea.ro\/hu\/hirek\/nagyvarad-az-europai-alapok-sikeres-felhasznalasanak-modellje-piotr-serafin-europai-biztos-hivatalos-latogatasa\/#primaryimage","url":"https:\/\/oradea.ro\/wp-content\/uploads\/2025\/04\/rep-scaled.jpg","contentUrl":"https:\/\/oradea.ro\/wp-content\/uploads\/2025\/04\/rep-scaled.jpg","width":2560,"height":1441},{"@type":"BreadcrumbList","@id":"https:\/\/oradea.ro\/hu\/hirek\/nagyvarad-az-europai-alapok-sikeres-felhasznalasanak-modellje-piotr-serafin-europai-biztos-hivatalos-latogatasa\/#breadcrumb","itemListElement":[{"@type":"ListItem","position":1,"name":"","item":"https:\/\/oradea.ro\/hu\/"},{"@type":"ListItem","position":2,"name":"\u0218tiri","item":"https:\/\/oradea.ro\/stiri\/"},{"@type":"ListItem","position":3,"name":"Nagyv\u00e1rad, az eur\u00f3pai alapok sikeres felhaszn\u00e1l\u00e1s\u00e1nak modellje: Piotr Serafin eur\u00f3pai biztos hivatalos l\u00e1togat\u00e1sa"}]},{"@type":"WebSite","@id":"https:\/\/oradea.ro\/#website","url":"https:\/\/oradea.ro\/","name":"Oradea.ro","description":"Site-ul oficial al Prim\u0103riei Municipiului Oradea","publisher":{"@id":"https:\/\/oradea.ro\/#organization"},"potentialAction":[{"@type":"SearchAction","target":{"@type":"EntryPoint","urlTemplate":"https:\/\/oradea.ro\/?s={search_term_string}"},"query-input":{"@type":"PropertyValueSpecification","valueRequired":true,"valueName":"search_term_string"}}],"inLanguage":"hu"},{"@type":"Organization","@id":"https:\/\/oradea.ro\/#organization","name":"Oradea.ro","url":"https:\/\/oradea.ro\/","logo":{"@type":"ImageObject","inLanguage":"hu","@id":"https:\/\/oradea.ro\/#\/schema\/logo\/image\/","url":"https:\/\/oradea.ro\/wp-content\/uploads\/2023\/06\/footer_logo.svg","contentUrl":"https:\/\/oradea.ro\/wp-content\/uploads\/2023\/06\/footer_logo.svg","width":218,"height":53,"caption":"Oradea.ro"},"image":{"@id":"https:\/\/oradea.ro\/#\/schema\/logo\/image\/"}}]}},"publishpress_future_workflow_manual_trigger":{"enabledWorkflows":[]},"_links":{"self":[{"href":"https:\/\/oradea.ro\/hu\/wp-json\/wp\/v2\/stiri\/353926","targetHints":{"allow":["GET"]}}],"collection":[{"href":"https:\/\/oradea.ro\/hu\/wp-json\/wp\/v2\/stiri"}],"about":[{"href":"https:\/\/oradea.ro\/hu\/wp-json\/wp\/v2\/types\/stiri"}],"author":[{"embeddable":true,"href":"https:\/\/oradea.ro\/hu\/wp-json\/wp\/v2\/users\/38"}],"replies":[{"embeddable":true,"href":"https:\/\/oradea.ro\/hu\/wp-json\/wp\/v2\/comments?post=353926"}],"version-history":[{"count":1,"href":"https:\/\/oradea.ro\/hu\/wp-json\/wp\/v2\/stiri\/353926\/revisions"}],"predecessor-version":[{"id":353927,"href":"https:\/\/oradea.ro\/hu\/wp-json\/wp\/v2\/stiri\/353926\/revisions\/353927"}],"wp:featuredmedia":[{"embeddable":true,"href":"https:\/\/oradea.ro\/hu\/wp-json\/wp\/v2\/media\/353761"}],"wp:attachment":[{"href":"https:\/\/oradea.ro\/hu\/wp-json\/wp\/v2\/media?parent=353926"}],"wp:term":[{"taxonomy":"stiri-cat","embeddable":true,"href":"https:\/\/oradea.ro\/hu\/wp-json\/wp\/v2\/stiri-cat?post=353926"},{"taxonomy":"stiri-tags","embeddable":true,"href":"https:\/\/oradea.ro\/hu\/wp-json\/wp\/v2\/stiri-tags?post=353926"}],"curies":[{"name":"wp","href":"https:\/\/api.w.org\/{rel}","templated":true}]}}