{"id":354446,"date":"2025-04-29T11:31:59","date_gmt":"2025-04-29T09:31:59","guid":{"rendered":"https:\/\/oradea.ro\/stiri\/nyilt-nap-a-nagyvaradi-bolcsodekben\/"},"modified":"2025-05-07T13:18:21","modified_gmt":"2025-05-07T11:18:21","slug":"nyilt-nap-a-nagyvaradi-bolcsodekben","status":"publish","type":"stiri","link":"https:\/\/oradea.ro\/hu\/hirek\/nyilt-nap-a-nagyvaradi-bolcsodekben\/","title":{"rendered":"Ny\u00edlt nap a nagyv\u00e1radi b\u00f6lcs\u0151d\u00e9kben"},"content":{"rendered":"<div class=\"min-w-[100vw] h-[350px] md:h-[500px] ml-[calc(50%-50vw)] flex items-end bg-no-repeat bg-white bg-cover bg-center px-5\" style=\"background-image: url(https:\/\/oradea.ro\/wp-content\/uploads\/2020\/06\/cresa.jpg);\">\r\n                    <div class=\"w-full max-w-7xl mx-auto mb-6\">\r\n                        <h1 class=\"my-0 text-white font-extrabold font-open-sans text-3xl md:text-6xl [text-shadow:_0_1px_4px_rgb(0_0_0_\/_50%)]\">Ny\u00edlt nap a nagyv\u00e1radi b\u00f6lcs\u0151d\u00e9kben<\/h1>\r\n                    <\/div>\r\n                <\/div><div class=\"!px-5\"><div class=\"breadcrumbs w-full max-w-7xl mx-auto grid md:flex flex-wrap items-center py-4 test\"><div><a href=\"https:\/\/oradea.ro\/hu\/\"><span class=\"fas fa-home text-[#ABAEB3]\"><\/span><\/a><span class=\"md:hidden\"><span class=\"fas fa-chevron-down mx-5 text-xs text-[#ABAEB3] hover:text-black\/50 transition-all\"><\/span><\/span><span class=\"hidden md:inline\"><span class=\"fas fa-chevron-right mx-5 text-xs text-[#ABAEB3] hover:text-black\/50 transition-all\"><\/span><\/span><\/div><span class=\"font-poppins font-semibold uppercase text-black\/60\">Ny\u00edlt nap a nagyv\u00e1radi b\u00f6lcs\u0151d\u00e9kben<\/span><\/div><\/div>\n<p>M\u00e1jus 14-\u00e9n, 14:00-18:00 \u00f3ra k\u00f6z\u00f6tt<strong>&#8222;Ny\u00edlt napot&#8221; <\/strong>szerveznek a nagyv\u00e1radi b\u00f6lcs\u00f6d\u00e9kben<strong>. M<\/strong>ind a 15 b\u00f6lcs\u0151de nyitva \u00e1ll a l\u00e1togat\u00f3k el\u0151tt, a c\u00e9l az, hogy a gyerekek megismerkedjenek a nagyv\u00e1radi b\u00f6lcs\u0151d\u00e9k szem\u00e9lyzet\u00e9vel \u00e9s tereivel, \u00e9s ez egy j\u00f3 alkalom arra is, hogy a sz\u00fcl\u0151k megismerkedjenek az int\u00e9zm\u00e9nyek \u00e1ltal k\u00edn\u00e1lt szolg\u00e1ltat\u00e1sokkal (a gyermekek gondoz\u00e1sa, t\u00e1pl\u00e1l\u00e1sa \u00e9s korai nevel\u00e9se) a lak\u00f3hely\u00fckh\u00f6z k\u00f6zeli b\u00f6lcs\u0151d\u00e9ben.<\/p>\n\n<p><em>&#8222;A gyermekek els\u0151 l\u00e9p\u00e9sei a kollekt\u00edv\u00e1ban fontosak eg\u00e9sz fejl\u0151d\u00e9s\u00fck szempontj\u00e1b\u00f3l, \u00e9s a b\u00f6lcs\u0151de kiv\u00e1laszt\u00e1sa olyan d\u00f6nt\u00e9s, amelyet k\u00f6r\u00fcltekint\u0151en \u00e9s bizalommal kell meghozni. \u00c9ppen ez\u00e9rt a ny\u00edlt nap keret\u00e9ben arra invit\u00e1ljuk a sz\u00fcl\u0151ket, hogy a nagyv\u00e1radi v\u00e1rosh\u00e1za t\u00e1mogat\u00e1s\u00e1val k\u00f6zelebbr\u0151l is megismerj\u00e9k a tereket, a szem\u00e9lyzetet \u00e9s a l\u00e9tes\u00edtm\u00e9nyeket, amelyeket a kicsiknek k\u00edn\u00e1lunk. Szeretn\u00e9nk, ha minden csal\u00e1d \u00e9rezn\u00e9, hogy itt egy biztons\u00e1gos, bar\u00e1ts\u00e1gos \u00e9s \u00f6r\u00f6mteli helyet tal\u00e1lnak gyermek\u00fck \u00e9let\u00e9nek e sz\u00e9p szakasz\u00e1nak kezdet\u00e9re&#8221; &#8211; <\/em>mondta Anca Grama, a Nagyv\u00e1radi Szoci\u00e1lis \u00dcgyek Igazgat\u00f3s\u00e1gnak vezet\u0151je.<\/p>\n\n<p>Az al\u00e1bbiakban a 15 b\u00f6lcs\u0151de helysz\u00ednei tal\u00e1lhat\u00f3k: <\/p>\n\n<p>Cre\u0219a Oradea &#8211; 16, Onisifor Ghibu str. <\/p>\n\n<p>1. sz\u00e1m\u00fa napk\u00f6zi otthon &#8222;Dumbrava Minunat\u0103&#8221; &#8211; 9 P-\u021ba 1 Decembrie str. <\/p>\n\n<p>2. sz\u00e1m\u00fa napk\u00f6zi otthon &#8222;Pedioru\u0219e Vesele&#8221; &#8211; 8, Gr\u0103dinarilor str. <\/p>\n\n<p>3. sz\u00e1m\u00fa napk\u00f6zi otthon &#8222;T\u0103r\u00e2mul Fermecat&#8221; &#8211; 8\/A C\u0103lug\u0103reni str. <\/p>\n\n<p>5. sz\u00e1m\u00fa &#8222;Voinicel&#8221; napk\u00f6zi otthon &#8211; Ha\u021begului utca 32. <\/p>\n\n<p>6. sz\u00e1m\u00fa napk\u00f6zi otthon &#8222;C\u0103su\u021ba Veseliei&#8221; &#8211; 100\/A, Aluminei str. <\/p>\n\n<p>7. sz\u00e1m\u00fa &#8222;H\u00f3feh\u00e9rke&#8221; \u00f3voda &#8211; C\u0103lug\u0103reni utca 4\/A <\/p>\n\n<p>8. sz\u00e1m\u00fa \u00f3voda &#8222;C\u0103su\u021ba Piticilor&#8221; &#8211; str. 1848, nr.3\/B <\/p>\n\n<p>9. sz\u00e1m\u00fa \u00f3voda &#8222;C\u0103su\u021ba din Poieni\u021b\u0103&#8221; &#8211; 2\/A, Poieni\u021bei str. <\/p>\n\n<p>10. sz\u00e1m\u00fa napk\u00f6zi otthon &#8222;Raz\u0103 de Soare&#8221; &#8211; 12, Constantin Br\u00e2ncu\u0219i str. <\/p>\n\n<p>11. sz\u00e1m\u00fa \u00f3voda &#8222;Sf. Iosif&#8221; &#8211; 5 Ion Irimescu str.  <\/p>\n\n<p>12. sz\u00e1m\u00fa \u00f3voda &#8222;Micul Flutura\u0219&#8221; &#8211; Poieni\u021bei str., nr.2\/a (els\u0151 emelet) <\/p>\n\n<p>13. sz\u00e1m\u00fa &#8222;Lizuca \u00e9s Patrocle&#8221; napk\u00f6zi otthon &#8211; str. Lavandei, nr. 5A, bl.  7C<\/p>\n\n<p>14. sz\u00e1m\u00fa \u00f3voda &#8222;Kis herceg&#8221; &#8211; 46 Iuliu Maniu str. <\/p>\n\n<p>15. sz\u00e1m\u00fa \u00f3voda &#8222;C\u0103su\u021ba Prieteniei&#8221; &#8211; str. General Gheorghe M\u0103rd\u0103rescu nr. 12 (Ipari Park I)<\/p>\n\n<p> Szeretettel v\u00e1rjuk \u00d6nt!<\/p>\n\n<figure class=\"wp-block-gallery has-nested-images columns-default is-cropped wp-block-gallery-1 is-layout-flex wp-block-gallery-is-layout-flex\">\n<figure class=\"wp-block-image size-large\"><img fetchpriority=\"high\" decoding=\"async\" width=\"724\" height=\"1024\" data-id=\"353965\" src=\"https:\/\/oradea.ro\/wp-content\/uploads\/2025\/04\/DASO-Ziua-portilo-deschise-Crese-2025-1-724x1024.png\" alt=\"\" class=\"wp-image-353965\" srcset=\"https:\/\/oradea.ro\/wp-content\/uploads\/2025\/04\/DASO-Ziua-portilo-deschise-Crese-2025-1-724x1024.png 724w, https:\/\/oradea.ro\/wp-content\/uploads\/2025\/04\/DASO-Ziua-portilo-deschise-Crese-2025-1-212x300.png 212w, https:\/\/oradea.ro\/wp-content\/uploads\/2025\/04\/DASO-Ziua-portilo-deschise-Crese-2025-1-768x1086.png 768w, https:\/\/oradea.ro\/wp-content\/uploads\/2025\/04\/DASO-Ziua-portilo-deschise-Crese-2025-1-1086x1536.png 1086w, https:\/\/oradea.ro\/wp-content\/uploads\/2025\/04\/DASO-Ziua-portilo-deschise-Crese-2025-1-1448x2048.png 1448w, https:\/\/oradea.ro\/wp-content\/uploads\/2025\/04\/DASO-Ziua-portilo-deschise-Crese-2025-1.png 1587w\" sizes=\"(max-width: 724px) 100vw, 724px\" \/><\/figure>\n<\/figure>\n","protected":false},"author":7,"featured_media":146344,"comment_status":"closed","ping_status":"closed","template":"","stiri-cat":[],"stiri-tags":[],"class_list":["post-354446","stiri","type-stiri","status-publish","has-post-thumbnail","hentry"],"acf":[],"yoast_head":"<!-- This site is optimized with the Yoast SEO plugin v26.6 - https:\/\/yoast.com\/wordpress\/plugins\/seo\/ -->\n<title>Ny\u00edlt nap a nagyv\u00e1radi b\u00f6lcs\u0151d\u00e9kben - Oradea.ro<\/title>\n<meta name=\"robots\" content=\"index, follow, max-snippet:-1, max-image-preview:large, max-video-preview:-1\" \/>\n<link rel=\"canonical\" href=\"https:\/\/oradea.ro\/hu\/hirek\/nyilt-nap-a-nagyvaradi-bolcsodekben\/\" \/>\n<meta property=\"og:locale\" content=\"hu_HU\" \/>\n<meta property=\"og:type\" content=\"article\" \/>\n<meta property=\"og:title\" content=\"Ny\u00edlt nap a nagyv\u00e1radi b\u00f6lcs\u0151d\u00e9kben - Oradea.ro\" \/>\n<meta property=\"og:description\" content=\"Ny\u00edlt nap a nagyv\u00e1radi b\u00f6lcs\u0151d\u00e9kben Ny\u00edlt nap a nagyv\u00e1radi b\u00f6lcs\u0151d\u00e9kben M\u00e1jus 14-\u00e9n, 14:00-18:00 \u00f3ra k\u00f6z\u00f6tt&#8222;Ny\u00edlt napot&#8221; szerveznek a nagyv\u00e1radi b\u00f6lcs\u00f6d\u00e9kben. Mind a 15 b\u00f6lcs\u0151de nyitva \u00e1ll a l\u00e1togat\u00f3k el\u0151tt, a c\u00e9l az, hogy a gyerekek megismerkedjenek a nagyv\u00e1radi b\u00f6lcs\u0151d\u00e9k szem\u00e9lyzet\u00e9vel \u00e9s tereivel, \u00e9s ez egy j\u00f3 alkalom arra is, hogy a sz\u00fcl\u0151k megismerkedjenek az int\u00e9zm\u00e9nyek \u00e1ltal k\u00edn\u00e1lt szolg\u00e1ltat\u00e1sokkal (a gyermekek gondoz\u00e1sa, t\u00e1pl\u00e1l\u00e1sa \u00e9s korai nevel\u00e9se) a lak\u00f3hely\u00fckh\u00f6z k\u00f6zeli b\u00f6lcs\u0151d\u00e9ben. &#8222;A gyermekek els\u0151 l\u00e9p\u00e9sei a kollekt\u00edv\u00e1ban fontosak eg\u00e9sz fejl\u0151d\u00e9s\u00fck szempontj\u00e1b\u00f3l, \u00e9s a b\u00f6lcs\u0151de kiv\u00e1laszt\u00e1sa olyan d\u00f6nt\u00e9s, amelyet k\u00f6r\u00fcltekint\u0151en \u00e9s bizalommal kell meghozni. \u00c9ppen ez\u00e9rt a ny\u00edlt nap keret\u00e9ben arra invit\u00e1ljuk a sz\u00fcl\u0151ket, hogy a nagyv\u00e1radi v\u00e1rosh\u00e1za t\u00e1mogat\u00e1s\u00e1val k\u00f6zelebbr\u0151l is megismerj\u00e9k a tereket, a szem\u00e9lyzetet \u00e9s a l\u00e9tes\u00edtm\u00e9nyeket, amelyeket a kicsiknek k\u00edn\u00e1lunk. Szeretn\u00e9nk, ha minden csal\u00e1d \u00e9rezn\u00e9, hogy itt egy biztons\u00e1gos, bar\u00e1ts\u00e1gos \u00e9s \u00f6r\u00f6mteli helyet tal\u00e1lnak gyermek\u00fck \u00e9let\u00e9nek e sz\u00e9p szakasz\u00e1nak kezdet\u00e9re&#8221; &#8211; mondta Anca Grama, a Nagyv\u00e1radi Szoci\u00e1lis \u00dcgyek Igazgat\u00f3s\u00e1gnak vezet\u0151je. Az al\u00e1bbiakban a 15 b\u00f6lcs\u0151de helysz\u00ednei tal\u00e1lhat\u00f3k: Cre\u0219a Oradea &#8211; 16, Onisifor Ghibu str. 1. sz\u00e1m\u00fa napk\u00f6zi otthon &#8222;Dumbrava Minunat\u0103&#8221; &#8211; 9 P-\u021ba 1 Decembrie str. 2. sz\u00e1m\u00fa napk\u00f6zi otthon &#8222;Pedioru\u0219e Vesele&#8221; &#8211; 8, Gr\u0103dinarilor str. 3. sz\u00e1m\u00fa napk\u00f6zi otthon &#8222;T\u0103r\u00e2mul Fermecat&#8221; &#8211; 8\/A C\u0103lug\u0103reni str. 5. sz\u00e1m\u00fa &#8222;Voinicel&#8221; napk\u00f6zi otthon &#8211; Ha\u021begului utca 32. 6. sz\u00e1m\u00fa napk\u00f6zi otthon &#8222;C\u0103su\u021ba Veseliei&#8221; &#8211; 100\/A, Aluminei str. 7. sz\u00e1m\u00fa &#8222;H\u00f3feh\u00e9rke&#8221; \u00f3voda &#8211; C\u0103lug\u0103reni utca 4\/A 8. sz\u00e1m\u00fa \u00f3voda &#8222;C\u0103su\u021ba Piticilor&#8221; &#8211; str. 1848, nr.3\/B 9. sz\u00e1m\u00fa \u00f3voda &#8222;C\u0103su\u021ba din Poieni\u021b\u0103&#8221; &#8211; 2\/A, Poieni\u021bei str. 10. sz\u00e1m\u00fa napk\u00f6zi otthon &#8222;Raz\u0103 de Soare&#8221; &#8211; 12, Constantin Br\u00e2ncu\u0219i str. 11. sz\u00e1m\u00fa \u00f3voda &#8222;Sf. Iosif&#8221; &#8211; 5 Ion Irimescu str. 12. sz\u00e1m\u00fa \u00f3voda &#8222;Micul Flutura\u0219&#8221; &#8211; Poieni\u021bei str., nr.2\/a (els\u0151 emelet) 13. sz\u00e1m\u00fa &#8222;Lizuca \u00e9s Patrocle&#8221; napk\u00f6zi otthon &#8211; str. Lavandei, nr. 5A, bl. 7C 14. sz\u00e1m\u00fa \u00f3voda &#8222;Kis herceg&#8221; &#8211; 46 Iuliu Maniu str. 15. sz\u00e1m\u00fa \u00f3voda &#8222;C\u0103su\u021ba Prieteniei&#8221; &#8211; str. General Gheorghe M\u0103rd\u0103rescu nr. 12 (Ipari Park I) Szeretettel v\u00e1rjuk \u00d6nt!\" \/>\n<meta property=\"og:url\" content=\"https:\/\/oradea.ro\/hu\/hirek\/nyilt-nap-a-nagyvaradi-bolcsodekben\/\" \/>\n<meta property=\"og:site_name\" content=\"Oradea.ro\" \/>\n<meta property=\"article:modified_time\" content=\"2025-05-07T11:18:21+00:00\" \/>\n<meta property=\"og:image\" content=\"https:\/\/oradea.ro\/wp-content\/uploads\/2020\/06\/cresa.jpg\" \/>\n\t<meta property=\"og:image:width\" content=\"578\" \/>\n\t<meta property=\"og:image:height\" content=\"364\" \/>\n\t<meta property=\"og:image:type\" content=\"image\/jpeg\" \/>\n<meta name=\"twitter:card\" content=\"summary_large_image\" \/>\n<meta name=\"twitter:label1\" content=\"Becs\u00fclt olvas\u00e1si id\u0151\" \/>\n\t<meta name=\"twitter:data1\" content=\"2 perc\" \/>\n<script type=\"application\/ld+json\" class=\"yoast-schema-graph\">{\"@context\":\"https:\/\/schema.org\",\"@graph\":[{\"@type\":\"WebPage\",\"@id\":\"https:\/\/oradea.ro\/hu\/hirek\/nyilt-nap-a-nagyvaradi-bolcsodekben\/\",\"url\":\"https:\/\/oradea.ro\/hu\/hirek\/nyilt-nap-a-nagyvaradi-bolcsodekben\/\",\"name\":\"Ny\u00edlt nap a nagyv\u00e1radi b\u00f6lcs\u0151d\u00e9kben - Oradea.ro\",\"isPartOf\":{\"@id\":\"https:\/\/oradea.ro\/#website\"},\"primaryImageOfPage\":{\"@id\":\"https:\/\/oradea.ro\/hu\/hirek\/nyilt-nap-a-nagyvaradi-bolcsodekben\/#primaryimage\"},\"image\":{\"@id\":\"https:\/\/oradea.ro\/hu\/hirek\/nyilt-nap-a-nagyvaradi-bolcsodekben\/#primaryimage\"},\"thumbnailUrl\":\"https:\/\/oradea.ro\/wp-content\/uploads\/2020\/06\/cresa.jpg\",\"datePublished\":\"2025-04-29T09:31:59+00:00\",\"dateModified\":\"2025-05-07T11:18:21+00:00\",\"breadcrumb\":{\"@id\":\"https:\/\/oradea.ro\/hu\/hirek\/nyilt-nap-a-nagyvaradi-bolcsodekben\/#breadcrumb\"},\"inLanguage\":\"hu\",\"potentialAction\":[{\"@type\":\"ReadAction\",\"target\":[\"https:\/\/oradea.ro\/hu\/hirek\/nyilt-nap-a-nagyvaradi-bolcsodekben\/\"]}]},{\"@type\":\"ImageObject\",\"inLanguage\":\"hu\",\"@id\":\"https:\/\/oradea.ro\/hu\/hirek\/nyilt-nap-a-nagyvaradi-bolcsodekben\/#primaryimage\",\"url\":\"https:\/\/oradea.ro\/wp-content\/uploads\/2020\/06\/cresa.jpg\",\"contentUrl\":\"https:\/\/oradea.ro\/wp-content\/uploads\/2020\/06\/cresa.jpg\",\"width\":578,\"height\":364},{\"@type\":\"BreadcrumbList\",\"@id\":\"https:\/\/oradea.ro\/hu\/hirek\/nyilt-nap-a-nagyvaradi-bolcsodekben\/#breadcrumb\",\"itemListElement\":[{\"@type\":\"ListItem\",\"position\":1,\"name\":\"\",\"item\":\"https:\/\/oradea.ro\/hu\/\"},{\"@type\":\"ListItem\",\"position\":2,\"name\":\"\u0218tiri\",\"item\":\"https:\/\/oradea.ro\/stiri\/\"},{\"@type\":\"ListItem\",\"position\":3,\"name\":\"Ny\u00edlt nap a nagyv\u00e1radi b\u00f6lcs\u0151d\u00e9kben\"}]},{\"@type\":\"WebSite\",\"@id\":\"https:\/\/oradea.ro\/#website\",\"url\":\"https:\/\/oradea.ro\/\",\"name\":\"Oradea.ro\",\"description\":\"Site-ul oficial al Prim\u0103riei Municipiului Oradea\",\"publisher\":{\"@id\":\"https:\/\/oradea.ro\/#organization\"},\"potentialAction\":[{\"@type\":\"SearchAction\",\"target\":{\"@type\":\"EntryPoint\",\"urlTemplate\":\"https:\/\/oradea.ro\/?s={search_term_string}\"},\"query-input\":{\"@type\":\"PropertyValueSpecification\",\"valueRequired\":true,\"valueName\":\"search_term_string\"}}],\"inLanguage\":\"hu\"},{\"@type\":\"Organization\",\"@id\":\"https:\/\/oradea.ro\/#organization\",\"name\":\"Oradea.ro\",\"url\":\"https:\/\/oradea.ro\/\",\"logo\":{\"@type\":\"ImageObject\",\"inLanguage\":\"hu\",\"@id\":\"https:\/\/oradea.ro\/#\/schema\/logo\/image\/\",\"url\":\"https:\/\/oradea.ro\/wp-content\/uploads\/2023\/06\/footer_logo.svg\",\"contentUrl\":\"https:\/\/oradea.ro\/wp-content\/uploads\/2023\/06\/footer_logo.svg\",\"width\":218,\"height\":53,\"caption\":\"Oradea.ro\"},\"image\":{\"@id\":\"https:\/\/oradea.ro\/#\/schema\/logo\/image\/\"}}]}<\/script>\n<!-- \/ Yoast SEO plugin. -->","yoast_head_json":{"title":"Ny\u00edlt nap a nagyv\u00e1radi b\u00f6lcs\u0151d\u00e9kben - Oradea.ro","robots":{"index":"index","follow":"follow","max-snippet":"max-snippet:-1","max-image-preview":"max-image-preview:large","max-video-preview":"max-video-preview:-1"},"canonical":"https:\/\/oradea.ro\/hu\/hirek\/nyilt-nap-a-nagyvaradi-bolcsodekben\/","og_locale":"hu_HU","og_type":"article","og_title":"Ny\u00edlt nap a nagyv\u00e1radi b\u00f6lcs\u0151d\u00e9kben - Oradea.ro","og_description":"Ny\u00edlt nap a nagyv\u00e1radi b\u00f6lcs\u0151d\u00e9kben Ny\u00edlt nap a nagyv\u00e1radi b\u00f6lcs\u0151d\u00e9kben M\u00e1jus 14-\u00e9n, 14:00-18:00 \u00f3ra k\u00f6z\u00f6tt&#8222;Ny\u00edlt napot&#8221; szerveznek a nagyv\u00e1radi b\u00f6lcs\u00f6d\u00e9kben. Mind a 15 b\u00f6lcs\u0151de nyitva \u00e1ll a l\u00e1togat\u00f3k el\u0151tt, a c\u00e9l az, hogy a gyerekek megismerkedjenek a nagyv\u00e1radi b\u00f6lcs\u0151d\u00e9k szem\u00e9lyzet\u00e9vel \u00e9s tereivel, \u00e9s ez egy j\u00f3 alkalom arra is, hogy a sz\u00fcl\u0151k megismerkedjenek az int\u00e9zm\u00e9nyek \u00e1ltal k\u00edn\u00e1lt szolg\u00e1ltat\u00e1sokkal (a gyermekek gondoz\u00e1sa, t\u00e1pl\u00e1l\u00e1sa \u00e9s korai nevel\u00e9se) a lak\u00f3hely\u00fckh\u00f6z k\u00f6zeli b\u00f6lcs\u0151d\u00e9ben. &#8222;A gyermekek els\u0151 l\u00e9p\u00e9sei a kollekt\u00edv\u00e1ban fontosak eg\u00e9sz fejl\u0151d\u00e9s\u00fck szempontj\u00e1b\u00f3l, \u00e9s a b\u00f6lcs\u0151de kiv\u00e1laszt\u00e1sa olyan d\u00f6nt\u00e9s, amelyet k\u00f6r\u00fcltekint\u0151en \u00e9s bizalommal kell meghozni. \u00c9ppen ez\u00e9rt a ny\u00edlt nap keret\u00e9ben arra invit\u00e1ljuk a sz\u00fcl\u0151ket, hogy a nagyv\u00e1radi v\u00e1rosh\u00e1za t\u00e1mogat\u00e1s\u00e1val k\u00f6zelebbr\u0151l is megismerj\u00e9k a tereket, a szem\u00e9lyzetet \u00e9s a l\u00e9tes\u00edtm\u00e9nyeket, amelyeket a kicsiknek k\u00edn\u00e1lunk. Szeretn\u00e9nk, ha minden csal\u00e1d \u00e9rezn\u00e9, hogy itt egy biztons\u00e1gos, bar\u00e1ts\u00e1gos \u00e9s \u00f6r\u00f6mteli helyet tal\u00e1lnak gyermek\u00fck \u00e9let\u00e9nek e sz\u00e9p szakasz\u00e1nak kezdet\u00e9re&#8221; &#8211; mondta Anca Grama, a Nagyv\u00e1radi Szoci\u00e1lis \u00dcgyek Igazgat\u00f3s\u00e1gnak vezet\u0151je. Az al\u00e1bbiakban a 15 b\u00f6lcs\u0151de helysz\u00ednei tal\u00e1lhat\u00f3k: Cre\u0219a Oradea &#8211; 16, Onisifor Ghibu str. 1. sz\u00e1m\u00fa napk\u00f6zi otthon &#8222;Dumbrava Minunat\u0103&#8221; &#8211; 9 P-\u021ba 1 Decembrie str. 2. sz\u00e1m\u00fa napk\u00f6zi otthon &#8222;Pedioru\u0219e Vesele&#8221; &#8211; 8, Gr\u0103dinarilor str. 3. sz\u00e1m\u00fa napk\u00f6zi otthon &#8222;T\u0103r\u00e2mul Fermecat&#8221; &#8211; 8\/A C\u0103lug\u0103reni str. 5. sz\u00e1m\u00fa &#8222;Voinicel&#8221; napk\u00f6zi otthon &#8211; Ha\u021begului utca 32. 6. sz\u00e1m\u00fa napk\u00f6zi otthon &#8222;C\u0103su\u021ba Veseliei&#8221; &#8211; 100\/A, Aluminei str. 7. sz\u00e1m\u00fa &#8222;H\u00f3feh\u00e9rke&#8221; \u00f3voda &#8211; C\u0103lug\u0103reni utca 4\/A 8. sz\u00e1m\u00fa \u00f3voda &#8222;C\u0103su\u021ba Piticilor&#8221; &#8211; str. 1848, nr.3\/B 9. sz\u00e1m\u00fa \u00f3voda &#8222;C\u0103su\u021ba din Poieni\u021b\u0103&#8221; &#8211; 2\/A, Poieni\u021bei str. 10. sz\u00e1m\u00fa napk\u00f6zi otthon &#8222;Raz\u0103 de Soare&#8221; &#8211; 12, Constantin Br\u00e2ncu\u0219i str. 11. sz\u00e1m\u00fa \u00f3voda &#8222;Sf. Iosif&#8221; &#8211; 5 Ion Irimescu str. 12. sz\u00e1m\u00fa \u00f3voda &#8222;Micul Flutura\u0219&#8221; &#8211; Poieni\u021bei str., nr.2\/a (els\u0151 emelet) 13. sz\u00e1m\u00fa &#8222;Lizuca \u00e9s Patrocle&#8221; napk\u00f6zi otthon &#8211; str. Lavandei, nr. 5A, bl. 7C 14. sz\u00e1m\u00fa \u00f3voda &#8222;Kis herceg&#8221; &#8211; 46 Iuliu Maniu str. 15. sz\u00e1m\u00fa \u00f3voda &#8222;C\u0103su\u021ba Prieteniei&#8221; &#8211; str. General Gheorghe M\u0103rd\u0103rescu nr. 12 (Ipari Park I) Szeretettel v\u00e1rjuk \u00d6nt!","og_url":"https:\/\/oradea.ro\/hu\/hirek\/nyilt-nap-a-nagyvaradi-bolcsodekben\/","og_site_name":"Oradea.ro","article_modified_time":"2025-05-07T11:18:21+00:00","og_image":[{"width":578,"height":364,"url":"https:\/\/oradea.ro\/wp-content\/uploads\/2020\/06\/cresa.jpg","type":"image\/jpeg"}],"twitter_card":"summary_large_image","twitter_misc":{"Becs\u00fclt olvas\u00e1si id\u0151":"2 perc"},"schema":{"@context":"https:\/\/schema.org","@graph":[{"@type":"WebPage","@id":"https:\/\/oradea.ro\/hu\/hirek\/nyilt-nap-a-nagyvaradi-bolcsodekben\/","url":"https:\/\/oradea.ro\/hu\/hirek\/nyilt-nap-a-nagyvaradi-bolcsodekben\/","name":"Ny\u00edlt nap a nagyv\u00e1radi b\u00f6lcs\u0151d\u00e9kben - Oradea.ro","isPartOf":{"@id":"https:\/\/oradea.ro\/#website"},"primaryImageOfPage":{"@id":"https:\/\/oradea.ro\/hu\/hirek\/nyilt-nap-a-nagyvaradi-bolcsodekben\/#primaryimage"},"image":{"@id":"https:\/\/oradea.ro\/hu\/hirek\/nyilt-nap-a-nagyvaradi-bolcsodekben\/#primaryimage"},"thumbnailUrl":"https:\/\/oradea.ro\/wp-content\/uploads\/2020\/06\/cresa.jpg","datePublished":"2025-04-29T09:31:59+00:00","dateModified":"2025-05-07T11:18:21+00:00","breadcrumb":{"@id":"https:\/\/oradea.ro\/hu\/hirek\/nyilt-nap-a-nagyvaradi-bolcsodekben\/#breadcrumb"},"inLanguage":"hu","potentialAction":[{"@type":"ReadAction","target":["https:\/\/oradea.ro\/hu\/hirek\/nyilt-nap-a-nagyvaradi-bolcsodekben\/"]}]},{"@type":"ImageObject","inLanguage":"hu","@id":"https:\/\/oradea.ro\/hu\/hirek\/nyilt-nap-a-nagyvaradi-bolcsodekben\/#primaryimage","url":"https:\/\/oradea.ro\/wp-content\/uploads\/2020\/06\/cresa.jpg","contentUrl":"https:\/\/oradea.ro\/wp-content\/uploads\/2020\/06\/cresa.jpg","width":578,"height":364},{"@type":"BreadcrumbList","@id":"https:\/\/oradea.ro\/hu\/hirek\/nyilt-nap-a-nagyvaradi-bolcsodekben\/#breadcrumb","itemListElement":[{"@type":"ListItem","position":1,"name":"","item":"https:\/\/oradea.ro\/hu\/"},{"@type":"ListItem","position":2,"name":"\u0218tiri","item":"https:\/\/oradea.ro\/stiri\/"},{"@type":"ListItem","position":3,"name":"Ny\u00edlt nap a nagyv\u00e1radi b\u00f6lcs\u0151d\u00e9kben"}]},{"@type":"WebSite","@id":"https:\/\/oradea.ro\/#website","url":"https:\/\/oradea.ro\/","name":"Oradea.ro","description":"Site-ul oficial al Prim\u0103riei Municipiului Oradea","publisher":{"@id":"https:\/\/oradea.ro\/#organization"},"potentialAction":[{"@type":"SearchAction","target":{"@type":"EntryPoint","urlTemplate":"https:\/\/oradea.ro\/?s={search_term_string}"},"query-input":{"@type":"PropertyValueSpecification","valueRequired":true,"valueName":"search_term_string"}}],"inLanguage":"hu"},{"@type":"Organization","@id":"https:\/\/oradea.ro\/#organization","name":"Oradea.ro","url":"https:\/\/oradea.ro\/","logo":{"@type":"ImageObject","inLanguage":"hu","@id":"https:\/\/oradea.ro\/#\/schema\/logo\/image\/","url":"https:\/\/oradea.ro\/wp-content\/uploads\/2023\/06\/footer_logo.svg","contentUrl":"https:\/\/oradea.ro\/wp-content\/uploads\/2023\/06\/footer_logo.svg","width":218,"height":53,"caption":"Oradea.ro"},"image":{"@id":"https:\/\/oradea.ro\/#\/schema\/logo\/image\/"}}]}},"publishpress_future_workflow_manual_trigger":{"enabledWorkflows":[]},"_links":{"self":[{"href":"https:\/\/oradea.ro\/hu\/wp-json\/wp\/v2\/stiri\/354446","targetHints":{"allow":["GET"]}}],"collection":[{"href":"https:\/\/oradea.ro\/hu\/wp-json\/wp\/v2\/stiri"}],"about":[{"href":"https:\/\/oradea.ro\/hu\/wp-json\/wp\/v2\/types\/stiri"}],"author":[{"embeddable":true,"href":"https:\/\/oradea.ro\/hu\/wp-json\/wp\/v2\/users\/7"}],"replies":[{"embeddable":true,"href":"https:\/\/oradea.ro\/hu\/wp-json\/wp\/v2\/comments?post=354446"}],"version-history":[{"count":1,"href":"https:\/\/oradea.ro\/hu\/wp-json\/wp\/v2\/stiri\/354446\/revisions"}],"predecessor-version":[{"id":354447,"href":"https:\/\/oradea.ro\/hu\/wp-json\/wp\/v2\/stiri\/354446\/revisions\/354447"}],"wp:featuredmedia":[{"embeddable":true,"href":"https:\/\/oradea.ro\/hu\/wp-json\/wp\/v2\/media\/146344"}],"wp:attachment":[{"href":"https:\/\/oradea.ro\/hu\/wp-json\/wp\/v2\/media?parent=354446"}],"wp:term":[{"taxonomy":"stiri-cat","embeddable":true,"href":"https:\/\/oradea.ro\/hu\/wp-json\/wp\/v2\/stiri-cat?post=354446"},{"taxonomy":"stiri-tags","embeddable":true,"href":"https:\/\/oradea.ro\/hu\/wp-json\/wp\/v2\/stiri-tags?post=354446"}],"curies":[{"name":"wp","href":"https:\/\/api.w.org\/{rel}","templated":true}]}}