{"id":357735,"date":"2025-05-16T13:09:56","date_gmt":"2025-05-16T11:09:56","guid":{"rendered":"https:\/\/oradea.ro\/stiri\/meglatogatta-a-legnagyobb-nagyvaradi-bolcsodet-florin-birta-polgarmester-es-cseke-attila-miniszter\/"},"modified":"2025-05-28T09:51:58","modified_gmt":"2025-05-28T07:51:58","slug":"meglatogatta-a-legnagyobb-nagyvaradi-bolcsodet-florin-birta-polgarmester-es-cseke-attila-miniszter","status":"publish","type":"stiri","link":"https:\/\/oradea.ro\/hu\/hirek\/meglatogatta-a-legnagyobb-nagyvaradi-bolcsodet-florin-birta-polgarmester-es-cseke-attila-miniszter\/","title":{"rendered":"Megl\u00e1togatta a legnagyobb nagyv\u00e1radi b\u00f6lcs\u0151d\u00e9t Florin Birta polg\u00e1rmester \u00e9s Cseke Attila miniszter"},"content":{"rendered":"<div class=\"min-w-[100vw] h-[350px] md:h-[500px] ml-[calc(50%-50vw)] flex items-end bg-no-repeat bg-white bg-cover bg-center px-5\" style=\"background-image: url(https:\/\/oradea.ro\/wp-content\/uploads\/2025\/05\/IMG_6273-scaled.jpg);\">\r\n                    <div class=\"w-full max-w-7xl mx-auto mb-6\">\r\n                        <h1 class=\"my-0 text-white font-extrabold font-open-sans text-3xl md:text-6xl [text-shadow:_0_1px_4px_rgb(0_0_0_\/_50%)]\">Megl\u00e1togatta a legnagyobb nagyv\u00e1radi b\u00f6lcs\u0151d\u00e9t Florin Birta polg\u00e1rmester \u00e9s Cseke Attila miniszter<\/h1>\r\n                    <\/div>\r\n                <\/div><div class=\"!px-5\"><div class=\"breadcrumbs w-full max-w-7xl mx-auto grid md:flex flex-wrap items-center py-4 test\"><div><a href=\"https:\/\/oradea.ro\/hu\/\"><span class=\"fas fa-home text-[#ABAEB3]\"><\/span><\/a><span class=\"md:hidden\"><span class=\"fas fa-chevron-down mx-5 text-xs text-[#ABAEB3] hover:text-black\/50 transition-all\"><\/span><\/span><span class=\"hidden md:inline\"><span class=\"fas fa-chevron-right mx-5 text-xs text-[#ABAEB3] hover:text-black\/50 transition-all\"><\/span><\/span><\/div><span class=\"font-poppins font-semibold uppercase text-black\/60\">Megl\u00e1togatta a legnagyobb nagyv\u00e1radi b\u00f6lcs\u0151d\u00e9t Florin Birta polg\u00e1rmester \u00e9s Cseke Attila miniszter<\/span><\/div><\/div>\n<p>Florin Birta polg\u00e1rmester Cseke Attila fejleszt\u00e9si, k\u00f6zmunka- \u00e9s k\u00f6zigazgat\u00e1si miniszterrel egy\u00fctt ma, m\u00e1jus 16-\u00e1n munkal\u00e1togat\u00e1st tett a Nagyv\u00e1radon valaha \u00e9p\u00fclt legnagyobb b\u00f6lcs\u0151d\u00e9ben. A b\u00f6lcs\u0151de a Ion Irimescu utc\u00e1ban, a Nuf\u0103rul negyedben tal\u00e1lhat\u00f3. <\/p>\n\n<p>A projektet a Fejleszt\u00e9si, K\u00f6zmunka\u00fcgyi \u00e9s K\u00f6zigazgat\u00e1si Miniszt\u00e9rium finansz\u00edrozta, mint a Nemzeti Helyre\u00e1ll\u00edt\u00e1si \u00e9s Ellen\u00e1ll\u00f3k\u00e9pess\u00e9gi Terv (PNRR) beruh\u00e1z\u00e1si koordin\u00e1tora, a Nemzeti Befektet\u00e9si T\u00e1rsas\u00e1g, kedvezm\u00e9nyezettje pedig Nagyv\u00e1rad \u00f6nkorm\u00e1nyzata.<\/p>\n\n<p>A projekt a nagyv\u00e1radi V\u00e1rosh\u00e1za \u00e9s a rom\u00e1n Korm\u00e1ny partners\u00e9g\u00e9vel val\u00f3sult meg, \u00e9s janu\u00e1r k\u00f6zep\u00e9n fejez\u0151d\u00f6tt be. Az \u00f3vod\u00e1t m\u00e1jus 5-\u00e9n nyitott\u00e1k meg, \u00e9s m\u00e1r 90 gyermeket \u00edrattak be. <\/p>\n\n<p><\/p>\n\n<figure class=\"wp-block-image size-large\"><img fetchpriority=\"high\" decoding=\"async\" width=\"1024\" height=\"768\" src=\"https:\/\/oradea.ro\/wp-content\/uploads\/2025\/05\/IMG_6295-1024x768.jpg\" alt=\"\" class=\"wp-image-355448\" srcset=\"https:\/\/oradea.ro\/wp-content\/uploads\/2025\/05\/IMG_6295-1024x768.jpg 1024w, https:\/\/oradea.ro\/wp-content\/uploads\/2025\/05\/IMG_6295-300x225.jpg 300w, https:\/\/oradea.ro\/wp-content\/uploads\/2025\/05\/IMG_6295-768x576.jpg 768w, https:\/\/oradea.ro\/wp-content\/uploads\/2025\/05\/IMG_6295-1536x1152.jpg 1536w, https:\/\/oradea.ro\/wp-content\/uploads\/2025\/05\/IMG_6295-2048x1536.jpg 2048w\" sizes=\"(max-width: 1024px) 100vw, 1024px\" \/><\/figure>\n\n<p><\/p>\n\n<p>Ez a beruh\u00e1z\u00e1s egy olyan projektsorozat r\u00e9sze, amely hozz\u00e1j\u00e1rul a v\u00e1ros oktat\u00e1si infrastrukt\u00far\u00e1j\u00e1nak fejleszt\u00e9s\u00e9hez \u00e9s a fiatal csal\u00e1dok t\u00e1mogat\u00e1s\u00e1hoz.<\/p>\n\n<p>A mai tal\u00e1lkoz\u00f3n r\u00e9szt vett m\u00e9g Anca Grama &#8211; a Nagyv\u00e1radi Szoci\u00e1lis Seg\u00e9lyez\u00e9si Oszt\u00e1ly (DASO) igazgat\u00f3ja, Maria Agape &#8211; a Nagyv\u00e1radi Napk\u00f6zi Otthon igazgat\u00f3ja, Alin Serafim \u0218ef\u0103nu\u021b &#8211; \u00e1ltal\u00e1nos iskolai fel\u00fcgyel\u0151, Kery Hajnal &#8211; \u00e1ltal\u00e1nos iskolai fel\u00fcgyel\u0151helyettes, Bara Georgeta &#8211; korai oktat\u00e1s\u00e9rt felel\u0151s iskolai fel\u00fcgyel\u0151, dr. Carmen Oros &#8211; a Bihari K\u00f6zeg\u00e9szs\u00e9g\u00fcgyi Oszt\u00e1ly k\u00e9pvisel\u0151je, Lucian Popa Popa &#8211; a Nagyv\u00e1radi V\u00e1rosh\u00e1za Ingatlan\u00fcgyi Oszt\u00e1ly\u00e1nak (DPI) igazgat\u00f3ja \u00e9s Diana Ionescu &#8211; a DPI Polg\u00e1ri \u00c9p\u00edt\u00e9si Beruh\u00e1z\u00e1si Szolg\u00e1lat\u00e1nak k\u00e9pvisel\u0151je.<\/p>\n\n<p><\/p>\n\n<figure class=\"wp-block-image size-large\"><img decoding=\"async\" width=\"1024\" height=\"601\" src=\"https:\/\/oradea.ro\/wp-content\/uploads\/2025\/05\/20250516_101237-1-1024x601.jpg\" alt=\"\" class=\"wp-image-355451\" srcset=\"https:\/\/oradea.ro\/wp-content\/uploads\/2025\/05\/20250516_101237-1-1024x601.jpg 1024w, https:\/\/oradea.ro\/wp-content\/uploads\/2025\/05\/20250516_101237-1-300x176.jpg 300w, https:\/\/oradea.ro\/wp-content\/uploads\/2025\/05\/20250516_101237-1-768x451.jpg 768w, https:\/\/oradea.ro\/wp-content\/uploads\/2025\/05\/20250516_101237-1-1536x902.jpg 1536w, https:\/\/oradea.ro\/wp-content\/uploads\/2025\/05\/20250516_101237-1-2048x1202.jpg 2048w\" sizes=\"(max-width: 1024px) 100vw, 1024px\" \/><\/figure>\n\n<p><\/p>\n\n<p>Cseke Attila miniszter a korm\u00e1nyprogram v\u00e9grehajt\u00e1s\u00e1nak hat\u00e9konys\u00e1g\u00e1t hangs\u00falyozta:<br\/>\u201eA Fejleszt\u00e9si, K\u00f6zmunka- \u00e9s K\u00f6zigazgat\u00e1si Miniszt\u00e9rium \u00e1ltal l\u00e9trehozott \u00e9s finansz\u00edrozott\u201d Szent Anna \u201eb\u00f6lcs\u0151de\u00e9p\u00edt\u00e9si program keret\u00e9ben 17 b\u00f6lcs\u0151de \u00e9p\u00fcl Bihar megy\u00e9ben. Kett\u0151t m\u00e1r \u00e1tadtak &#8211; egyet Nagyv\u00e1radon \u00e9s egyet Margit\u00e1n. Az elk\u00f6vetkez\u0151 k\u00e9t-h\u00e1rom h\u00f3napban a szalontai \u00e9s a bel\u00e9nyesi b\u00f6lcs\u0151d\u00e9k k\u00f6vetkeznek. A nagyv\u00e1radi metropoliszban hat b\u00f6lcs\u0151de lesz: kett\u0151 Nagyv\u00e1radon, valamint egy-egy Szentandr\u00e1son, Nojoridon, Fugyiv\u00e1s\u00e1rhelyen \u00e9s P\u00e1lyi telep\u00fcl\u00e9seken, \u00f6sszesen 370 \u00faj f\u00e9r\u0151hely. Sok \u00e9v ut\u00e1n elmondhatjuk, hogy ez az els\u0151 olyan korm\u00e1nyzati program, amely orsz\u00e1gos szinten modern b\u00f6lcs\u0151d\u00e9ket \u00e9p\u00edt, a legmagasabb min\u0151s\u00e9gi, t\u00e9rbeli \u00e9s felszerelts\u00e9gi norm\u00e1knak megfelel\u0151en\u201d.    <\/p>\n\n<p>Florin Birta polg\u00e1rmester megk\u00f6sz\u00f6nte a miniszter nagyv\u00e1radi jelenl\u00e9t\u00e9t, \u00e9s hangs\u00falyozta az int\u00e9zm\u00e9nyi egy\u00fcttm\u0171k\u00f6d\u00e9s fontoss\u00e1g\u00e1t: \u201eA helyi \u00e9s a k\u00f6zponti korm\u00e1nyzat k\u00f6z\u00f6tti szoros egy\u00fcttm\u0171k\u00f6d\u00e9s a kulcs az ilyen projektek siker\u00e9hez. A nagyv\u00e1radi b\u00f6lcs\u0151dei f\u00e9r\u0151helyek ir\u00e1nti sz\u00fcl\u0151i ig\u00e9ny a program el\u0151rehaladt\u00e1val, a Rogerius \u00e9s az Aluminei utcai, valamint a f\u0151v\u00e1rosi \u00f3vod\u00e1k befejez\u00e9s\u00e9vel kiegyens\u00falyozott\u00e1 v\u00e1lik\u201d. <\/p>\n\n<p>Anca Grama, a DASO igazgat\u00f3ja hangs\u00falyozta az \u00faj int\u00e9zm\u00e9ny fontoss\u00e1g\u00e1t a Nuf\u0103rul k\u00f6rzet sz\u00e1m\u00e1ra: \u201eA Nuf\u0103rul k\u00f6rzet s\u0171r\u0171n lakott, \u00e9s az \u00faj b\u00f6lcs\u0151de megnyit\u00e1sa megfelel az \u00f3vod\u00e1skor\u00fa gyermekeket nevel\u0151 sz\u00fcl\u0151k ig\u00e9nyeinek. Mindent megtett\u00fcnk annak \u00e9rdek\u00e9ben, hogy a sz\u00fcks\u00e9ges enged\u00e9lyez\u00e9si elj\u00e1r\u00e1sokat lefolytassuk, hogy a sz\u00fcl\u0151k \u00e9s a gyermekek m\u00e1r ebben a h\u00f3napban \u00e9lvezhess\u00e9k az \u00faj b\u00f6lcs\u0151de \u00e1ltal k\u00edn\u00e1lt modern k\u00f6r\u00fclm\u00e9nyeket.\u201d <\/p>\n\n<p><\/p>\n\n<figure class=\"wp-block-image size-large\"><img decoding=\"async\" width=\"1024\" height=\"738\" src=\"https:\/\/oradea.ro\/wp-content\/uploads\/2025\/05\/20250516_101950-1024x738.jpg\" alt=\"\" class=\"wp-image-355454\" srcset=\"https:\/\/oradea.ro\/wp-content\/uploads\/2025\/05\/20250516_101950-1024x738.jpg 1024w, https:\/\/oradea.ro\/wp-content\/uploads\/2025\/05\/20250516_101950-300x216.jpg 300w, https:\/\/oradea.ro\/wp-content\/uploads\/2025\/05\/20250516_101950-768x554.jpg 768w, https:\/\/oradea.ro\/wp-content\/uploads\/2025\/05\/20250516_101950-1536x1107.jpg 1536w, https:\/\/oradea.ro\/wp-content\/uploads\/2025\/05\/20250516_101950-2048x1477.jpg 2048w\" sizes=\"(max-width: 1024px) 100vw, 1024px\" \/><\/figure>\n\n<p>A b\u00f6lcs\u0151de egy 7162 n\u00e9gyzetm\u00e9teres telken \u00e9p\u00fclt, 7162 n\u00e9gyzetm\u00e9teres m\u0171veletlen f\u00f6ldter\u00fcleten, amelynek alapter\u00fclete 2 409,13 n\u00e9gyzetm\u00e9ter. Az \u00e9p\u00fclet 11 csoportszob\u00e1b\u00f3l \u00e1ll \u00e9s 110 gyermek befogad\u00e1s\u00e1ra alkalmas. A helyis\u00e9gekben h\u00e1l\u00f3termek, mosd\u00f3k, orvosi rendel\u0151, \u00e9tkez\u0151, adminisztr\u00e1ci\u00f3s irod\u00e1k, ruhat\u00e1rak \u00e9s szem\u00e9lyzeti mosd\u00f3k tal\u00e1lhat\u00f3k.  <\/p>\n\n<p>Az \u00e9p\u00fclet megfelel az nZEB (k\u00f6zel nulla energiaig\u00e9ny\u0171 \u00e9p\u00fcletek) szabv\u00e1nynak, fotovoltaikus \u00e9s napelemes panelekkel. A projekt r\u00e9sze volt a b\u00f6lcs\u0151de teljes felszerel\u00e9se b\u00fatorokkal, irodai, f\u0151z\u0151-, mos\u00f3- \u00e9s \u00e9tkez\u00e9si berendez\u00e9sekkel, valamint a gyermekek sz\u00e1m\u00e1ra j\u00e1tsz\u00f3eszk\u00f6z\u00f6kkel. A gyermekek \u00e9s a szem\u00e9lyzet sz\u00e1m\u00e1ra k\u00fcl\u00f6n van megszervezve a hozz\u00e1f\u00e9r\u00e9s, \u00e9s az \u00e9p\u00fclet h\u00e1rom funkcion\u00e1lis magra tagol\u00f3dik: adminisztrat\u00edv, gyermek- \u00e9s technikai-adminisztrat\u00edv.  <\/p>\n\n<p>Az \u00e9p\u00fcletet k\u00f6r\u00fclvev\u0151 ter\u00fcletet z\u00f6ldfel\u00fcletekkel, modern j\u00e1tsz\u00f3terekkel \u00e9s 21 parkol\u00f3hellyel &#8211; ebb\u0151l kett\u0151 a fogyat\u00e9kkal \u00e9l\u0151k sz\u00e1m\u00e1ra &#8211; alak\u00edtott\u00e1k ki.<\/p>\n\n<p>A beruh\u00e1z\u00e1s teljes \u00e9rt\u00e9ke 16.684.614,16 lej \u00e1fa n\u00e9lk\u00fcl, amelyb\u0151l a nagyv\u00e1radi V\u00e1rosh\u00e1za hozz\u00e1j\u00e1rul\u00e1sa 1.751.425,72 lej \u00e1fa n\u00e9lk\u00fcl.<\/p>\n\n<p><\/p>\n\n<figure class=\"wp-block-gallery has-nested-images columns-default is-cropped wp-block-gallery-1 is-layout-flex wp-block-gallery-is-layout-flex\">\n<figure class=\"wp-block-image size-large\"><a href=\"https:\/\/oradea.ro\/wp-content\/uploads\/2025\/05\/20250516_101237-1-1-scaled.jpg\"><img loading=\"lazy\" decoding=\"async\" width=\"1024\" height=\"601\" data-id=\"355469\" src=\"https:\/\/oradea.ro\/wp-content\/uploads\/2025\/05\/20250516_101237-1-1-1024x601.jpg\" alt=\"\" class=\"wp-image-355469\" srcset=\"https:\/\/oradea.ro\/wp-content\/uploads\/2025\/05\/20250516_101237-1-1-1024x601.jpg 1024w, https:\/\/oradea.ro\/wp-content\/uploads\/2025\/05\/20250516_101237-1-1-300x176.jpg 300w, https:\/\/oradea.ro\/wp-content\/uploads\/2025\/05\/20250516_101237-1-1-768x451.jpg 768w, https:\/\/oradea.ro\/wp-content\/uploads\/2025\/05\/20250516_101237-1-1-1536x902.jpg 1536w, https:\/\/oradea.ro\/wp-content\/uploads\/2025\/05\/20250516_101237-1-1-2048x1202.jpg 2048w\" sizes=\"(max-width: 1024px) 100vw, 1024px\" \/><\/a><\/figure>\n\n\n\n<figure class=\"wp-block-image size-large\"><a href=\"https:\/\/oradea.ro\/wp-content\/uploads\/2025\/05\/IMG_6160-scaled.jpg\"><img loading=\"lazy\" decoding=\"async\" width=\"1024\" height=\"768\" data-id=\"355460\" src=\"https:\/\/oradea.ro\/wp-content\/uploads\/2025\/05\/IMG_6160-1024x768.jpg\" alt=\"\" class=\"wp-image-355460\" srcset=\"https:\/\/oradea.ro\/wp-content\/uploads\/2025\/05\/IMG_6160-1024x768.jpg 1024w, https:\/\/oradea.ro\/wp-content\/uploads\/2025\/05\/IMG_6160-300x225.jpg 300w, https:\/\/oradea.ro\/wp-content\/uploads\/2025\/05\/IMG_6160-768x576.jpg 768w, https:\/\/oradea.ro\/wp-content\/uploads\/2025\/05\/IMG_6160-1536x1152.jpg 1536w, https:\/\/oradea.ro\/wp-content\/uploads\/2025\/05\/IMG_6160-2048x1536.jpg 2048w\" sizes=\"(max-width: 1024px) 100vw, 1024px\" \/><\/a><\/figure>\n\n\n\n<figure class=\"wp-block-image size-large\"><a href=\"https:\/\/oradea.ro\/wp-content\/uploads\/2025\/05\/20250516_101950-1-scaled.jpg\"><img loading=\"lazy\" decoding=\"async\" width=\"1024\" height=\"738\" data-id=\"355457\" src=\"https:\/\/oradea.ro\/wp-content\/uploads\/2025\/05\/20250516_101950-1-1024x738.jpg\" alt=\"\" class=\"wp-image-355457\" srcset=\"https:\/\/oradea.ro\/wp-content\/uploads\/2025\/05\/20250516_101950-1-1024x738.jpg 1024w, https:\/\/oradea.ro\/wp-content\/uploads\/2025\/05\/20250516_101950-1-300x216.jpg 300w, https:\/\/oradea.ro\/wp-content\/uploads\/2025\/05\/20250516_101950-1-768x554.jpg 768w, https:\/\/oradea.ro\/wp-content\/uploads\/2025\/05\/20250516_101950-1-1536x1107.jpg 1536w, https:\/\/oradea.ro\/wp-content\/uploads\/2025\/05\/20250516_101950-1-2048x1477.jpg 2048w\" sizes=\"(max-width: 1024px) 100vw, 1024px\" \/><\/a><\/figure>\n\n\n\n<figure class=\"wp-block-image size-large\"><a href=\"https:\/\/oradea.ro\/wp-content\/uploads\/2025\/05\/20250516_1020360-scaled.jpg\"><img loading=\"lazy\" decoding=\"async\" width=\"1024\" height=\"607\" data-id=\"355484\" src=\"https:\/\/oradea.ro\/wp-content\/uploads\/2025\/05\/20250516_1020360-1024x607.jpg\" alt=\"\" class=\"wp-image-355484\" srcset=\"https:\/\/oradea.ro\/wp-content\/uploads\/2025\/05\/20250516_1020360-1024x607.jpg 1024w, https:\/\/oradea.ro\/wp-content\/uploads\/2025\/05\/20250516_1020360-300x178.jpg 300w, https:\/\/oradea.ro\/wp-content\/uploads\/2025\/05\/20250516_1020360-768x455.jpg 768w, https:\/\/oradea.ro\/wp-content\/uploads\/2025\/05\/20250516_1020360-1536x911.jpg 1536w, https:\/\/oradea.ro\/wp-content\/uploads\/2025\/05\/20250516_1020360-2048x1214.jpg 2048w\" sizes=\"(max-width: 1024px) 100vw, 1024px\" \/><\/a><\/figure>\n\n\n\n<figure class=\"wp-block-image size-large\"><a href=\"https:\/\/oradea.ro\/wp-content\/uploads\/2025\/05\/IMG_6253-scaled.jpg\"><img loading=\"lazy\" decoding=\"async\" width=\"1024\" height=\"768\" data-id=\"355496\" src=\"https:\/\/oradea.ro\/wp-content\/uploads\/2025\/05\/IMG_6253-1024x768.jpg\" alt=\"\" class=\"wp-image-355496\" srcset=\"https:\/\/oradea.ro\/wp-content\/uploads\/2025\/05\/IMG_6253-1024x768.jpg 1024w, https:\/\/oradea.ro\/wp-content\/uploads\/2025\/05\/IMG_6253-300x225.jpg 300w, https:\/\/oradea.ro\/wp-content\/uploads\/2025\/05\/IMG_6253-768x576.jpg 768w, https:\/\/oradea.ro\/wp-content\/uploads\/2025\/05\/IMG_6253-1536x1152.jpg 1536w, https:\/\/oradea.ro\/wp-content\/uploads\/2025\/05\/IMG_6253-2048x1536.jpg 2048w\" sizes=\"(max-width: 1024px) 100vw, 1024px\" \/><\/a><\/figure>\n\n\n\n<figure class=\"wp-block-image size-large\"><a href=\"https:\/\/oradea.ro\/wp-content\/uploads\/2025\/05\/IMG_6272-scaled.jpg\"><img loading=\"lazy\" decoding=\"async\" width=\"1024\" height=\"768\" data-id=\"355499\" src=\"https:\/\/oradea.ro\/wp-content\/uploads\/2025\/05\/IMG_6272-1024x768.jpg\" alt=\"\" class=\"wp-image-355499\" srcset=\"https:\/\/oradea.ro\/wp-content\/uploads\/2025\/05\/IMG_6272-1024x768.jpg 1024w, https:\/\/oradea.ro\/wp-content\/uploads\/2025\/05\/IMG_6272-300x225.jpg 300w, https:\/\/oradea.ro\/wp-content\/uploads\/2025\/05\/IMG_6272-768x576.jpg 768w, https:\/\/oradea.ro\/wp-content\/uploads\/2025\/05\/IMG_6272-1536x1152.jpg 1536w, https:\/\/oradea.ro\/wp-content\/uploads\/2025\/05\/IMG_6272-2048x1536.jpg 2048w\" sizes=\"(max-width: 1024px) 100vw, 1024px\" \/><\/a><\/figure>\n\n\n\n<figure class=\"wp-block-image size-large\"><a href=\"https:\/\/oradea.ro\/wp-content\/uploads\/2025\/05\/IMG_6281-scaled.jpg\"><img loading=\"lazy\" decoding=\"async\" width=\"1024\" height=\"768\" data-id=\"355508\" src=\"https:\/\/oradea.ro\/wp-content\/uploads\/2025\/05\/IMG_6281-1024x768.jpg\" alt=\"\" class=\"wp-image-355508\" srcset=\"https:\/\/oradea.ro\/wp-content\/uploads\/2025\/05\/IMG_6281-1024x768.jpg 1024w, https:\/\/oradea.ro\/wp-content\/uploads\/2025\/05\/IMG_6281-300x225.jpg 300w, https:\/\/oradea.ro\/wp-content\/uploads\/2025\/05\/IMG_6281-768x576.jpg 768w, https:\/\/oradea.ro\/wp-content\/uploads\/2025\/05\/IMG_6281-1536x1152.jpg 1536w, https:\/\/oradea.ro\/wp-content\/uploads\/2025\/05\/IMG_6281-2048x1536.jpg 2048w\" sizes=\"(max-width: 1024px) 100vw, 1024px\" \/><\/a><\/figure>\n\n\n\n<figure class=\"wp-block-image size-large\"><a href=\"https:\/\/oradea.ro\/wp-content\/uploads\/2025\/05\/IMG_6153-scaled.jpg\"><img loading=\"lazy\" decoding=\"async\" width=\"1024\" height=\"608\" data-id=\"355475\" src=\"https:\/\/oradea.ro\/wp-content\/uploads\/2025\/05\/IMG_6153-1024x608.jpg\" alt=\"\" class=\"wp-image-355475\" srcset=\"https:\/\/oradea.ro\/wp-content\/uploads\/2025\/05\/IMG_6153-1024x608.jpg 1024w, https:\/\/oradea.ro\/wp-content\/uploads\/2025\/05\/IMG_6153-300x178.jpg 300w, https:\/\/oradea.ro\/wp-content\/uploads\/2025\/05\/IMG_6153-768x456.jpg 768w, https:\/\/oradea.ro\/wp-content\/uploads\/2025\/05\/IMG_6153-1536x912.jpg 1536w, https:\/\/oradea.ro\/wp-content\/uploads\/2025\/05\/IMG_6153-2048x1217.jpg 2048w\" sizes=\"(max-width: 1024px) 100vw, 1024px\" \/><\/a><\/figure>\n\n\n\n<figure class=\"wp-block-image size-large\"><a href=\"https:\/\/oradea.ro\/wp-content\/uploads\/2025\/05\/20250516_101953-scaled.jpg\"><img loading=\"lazy\" decoding=\"async\" width=\"1024\" height=\"628\" data-id=\"355472\" src=\"https:\/\/oradea.ro\/wp-content\/uploads\/2025\/05\/20250516_101953-1024x628.jpg\" alt=\"\" class=\"wp-image-355472\" srcset=\"https:\/\/oradea.ro\/wp-content\/uploads\/2025\/05\/20250516_101953-1024x628.jpg 1024w, https:\/\/oradea.ro\/wp-content\/uploads\/2025\/05\/20250516_101953-300x184.jpg 300w, https:\/\/oradea.ro\/wp-content\/uploads\/2025\/05\/20250516_101953-768x471.jpg 768w, https:\/\/oradea.ro\/wp-content\/uploads\/2025\/05\/20250516_101953-1536x942.jpg 1536w, https:\/\/oradea.ro\/wp-content\/uploads\/2025\/05\/20250516_101953-2048x1256.jpg 2048w\" sizes=\"(max-width: 1024px) 100vw, 1024px\" \/><\/a><\/figure>\n\n\n\n<figure class=\"wp-block-image size-large\"><a href=\"https:\/\/oradea.ro\/wp-content\/uploads\/2025\/05\/IMG_6201-scaled.jpg\"><img loading=\"lazy\" decoding=\"async\" width=\"1024\" height=\"768\" data-id=\"355463\" src=\"https:\/\/oradea.ro\/wp-content\/uploads\/2025\/05\/IMG_6201-1024x768.jpg\" alt=\"\" class=\"wp-image-355463\" srcset=\"https:\/\/oradea.ro\/wp-content\/uploads\/2025\/05\/IMG_6201-1024x768.jpg 1024w, https:\/\/oradea.ro\/wp-content\/uploads\/2025\/05\/IMG_6201-300x225.jpg 300w, https:\/\/oradea.ro\/wp-content\/uploads\/2025\/05\/IMG_6201-768x576.jpg 768w, https:\/\/oradea.ro\/wp-content\/uploads\/2025\/05\/IMG_6201-1536x1152.jpg 1536w, https:\/\/oradea.ro\/wp-content\/uploads\/2025\/05\/IMG_6201-2048x1536.jpg 2048w\" sizes=\"(max-width: 1024px) 100vw, 1024px\" \/><\/a><\/figure>\n\n\n\n<figure class=\"wp-block-image size-large\"><a href=\"https:\/\/oradea.ro\/wp-content\/uploads\/2025\/05\/IMG_6197-scaled.jpg\"><img loading=\"lazy\" decoding=\"async\" width=\"1024\" height=\"828\" data-id=\"355487\" src=\"https:\/\/oradea.ro\/wp-content\/uploads\/2025\/05\/IMG_6197-1024x828.jpg\" alt=\"\" class=\"wp-image-355487\" srcset=\"https:\/\/oradea.ro\/wp-content\/uploads\/2025\/05\/IMG_6197-1024x828.jpg 1024w, https:\/\/oradea.ro\/wp-content\/uploads\/2025\/05\/IMG_6197-300x243.jpg 300w, https:\/\/oradea.ro\/wp-content\/uploads\/2025\/05\/IMG_6197-768x621.jpg 768w, https:\/\/oradea.ro\/wp-content\/uploads\/2025\/05\/IMG_6197-1536x1242.jpg 1536w, https:\/\/oradea.ro\/wp-content\/uploads\/2025\/05\/IMG_6197-2048x1656.jpg 2048w\" sizes=\"(max-width: 1024px) 100vw, 1024px\" \/><\/a><\/figure>\n\n\n\n<figure class=\"wp-block-image size-large\"><a href=\"https:\/\/oradea.ro\/wp-content\/uploads\/2025\/05\/20250516_101241-scaled.jpg\"><img loading=\"lazy\" decoding=\"async\" width=\"1024\" height=\"686\" data-id=\"355466\" src=\"https:\/\/oradea.ro\/wp-content\/uploads\/2025\/05\/20250516_101241-1024x686.jpg\" alt=\"\" class=\"wp-image-355466\" srcset=\"https:\/\/oradea.ro\/wp-content\/uploads\/2025\/05\/20250516_101241-1024x686.jpg 1024w, https:\/\/oradea.ro\/wp-content\/uploads\/2025\/05\/20250516_101241-300x201.jpg 300w, https:\/\/oradea.ro\/wp-content\/uploads\/2025\/05\/20250516_101241-768x514.jpg 768w, https:\/\/oradea.ro\/wp-content\/uploads\/2025\/05\/20250516_101241-1536x1028.jpg 1536w, https:\/\/oradea.ro\/wp-content\/uploads\/2025\/05\/20250516_101241-2048x1371.jpg 2048w\" sizes=\"(max-width: 1024px) 100vw, 1024px\" \/><\/a><\/figure>\n\n\n\n<figure class=\"wp-block-image size-large\"><a href=\"https:\/\/oradea.ro\/wp-content\/uploads\/2025\/05\/20250516_101237-scaled.jpg\"><img loading=\"lazy\" decoding=\"async\" width=\"1024\" height=\"607\" data-id=\"355481\" src=\"https:\/\/oradea.ro\/wp-content\/uploads\/2025\/05\/20250516_101237-1024x607.jpg\" alt=\"\" class=\"wp-image-355481\" srcset=\"https:\/\/oradea.ro\/wp-content\/uploads\/2025\/05\/20250516_101237-1024x607.jpg 1024w, https:\/\/oradea.ro\/wp-content\/uploads\/2025\/05\/20250516_101237-300x178.jpg 300w, https:\/\/oradea.ro\/wp-content\/uploads\/2025\/05\/20250516_101237-768x455.jpg 768w, https:\/\/oradea.ro\/wp-content\/uploads\/2025\/05\/20250516_101237-1536x911.jpg 1536w, https:\/\/oradea.ro\/wp-content\/uploads\/2025\/05\/20250516_101237-2048x1214.jpg 2048w\" sizes=\"(max-width: 1024px) 100vw, 1024px\" \/><\/a><\/figure>\n\n\n\n<figure class=\"wp-block-image size-large\"><a href=\"https:\/\/oradea.ro\/wp-content\/uploads\/2025\/05\/20250516_101205-scaled.jpg\"><img loading=\"lazy\" decoding=\"async\" width=\"1024\" height=\"577\" data-id=\"355477\" src=\"https:\/\/oradea.ro\/wp-content\/uploads\/2025\/05\/20250516_101205-1024x577.jpg\" alt=\"\" class=\"wp-image-355477\" srcset=\"https:\/\/oradea.ro\/wp-content\/uploads\/2025\/05\/20250516_101205-1024x577.jpg 1024w, https:\/\/oradea.ro\/wp-content\/uploads\/2025\/05\/20250516_101205-300x169.jpg 300w, https:\/\/oradea.ro\/wp-content\/uploads\/2025\/05\/20250516_101205-768x432.jpg 768w, https:\/\/oradea.ro\/wp-content\/uploads\/2025\/05\/20250516_101205-1536x865.jpg 1536w, https:\/\/oradea.ro\/wp-content\/uploads\/2025\/05\/20250516_101205-2048x1153.jpg 2048w\" sizes=\"(max-width: 1024px) 100vw, 1024px\" \/><\/a><\/figure>\n\n\n\n<figure class=\"wp-block-image size-large\"><a href=\"https:\/\/oradea.ro\/wp-content\/uploads\/2025\/05\/IMG_6288-scaled.jpg\"><img loading=\"lazy\" decoding=\"async\" width=\"1024\" height=\"768\" data-id=\"355520\" src=\"https:\/\/oradea.ro\/wp-content\/uploads\/2025\/05\/IMG_6288-1024x768.jpg\" alt=\"\" class=\"wp-image-355520\" srcset=\"https:\/\/oradea.ro\/wp-content\/uploads\/2025\/05\/IMG_6288-1024x768.jpg 1024w, https:\/\/oradea.ro\/wp-content\/uploads\/2025\/05\/IMG_6288-300x225.jpg 300w, https:\/\/oradea.ro\/wp-content\/uploads\/2025\/05\/IMG_6288-768x576.jpg 768w, https:\/\/oradea.ro\/wp-content\/uploads\/2025\/05\/IMG_6288-1536x1152.jpg 1536w, https:\/\/oradea.ro\/wp-content\/uploads\/2025\/05\/IMG_6288-2048x1536.jpg 2048w\" sizes=\"(max-width: 1024px) 100vw, 1024px\" \/><\/a><\/figure>\n\n\n\n<figure class=\"wp-block-image size-large\"><a href=\"https:\/\/oradea.ro\/wp-content\/uploads\/2025\/05\/IMG_6294-scaled.jpg\"><img loading=\"lazy\" decoding=\"async\" width=\"1024\" height=\"768\" data-id=\"355511\" src=\"https:\/\/oradea.ro\/wp-content\/uploads\/2025\/05\/IMG_6294-1024x768.jpg\" alt=\"\" class=\"wp-image-355511\" srcset=\"https:\/\/oradea.ro\/wp-content\/uploads\/2025\/05\/IMG_6294-1024x768.jpg 1024w, https:\/\/oradea.ro\/wp-content\/uploads\/2025\/05\/IMG_6294-300x225.jpg 300w, https:\/\/oradea.ro\/wp-content\/uploads\/2025\/05\/IMG_6294-768x576.jpg 768w, https:\/\/oradea.ro\/wp-content\/uploads\/2025\/05\/IMG_6294-1536x1152.jpg 1536w, https:\/\/oradea.ro\/wp-content\/uploads\/2025\/05\/IMG_6294-2048x1536.jpg 2048w\" sizes=\"(max-width: 1024px) 100vw, 1024px\" \/><\/a><\/figure>\n\n\n\n<figure class=\"wp-block-image size-large\"><a href=\"https:\/\/oradea.ro\/wp-content\/uploads\/2025\/05\/IMG_6295-1-scaled.jpg\"><img loading=\"lazy\" decoding=\"async\" width=\"1024\" height=\"768\" data-id=\"355505\" src=\"https:\/\/oradea.ro\/wp-content\/uploads\/2025\/05\/IMG_6295-1-1024x768.jpg\" alt=\"\" class=\"wp-image-355505\" srcset=\"https:\/\/oradea.ro\/wp-content\/uploads\/2025\/05\/IMG_6295-1-1024x768.jpg 1024w, https:\/\/oradea.ro\/wp-content\/uploads\/2025\/05\/IMG_6295-1-300x225.jpg 300w, https:\/\/oradea.ro\/wp-content\/uploads\/2025\/05\/IMG_6295-1-768x576.jpg 768w, https:\/\/oradea.ro\/wp-content\/uploads\/2025\/05\/IMG_6295-1-1536x1152.jpg 1536w, https:\/\/oradea.ro\/wp-content\/uploads\/2025\/05\/IMG_6295-1-2048x1536.jpg 2048w\" sizes=\"(max-width: 1024px) 100vw, 1024px\" \/><\/a><\/figure>\n\n\n\n<figure class=\"wp-block-image size-large\"><a href=\"https:\/\/oradea.ro\/wp-content\/uploads\/2025\/05\/IMG_6236-scaled.jpg\"><img loading=\"lazy\" decoding=\"async\" width=\"1024\" height=\"576\" data-id=\"355492\" src=\"https:\/\/oradea.ro\/wp-content\/uploads\/2025\/05\/IMG_6236-1024x576.jpg\" alt=\"\" class=\"wp-image-355492\" srcset=\"https:\/\/oradea.ro\/wp-content\/uploads\/2025\/05\/IMG_6236-1024x576.jpg 1024w, https:\/\/oradea.ro\/wp-content\/uploads\/2025\/05\/IMG_6236-300x169.jpg 300w, https:\/\/oradea.ro\/wp-content\/uploads\/2025\/05\/IMG_6236-768x432.jpg 768w, https:\/\/oradea.ro\/wp-content\/uploads\/2025\/05\/IMG_6236-1536x864.jpg 1536w, https:\/\/oradea.ro\/wp-content\/uploads\/2025\/05\/IMG_6236-2048x1152.jpg 2048w\" sizes=\"(max-width: 1024px) 100vw, 1024px\" \/><\/a><\/figure>\n\n\n\n<figure class=\"wp-block-image size-large\"><a href=\"https:\/\/oradea.ro\/wp-content\/uploads\/2025\/05\/IMG_6279-scaled.jpg\"><img loading=\"lazy\" decoding=\"async\" width=\"1024\" height=\"768\" data-id=\"355517\" src=\"https:\/\/oradea.ro\/wp-content\/uploads\/2025\/05\/IMG_6279-1024x768.jpg\" alt=\"\" class=\"wp-image-355517\" srcset=\"https:\/\/oradea.ro\/wp-content\/uploads\/2025\/05\/IMG_6279-1024x768.jpg 1024w, https:\/\/oradea.ro\/wp-content\/uploads\/2025\/05\/IMG_6279-300x225.jpg 300w, https:\/\/oradea.ro\/wp-content\/uploads\/2025\/05\/IMG_6279-768x576.jpg 768w, https:\/\/oradea.ro\/wp-content\/uploads\/2025\/05\/IMG_6279-1536x1152.jpg 1536w, https:\/\/oradea.ro\/wp-content\/uploads\/2025\/05\/IMG_6279-2048x1536.jpg 2048w\" sizes=\"(max-width: 1024px) 100vw, 1024px\" \/><\/a><\/figure>\n\n\n\n<figure class=\"wp-block-image size-large\"><a href=\"https:\/\/oradea.ro\/wp-content\/uploads\/2025\/05\/IMG_6146-scaled.jpg\"><img loading=\"lazy\" decoding=\"async\" width=\"1024\" height=\"768\" data-id=\"355502\" src=\"https:\/\/oradea.ro\/wp-content\/uploads\/2025\/05\/IMG_6146-1024x768.jpg\" alt=\"\" class=\"wp-image-355502\" srcset=\"https:\/\/oradea.ro\/wp-content\/uploads\/2025\/05\/IMG_6146-1024x768.jpg 1024w, https:\/\/oradea.ro\/wp-content\/uploads\/2025\/05\/IMG_6146-300x225.jpg 300w, https:\/\/oradea.ro\/wp-content\/uploads\/2025\/05\/IMG_6146-768x576.jpg 768w, https:\/\/oradea.ro\/wp-content\/uploads\/2025\/05\/IMG_6146-1536x1152.jpg 1536w, https:\/\/oradea.ro\/wp-content\/uploads\/2025\/05\/IMG_6146-2048x1536.jpg 2048w\" sizes=\"(max-width: 1024px) 100vw, 1024px\" \/><\/a><\/figure>\n\n\n\n<figure class=\"wp-block-image size-large\"><a href=\"https:\/\/oradea.ro\/wp-content\/uploads\/2025\/05\/IMG_6156-scaled.jpg\"><img loading=\"lazy\" decoding=\"async\" width=\"1024\" height=\"768\" data-id=\"355490\" src=\"https:\/\/oradea.ro\/wp-content\/uploads\/2025\/05\/IMG_6156-1024x768.jpg\" alt=\"\" class=\"wp-image-355490\" srcset=\"https:\/\/oradea.ro\/wp-content\/uploads\/2025\/05\/IMG_6156-1024x768.jpg 1024w, https:\/\/oradea.ro\/wp-content\/uploads\/2025\/05\/IMG_6156-300x225.jpg 300w, https:\/\/oradea.ro\/wp-content\/uploads\/2025\/05\/IMG_6156-768x576.jpg 768w, https:\/\/oradea.ro\/wp-content\/uploads\/2025\/05\/IMG_6156-1536x1152.jpg 1536w, https:\/\/oradea.ro\/wp-content\/uploads\/2025\/05\/IMG_6156-2048x1536.jpg 2048w\" sizes=\"(max-width: 1024px) 100vw, 1024px\" \/><\/a><\/figure>\n\n\n\n<figure class=\"wp-block-image size-large\"><a href=\"https:\/\/oradea.ro\/wp-content\/uploads\/2025\/05\/IMG_6273-1-scaled.jpg\"><img loading=\"lazy\" decoding=\"async\" width=\"1024\" height=\"768\" data-id=\"355514\" src=\"https:\/\/oradea.ro\/wp-content\/uploads\/2025\/05\/IMG_6273-1-1024x768.jpg\" alt=\"\" class=\"wp-image-355514\" srcset=\"https:\/\/oradea.ro\/wp-content\/uploads\/2025\/05\/IMG_6273-1-1024x768.jpg 1024w, https:\/\/oradea.ro\/wp-content\/uploads\/2025\/05\/IMG_6273-1-300x225.jpg 300w, https:\/\/oradea.ro\/wp-content\/uploads\/2025\/05\/IMG_6273-1-768x576.jpg 768w, https:\/\/oradea.ro\/wp-content\/uploads\/2025\/05\/IMG_6273-1-1536x1152.jpg 1536w, https:\/\/oradea.ro\/wp-content\/uploads\/2025\/05\/IMG_6273-1-2048x1536.jpg 2048w\" sizes=\"(max-width: 1024px) 100vw, 1024px\" \/><\/a><\/figure>\n<\/figure>\n","protected":false},"author":16,"featured_media":355447,"comment_status":"closed","ping_status":"closed","template":"","stiri-cat":[],"stiri-tags":[],"class_list":["post-357735","stiri","type-stiri","status-publish","has-post-thumbnail","hentry"],"acf":[],"yoast_head":"<!-- This site is optimized with the Yoast SEO plugin v26.6 - https:\/\/yoast.com\/wordpress\/plugins\/seo\/ -->\n<title>Megl\u00e1togatta a legnagyobb nagyv\u00e1radi b\u00f6lcs\u0151d\u00e9t Florin Birta polg\u00e1rmester \u00e9s Cseke Attila miniszter - Oradea.ro<\/title>\n<meta name=\"robots\" content=\"index, follow, max-snippet:-1, max-image-preview:large, max-video-preview:-1\" \/>\n<link rel=\"canonical\" href=\"https:\/\/oradea.ro\/hu\/hirek\/meglatogatta-a-legnagyobb-nagyvaradi-bolcsodet-florin-birta-polgarmester-es-cseke-attila-miniszter\/\" \/>\n<meta property=\"og:locale\" content=\"hu_HU\" \/>\n<meta property=\"og:type\" content=\"article\" \/>\n<meta property=\"og:title\" content=\"Megl\u00e1togatta a legnagyobb nagyv\u00e1radi b\u00f6lcs\u0151d\u00e9t Florin Birta polg\u00e1rmester \u00e9s Cseke Attila miniszter - Oradea.ro\" \/>\n<meta property=\"og:description\" content=\"Megl\u00e1togatta a legnagyobb nagyv\u00e1radi b\u00f6lcs\u0151d\u00e9t Florin Birta polg\u00e1rmester \u00e9s Cseke Attila miniszter Megl\u00e1togatta a legnagyobb nagyv\u00e1radi b\u00f6lcs\u0151d\u00e9t Florin Birta polg\u00e1rmester \u00e9s Cseke Attila miniszter Florin Birta polg\u00e1rmester Cseke Attila fejleszt\u00e9si, k\u00f6zmunka- \u00e9s k\u00f6zigazgat\u00e1si miniszterrel egy\u00fctt ma, m\u00e1jus 16-\u00e1n munkal\u00e1togat\u00e1st tett a Nagyv\u00e1radon valaha \u00e9p\u00fclt legnagyobb b\u00f6lcs\u0151d\u00e9ben. A b\u00f6lcs\u0151de a Ion Irimescu utc\u00e1ban, a Nuf\u0103rul negyedben tal\u00e1lhat\u00f3. A projektet a Fejleszt\u00e9si, K\u00f6zmunka\u00fcgyi \u00e9s K\u00f6zigazgat\u00e1si Miniszt\u00e9rium finansz\u00edrozta, mint a Nemzeti Helyre\u00e1ll\u00edt\u00e1si \u00e9s Ellen\u00e1ll\u00f3k\u00e9pess\u00e9gi Terv (PNRR) beruh\u00e1z\u00e1si koordin\u00e1tora, a Nemzeti Befektet\u00e9si T\u00e1rsas\u00e1g, kedvezm\u00e9nyezettje pedig Nagyv\u00e1rad \u00f6nkorm\u00e1nyzata. A projekt a nagyv\u00e1radi V\u00e1rosh\u00e1za \u00e9s a rom\u00e1n Korm\u00e1ny partners\u00e9g\u00e9vel val\u00f3sult meg, \u00e9s janu\u00e1r k\u00f6zep\u00e9n fejez\u0151d\u00f6tt be. Az \u00f3vod\u00e1t m\u00e1jus 5-\u00e9n nyitott\u00e1k meg, \u00e9s m\u00e1r 90 gyermeket \u00edrattak be. Ez a beruh\u00e1z\u00e1s egy olyan projektsorozat r\u00e9sze, amely hozz\u00e1j\u00e1rul a v\u00e1ros oktat\u00e1si infrastrukt\u00far\u00e1j\u00e1nak fejleszt\u00e9s\u00e9hez \u00e9s a fiatal csal\u00e1dok t\u00e1mogat\u00e1s\u00e1hoz. A mai tal\u00e1lkoz\u00f3n r\u00e9szt vett m\u00e9g Anca Grama &#8211; a Nagyv\u00e1radi Szoci\u00e1lis Seg\u00e9lyez\u00e9si Oszt\u00e1ly (DASO) igazgat\u00f3ja, Maria Agape &#8211; a Nagyv\u00e1radi Napk\u00f6zi Otthon igazgat\u00f3ja, Alin Serafim \u0218ef\u0103nu\u021b &#8211; \u00e1ltal\u00e1nos iskolai fel\u00fcgyel\u0151, Kery Hajnal &#8211; \u00e1ltal\u00e1nos iskolai fel\u00fcgyel\u0151helyettes, Bara Georgeta &#8211; korai oktat\u00e1s\u00e9rt felel\u0151s iskolai fel\u00fcgyel\u0151, dr. Carmen Oros &#8211; a Bihari K\u00f6zeg\u00e9szs\u00e9g\u00fcgyi Oszt\u00e1ly k\u00e9pvisel\u0151je, Lucian Popa Popa &#8211; a Nagyv\u00e1radi V\u00e1rosh\u00e1za Ingatlan\u00fcgyi Oszt\u00e1ly\u00e1nak (DPI) igazgat\u00f3ja \u00e9s Diana Ionescu &#8211; a DPI Polg\u00e1ri \u00c9p\u00edt\u00e9si Beruh\u00e1z\u00e1si Szolg\u00e1lat\u00e1nak k\u00e9pvisel\u0151je. Cseke Attila miniszter a korm\u00e1nyprogram v\u00e9grehajt\u00e1s\u00e1nak hat\u00e9konys\u00e1g\u00e1t hangs\u00falyozta:\u201eA Fejleszt\u00e9si, K\u00f6zmunka- \u00e9s K\u00f6zigazgat\u00e1si Miniszt\u00e9rium \u00e1ltal l\u00e9trehozott \u00e9s finansz\u00edrozott\u201d Szent Anna \u201eb\u00f6lcs\u0151de\u00e9p\u00edt\u00e9si program keret\u00e9ben 17 b\u00f6lcs\u0151de \u00e9p\u00fcl Bihar megy\u00e9ben. Kett\u0151t m\u00e1r \u00e1tadtak &#8211; egyet Nagyv\u00e1radon \u00e9s egyet Margit\u00e1n. Az elk\u00f6vetkez\u0151 k\u00e9t-h\u00e1rom h\u00f3napban a szalontai \u00e9s a bel\u00e9nyesi b\u00f6lcs\u0151d\u00e9k k\u00f6vetkeznek. A nagyv\u00e1radi metropoliszban hat b\u00f6lcs\u0151de lesz: kett\u0151 Nagyv\u00e1radon, valamint egy-egy Szentandr\u00e1son, Nojoridon, Fugyiv\u00e1s\u00e1rhelyen \u00e9s P\u00e1lyi telep\u00fcl\u00e9seken, \u00f6sszesen 370 \u00faj f\u00e9r\u0151hely. Sok \u00e9v ut\u00e1n elmondhatjuk, hogy ez az els\u0151 olyan korm\u00e1nyzati program, amely orsz\u00e1gos szinten modern b\u00f6lcs\u0151d\u00e9ket \u00e9p\u00edt, a legmagasabb min\u0151s\u00e9gi, t\u00e9rbeli \u00e9s felszerelts\u00e9gi norm\u00e1knak megfelel\u0151en\u201d. Florin Birta polg\u00e1rmester megk\u00f6sz\u00f6nte a miniszter nagyv\u00e1radi jelenl\u00e9t\u00e9t, \u00e9s hangs\u00falyozta az int\u00e9zm\u00e9nyi egy\u00fcttm\u0171k\u00f6d\u00e9s fontoss\u00e1g\u00e1t: \u201eA helyi \u00e9s a k\u00f6zponti korm\u00e1nyzat k\u00f6z\u00f6tti szoros egy\u00fcttm\u0171k\u00f6d\u00e9s a kulcs az ilyen projektek siker\u00e9hez. A nagyv\u00e1radi b\u00f6lcs\u0151dei f\u00e9r\u0151helyek ir\u00e1nti sz\u00fcl\u0151i ig\u00e9ny a program el\u0151rehaladt\u00e1val, a Rogerius \u00e9s az Aluminei utcai, valamint a f\u0151v\u00e1rosi \u00f3vod\u00e1k befejez\u00e9s\u00e9vel kiegyens\u00falyozott\u00e1 v\u00e1lik\u201d. Anca Grama, a DASO igazgat\u00f3ja hangs\u00falyozta az \u00faj int\u00e9zm\u00e9ny fontoss\u00e1g\u00e1t a Nuf\u0103rul k\u00f6rzet sz\u00e1m\u00e1ra: \u201eA Nuf\u0103rul k\u00f6rzet s\u0171r\u0171n lakott, \u00e9s az \u00faj b\u00f6lcs\u0151de megnyit\u00e1sa megfelel az \u00f3vod\u00e1skor\u00fa gyermekeket nevel\u0151 sz\u00fcl\u0151k ig\u00e9nyeinek. Mindent megtett\u00fcnk annak \u00e9rdek\u00e9ben, hogy a sz\u00fcks\u00e9ges enged\u00e9lyez\u00e9si elj\u00e1r\u00e1sokat lefolytassuk, hogy a sz\u00fcl\u0151k \u00e9s a gyermekek m\u00e1r ebben a h\u00f3napban \u00e9lvezhess\u00e9k az \u00faj b\u00f6lcs\u0151de \u00e1ltal k\u00edn\u00e1lt modern k\u00f6r\u00fclm\u00e9nyeket.\u201d A b\u00f6lcs\u0151de egy 7162 n\u00e9gyzetm\u00e9teres telken \u00e9p\u00fclt, 7162 n\u00e9gyzetm\u00e9teres m\u0171veletlen f\u00f6ldter\u00fcleten, amelynek alapter\u00fclete 2 409,13 n\u00e9gyzetm\u00e9ter. Az \u00e9p\u00fclet 11 csoportszob\u00e1b\u00f3l \u00e1ll \u00e9s 110 gyermek befogad\u00e1s\u00e1ra alkalmas. A helyis\u00e9gekben h\u00e1l\u00f3termek, mosd\u00f3k, orvosi rendel\u0151, \u00e9tkez\u0151, adminisztr\u00e1ci\u00f3s irod\u00e1k, ruhat\u00e1rak \u00e9s szem\u00e9lyzeti mosd\u00f3k tal\u00e1lhat\u00f3k. Az \u00e9p\u00fclet megfelel az nZEB (k\u00f6zel nulla energiaig\u00e9ny\u0171 \u00e9p\u00fcletek) szabv\u00e1nynak, fotovoltaikus \u00e9s napelemes panelekkel. A projekt r\u00e9sze volt a b\u00f6lcs\u0151de teljes felszerel\u00e9se b\u00fatorokkal, irodai, f\u0151z\u0151-, mos\u00f3- \u00e9s \u00e9tkez\u00e9si berendez\u00e9sekkel, valamint a gyermekek sz\u00e1m\u00e1ra j\u00e1tsz\u00f3eszk\u00f6z\u00f6kkel. A gyermekek \u00e9s a szem\u00e9lyzet sz\u00e1m\u00e1ra k\u00fcl\u00f6n van megszervezve a hozz\u00e1f\u00e9r\u00e9s, \u00e9s az \u00e9p\u00fclet h\u00e1rom funkcion\u00e1lis magra tagol\u00f3dik: adminisztrat\u00edv, gyermek- \u00e9s technikai-adminisztrat\u00edv. Az \u00e9p\u00fcletet k\u00f6r\u00fclvev\u0151 ter\u00fcletet z\u00f6ldfel\u00fcletekkel, modern j\u00e1tsz\u00f3terekkel \u00e9s 21 parkol\u00f3hellyel &#8211; ebb\u0151l kett\u0151 a fogyat\u00e9kkal \u00e9l\u0151k sz\u00e1m\u00e1ra &#8211; alak\u00edtott\u00e1k ki. A beruh\u00e1z\u00e1s teljes \u00e9rt\u00e9ke 16.684.614,16 lej \u00e1fa n\u00e9lk\u00fcl, amelyb\u0151l a nagyv\u00e1radi V\u00e1rosh\u00e1za hozz\u00e1j\u00e1rul\u00e1sa 1.751.425,72 lej \u00e1fa n\u00e9lk\u00fcl.\" \/>\n<meta property=\"og:url\" content=\"https:\/\/oradea.ro\/hu\/hirek\/meglatogatta-a-legnagyobb-nagyvaradi-bolcsodet-florin-birta-polgarmester-es-cseke-attila-miniszter\/\" \/>\n<meta property=\"og:site_name\" content=\"Oradea.ro\" \/>\n<meta property=\"article:modified_time\" content=\"2025-05-28T07:51:58+00:00\" \/>\n<meta property=\"og:image\" content=\"https:\/\/oradea.ro\/wp-content\/uploads\/2025\/05\/IMG_6273-scaled.jpg\" \/>\n\t<meta property=\"og:image:width\" content=\"2560\" \/>\n\t<meta property=\"og:image:height\" content=\"1920\" \/>\n\t<meta property=\"og:image:type\" content=\"image\/jpeg\" \/>\n<meta name=\"twitter:card\" content=\"summary_large_image\" \/>\n<meta name=\"twitter:label1\" content=\"Becs\u00fclt olvas\u00e1si id\u0151\" \/>\n\t<meta name=\"twitter:data1\" content=\"4 perc\" \/>\n<script type=\"application\/ld+json\" class=\"yoast-schema-graph\">{\"@context\":\"https:\/\/schema.org\",\"@graph\":[{\"@type\":\"WebPage\",\"@id\":\"https:\/\/oradea.ro\/hu\/hirek\/meglatogatta-a-legnagyobb-nagyvaradi-bolcsodet-florin-birta-polgarmester-es-cseke-attila-miniszter\/\",\"url\":\"https:\/\/oradea.ro\/hu\/hirek\/meglatogatta-a-legnagyobb-nagyvaradi-bolcsodet-florin-birta-polgarmester-es-cseke-attila-miniszter\/\",\"name\":\"Megl\u00e1togatta a legnagyobb nagyv\u00e1radi b\u00f6lcs\u0151d\u00e9t Florin Birta polg\u00e1rmester \u00e9s Cseke Attila miniszter - Oradea.ro\",\"isPartOf\":{\"@id\":\"https:\/\/oradea.ro\/#website\"},\"primaryImageOfPage\":{\"@id\":\"https:\/\/oradea.ro\/hu\/hirek\/meglatogatta-a-legnagyobb-nagyvaradi-bolcsodet-florin-birta-polgarmester-es-cseke-attila-miniszter\/#primaryimage\"},\"image\":{\"@id\":\"https:\/\/oradea.ro\/hu\/hirek\/meglatogatta-a-legnagyobb-nagyvaradi-bolcsodet-florin-birta-polgarmester-es-cseke-attila-miniszter\/#primaryimage\"},\"thumbnailUrl\":\"https:\/\/oradea.ro\/wp-content\/uploads\/2025\/05\/IMG_6273-scaled.jpg\",\"datePublished\":\"2025-05-16T11:09:56+00:00\",\"dateModified\":\"2025-05-28T07:51:58+00:00\",\"breadcrumb\":{\"@id\":\"https:\/\/oradea.ro\/hu\/hirek\/meglatogatta-a-legnagyobb-nagyvaradi-bolcsodet-florin-birta-polgarmester-es-cseke-attila-miniszter\/#breadcrumb\"},\"inLanguage\":\"hu\",\"potentialAction\":[{\"@type\":\"ReadAction\",\"target\":[\"https:\/\/oradea.ro\/hu\/hirek\/meglatogatta-a-legnagyobb-nagyvaradi-bolcsodet-florin-birta-polgarmester-es-cseke-attila-miniszter\/\"]}]},{\"@type\":\"ImageObject\",\"inLanguage\":\"hu\",\"@id\":\"https:\/\/oradea.ro\/hu\/hirek\/meglatogatta-a-legnagyobb-nagyvaradi-bolcsodet-florin-birta-polgarmester-es-cseke-attila-miniszter\/#primaryimage\",\"url\":\"https:\/\/oradea.ro\/wp-content\/uploads\/2025\/05\/IMG_6273-scaled.jpg\",\"contentUrl\":\"https:\/\/oradea.ro\/wp-content\/uploads\/2025\/05\/IMG_6273-scaled.jpg\",\"width\":2560,\"height\":1920},{\"@type\":\"BreadcrumbList\",\"@id\":\"https:\/\/oradea.ro\/hu\/hirek\/meglatogatta-a-legnagyobb-nagyvaradi-bolcsodet-florin-birta-polgarmester-es-cseke-attila-miniszter\/#breadcrumb\",\"itemListElement\":[{\"@type\":\"ListItem\",\"position\":1,\"name\":\"\",\"item\":\"https:\/\/oradea.ro\/hu\/\"},{\"@type\":\"ListItem\",\"position\":2,\"name\":\"\u0218tiri\",\"item\":\"https:\/\/oradea.ro\/stiri\/\"},{\"@type\":\"ListItem\",\"position\":3,\"name\":\"Megl\u00e1togatta a legnagyobb nagyv\u00e1radi b\u00f6lcs\u0151d\u00e9t Florin Birta polg\u00e1rmester \u00e9s Cseke Attila miniszter\"}]},{\"@type\":\"WebSite\",\"@id\":\"https:\/\/oradea.ro\/#website\",\"url\":\"https:\/\/oradea.ro\/\",\"name\":\"Oradea.ro\",\"description\":\"Site-ul oficial al Prim\u0103riei Municipiului Oradea\",\"publisher\":{\"@id\":\"https:\/\/oradea.ro\/#organization\"},\"potentialAction\":[{\"@type\":\"SearchAction\",\"target\":{\"@type\":\"EntryPoint\",\"urlTemplate\":\"https:\/\/oradea.ro\/?s={search_term_string}\"},\"query-input\":{\"@type\":\"PropertyValueSpecification\",\"valueRequired\":true,\"valueName\":\"search_term_string\"}}],\"inLanguage\":\"hu\"},{\"@type\":\"Organization\",\"@id\":\"https:\/\/oradea.ro\/#organization\",\"name\":\"Oradea.ro\",\"url\":\"https:\/\/oradea.ro\/\",\"logo\":{\"@type\":\"ImageObject\",\"inLanguage\":\"hu\",\"@id\":\"https:\/\/oradea.ro\/#\/schema\/logo\/image\/\",\"url\":\"https:\/\/oradea.ro\/wp-content\/uploads\/2023\/06\/footer_logo.svg\",\"contentUrl\":\"https:\/\/oradea.ro\/wp-content\/uploads\/2023\/06\/footer_logo.svg\",\"width\":218,\"height\":53,\"caption\":\"Oradea.ro\"},\"image\":{\"@id\":\"https:\/\/oradea.ro\/#\/schema\/logo\/image\/\"}}]}<\/script>\n<!-- \/ Yoast SEO plugin. -->","yoast_head_json":{"title":"Megl\u00e1togatta a legnagyobb nagyv\u00e1radi b\u00f6lcs\u0151d\u00e9t Florin Birta polg\u00e1rmester \u00e9s Cseke Attila miniszter - Oradea.ro","robots":{"index":"index","follow":"follow","max-snippet":"max-snippet:-1","max-image-preview":"max-image-preview:large","max-video-preview":"max-video-preview:-1"},"canonical":"https:\/\/oradea.ro\/hu\/hirek\/meglatogatta-a-legnagyobb-nagyvaradi-bolcsodet-florin-birta-polgarmester-es-cseke-attila-miniszter\/","og_locale":"hu_HU","og_type":"article","og_title":"Megl\u00e1togatta a legnagyobb nagyv\u00e1radi b\u00f6lcs\u0151d\u00e9t Florin Birta polg\u00e1rmester \u00e9s Cseke Attila miniszter - Oradea.ro","og_description":"Megl\u00e1togatta a legnagyobb nagyv\u00e1radi b\u00f6lcs\u0151d\u00e9t Florin Birta polg\u00e1rmester \u00e9s Cseke Attila miniszter Megl\u00e1togatta a legnagyobb nagyv\u00e1radi b\u00f6lcs\u0151d\u00e9t Florin Birta polg\u00e1rmester \u00e9s Cseke Attila miniszter Florin Birta polg\u00e1rmester Cseke Attila fejleszt\u00e9si, k\u00f6zmunka- \u00e9s k\u00f6zigazgat\u00e1si miniszterrel egy\u00fctt ma, m\u00e1jus 16-\u00e1n munkal\u00e1togat\u00e1st tett a Nagyv\u00e1radon valaha \u00e9p\u00fclt legnagyobb b\u00f6lcs\u0151d\u00e9ben. A b\u00f6lcs\u0151de a Ion Irimescu utc\u00e1ban, a Nuf\u0103rul negyedben tal\u00e1lhat\u00f3. A projektet a Fejleszt\u00e9si, K\u00f6zmunka\u00fcgyi \u00e9s K\u00f6zigazgat\u00e1si Miniszt\u00e9rium finansz\u00edrozta, mint a Nemzeti Helyre\u00e1ll\u00edt\u00e1si \u00e9s Ellen\u00e1ll\u00f3k\u00e9pess\u00e9gi Terv (PNRR) beruh\u00e1z\u00e1si koordin\u00e1tora, a Nemzeti Befektet\u00e9si T\u00e1rsas\u00e1g, kedvezm\u00e9nyezettje pedig Nagyv\u00e1rad \u00f6nkorm\u00e1nyzata. A projekt a nagyv\u00e1radi V\u00e1rosh\u00e1za \u00e9s a rom\u00e1n Korm\u00e1ny partners\u00e9g\u00e9vel val\u00f3sult meg, \u00e9s janu\u00e1r k\u00f6zep\u00e9n fejez\u0151d\u00f6tt be. Az \u00f3vod\u00e1t m\u00e1jus 5-\u00e9n nyitott\u00e1k meg, \u00e9s m\u00e1r 90 gyermeket \u00edrattak be. Ez a beruh\u00e1z\u00e1s egy olyan projektsorozat r\u00e9sze, amely hozz\u00e1j\u00e1rul a v\u00e1ros oktat\u00e1si infrastrukt\u00far\u00e1j\u00e1nak fejleszt\u00e9s\u00e9hez \u00e9s a fiatal csal\u00e1dok t\u00e1mogat\u00e1s\u00e1hoz. A mai tal\u00e1lkoz\u00f3n r\u00e9szt vett m\u00e9g Anca Grama &#8211; a Nagyv\u00e1radi Szoci\u00e1lis Seg\u00e9lyez\u00e9si Oszt\u00e1ly (DASO) igazgat\u00f3ja, Maria Agape &#8211; a Nagyv\u00e1radi Napk\u00f6zi Otthon igazgat\u00f3ja, Alin Serafim \u0218ef\u0103nu\u021b &#8211; \u00e1ltal\u00e1nos iskolai fel\u00fcgyel\u0151, Kery Hajnal &#8211; \u00e1ltal\u00e1nos iskolai fel\u00fcgyel\u0151helyettes, Bara Georgeta &#8211; korai oktat\u00e1s\u00e9rt felel\u0151s iskolai fel\u00fcgyel\u0151, dr. Carmen Oros &#8211; a Bihari K\u00f6zeg\u00e9szs\u00e9g\u00fcgyi Oszt\u00e1ly k\u00e9pvisel\u0151je, Lucian Popa Popa &#8211; a Nagyv\u00e1radi V\u00e1rosh\u00e1za Ingatlan\u00fcgyi Oszt\u00e1ly\u00e1nak (DPI) igazgat\u00f3ja \u00e9s Diana Ionescu &#8211; a DPI Polg\u00e1ri \u00c9p\u00edt\u00e9si Beruh\u00e1z\u00e1si Szolg\u00e1lat\u00e1nak k\u00e9pvisel\u0151je. Cseke Attila miniszter a korm\u00e1nyprogram v\u00e9grehajt\u00e1s\u00e1nak hat\u00e9konys\u00e1g\u00e1t hangs\u00falyozta:\u201eA Fejleszt\u00e9si, K\u00f6zmunka- \u00e9s K\u00f6zigazgat\u00e1si Miniszt\u00e9rium \u00e1ltal l\u00e9trehozott \u00e9s finansz\u00edrozott\u201d Szent Anna \u201eb\u00f6lcs\u0151de\u00e9p\u00edt\u00e9si program keret\u00e9ben 17 b\u00f6lcs\u0151de \u00e9p\u00fcl Bihar megy\u00e9ben. Kett\u0151t m\u00e1r \u00e1tadtak &#8211; egyet Nagyv\u00e1radon \u00e9s egyet Margit\u00e1n. Az elk\u00f6vetkez\u0151 k\u00e9t-h\u00e1rom h\u00f3napban a szalontai \u00e9s a bel\u00e9nyesi b\u00f6lcs\u0151d\u00e9k k\u00f6vetkeznek. A nagyv\u00e1radi metropoliszban hat b\u00f6lcs\u0151de lesz: kett\u0151 Nagyv\u00e1radon, valamint egy-egy Szentandr\u00e1son, Nojoridon, Fugyiv\u00e1s\u00e1rhelyen \u00e9s P\u00e1lyi telep\u00fcl\u00e9seken, \u00f6sszesen 370 \u00faj f\u00e9r\u0151hely. Sok \u00e9v ut\u00e1n elmondhatjuk, hogy ez az els\u0151 olyan korm\u00e1nyzati program, amely orsz\u00e1gos szinten modern b\u00f6lcs\u0151d\u00e9ket \u00e9p\u00edt, a legmagasabb min\u0151s\u00e9gi, t\u00e9rbeli \u00e9s felszerelts\u00e9gi norm\u00e1knak megfelel\u0151en\u201d. Florin Birta polg\u00e1rmester megk\u00f6sz\u00f6nte a miniszter nagyv\u00e1radi jelenl\u00e9t\u00e9t, \u00e9s hangs\u00falyozta az int\u00e9zm\u00e9nyi egy\u00fcttm\u0171k\u00f6d\u00e9s fontoss\u00e1g\u00e1t: \u201eA helyi \u00e9s a k\u00f6zponti korm\u00e1nyzat k\u00f6z\u00f6tti szoros egy\u00fcttm\u0171k\u00f6d\u00e9s a kulcs az ilyen projektek siker\u00e9hez. A nagyv\u00e1radi b\u00f6lcs\u0151dei f\u00e9r\u0151helyek ir\u00e1nti sz\u00fcl\u0151i ig\u00e9ny a program el\u0151rehaladt\u00e1val, a Rogerius \u00e9s az Aluminei utcai, valamint a f\u0151v\u00e1rosi \u00f3vod\u00e1k befejez\u00e9s\u00e9vel kiegyens\u00falyozott\u00e1 v\u00e1lik\u201d. Anca Grama, a DASO igazgat\u00f3ja hangs\u00falyozta az \u00faj int\u00e9zm\u00e9ny fontoss\u00e1g\u00e1t a Nuf\u0103rul k\u00f6rzet sz\u00e1m\u00e1ra: \u201eA Nuf\u0103rul k\u00f6rzet s\u0171r\u0171n lakott, \u00e9s az \u00faj b\u00f6lcs\u0151de megnyit\u00e1sa megfelel az \u00f3vod\u00e1skor\u00fa gyermekeket nevel\u0151 sz\u00fcl\u0151k ig\u00e9nyeinek. Mindent megtett\u00fcnk annak \u00e9rdek\u00e9ben, hogy a sz\u00fcks\u00e9ges enged\u00e9lyez\u00e9si elj\u00e1r\u00e1sokat lefolytassuk, hogy a sz\u00fcl\u0151k \u00e9s a gyermekek m\u00e1r ebben a h\u00f3napban \u00e9lvezhess\u00e9k az \u00faj b\u00f6lcs\u0151de \u00e1ltal k\u00edn\u00e1lt modern k\u00f6r\u00fclm\u00e9nyeket.\u201d A b\u00f6lcs\u0151de egy 7162 n\u00e9gyzetm\u00e9teres telken \u00e9p\u00fclt, 7162 n\u00e9gyzetm\u00e9teres m\u0171veletlen f\u00f6ldter\u00fcleten, amelynek alapter\u00fclete 2 409,13 n\u00e9gyzetm\u00e9ter. Az \u00e9p\u00fclet 11 csoportszob\u00e1b\u00f3l \u00e1ll \u00e9s 110 gyermek befogad\u00e1s\u00e1ra alkalmas. A helyis\u00e9gekben h\u00e1l\u00f3termek, mosd\u00f3k, orvosi rendel\u0151, \u00e9tkez\u0151, adminisztr\u00e1ci\u00f3s irod\u00e1k, ruhat\u00e1rak \u00e9s szem\u00e9lyzeti mosd\u00f3k tal\u00e1lhat\u00f3k. Az \u00e9p\u00fclet megfelel az nZEB (k\u00f6zel nulla energiaig\u00e9ny\u0171 \u00e9p\u00fcletek) szabv\u00e1nynak, fotovoltaikus \u00e9s napelemes panelekkel. A projekt r\u00e9sze volt a b\u00f6lcs\u0151de teljes felszerel\u00e9se b\u00fatorokkal, irodai, f\u0151z\u0151-, mos\u00f3- \u00e9s \u00e9tkez\u00e9si berendez\u00e9sekkel, valamint a gyermekek sz\u00e1m\u00e1ra j\u00e1tsz\u00f3eszk\u00f6z\u00f6kkel. A gyermekek \u00e9s a szem\u00e9lyzet sz\u00e1m\u00e1ra k\u00fcl\u00f6n van megszervezve a hozz\u00e1f\u00e9r\u00e9s, \u00e9s az \u00e9p\u00fclet h\u00e1rom funkcion\u00e1lis magra tagol\u00f3dik: adminisztrat\u00edv, gyermek- \u00e9s technikai-adminisztrat\u00edv. Az \u00e9p\u00fcletet k\u00f6r\u00fclvev\u0151 ter\u00fcletet z\u00f6ldfel\u00fcletekkel, modern j\u00e1tsz\u00f3terekkel \u00e9s 21 parkol\u00f3hellyel &#8211; ebb\u0151l kett\u0151 a fogyat\u00e9kkal \u00e9l\u0151k sz\u00e1m\u00e1ra &#8211; alak\u00edtott\u00e1k ki. A beruh\u00e1z\u00e1s teljes \u00e9rt\u00e9ke 16.684.614,16 lej \u00e1fa n\u00e9lk\u00fcl, amelyb\u0151l a nagyv\u00e1radi V\u00e1rosh\u00e1za hozz\u00e1j\u00e1rul\u00e1sa 1.751.425,72 lej \u00e1fa n\u00e9lk\u00fcl.","og_url":"https:\/\/oradea.ro\/hu\/hirek\/meglatogatta-a-legnagyobb-nagyvaradi-bolcsodet-florin-birta-polgarmester-es-cseke-attila-miniszter\/","og_site_name":"Oradea.ro","article_modified_time":"2025-05-28T07:51:58+00:00","og_image":[{"width":2560,"height":1920,"url":"https:\/\/oradea.ro\/wp-content\/uploads\/2025\/05\/IMG_6273-scaled.jpg","type":"image\/jpeg"}],"twitter_card":"summary_large_image","twitter_misc":{"Becs\u00fclt olvas\u00e1si id\u0151":"4 perc"},"schema":{"@context":"https:\/\/schema.org","@graph":[{"@type":"WebPage","@id":"https:\/\/oradea.ro\/hu\/hirek\/meglatogatta-a-legnagyobb-nagyvaradi-bolcsodet-florin-birta-polgarmester-es-cseke-attila-miniszter\/","url":"https:\/\/oradea.ro\/hu\/hirek\/meglatogatta-a-legnagyobb-nagyvaradi-bolcsodet-florin-birta-polgarmester-es-cseke-attila-miniszter\/","name":"Megl\u00e1togatta a legnagyobb nagyv\u00e1radi b\u00f6lcs\u0151d\u00e9t Florin Birta polg\u00e1rmester \u00e9s Cseke Attila miniszter - Oradea.ro","isPartOf":{"@id":"https:\/\/oradea.ro\/#website"},"primaryImageOfPage":{"@id":"https:\/\/oradea.ro\/hu\/hirek\/meglatogatta-a-legnagyobb-nagyvaradi-bolcsodet-florin-birta-polgarmester-es-cseke-attila-miniszter\/#primaryimage"},"image":{"@id":"https:\/\/oradea.ro\/hu\/hirek\/meglatogatta-a-legnagyobb-nagyvaradi-bolcsodet-florin-birta-polgarmester-es-cseke-attila-miniszter\/#primaryimage"},"thumbnailUrl":"https:\/\/oradea.ro\/wp-content\/uploads\/2025\/05\/IMG_6273-scaled.jpg","datePublished":"2025-05-16T11:09:56+00:00","dateModified":"2025-05-28T07:51:58+00:00","breadcrumb":{"@id":"https:\/\/oradea.ro\/hu\/hirek\/meglatogatta-a-legnagyobb-nagyvaradi-bolcsodet-florin-birta-polgarmester-es-cseke-attila-miniszter\/#breadcrumb"},"inLanguage":"hu","potentialAction":[{"@type":"ReadAction","target":["https:\/\/oradea.ro\/hu\/hirek\/meglatogatta-a-legnagyobb-nagyvaradi-bolcsodet-florin-birta-polgarmester-es-cseke-attila-miniszter\/"]}]},{"@type":"ImageObject","inLanguage":"hu","@id":"https:\/\/oradea.ro\/hu\/hirek\/meglatogatta-a-legnagyobb-nagyvaradi-bolcsodet-florin-birta-polgarmester-es-cseke-attila-miniszter\/#primaryimage","url":"https:\/\/oradea.ro\/wp-content\/uploads\/2025\/05\/IMG_6273-scaled.jpg","contentUrl":"https:\/\/oradea.ro\/wp-content\/uploads\/2025\/05\/IMG_6273-scaled.jpg","width":2560,"height":1920},{"@type":"BreadcrumbList","@id":"https:\/\/oradea.ro\/hu\/hirek\/meglatogatta-a-legnagyobb-nagyvaradi-bolcsodet-florin-birta-polgarmester-es-cseke-attila-miniszter\/#breadcrumb","itemListElement":[{"@type":"ListItem","position":1,"name":"","item":"https:\/\/oradea.ro\/hu\/"},{"@type":"ListItem","position":2,"name":"\u0218tiri","item":"https:\/\/oradea.ro\/stiri\/"},{"@type":"ListItem","position":3,"name":"Megl\u00e1togatta a legnagyobb nagyv\u00e1radi b\u00f6lcs\u0151d\u00e9t Florin Birta polg\u00e1rmester \u00e9s Cseke Attila miniszter"}]},{"@type":"WebSite","@id":"https:\/\/oradea.ro\/#website","url":"https:\/\/oradea.ro\/","name":"Oradea.ro","description":"Site-ul oficial al Prim\u0103riei Municipiului Oradea","publisher":{"@id":"https:\/\/oradea.ro\/#organization"},"potentialAction":[{"@type":"SearchAction","target":{"@type":"EntryPoint","urlTemplate":"https:\/\/oradea.ro\/?s={search_term_string}"},"query-input":{"@type":"PropertyValueSpecification","valueRequired":true,"valueName":"search_term_string"}}],"inLanguage":"hu"},{"@type":"Organization","@id":"https:\/\/oradea.ro\/#organization","name":"Oradea.ro","url":"https:\/\/oradea.ro\/","logo":{"@type":"ImageObject","inLanguage":"hu","@id":"https:\/\/oradea.ro\/#\/schema\/logo\/image\/","url":"https:\/\/oradea.ro\/wp-content\/uploads\/2023\/06\/footer_logo.svg","contentUrl":"https:\/\/oradea.ro\/wp-content\/uploads\/2023\/06\/footer_logo.svg","width":218,"height":53,"caption":"Oradea.ro"},"image":{"@id":"https:\/\/oradea.ro\/#\/schema\/logo\/image\/"}}]}},"publishpress_future_workflow_manual_trigger":{"enabledWorkflows":[]},"_links":{"self":[{"href":"https:\/\/oradea.ro\/hu\/wp-json\/wp\/v2\/stiri\/357735","targetHints":{"allow":["GET"]}}],"collection":[{"href":"https:\/\/oradea.ro\/hu\/wp-json\/wp\/v2\/stiri"}],"about":[{"href":"https:\/\/oradea.ro\/hu\/wp-json\/wp\/v2\/types\/stiri"}],"author":[{"embeddable":true,"href":"https:\/\/oradea.ro\/hu\/wp-json\/wp\/v2\/users\/16"}],"replies":[{"embeddable":true,"href":"https:\/\/oradea.ro\/hu\/wp-json\/wp\/v2\/comments?post=357735"}],"version-history":[{"count":1,"href":"https:\/\/oradea.ro\/hu\/wp-json\/wp\/v2\/stiri\/357735\/revisions"}],"predecessor-version":[{"id":357736,"href":"https:\/\/oradea.ro\/hu\/wp-json\/wp\/v2\/stiri\/357735\/revisions\/357736"}],"wp:featuredmedia":[{"embeddable":true,"href":"https:\/\/oradea.ro\/hu\/wp-json\/wp\/v2\/media\/355447"}],"wp:attachment":[{"href":"https:\/\/oradea.ro\/hu\/wp-json\/wp\/v2\/media?parent=357735"}],"wp:term":[{"taxonomy":"stiri-cat","embeddable":true,"href":"https:\/\/oradea.ro\/hu\/wp-json\/wp\/v2\/stiri-cat?post=357735"},{"taxonomy":"stiri-tags","embeddable":true,"href":"https:\/\/oradea.ro\/hu\/wp-json\/wp\/v2\/stiri-tags?post=357735"}],"curies":[{"name":"wp","href":"https:\/\/api.w.org\/{rel}","templated":true}]}}