{"id":365553,"date":"2025-07-21T14:32:30","date_gmt":"2025-07-21T12:32:30","guid":{"rendered":"https:\/\/oradea.ro\/stiri\/modosulnak-a-kozlekedesi-lampak-a-nufarului-ciheiului-constantin-noica-keresztezodesben\/"},"modified":"2025-07-30T13:43:56","modified_gmt":"2025-07-30T11:43:56","slug":"modosulnak-a-kozlekedesi-lampak-a-nufarului-ciheiului-constantin-noica-keresztezodesben","status":"publish","type":"stiri","link":"https:\/\/oradea.ro\/hu\/hirek\/modosulnak-a-kozlekedesi-lampak-a-nufarului-ciheiului-constantin-noica-keresztezodesben\/","title":{"rendered":"M\u00f3dosulnak a k\u00f6zleked\u00e9si l\u00e1mp\u00e1k a Nuf\u0103rului &#8211; Ciheiului &#8211; Constantin Noica keresztez\u0151d\u00e9sben"},"content":{"rendered":"<div class=\"min-w-[100vw] h-[350px] md:h-[500px] ml-[calc(50%-50vw)] flex items-end bg-no-repeat bg-white bg-cover bg-center px-5\" style=\"background-image: url(https:\/\/oradea.ro\/wp-content\/uploads\/2025\/07\/20240906_133911.jpg);\">\r\n                    <div class=\"w-full max-w-7xl mx-auto mb-6\">\r\n                        <h1 class=\"my-0 text-white font-extrabold font-open-sans text-3xl md:text-6xl [text-shadow:_0_1px_4px_rgb(0_0_0_\/_50%)]\">M\u00f3dosulnak a k\u00f6zleked\u00e9si l\u00e1mp\u00e1k a Nuf\u0103rului &#8211; Ciheiului &#8211; Constantin Noica keresztez\u0151d\u00e9sben<\/h1>\r\n                    <\/div>\r\n                <\/div><div class=\"!px-5\"><div class=\"breadcrumbs w-full max-w-7xl mx-auto grid md:flex flex-wrap items-center py-4 test\"><div><a href=\"https:\/\/oradea.ro\/hu\/\"><span class=\"fas fa-home text-[#ABAEB3]\"><\/span><\/a><span class=\"md:hidden\"><span class=\"fas fa-chevron-down mx-5 text-xs text-[#ABAEB3] hover:text-black\/50 transition-all\"><\/span><\/span><span class=\"hidden md:inline\"><span class=\"fas fa-chevron-right mx-5 text-xs text-[#ABAEB3] hover:text-black\/50 transition-all\"><\/span><\/span><\/div><span class=\"font-poppins font-semibold uppercase text-black\/60\">M\u00f3dosulnak a k\u00f6zleked\u00e9si l\u00e1mp\u00e1k a Nuf\u0103rului &#8211; Ciheiului &#8211; Constantin Noica keresztez\u0151d\u00e9sben<\/span><\/div><\/div>\n<p>A nagyv\u00e1radi V\u00e1rosh\u00e1za t\u00e1j\u00e9koztat, hogy m\u00e1t\u00f3l, <strong>2025. j\u00falius 21-t\u0151l<\/strong> kezd\u0151d\u0151en a <strong>Nuf\u0103rului &#8211; Ciheiului &#8211; Constantin Noica<\/strong> utc\u00e1k keresztez\u0151d\u00e9s\u00e9ben a k\u00f6zleked\u00e9si l\u00e1mp\u00e1kat m\u00f3dos\u00edtott\u00e1k.<\/p>\n\n<p>Az int\u00e9zked\u00e9s c\u00e9lja a <strong>k\u00f6zleked\u00e9sbiztons\u00e1g<\/strong> \u00e9s a <strong>forgalom \u00e1raml\u00e1s\u00e1nak<\/strong> <strong>jav\u00edt\u00e1sa<\/strong> a v\u00e1ros egyik forgalmas ter\u00fclet\u00e9n. Az \u00faj jelz\u0151l\u00e1mp\u00e1s diagram a jelenlegi forgalmi szinthez igazodik, \u00e9s \u00fagy tervezt\u00e9k, hogy jav\u00edtsa a keresztez\u0151d\u00e9sben az \u00e1tkel\u00e9si id\u0151t \u00e9s a l\u00e1that\u00f3s\u00e1got. <\/p>\n\n<p>A nagyv\u00e1radi V\u00e1rosh\u00e1za felsz\u00f3l\u00edtja a j\u00e1rm\u0171vezet\u0151ket, hogy vezessenek <strong>\u00f3vatosabban<\/strong> ezen a ter\u00fcleten, \u00e9s tarts\u00e1k tiszteletben az \u00faj k\u00f6zleked\u00e9si l\u00e1mp\u00e1kat.<\/p>\n\n<p>K\u00f6sz\u00f6nj\u00fck meg\u00e9rt\u00e9s\u00fcket \u00e9s egy\u00fcttm\u0171k\u00f6d\u00e9s\u00fcket!<\/p>\n\n<div data-wp-interactive=\"core\/file\" class=\"wp-block-file\"><object data-wp-bind--hidden=\"!state.hasPdfPreview\" hidden class=\"wp-block-file__embed\" data=\"https:\/\/oradea.ro\/wp-content\/uploads\/2025\/07\/Intersectie-C.noica-Ciheiului-Nufarul.pdf\" type=\"application\/pdf\" style=\"width:100%;height:600px\" aria-label=\"Intersectie C.noica - Ciheiului - Nufarul be\u00e1gyaz\u00e1sa\"><\/object><a id=\"wp-block-file--media-e2c2d328-15ed-4780-a06d-3a9b3618b621\" href=\"https:\/\/oradea.ro\/wp-content\/uploads\/2025\/07\/Intersectie-C.noica-Ciheiului-Nufarul.pdf\">Keresztez\u0151d\u00e9s C.Noica &#8211; Ciheiului &#8211; Nufarul<\/a><a href=\"https:\/\/oradea.ro\/wp-content\/uploads\/2025\/07\/Intersectie-C.noica-Ciheiului-Nufarul.pdf\" class=\"wp-block-file__button wp-element-button\" download=\"\" aria-describedby=\"wp-block-file--media-e2c2d328-15ed-4780-a06d-3a9b3618b621\">Let\u00f6lt\u00e9s<\/a><\/div>\n","protected":false},"author":7,"featured_media":364558,"comment_status":"closed","ping_status":"closed","template":"","stiri-cat":[],"stiri-tags":[],"class_list":["post-365553","stiri","type-stiri","status-publish","has-post-thumbnail","hentry"],"acf":[],"yoast_head":"<!-- This site is optimized with the Yoast SEO plugin v26.6 - https:\/\/yoast.com\/wordpress\/plugins\/seo\/ -->\n<title>M\u00f3dosulnak a k\u00f6zleked\u00e9si l\u00e1mp\u00e1k a Nuf\u0103rului - Ciheiului - Constantin Noica keresztez\u0151d\u00e9sben - Oradea.ro<\/title>\n<meta name=\"robots\" content=\"index, follow, max-snippet:-1, max-image-preview:large, max-video-preview:-1\" \/>\n<link rel=\"canonical\" href=\"https:\/\/oradea.ro\/hu\/hirek\/modosulnak-a-kozlekedesi-lampak-a-nufarului-ciheiului-constantin-noica-keresztezodesben\/\" \/>\n<meta property=\"og:locale\" content=\"hu_HU\" \/>\n<meta property=\"og:type\" content=\"article\" \/>\n<meta property=\"og:title\" content=\"M\u00f3dosulnak a k\u00f6zleked\u00e9si l\u00e1mp\u00e1k a Nuf\u0103rului - Ciheiului - Constantin Noica keresztez\u0151d\u00e9sben - Oradea.ro\" \/>\n<meta property=\"og:description\" content=\"M\u00f3dosulnak a k\u00f6zleked\u00e9si l\u00e1mp\u00e1k a Nuf\u0103rului &#8211; Ciheiului &#8211; Constantin Noica keresztez\u0151d\u00e9sben M\u00f3dosulnak a k\u00f6zleked\u00e9si l\u00e1mp\u00e1k a Nuf\u0103rului &#8211; Ciheiului &#8211; Constantin Noica keresztez\u0151d\u00e9sben A nagyv\u00e1radi V\u00e1rosh\u00e1za t\u00e1j\u00e9koztat, hogy m\u00e1t\u00f3l, 2025. j\u00falius 21-t\u0151l kezd\u0151d\u0151en a Nuf\u0103rului &#8211; Ciheiului &#8211; Constantin Noica utc\u00e1k keresztez\u0151d\u00e9s\u00e9ben a k\u00f6zleked\u00e9si l\u00e1mp\u00e1kat m\u00f3dos\u00edtott\u00e1k. Az int\u00e9zked\u00e9s c\u00e9lja a k\u00f6zleked\u00e9sbiztons\u00e1g \u00e9s a forgalom \u00e1raml\u00e1s\u00e1nak jav\u00edt\u00e1sa a v\u00e1ros egyik forgalmas ter\u00fclet\u00e9n. Az \u00faj jelz\u0151l\u00e1mp\u00e1s diagram a jelenlegi forgalmi szinthez igazodik, \u00e9s \u00fagy tervezt\u00e9k, hogy jav\u00edtsa a keresztez\u0151d\u00e9sben az \u00e1tkel\u00e9si id\u0151t \u00e9s a l\u00e1that\u00f3s\u00e1got. A nagyv\u00e1radi V\u00e1rosh\u00e1za felsz\u00f3l\u00edtja a j\u00e1rm\u0171vezet\u0151ket, hogy vezessenek \u00f3vatosabban ezen a ter\u00fcleten, \u00e9s tarts\u00e1k tiszteletben az \u00faj k\u00f6zleked\u00e9si l\u00e1mp\u00e1kat. K\u00f6sz\u00f6nj\u00fck meg\u00e9rt\u00e9s\u00fcket \u00e9s egy\u00fcttm\u0171k\u00f6d\u00e9s\u00fcket!\" \/>\n<meta property=\"og:url\" content=\"https:\/\/oradea.ro\/hu\/hirek\/modosulnak-a-kozlekedesi-lampak-a-nufarului-ciheiului-constantin-noica-keresztezodesben\/\" \/>\n<meta property=\"og:site_name\" content=\"Oradea.ro\" \/>\n<meta property=\"article:modified_time\" content=\"2025-07-30T11:43:56+00:00\" \/>\n<meta property=\"og:image\" content=\"https:\/\/oradea.ro\/wp-content\/uploads\/2025\/07\/20240906_133911.jpg\" \/>\n\t<meta property=\"og:image:width\" content=\"1562\" \/>\n\t<meta property=\"og:image:height\" content=\"879\" \/>\n\t<meta property=\"og:image:type\" content=\"image\/jpeg\" \/>\n<meta name=\"twitter:card\" content=\"summary_large_image\" \/>\n<meta name=\"twitter:label1\" content=\"Becs\u00fclt olvas\u00e1si id\u0151\" \/>\n\t<meta name=\"twitter:data1\" content=\"1 perc\" \/>\n<script type=\"application\/ld+json\" class=\"yoast-schema-graph\">{\"@context\":\"https:\/\/schema.org\",\"@graph\":[{\"@type\":\"WebPage\",\"@id\":\"https:\/\/oradea.ro\/hu\/hirek\/modosulnak-a-kozlekedesi-lampak-a-nufarului-ciheiului-constantin-noica-keresztezodesben\/\",\"url\":\"https:\/\/oradea.ro\/hu\/hirek\/modosulnak-a-kozlekedesi-lampak-a-nufarului-ciheiului-constantin-noica-keresztezodesben\/\",\"name\":\"M\u00f3dosulnak a k\u00f6zleked\u00e9si l\u00e1mp\u00e1k a Nuf\u0103rului - Ciheiului - Constantin Noica keresztez\u0151d\u00e9sben - Oradea.ro\",\"isPartOf\":{\"@id\":\"https:\/\/oradea.ro\/#website\"},\"primaryImageOfPage\":{\"@id\":\"https:\/\/oradea.ro\/hu\/hirek\/modosulnak-a-kozlekedesi-lampak-a-nufarului-ciheiului-constantin-noica-keresztezodesben\/#primaryimage\"},\"image\":{\"@id\":\"https:\/\/oradea.ro\/hu\/hirek\/modosulnak-a-kozlekedesi-lampak-a-nufarului-ciheiului-constantin-noica-keresztezodesben\/#primaryimage\"},\"thumbnailUrl\":\"https:\/\/oradea.ro\/wp-content\/uploads\/2025\/07\/20240906_133911.jpg\",\"datePublished\":\"2025-07-21T12:32:30+00:00\",\"dateModified\":\"2025-07-30T11:43:56+00:00\",\"breadcrumb\":{\"@id\":\"https:\/\/oradea.ro\/hu\/hirek\/modosulnak-a-kozlekedesi-lampak-a-nufarului-ciheiului-constantin-noica-keresztezodesben\/#breadcrumb\"},\"inLanguage\":\"hu\",\"potentialAction\":[{\"@type\":\"ReadAction\",\"target\":[\"https:\/\/oradea.ro\/hu\/hirek\/modosulnak-a-kozlekedesi-lampak-a-nufarului-ciheiului-constantin-noica-keresztezodesben\/\"]}]},{\"@type\":\"ImageObject\",\"inLanguage\":\"hu\",\"@id\":\"https:\/\/oradea.ro\/hu\/hirek\/modosulnak-a-kozlekedesi-lampak-a-nufarului-ciheiului-constantin-noica-keresztezodesben\/#primaryimage\",\"url\":\"https:\/\/oradea.ro\/wp-content\/uploads\/2025\/07\/20240906_133911.jpg\",\"contentUrl\":\"https:\/\/oradea.ro\/wp-content\/uploads\/2025\/07\/20240906_133911.jpg\",\"width\":1562,\"height\":879},{\"@type\":\"BreadcrumbList\",\"@id\":\"https:\/\/oradea.ro\/hu\/hirek\/modosulnak-a-kozlekedesi-lampak-a-nufarului-ciheiului-constantin-noica-keresztezodesben\/#breadcrumb\",\"itemListElement\":[{\"@type\":\"ListItem\",\"position\":1,\"name\":\"\",\"item\":\"https:\/\/oradea.ro\/hu\/\"},{\"@type\":\"ListItem\",\"position\":2,\"name\":\"\u0218tiri\",\"item\":\"https:\/\/oradea.ro\/stiri\/\"},{\"@type\":\"ListItem\",\"position\":3,\"name\":\"M\u00f3dosulnak a k\u00f6zleked\u00e9si l\u00e1mp\u00e1k a Nuf\u0103rului &#8211; Ciheiului &#8211; Constantin Noica keresztez\u0151d\u00e9sben\"}]},{\"@type\":\"WebSite\",\"@id\":\"https:\/\/oradea.ro\/#website\",\"url\":\"https:\/\/oradea.ro\/\",\"name\":\"Oradea.ro\",\"description\":\"Site-ul oficial al Prim\u0103riei Municipiului Oradea\",\"publisher\":{\"@id\":\"https:\/\/oradea.ro\/#organization\"},\"potentialAction\":[{\"@type\":\"SearchAction\",\"target\":{\"@type\":\"EntryPoint\",\"urlTemplate\":\"https:\/\/oradea.ro\/?s={search_term_string}\"},\"query-input\":{\"@type\":\"PropertyValueSpecification\",\"valueRequired\":true,\"valueName\":\"search_term_string\"}}],\"inLanguage\":\"hu\"},{\"@type\":\"Organization\",\"@id\":\"https:\/\/oradea.ro\/#organization\",\"name\":\"Oradea.ro\",\"url\":\"https:\/\/oradea.ro\/\",\"logo\":{\"@type\":\"ImageObject\",\"inLanguage\":\"hu\",\"@id\":\"https:\/\/oradea.ro\/#\/schema\/logo\/image\/\",\"url\":\"https:\/\/oradea.ro\/wp-content\/uploads\/2023\/06\/footer_logo.svg\",\"contentUrl\":\"https:\/\/oradea.ro\/wp-content\/uploads\/2023\/06\/footer_logo.svg\",\"width\":218,\"height\":53,\"caption\":\"Oradea.ro\"},\"image\":{\"@id\":\"https:\/\/oradea.ro\/#\/schema\/logo\/image\/\"}}]}<\/script>\n<!-- \/ Yoast SEO plugin. -->","yoast_head_json":{"title":"M\u00f3dosulnak a k\u00f6zleked\u00e9si l\u00e1mp\u00e1k a Nuf\u0103rului - Ciheiului - Constantin Noica keresztez\u0151d\u00e9sben - Oradea.ro","robots":{"index":"index","follow":"follow","max-snippet":"max-snippet:-1","max-image-preview":"max-image-preview:large","max-video-preview":"max-video-preview:-1"},"canonical":"https:\/\/oradea.ro\/hu\/hirek\/modosulnak-a-kozlekedesi-lampak-a-nufarului-ciheiului-constantin-noica-keresztezodesben\/","og_locale":"hu_HU","og_type":"article","og_title":"M\u00f3dosulnak a k\u00f6zleked\u00e9si l\u00e1mp\u00e1k a Nuf\u0103rului - Ciheiului - Constantin Noica keresztez\u0151d\u00e9sben - Oradea.ro","og_description":"M\u00f3dosulnak a k\u00f6zleked\u00e9si l\u00e1mp\u00e1k a Nuf\u0103rului &#8211; Ciheiului &#8211; Constantin Noica keresztez\u0151d\u00e9sben M\u00f3dosulnak a k\u00f6zleked\u00e9si l\u00e1mp\u00e1k a Nuf\u0103rului &#8211; Ciheiului &#8211; Constantin Noica keresztez\u0151d\u00e9sben A nagyv\u00e1radi V\u00e1rosh\u00e1za t\u00e1j\u00e9koztat, hogy m\u00e1t\u00f3l, 2025. j\u00falius 21-t\u0151l kezd\u0151d\u0151en a Nuf\u0103rului &#8211; Ciheiului &#8211; Constantin Noica utc\u00e1k keresztez\u0151d\u00e9s\u00e9ben a k\u00f6zleked\u00e9si l\u00e1mp\u00e1kat m\u00f3dos\u00edtott\u00e1k. Az int\u00e9zked\u00e9s c\u00e9lja a k\u00f6zleked\u00e9sbiztons\u00e1g \u00e9s a forgalom \u00e1raml\u00e1s\u00e1nak jav\u00edt\u00e1sa a v\u00e1ros egyik forgalmas ter\u00fclet\u00e9n. Az \u00faj jelz\u0151l\u00e1mp\u00e1s diagram a jelenlegi forgalmi szinthez igazodik, \u00e9s \u00fagy tervezt\u00e9k, hogy jav\u00edtsa a keresztez\u0151d\u00e9sben az \u00e1tkel\u00e9si id\u0151t \u00e9s a l\u00e1that\u00f3s\u00e1got. A nagyv\u00e1radi V\u00e1rosh\u00e1za felsz\u00f3l\u00edtja a j\u00e1rm\u0171vezet\u0151ket, hogy vezessenek \u00f3vatosabban ezen a ter\u00fcleten, \u00e9s tarts\u00e1k tiszteletben az \u00faj k\u00f6zleked\u00e9si l\u00e1mp\u00e1kat. K\u00f6sz\u00f6nj\u00fck meg\u00e9rt\u00e9s\u00fcket \u00e9s egy\u00fcttm\u0171k\u00f6d\u00e9s\u00fcket!","og_url":"https:\/\/oradea.ro\/hu\/hirek\/modosulnak-a-kozlekedesi-lampak-a-nufarului-ciheiului-constantin-noica-keresztezodesben\/","og_site_name":"Oradea.ro","article_modified_time":"2025-07-30T11:43:56+00:00","og_image":[{"width":1562,"height":879,"url":"https:\/\/oradea.ro\/wp-content\/uploads\/2025\/07\/20240906_133911.jpg","type":"image\/jpeg"}],"twitter_card":"summary_large_image","twitter_misc":{"Becs\u00fclt olvas\u00e1si id\u0151":"1 perc"},"schema":{"@context":"https:\/\/schema.org","@graph":[{"@type":"WebPage","@id":"https:\/\/oradea.ro\/hu\/hirek\/modosulnak-a-kozlekedesi-lampak-a-nufarului-ciheiului-constantin-noica-keresztezodesben\/","url":"https:\/\/oradea.ro\/hu\/hirek\/modosulnak-a-kozlekedesi-lampak-a-nufarului-ciheiului-constantin-noica-keresztezodesben\/","name":"M\u00f3dosulnak a k\u00f6zleked\u00e9si l\u00e1mp\u00e1k a Nuf\u0103rului - Ciheiului - Constantin Noica keresztez\u0151d\u00e9sben - Oradea.ro","isPartOf":{"@id":"https:\/\/oradea.ro\/#website"},"primaryImageOfPage":{"@id":"https:\/\/oradea.ro\/hu\/hirek\/modosulnak-a-kozlekedesi-lampak-a-nufarului-ciheiului-constantin-noica-keresztezodesben\/#primaryimage"},"image":{"@id":"https:\/\/oradea.ro\/hu\/hirek\/modosulnak-a-kozlekedesi-lampak-a-nufarului-ciheiului-constantin-noica-keresztezodesben\/#primaryimage"},"thumbnailUrl":"https:\/\/oradea.ro\/wp-content\/uploads\/2025\/07\/20240906_133911.jpg","datePublished":"2025-07-21T12:32:30+00:00","dateModified":"2025-07-30T11:43:56+00:00","breadcrumb":{"@id":"https:\/\/oradea.ro\/hu\/hirek\/modosulnak-a-kozlekedesi-lampak-a-nufarului-ciheiului-constantin-noica-keresztezodesben\/#breadcrumb"},"inLanguage":"hu","potentialAction":[{"@type":"ReadAction","target":["https:\/\/oradea.ro\/hu\/hirek\/modosulnak-a-kozlekedesi-lampak-a-nufarului-ciheiului-constantin-noica-keresztezodesben\/"]}]},{"@type":"ImageObject","inLanguage":"hu","@id":"https:\/\/oradea.ro\/hu\/hirek\/modosulnak-a-kozlekedesi-lampak-a-nufarului-ciheiului-constantin-noica-keresztezodesben\/#primaryimage","url":"https:\/\/oradea.ro\/wp-content\/uploads\/2025\/07\/20240906_133911.jpg","contentUrl":"https:\/\/oradea.ro\/wp-content\/uploads\/2025\/07\/20240906_133911.jpg","width":1562,"height":879},{"@type":"BreadcrumbList","@id":"https:\/\/oradea.ro\/hu\/hirek\/modosulnak-a-kozlekedesi-lampak-a-nufarului-ciheiului-constantin-noica-keresztezodesben\/#breadcrumb","itemListElement":[{"@type":"ListItem","position":1,"name":"","item":"https:\/\/oradea.ro\/hu\/"},{"@type":"ListItem","position":2,"name":"\u0218tiri","item":"https:\/\/oradea.ro\/stiri\/"},{"@type":"ListItem","position":3,"name":"M\u00f3dosulnak a k\u00f6zleked\u00e9si l\u00e1mp\u00e1k a Nuf\u0103rului &#8211; Ciheiului &#8211; Constantin Noica keresztez\u0151d\u00e9sben"}]},{"@type":"WebSite","@id":"https:\/\/oradea.ro\/#website","url":"https:\/\/oradea.ro\/","name":"Oradea.ro","description":"Site-ul oficial al Prim\u0103riei Municipiului Oradea","publisher":{"@id":"https:\/\/oradea.ro\/#organization"},"potentialAction":[{"@type":"SearchAction","target":{"@type":"EntryPoint","urlTemplate":"https:\/\/oradea.ro\/?s={search_term_string}"},"query-input":{"@type":"PropertyValueSpecification","valueRequired":true,"valueName":"search_term_string"}}],"inLanguage":"hu"},{"@type":"Organization","@id":"https:\/\/oradea.ro\/#organization","name":"Oradea.ro","url":"https:\/\/oradea.ro\/","logo":{"@type":"ImageObject","inLanguage":"hu","@id":"https:\/\/oradea.ro\/#\/schema\/logo\/image\/","url":"https:\/\/oradea.ro\/wp-content\/uploads\/2023\/06\/footer_logo.svg","contentUrl":"https:\/\/oradea.ro\/wp-content\/uploads\/2023\/06\/footer_logo.svg","width":218,"height":53,"caption":"Oradea.ro"},"image":{"@id":"https:\/\/oradea.ro\/#\/schema\/logo\/image\/"}}]}},"publishpress_future_workflow_manual_trigger":{"enabledWorkflows":[]},"_links":{"self":[{"href":"https:\/\/oradea.ro\/hu\/wp-json\/wp\/v2\/stiri\/365553","targetHints":{"allow":["GET"]}}],"collection":[{"href":"https:\/\/oradea.ro\/hu\/wp-json\/wp\/v2\/stiri"}],"about":[{"href":"https:\/\/oradea.ro\/hu\/wp-json\/wp\/v2\/types\/stiri"}],"author":[{"embeddable":true,"href":"https:\/\/oradea.ro\/hu\/wp-json\/wp\/v2\/users\/7"}],"replies":[{"embeddable":true,"href":"https:\/\/oradea.ro\/hu\/wp-json\/wp\/v2\/comments?post=365553"}],"version-history":[{"count":1,"href":"https:\/\/oradea.ro\/hu\/wp-json\/wp\/v2\/stiri\/365553\/revisions"}],"predecessor-version":[{"id":365554,"href":"https:\/\/oradea.ro\/hu\/wp-json\/wp\/v2\/stiri\/365553\/revisions\/365554"}],"wp:featuredmedia":[{"embeddable":true,"href":"https:\/\/oradea.ro\/hu\/wp-json\/wp\/v2\/media\/364558"}],"wp:attachment":[{"href":"https:\/\/oradea.ro\/hu\/wp-json\/wp\/v2\/media?parent=365553"}],"wp:term":[{"taxonomy":"stiri-cat","embeddable":true,"href":"https:\/\/oradea.ro\/hu\/wp-json\/wp\/v2\/stiri-cat?post=365553"},{"taxonomy":"stiri-tags","embeddable":true,"href":"https:\/\/oradea.ro\/hu\/wp-json\/wp\/v2\/stiri-tags?post=365553"}],"curies":[{"name":"wp","href":"https:\/\/api.w.org\/{rel}","templated":true}]}}