{"id":199630,"date":"2024-01-12T12:42:18","date_gmt":"2024-01-12T12:42:18","guid":{"rendered":"https:\/\/oradea.ro\/evenimente\/roman-kultura-napja-program\/"},"modified":"2024-01-12T12:42:18","modified_gmt":"2024-01-12T12:42:18","slug":"roman-kultura-napja-program","status":"publish","type":"tribe_events","link":"https:\/\/oradea.ro\/hu\/esemenyek\/roman-kultura-napja-program\/","title":{"rendered":"Rom\u00e1n Kult\u00fara Napja &#8211; PROGRAM"},"content":{"rendered":"<p data-raofz=\"13\"><strong>A nemzeti kult\u00fara napj\u00e1t 2011 \u00f3ta minden \u00e9vben janu\u00e1r 15-\u00e9n \u00fcnnepelj\u00fck, a kiv\u00e1lasztott d\u00e1tum a nemzet nagy k\u00f6lt\u0151j\u00e9nek, Mihai Eminescunak (1850-1889) a sz\u00fclet\u00e9snapja.<\/strong><\/p>\n<p data-raofz=\"13\">A Nagyv\u00e1radi V\u00e1rosh\u00e1za t\u00e1mogat\u00e1s\u00e1val a M\u0171eml\u00e9kv\u00e9delmi Alap\u00edtv\u00e1ny &#8211; Nagyv\u00e1radi \u00d6r\u00f6ks\u00e9g a Clio Lovagok Orsz\u00e1gos Sz\u00f6vets\u00e9g\u00e9vel, a Nagyv\u00e1radi \u00c1llami Filharm\u00f3ni\u00e1val \u00e9s a K\u00f6r\u00f6svid\u00e9ki M\u00fazeummal egy\u00fcttm\u0171k\u00f6dve janu\u00e1r 15-\u00e9n, h\u00e9tf\u0151n a Rom\u00e1n Kult\u00fara Napj\u00e1nak meg\u00fcnnepl\u00e9s\u00e9re h\u00edvja a nagyk\u00f6z\u00f6ns\u00e9get.<\/p>\n<p data-raofz=\"13\">A szervez\u0151k sz\u00e1mos programmal k\u00e9sz\u00fcltek, amelyek a k\u00f6vetkez\u0151 helysz\u00edneken zajlanak majd: a nagyv\u00e1radi v\u00e1rosh\u00e1za Traian Mo\u0219oiu terme, a Mihai Eminescu szobor, a Mad\u00e1ch Imre utci Baz\u00e1r passz\u00e1zs, a Darvas &#8211; La Roche h\u00e1z, a &#8222;Iosif Vulcan&#8221; Eml\u00e9km\u00fazeum \u00e9s a Nagyv\u00e1radi \u00c1llami Filharm\u00f3nia.<\/p>\n<p data-raofz=\"13\"><strong>A NEMZETI KULT\u00daRA NAPJA PROGRAMJA &#8211; 2024. janu\u00e1r 15.<\/strong><\/p>\n<p data-raofz=\"13\"><strong>10.00 &#8211; 12.00 Nagyv\u00e1radi V\u00e1rosh\u00e1za &#8211; Traian Mo\u0219oiu terme<\/strong><\/p>\n<p data-raofz=\"13\">&#8211; A Himnusz el\u00e9nekl\u00e9se<\/p>\n<p data-raofz=\"13\">&#8211; &#8222;General Traian Mo\u0219oiu&#8221; k\u00f3rus &#8211; dalok \u00e9s \u00e9nekek Mihai Eminescu verseire;<\/p>\n<p data-raofz=\"13\">&#8211; vet\u00edt\u00e9sek<\/p>\n<p data-raofz=\"13\">&#8211; vers<\/p>\n<p data-raofz=\"13\">&#8211; \u00dcdv\u00f6zl\u00e9s, Polg\u00e1rmesteri HIvatal k\u00e9pvisel\u0151je<\/p>\n<p data-raofz=\"13\">&#8211; Prof. Dr. Mihai DRECIN &#8211; az A.O.\u0218.R. Tudom\u00e1nyos Koll\u00e9gium tagja;<\/p>\n<p data-raofz=\"13\">&#8211; Prof. Dr. Karina OCHI\u0218 &#8211; el\u0151ad\u00e1sa<\/p>\n<p data-raofz=\"13\">&#8211; \u00c9nekek Eminescur\u00f3l &#8211; Hidi\u0219elul de Sus csoport &#8211; prof. Crina PUIE;<\/p>\n<p data-raofz=\"13\">&#8211; Prof. univ. Dr. Mircea POPA, Eminescu, Iosif Vulcan \u00e9s &#8222;A csal\u00e1d&#8221;<\/p>\n<p data-raofz=\"13\">Eminescu: Kritikusaim &#8211; szavalja Vanesa SERCHELI, IX-C oszt\u00e1ly, &#8222;Mihai Eminescu&#8221; Nemzeti Gimn\u00e1zium;<\/p>\n<p data-raofz=\"13\">&#8211; Prof. Dr. Paul Magheru el\u0151ad\u00e1sa<\/p>\n<p data-raofz=\"13\">&#8211; D\u00edj\u00e1tad\u00f3 \u00fcnneps\u00e9g<\/p>\n<p data-raofz=\"13\"> 12.30 &#8211; 13.30 Mihai Eminescu szobor<\/p>\n<p data-raofz=\"13\">&#8211; A vend\u00e9gek \u00fcdv\u00f6zl\u00e9se<\/p>\n<p data-raofz=\"13\">&#8211; A Himnusz el\u00e9nekl\u00e9se \u00e9s a rom\u00e1n z\u00e1szl\u00f3 kibont\u00e1sa;<\/p>\n<p data-raofz=\"13\">&#8211; Vir\u00e1gok Eminescunak Moder\u00e1torok: Angela Lup\u0219ea, Col. Ing. Dan POINAR<\/p>\n<p data-raofz=\"13\">&#8211; Besz\u00e9dek:<\/p>\n<p data-raofz=\"13\">Nagyv\u00e1radi v\u00e1rosh\u00e1za k\u00e9pvisel\u0151je;<\/p>\n<p data-raofz=\"13\">Prof. univ. Dr. Mircea Popa &#8211; Eminescu, Vulcan \u00e9s a csal\u00e1d;<\/p>\n<p data-raofz=\"13\">&#8211; Luceaf\u0103rul &#8211; IX &#8211; A oszt\u00e1ly, prof. dr. Carmen Elena ANDREI &#8211; WENFORD ACADEMY Oradea: Babo\u0219 P\u00e2rc\u0103lab Iarina; Buciuman Sasha Gabriel; Ciuciu Carol Mihai; Musca Mara; Neago\u0219 Cezar Hora\u021biu; Plisco Alexis; Nicolas; Popa Vasile David; Pruncu\u021b Maria; Ra\u021b Tudor Gabriel; Ritter \u0218tefan Raul; Rus Tudor; Sim Ana; Sofia; Vaida Alex Vlad; Vesa Alexandru David.<\/p>\n<p data-raofz=\"13\">&#8211; Vir\u00e1gcsokrok lerak\u00e1sa<\/p>\n<p data-raofz=\"13\"><strong>14.00 &#8211; 15.00 Baz\u00e1r \u00e1tj\u00e1r\u00f3<\/strong>,  <strong>William Shakespeare Mad\u00e1ch Imre<\/strong><\/p>\n<p data-raofz=\"13\">&#8211; Ki\u00e1ll\u00edt\u00e1s &#8222;Nestemate&#8221;<\/p>\n<p data-raofz=\"13\">Bemutatja Laz\u0103r C\u00e2rjan t\u00e1bornok<\/p>\n<p data-raofz=\"13\">Szavalnak a IX. C oszt\u00e1ly di\u00e1kjai, a &#8222;Iosif Vulcan&#8221; Nemzeti Gimn\u00e1ziumb\u00f3l, tan\u00e1r: Dr. Elena Mo\u021boc-Chivari-Sab\u0103u, Bigan Anastasia, Pop Isabelle-Sophie, Sandu Daliana, Moriconi Summer Nefertari, Trip Daniela-Consuela, Bonca Sofia Maria, Marc Antonia Sara, Pop Alexia-Maria, Domoco\u0219 Diana-Mariana, Mo\u021boc-Chivari Ioan-Cristian.<\/p>\n<p data-raofz=\"13\"><strong>15.00 &#8211; 15.30<\/strong> <strong>&#8211;<\/strong> <strong>Darvas H\u00e1z &#8211; La Roche<\/strong><\/p>\n<p data-raofz=\"13\">Ki\u00e1ll\u00edt\u00e1s &#8211; Kir\u00e1lyi kott\u00e1k a Cotroceni Nemzeti M\u00fazeummal \u00e9s a Nagyv\u00e1radi \u00c1llami Filharm\u00f3ni\u00e1val partners\u00e9gben.<\/p>\n<p data-raofz=\"13\"><strong>16.00 &#8211; 17.00 &#8211;<\/strong> <strong>Iosif Vulcan Eml\u00e9km\u00fazeum<\/strong><\/p>\n<p data-raofz=\"13\">Mihai Eminescuval kapcsolatos dokumentumok \u00e9s k\u00f6nyvek ki\u00e1ll\u00edt\u00e1sa a prof. univ. Dr. Laz\u0103r C\u00e2rjan<\/p>\n<p data-raofz=\"13\"><strong>17.00 &#8211; 20.30<\/strong> <strong>&#8211; Nagyv\u00e1radi \u00c1llami Filharm\u00f3nia<\/strong><\/p>\n<p data-raofz=\"13\">17.00 &#8211; 18.30 &#8211; Dokumentumfilm &#8211; &#8222;Eminescu \u00e9s Csernyivci&#8221;. Producer &#8211; Financier: Dumitru POHU\u0218, forgat\u00f3k\u00f6nyv: Ionel Novac<\/p>\n<p data-raofz=\"13\">19.00 &#8211; G\u00e1lam\u0171sor &#8211; Eminescu<\/p>\n<p data-raofz=\"13\">Ki\u00e1ll\u00edt\u00e1s &#8211; &#8222;Eminescu gyermeksz\u00ednekben&#8221;<\/p>\n<p data-raofz=\"13\"><strong>K\u00fcl\u00f6nleges vend\u00e9gek<\/strong><\/p>\n<p data-raofz=\"13\">Daniel Magdal &#8211; Tenor \u00e9s Alexandru Burc\u0103 &#8211; Zongora<\/p>\n<p data-raofz=\"13\">Romantikus reperto\u00e1r:<\/p>\n<p data-raofz=\"13\">&#8211; A vir\u00e1gz\u00f3 cseresznyefa alatt<\/p>\n<p data-raofz=\"13\">&#8211; Az \u00e9l\u0151 gyapj\u00faban<\/p>\n<p data-raofz=\"13\">&#8211; Smaranda<\/p>\n<p data-raofz=\"13\">&#8211; Eml\u00e9kszik, asszonyom&#8230;<\/p>\n<p data-raofz=\"13\">&#8211; V\u00e1rok r\u00e1d ugyanezen az \u00faton.<\/p>\n<p data-raofz=\"13\">&#8211; Z\u00f6ld lap, sz\u00e9les lap<\/p>\n<p data-raofz=\"13\">Az el\u0151ad\u00e1s a Nagyv\u00e1radi Egyetem &#8211; Zenei Tansz\u00e9k &#8211; M\u0171v\u00e9szeti Kar, Nagyv\u00e1radi M\u0171v\u00e9szeti K\u00f6z\u00e9piskola partners\u00e9g\u00e9vel val\u00f3sul meg, a k\u00f6vetkez\u0151 zenei programmal:<\/p>\n<p data-raofz=\"13\"><strong>M\u0171v\u00e9szeti K\u00f6z\u00e9piskola Oradea (Nagyv\u00e1rad)<\/strong><\/p>\n<ul>\n<li data-raofz=\"13\">Fonai Benjamin, marimba, 6. oszt\u00e1ly, Paraszt t\u00e1nc &#8211; Constantin Dimitrescu. Koordin\u00e1tor prof. Sz\u00e9kely Cristian, t\u00e1rsrepetitor prof. Marin\u0103u Sanda<\/li>\n<li data-raofz=\"13\">Mierlu\u021b Nicolas, heged\u0171, 6. oszt\u00e1ly, Ciprian Porumbescu ballad\u00e1ja. Koordin\u00e1tor Prof. Moga Andrei<\/li>\n<li data-raofz=\"13\">Pop Greta, 11. oszt\u00e1lyos tanul\u00f3, Nicolae Bretan Stelele-n cielo c\u00edm\u0171 m\u0171v\u00e9t \u00e9nekelte. Koordin\u00e1tor prof. Pali Ionela, t\u00e1rs-ism\u00e9tl\u0151 prof. Marin\u0103u Sanda<\/li>\n<li data-raofz=\"13\">Muthu Astrid, 12. oszt\u00e1ly, a hazug A ny\u00e1rf\u00e1k mellett f\u00e9rj n\u00e9lk\u00fcl. Koordin\u00e1tor prof. Pali Ionela, t\u00e1rs-ism\u00e9tl\u0151 prof. Marin\u0103u Sanda<\/li>\n<\/ul>\n<p data-raofz=\"13\"><strong>B\u00f6lcs\u00e9szettudom\u00e1nyi Kar<\/strong><\/p>\n<ul>\n<li data-raofz=\"13\">Chi\u0219 Ionu\u021b, II. \u00e9vfolyam mester &#8211; heged\u0171, koreogr\u00e1fus &#8211; asszisztens. univ. dr. Andone Camelia<\/li>\n<li data-raofz=\"13\">Paul Constantinescu: Szonatina heged\u0171re \u00e9s zongor\u00e1ra, III. r\u00e9sz;<\/li>\n<li data-raofz=\"13\">oszt\u00e1ly Lect. PhD Andrada Ciupeiu<\/li>\n<li data-raofz=\"13\">Borbiro Timea, 4. \u00e9ves hallgat\u00f3 &#8211; fuvola<\/li>\n<li data-raofz=\"13\">Paul Constantinescu: C\u00e2ntec Vechiu fuvol\u00e1ra \u00e9s zongor\u00e1ra<\/li>\n<li data-raofz=\"13\">oszt\u00e1ly Conf.univ.dr Ariadna Zenaida Mircescu oszt\u00e1ly<\/li>\n<li data-raofz=\"13\">Mari\u0219 Hinsu Ionu\u021b &#8211; bariton, els\u0151\u00e9ves hallgat\u00f3<\/li>\n<li data-raofz=\"13\">Corepetitor &#8211; asszisztens. univ. dr. Andone Camelia<\/li>\n<li data-raofz=\"13\">V\u00e1gy, M. Eminescu verseire; oszt\u00e1lykonf. univ. dr. Florina Mari\u0219 Hinsu<\/li>\n<li data-raofz=\"13\">Gheorghe Paunescu (1912-1990): Nocturne<\/li>\n<li data-raofz=\"13\">Iuliu Muresianu (1900-1956): Concertino (Andante, Allegro moderato)<\/li>\n<li data-raofz=\"13\">A Vizu\u00e1lis M\u0171v\u00e9szetek Tansz\u00e9k tan\u00e1rai \u00e1ltal rendezett ki\u00e1ll\u00edt\u00e1s<\/li>\n<\/ul>\n<p data-raofz=\"13\">A 2010. \u00e9vi 238. sz\u00e1m\u00fa t\u00f6rv\u00e9nnyel l\u00e9trehozott Nemzeti Kultur\u00e1lis Nap alkalm\u00e1b\u00f3l kultur\u00e1lis-m\u0171v\u00e9szeti rendezv\u00e9nyeket \u00e9s t\u00e1rsadalmi-kultur\u00e1lis akci\u00f3kat szerveznek a kultur\u00e1lis \u00f6r\u00f6ks\u00e9ggel rendelkez\u0151 k\u00f6zint\u00e9zm\u00e9nyek \u00e9s m\u00e1s szervezetek.<\/p>\n<p data-raofz=\"13\">Mihai Eminescu k\u00f6lt\u0151 szobra Ovidiu Maitec (sz\u00fcl. 1925 &#8211; megh. 2007) m\u0171v\u00e9sz alkot\u00e1sa, amely bronzb\u00f3l k\u00e9sz\u00fclt, travertin k\u0151 talapzatra \u00e1ll\u00edtva. A szobor a BH-III-m-B-01237-es list\u00e1n szerepl\u0151 m\u0171eml\u00e9k, 1990 \u00f3ta szerepel a nagyv\u00e1radi v\u00e1rosh\u00e1za nyilv\u00e1ntart\u00e1s\u00e1ban a 120\/2006-os sz\u00e1m\u00fa, a k\u00f6zt\u00e9ri m\u0171eml\u00e9kekr\u0151l sz\u00f3l\u00f3 t\u00f6rv\u00e9ny alapj\u00e1n, \u00e9s a Bihar Megyei M\u0171eml\u00e9kv\u00e9delmi Alap\u00edtv\u00e1ny \u00e9rt\u00e9keli a 2017. 12. 21-i 1503-as sz\u00e1m\u00fa helyi tan\u00e1csi hat\u00e1rozat szerint.<\/p>\n<p data-raofz=\"13\">A t\u00e9r rendez\u00e9si munk\u00e1latai a szobor eg\u00e9sz\u00e9t fogj\u00e1k kiemelni, \u00e9s egy olyan ker\u00fcletet is tartalmazni fognak, amelyet a nagy nemzeti k\u00f6lt\u0151, Mihai Eminescu eml\u00e9k\u00e9re rendezett esem\u00e9nyeknek szentelnek.<\/p>\n","protected":false},"excerpt":{"rendered":"<p>A nemzeti kult\u00fara napj\u00e1t 2011 \u00f3ta minden \u00e9vben janu\u00e1r 15-\u00e9n \u00fcnnepelj\u00fck, a kiv\u00e1lasztott d\u00e1tum a nemzet nagy k\u00f6lt\u0151j\u00e9nek, Mihai Eminescunak (1850-1889) a sz\u00fclet\u00e9snapja. A Nagyv\u00e1radi V\u00e1rosh\u00e1za t\u00e1mogat\u00e1s\u00e1val a M\u0171eml\u00e9kv\u00e9delmi Alap\u00edtv\u00e1ny &#8211; Nagyv\u00e1radi \u00d6r\u00f6ks\u00e9g a Clio Lovagok Orsz\u00e1gos Sz\u00f6vets\u00e9g\u00e9vel, a Nagyv\u00e1radi \u00c1llami Filharm\u00f3ni\u00e1val \u00e9s a K\u00f6r\u00f6svid\u00e9ki M\u00fazeummal egy\u00fcttm\u0171k\u00f6dve janu\u00e1r 15-\u00e9n, h\u00e9tf\u0151n a Rom\u00e1n Kult\u00fara Napj\u00e1nak meg\u00fcnnepl\u00e9s\u00e9re h\u00edvja a nagyk\u00f6z\u00f6ns\u00e9get. A szervez\u0151k sz\u00e1mos programmal k\u00e9sz\u00fcltek, amelyek a k\u00f6vetkez\u0151 helysz\u00edneken zajlanak majd: a nagyv\u00e1radi v\u00e1rosh\u00e1za Traian Mo\u0219oiu terme, a Mihai Eminescu szobor, a Mad\u00e1ch Imre utci Baz\u00e1r passz\u00e1zs, a Darvas &#8211; La Roche h\u00e1z, a &#8222;Iosif Vulcan&#8221; Eml\u00e9km\u00fazeum \u00e9s a Nagyv\u00e1radi \u00c1llami Filharm\u00f3nia. A NEMZETI KULT\u00daRA NAPJA PROGRAMJA &#8211; 2024. janu\u00e1r 15. 10.00 &#8211; 12.00 Nagyv\u00e1radi V\u00e1rosh\u00e1za &#8211; Traian Mo\u0219oiu terme &#8211; A Himnusz el\u00e9nekl\u00e9se &#8211; &#8222;General Traian Mo\u0219oiu&#8221; k\u00f3rus &#8211; dalok \u00e9s \u00e9nekek Mihai Eminescu verseire; &#8211; vet\u00edt\u00e9sek &#8211; vers &#8211; \u00dcdv\u00f6zl\u00e9s, Polg\u00e1rmesteri HIvatal k\u00e9pvisel\u0151je &#8211; Prof. Dr. Mihai DRECIN &#8211; az A.O.\u0218.R. Tudom\u00e1nyos Koll\u00e9gium tagja; &#8211; Prof. Dr. Karina OCHI\u0218 &#8211; el\u0151ad\u00e1sa &#8211; \u00c9nekek Eminescur\u00f3l &#8211; Hidi\u0219elul de Sus csoport &#8211; prof. Crina PUIE; &#8211; Prof. univ. Dr. Mircea POPA, Eminescu, Iosif Vulcan \u00e9s &#8222;A csal\u00e1d&#8221; Eminescu: Kritikusaim &#8211; szavalja Vanesa SERCHELI, IX-C oszt\u00e1ly, &#8222;Mihai Eminescu&#8221; Nemzeti Gimn\u00e1zium; &#8211; Prof. Dr. Paul Magheru el\u0151ad\u00e1sa &#8211; D\u00edj\u00e1tad\u00f3 \u00fcnneps\u00e9g 12.30 &#8211; 13.30 Mihai Eminescu szobor &#8211; A vend\u00e9gek \u00fcdv\u00f6zl\u00e9se &#8211; A Himnusz el\u00e9nekl\u00e9se \u00e9s a rom\u00e1n z\u00e1szl\u00f3 kibont\u00e1sa; &#8211; Vir\u00e1gok Eminescunak Moder\u00e1torok: Angela Lup\u0219ea, Col. Ing. Dan POINAR &#8211; Besz\u00e9dek: Nagyv\u00e1radi v\u00e1rosh\u00e1za k\u00e9pvisel\u0151je; Prof. univ. Dr. Mircea Popa &#8211; Eminescu, Vulcan \u00e9s a csal\u00e1d; &#8211; Luceaf\u0103rul &#8211; IX &#8211; A oszt\u00e1ly, prof. dr. Carmen Elena ANDREI &#8211; WENFORD ACADEMY Oradea: Babo\u0219 P\u00e2rc\u0103lab Iarina; Buciuman Sasha Gabriel; Ciuciu Carol Mihai; Musca Mara; Neago\u0219 Cezar Hora\u021biu; Plisco Alexis; Nicolas; Popa Vasile David; Pruncu\u021b Maria; Ra\u021b Tudor Gabriel; Ritter \u0218tefan Raul; Rus Tudor; Sim Ana; Sofia; Vaida Alex Vlad; Vesa Alexandru David. &#8211; Vir\u00e1gcsokrok lerak\u00e1sa 14.00 &#8211; 15.00 Baz\u00e1r \u00e1tj\u00e1r\u00f3, William Shakespeare Mad\u00e1ch Imre &#8211; Ki\u00e1ll\u00edt\u00e1s &#8222;Nestemate&#8221; Bemutatja Laz\u0103r C\u00e2rjan t\u00e1bornok Szavalnak a IX. C oszt\u00e1ly di\u00e1kjai, a &#8222;Iosif Vulcan&#8221; Nemzeti Gimn\u00e1ziumb\u00f3l, tan\u00e1r: Dr. Elena Mo\u021boc-Chivari-Sab\u0103u, Bigan Anastasia, Pop Isabelle-Sophie, Sandu Daliana, Moriconi Summer Nefertari, Trip Daniela-Consuela, Bonca Sofia Maria, Marc Antonia Sara, Pop Alexia-Maria, Domoco\u0219 Diana-Mariana, Mo\u021boc-Chivari Ioan-Cristian. 15.00 &#8211; 15.30 &#8211; Darvas H\u00e1z &#8211; La Roche Ki\u00e1ll\u00edt\u00e1s &#8211; Kir\u00e1lyi kott\u00e1k a Cotroceni Nemzeti M\u00fazeummal \u00e9s a Nagyv\u00e1radi \u00c1llami Filharm\u00f3ni\u00e1val partners\u00e9gben. 16.00 &#8211; 17.00 &#8211; Iosif Vulcan Eml\u00e9km\u00fazeum Mihai Eminescuval kapcsolatos dokumentumok \u00e9s k\u00f6nyvek ki\u00e1ll\u00edt\u00e1sa a prof. univ. Dr. Laz\u0103r C\u00e2rjan 17.00 &#8211; 20.30 &#8211; Nagyv\u00e1radi \u00c1llami Filharm\u00f3nia 17.00 &#8211; 18.30 &#8211; Dokumentumfilm &#8211; &#8222;Eminescu \u00e9s Csernyivci&#8221;. Producer &#8211; Financier: Dumitru POHU\u0218, forgat\u00f3k\u00f6nyv: Ionel Novac 19.00 &#8211; G\u00e1lam\u0171sor &#8211; Eminescu Ki\u00e1ll\u00edt\u00e1s &#8211; &#8222;Eminescu gyermeksz\u00ednekben&#8221; K\u00fcl\u00f6nleges vend\u00e9gek Daniel Magdal &#8211; Tenor \u00e9s Alexandru Burc\u0103 &#8211; Zongora Romantikus reperto\u00e1r: &#8211; A vir\u00e1gz\u00f3 cseresznyefa alatt &#8211; Az \u00e9l\u0151 gyapj\u00faban &#8211; Smaranda &#8211; Eml\u00e9kszik, asszonyom&#8230; &#8211; V\u00e1rok r\u00e1d ugyanezen az \u00faton. &#8211; Z\u00f6ld lap, sz\u00e9les lap Az el\u0151ad\u00e1s a Nagyv\u00e1radi Egyetem &#8211; Zenei Tansz\u00e9k &#8211; M\u0171v\u00e9szeti Kar, Nagyv\u00e1radi M\u0171v\u00e9szeti K\u00f6z\u00e9piskola partners\u00e9g\u00e9vel val\u00f3sul meg, a k\u00f6vetkez\u0151 zenei programmal: M\u0171v\u00e9szeti K\u00f6z\u00e9piskola Oradea (Nagyv\u00e1rad) Fonai Benjamin, marimba, 6. oszt\u00e1ly, Paraszt t\u00e1nc &#8211; Constantin Dimitrescu. Koordin\u00e1tor prof. Sz\u00e9kely Cristian, t\u00e1rsrepetitor prof. Marin\u0103u Sanda Mierlu\u021b Nicolas, heged\u0171, 6. oszt\u00e1ly, Ciprian Porumbescu ballad\u00e1ja. Koordin\u00e1tor Prof. Moga Andrei Pop Greta, 11. oszt\u00e1lyos tanul\u00f3, Nicolae Bretan Stelele-n cielo c\u00edm\u0171 m\u0171v\u00e9t \u00e9nekelte. Koordin\u00e1tor prof. Pali Ionela, t\u00e1rs-ism\u00e9tl\u0151 prof. Marin\u0103u Sanda Muthu Astrid, 12. oszt\u00e1ly, a hazug A ny\u00e1rf\u00e1k mellett f\u00e9rj n\u00e9lk\u00fcl. Koordin\u00e1tor prof. Pali Ionela, t\u00e1rs-ism\u00e9tl\u0151 prof. Marin\u0103u Sanda B\u00f6lcs\u00e9szettudom\u00e1nyi Kar Chi\u0219 Ionu\u021b, II. \u00e9vfolyam mester &#8211; heged\u0171, koreogr\u00e1fus &#8211; asszisztens. univ. dr. Andone Camelia Paul Constantinescu: Szonatina heged\u0171re \u00e9s zongor\u00e1ra, III. r\u00e9sz; oszt\u00e1ly Lect. PhD Andrada Ciupeiu Borbiro Timea, 4. \u00e9ves hallgat\u00f3 &#8211; fuvola Paul Constantinescu: C\u00e2ntec Vechiu fuvol\u00e1ra \u00e9s zongor\u00e1ra oszt\u00e1ly Conf.univ.dr Ariadna Zenaida Mircescu oszt\u00e1ly Mari\u0219 Hinsu Ionu\u021b &#8211; bariton, els\u0151\u00e9ves hallgat\u00f3 Corepetitor &#8211; asszisztens. univ. dr. Andone Camelia V\u00e1gy, M. Eminescu verseire; oszt\u00e1lykonf. univ. dr. Florina Mari\u0219 Hinsu Gheorghe Paunescu (1912-1990): Nocturne Iuliu Muresianu (1900-1956): Concertino (Andante, Allegro moderato) A Vizu\u00e1lis M\u0171v\u00e9szetek Tansz\u00e9k tan\u00e1rai \u00e1ltal rendezett ki\u00e1ll\u00edt\u00e1s A 2010. \u00e9vi 238. sz\u00e1m\u00fa t\u00f6rv\u00e9nnyel l\u00e9trehozott Nemzeti Kultur\u00e1lis Nap alkalm\u00e1b\u00f3l kultur\u00e1lis-m\u0171v\u00e9szeti rendezv\u00e9nyeket \u00e9s t\u00e1rsadalmi-kultur\u00e1lis akci\u00f3kat szerveznek a kultur\u00e1lis \u00f6r\u00f6ks\u00e9ggel rendelkez\u0151 k\u00f6zint\u00e9zm\u00e9nyek \u00e9s m\u00e1s szervezetek. Mihai Eminescu k\u00f6lt\u0151 szobra Ovidiu Maitec (sz\u00fcl. 1925 &#8211; megh. 2007) m\u0171v\u00e9sz alkot\u00e1sa, amely bronzb\u00f3l k\u00e9sz\u00fclt, travertin k\u0151 talapzatra \u00e1ll\u00edtva. A szobor a BH-III-m-B-01237-es list\u00e1n szerepl\u0151 m\u0171eml\u00e9k, 1990 \u00f3ta szerepel a nagyv\u00e1radi v\u00e1rosh\u00e1za nyilv\u00e1ntart\u00e1s\u00e1ban a 120\/2006-os sz\u00e1m\u00fa, a k\u00f6zt\u00e9ri m\u0171eml\u00e9kekr\u0151l sz\u00f3l\u00f3 t\u00f6rv\u00e9ny alapj\u00e1n, \u00e9s a Bihar Megyei M\u0171eml\u00e9kv\u00e9delmi Alap\u00edtv\u00e1ny \u00e9rt\u00e9keli a 2017. 12. 21-i 1503-as sz\u00e1m\u00fa helyi tan\u00e1csi hat\u00e1rozat szerint. A t\u00e9r rendez\u00e9si munk\u00e1latai a szobor eg\u00e9sz\u00e9t fogj\u00e1k kiemelni, \u00e9s egy olyan ker\u00fcletet is tartalmazni fognak, amelyet a nagy nemzeti k\u00f6lt\u0151, Mihai Eminescu eml\u00e9k\u00e9re rendezett esem\u00e9nyeknek szentelnek.<\/p>\n","protected":false},"author":3,"featured_media":188179,"template":"","meta":{"_acf_changed":false,"ep_exclude_from_search":false,"_tribe_events_status":"","_tribe_events_status_reason":"","_tribe_events_is_hybrid":"","_tribe_events_is_virtual":"","_tribe_events_virtual_video_source":"","_tribe_events_virtual_embed_video":"","_tribe_events_virtual_linked_button_text":"","_tribe_events_virtual_linked_button":"","_tribe_events_virtual_show_embed_at":"","_tribe_events_virtual_show_embed_to":[],"_tribe_events_virtual_show_on_event":"","_tribe_events_virtual_show_on_views":"","_tribe_events_virtual_url":"","footnotes":""},"tags":[],"tribe_events_cat":[],"class_list":["post-199630","tribe_events","type-tribe_events","status-publish","has-post-thumbnail","hentry"],"acf":[],"yoast_head":"<!-- This site is optimized with the Yoast SEO plugin v26.6 - https:\/\/yoast.com\/wordpress\/plugins\/seo\/ -->\n<title>Rom\u00e1n Kult\u00fara Napja - PROGRAM - Oradea.ro<\/title>\n<meta name=\"robots\" content=\"index, follow, max-snippet:-1, max-image-preview:large, max-video-preview:-1\" \/>\n<link rel=\"canonical\" href=\"https:\/\/oradea.ro\/hu\/esemenyek\/roman-kultura-napja-program\/\" \/>\n<meta property=\"og:locale\" content=\"hu_HU\" \/>\n<meta property=\"og:type\" content=\"article\" \/>\n<meta property=\"og:title\" content=\"Rom\u00e1n Kult\u00fara Napja - PROGRAM - Oradea.ro\" \/>\n<meta property=\"og:description\" content=\"A nemzeti kult\u00fara napj\u00e1t 2011 \u00f3ta minden \u00e9vben janu\u00e1r 15-\u00e9n \u00fcnnepelj\u00fck, a kiv\u00e1lasztott d\u00e1tum a nemzet nagy k\u00f6lt\u0151j\u00e9nek, Mihai Eminescunak (1850-1889) a sz\u00fclet\u00e9snapja. A Nagyv\u00e1radi V\u00e1rosh\u00e1za t\u00e1mogat\u00e1s\u00e1val a M\u0171eml\u00e9kv\u00e9delmi Alap\u00edtv\u00e1ny &#8211; Nagyv\u00e1radi \u00d6r\u00f6ks\u00e9g a Clio Lovagok Orsz\u00e1gos Sz\u00f6vets\u00e9g\u00e9vel, a Nagyv\u00e1radi \u00c1llami Filharm\u00f3ni\u00e1val \u00e9s a K\u00f6r\u00f6svid\u00e9ki M\u00fazeummal egy\u00fcttm\u0171k\u00f6dve janu\u00e1r 15-\u00e9n, h\u00e9tf\u0151n a Rom\u00e1n Kult\u00fara Napj\u00e1nak meg\u00fcnnepl\u00e9s\u00e9re h\u00edvja a nagyk\u00f6z\u00f6ns\u00e9get. A szervez\u0151k sz\u00e1mos programmal k\u00e9sz\u00fcltek, amelyek a k\u00f6vetkez\u0151 helysz\u00edneken zajlanak majd: a nagyv\u00e1radi v\u00e1rosh\u00e1za Traian Mo\u0219oiu terme, a Mihai Eminescu szobor, a Mad\u00e1ch Imre utci Baz\u00e1r passz\u00e1zs, a Darvas &#8211; La Roche h\u00e1z, a &#8222;Iosif Vulcan&#8221; Eml\u00e9km\u00fazeum \u00e9s a Nagyv\u00e1radi \u00c1llami Filharm\u00f3nia. A NEMZETI KULT\u00daRA NAPJA PROGRAMJA &#8211; 2024. janu\u00e1r 15. 10.00 &#8211; 12.00 Nagyv\u00e1radi V\u00e1rosh\u00e1za &#8211; Traian Mo\u0219oiu terme &#8211; A Himnusz el\u00e9nekl\u00e9se &#8211; &#8222;General Traian Mo\u0219oiu&#8221; k\u00f3rus &#8211; dalok \u00e9s \u00e9nekek Mihai Eminescu verseire; &#8211; vet\u00edt\u00e9sek &#8211; vers &#8211; \u00dcdv\u00f6zl\u00e9s, Polg\u00e1rmesteri HIvatal k\u00e9pvisel\u0151je &#8211; Prof. Dr. Mihai DRECIN &#8211; az A.O.\u0218.R. Tudom\u00e1nyos Koll\u00e9gium tagja; &#8211; Prof. Dr. Karina OCHI\u0218 &#8211; el\u0151ad\u00e1sa &#8211; \u00c9nekek Eminescur\u00f3l &#8211; Hidi\u0219elul de Sus csoport &#8211; prof. Crina PUIE; &#8211; Prof. univ. Dr. Mircea POPA, Eminescu, Iosif Vulcan \u00e9s &#8222;A csal\u00e1d&#8221; Eminescu: Kritikusaim &#8211; szavalja Vanesa SERCHELI, IX-C oszt\u00e1ly, &#8222;Mihai Eminescu&#8221; Nemzeti Gimn\u00e1zium; &#8211; Prof. Dr. Paul Magheru el\u0151ad\u00e1sa &#8211; D\u00edj\u00e1tad\u00f3 \u00fcnneps\u00e9g 12.30 &#8211; 13.30 Mihai Eminescu szobor &#8211; A vend\u00e9gek \u00fcdv\u00f6zl\u00e9se &#8211; A Himnusz el\u00e9nekl\u00e9se \u00e9s a rom\u00e1n z\u00e1szl\u00f3 kibont\u00e1sa; &#8211; Vir\u00e1gok Eminescunak Moder\u00e1torok: Angela Lup\u0219ea, Col. Ing. Dan POINAR &#8211; Besz\u00e9dek: Nagyv\u00e1radi v\u00e1rosh\u00e1za k\u00e9pvisel\u0151je; Prof. univ. Dr. Mircea Popa &#8211; Eminescu, Vulcan \u00e9s a csal\u00e1d; &#8211; Luceaf\u0103rul &#8211; IX &#8211; A oszt\u00e1ly, prof. dr. Carmen Elena ANDREI &#8211; WENFORD ACADEMY Oradea: Babo\u0219 P\u00e2rc\u0103lab Iarina; Buciuman Sasha Gabriel; Ciuciu Carol Mihai; Musca Mara; Neago\u0219 Cezar Hora\u021biu; Plisco Alexis; Nicolas; Popa Vasile David; Pruncu\u021b Maria; Ra\u021b Tudor Gabriel; Ritter \u0218tefan Raul; Rus Tudor; Sim Ana; Sofia; Vaida Alex Vlad; Vesa Alexandru David. &#8211; Vir\u00e1gcsokrok lerak\u00e1sa 14.00 &#8211; 15.00 Baz\u00e1r \u00e1tj\u00e1r\u00f3, William Shakespeare Mad\u00e1ch Imre &#8211; Ki\u00e1ll\u00edt\u00e1s &#8222;Nestemate&#8221; Bemutatja Laz\u0103r C\u00e2rjan t\u00e1bornok Szavalnak a IX. C oszt\u00e1ly di\u00e1kjai, a &#8222;Iosif Vulcan&#8221; Nemzeti Gimn\u00e1ziumb\u00f3l, tan\u00e1r: Dr. Elena Mo\u021boc-Chivari-Sab\u0103u, Bigan Anastasia, Pop Isabelle-Sophie, Sandu Daliana, Moriconi Summer Nefertari, Trip Daniela-Consuela, Bonca Sofia Maria, Marc Antonia Sara, Pop Alexia-Maria, Domoco\u0219 Diana-Mariana, Mo\u021boc-Chivari Ioan-Cristian. 15.00 &#8211; 15.30 &#8211; Darvas H\u00e1z &#8211; La Roche Ki\u00e1ll\u00edt\u00e1s &#8211; Kir\u00e1lyi kott\u00e1k a Cotroceni Nemzeti M\u00fazeummal \u00e9s a Nagyv\u00e1radi \u00c1llami Filharm\u00f3ni\u00e1val partners\u00e9gben. 16.00 &#8211; 17.00 &#8211; Iosif Vulcan Eml\u00e9km\u00fazeum Mihai Eminescuval kapcsolatos dokumentumok \u00e9s k\u00f6nyvek ki\u00e1ll\u00edt\u00e1sa a prof. univ. Dr. Laz\u0103r C\u00e2rjan 17.00 &#8211; 20.30 &#8211; Nagyv\u00e1radi \u00c1llami Filharm\u00f3nia 17.00 &#8211; 18.30 &#8211; Dokumentumfilm &#8211; &#8222;Eminescu \u00e9s Csernyivci&#8221;. Producer &#8211; Financier: Dumitru POHU\u0218, forgat\u00f3k\u00f6nyv: Ionel Novac 19.00 &#8211; G\u00e1lam\u0171sor &#8211; Eminescu Ki\u00e1ll\u00edt\u00e1s &#8211; &#8222;Eminescu gyermeksz\u00ednekben&#8221; K\u00fcl\u00f6nleges vend\u00e9gek Daniel Magdal &#8211; Tenor \u00e9s Alexandru Burc\u0103 &#8211; Zongora Romantikus reperto\u00e1r: &#8211; A vir\u00e1gz\u00f3 cseresznyefa alatt &#8211; Az \u00e9l\u0151 gyapj\u00faban &#8211; Smaranda &#8211; Eml\u00e9kszik, asszonyom&#8230; &#8211; V\u00e1rok r\u00e1d ugyanezen az \u00faton. &#8211; Z\u00f6ld lap, sz\u00e9les lap Az el\u0151ad\u00e1s a Nagyv\u00e1radi Egyetem &#8211; Zenei Tansz\u00e9k &#8211; M\u0171v\u00e9szeti Kar, Nagyv\u00e1radi M\u0171v\u00e9szeti K\u00f6z\u00e9piskola partners\u00e9g\u00e9vel val\u00f3sul meg, a k\u00f6vetkez\u0151 zenei programmal: M\u0171v\u00e9szeti K\u00f6z\u00e9piskola Oradea (Nagyv\u00e1rad) Fonai Benjamin, marimba, 6. oszt\u00e1ly, Paraszt t\u00e1nc &#8211; Constantin Dimitrescu. Koordin\u00e1tor prof. Sz\u00e9kely Cristian, t\u00e1rsrepetitor prof. Marin\u0103u Sanda Mierlu\u021b Nicolas, heged\u0171, 6. oszt\u00e1ly, Ciprian Porumbescu ballad\u00e1ja. Koordin\u00e1tor Prof. Moga Andrei Pop Greta, 11. oszt\u00e1lyos tanul\u00f3, Nicolae Bretan Stelele-n cielo c\u00edm\u0171 m\u0171v\u00e9t \u00e9nekelte. Koordin\u00e1tor prof. Pali Ionela, t\u00e1rs-ism\u00e9tl\u0151 prof. Marin\u0103u Sanda Muthu Astrid, 12. oszt\u00e1ly, a hazug A ny\u00e1rf\u00e1k mellett f\u00e9rj n\u00e9lk\u00fcl. Koordin\u00e1tor prof. Pali Ionela, t\u00e1rs-ism\u00e9tl\u0151 prof. Marin\u0103u Sanda B\u00f6lcs\u00e9szettudom\u00e1nyi Kar Chi\u0219 Ionu\u021b, II. \u00e9vfolyam mester &#8211; heged\u0171, koreogr\u00e1fus &#8211; asszisztens. univ. dr. Andone Camelia Paul Constantinescu: Szonatina heged\u0171re \u00e9s zongor\u00e1ra, III. r\u00e9sz; oszt\u00e1ly Lect. PhD Andrada Ciupeiu Borbiro Timea, 4. \u00e9ves hallgat\u00f3 &#8211; fuvola Paul Constantinescu: C\u00e2ntec Vechiu fuvol\u00e1ra \u00e9s zongor\u00e1ra oszt\u00e1ly Conf.univ.dr Ariadna Zenaida Mircescu oszt\u00e1ly Mari\u0219 Hinsu Ionu\u021b &#8211; bariton, els\u0151\u00e9ves hallgat\u00f3 Corepetitor &#8211; asszisztens. univ. dr. Andone Camelia V\u00e1gy, M. Eminescu verseire; oszt\u00e1lykonf. univ. dr. Florina Mari\u0219 Hinsu Gheorghe Paunescu (1912-1990): Nocturne Iuliu Muresianu (1900-1956): Concertino (Andante, Allegro moderato) A Vizu\u00e1lis M\u0171v\u00e9szetek Tansz\u00e9k tan\u00e1rai \u00e1ltal rendezett ki\u00e1ll\u00edt\u00e1s A 2010. \u00e9vi 238. sz\u00e1m\u00fa t\u00f6rv\u00e9nnyel l\u00e9trehozott Nemzeti Kultur\u00e1lis Nap alkalm\u00e1b\u00f3l kultur\u00e1lis-m\u0171v\u00e9szeti rendezv\u00e9nyeket \u00e9s t\u00e1rsadalmi-kultur\u00e1lis akci\u00f3kat szerveznek a kultur\u00e1lis \u00f6r\u00f6ks\u00e9ggel rendelkez\u0151 k\u00f6zint\u00e9zm\u00e9nyek \u00e9s m\u00e1s szervezetek. Mihai Eminescu k\u00f6lt\u0151 szobra Ovidiu Maitec (sz\u00fcl. 1925 &#8211; megh. 2007) m\u0171v\u00e9sz alkot\u00e1sa, amely bronzb\u00f3l k\u00e9sz\u00fclt, travertin k\u0151 talapzatra \u00e1ll\u00edtva. A szobor a BH-III-m-B-01237-es list\u00e1n szerepl\u0151 m\u0171eml\u00e9k, 1990 \u00f3ta szerepel a nagyv\u00e1radi v\u00e1rosh\u00e1za nyilv\u00e1ntart\u00e1s\u00e1ban a 120\/2006-os sz\u00e1m\u00fa, a k\u00f6zt\u00e9ri m\u0171eml\u00e9kekr\u0151l sz\u00f3l\u00f3 t\u00f6rv\u00e9ny alapj\u00e1n, \u00e9s a Bihar Megyei M\u0171eml\u00e9kv\u00e9delmi Alap\u00edtv\u00e1ny \u00e9rt\u00e9keli a 2017. 12. 21-i 1503-as sz\u00e1m\u00fa helyi tan\u00e1csi hat\u00e1rozat szerint. A t\u00e9r rendez\u00e9si munk\u00e1latai a szobor eg\u00e9sz\u00e9t fogj\u00e1k kiemelni, \u00e9s egy olyan ker\u00fcletet is tartalmazni fognak, amelyet a nagy nemzeti k\u00f6lt\u0151, Mihai Eminescu eml\u00e9k\u00e9re rendezett esem\u00e9nyeknek szentelnek.\" \/>\n<meta property=\"og:url\" content=\"https:\/\/oradea.ro\/hu\/esemenyek\/roman-kultura-napja-program\/\" \/>\n<meta property=\"og:site_name\" content=\"Oradea.ro\" \/>\n<meta property=\"og:image\" content=\"https:\/\/oradea.ro\/wp-content\/uploads\/2024\/01\/WhatsApp-Image-2024-01-11-at-11.47.16.jpeg\" \/>\n\t<meta property=\"og:image:width\" content=\"1600\" \/>\n\t<meta property=\"og:image:height\" content=\"1131\" \/>\n\t<meta property=\"og:image:type\" content=\"image\/jpeg\" \/>\n<meta name=\"twitter:card\" content=\"summary_large_image\" \/>\n<meta name=\"twitter:label1\" content=\"Becs\u00fclt olvas\u00e1si id\u0151\" \/>\n\t<meta name=\"twitter:data1\" content=\"5 perc\" \/>\n<script type=\"application\/ld+json\" class=\"yoast-schema-graph\">{\"@context\":\"https:\/\/schema.org\",\"@graph\":[{\"@type\":\"WebPage\",\"@id\":\"https:\/\/oradea.ro\/hu\/esemenyek\/roman-kultura-napja-program\/\",\"url\":\"https:\/\/oradea.ro\/hu\/esemenyek\/roman-kultura-napja-program\/\",\"name\":\"Rom\u00e1n Kult\u00fara Napja - PROGRAM - Oradea.ro\",\"isPartOf\":{\"@id\":\"https:\/\/oradea.ro\/#website\"},\"primaryImageOfPage\":{\"@id\":\"https:\/\/oradea.ro\/hu\/esemenyek\/roman-kultura-napja-program\/#primaryimage\"},\"image\":{\"@id\":\"https:\/\/oradea.ro\/hu\/esemenyek\/roman-kultura-napja-program\/#primaryimage\"},\"thumbnailUrl\":\"https:\/\/oradea.ro\/wp-content\/uploads\/2024\/01\/WhatsApp-Image-2024-01-11-at-11.47.16.jpeg\",\"datePublished\":\"2024-01-12T12:42:18+00:00\",\"breadcrumb\":{\"@id\":\"https:\/\/oradea.ro\/hu\/esemenyek\/roman-kultura-napja-program\/#breadcrumb\"},\"inLanguage\":\"hu\",\"potentialAction\":[{\"@type\":\"ReadAction\",\"target\":[\"https:\/\/oradea.ro\/hu\/esemenyek\/roman-kultura-napja-program\/\"]}]},{\"@type\":\"ImageObject\",\"inLanguage\":\"hu\",\"@id\":\"https:\/\/oradea.ro\/hu\/esemenyek\/roman-kultura-napja-program\/#primaryimage\",\"url\":\"https:\/\/oradea.ro\/wp-content\/uploads\/2024\/01\/WhatsApp-Image-2024-01-11-at-11.47.16.jpeg\",\"contentUrl\":\"https:\/\/oradea.ro\/wp-content\/uploads\/2024\/01\/WhatsApp-Image-2024-01-11-at-11.47.16.jpeg\",\"width\":1600,\"height\":1131},{\"@type\":\"BreadcrumbList\",\"@id\":\"https:\/\/oradea.ro\/hu\/esemenyek\/roman-kultura-napja-program\/#breadcrumb\",\"itemListElement\":[{\"@type\":\"ListItem\",\"position\":1,\"name\":\"\",\"item\":\"https:\/\/oradea.ro\/hu\/\"},{\"@type\":\"ListItem\",\"position\":2,\"name\":\"Evenimente\",\"item\":\"https:\/\/oradea.ro\/events\/\"},{\"@type\":\"ListItem\",\"position\":3,\"name\":\"Rom\u00e1n Kult\u00fara Napja &#8211; PROGRAM\"}]},{\"@type\":\"WebSite\",\"@id\":\"https:\/\/oradea.ro\/#website\",\"url\":\"https:\/\/oradea.ro\/\",\"name\":\"Oradea.ro\",\"description\":\"Site-ul oficial al Prim\u0103riei Municipiului Oradea\",\"publisher\":{\"@id\":\"https:\/\/oradea.ro\/#organization\"},\"potentialAction\":[{\"@type\":\"SearchAction\",\"target\":{\"@type\":\"EntryPoint\",\"urlTemplate\":\"https:\/\/oradea.ro\/?s={search_term_string}\"},\"query-input\":{\"@type\":\"PropertyValueSpecification\",\"valueRequired\":true,\"valueName\":\"search_term_string\"}}],\"inLanguage\":\"hu\"},{\"@type\":\"Organization\",\"@id\":\"https:\/\/oradea.ro\/#organization\",\"name\":\"Oradea.ro\",\"url\":\"https:\/\/oradea.ro\/\",\"logo\":{\"@type\":\"ImageObject\",\"inLanguage\":\"hu\",\"@id\":\"https:\/\/oradea.ro\/#\/schema\/logo\/image\/\",\"url\":\"https:\/\/oradea.ro\/wp-content\/uploads\/2023\/06\/footer_logo.svg\",\"contentUrl\":\"https:\/\/oradea.ro\/wp-content\/uploads\/2023\/06\/footer_logo.svg\",\"width\":218,\"height\":53,\"caption\":\"Oradea.ro\"},\"image\":{\"@id\":\"https:\/\/oradea.ro\/#\/schema\/logo\/image\/\"}}]}<\/script>\n<!-- \/ Yoast SEO plugin. -->","yoast_head_json":{"title":"Rom\u00e1n Kult\u00fara Napja - PROGRAM - Oradea.ro","robots":{"index":"index","follow":"follow","max-snippet":"max-snippet:-1","max-image-preview":"max-image-preview:large","max-video-preview":"max-video-preview:-1"},"canonical":"https:\/\/oradea.ro\/hu\/esemenyek\/roman-kultura-napja-program\/","og_locale":"hu_HU","og_type":"article","og_title":"Rom\u00e1n Kult\u00fara Napja - PROGRAM - Oradea.ro","og_description":"A nemzeti kult\u00fara napj\u00e1t 2011 \u00f3ta minden \u00e9vben janu\u00e1r 15-\u00e9n \u00fcnnepelj\u00fck, a kiv\u00e1lasztott d\u00e1tum a nemzet nagy k\u00f6lt\u0151j\u00e9nek, Mihai Eminescunak (1850-1889) a sz\u00fclet\u00e9snapja. A Nagyv\u00e1radi V\u00e1rosh\u00e1za t\u00e1mogat\u00e1s\u00e1val a M\u0171eml\u00e9kv\u00e9delmi Alap\u00edtv\u00e1ny &#8211; Nagyv\u00e1radi \u00d6r\u00f6ks\u00e9g a Clio Lovagok Orsz\u00e1gos Sz\u00f6vets\u00e9g\u00e9vel, a Nagyv\u00e1radi \u00c1llami Filharm\u00f3ni\u00e1val \u00e9s a K\u00f6r\u00f6svid\u00e9ki M\u00fazeummal egy\u00fcttm\u0171k\u00f6dve janu\u00e1r 15-\u00e9n, h\u00e9tf\u0151n a Rom\u00e1n Kult\u00fara Napj\u00e1nak meg\u00fcnnepl\u00e9s\u00e9re h\u00edvja a nagyk\u00f6z\u00f6ns\u00e9get. A szervez\u0151k sz\u00e1mos programmal k\u00e9sz\u00fcltek, amelyek a k\u00f6vetkez\u0151 helysz\u00edneken zajlanak majd: a nagyv\u00e1radi v\u00e1rosh\u00e1za Traian Mo\u0219oiu terme, a Mihai Eminescu szobor, a Mad\u00e1ch Imre utci Baz\u00e1r passz\u00e1zs, a Darvas &#8211; La Roche h\u00e1z, a &#8222;Iosif Vulcan&#8221; Eml\u00e9km\u00fazeum \u00e9s a Nagyv\u00e1radi \u00c1llami Filharm\u00f3nia. A NEMZETI KULT\u00daRA NAPJA PROGRAMJA &#8211; 2024. janu\u00e1r 15. 10.00 &#8211; 12.00 Nagyv\u00e1radi V\u00e1rosh\u00e1za &#8211; Traian Mo\u0219oiu terme &#8211; A Himnusz el\u00e9nekl\u00e9se &#8211; &#8222;General Traian Mo\u0219oiu&#8221; k\u00f3rus &#8211; dalok \u00e9s \u00e9nekek Mihai Eminescu verseire; &#8211; vet\u00edt\u00e9sek &#8211; vers &#8211; \u00dcdv\u00f6zl\u00e9s, Polg\u00e1rmesteri HIvatal k\u00e9pvisel\u0151je &#8211; Prof. Dr. Mihai DRECIN &#8211; az A.O.\u0218.R. Tudom\u00e1nyos Koll\u00e9gium tagja; &#8211; Prof. Dr. Karina OCHI\u0218 &#8211; el\u0151ad\u00e1sa &#8211; \u00c9nekek Eminescur\u00f3l &#8211; Hidi\u0219elul de Sus csoport &#8211; prof. Crina PUIE; &#8211; Prof. univ. Dr. Mircea POPA, Eminescu, Iosif Vulcan \u00e9s &#8222;A csal\u00e1d&#8221; Eminescu: Kritikusaim &#8211; szavalja Vanesa SERCHELI, IX-C oszt\u00e1ly, &#8222;Mihai Eminescu&#8221; Nemzeti Gimn\u00e1zium; &#8211; Prof. Dr. Paul Magheru el\u0151ad\u00e1sa &#8211; D\u00edj\u00e1tad\u00f3 \u00fcnneps\u00e9g 12.30 &#8211; 13.30 Mihai Eminescu szobor &#8211; A vend\u00e9gek \u00fcdv\u00f6zl\u00e9se &#8211; A Himnusz el\u00e9nekl\u00e9se \u00e9s a rom\u00e1n z\u00e1szl\u00f3 kibont\u00e1sa; &#8211; Vir\u00e1gok Eminescunak Moder\u00e1torok: Angela Lup\u0219ea, Col. Ing. Dan POINAR &#8211; Besz\u00e9dek: Nagyv\u00e1radi v\u00e1rosh\u00e1za k\u00e9pvisel\u0151je; Prof. univ. Dr. Mircea Popa &#8211; Eminescu, Vulcan \u00e9s a csal\u00e1d; &#8211; Luceaf\u0103rul &#8211; IX &#8211; A oszt\u00e1ly, prof. dr. Carmen Elena ANDREI &#8211; WENFORD ACADEMY Oradea: Babo\u0219 P\u00e2rc\u0103lab Iarina; Buciuman Sasha Gabriel; Ciuciu Carol Mihai; Musca Mara; Neago\u0219 Cezar Hora\u021biu; Plisco Alexis; Nicolas; Popa Vasile David; Pruncu\u021b Maria; Ra\u021b Tudor Gabriel; Ritter \u0218tefan Raul; Rus Tudor; Sim Ana; Sofia; Vaida Alex Vlad; Vesa Alexandru David. &#8211; Vir\u00e1gcsokrok lerak\u00e1sa 14.00 &#8211; 15.00 Baz\u00e1r \u00e1tj\u00e1r\u00f3, William Shakespeare Mad\u00e1ch Imre &#8211; Ki\u00e1ll\u00edt\u00e1s &#8222;Nestemate&#8221; Bemutatja Laz\u0103r C\u00e2rjan t\u00e1bornok Szavalnak a IX. C oszt\u00e1ly di\u00e1kjai, a &#8222;Iosif Vulcan&#8221; Nemzeti Gimn\u00e1ziumb\u00f3l, tan\u00e1r: Dr. Elena Mo\u021boc-Chivari-Sab\u0103u, Bigan Anastasia, Pop Isabelle-Sophie, Sandu Daliana, Moriconi Summer Nefertari, Trip Daniela-Consuela, Bonca Sofia Maria, Marc Antonia Sara, Pop Alexia-Maria, Domoco\u0219 Diana-Mariana, Mo\u021boc-Chivari Ioan-Cristian. 15.00 &#8211; 15.30 &#8211; Darvas H\u00e1z &#8211; La Roche Ki\u00e1ll\u00edt\u00e1s &#8211; Kir\u00e1lyi kott\u00e1k a Cotroceni Nemzeti M\u00fazeummal \u00e9s a Nagyv\u00e1radi \u00c1llami Filharm\u00f3ni\u00e1val partners\u00e9gben. 16.00 &#8211; 17.00 &#8211; Iosif Vulcan Eml\u00e9km\u00fazeum Mihai Eminescuval kapcsolatos dokumentumok \u00e9s k\u00f6nyvek ki\u00e1ll\u00edt\u00e1sa a prof. univ. Dr. Laz\u0103r C\u00e2rjan 17.00 &#8211; 20.30 &#8211; Nagyv\u00e1radi \u00c1llami Filharm\u00f3nia 17.00 &#8211; 18.30 &#8211; Dokumentumfilm &#8211; &#8222;Eminescu \u00e9s Csernyivci&#8221;. Producer &#8211; Financier: Dumitru POHU\u0218, forgat\u00f3k\u00f6nyv: Ionel Novac 19.00 &#8211; G\u00e1lam\u0171sor &#8211; Eminescu Ki\u00e1ll\u00edt\u00e1s &#8211; &#8222;Eminescu gyermeksz\u00ednekben&#8221; K\u00fcl\u00f6nleges vend\u00e9gek Daniel Magdal &#8211; Tenor \u00e9s Alexandru Burc\u0103 &#8211; Zongora Romantikus reperto\u00e1r: &#8211; A vir\u00e1gz\u00f3 cseresznyefa alatt &#8211; Az \u00e9l\u0151 gyapj\u00faban &#8211; Smaranda &#8211; Eml\u00e9kszik, asszonyom&#8230; &#8211; V\u00e1rok r\u00e1d ugyanezen az \u00faton. &#8211; Z\u00f6ld lap, sz\u00e9les lap Az el\u0151ad\u00e1s a Nagyv\u00e1radi Egyetem &#8211; Zenei Tansz\u00e9k &#8211; M\u0171v\u00e9szeti Kar, Nagyv\u00e1radi M\u0171v\u00e9szeti K\u00f6z\u00e9piskola partners\u00e9g\u00e9vel val\u00f3sul meg, a k\u00f6vetkez\u0151 zenei programmal: M\u0171v\u00e9szeti K\u00f6z\u00e9piskola Oradea (Nagyv\u00e1rad) Fonai Benjamin, marimba, 6. oszt\u00e1ly, Paraszt t\u00e1nc &#8211; Constantin Dimitrescu. Koordin\u00e1tor prof. Sz\u00e9kely Cristian, t\u00e1rsrepetitor prof. Marin\u0103u Sanda Mierlu\u021b Nicolas, heged\u0171, 6. oszt\u00e1ly, Ciprian Porumbescu ballad\u00e1ja. Koordin\u00e1tor Prof. Moga Andrei Pop Greta, 11. oszt\u00e1lyos tanul\u00f3, Nicolae Bretan Stelele-n cielo c\u00edm\u0171 m\u0171v\u00e9t \u00e9nekelte. Koordin\u00e1tor prof. Pali Ionela, t\u00e1rs-ism\u00e9tl\u0151 prof. Marin\u0103u Sanda Muthu Astrid, 12. oszt\u00e1ly, a hazug A ny\u00e1rf\u00e1k mellett f\u00e9rj n\u00e9lk\u00fcl. Koordin\u00e1tor prof. Pali Ionela, t\u00e1rs-ism\u00e9tl\u0151 prof. Marin\u0103u Sanda B\u00f6lcs\u00e9szettudom\u00e1nyi Kar Chi\u0219 Ionu\u021b, II. \u00e9vfolyam mester &#8211; heged\u0171, koreogr\u00e1fus &#8211; asszisztens. univ. dr. Andone Camelia Paul Constantinescu: Szonatina heged\u0171re \u00e9s zongor\u00e1ra, III. r\u00e9sz; oszt\u00e1ly Lect. PhD Andrada Ciupeiu Borbiro Timea, 4. \u00e9ves hallgat\u00f3 &#8211; fuvola Paul Constantinescu: C\u00e2ntec Vechiu fuvol\u00e1ra \u00e9s zongor\u00e1ra oszt\u00e1ly Conf.univ.dr Ariadna Zenaida Mircescu oszt\u00e1ly Mari\u0219 Hinsu Ionu\u021b &#8211; bariton, els\u0151\u00e9ves hallgat\u00f3 Corepetitor &#8211; asszisztens. univ. dr. Andone Camelia V\u00e1gy, M. Eminescu verseire; oszt\u00e1lykonf. univ. dr. Florina Mari\u0219 Hinsu Gheorghe Paunescu (1912-1990): Nocturne Iuliu Muresianu (1900-1956): Concertino (Andante, Allegro moderato) A Vizu\u00e1lis M\u0171v\u00e9szetek Tansz\u00e9k tan\u00e1rai \u00e1ltal rendezett ki\u00e1ll\u00edt\u00e1s A 2010. \u00e9vi 238. sz\u00e1m\u00fa t\u00f6rv\u00e9nnyel l\u00e9trehozott Nemzeti Kultur\u00e1lis Nap alkalm\u00e1b\u00f3l kultur\u00e1lis-m\u0171v\u00e9szeti rendezv\u00e9nyeket \u00e9s t\u00e1rsadalmi-kultur\u00e1lis akci\u00f3kat szerveznek a kultur\u00e1lis \u00f6r\u00f6ks\u00e9ggel rendelkez\u0151 k\u00f6zint\u00e9zm\u00e9nyek \u00e9s m\u00e1s szervezetek. Mihai Eminescu k\u00f6lt\u0151 szobra Ovidiu Maitec (sz\u00fcl. 1925 &#8211; megh. 2007) m\u0171v\u00e9sz alkot\u00e1sa, amely bronzb\u00f3l k\u00e9sz\u00fclt, travertin k\u0151 talapzatra \u00e1ll\u00edtva. A szobor a BH-III-m-B-01237-es list\u00e1n szerepl\u0151 m\u0171eml\u00e9k, 1990 \u00f3ta szerepel a nagyv\u00e1radi v\u00e1rosh\u00e1za nyilv\u00e1ntart\u00e1s\u00e1ban a 120\/2006-os sz\u00e1m\u00fa, a k\u00f6zt\u00e9ri m\u0171eml\u00e9kekr\u0151l sz\u00f3l\u00f3 t\u00f6rv\u00e9ny alapj\u00e1n, \u00e9s a Bihar Megyei M\u0171eml\u00e9kv\u00e9delmi Alap\u00edtv\u00e1ny \u00e9rt\u00e9keli a 2017. 12. 21-i 1503-as sz\u00e1m\u00fa helyi tan\u00e1csi hat\u00e1rozat szerint. A t\u00e9r rendez\u00e9si munk\u00e1latai a szobor eg\u00e9sz\u00e9t fogj\u00e1k kiemelni, \u00e9s egy olyan ker\u00fcletet is tartalmazni fognak, amelyet a nagy nemzeti k\u00f6lt\u0151, Mihai Eminescu eml\u00e9k\u00e9re rendezett esem\u00e9nyeknek szentelnek.","og_url":"https:\/\/oradea.ro\/hu\/esemenyek\/roman-kultura-napja-program\/","og_site_name":"Oradea.ro","og_image":[{"width":1600,"height":1131,"url":"https:\/\/oradea.ro\/wp-content\/uploads\/2024\/01\/WhatsApp-Image-2024-01-11-at-11.47.16.jpeg","type":"image\/jpeg"}],"twitter_card":"summary_large_image","twitter_misc":{"Becs\u00fclt olvas\u00e1si id\u0151":"5 perc"},"schema":{"@context":"https:\/\/schema.org","@graph":[{"@type":"WebPage","@id":"https:\/\/oradea.ro\/hu\/esemenyek\/roman-kultura-napja-program\/","url":"https:\/\/oradea.ro\/hu\/esemenyek\/roman-kultura-napja-program\/","name":"Rom\u00e1n Kult\u00fara Napja - PROGRAM - Oradea.ro","isPartOf":{"@id":"https:\/\/oradea.ro\/#website"},"primaryImageOfPage":{"@id":"https:\/\/oradea.ro\/hu\/esemenyek\/roman-kultura-napja-program\/#primaryimage"},"image":{"@id":"https:\/\/oradea.ro\/hu\/esemenyek\/roman-kultura-napja-program\/#primaryimage"},"thumbnailUrl":"https:\/\/oradea.ro\/wp-content\/uploads\/2024\/01\/WhatsApp-Image-2024-01-11-at-11.47.16.jpeg","datePublished":"2024-01-12T12:42:18+00:00","breadcrumb":{"@id":"https:\/\/oradea.ro\/hu\/esemenyek\/roman-kultura-napja-program\/#breadcrumb"},"inLanguage":"hu","potentialAction":[{"@type":"ReadAction","target":["https:\/\/oradea.ro\/hu\/esemenyek\/roman-kultura-napja-program\/"]}]},{"@type":"ImageObject","inLanguage":"hu","@id":"https:\/\/oradea.ro\/hu\/esemenyek\/roman-kultura-napja-program\/#primaryimage","url":"https:\/\/oradea.ro\/wp-content\/uploads\/2024\/01\/WhatsApp-Image-2024-01-11-at-11.47.16.jpeg","contentUrl":"https:\/\/oradea.ro\/wp-content\/uploads\/2024\/01\/WhatsApp-Image-2024-01-11-at-11.47.16.jpeg","width":1600,"height":1131},{"@type":"BreadcrumbList","@id":"https:\/\/oradea.ro\/hu\/esemenyek\/roman-kultura-napja-program\/#breadcrumb","itemListElement":[{"@type":"ListItem","position":1,"name":"","item":"https:\/\/oradea.ro\/hu\/"},{"@type":"ListItem","position":2,"name":"Evenimente","item":"https:\/\/oradea.ro\/events\/"},{"@type":"ListItem","position":3,"name":"Rom\u00e1n Kult\u00fara Napja &#8211; PROGRAM"}]},{"@type":"WebSite","@id":"https:\/\/oradea.ro\/#website","url":"https:\/\/oradea.ro\/","name":"Oradea.ro","description":"Site-ul oficial al Prim\u0103riei Municipiului Oradea","publisher":{"@id":"https:\/\/oradea.ro\/#organization"},"potentialAction":[{"@type":"SearchAction","target":{"@type":"EntryPoint","urlTemplate":"https:\/\/oradea.ro\/?s={search_term_string}"},"query-input":{"@type":"PropertyValueSpecification","valueRequired":true,"valueName":"search_term_string"}}],"inLanguage":"hu"},{"@type":"Organization","@id":"https:\/\/oradea.ro\/#organization","name":"Oradea.ro","url":"https:\/\/oradea.ro\/","logo":{"@type":"ImageObject","inLanguage":"hu","@id":"https:\/\/oradea.ro\/#\/schema\/logo\/image\/","url":"https:\/\/oradea.ro\/wp-content\/uploads\/2023\/06\/footer_logo.svg","contentUrl":"https:\/\/oradea.ro\/wp-content\/uploads\/2023\/06\/footer_logo.svg","width":218,"height":53,"caption":"Oradea.ro"},"image":{"@id":"https:\/\/oradea.ro\/#\/schema\/logo\/image\/"}}]}},"publishpress_future_workflow_manual_trigger":{"enabledWorkflows":[]},"_links":{"self":[{"href":"https:\/\/oradea.ro\/hu\/wp-json\/wp\/v2\/tribe_events\/199630","targetHints":{"allow":["GET"]}}],"collection":[{"href":"https:\/\/oradea.ro\/hu\/wp-json\/wp\/v2\/tribe_events"}],"about":[{"href":"https:\/\/oradea.ro\/hu\/wp-json\/wp\/v2\/types\/tribe_events"}],"author":[{"embeddable":true,"href":"https:\/\/oradea.ro\/hu\/wp-json\/wp\/v2\/users\/3"}],"version-history":[{"count":0,"href":"https:\/\/oradea.ro\/hu\/wp-json\/wp\/v2\/tribe_events\/199630\/revisions"}],"wp:featuredmedia":[{"embeddable":true,"href":"https:\/\/oradea.ro\/hu\/wp-json\/wp\/v2\/media\/188179"}],"wp:attachment":[{"href":"https:\/\/oradea.ro\/hu\/wp-json\/wp\/v2\/media?parent=199630"}],"wp:term":[{"taxonomy":"post_tag","embeddable":true,"href":"https:\/\/oradea.ro\/hu\/wp-json\/wp\/v2\/tags?post=199630"},{"taxonomy":"tribe_events_cat","embeddable":true,"href":"https:\/\/oradea.ro\/hu\/wp-json\/wp\/v2\/tribe_events_cat?post=199630"}],"curies":[{"name":"wp","href":"https:\/\/api.w.org\/{rel}","templated":true}]}}