{"id":370666,"date":"2025-09-30T10:14:02","date_gmt":"2025-09-30T08:14:02","guid":{"rendered":"https:\/\/oradea.ro\/eveniment\/szinhazi-eloadas-125-en-szinhazam-az-en-varosom\/"},"modified":"2025-09-30T10:14:02","modified_gmt":"2025-09-30T08:14:02","slug":"szinhazi-eloadas-125-en-szinhazam-az-en-varosom","status":"publish","type":"tribe_events","link":"https:\/\/oradea.ro\/hu\/esemenyek\/szinhazi-eloadas-125-en-szinhazam-az-en-varosom\/","title":{"rendered":"Sz\u00ednh\u00e1zi el\u0151ad\u00e1s: 125! \u00c9n sz\u00ednh\u00e1zam, az \u00e9n v\u00e1rosom"},"content":{"rendered":"<p>1900. okt\u00f3ber 15-\u00e9n nyitotta meg kapuit a gy\u00f6ny\u00f6r\u0171 sz\u00ednh\u00e1z\u00e9p\u00fclet Nagyv\u00e1radon. A nagyv\u00e1radi k\u00f6z\u00f6ss\u00e9g \u00e9s polg\u00e1rs\u00e1g az egyre \u00e9l\u00e9nk\u00fcl\u0151 szellemi \u00e9let\u0171 v\u00e1rosban \u00e9vtizedekig v\u00e1rt arra, hogy saj\u00e1t sz\u00ednh\u00e1z\u00e9p\u00fcletet kapjon, m\u00edg v\u00e9g\u00fcl 15 h\u00f3nap alatt fel\u00e9p\u00fclt ez a csod\u00e1latos \u00e9p\u00fclet, amely a mai napig a v\u00e1ros d\u00edsze \u00e9s a ma m\u00e1r csak kisebbs\u00e9gben l\u00e9v\u0151 magyar k\u00f6z\u00f6ss\u00e9g b\u00fcszkes\u00e9ge. <\/p>\n<p>Az el\u0151ad\u00e1sban nagyv\u00e1radi di\u00e1kok, akikkel az elm\u00falt tan\u00e9vben egy\u00fctt dolgoztunk, azt kutatj\u00e1k, hogy mit jelent sz\u00e1mukra Nagyv\u00e1rad ma. A Szigligeti Sz\u00ednh\u00e1z t\u00e1rsulata is r\u00e9szt vesz. Korabeli dokumentumok alapj\u00e1n rekonstru\u00e1ljuk a sz\u00ednh\u00e1z keletkez\u00e9s\u00e9nek k\u00f6r\u00fclm\u00e9nyeit, Nagyv\u00e1rad k\u00fcl\u00f6nleges vonzerej\u00e9t, a sz\u00e1zad eleji felvil\u00e1gosult k\u00f6rnyezetet, a &#8222;Holnaposok&#8221; csoportj\u00e1nak hat\u00e1s\u00e1t az eg\u00e9sz magyar irodalmi \u00e9letre. Olyan t\u00f6rt\u00e9nelmi szem\u00e9lyis\u00e9gek elevenednek meg, mint Ady Endre, Juh\u00e1sz Gyula, Dutka \u00c1kos, Em\u0151d Tam\u00e1s, mintha m\u00e9g mindig a sz\u00ednh\u00e1z melletti k\u00e1v\u00e9h\u00e1zi asztaln\u00e1l \u00fcln\u00e9nek.   <\/p>\n<p>Az el\u0151ad\u00e1s szembes\u00edt, &#8222;tal\u00e1lkozik&#8221; a m\u00falttal \u00e9s a jelennel, v\u00e1laszt keres arra a k\u00e9rd\u00e9sre, hogy mit tehet\u00fcnk a m\u00falt, az eml\u00e9kezet feleleven\u00edt\u00e9s\u00e9\u00e9rt, \u00e9s milyen lehet\u0151s\u00e9gei vannak ma a magyar k\u00f6z\u00f6ss\u00e9gnek, hogy a sz\u00ednh\u00e1zat szervesen be\u00e9p\u00edtse a mindennapjaiba.<\/p>\n<p>Zen\u00e9szek: T\u00d3TH G\u00c1BOR, Dombi D\u00e1vid<\/p>\n<p>R\u00e9sztvev\u0151 tanul\u00f3k: BARICZ MAYA, BEL\u00c9NYESI TAMARA, BER\u00c9NYI D\u00c1VID, BODONI-DOMBI ROZI, CZEG\u00c9NYI P\u00c9TER, EGERESI ENIK\u0150, ERDEI DOROTTYA, FRAN\u021aIU TAM\u00c1S, G\u00c1L HANNA, K\u00d6R\u00d6ZSI ESZTER, MEGYASSZAI-B\u00cdR\u00d3 HANNA, MELEG N\u00d3RA, MIK\u00d3 VIVIEN, NAGY L\u00c9DA, NAGY LILI, R\u00c1CZ \u00c1D\u00c1M, VAD ANDREA, VANCA-FODOR IMOLA, WAGNER J\u00daLIA.<\/p>\n","protected":false},"excerpt":{"rendered":"<p>1900. okt\u00f3ber 15-\u00e9n nyitotta meg kapuit a gy\u00f6ny\u00f6r\u0171 sz\u00ednh\u00e1z\u00e9p\u00fclet Nagyv\u00e1radon. A nagyv\u00e1radi k\u00f6z\u00f6ss\u00e9g \u00e9s polg\u00e1rs\u00e1g az egyre \u00e9l\u00e9nk\u00fcl\u0151 szellemi \u00e9let\u0171 v\u00e1rosban \u00e9vtizedekig v\u00e1rt arra, hogy saj\u00e1t sz\u00ednh\u00e1z\u00e9p\u00fcletet kapjon, m\u00edg v\u00e9g\u00fcl 15 h\u00f3nap alatt fel\u00e9p\u00fclt ez a csod\u00e1latos \u00e9p\u00fclet, amely a mai napig a v\u00e1ros d\u00edsze \u00e9s a ma m\u00e1r csak kisebbs\u00e9gben l\u00e9v\u0151 magyar k\u00f6z\u00f6ss\u00e9g b\u00fcszkes\u00e9ge. Az el\u0151ad\u00e1sban nagyv\u00e1radi di\u00e1kok, akikkel az elm\u00falt tan\u00e9vben egy\u00fctt dolgoztunk, azt kutatj\u00e1k, hogy mit jelent sz\u00e1mukra Nagyv\u00e1rad ma. A Szigligeti Sz\u00ednh\u00e1z t\u00e1rsulata is r\u00e9szt vesz. Korabeli dokumentumok alapj\u00e1n rekonstru\u00e1ljuk a sz\u00ednh\u00e1z keletkez\u00e9s\u00e9nek k\u00f6r\u00fclm\u00e9nyeit, Nagyv\u00e1rad k\u00fcl\u00f6nleges vonzerej\u00e9t, a sz\u00e1zad eleji felvil\u00e1gosult k\u00f6rnyezetet, a &#8222;Holnaposok&#8221; csoportj\u00e1nak hat\u00e1s\u00e1t az eg\u00e9sz magyar irodalmi \u00e9letre. Olyan t\u00f6rt\u00e9nelmi szem\u00e9lyis\u00e9gek elevenednek meg, mint Ady Endre, Juh\u00e1sz Gyula, Dutka \u00c1kos, Em\u0151d Tam\u00e1s, mintha m\u00e9g mindig a sz\u00ednh\u00e1z melletti k\u00e1v\u00e9h\u00e1zi asztaln\u00e1l \u00fcln\u00e9nek. Az el\u0151ad\u00e1s szembes\u00edt, &#8222;tal\u00e1lkozik&#8221; a m\u00falttal \u00e9s a jelennel, v\u00e1laszt keres arra a k\u00e9rd\u00e9sre, hogy mit tehet\u00fcnk a m\u00falt, az eml\u00e9kezet feleleven\u00edt\u00e9s\u00e9\u00e9rt, \u00e9s milyen lehet\u0151s\u00e9gei vannak ma a magyar k\u00f6z\u00f6ss\u00e9gnek, hogy a sz\u00ednh\u00e1zat szervesen be\u00e9p\u00edtse a mindennapjaiba. Zen\u00e9szek: T\u00d3TH G\u00c1BOR, Dombi D\u00e1vid R\u00e9sztvev\u0151 tanul\u00f3k: BARICZ MAYA, BEL\u00c9NYESI TAMARA, BER\u00c9NYI D\u00c1VID, BODONI-DOMBI ROZI, CZEG\u00c9NYI P\u00c9TER, EGERESI ENIK\u0150, ERDEI DOROTTYA, FRAN\u021aIU TAM\u00c1S, G\u00c1L HANNA, K\u00d6R\u00d6ZSI ESZTER, MEGYASSZAI-B\u00cdR\u00d3 HANNA, MELEG N\u00d3RA, MIK\u00d3 VIVIEN, NAGY L\u00c9DA, NAGY LILI, R\u00c1CZ \u00c1D\u00c1M, VAD ANDREA, VANCA-FODOR IMOLA, WAGNER J\u00daLIA.<\/p>\n","protected":false},"author":7,"featured_media":0,"template":"","meta":{"_acf_changed":false,"ep_exclude_from_search":false,"_tribe_events_status":"","_tribe_events_status_reason":"","_tribe_events_is_hybrid":"","_tribe_events_is_virtual":"","_tribe_events_virtual_video_source":"","_tribe_events_virtual_embed_video":"","_tribe_events_virtual_linked_button_text":"","_tribe_events_virtual_linked_button":"","_tribe_events_virtual_show_embed_at":"","_tribe_events_virtual_show_embed_to":[],"_tribe_events_virtual_show_on_event":"","_tribe_events_virtual_show_on_views":"","_tribe_events_virtual_url":"","footnotes":""},"tags":[],"tribe_events_cat":[3860],"class_list":["post-370666","tribe_events","type-tribe_events","status-publish","hentry","tribe_events_cat-szinhaz","cat_szinhaz"],"acf":[],"yoast_head":"<!-- This site is optimized with the Yoast SEO plugin v26.6 - https:\/\/yoast.com\/wordpress\/plugins\/seo\/ -->\n<title>Sz\u00ednh\u00e1zi el\u0151ad\u00e1s: 125! \u00c9n sz\u00ednh\u00e1zam, az \u00e9n v\u00e1rosom - Oradea.ro<\/title>\n<meta name=\"robots\" content=\"index, follow, max-snippet:-1, max-image-preview:large, max-video-preview:-1\" \/>\n<link rel=\"canonical\" href=\"https:\/\/oradea.ro\/eveniment\/szinhazi-eloadas-125-en-szinhazam-az-en-varosom\/\" \/>\n<meta property=\"og:locale\" content=\"hu_HU\" \/>\n<meta property=\"og:type\" content=\"article\" \/>\n<meta property=\"og:title\" content=\"Sz\u00ednh\u00e1zi el\u0151ad\u00e1s: 125! \u00c9n sz\u00ednh\u00e1zam, az \u00e9n v\u00e1rosom - Oradea.ro\" \/>\n<meta property=\"og:description\" content=\"1900. okt\u00f3ber 15-\u00e9n nyitotta meg kapuit a gy\u00f6ny\u00f6r\u0171 sz\u00ednh\u00e1z\u00e9p\u00fclet Nagyv\u00e1radon. A nagyv\u00e1radi k\u00f6z\u00f6ss\u00e9g \u00e9s polg\u00e1rs\u00e1g az egyre \u00e9l\u00e9nk\u00fcl\u0151 szellemi \u00e9let\u0171 v\u00e1rosban \u00e9vtizedekig v\u00e1rt arra, hogy saj\u00e1t sz\u00ednh\u00e1z\u00e9p\u00fcletet kapjon, m\u00edg v\u00e9g\u00fcl 15 h\u00f3nap alatt fel\u00e9p\u00fclt ez a csod\u00e1latos \u00e9p\u00fclet, amely a mai napig a v\u00e1ros d\u00edsze \u00e9s a ma m\u00e1r csak kisebbs\u00e9gben l\u00e9v\u0151 magyar k\u00f6z\u00f6ss\u00e9g b\u00fcszkes\u00e9ge. Az el\u0151ad\u00e1sban nagyv\u00e1radi di\u00e1kok, akikkel az elm\u00falt tan\u00e9vben egy\u00fctt dolgoztunk, azt kutatj\u00e1k, hogy mit jelent sz\u00e1mukra Nagyv\u00e1rad ma. A Szigligeti Sz\u00ednh\u00e1z t\u00e1rsulata is r\u00e9szt vesz. Korabeli dokumentumok alapj\u00e1n rekonstru\u00e1ljuk a sz\u00ednh\u00e1z keletkez\u00e9s\u00e9nek k\u00f6r\u00fclm\u00e9nyeit, Nagyv\u00e1rad k\u00fcl\u00f6nleges vonzerej\u00e9t, a sz\u00e1zad eleji felvil\u00e1gosult k\u00f6rnyezetet, a &#8222;Holnaposok&#8221; csoportj\u00e1nak hat\u00e1s\u00e1t az eg\u00e9sz magyar irodalmi \u00e9letre. Olyan t\u00f6rt\u00e9nelmi szem\u00e9lyis\u00e9gek elevenednek meg, mint Ady Endre, Juh\u00e1sz Gyula, Dutka \u00c1kos, Em\u0151d Tam\u00e1s, mintha m\u00e9g mindig a sz\u00ednh\u00e1z melletti k\u00e1v\u00e9h\u00e1zi asztaln\u00e1l \u00fcln\u00e9nek. Az el\u0151ad\u00e1s szembes\u00edt, &#8222;tal\u00e1lkozik&#8221; a m\u00falttal \u00e9s a jelennel, v\u00e1laszt keres arra a k\u00e9rd\u00e9sre, hogy mit tehet\u00fcnk a m\u00falt, az eml\u00e9kezet feleleven\u00edt\u00e9s\u00e9\u00e9rt, \u00e9s milyen lehet\u0151s\u00e9gei vannak ma a magyar k\u00f6z\u00f6ss\u00e9gnek, hogy a sz\u00ednh\u00e1zat szervesen be\u00e9p\u00edtse a mindennapjaiba. Zen\u00e9szek: T\u00d3TH G\u00c1BOR, Dombi D\u00e1vid R\u00e9sztvev\u0151 tanul\u00f3k: BARICZ MAYA, BEL\u00c9NYESI TAMARA, BER\u00c9NYI D\u00c1VID, BODONI-DOMBI ROZI, CZEG\u00c9NYI P\u00c9TER, EGERESI ENIK\u0150, ERDEI DOROTTYA, FRAN\u021aIU TAM\u00c1S, G\u00c1L HANNA, K\u00d6R\u00d6ZSI ESZTER, MEGYASSZAI-B\u00cdR\u00d3 HANNA, MELEG N\u00d3RA, MIK\u00d3 VIVIEN, NAGY L\u00c9DA, NAGY LILI, R\u00c1CZ \u00c1D\u00c1M, VAD ANDREA, VANCA-FODOR IMOLA, WAGNER J\u00daLIA.\" \/>\n<meta property=\"og:url\" content=\"https:\/\/oradea.ro\/eveniment\/szinhazi-eloadas-125-en-szinhazam-az-en-varosom\/\" \/>\n<meta property=\"og:site_name\" content=\"Oradea.ro\" \/>\n<meta name=\"twitter:card\" content=\"summary_large_image\" \/>\n<meta name=\"twitter:label1\" content=\"Becs\u00fclt olvas\u00e1si id\u0151\" \/>\n\t<meta name=\"twitter:data1\" content=\"2 perc\" \/>\n<script type=\"application\/ld+json\" class=\"yoast-schema-graph\">{\"@context\":\"https:\/\/schema.org\",\"@graph\":[{\"@type\":\"WebPage\",\"@id\":\"https:\/\/oradea.ro\/eveniment\/szinhazi-eloadas-125-en-szinhazam-az-en-varosom\/\",\"url\":\"https:\/\/oradea.ro\/eveniment\/szinhazi-eloadas-125-en-szinhazam-az-en-varosom\/\",\"name\":\"Sz\u00ednh\u00e1zi el\u0151ad\u00e1s: 125! \u00c9n sz\u00ednh\u00e1zam, az \u00e9n v\u00e1rosom - Oradea.ro\",\"isPartOf\":{\"@id\":\"https:\/\/oradea.ro\/#website\"},\"datePublished\":\"2025-09-30T08:14:02+00:00\",\"breadcrumb\":{\"@id\":\"https:\/\/oradea.ro\/eveniment\/szinhazi-eloadas-125-en-szinhazam-az-en-varosom\/#breadcrumb\"},\"inLanguage\":\"hu\",\"potentialAction\":[{\"@type\":\"ReadAction\",\"target\":[\"https:\/\/oradea.ro\/eveniment\/szinhazi-eloadas-125-en-szinhazam-az-en-varosom\/\"]}]},{\"@type\":\"BreadcrumbList\",\"@id\":\"https:\/\/oradea.ro\/eveniment\/szinhazi-eloadas-125-en-szinhazam-az-en-varosom\/#breadcrumb\",\"itemListElement\":[{\"@type\":\"ListItem\",\"position\":1,\"name\":\"\",\"item\":\"https:\/\/oradea.ro\/hu\/\"},{\"@type\":\"ListItem\",\"position\":2,\"name\":\"Evenimente\",\"item\":\"https:\/\/oradea.ro\/events\/\"},{\"@type\":\"ListItem\",\"position\":3,\"name\":\"Sz\u00ednh\u00e1zi el\u0151ad\u00e1s: 125! \u00c9n sz\u00ednh\u00e1zam, az \u00e9n v\u00e1rosom\"}]},{\"@type\":\"WebSite\",\"@id\":\"https:\/\/oradea.ro\/#website\",\"url\":\"https:\/\/oradea.ro\/\",\"name\":\"Oradea.ro\",\"description\":\"Site-ul oficial al Prim\u0103riei Municipiului Oradea\",\"publisher\":{\"@id\":\"https:\/\/oradea.ro\/#organization\"},\"potentialAction\":[{\"@type\":\"SearchAction\",\"target\":{\"@type\":\"EntryPoint\",\"urlTemplate\":\"https:\/\/oradea.ro\/?s={search_term_string}\"},\"query-input\":{\"@type\":\"PropertyValueSpecification\",\"valueRequired\":true,\"valueName\":\"search_term_string\"}}],\"inLanguage\":\"hu\"},{\"@type\":\"Organization\",\"@id\":\"https:\/\/oradea.ro\/#organization\",\"name\":\"Oradea.ro\",\"url\":\"https:\/\/oradea.ro\/\",\"logo\":{\"@type\":\"ImageObject\",\"inLanguage\":\"hu\",\"@id\":\"https:\/\/oradea.ro\/#\/schema\/logo\/image\/\",\"url\":\"https:\/\/oradea.ro\/wp-content\/uploads\/2023\/06\/footer_logo.svg\",\"contentUrl\":\"https:\/\/oradea.ro\/wp-content\/uploads\/2023\/06\/footer_logo.svg\",\"width\":218,\"height\":53,\"caption\":\"Oradea.ro\"},\"image\":{\"@id\":\"https:\/\/oradea.ro\/#\/schema\/logo\/image\/\"}}]}<\/script>\n<!-- \/ Yoast SEO plugin. -->","yoast_head_json":{"title":"Sz\u00ednh\u00e1zi el\u0151ad\u00e1s: 125! \u00c9n sz\u00ednh\u00e1zam, az \u00e9n v\u00e1rosom - Oradea.ro","robots":{"index":"index","follow":"follow","max-snippet":"max-snippet:-1","max-image-preview":"max-image-preview:large","max-video-preview":"max-video-preview:-1"},"canonical":"https:\/\/oradea.ro\/eveniment\/szinhazi-eloadas-125-en-szinhazam-az-en-varosom\/","og_locale":"hu_HU","og_type":"article","og_title":"Sz\u00ednh\u00e1zi el\u0151ad\u00e1s: 125! \u00c9n sz\u00ednh\u00e1zam, az \u00e9n v\u00e1rosom - Oradea.ro","og_description":"1900. okt\u00f3ber 15-\u00e9n nyitotta meg kapuit a gy\u00f6ny\u00f6r\u0171 sz\u00ednh\u00e1z\u00e9p\u00fclet Nagyv\u00e1radon. A nagyv\u00e1radi k\u00f6z\u00f6ss\u00e9g \u00e9s polg\u00e1rs\u00e1g az egyre \u00e9l\u00e9nk\u00fcl\u0151 szellemi \u00e9let\u0171 v\u00e1rosban \u00e9vtizedekig v\u00e1rt arra, hogy saj\u00e1t sz\u00ednh\u00e1z\u00e9p\u00fcletet kapjon, m\u00edg v\u00e9g\u00fcl 15 h\u00f3nap alatt fel\u00e9p\u00fclt ez a csod\u00e1latos \u00e9p\u00fclet, amely a mai napig a v\u00e1ros d\u00edsze \u00e9s a ma m\u00e1r csak kisebbs\u00e9gben l\u00e9v\u0151 magyar k\u00f6z\u00f6ss\u00e9g b\u00fcszkes\u00e9ge. Az el\u0151ad\u00e1sban nagyv\u00e1radi di\u00e1kok, akikkel az elm\u00falt tan\u00e9vben egy\u00fctt dolgoztunk, azt kutatj\u00e1k, hogy mit jelent sz\u00e1mukra Nagyv\u00e1rad ma. A Szigligeti Sz\u00ednh\u00e1z t\u00e1rsulata is r\u00e9szt vesz. Korabeli dokumentumok alapj\u00e1n rekonstru\u00e1ljuk a sz\u00ednh\u00e1z keletkez\u00e9s\u00e9nek k\u00f6r\u00fclm\u00e9nyeit, Nagyv\u00e1rad k\u00fcl\u00f6nleges vonzerej\u00e9t, a sz\u00e1zad eleji felvil\u00e1gosult k\u00f6rnyezetet, a &#8222;Holnaposok&#8221; csoportj\u00e1nak hat\u00e1s\u00e1t az eg\u00e9sz magyar irodalmi \u00e9letre. Olyan t\u00f6rt\u00e9nelmi szem\u00e9lyis\u00e9gek elevenednek meg, mint Ady Endre, Juh\u00e1sz Gyula, Dutka \u00c1kos, Em\u0151d Tam\u00e1s, mintha m\u00e9g mindig a sz\u00ednh\u00e1z melletti k\u00e1v\u00e9h\u00e1zi asztaln\u00e1l \u00fcln\u00e9nek. Az el\u0151ad\u00e1s szembes\u00edt, &#8222;tal\u00e1lkozik&#8221; a m\u00falttal \u00e9s a jelennel, v\u00e1laszt keres arra a k\u00e9rd\u00e9sre, hogy mit tehet\u00fcnk a m\u00falt, az eml\u00e9kezet feleleven\u00edt\u00e9s\u00e9\u00e9rt, \u00e9s milyen lehet\u0151s\u00e9gei vannak ma a magyar k\u00f6z\u00f6ss\u00e9gnek, hogy a sz\u00ednh\u00e1zat szervesen be\u00e9p\u00edtse a mindennapjaiba. Zen\u00e9szek: T\u00d3TH G\u00c1BOR, Dombi D\u00e1vid R\u00e9sztvev\u0151 tanul\u00f3k: BARICZ MAYA, BEL\u00c9NYESI TAMARA, BER\u00c9NYI D\u00c1VID, BODONI-DOMBI ROZI, CZEG\u00c9NYI P\u00c9TER, EGERESI ENIK\u0150, ERDEI DOROTTYA, FRAN\u021aIU TAM\u00c1S, G\u00c1L HANNA, K\u00d6R\u00d6ZSI ESZTER, MEGYASSZAI-B\u00cdR\u00d3 HANNA, MELEG N\u00d3RA, MIK\u00d3 VIVIEN, NAGY L\u00c9DA, NAGY LILI, R\u00c1CZ \u00c1D\u00c1M, VAD ANDREA, VANCA-FODOR IMOLA, WAGNER J\u00daLIA.","og_url":"https:\/\/oradea.ro\/eveniment\/szinhazi-eloadas-125-en-szinhazam-az-en-varosom\/","og_site_name":"Oradea.ro","twitter_card":"summary_large_image","twitter_misc":{"Becs\u00fclt olvas\u00e1si id\u0151":"2 perc"},"schema":{"@context":"https:\/\/schema.org","@graph":[{"@type":"WebPage","@id":"https:\/\/oradea.ro\/eveniment\/szinhazi-eloadas-125-en-szinhazam-az-en-varosom\/","url":"https:\/\/oradea.ro\/eveniment\/szinhazi-eloadas-125-en-szinhazam-az-en-varosom\/","name":"Sz\u00ednh\u00e1zi el\u0151ad\u00e1s: 125! \u00c9n sz\u00ednh\u00e1zam, az \u00e9n v\u00e1rosom - Oradea.ro","isPartOf":{"@id":"https:\/\/oradea.ro\/#website"},"datePublished":"2025-09-30T08:14:02+00:00","breadcrumb":{"@id":"https:\/\/oradea.ro\/eveniment\/szinhazi-eloadas-125-en-szinhazam-az-en-varosom\/#breadcrumb"},"inLanguage":"hu","potentialAction":[{"@type":"ReadAction","target":["https:\/\/oradea.ro\/eveniment\/szinhazi-eloadas-125-en-szinhazam-az-en-varosom\/"]}]},{"@type":"BreadcrumbList","@id":"https:\/\/oradea.ro\/eveniment\/szinhazi-eloadas-125-en-szinhazam-az-en-varosom\/#breadcrumb","itemListElement":[{"@type":"ListItem","position":1,"name":"","item":"https:\/\/oradea.ro\/hu\/"},{"@type":"ListItem","position":2,"name":"Evenimente","item":"https:\/\/oradea.ro\/events\/"},{"@type":"ListItem","position":3,"name":"Sz\u00ednh\u00e1zi el\u0151ad\u00e1s: 125! \u00c9n sz\u00ednh\u00e1zam, az \u00e9n v\u00e1rosom"}]},{"@type":"WebSite","@id":"https:\/\/oradea.ro\/#website","url":"https:\/\/oradea.ro\/","name":"Oradea.ro","description":"Site-ul oficial al Prim\u0103riei Municipiului Oradea","publisher":{"@id":"https:\/\/oradea.ro\/#organization"},"potentialAction":[{"@type":"SearchAction","target":{"@type":"EntryPoint","urlTemplate":"https:\/\/oradea.ro\/?s={search_term_string}"},"query-input":{"@type":"PropertyValueSpecification","valueRequired":true,"valueName":"search_term_string"}}],"inLanguage":"hu"},{"@type":"Organization","@id":"https:\/\/oradea.ro\/#organization","name":"Oradea.ro","url":"https:\/\/oradea.ro\/","logo":{"@type":"ImageObject","inLanguage":"hu","@id":"https:\/\/oradea.ro\/#\/schema\/logo\/image\/","url":"https:\/\/oradea.ro\/wp-content\/uploads\/2023\/06\/footer_logo.svg","contentUrl":"https:\/\/oradea.ro\/wp-content\/uploads\/2023\/06\/footer_logo.svg","width":218,"height":53,"caption":"Oradea.ro"},"image":{"@id":"https:\/\/oradea.ro\/#\/schema\/logo\/image\/"}}]}},"publishpress_future_workflow_manual_trigger":{"enabledWorkflows":[]},"_links":{"self":[{"href":"https:\/\/oradea.ro\/hu\/wp-json\/wp\/v2\/tribe_events\/370666","targetHints":{"allow":["GET"]}}],"collection":[{"href":"https:\/\/oradea.ro\/hu\/wp-json\/wp\/v2\/tribe_events"}],"about":[{"href":"https:\/\/oradea.ro\/hu\/wp-json\/wp\/v2\/types\/tribe_events"}],"author":[{"embeddable":true,"href":"https:\/\/oradea.ro\/hu\/wp-json\/wp\/v2\/users\/7"}],"version-history":[{"count":0,"href":"https:\/\/oradea.ro\/hu\/wp-json\/wp\/v2\/tribe_events\/370666\/revisions"}],"wp:attachment":[{"href":"https:\/\/oradea.ro\/hu\/wp-json\/wp\/v2\/media?parent=370666"}],"wp:term":[{"taxonomy":"post_tag","embeddable":true,"href":"https:\/\/oradea.ro\/hu\/wp-json\/wp\/v2\/tags?post=370666"},{"taxonomy":"tribe_events_cat","embeddable":true,"href":"https:\/\/oradea.ro\/hu\/wp-json\/wp\/v2\/tribe_events_cat?post=370666"}],"curies":[{"name":"wp","href":"https:\/\/api.w.org\/{rel}","templated":true}]}}